{"id":11,"date":"2023-06-14T12:56:52","date_gmt":"2023-06-14T15:56:52","guid":{"rendered":"https:\/\/hhh.memo.museudapessoa.org\/biomas-que-transformam\/historias\/"},"modified":"2024-02-08T21:15:11","modified_gmt":"2024-02-09T00:15:11","slug":"historias","status":"publish","type":"page","link":"https:\/\/memo.museudapessoa.org\/biomas-que-transformam\/historias\/","title":{"rendered":"Hist\u00f3rias"},"content":{"rendered":"\n\n<div id=\"destaque-topo\" class='carousel block-header-highlight wow fadeIn  block_e59f00ca3267aed066aa1fb0ea380b2d no-nav  margin-top-none margin-bottom-medium padding-top-none padding-bottom-none' style='background-color:rgba(255,255,255,0);' data-wow-delay=\"0.5s\" >\n<style>\n    .block_e59f00ca3267aed066aa1fb0ea380b2d h2,  .block_e59f00ca3267aed066aa1fb0ea380b2d h4, .block_e59f00ca3267aed066aa1fb0ea380b2d a, .block_e59f00ca3267aed066aa1fb0ea380b2d a h2, .block_e59f00ca3267aed066aa1fb0ea380b2d a p, .block_e59f00ca3267aed066aa1fb0ea380b2d p{\n      color: #FFF !important;\n  }\n    .block_e59f00ca3267aed066aa1fb0ea380b2d .carousel-nav__link.active:after{\n    background-color: #FFF !important;\n  }\n  .block_e59f00ca3267aed066aa1fb0ea380b2d .carousel-item__content .arrow svg rect{\n    fill: #FFF !important;\n  }\n<\/style>\n    <div class=\"carousel-item h-100 py-md-5 item-1  active\"\n  role=\"tabpanel\" aria-hidden=\"false\" tabindex=\"0\"\n  >\n      <div class=\"carousel-item__overlay\"\n                \n          style=\"background-color:rgba(0,0,0,0);\"\n                    ><\/div>\n                          <div class=\"parallaxParent carousel-item__image\" >\n                  <div class=\"carousel-item__image-element\" \n                style=\"background-image: url(https:\/\/memo.museudapessoa.org\/biomas-que-transformam\/wp-content\/uploads\/sites\/20\/2024\/01\/biomas-historias.jpg);\n                background-position: 71.33333333333334% 58.10950413223141%;\" >\n                  <\/div> \n              <\/div>\n                              <div class=\"container h-100\">\n        <div class=\"row h-100\">\n          <div class=\"col-md-8 col-md-8 align-self-center\">\n            <div class=\"carousel-item__content\">\n                                                                              <\/div>\n          <\/div>\n        <\/div>\n      <\/div>  \n    <\/div>\n          <\/div>\n\n\n\n        <section class=\"conteudo\">\n          <div class=\"container\">\n            <div class=\"row\">\n              <div class=\"col-md-12 conteudo content margin-center text-md-\">\n                \n<h2 id=\"historias\" class=\"wp-block-heading\">Hist\u00f3rias<\/h2>\n\n              <\/div>\n            <\/div>\n          <\/div>\n        <\/section>\n\n<section id=\"historias-categorias\" class=' margin-top-medium margin-bottom-large padding-top-none padding-bottom-none' style='background-color:rgba(255,255,255,0);'>\n  <div class=\"container\">\n    <div class=\"row pb-5 justify-content-center history-category__btns\" role=\"tablist\">\n          <div role=\"presentation\" class=\"col-auto\">\n        <a id=\"link-categoria-1\" href=\"#amazonia\" \n        role=\"tab\" aria-controls=\"categoria-1\" aria-selected=\"true\"\n        class=\"btn btn-category-amazonia active\">Amaz\u00f4nia        <\/a>\n      <\/div>\n            <div role=\"presentation\" class=\"col-auto\">\n        <a id=\"link-categoria-2\" href=\"#cerrado\" \n        role=\"tab\" aria-controls=\"categoria-2\" aria-selected=\"false\"\n        class=\"btn btn-category-cerrado \">Cerrado        <\/a>\n      <\/div>\n            <div role=\"presentation\" class=\"col-auto\">\n        <a id=\"link-categoria-3\" href=\"#caatinga\" \n        role=\"tab\" aria-controls=\"categoria-3\" aria-selected=\"false\"\n        class=\"btn btn-category-caatinga \">Caatinga        <\/a>\n      <\/div>\n            <div role=\"presentation\" class=\"col-auto\">\n        <a id=\"link-categoria-4\" href=\"#pampa\" \n        role=\"tab\" aria-controls=\"categoria-4\" aria-selected=\"false\"\n        class=\"btn btn-category-pampa \">Pampa        <\/a>\n      <\/div>\n            <div role=\"presentation\" class=\"col-auto\">\n        <a id=\"link-categoria-5\" href=\"#pantanal\" \n        role=\"tab\" aria-controls=\"categoria-5\" aria-selected=\"false\"\n        class=\"btn btn-category-pantanal \">Pantanal        <\/a>\n      <\/div>\n            <div role=\"presentation\" class=\"col-auto\">\n        <a id=\"link-categoria-6\" href=\"#mata-atlantica\" \n        role=\"tab\" aria-controls=\"categoria-6\" aria-selected=\"false\"\n        class=\"btn btn-category-mata-atlantica \">Mata Atl\u00e2ntica        <\/a>\n      <\/div>\n          <\/div>\n          <div id='amazonia' \n      role=\"tabpanel\" aria-labelledby=\"link-categoria-1\" aria-hidden=\"false\"\n      class=\"history-category history-category-amazonia item-1 active\"\n          style=\"display:block;\"          >\n          <div class=\"row justify-content-center\">\n                                           <div class=\"col-md-3 history-item mb-5 mb-md-4 wow fadeInUp\" data-wow-delay=\"0.1s\">\n                  <a href=\"https:\/\/memo.museudapessoa.org\/biomas-que-transformam\/historia-detalhe\/44979\/historias\/1\">\n                      <picture><source srcset='https:\/\/memo.museudapessoa.org\/app\/_lib\/file\/img\/thumb\/PCSH_HV1206_FT008(1).jpg' \/>\n\t\t<img  src='https:\/\/memo.museudapessoa.org\/app\/_lib\/file\/img\/thumb\/PCSH_HV1206_FT008(1).jpg' alt='Li\u00e7\u00e3o de recome\u00e7o' \/><\/picture>                      <p class=\"bold history-item__title mb-0\">\n                            Li\u00e7\u00e3o de recome\u00e7o                      <\/p>\n                  <\/a>\n                                      <p class=\"small\">Mareilde Freire Almeida<\/p>\n                    <!-- <a target=\"_blank\" href=\"https:\/\/museudapessoa.org\/historias\/pessoadetalhe\/?id=54762\" class=\"history-item__char\"><\/a>  -->\n                                 <\/div> \n                             <div class=\"col-md-3 history-item mb-5 mb-md-4 wow fadeInUp\" data-wow-delay=\"0.2s\">\n                  <a href=\"https:\/\/memo.museudapessoa.org\/biomas-que-transformam\/historia-detalhe\/44975\/historias\/1\">\n                      <picture><source srcset='https:\/\/memo.museudapessoa.org\/app\/_lib\/file\/img\/thumb\/IMP.C.03_MB.08cn(1).jpg' \/>\n\t\t<img  src='https:\/\/memo.museudapessoa.org\/app\/_lib\/file\/img\/thumb\/IMP.C.03_MB.08cn(1).jpg' alt='O v\u00ednculo do alimento' \/><\/picture>                      <p class=\"bold history-item__title mb-0\">\n                            O v\u00ednculo do alimento                      <\/p>\n                  <\/a>\n                                      <p class=\"small\">Joanna de Oliveira Leal Martins<\/p>\n                    <!-- <a target=\"_blank\" href=\"https:\/\/museudapessoa.org\/historias\/pessoadetalhe\/?id=54760\" class=\"history-item__char\"><\/a>  -->\n                                 <\/div> \n                             <div class=\"col-md-3 history-item mb-5 mb-md-4 wow fadeInUp\" data-wow-delay=\"0.3s\">\n                  <a href=\"https:\/\/memo.museudapessoa.org\/biomas-que-transformam\/historia-detalhe\/45403\/historias\/1\">\n                      <picture><source srcset='https:\/\/memo.museudapessoa.org\/app\/_lib\/file\/img\/thumb\/GoPro%20-%2042.Praca%20de%20Barcarena%20Sede%20JPG.JPG' \/>\n\t\t<img  src='https:\/\/memo.museudapessoa.org\/app\/_lib\/file\/img\/thumb\/GoPro%20-%2042.Praca%20de%20Barcarena%20Sede%20JPG.JPG' alt='Caf\u00e9 sem cafezal' loading='lazy' \/><\/picture>                      <p class=\"bold history-item__title mb-0\">\n                            Caf\u00e9 sem cafezal                      <\/p>\n                  <\/a>\n                                      <p class=\"small\">Jonatas Machado Ibernon<\/p>\n                    <!-- <a target=\"_blank\" href=\"https:\/\/museudapessoa.org\/historias\/pessoadetalhe\/?id=54761\" class=\"history-item__char\"><\/a>  -->\n                                 <\/div> \n                             <div class=\"col-md-3 history-item mb-5 mb-md-4 wow fadeInUp\" data-wow-delay=\"0.4s\">\n                  <a href=\"https:\/\/memo.museudapessoa.org\/biomas-que-transformam\/historia-detalhe\/45402\/historias\/1\">\n                      <picture><source srcset='https:\/\/memo.museudapessoa.org\/app\/_lib\/file\/img\/thumb\/Sombra%20que%20ilumina.jpg' \/>\n\t\t<img  src='https:\/\/memo.museudapessoa.org\/app\/_lib\/file\/img\/thumb\/Sombra%20que%20ilumina.jpg' alt='Sombra que ilumina' loading='lazy' \/><\/picture>                      <p class=\"bold history-item__title mb-0\">\n                            Sombra que ilumina                      <\/p>\n                  <\/a>\n                                      <p class=\"small\">Ney Ralison Silva de Oliveira<\/p>\n                    <!-- <a target=\"_blank\" href=\"https:\/\/museudapessoa.org\/historias\/pessoadetalhe\/?id=54790\" class=\"history-item__char\"><\/a>  -->\n                                 <\/div> \n                            <\/div>\n          <\/div>\n          <div id='cerrado' \n      role=\"tabpanel\" aria-labelledby=\"link-categoria-2\" aria-hidden=\"true\"\n      class=\"history-category history-category-cerrado item-2 \"\n                    >\n          <div class=\"row justify-content-center\">\n                                           <div class=\"col-md-3 history-item mb-5 mb-md-4 wow fadeInUp\" data-wow-delay=\"0.1s\">\n                  <a href=\"https:\/\/memo.museudapessoa.org\/biomas-que-transformam\/historia-detalhe\/45404\/historias\/2\">\n                      <picture><source srcset='https:\/\/memo.museudapessoa.org\/app\/_lib\/file\/img\/thumb\/IMP.C.03_MB.49g.JPG' \/>\n\t\t<img  src='https:\/\/memo.museudapessoa.org\/app\/_lib\/file\/img\/thumb\/IMP.C.03_MB.49g.JPG' alt='Eu vim para vencer' loading='lazy' \/><\/picture>                      <p class=\"bold history-item__title mb-0\">\n                            Eu vim para vencer                      <\/p>\n                  <\/a>\n                                      <p class=\"small\">Durvalina Ribeiro de Souza<\/p>\n                    <!-- <a target=\"_blank\" href=\"https:\/\/museudapessoa.org\/historias\/pessoadetalhe\/?id=54763\" class=\"history-item__char\"><\/a>  -->\n                                 <\/div> \n                            <\/div>\n          <\/div>\n          <div id='caatinga' \n      role=\"tabpanel\" aria-labelledby=\"link-categoria-3\" aria-hidden=\"true\"\n      class=\"history-category history-category-caatinga item-3 \"\n                    >\n          <div class=\"row justify-content-center\">\n                                           <div class=\"col-md-3 history-item mb-5 mb-md-4 wow fadeInUp\" data-wow-delay=\"0.1s\">\n                  <a href=\"https:\/\/memo.museudapessoa.org\/biomas-que-transformam\/historia-detalhe\/45407\/historias\/3\">\n                      <picture><source srcset='https:\/\/memo.museudapessoa.org\/app\/_lib\/file\/img\/thumb\/PCSH_HV1210_FT004_Dailson(1).jpeg' \/>\n\t\t<img  src='https:\/\/memo.museudapessoa.org\/app\/_lib\/file\/img\/thumb\/PCSH_HV1210_FT004_Dailson(1).jpeg' alt='Umbu rei' \/><\/picture>                      <p class=\"bold history-item__title mb-0\">\n                            Umbu rei                      <\/p>\n                  <\/a>\n                                      <p class=\"small\">Dailson Andrade Santos<\/p>\n                    <!-- <a target=\"_blank\" href=\"https:\/\/museudapessoa.org\/historias\/pessoadetalhe\/?id=54765\" class=\"history-item__char\"><\/a>  -->\n                                 <\/div> \n                            <\/div>\n          <\/div>\n          <div id='pampa' \n      role=\"tabpanel\" aria-labelledby=\"link-categoria-4\" aria-hidden=\"true\"\n      class=\"history-category history-category-pampa item-4 \"\n                    >\n          <div class=\"row justify-content-center\">\n                                           <div class=\"col-md-3 history-item mb-5 mb-md-4 wow fadeInUp\" data-wow-delay=\"0.1s\">\n                  <a href=\"https:\/\/memo.museudapessoa.org\/biomas-que-transformam\/historia-detalhe\/45405\/historias\/4\">\n                      <picture><source srcset='https:\/\/memo.museudapessoa.org\/app\/_lib\/file\/img\/thumb\/Bioma_pampa.jpg' \/>\n\t\t<img  src='https:\/\/memo.museudapessoa.org\/app\/_lib\/file\/img\/thumb\/Bioma_pampa.jpg' alt='A trama do destino' loading='lazy' \/><\/picture>                      <p class=\"bold history-item__title mb-0\">\n                            A trama do destino                      <\/p>\n                  <\/a>\n                                      <p class=\"small\">Marcia Pereira de Pereira<\/p>\n                    <!-- <a target=\"_blank\" href=\"https:\/\/museudapessoa.org\/historias\/pessoadetalhe\/?id=54766\" class=\"history-item__char\"><\/a>  -->\n                                 <\/div> \n                            <\/div>\n          <\/div>\n          <div id='pantanal' \n      role=\"tabpanel\" aria-labelledby=\"link-categoria-5\" aria-hidden=\"true\"\n      class=\"history-category history-category-pantanal item-5 \"\n                    >\n          <div class=\"row justify-content-center\">\n                                           <div class=\"col-md-3 history-item mb-5 mb-md-4 wow fadeInUp\" data-wow-delay=\"0.1s\">\n                  <a href=\"https:\/\/memo.museudapessoa.org\/biomas-que-transformam\/historia-detalhe\/45408\/historias\/5\">\n                      <picture><source srcset='https:\/\/memo.museudapessoa.org\/app\/_lib\/file\/img\/thumb\/0c8b6994-d0ac-4abf-b036-3f1b12cfb913.jpeg' \/>\n\t\t<img  src='https:\/\/memo.museudapessoa.org\/app\/_lib\/file\/img\/thumb\/0c8b6994-d0ac-4abf-b036-3f1b12cfb913.jpeg' alt='O sol da alegria' loading='lazy' \/><\/picture>                      <p class=\"bold history-item__title mb-0\">\n                            O sol da alegria                      <\/p>\n                  <\/a>\n                                      <p class=\"small\">Sebasti\u00e3o de Souza Brand\u00e3o<\/p>\n                    <!-- <a target=\"_blank\" href=\"https:\/\/museudapessoa.org\/historias\/pessoadetalhe\/?id=30100\" class=\"history-item__char\"><\/a>  -->\n                                 <\/div> \n                            <\/div>\n          <\/div>\n          <div id='mata-atlantica' \n      role=\"tabpanel\" aria-labelledby=\"link-categoria-6\" aria-hidden=\"true\"\n      class=\"history-category history-category-mata-atlantica item-6 \"\n                    >\n          <div class=\"row justify-content-center\">\n                                           <div class=\"col-md-3 history-item mb-5 mb-md-4 wow fadeInUp\" data-wow-delay=\"0.1s\">\n                  <a href=\"https:\/\/memo.museudapessoa.org\/biomas-que-transformam\/historia-detalhe\/45406\/historias\/6\">\n                      <picture><source srcset='https:\/\/memo.museudapessoa.org\/app\/_lib\/file\/img\/thumb\/PCSH_HV1208_FT007_Vanda.jpeg' \/>\n\t\t<img  src='https:\/\/memo.museudapessoa.org\/app\/_lib\/file\/img\/thumb\/PCSH_HV1208_FT007_Vanda.jpeg' alt='Ovelha negra' loading='lazy' \/><\/picture>                      <p class=\"bold history-item__title mb-0\">\n                            Ovelha negra                      <\/p>\n                  <\/a>\n                                      <p class=\"small\">Vanda Alves de Souza<\/p>\n                    <!-- <a target=\"_blank\" href=\"https:\/\/museudapessoa.org\/historias\/pessoadetalhe\/?id=54764\" class=\"history-item__char\"><\/a>  -->\n                                 <\/div> \n                            <\/div>\n          <\/div>\n      <\/div>\n<\/section>\n","protected":false},"excerpt":{"rendered":"<p>Hist\u00f3rias<\/p>\n","protected":false},"author":1,"featured_media":0,"parent":0,"menu_order":0,"comment_status":"closed","ping_status":"closed","template":"","meta":{"_acf_changed":false,"footnotes":""},"class_list":["post-11","page","type-page","status-publish","hentry"],"acf":[],"yoast_head":"<!-- This site is optimized with the Yoast SEO plugin v23.3 - https:\/\/yoast.com\/wordpress\/plugins\/seo\/ -->\n<title>Hist\u00f3rias - Biomas que Transformam<\/title>\n<meta name=\"robots\" content=\"index, follow, max-snippet:-1, max-image-preview:large, max-video-preview:-1\" \/>\n<link rel=\"canonical\" href=\"https:\/\/memo.museudapessoa.org\/biomas-que-transformam\/historias\/\" \/>\n<meta property=\"og:locale\" content=\"pt_BR\" \/>\n<meta property=\"og:type\" content=\"article\" \/>\n<meta property=\"og:title\" content=\"Hist\u00f3rias - Biomas que Transformam\" \/>\n<meta property=\"og:description\" content=\"Hist\u00f3rias\" \/>\n<meta property=\"og:url\" content=\"https:\/\/memo.museudapessoa.org\/biomas-que-transformam\/historias\/\" \/>\n<meta property=\"og:site_name\" content=\"Biomas que Transformam\" \/>\n<meta property=\"article:modified_time\" content=\"2024-02-09T00:15:11+00:00\" \/>\n<meta name=\"twitter:card\" content=\"summary_large_image\" \/>\n<script type=\"application\/ld+json\" class=\"yoast-schema-graph\">{\"@context\":\"https:\/\/schema.org\",\"@graph\":[{\"@type\":\"WebPage\",\"@id\":\"https:\/\/memo.museudapessoa.org\/biomas-que-transformam\/historias\/\",\"url\":\"https:\/\/memo.museudapessoa.org\/biomas-que-transformam\/historias\/\",\"name\":\"Hist\u00f3rias - Biomas que Transformam\",\"isPartOf\":{\"@id\":\"https:\/\/memo.museudapessoa.org\/biomas-que-transformam\/#website\"},\"datePublished\":\"2023-06-14T15:56:52+00:00\",\"dateModified\":\"2024-02-09T00:15:11+00:00\",\"breadcrumb\":{\"@id\":\"https:\/\/memo.museudapessoa.org\/biomas-que-transformam\/historias\/#breadcrumb\"},\"inLanguage\":\"pt-BR\",\"potentialAction\":[{\"@type\":\"ReadAction\",\"target\":[\"https:\/\/memo.museudapessoa.org\/biomas-que-transformam\/historias\/\"]}]},{\"@type\":\"BreadcrumbList\",\"@id\":\"https:\/\/memo.museudapessoa.org\/biomas-que-transformam\/historias\/#breadcrumb\",\"itemListElement\":[{\"@type\":\"ListItem\",\"position\":1,\"name\":\"Home\",\"item\":\"https:\/\/memo.museudapessoa.org\/biomas-que-transformam\/\"},{\"@type\":\"ListItem\",\"position\":2,\"name\":\"Hist\u00f3rias\"}]},{\"@type\":\"WebSite\",\"@id\":\"https:\/\/memo.museudapessoa.org\/biomas-que-transformam\/#website\",\"url\":\"https:\/\/memo.museudapessoa.org\/biomas-que-transformam\/\",\"name\":\"Biomas que Transformam\",\"description\":\"\",\"potentialAction\":[{\"@type\":\"SearchAction\",\"target\":{\"@type\":\"EntryPoint\",\"urlTemplate\":\"https:\/\/memo.museudapessoa.org\/biomas-que-transformam\/?s={search_term_string}\"},\"query-input\":\"required name=search_term_string\"}],\"inLanguage\":\"pt-BR\"}]}<\/script>\n<!-- \/ Yoast SEO plugin. -->","yoast_head_json":{"title":"Hist\u00f3rias - Biomas que Transformam","robots":{"index":"index","follow":"follow","max-snippet":"max-snippet:-1","max-image-preview":"max-image-preview:large","max-video-preview":"max-video-preview:-1"},"canonical":"https:\/\/memo.museudapessoa.org\/biomas-que-transformam\/historias\/","og_locale":"pt_BR","og_type":"article","og_title":"Hist\u00f3rias - Biomas que Transformam","og_description":"Hist\u00f3rias","og_url":"https:\/\/memo.museudapessoa.org\/biomas-que-transformam\/historias\/","og_site_name":"Biomas que Transformam","article_modified_time":"2024-02-09T00:15:11+00:00","twitter_card":"summary_large_image","schema":{"@context":"https:\/\/schema.org","@graph":[{"@type":"WebPage","@id":"https:\/\/memo.museudapessoa.org\/biomas-que-transformam\/historias\/","url":"https:\/\/memo.museudapessoa.org\/biomas-que-transformam\/historias\/","name":"Hist\u00f3rias - Biomas que Transformam","isPartOf":{"@id":"https:\/\/memo.museudapessoa.org\/biomas-que-transformam\/#website"},"datePublished":"2023-06-14T15:56:52+00:00","dateModified":"2024-02-09T00:15:11+00:00","breadcrumb":{"@id":"https:\/\/memo.museudapessoa.org\/biomas-que-transformam\/historias\/#breadcrumb"},"inLanguage":"pt-BR","potentialAction":[{"@type":"ReadAction","target":["https:\/\/memo.museudapessoa.org\/biomas-que-transformam\/historias\/"]}]},{"@type":"BreadcrumbList","@id":"https:\/\/memo.museudapessoa.org\/biomas-que-transformam\/historias\/#breadcrumb","itemListElement":[{"@type":"ListItem","position":1,"name":"Home","item":"https:\/\/memo.museudapessoa.org\/biomas-que-transformam\/"},{"@type":"ListItem","position":2,"name":"Hist\u00f3rias"}]},{"@type":"WebSite","@id":"https:\/\/memo.museudapessoa.org\/biomas-que-transformam\/#website","url":"https:\/\/memo.museudapessoa.org\/biomas-que-transformam\/","name":"Biomas que Transformam","description":"","potentialAction":[{"@type":"SearchAction","target":{"@type":"EntryPoint","urlTemplate":"https:\/\/memo.museudapessoa.org\/biomas-que-transformam\/?s={search_term_string}"},"query-input":"required name=search_term_string"}],"inLanguage":"pt-BR"}]}},"_links":{"self":[{"href":"https:\/\/memo.museudapessoa.org\/biomas-que-transformam\/wp-json\/wp\/v2\/pages\/11"}],"collection":[{"href":"https:\/\/memo.museudapessoa.org\/biomas-que-transformam\/wp-json\/wp\/v2\/pages"}],"about":[{"href":"https:\/\/memo.museudapessoa.org\/biomas-que-transformam\/wp-json\/wp\/v2\/types\/page"}],"author":[{"embeddable":true,"href":"https:\/\/memo.museudapessoa.org\/biomas-que-transformam\/wp-json\/wp\/v2\/users\/1"}],"replies":[{"embeddable":true,"href":"https:\/\/memo.museudapessoa.org\/biomas-que-transformam\/wp-json\/wp\/v2\/comments?post=11"}],"version-history":[{"count":58,"href":"https:\/\/memo.museudapessoa.org\/biomas-que-transformam\/wp-json\/wp\/v2\/pages\/11\/revisions"}],"predecessor-version":[{"id":641,"href":"https:\/\/memo.museudapessoa.org\/biomas-que-transformam\/wp-json\/wp\/v2\/pages\/11\/revisions\/641"}],"wp:attachment":[{"href":"https:\/\/memo.museudapessoa.org\/biomas-que-transformam\/wp-json\/wp\/v2\/media?parent=11"}],"curies":[{"name":"wp","href":"https:\/\/api.w.org\/{rel}","templated":true}]}}