{"id":17,"date":"2023-06-14T12:56:52","date_gmt":"2023-06-14T15:56:52","guid":{"rendered":"https:\/\/hhh.memo.museudapessoa.org\/biomas-que-transformam\/home\/"},"modified":"2024-02-08T21:14:07","modified_gmt":"2024-02-09T00:14:07","slug":"home","status":"publish","type":"page","link":"https:\/\/memo.museudapessoa.org\/biomas-que-transformam\/","title":{"rendered":"home"},"content":{"rendered":"\n\n<div id=\"destaque-topo\" class='carousel block-header-highlight wow fadeIn  block_351eed31d978c683c40886f0286e49c1 no-nav  margin-top-none margin-bottom-large padding-top-none padding-bottom-large' style='background-color:rgba(10,10,10,0);' data-wow-delay=\"0.5s\" >\n<style>\n    .block_351eed31d978c683c40886f0286e49c1 h2,  .block_351eed31d978c683c40886f0286e49c1 h4, .block_351eed31d978c683c40886f0286e49c1 a, .block_351eed31d978c683c40886f0286e49c1 a h2, .block_351eed31d978c683c40886f0286e49c1 a p, .block_351eed31d978c683c40886f0286e49c1 p{\n      color: #FFF !important;\n  }\n    .block_351eed31d978c683c40886f0286e49c1 .carousel-nav__link.active:after{\n    background-color: #FFF !important;\n  }\n  .block_351eed31d978c683c40886f0286e49c1 .carousel-item__content .arrow svg rect{\n    fill: #FFF !important;\n  }\n<\/style>\n    <div class=\"carousel-item h-100 py-md-5 item-1  active\"\n  role=\"tabpanel\" aria-hidden=\"false\" tabindex=\"0\"\n  >\n      <div class=\"carousel-item__overlay\"\n                        style=\"background: linear-gradient(90deg, rgba(0,0,0,0.65) 20%, transparent 100%);\"\n                    ><\/div>\n                          <div class=\"parallaxParent carousel-item__image\" >\n                  <div class=\"carousel-item__image-element\" \n                style=\"background-image: url(https:\/\/memo.museudapessoa.org\/biomas-que-transformam\/wp-content\/uploads\/sites\/20\/2023\/06\/PCSH_HV1206_FT007-2-scaled.jpg);\n                background-position: 82.33333333333334% 50.65625%;\" >\n                  <\/div> \n              <\/div>\n                              <div class=\"container h-100\">\n        <div class=\"row h-100\">\n          <div class=\"col-md-8 offset-md-2 text-center d-flex justify-content-center col-md-8 align-self-center\">\n            <div class=\"carousel-item__content\">\n                                                                      <h2 class='my-3 pe-md-5'>Vidas que mostram a possibilidade de uni\u00e3o entre ancestralidade, pesquisa e produ\u00e7\u00e3o sustent\u00e1vel<\/h2>\n                                              <\/div>\n          <\/div>\n        <\/div>\n      <\/div>  \n    <\/div>\n          <\/div>\n\n\n\n        <section class=\"conteudo\">\n          <div class=\"container\">\n            <div class=\"row\">\n              <div class=\"col-md-12 conteudo content margin-center text-md-\">\n                \n<h2 id=\"a-exposicao\" class=\"wp-block-heading has-text-align-left\">A exposi\u00e7\u00e3o<\/h2>\n\n              <\/div>\n            <\/div>\n          <\/div>\n        <\/section>\n\n\n        <section class=\"conteudo\">\n          <div class=\"container\">\n            <div class=\"row\">\n              <div class=\"col-md-12 conteudo content margin-center text-md-\">\n                \n<p class=\"has-text-align-left\">A exposi\u00e7\u00e3o digital &#8220;<em>Biomas Que Transformam<\/em>&#8221; traz hist\u00f3rias de pessoas dos <strong>seis biomas<\/strong> do nosso pa\u00eds. Todas as nossas personagens reacenderam os costumes de suas <strong>comunidades<\/strong> de forma a fortalec\u00ea-las, mediante o respeito \u00e0 natureza, a uma economia solid\u00e1ria e agroecol\u00f3gica. <\/p>\n\n              <\/div>\n            <\/div>\n          <\/div>\n        <\/section>\n\n\n        <section class=\"conteudo\">\n          <div class=\"container\">\n            <div class=\"row\">\n              <div class=\"col-md-12 conteudo content margin-center text-md-\">\n                \n<p class=\"has-text-align-left\">Aqui, voc\u00ea vai se aproximar de <strong>hist\u00f3rias<\/strong> exemplares de supera\u00e7\u00e3o, esperan\u00e7a coletiva, reinven\u00e7\u00e3o e, principalmente, transforma\u00e7\u00e3o de vida. Com mais este trabalho de registro da mem\u00f3ria, o Museu da Pessoa e o Mercado Livre refor\u00e7am seu compromisso com a valoriza\u00e7\u00e3o dos <strong>produtores independentes<\/strong> e autossustent\u00e1veis, que cuidam de nosso meio ambiente. <\/p>\n\n              <\/div>\n            <\/div>\n          <\/div>\n        <\/section>\n\n\n        <section class=\"conteudo\">\n          <div class=\"container\">\n            <div class=\"row\">\n              <div class=\"col-md-12 conteudo content margin-center text-md-\">\n                \n<p class=\"has-text-align-left\">Navegue pelas hist\u00f3rias, conhe\u00e7a as personagens e seus biomas.<\/p>\n\n              <\/div>\n            <\/div>\n          <\/div>\n        <\/section>\n\n\n        <section class=\"conteudo\">\n          <div class=\"container\">\n            <div class=\"row\">\n              <div class=\"col-md-12 conteudo content margin-center text-md-\">\n                \n<p class=\"has-text-align-left\">Tamb\u00e9m, <strong>conte sua pr\u00f3pria hist\u00f3ria <\/strong>atrav\u00e9s do bot\u00e3o no canto inferior direito &#8211; boa experi\u00eancia!<\/p>\n\n              <\/div>\n            <\/div>\n          <\/div>\n        <\/section>\n\n\n<section id=\"acesse-historias\" class=' margin-top-medium margin-bottom-medium padding-top-none padding-bottom-none' style='background-color:rgba(255,255,255,0);'>\n      <div class=\"container\">\n    <div class=\"row\">\n      <div class=\"col-md-6 offset-md-3 pb-3\">\n                  <h2>Acesse hist\u00f3rias<\/h2>\n                      <\/div>\n    <\/div>\n  <\/div>\n    <div class=\"container-fluid p-relative\">\n          <div class=\"map-categories\">\n          <ul>\n                          <li><a class=\"btn-filter\" href=\"javascript:habilitarCategoria('Amaz\u00f4nia');\"><span style=\"background-color: #298731\"><\/span>Amaz\u00f4nia<\/a><\/li>\n                          <li><a class=\"btn-filter\" href=\"javascript:habilitarCategoria('Caatinga');\"><span style=\"background-color: #e28534\"><\/span>Caatinga<\/a><\/li>\n                          <li><a class=\"btn-filter\" href=\"javascript:habilitarCategoria('Cerrado');\"><span style=\"background-color: #4169e1\"><\/span>Cerrado<\/a><\/li>\n                          <li><a class=\"btn-filter\" href=\"javascript:habilitarCategoria('Pampa');\"><span style=\"background-color: #8224e3\"><\/span>Pampa<\/a><\/li>\n                          <li><a class=\"btn-filter\" href=\"javascript:habilitarCategoria('Pantanal');\"><span style=\"background-color: #1fb6c6\"><\/span>Pantanal<\/a><\/li>\n                          <li><a class=\"btn-filter\" href=\"javascript:habilitarCategoria('Mata Atl\u00e2ntica');\"><span style=\"background-color: #dd3333\"><\/span>Mata Atl\u00e2ntica<\/a><\/li>\n                        <li><a class=\"btn-filter active\" href=\"javascript:habilitarCategoria('*');\">Exibir todos locais<\/a><\/li>\n          <\/ul>\n      <\/div>\n                  <div class=\"map-histories ps-3 \">\n            <h3 class=\"map-histories__titulo mb-3\" style=\"display:none\"><\/h3>\n            <p class=\"map-histories__descricao\" style=\"display:none\"><\/p>\n            <div class=\"map-histories__list\">\n                                              <a data-category=\"amazonia\" class=\"local-licao-de-recomeco category-amazonia map-histories__item\" href=\"javascript:openMarker('licao-de-recomeco');\">\n                    <h4>\n                                            Li\u00e7\u00e3o de Recome\u00e7o                    <\/h4>\n                                        <p>Ouro Preto do Oeste &#8211; RO<\/p>\n                                      <\/a>\n                                  <a data-category=\"amazonia\" class=\"local-o-vinculo-do-alimento category-amazonia map-histories__item\" href=\"javascript:openMarker('o-vinculo-do-alimento');\">\n                    <h4>\n                                            O v\u00ednculo do alimento                    <\/h4>\n                                        <p>Bel\u00e9m &#8211; PA<\/p>\n                                      <\/a>\n                                  <a data-category=\"amazonia\" class=\"local-cafe-sem-cafezal category-amazonia map-histories__item\" href=\"javascript:openMarker('cafe-sem-cafezal');\">\n                    <h4>\n                                            Caf\u00e9 sem cafezal                    <\/h4>\n                                        <p>Apu\u00ed &#8211; AM<\/p>\n                                      <\/a>\n                                  <a data-category=\"amazonia\" class=\"local-sombra-que-ilumina category-amazonia map-histories__item\" href=\"javascript:openMarker('sombra-que-ilumina');\">\n                    <h4>\n                                            Sombra que ilumina                    <\/h4>\n                                        <p>Novo Repartimento &#8211; PA<\/p>\n                                      <\/a>\n                                                              <a data-category=\"caatinga\" class=\"local-umbu-rei category-caatinga map-histories__item\" href=\"javascript:openMarker('umbu-rei');\">\n                    <h4>\n                                            Umbu rei                    <\/h4>\n                                        <p>Tucano &#8211; BA<\/p>\n                                      <\/a>\n                                                              <a data-category=\"cerrado\" class=\"local-eu-vim-para-vencer category-cerrado map-histories__item\" href=\"javascript:openMarker('eu-vim-para-vencer');\">\n                    <h4>\n                                            Eu vim para vencer                    <\/h4>\n                                        <p>S\u00e3o F\u00e9lix &#8211; PA<\/p>\n                                      <\/a>\n                                                              <a data-category=\"pampa\" class=\"local-a-trama-do-destino category-pampa map-histories__item\" href=\"javascript:openMarker('a-trama-do-destino');\">\n                    <h4>\n                                            A trama do destino                    <\/h4>\n                                        <p>Pelotas &#8211; RS<\/p>\n                                      <\/a>\n                                                              <a data-category=\"pantanal\" class=\"local-o-sol-da-alegria category-pantanal map-histories__item\" href=\"javascript:openMarker('o-sol-da-alegria');\">\n                    <h4>\n                                            O sol da alegria                    <\/h4>\n                                        <p>Lad\u00e1rio &#8211; MS<\/p>\n                                      <\/a>\n                                                              <a data-category=\"mata-atlantica\" class=\"local-ovelha-negra category-mata-atlantica map-histories__item\" href=\"javascript:openMarker('ovelha-negra');\">\n                    <h4>\n                                            Ovelha negra                    <\/h4>\n                                        <p>Mogi das Cruzes &#8211; SP<\/p>\n                                      <\/a>\n                                        <\/div>\n        <\/div>  \n    <div class=\"row\">\n      <div class=\"col-md-12 p-relative\">\n        <div id=\"map\" class=\"history-map\" tabindex=\"-1\"  style=\"width: 100%; height: 600px;\">\n                  <\/div>      \n      <\/div> \n    <\/div> \n      <\/div>\n<\/section>\n  \n<script src=\"https:\/\/cdnjs.cloudflare.com\/ajax\/libs\/svg.js\/3.2.0\/svg.min.js\" integrity=\"sha512-EmfT33UCuNEdtd9zuhgQClh7gidfPpkp93WO8GEfAP3cLD++UM1AG9jsTUitCI9DH5nF72XaFePME92r767dHA==\" crossorigin=\"anonymous\" referrerpolicy=\"no-referrer\"><\/script>\n<link rel=\"stylesheet\" href=\"https:\/\/unpkg.com\/leaflet@1.7.1\/dist\/leaflet.css\" \/>\n<script src=\"https:\/\/unpkg.com\/leaflet@1.7.1\/dist\/leaflet.js\"><\/script>\n<link rel=\"stylesheet\" href=\"https:\/\/unpkg.com\/leaflet-routing-machine@latest\/dist\/leaflet-routing-machine.css\" \/>\n<script src=\"https:\/\/unpkg.com\/leaflet-routing-machine@latest\/dist\/leaflet-routing-machine.js\"><\/script>\n<style>.leaflet-routing-container{\n  display:none;\n}<\/style>\n\n    <script> \n\nfunction slugify(str) {\n    return str\n        .toString()                            \n        .normalize('NFD')                      \n        .replace(\/[\\u0300-\\u036f]\/g, '')        \n        .toLowerCase()                         \n        .trim()                              \n        .replace(\/[^a-z0-9\\s-]\/g, '')\n        .replace(\/\\s+\/g, '-');\n}\nconst iconCache = {}; \n\nfunction createMarkerIcon(color, number) {\n    const cacheKey = `${color}-${number}`; \n    if (iconCache[cacheKey]) {\n        return iconCache[cacheKey];\n    }\n    const svg = SVG().size(35, 40);\n    svg.circle(30).fill(color).move(0, 0);\n    svg.rect(15, 15).fill(color).rotate(45, 15, 15).move(15, 15);\n    if (number !== false) {\n        svg.text(number).move(15, 8).font({ size: 20, fill: '#FFF', anchor: 'middle' });\n    }\n    const svgString = new XMLSerializer().serializeToString(svg.node);\n    const svgBase64 = btoa(svgString);\n    const dataUri = `data:image\/svg+xml;base64,${svgBase64}`;\n    const icon = L.icon({\n        iconUrl: dataUri,\n        iconSize: [35, 40],\n        iconAnchor: [15, 40],\n        popupAnchor: [0, -50]\n    });\n    iconCache[cacheKey] = icon;\n    return icon;\n}\n\n\nfunction openMarker(num){\n  const element = document.querySelector('.local-' + num);\n  const cat = element.getAttribute('data-category');\n  $('html, body').animate({ scrollTop: $('#map').offset().top - $('header').height() }, 1000);\n  markers['marker-'+num].openPopup();\n}\n\nconst places = [\"Mogi das Cruzes - SP - Brasil\",\"Lad\\u00e1rio - MS - Brasil\",\"Pelotas - RS - Brasil\",\"S\\u00e3o F\\u00e9lix - PA - Brasil\",\"Tucano - BA - Brasil\",\"Ouro Preto do Oeste - RO - Brasil\",\"Bel\\u00e9m - PA - Brasil\",\"Apu\\u00ed - AM - Brasil\",\"Novo Repartimento - PA - Brasil\"]; \nconst places_obj = [{\"nome\":\"Ovelha negra\",\"estado\":\"SP\",\"cidade\":\"Mogi das Cruzes\",\"informacoes\":\"Personagem: Vanda Alves de Souza\",\"lat\":\"\",\"long\":\"\",\"imagem\":\"https:\\\/\\\/memo.museudapessoa.org\\\/biomas-que-transformam\\\/wp-content\\\/uploads\\\/sites\\\/20\\\/2023\\\/06\\\/Captura-de-Tela-192.png\",\"link\":\"https:\\\/\\\/memo.museudapessoa.org\\\/biomas-que-transformam\\\/historia-detalhe\\\/45406\\\/historias\\\/6\",\"data_desativacao\":\"\"},{\"nome\":\"O sol da alegria\",\"estado\":\"MS\",\"cidade\":\"Lad\\u00e1rio\",\"informacoes\":\"Personagem: Sebasti\\u00e3o de Souza Brand\\u00e3o\",\"lat\":\"\",\"long\":\"\",\"imagem\":\"https:\\\/\\\/memo.museudapessoa.org\\\/biomas-que-transformam\\\/wp-content\\\/uploads\\\/sites\\\/20\\\/2023\\\/06\\\/Captura-de-Tela-191-1.png\",\"link\":\"https:\\\/\\\/memo.museudapessoa.org\\\/biomas-que-transformam\\\/historia-detalhe\\\/45408\\\/historias\\\/5\",\"data_desativacao\":\"\"},{\"nome\":\"A trama do destino\",\"estado\":\"RS\",\"cidade\":\"Pelotas\",\"informacoes\":\"Personagem: Marcia Pereira de Pereira\",\"lat\":\"\",\"long\":\"\",\"imagem\":\"https:\\\/\\\/memo.museudapessoa.org\\\/biomas-que-transformam\\\/wp-content\\\/uploads\\\/sites\\\/20\\\/2023\\\/08\\\/PCSH_HV1211_FT001.jpeg\",\"link\":\"https:\\\/\\\/memo.museudapessoa.org\\\/biomas-que-transformam\\\/historia-detalhe\\\/45405\\\/historias\\\/4\",\"data_desativacao\":\"\"},{\"nome\":\"Eu vim para vencer\",\"estado\":\"PA\",\"cidade\":\"S\\u00e3o F\\u00e9lix\",\"informacoes\":\"Personagem: Durvalina Ribeiro de Souza\",\"lat\":\"\",\"long\":\"\",\"imagem\":\"https:\\\/\\\/memo.museudapessoa.org\\\/biomas-que-transformam\\\/wp-content\\\/uploads\\\/sites\\\/20\\\/2023\\\/06\\\/Captura-de-Tela-6.png\",\"link\":\"https:\\\/\\\/memo.museudapessoa.org\\\/biomas-que-transformam\\\/historia-detalhe\\\/45404\\\/historias\\\/2\",\"data_desativacao\":\"\"},{\"nome\":\"Umbu rei\",\"estado\":\"BA\",\"cidade\":\"Tucano\",\"informacoes\":\"Personagem: Dailson Andrade Santos\",\"lat\":\"\",\"long\":\"\",\"imagem\":\"https:\\\/\\\/memo.museudapessoa.org\\\/biomas-que-transformam\\\/wp-content\\\/uploads\\\/sites\\\/20\\\/2023\\\/06\\\/Captura-de-Tela-179.png\",\"link\":\"https:\\\/\\\/memo.museudapessoa.org\\\/biomas-que-transformam\\\/historia-detalhe\\\/45407\\\/historias\\\/3\",\"data_desativacao\":\"\"},{\"nome\":\"Li\\u00e7\\u00e3o de Recome\\u00e7o\",\"estado\":\"RO\",\"cidade\":\"Ouro Preto do Oeste\",\"informacoes\":\"Personagem: Mareilde Freire Almeida\",\"lat\":\"\",\"long\":\"\",\"imagem\":\"https:\\\/\\\/memo.museudapessoa.org\\\/biomas-que-transformam\\\/wp-content\\\/uploads\\\/sites\\\/20\\\/2023\\\/06\\\/Captura-de-Tela-13.png\",\"link\":\"https:\\\/\\\/memo.museudapessoa.org\\\/biomas-que-transformam\\\/historia-detalhe\\\/44979\\\/historias\\\/1\",\"data_desativacao\":\"\"},{\"nome\":\"O v\\u00ednculo do alimento\",\"estado\":\"PA\",\"cidade\":\"Bel\\u00e9m\",\"informacoes\":\"Personagem: Joanna Martins\",\"lat\":\"\",\"long\":\"\",\"imagem\":\"https:\\\/\\\/memo.museudapessoa.org\\\/biomas-que-transformam\\\/wp-content\\\/uploads\\\/sites\\\/20\\\/2023\\\/06\\\/Captura-de-Tela-182.png\",\"link\":\"https:\\\/\\\/memo.museudapessoa.org\\\/biomas-que-transformam\\\/historia-detalhe\\\/44975\\\/historias\\\/1\",\"data_desativacao\":\"\"},{\"nome\":\"Caf\\u00e9 sem cafezal\",\"estado\":\"AM\",\"cidade\":\"Apu\\u00ed\",\"informacoes\":\"Personagem: Jonatas Machado Ibernon\",\"lat\":\"\",\"long\":\"\",\"imagem\":\"https:\\\/\\\/memo.museudapessoa.org\\\/biomas-que-transformam\\\/wp-content\\\/uploads\\\/sites\\\/20\\\/2023\\\/06\\\/Captura-de-Tela-184.png\",\"link\":\"https:\\\/\\\/memo.museudapessoa.org\\\/biomas-que-transformam\\\/historia-detalhe\\\/45403\\\/historias\\\/1\",\"data_desativacao\":\"\"},{\"nome\":\"Sombra que ilumina\",\"estado\":\"PA\",\"cidade\":\"Novo Repartimento\",\"informacoes\":\"Personagem: Ney Ralison de Oliveira\",\"lat\":\"\",\"long\":\"\",\"imagem\":\"https:\\\/\\\/memo.museudapessoa.org\\\/biomas-que-transformam\\\/wp-content\\\/uploads\\\/sites\\\/20\\\/2023\\\/06\\\/Captura-de-Tela-190.png\",\"link\":\"https:\\\/\\\/memo.museudapessoa.org\\\/biomas-que-transformam\\\/historia-detalhe\\\/45402\\\/historias\\\/1\",\"data_desativacao\":\"\"}]; \nconst categories_obj = [{\"nome\":\"Amaz\\u00f4nia\",\"cor\":\"#298731\",\"localidades\":[{\"nome\":\"Li\\u00e7\\u00e3o de Recome\\u00e7o\",\"estado\":\"RO\",\"cidade\":\"Ouro Preto do Oeste\",\"informacoes\":\"Personagem: Mareilde Freire Almeida\",\"lat\":\"\",\"long\":\"\",\"imagem\":\"https:\\\/\\\/memo.museudapessoa.org\\\/biomas-que-transformam\\\/wp-content\\\/uploads\\\/sites\\\/20\\\/2023\\\/06\\\/Captura-de-Tela-13.png\",\"link\":\"https:\\\/\\\/memo.museudapessoa.org\\\/biomas-que-transformam\\\/historia-detalhe\\\/44979\\\/historias\\\/1\",\"data_desativacao\":\"\"},{\"nome\":\"O v\\u00ednculo do alimento\",\"estado\":\"PA\",\"cidade\":\"Bel\\u00e9m\",\"informacoes\":\"Personagem: Joanna Martins\",\"lat\":\"\",\"long\":\"\",\"imagem\":\"https:\\\/\\\/memo.museudapessoa.org\\\/biomas-que-transformam\\\/wp-content\\\/uploads\\\/sites\\\/20\\\/2023\\\/06\\\/Captura-de-Tela-182.png\",\"link\":\"https:\\\/\\\/memo.museudapessoa.org\\\/biomas-que-transformam\\\/historia-detalhe\\\/44975\\\/historias\\\/1\",\"data_desativacao\":\"\"},{\"nome\":\"Caf\\u00e9 sem cafezal\",\"estado\":\"AM\",\"cidade\":\"Apu\\u00ed\",\"informacoes\":\"Personagem: Jonatas Machado Ibernon\",\"lat\":\"\",\"long\":\"\",\"imagem\":\"https:\\\/\\\/memo.museudapessoa.org\\\/biomas-que-transformam\\\/wp-content\\\/uploads\\\/sites\\\/20\\\/2023\\\/06\\\/Captura-de-Tela-184.png\",\"link\":\"https:\\\/\\\/memo.museudapessoa.org\\\/biomas-que-transformam\\\/historia-detalhe\\\/45403\\\/historias\\\/1\",\"data_desativacao\":\"\"},{\"nome\":\"Sombra que ilumina\",\"estado\":\"PA\",\"cidade\":\"Novo Repartimento\",\"informacoes\":\"Personagem: Ney Ralison de Oliveira\",\"lat\":\"\",\"long\":\"\",\"imagem\":\"https:\\\/\\\/memo.museudapessoa.org\\\/biomas-que-transformam\\\/wp-content\\\/uploads\\\/sites\\\/20\\\/2023\\\/06\\\/Captura-de-Tela-190.png\",\"link\":\"https:\\\/\\\/memo.museudapessoa.org\\\/biomas-que-transformam\\\/historia-detalhe\\\/45402\\\/historias\\\/1\",\"data_desativacao\":\"\"}]},{\"nome\":\"Caatinga\",\"cor\":\"#e28534\",\"localidades\":[{\"nome\":\"Umbu rei\",\"estado\":\"BA\",\"cidade\":\"Tucano\",\"informacoes\":\"Personagem: Dailson Andrade Santos\",\"lat\":\"\",\"long\":\"\",\"imagem\":\"https:\\\/\\\/memo.museudapessoa.org\\\/biomas-que-transformam\\\/wp-content\\\/uploads\\\/sites\\\/20\\\/2023\\\/06\\\/Captura-de-Tela-179.png\",\"link\":\"https:\\\/\\\/memo.museudapessoa.org\\\/biomas-que-transformam\\\/historia-detalhe\\\/45407\\\/historias\\\/3\",\"data_desativacao\":\"\"}]},{\"nome\":\"Cerrado\",\"cor\":\"#4169e1\",\"localidades\":[{\"nome\":\"Eu vim para vencer\",\"estado\":\"PA\",\"cidade\":\"S\\u00e3o F\\u00e9lix\",\"informacoes\":\"Personagem: Durvalina Ribeiro de Souza\",\"lat\":\"\",\"long\":\"\",\"imagem\":\"https:\\\/\\\/memo.museudapessoa.org\\\/biomas-que-transformam\\\/wp-content\\\/uploads\\\/sites\\\/20\\\/2023\\\/06\\\/Captura-de-Tela-6.png\",\"link\":\"https:\\\/\\\/memo.museudapessoa.org\\\/biomas-que-transformam\\\/historia-detalhe\\\/45404\\\/historias\\\/2\",\"data_desativacao\":\"\"}]},{\"nome\":\"Pampa\",\"cor\":\"#8224e3\",\"localidades\":[{\"nome\":\"A trama do destino\",\"estado\":\"RS\",\"cidade\":\"Pelotas\",\"informacoes\":\"Personagem: Marcia Pereira de Pereira\",\"lat\":\"\",\"long\":\"\",\"imagem\":\"https:\\\/\\\/memo.museudapessoa.org\\\/biomas-que-transformam\\\/wp-content\\\/uploads\\\/sites\\\/20\\\/2023\\\/08\\\/PCSH_HV1211_FT001.jpeg\",\"link\":\"https:\\\/\\\/memo.museudapessoa.org\\\/biomas-que-transformam\\\/historia-detalhe\\\/45405\\\/historias\\\/4\",\"data_desativacao\":\"\"}]},{\"nome\":\"Pantanal\",\"cor\":\"#1fb6c6\",\"localidades\":[{\"nome\":\"O sol da alegria\",\"estado\":\"MS\",\"cidade\":\"Lad\\u00e1rio\",\"informacoes\":\"Personagem: Sebasti\\u00e3o de Souza Brand\\u00e3o\",\"lat\":\"\",\"long\":\"\",\"imagem\":\"https:\\\/\\\/memo.museudapessoa.org\\\/biomas-que-transformam\\\/wp-content\\\/uploads\\\/sites\\\/20\\\/2023\\\/06\\\/Captura-de-Tela-191-1.png\",\"link\":\"https:\\\/\\\/memo.museudapessoa.org\\\/biomas-que-transformam\\\/historia-detalhe\\\/45408\\\/historias\\\/5\",\"data_desativacao\":\"\"}]},{\"nome\":\"Mata Atl\\u00e2ntica\",\"cor\":\"#dd3333\",\"localidades\":[{\"nome\":\"Ovelha negra\",\"estado\":\"SP\",\"cidade\":\"Mogi das Cruzes\",\"informacoes\":\"Personagem: Vanda Alves de Souza\",\"lat\":\"\",\"long\":\"\",\"imagem\":\"https:\\\/\\\/memo.museudapessoa.org\\\/biomas-que-transformam\\\/wp-content\\\/uploads\\\/sites\\\/20\\\/2023\\\/06\\\/Captura-de-Tela-192.png\",\"link\":\"https:\\\/\\\/memo.museudapessoa.org\\\/biomas-que-transformam\\\/historia-detalhe\\\/45406\\\/historias\\\/6\",\"data_desativacao\":\"\"}]}]; \nconst markers = {}; \nconst routes = {};\nconst categoryMarkers = {};\nconst allCoordinates = [];  \nconst show_numbers = false;\nconst map = L.map('map', {\n    scrollWheelZoom: false,\n    dragging: !L.Browser.mobile,\n    zoomControl: false\n}).setView([-14.235004, -51.925280], 4);\nL.tileLayer('https:\/\/{s}.tile.openstreetmap.org\/{z}\/{x}\/{y}.png', {}).addTo(map);\nL.control.zoom({\n    position: 'bottomright'\n}).addTo(map);\n\nlet cor_pin_config = '#000';\n\ncategories_obj.forEach(function(categoryObj) {\n    let contador = 0;\n    let routeCoordinates = [];  \n    let routeColor = categoryObj.cor; \n    const slugCategory = slugify(categoryObj.nome);\n\n    if (categoryObj.localidades) {\n        categoryMarkers[slugCategory] = []; \n        categoryObj.localidades.forEach(function(placeObj) {\n            let cor_pin = categoryObj.cor;\n            let local = placeObj.cidade + ' - ' + placeObj.estado;\n            let lat = placeObj.lat;\n            let long = placeObj.long;\n            let popUp = '<div><div class=\"row\"><div class=\"history-map__container col-12\">';\n            popUp += \"<div id='popup-\" + contador + \"' class='row mb-2 history-map__item'>\";\n            if (placeObj.imagem) {\n                popUp += \"<div class='col-md-4 col-5 pe-0'><img src='\" + placeObj.imagem + \"' \/><\/div>\";\n            }\n            popUp += \"<div class='col align-self-center'>\";\n            popUp += \"<h4>\" + placeObj.nome + \"   <br> ( \" + local + \" ) <\/h4>\";\n            if (placeObj.informacoes) {\n                popUp += \"<p class='my-0'>\" + placeObj.informacoes + \"<\/p>\";\n            }\n            if (placeObj.link) {\n                popUp += \"<a href='\" + placeObj.link + \"' target='_blank' class='btn color-white small py-0'>Acessar<\/a>\";\n            }\n            popUp += \"<\/div>\";\n            popUp += \"<\/div>\";         \n            popUp += '<\/div><\/div><\/div>';\n\n            const slug = slugify(placeObj.nome);\n            const numero_pin = (show_numbers) ? contador + 1 : false;\n\n            if (lat && long) {\n                routeCoordinates.push([lat, long]);\n                allCoordinates.push([lat, long]);\n                setTimeout(() => {\n                    const marker = L.marker([lat, long], { icon: createMarkerIcon(cor_pin, numero_pin), keyboard: false }).addTo(map);\n                    finish_marker(marker, slug);  \n                    categoryMarkers[slugCategory].push(marker);\n                }, 500);\n            } else {\n                fetch(`https:\/\/nominatim.openstreetmap.org\/search?q=${local}&format=json`)\n                    .then(response => response.json())\n                    .then(data => {\n                        if (data.length > 0) {\n                            const latitude = parseFloat(data[0].lat);\n                            const longitude = parseFloat(data[0].lon);\n                            const marker = L.marker([latitude, longitude], { icon: createMarkerIcon(cor_pin, numero_pin), keyboard: false }).addTo(map);\n                            finish_marker(marker, slug);\n                            categoryMarkers[slugCategory].push(marker);\n                            routeCoordinates.push([latitude, longitude]);\n                            allCoordinates.push([latitude, longitude]);\n                        } else {\n                            console.log('Cidade n\u00e3o encontrada.');\n                        }\n                    })\n                    .catch(error => {\n                        console.error('Ocorreu um erro ao obter as coordenadas da cidade:', error);\n                    });\n            }\n            function finish_marker(marker, slug) {\n                marker.bindPopup(popUp);\n                marker.on('popupclose', function() {\n                    $('.map-histories a').removeClass('active');\n                });\n                marker.on('popupopen', function() {\n                    $('.map-histories a.local-' + slug + '').addClass('active');\n                });\n                markers['marker-' + slug] = marker;\n            }\n            contador++;\n        });\n    }\n});\n\ndocument.querySelectorAll('.btn-filter').forEach(button => {\n  button.addEventListener('click', function() {\n    document.querySelectorAll('.btn-filter').forEach(btn => btn.classList.remove('active'));\n    this.classList.add('active');\n  });\n  \n});\nfunction remover_ordenacao(element){\n  const elements = document.querySelectorAll(element+'[class*=\"order-\"]');\n  elements.forEach(element => {\n      element.classList.forEach(className => {\n          if (className.startsWith('order-')) {\n              element.classList.remove(className);\n          }\n      });\n  });\n}\nlet currentRouteControl = null; \nfunction criarRota(nome, descricao, slugsJson) {\n  const slug_rota = slugify(nome);\n    remover_ordenacao('.map-histories__list a');\n    if (currentRouteControl) {\n        map.removeControl(currentRouteControl);\n        currentRouteControl = null;\n    }\n    Object.keys(markers).forEach(slug => markers[slug].remove());\n    if (nome === '*') {\n        Object.keys(markers).forEach(slug => markers[slug].addTo(map));\n    } else {\n        const slugs = typeof slugsJson === 'string' ? JSON.parse(slugsJson) : slugsJson;\n        const routeWaypoints = [];\n        let num_item = 1;\n        slugs.forEach(slug => {\n            const marker = markers['marker-' + slug];\n            document.querySelector('.local-'+slug).classList.add('route-'+slug_rota);\n            document.querySelector('.local-'+slug).classList.add('order-'+num_item);\n            if (marker) {\n                routeWaypoints.push(marker.getLatLng());\n                marker.addTo(map);\n                num_item++;\n            } else {\n                console.warn(`Marcador para o slug \"${slug}\" n\u00e3o encontrado.`);\n            }\n        });\n        filtraLocalidades('route-'+slug_rota, nome, descricao);\n        if (routeWaypoints.length > 1) {\n            currentRouteControl = L.Routing.control({\n                waypoints: routeWaypoints,\n                createMarker: function() { return null; }, \n                router: L.Routing.osrmv1({ profile: 'foot' }),\n                lineOptions: {\n                    styles: [{ color: 'gray', weight: 5 }]\n                }\n            }).addTo(map);\n            const bounds = L.latLngBounds(routeWaypoints);\n            map.fitBounds(bounds);\n        } else {\n            console.error(\"N\u00e3o h\u00e1 pontos suficientes para tra\u00e7ar uma rota.\");\n        }\n    }\n}\n\nfunction habilitarCategoria(nameCategory) {\n  remover_ordenacao();\n  if (currentRouteControl) {\n        map.removeControl(currentRouteControl);\n        currentRouteControl = null;\n  }\n  const slugCategory = (nameCategory != '*')?slugify(nameCategory):'*';\n  Object.keys(categoryMarkers).forEach(category => {\n        categoryMarkers[category].forEach(marker => map.removeLayer(marker));\n    });\n    if (slugCategory === \"*\") {\n        Object.keys(categoryMarkers).forEach(category => {\n            categoryMarkers[category].forEach(marker => marker.addTo(map));\n            filtraLocalidades('*');\n\n        });\n    } else if (categoryMarkers[slugCategory]) {\n        categoryMarkers[slugCategory].forEach(marker => marker.addTo(map));\n        filtraLocalidades('category-'+slugCategory, nameCategory);\n    }\n}\n\nfunction filtraLocalidades(str_class, title, description) {\n    const elements = document.querySelectorAll('.map-histories a');\n    const titleElement = document.querySelector('.map-histories__titulo');\n    const descriptionElement = document.querySelector('.map-histories__descricao');\n    if (title && title != '*') {\n        titleElement.innerHTML = title;\n        titleElement.style.display = 'block';\n    } else {\n        titleElement.style.display = 'none';\n    }\n    if (description && description != '*') {\n        descriptionElement.innerHTML = description;\n        descriptionElement.style.display = 'block';\n    } else {\n        descriptionElement.style.display = 'none';\n    }\n\n    elements.forEach(element => {\n        if (element.classList.contains(str_class) || str_class == '*') {\n            element.style.display = '';\n        } else {\n            element.style.display = 'none';\n        }\n    });\n}\n\nfunction habilitarRotaCategoria(slugCategory) {\n    Object.keys(categoryMarkers).forEach(category => {\n        if (category !== slugCategory) {\n            categoryMarkers[category].forEach(marker => map.removeLayer(marker));\n        }\n    });\n    Object.keys(routes).forEach(category => {\n        if (routes[category] && category !== slugCategory) {\n            map.removeControl(routes[category]); \n        }\n    });\n    if (categoryMarkers[slugCategory]) {\n        categoryMarkers[slugCategory].forEach(marker => marker.addTo(map));\n    }\n    if (routes[slugCategory]) {\n        routes[slugCategory].addTo(map);\n        const bounds = categoryMarkers[slugCategory].map(marker => marker.getLatLng());\n        if (bounds.length > 0) {\n            map.fitBounds(bounds);\n            setTimeout(() => {\n                map.setZoom(map.getZoom() - 1);\n            }, 500); \n        }\n    }\n}\n\nsetTimeout(function() {\n    if (allCoordinates.length > 0) {\n        map.fitBounds(allCoordinates); \n    }\n}, 3000);\n\n<\/script>\n\n\n\n\n\n<section id=\"\" class=' margin-top-medium margin-bottom-medium padding-top-0 padding-bottom-0'>\n  <div class=\"container\">\n        <div class=\"row\">\n      <div class=\"col-md-12 mb-4\">\n        <h2>Depoimentos<\/h2>\n      <\/div>\n    <\/div>\n      <div class=\"row\">\n      <div class=\"col-md-8 offset-md-2\">\n        <div class=\"home-depoiments owl-theme owl-carousel\">\n                              <div class=\"row\">\n                                      <div class=\"col-md-5 mb-4 mb-md-0\">\n                        <img decoding=\"async\" class=\"w-100\" src=\"https:\/\/memo.museudapessoa.org\/biomas-que-transformam\/wp-content\/uploads\/sites\/20\/2023\/06\/Captura-de-Tela-13.png\" alt=\"Mareilde Freire de Almeida\" loading=\"lazy\">\n                    <\/div>\n                                    <div class=\"col col align-self-center\">\n                    <div class=\"home-depoiments__depoiment\">\n                      <p>&#8220;Em cada mat\u00e9ria prima podia-se encontrar novas propriedades, e assim eu, minha filha e minhas irm\u00e3s encaramos o desafio e come\u00e7amos a fabricar produtos cosm\u00e9ticos observando dois crit\u00e9rios: ter respeito com o meio-ambiente e ter mulheres na ponta.&#8221;<\/p>\n                      <p class=\"mb-0 bold\">Mareilde Freire de Almeida<\/p>\n                                          <\/div>\n                  <\/div>\n              <\/div>\n                              <div class=\"row\">\n                                      <div class=\"col-md-5 mb-4 mb-md-0\">\n                        <img decoding=\"async\" class=\"w-100\" src=\"https:\/\/memo.museudapessoa.org\/biomas-que-transformam\/wp-content\/uploads\/sites\/20\/2023\/06\/Captura-de-Tela-6.png\" alt=\"Durvalina Ribeiro de Souza\" loading=\"lazy\">\n                    <\/div>\n                                    <div class=\"col col align-self-center\">\n                    <div class=\"home-depoiments__depoiment\">\n                      <p>&#8220;Eu dizia: &#8216;Deus, eu vim para c\u00e1 foi para vencer e o Senhor vai me dar oportunidade&#8217;. Passei a noite fazendo brincos e, quando foi no dia seguinte, vendi todas as pe\u00e7as. Todas.\r\n\r\n&#8220;<\/p>\n                      <p class=\"mb-0 bold\">Durvalina Ribeiro de Souza<\/p>\n                                          <\/div>\n                  <\/div>\n              <\/div>\n                              <div class=\"row\">\n                                      <div class=\"col-md-5 mb-4 mb-md-0\">\n                        <img decoding=\"async\" class=\"w-100\" src=\"https:\/\/memo.museudapessoa.org\/biomas-que-transformam\/wp-content\/uploads\/sites\/20\/2023\/06\/Captura-de-Tela-3.png\" alt=\"Jonatas Machado Ibernon\" loading=\"lazy\">\n                    <\/div>\n                                    <div class=\"col col align-self-center\">\n                    <div class=\"home-depoiments__depoiment\">\n                      <p>&#8220;\u00c0s vezes a pessoa se pergunta: &#8216;Como eu posso ajudar a Amaz\u00f4nia?&#8217;. Voc\u00ea pode ajudar tomando um caf\u00e9, comendo uma geleia, comendo uma farinha de tapioca, tomando um suco.&#8221;<\/p>\n                      <p class=\"mb-0 bold\">Jonatas Machado Ibernon<\/p>\n                                          <\/div>\n                  <\/div>\n              <\/div>\n                      <\/div>\n        <!-- <div class=\"home-depoiments__nav owl-theme owl-carousel my-md-5 px-5\">\n                              <div class=\"px-md-3 home-depoiments__nav-item\">\n                  <h3 class=\"text-center title-small\">Jonatas Machado Ibernon<\/h3>\n                <\/div>\n                      <\/div> -->\n      <\/div>\n    <\/div>\n  <\/div>\n<\/section>\n\n\n\n\n\n<section id=\"logos\" class='footer-logos margin-top-medium margin-bottom-medium padding-top-0 padding-bottom-0' >\n  <div class=\"container\">\n    <div class=\"row justify-content-center\">\n            <div class=\"col-auto mb-5\" style=\"max-width:50%\">\n          <div class=\"row\">\n                        <div class=\"col-12 text-center\">             \n                  <p><b>Patroc\u00ednio<\/b><\/p>\n              <\/div>  \n               \n            <div class=\"col \">\n              <div class=\"row justify-content-center\">\n                                  <div class=\"col-auto align-self-center px-4 mb-4\">\n                                        <img decoding=\"async\" class=\"footer-logos__image\" src=\"https:\/\/memo.museudapessoa.org\/biomas-que-transformam\/wp-content\/uploads\/sites\/20\/2024\/01\/lei-rouanet.png\" alt=\"Lei de Incentivo \u00e0 Cultura\" loading=\"lazy\">\n                                      <\/div>\n                                  <div class=\"col-auto align-self-center px-4 mb-4\">\n                                        <img decoding=\"async\" class=\"footer-logos__image\" src=\"https:\/\/memo.museudapessoa.org\/biomas-que-transformam\/wp-content\/uploads\/sites\/20\/2023\/08\/logo-memo-02-meli.png\" alt=\"Mercado Livre\" loading=\"lazy\">\n                                      <\/div>\n                              <\/div>\n            <\/div>\n          <\/div>\n        <\/div>\n              <div class=\"col-auto mb-5\" style=\"max-width:50%\">\n          <div class=\"row\">\n                        <div class=\"col-12 text-center\">             \n                  <p><b>Realiza\u00e7\u00e3o<\/b><\/p>\n              <\/div>  \n               \n            <div class=\"col \">\n              <div class=\"row justify-content-center\">\n                                  <div class=\"col-auto align-self-center px-4 mb-4\">\n                                        <img decoding=\"async\" class=\"footer-logos__image\" src=\"https:\/\/memo.museudapessoa.org\/biomas-que-transformam\/wp-content\/uploads\/sites\/20\/2023\/08\/logo-memo-03-museu.png\" alt=\"Museu da Pessoa\" loading=\"lazy\">\n                                      <\/div>\n                                  <div class=\"col-auto align-self-center px-4 mb-4\">\n                                        <img decoding=\"async\" class=\"footer-logos__image\" src=\"https:\/\/memo.museudapessoa.org\/biomas-que-transformam\/wp-content\/uploads\/sites\/20\/2023\/08\/logo-memo-04-gov.png\" alt=\"MINC\" loading=\"lazy\">\n                                      <\/div>\n                              <\/div>\n            <\/div>\n          <\/div>\n        <\/div>\n            <\/div>\n    <\/div>\n  <\/div>\n<\/section>\n\n","protected":false},"excerpt":{"rendered":"<p>A exposi\u00e7\u00e3o A exposi\u00e7\u00e3o digital &#8220;Biomas Que Transformam&#8221; traz hist\u00f3rias de pessoas dos seis biomas do nosso pa\u00eds. Todas as nossas personagens reacenderam os costumes de suas comunidades de forma a fortalec\u00ea-las, mediante o respeito \u00e0 natureza, a uma economia&#8230;<\/p>\n","protected":false},"author":1,"featured_media":0,"parent":0,"menu_order":0,"comment_status":"closed","ping_status":"closed","template":"","meta":{"_acf_changed":false,"footnotes":""},"class_list":["post-17","page","type-page","status-publish","hentry"],"acf":[],"yoast_head":"<!-- This site is optimized with the Yoast SEO plugin v23.3 - https:\/\/yoast.com\/wordpress\/plugins\/seo\/ -->\n<title>home - Biomas que Transformam<\/title>\n<meta name=\"robots\" content=\"index, follow, max-snippet:-1, max-image-preview:large, max-video-preview:-1\" \/>\n<link rel=\"canonical\" href=\"https:\/\/memo.museudapessoa.org\/biomas-que-transformam\/\" \/>\n<meta property=\"og:locale\" content=\"pt_BR\" \/>\n<meta property=\"og:type\" content=\"article\" \/>\n<meta property=\"og:title\" content=\"home - Biomas que Transformam\" \/>\n<meta property=\"og:description\" content=\"A exposi\u00e7\u00e3o A exposi\u00e7\u00e3o digital &#8220;Biomas Que Transformam&#8221; traz hist\u00f3rias de pessoas dos seis biomas do nosso pa\u00eds. Todas as nossas personagens reacenderam os costumes de suas comunidades de forma a fortalec\u00ea-las, mediante o respeito \u00e0 natureza, a uma economia...\" \/>\n<meta property=\"og:url\" content=\"https:\/\/memo.museudapessoa.org\/biomas-que-transformam\/\" \/>\n<meta property=\"og:site_name\" content=\"Biomas que Transformam\" \/>\n<meta property=\"article:modified_time\" content=\"2024-02-09T00:14:07+00:00\" \/>\n<meta name=\"twitter:card\" content=\"summary_large_image\" \/>\n<meta name=\"twitter:label1\" content=\"Est. tempo de leitura\" \/>\n\t<meta name=\"twitter:data1\" content=\"1 minuto\" \/>\n<script type=\"application\/ld+json\" class=\"yoast-schema-graph\">{\"@context\":\"https:\/\/schema.org\",\"@graph\":[{\"@type\":\"WebPage\",\"@id\":\"https:\/\/memo.museudapessoa.org\/biomas-que-transformam\/\",\"url\":\"https:\/\/memo.museudapessoa.org\/biomas-que-transformam\/\",\"name\":\"home - Biomas que Transformam\",\"isPartOf\":{\"@id\":\"https:\/\/memo.museudapessoa.org\/biomas-que-transformam\/#website\"},\"datePublished\":\"2023-06-14T15:56:52+00:00\",\"dateModified\":\"2024-02-09T00:14:07+00:00\",\"breadcrumb\":{\"@id\":\"https:\/\/memo.museudapessoa.org\/biomas-que-transformam\/#breadcrumb\"},\"inLanguage\":\"pt-BR\",\"potentialAction\":[{\"@type\":\"ReadAction\",\"target\":[\"https:\/\/memo.museudapessoa.org\/biomas-que-transformam\/\"]}]},{\"@type\":\"BreadcrumbList\",\"@id\":\"https:\/\/memo.museudapessoa.org\/biomas-que-transformam\/#breadcrumb\",\"itemListElement\":[{\"@type\":\"ListItem\",\"position\":1,\"name\":\"Home\",\"item\":\"https:\/\/memo.museudapessoa.org\/biomas-que-transformam\/\"},{\"@type\":\"ListItem\",\"position\":2,\"name\":\"home\"}]},{\"@type\":\"WebSite\",\"@id\":\"https:\/\/memo.museudapessoa.org\/biomas-que-transformam\/#website\",\"url\":\"https:\/\/memo.museudapessoa.org\/biomas-que-transformam\/\",\"name\":\"Biomas que Transformam\",\"description\":\"\",\"potentialAction\":[{\"@type\":\"SearchAction\",\"target\":{\"@type\":\"EntryPoint\",\"urlTemplate\":\"https:\/\/memo.museudapessoa.org\/biomas-que-transformam\/?s={search_term_string}\"},\"query-input\":\"required name=search_term_string\"}],\"inLanguage\":\"pt-BR\"}]}<\/script>\n<!-- \/ Yoast SEO plugin. -->","yoast_head_json":{"title":"home - Biomas que Transformam","robots":{"index":"index","follow":"follow","max-snippet":"max-snippet:-1","max-image-preview":"max-image-preview:large","max-video-preview":"max-video-preview:-1"},"canonical":"https:\/\/memo.museudapessoa.org\/biomas-que-transformam\/","og_locale":"pt_BR","og_type":"article","og_title":"home - Biomas que Transformam","og_description":"A exposi\u00e7\u00e3o A exposi\u00e7\u00e3o digital &#8220;Biomas Que Transformam&#8221; traz hist\u00f3rias de pessoas dos seis biomas do nosso pa\u00eds. Todas as nossas personagens reacenderam os costumes de suas comunidades de forma a fortalec\u00ea-las, mediante o respeito \u00e0 natureza, a uma economia...","og_url":"https:\/\/memo.museudapessoa.org\/biomas-que-transformam\/","og_site_name":"Biomas que Transformam","article_modified_time":"2024-02-09T00:14:07+00:00","twitter_card":"summary_large_image","twitter_misc":{"Est. tempo de leitura":"1 minuto"},"schema":{"@context":"https:\/\/schema.org","@graph":[{"@type":"WebPage","@id":"https:\/\/memo.museudapessoa.org\/biomas-que-transformam\/","url":"https:\/\/memo.museudapessoa.org\/biomas-que-transformam\/","name":"home - Biomas que Transformam","isPartOf":{"@id":"https:\/\/memo.museudapessoa.org\/biomas-que-transformam\/#website"},"datePublished":"2023-06-14T15:56:52+00:00","dateModified":"2024-02-09T00:14:07+00:00","breadcrumb":{"@id":"https:\/\/memo.museudapessoa.org\/biomas-que-transformam\/#breadcrumb"},"inLanguage":"pt-BR","potentialAction":[{"@type":"ReadAction","target":["https:\/\/memo.museudapessoa.org\/biomas-que-transformam\/"]}]},{"@type":"BreadcrumbList","@id":"https:\/\/memo.museudapessoa.org\/biomas-que-transformam\/#breadcrumb","itemListElement":[{"@type":"ListItem","position":1,"name":"Home","item":"https:\/\/memo.museudapessoa.org\/biomas-que-transformam\/"},{"@type":"ListItem","position":2,"name":"home"}]},{"@type":"WebSite","@id":"https:\/\/memo.museudapessoa.org\/biomas-que-transformam\/#website","url":"https:\/\/memo.museudapessoa.org\/biomas-que-transformam\/","name":"Biomas que Transformam","description":"","potentialAction":[{"@type":"SearchAction","target":{"@type":"EntryPoint","urlTemplate":"https:\/\/memo.museudapessoa.org\/biomas-que-transformam\/?s={search_term_string}"},"query-input":"required name=search_term_string"}],"inLanguage":"pt-BR"}]}},"_links":{"self":[{"href":"https:\/\/memo.museudapessoa.org\/biomas-que-transformam\/wp-json\/wp\/v2\/pages\/17"}],"collection":[{"href":"https:\/\/memo.museudapessoa.org\/biomas-que-transformam\/wp-json\/wp\/v2\/pages"}],"about":[{"href":"https:\/\/memo.museudapessoa.org\/biomas-que-transformam\/wp-json\/wp\/v2\/types\/page"}],"author":[{"embeddable":true,"href":"https:\/\/memo.museudapessoa.org\/biomas-que-transformam\/wp-json\/wp\/v2\/users\/1"}],"replies":[{"embeddable":true,"href":"https:\/\/memo.museudapessoa.org\/biomas-que-transformam\/wp-json\/wp\/v2\/comments?post=17"}],"version-history":[{"count":160,"href":"https:\/\/memo.museudapessoa.org\/biomas-que-transformam\/wp-json\/wp\/v2\/pages\/17\/revisions"}],"predecessor-version":[{"id":636,"href":"https:\/\/memo.museudapessoa.org\/biomas-que-transformam\/wp-json\/wp\/v2\/pages\/17\/revisions\/636"}],"wp:attachment":[{"href":"https:\/\/memo.museudapessoa.org\/biomas-que-transformam\/wp-json\/wp\/v2\/media?parent=17"}],"curies":[{"name":"wp","href":"https:\/\/api.w.org\/{rel}","templated":true}]}}