{"id":43,"date":"2023-06-14T16:18:56","date_gmt":"2023-06-14T19:18:56","guid":{"rendered":"https:\/\/hhh.memo.museudapessoa.org\/biomas-que-transformam\/?page_id=43"},"modified":"2024-01-24T16:37:08","modified_gmt":"2024-01-24T19:37:08","slug":"personagens","status":"publish","type":"page","link":"https:\/\/memo.museudapessoa.org\/biomas-que-transformam\/personagens\/","title":{"rendered":"Personagens"},"content":{"rendered":"\n\n<div id=\"destaque-topo\" class='carousel block-header-highlight wow fadeIn  block_04a8cd9904eed2fdd62076e85599101b no-nav  margin-top-none margin-bottom-medium padding-top-none padding-bottom-none' style='background-color:rgba(255,255,255,0);' data-wow-delay=\"0.5s\" >\n<style>\n    .block_04a8cd9904eed2fdd62076e85599101b h2,  .block_04a8cd9904eed2fdd62076e85599101b h4, .block_04a8cd9904eed2fdd62076e85599101b a, .block_04a8cd9904eed2fdd62076e85599101b a h2, .block_04a8cd9904eed2fdd62076e85599101b a p, .block_04a8cd9904eed2fdd62076e85599101b p{\n      color: #FFF !important;\n  }\n    .block_04a8cd9904eed2fdd62076e85599101b .carousel-nav__link.active:after{\n    background-color: #FFF !important;\n  }\n  .block_04a8cd9904eed2fdd62076e85599101b .carousel-item__content .arrow svg rect{\n    fill: #FFF !important;\n  }\n<\/style>\n    <div class=\"carousel-item h-100 py-md-5 item-1  active\"\n  role=\"tabpanel\" aria-hidden=\"false\" tabindex=\"0\"\n  >\n      <div class=\"carousel-item__overlay\"\n                \n          style=\"background-color:rgba(0,0,0,0);\"\n                    ><\/div>\n                          <div class=\"parallaxParent carousel-item__image\" >\n                  <div class=\"carousel-item__image-element\" \n                style=\"background-image: url(https:\/\/memo.museudapessoa.org\/biomas-que-transformam\/wp-content\/uploads\/sites\/20\/2024\/01\/biomas-personagens.jpg);\n                background-position: % %;\" >\n                  <\/div> \n              <\/div>\n                              <div class=\"container h-100\">\n        <div class=\"row h-100\">\n          <div class=\"col-md-8 col-md-8 align-self-center\">\n            <div class=\"carousel-item__content\">\n                                                                              <\/div>\n          <\/div>\n        <\/div>\n      <\/div>  \n    <\/div>\n          <\/div>\n\n\n\n        <section class=\"conteudo\">\n          <div class=\"container\">\n            <div class=\"row\">\n              <div class=\"col-md-12 conteudo content margin-center text-md-\">\n                \n<h2 id=\"personagens\" class=\"wp-block-heading\">Personagens<\/h2>\n\n              <\/div>\n            <\/div>\n          <\/div>\n        <\/section>\n\n\n<section id=\"block-text-multimidia\" class='block-text-multimidia block_a9da84bc18c30f359ff2edcc552a93a3 margin-top-none margin-bottom-none padding-top-none padding-bottom-none' style='background-color:rgba(255,255,255,0);'>\n<style>\n  .block_a9da84bc18c30f359ff2edcc552a93a3, .block_a9da84bc18c30f359ff2edcc552a93a3 h2, .block_a9da84bc18c30f359ff2edcc552a93a3 h3{\n    color:#000000  }\n<\/style>\n<div class=\"block-text-multimidia__gallery half   content-right\" style=\"opacity:1;\">\n                <div class=\"block-text-multimidia__gallery-item\">\n          <div class=\"block-text-multimidia__gallery-carousel owl-theme owl-carousel\">\n                          <img decoding=\"async\" src=\"https:\/\/memo.museudapessoa.org\/biomas-que-transformam\/wp-content\/uploads\/sites\/20\/2023\/06\/Captura-de-Tela-179.png\" alt=\"\" loading=\"lazy\">\n                            <img decoding=\"async\" src=\"https:\/\/memo.museudapessoa.org\/biomas-que-transformam\/wp-content\/uploads\/sites\/20\/2023\/06\/Captura-de-Tela-180.png\" alt=\"\" loading=\"lazy\">\n                            <img decoding=\"async\" src=\"https:\/\/memo.museudapessoa.org\/biomas-que-transformam\/wp-content\/uploads\/sites\/20\/2023\/06\/Captura-de-Tela-182.png\" alt=\"\" loading=\"lazy\">\n                            <img decoding=\"async\" src=\"https:\/\/memo.museudapessoa.org\/biomas-que-transformam\/wp-content\/uploads\/sites\/20\/2023\/06\/Captura-de-Tela-184.png\" alt=\"\" loading=\"lazy\">\n                            <img decoding=\"async\" src=\"https:\/\/memo.museudapessoa.org\/biomas-que-transformam\/wp-content\/uploads\/sites\/20\/2023\/06\/Captura-de-Tela-187-1.png\" alt=\"\" loading=\"lazy\">\n                            <img decoding=\"async\" src=\"https:\/\/memo.museudapessoa.org\/biomas-que-transformam\/wp-content\/uploads\/sites\/20\/2023\/06\/Captura-de-Tela-189-1.png\" alt=\"\" loading=\"lazy\">\n                            <img decoding=\"async\" src=\"https:\/\/memo.museudapessoa.org\/biomas-que-transformam\/wp-content\/uploads\/sites\/20\/2023\/06\/Captura-de-Tela-190.png\" alt=\"\" loading=\"lazy\">\n                            <img decoding=\"async\" src=\"https:\/\/memo.museudapessoa.org\/biomas-que-transformam\/wp-content\/uploads\/sites\/20\/2023\/06\/Captura-de-Tela-191-1.png\" alt=\"\" loading=\"lazy\">\n                            <img decoding=\"async\" src=\"https:\/\/memo.museudapessoa.org\/biomas-que-transformam\/wp-content\/uploads\/sites\/20\/2023\/06\/Captura-de-Tela-192.png\" alt=\"\" loading=\"lazy\">\n                        <\/div>  \n        <\/div>\n              <\/div>\n  <div class=\"container\">\n    <div class=\"row\">\n      <div class=\"col-md-6 block-text-multimidia__content  ps-md-5 offset-md-6 py-4 py-md-5 half-content\">\n                  <div class=\"mb-5 block-text-multimidia__item\">\n                                <h3>DAILSON ANDRADE SANTOS<\/h3>\n                                          <img decoding=\"async\" data-midia=\"1\"  alt=\"\" class=\"image-highlight hide_image\" src=\"https:\/\/memo.museudapessoa.org\/biomas-que-transformam\/wp-content\/uploads\/sites\/20\/2023\/06\/Captura-de-Tela-179.png\" alt=\"Imagem\" loading=\"lazy\">\n                            <p>Nascido no dia 27 de abril de 1987, em Tucano (BA). \u00c9 formado em Ci\u00eancias Cont\u00e1beis. Politizou-se ainda cedo e auxiliou no crescimento da sua comunidade. Nessas experi\u00eancias, conheceu a Coopercuc e acabou se envolvendo em suas atividades relacionadas a extra\u00e7\u00e3o de frutas origin\u00e1rias da Caatinga.<\/p>\n<p>&nbsp;<\/p>\n<p>&nbsp;<\/p>\n<p>&nbsp;<\/p>\n  \n                        <\/div>   \n                  <div class=\"mb-5 block-text-multimidia__item\">\n                                <h3>DURVALINA RIBEIRO DE SOUZA<\/h3>\n                                          <img decoding=\"async\" data-midia=\"2\"  alt=\"\" class=\"image-highlight hide_image\" src=\"https:\/\/memo.museudapessoa.org\/biomas-que-transformam\/wp-content\/uploads\/sites\/20\/2023\/06\/Captura-de-Tela-180.png\" alt=\"Imagem\" loading=\"lazy\">\n                            <p>Durvalina nasceu no dia 9 de junho de 1974, em S\u00e3o F\u00e9lix (TO). \u00c9 de regi\u00e3o quilombola e filha de pais artes\u00e3os. Com a voca\u00e7\u00e3o de artes\u00e3 passada de gera\u00e7\u00e3o em gera\u00e7\u00e3o, tem mais de tr\u00eas d\u00e9cadas de experi\u00eancia no tran\u00e7ado do capim dourado, abundante na regi\u00e3o do Jalap\u00e3o.<\/p>\n<p>&nbsp;<\/p>\n<p>&nbsp;<\/p>\n<p>&nbsp;<\/p>\n  \n                        <\/div>   \n                  <div class=\"mb-5 block-text-multimidia__item\">\n                                <h3>JOANNA MARTINS<\/h3>\n                                          <img decoding=\"async\" data-midia=\"3\"  alt=\"\" class=\"image-highlight hide_image\" src=\"https:\/\/memo.museudapessoa.org\/biomas-que-transformam\/wp-content\/uploads\/sites\/20\/2023\/06\/Captura-de-Tela-182.png\" alt=\"Imagem\" loading=\"lazy\">\n                            <p>Joanna Martins nasceu no dia 9 de setembro de 1980, em Bel\u00e9m (PA). \u00c9 formada em Publicidade e Propaganda. Criada no restaurante da fam\u00edlia, o \u201cL\u00e1 Em Casa\u201d, e apaixonada pela Amaz\u00f4nia, \u00e9 cofundadora da Manioca, empresa foodtech que busca colocar os ingredientes da Amaz\u00f4nia nas mesas do mundo inteiro.<\/p>\n<p>&nbsp;<\/p>\n<p>&nbsp;<\/p>\n<p>&nbsp;<\/p>\n  \n                        <\/div>   \n                  <div class=\"mb-5 block-text-multimidia__item\">\n                                <h3>JONATAS MACHADO IBERNON<\/h3>\n                                          <img decoding=\"async\" data-midia=\"4\"  alt=\"\" class=\"image-highlight hide_image\" src=\"https:\/\/memo.museudapessoa.org\/biomas-que-transformam\/wp-content\/uploads\/sites\/20\/2023\/06\/Captura-de-Tela-184.png\" alt=\"Imagem\" loading=\"lazy\">\n                            <p>Jonatas nasceu no dia 29 de julho de 1995, em Manaus (AM). Formado em Marketing, visa empreender atrav\u00e9s da biodiversidade e da conserva\u00e7\u00e3o da floresta amaz\u00f4nica a partir da produ\u00e7\u00e3o e comercializa\u00e7\u00e3o do caf\u00e9 agroflorestal. Atualmente, \u00e9 s\u00f3cio-diretor da Amaz\u00f4nia Agroflorestal e diretor comercial do Caf\u00e9 Apu\u00ed Agroflorestal.<\/p>\n<p>&nbsp;<\/p>\n<p>&nbsp;<\/p>\n<p>&nbsp;<\/p>\n  \n                        <\/div>   \n                  <div class=\"mb-5 block-text-multimidia__item\">\n                                <h3>MARCIA PEREIRA DE PEREIRA<\/h3>\n                                          <img decoding=\"async\" data-midia=\"5\"  alt=\"\" class=\"image-highlight hide_image\" src=\"https:\/\/memo.museudapessoa.org\/biomas-que-transformam\/wp-content\/uploads\/sites\/20\/2023\/06\/Captura-de-Tela-187-1.png\" alt=\"Imagem\" loading=\"lazy\">\n                            <p>Nasceu no dia 20 de maio de 1959, em Pelotas (RS). \u00c9 formada em Arquitetura e Urbanismo. Ap\u00f3s sofrer um quadro de depress\u00e3o, recome\u00e7ou sua vida como artes\u00e3 e bordadeira. Hoje faz parte da Associa\u00e7\u00e3o Bichos do Mar de Dentro, cujos produtos s\u00e3o inspirados na fauna da regi\u00e3o da Costa Doce, no Pampa Ga\u00facho.<\/p>\n<p>&nbsp;<\/p>\n<p>&nbsp;<\/p>\n<p>&nbsp;<\/p>\n  \n                        <\/div>   \n                  <div class=\"mb-5 block-text-multimidia__item\">\n                                <h3>MAREILDE FREIRE ALMEIDA<\/h3>\n                                          <img decoding=\"async\" data-midia=\"6\"  alt=\"\" class=\"image-highlight hide_image\" src=\"https:\/\/memo.museudapessoa.org\/biomas-que-transformam\/wp-content\/uploads\/sites\/20\/2023\/06\/Captura-de-Tela-189-1.png\" alt=\"Imagem\" loading=\"lazy\">\n                            <p>Mareilde nasceu no dia 20 de novembro de 1961, em Freire Cardoso (MG). \u00c9 formada em Administra\u00e7\u00e3o e possui p\u00f3s em Cosmetologia. Mudou-se quando crian\u00e7a para Rond\u00f4nia e l\u00e1 descobriu as riquezas da Amaz\u00f4nia. \u00c9 cofundadora da Saboaria Rond\u00f4nia, empresa de cosm\u00e9ticos aliada a biodiversidade amaz\u00f4nica e ao trabalho comunit\u00e1rio de mulheres rurais.<\/p>\n<p>&nbsp;<\/p>\n<p>&nbsp;<\/p>\n<p>&nbsp;<\/p>\n  \n                        <\/div>   \n                  <div class=\"mb-5 block-text-multimidia__item\">\n                                <h3>NEY RALISON SILVA DE OLIVEIRA<\/h3>\n                                          <img decoding=\"async\" data-midia=\"7\"  alt=\"\" class=\"image-highlight hide_image\" src=\"https:\/\/memo.museudapessoa.org\/biomas-que-transformam\/wp-content\/uploads\/sites\/20\/2023\/06\/Captura-de-Tela-190.png\" alt=\"Imagem\" loading=\"lazy\">\n                            <p>Ney nasceu no dia 26 de setembro de 1985, em Tucuru\u00ed (PA). Vivendo sempre em comunidades na beira da Transamaz\u00f4nica, encontrou desde cedo interesse no meio rural. Tem forma\u00e7\u00e3o como T\u00e9cnico Agr\u00edcola \u2013 Habilitado em Agroind\u00fastria e Educa\u00e7\u00e3o do Campo \u2013 Habilitado em Ci\u00eancias Agr\u00e1rias e Naturais. Atualmente, \u00e9 t\u00e9cnico agr\u00edcola e produtor rural na Coopercau.<\/p>\n<p>&nbsp;<\/p>\n<p>&nbsp;<\/p>\n<p>&nbsp;<\/p>\n  \n                        <\/div>   \n                  <div class=\"mb-5 block-text-multimidia__item\">\n                                <h3>SEBASTI\u00c3O DE SOUZA BRAND\u00c3O<\/h3>\n                                          <img decoding=\"async\" data-midia=\"8\"  alt=\"\" class=\"image-highlight hide_image\" src=\"https:\/\/memo.museudapessoa.org\/biomas-que-transformam\/wp-content\/uploads\/sites\/20\/2023\/06\/Captura-de-Tela-191-1.png\" alt=\"Imagem\" loading=\"lazy\">\n                            <p>Sebasti\u00e3o nasceu no dia 21 de janeiro de 1944, em Corumb\u00e1 (MS). Nascido no ber\u00e7o dos cururueiros, aos 8 anos j\u00e1 fazia pequenas violas. Trabalhou durante 19 anos em ferrovia, onde se aposentou. Atualmente, \u00e9 um artista reconhecido nacionalmente na constru\u00e7\u00e3o de violas-de-cocho.<\/p>\n<p>&nbsp;<\/p>\n<p>&nbsp;<\/p>\n<p>&nbsp;<\/p>\n  \n                        <\/div>   \n                  <div class=\"mb-5 block-text-multimidia__item\">\n                                <h3>VANDA ALVES DE SOUZA<\/h3>\n                                          <img decoding=\"async\" data-midia=\"9\"  alt=\"\" class=\"image-highlight hide_image\" src=\"https:\/\/memo.museudapessoa.org\/biomas-que-transformam\/wp-content\/uploads\/sites\/20\/2023\/06\/Captura-de-Tela-192.png\" alt=\"Imagem\" loading=\"lazy\">\n                            <p>Vanda nasceu no dia 20 de julho de 1961, em Taia\u00e7upeba, distrito de Mogi das Cruzes (SP). Trabalhou desde cedo com o pai, que era comerciante, e se encantou com as pessoas da mata. Fundou a Natural da Mata com o objetivo de mostrar o valor dos nativos da regi\u00e3o e dos ingredientes origin\u00e1rios da Mata Atl\u00e2ntica.<\/p>\n<p>&nbsp;<\/p>\n<p>&nbsp;<\/p>\n<p>&nbsp;<\/p>\n  \n                        <\/div>   \n              <\/div>\n    <\/div>\n  <\/div>\n<\/section>\n\n","protected":false},"excerpt":{"rendered":"<p>Personagens<\/p>\n","protected":false},"author":25,"featured_media":0,"parent":0,"menu_order":0,"comment_status":"closed","ping_status":"closed","template":"","meta":{"_acf_changed":false,"footnotes":""},"class_list":["post-43","page","type-page","status-publish","hentry"],"acf":[],"yoast_head":"<!-- This site is optimized with the Yoast SEO plugin v23.3 - https:\/\/yoast.com\/wordpress\/plugins\/seo\/ -->\n<title>Personagens - Biomas que Transformam<\/title>\n<meta name=\"robots\" content=\"index, follow, max-snippet:-1, max-image-preview:large, max-video-preview:-1\" \/>\n<link rel=\"canonical\" href=\"https:\/\/memo.museudapessoa.org\/biomas-que-transformam\/personagens\/\" \/>\n<meta property=\"og:locale\" content=\"pt_BR\" \/>\n<meta property=\"og:type\" content=\"article\" \/>\n<meta property=\"og:title\" content=\"Personagens - Biomas que Transformam\" \/>\n<meta property=\"og:description\" content=\"Personagens\" \/>\n<meta property=\"og:url\" content=\"https:\/\/memo.museudapessoa.org\/biomas-que-transformam\/personagens\/\" \/>\n<meta property=\"og:site_name\" content=\"Biomas que Transformam\" \/>\n<meta property=\"article:modified_time\" content=\"2024-01-24T19:37:08+00:00\" \/>\n<meta name=\"twitter:card\" content=\"summary_large_image\" \/>\n<script type=\"application\/ld+json\" class=\"yoast-schema-graph\">{\"@context\":\"https:\/\/schema.org\",\"@graph\":[{\"@type\":\"WebPage\",\"@id\":\"https:\/\/memo.museudapessoa.org\/biomas-que-transformam\/personagens\/\",\"url\":\"https:\/\/memo.museudapessoa.org\/biomas-que-transformam\/personagens\/\",\"name\":\"Personagens - Biomas que Transformam\",\"isPartOf\":{\"@id\":\"https:\/\/memo.museudapessoa.org\/biomas-que-transformam\/#website\"},\"datePublished\":\"2023-06-14T19:18:56+00:00\",\"dateModified\":\"2024-01-24T19:37:08+00:00\",\"breadcrumb\":{\"@id\":\"https:\/\/memo.museudapessoa.org\/biomas-que-transformam\/personagens\/#breadcrumb\"},\"inLanguage\":\"pt-BR\",\"potentialAction\":[{\"@type\":\"ReadAction\",\"target\":[\"https:\/\/memo.museudapessoa.org\/biomas-que-transformam\/personagens\/\"]}]},{\"@type\":\"BreadcrumbList\",\"@id\":\"https:\/\/memo.museudapessoa.org\/biomas-que-transformam\/personagens\/#breadcrumb\",\"itemListElement\":[{\"@type\":\"ListItem\",\"position\":1,\"name\":\"Home\",\"item\":\"https:\/\/memo.museudapessoa.org\/biomas-que-transformam\/\"},{\"@type\":\"ListItem\",\"position\":2,\"name\":\"Personagens\"}]},{\"@type\":\"WebSite\",\"@id\":\"https:\/\/memo.museudapessoa.org\/biomas-que-transformam\/#website\",\"url\":\"https:\/\/memo.museudapessoa.org\/biomas-que-transformam\/\",\"name\":\"Biomas que Transformam\",\"description\":\"\",\"potentialAction\":[{\"@type\":\"SearchAction\",\"target\":{\"@type\":\"EntryPoint\",\"urlTemplate\":\"https:\/\/memo.museudapessoa.org\/biomas-que-transformam\/?s={search_term_string}\"},\"query-input\":\"required name=search_term_string\"}],\"inLanguage\":\"pt-BR\"}]}<\/script>\n<!-- \/ Yoast SEO plugin. -->","yoast_head_json":{"title":"Personagens - Biomas que Transformam","robots":{"index":"index","follow":"follow","max-snippet":"max-snippet:-1","max-image-preview":"max-image-preview:large","max-video-preview":"max-video-preview:-1"},"canonical":"https:\/\/memo.museudapessoa.org\/biomas-que-transformam\/personagens\/","og_locale":"pt_BR","og_type":"article","og_title":"Personagens - Biomas que Transformam","og_description":"Personagens","og_url":"https:\/\/memo.museudapessoa.org\/biomas-que-transformam\/personagens\/","og_site_name":"Biomas que Transformam","article_modified_time":"2024-01-24T19:37:08+00:00","twitter_card":"summary_large_image","schema":{"@context":"https:\/\/schema.org","@graph":[{"@type":"WebPage","@id":"https:\/\/memo.museudapessoa.org\/biomas-que-transformam\/personagens\/","url":"https:\/\/memo.museudapessoa.org\/biomas-que-transformam\/personagens\/","name":"Personagens - Biomas que Transformam","isPartOf":{"@id":"https:\/\/memo.museudapessoa.org\/biomas-que-transformam\/#website"},"datePublished":"2023-06-14T19:18:56+00:00","dateModified":"2024-01-24T19:37:08+00:00","breadcrumb":{"@id":"https:\/\/memo.museudapessoa.org\/biomas-que-transformam\/personagens\/#breadcrumb"},"inLanguage":"pt-BR","potentialAction":[{"@type":"ReadAction","target":["https:\/\/memo.museudapessoa.org\/biomas-que-transformam\/personagens\/"]}]},{"@type":"BreadcrumbList","@id":"https:\/\/memo.museudapessoa.org\/biomas-que-transformam\/personagens\/#breadcrumb","itemListElement":[{"@type":"ListItem","position":1,"name":"Home","item":"https:\/\/memo.museudapessoa.org\/biomas-que-transformam\/"},{"@type":"ListItem","position":2,"name":"Personagens"}]},{"@type":"WebSite","@id":"https:\/\/memo.museudapessoa.org\/biomas-que-transformam\/#website","url":"https:\/\/memo.museudapessoa.org\/biomas-que-transformam\/","name":"Biomas que Transformam","description":"","potentialAction":[{"@type":"SearchAction","target":{"@type":"EntryPoint","urlTemplate":"https:\/\/memo.museudapessoa.org\/biomas-que-transformam\/?s={search_term_string}"},"query-input":"required name=search_term_string"}],"inLanguage":"pt-BR"}]}},"_links":{"self":[{"href":"https:\/\/memo.museudapessoa.org\/biomas-que-transformam\/wp-json\/wp\/v2\/pages\/43"}],"collection":[{"href":"https:\/\/memo.museudapessoa.org\/biomas-que-transformam\/wp-json\/wp\/v2\/pages"}],"about":[{"href":"https:\/\/memo.museudapessoa.org\/biomas-que-transformam\/wp-json\/wp\/v2\/types\/page"}],"author":[{"embeddable":true,"href":"https:\/\/memo.museudapessoa.org\/biomas-que-transformam\/wp-json\/wp\/v2\/users\/25"}],"replies":[{"embeddable":true,"href":"https:\/\/memo.museudapessoa.org\/biomas-que-transformam\/wp-json\/wp\/v2\/comments?post=43"}],"version-history":[{"count":225,"href":"https:\/\/memo.museudapessoa.org\/biomas-que-transformam\/wp-json\/wp\/v2\/pages\/43\/revisions"}],"predecessor-version":[{"id":630,"href":"https:\/\/memo.museudapessoa.org\/biomas-que-transformam\/wp-json\/wp\/v2\/pages\/43\/revisions\/630"}],"wp:attachment":[{"href":"https:\/\/memo.museudapessoa.org\/biomas-que-transformam\/wp-json\/wp\/v2\/media?parent=43"}],"curies":[{"name":"wp","href":"https:\/\/api.w.org\/{rel}","templated":true}]}}