{"id":17,"date":"2023-07-20T14:44:35","date_gmt":"2023-07-20T17:44:35","guid":{"rendered":"https:\/\/hhh.memo.museudapessoa.org\/cedaps\/home\/"},"modified":"2023-11-09T16:48:29","modified_gmt":"2023-11-09T19:48:29","slug":"home","status":"publish","type":"page","link":"https:\/\/memo.museudapessoa.org\/cedaps\/","title":{"rendered":"Home"},"content":{"rendered":"\n\n<div id=\"destaque-topo\" class='carousel block-header-highlight wow fadeIn  block_d4e750d8a07ad7bca15ab3850bbbb01e has-nav  margin-top-0 margin-bottom-large padding-top-0 padding-bottom-0' data-wow-delay=\"0.5s\" >\n<style>\n    .block_d4e750d8a07ad7bca15ab3850bbbb01e h2,  .block_d4e750d8a07ad7bca15ab3850bbbb01e h4, .block_d4e750d8a07ad7bca15ab3850bbbb01e a, .block_d4e750d8a07ad7bca15ab3850bbbb01e a h2, .block_d4e750d8a07ad7bca15ab3850bbbb01e a p, .block_d4e750d8a07ad7bca15ab3850bbbb01e p{\n      color: #FFF !important;\n  }\n    .block_d4e750d8a07ad7bca15ab3850bbbb01e .carousel-nav__link.active:after{\n    background-color: #FFF !important;\n  }\n  .block_d4e750d8a07ad7bca15ab3850bbbb01e .carousel-item__content .arrow svg rect{\n    fill: #FFF !important;\n  }\n<\/style>\n    <div class=\"carousel-item h-100 py-md-5 item-1  active\"\n  role=\"tabpanel\" aria-hidden=\"false\" tabindex=\"0\"\n  >\n      <div class=\"carousel-item__overlay\"\n            ><\/div>\n                          <div class=\"parallaxParent carousel-item__image\" >\n                  <div class=\"carousel-item__image-element\" \n                style=\"background-image: url(https:\/\/memo.museudapessoa.org\/cedaps\/wp-content\/uploads\/sites\/23\/2023\/10\/mosaico-pessoas-cedaps-1-e1696626779403.png);\n                background-position: % %;\" >\n                  <\/div> \n              <\/div>\n                              <div class=\"container h-100\">\n        <div class=\"row h-100\">\n          <div class=\"col-md-8 col-md-8 align-self-center\">\n            <div class=\"carousel-item__content\">\n                              <a target=\"_self\" href=\"https:\/\/memo.museudapessoa.org\/cedaps\/historias\/\">\n                                                                        <h2 class='my-3 pe-md-5'>Conhe\u00e7a as hist\u00f3rias de vida daqueles que constroem o Cedaps!<\/h2>\n                                                  <\/a>\n                            <\/div>\n          <\/div>\n        <\/div>\n      <\/div>  \n    <\/div>\n        <div class=\"carousel-item h-100 py-md-5 item-2  \"\n  role=\"tabpanel\" aria-hidden=\"true\" tabindex=\"-1\"\n  >\n      <div class=\"carousel-item__overlay\"\n            ><\/div>\n                          <div class=\"parallaxParent carousel-item__image\" >\n                  <div class=\"carousel-item__image-element\" \n                style=\"background-image: url(https:\/\/memo.museudapessoa.org\/cedaps\/wp-content\/uploads\/sites\/23\/2023\/10\/galeria-e1696626747993.png);\n                background-position: % %;\" >\n                  <\/div> \n              <\/div>\n                              <div class=\"container h-100\">\n        <div class=\"row h-100\">\n          <div class=\"col-md-8 col-md-8 align-self-center\">\n            <div class=\"carousel-item__content\">\n                              <a target=\"_self\" href=\"https:\/\/memo.museudapessoa.org\/cedaps\/midias\/\">\n                                                                        <h2 class='my-3 pe-md-5'>Aqui voc\u00ea pode acompanhar atrav\u00e9s de imagens, hist\u00f3rias de pessoas que se encontram com a hist\u00f3ria do Cedaps. <\/h2>\n                                                  <\/a>\n                            <\/div>\n          <\/div>\n        <\/div>\n      <\/div>  \n    <\/div>\n        <div class=\"carousel-item h-100 py-md-5 item-3  \"\n  role=\"tabpanel\" aria-hidden=\"true\" tabindex=\"-1\"\n  >\n      <div class=\"carousel-item__overlay\"\n            ><\/div>\n                          <div class=\"parallaxParent carousel-item__image\" >\n                  <div class=\"carousel-item__image-element\" \n                style=\"background-image: url(https:\/\/memo.museudapessoa.org\/cedaps\/wp-content\/uploads\/sites\/23\/2023\/10\/Grazi-e1696626506525.png);\n                background-position: % %;\" >\n                  <\/div> \n              <\/div>\n                              <div class=\"container h-100\">\n        <div class=\"row h-100\">\n          <div class=\"col-md-8 col-md-8 align-self-center\">\n            <div class=\"carousel-item__content\">\n                              <a target=\"_self\" href=\"https:\/\/memo.museudapessoa.org\/cedaps\/relatos\/\">\n                                                                        <h2 class='my-3 pe-md-5'>Assista aos relatos de pessoas que dividem conosco, momentos marcantes em suas hist\u00f3rias, vividos com o Cedaps. <\/h2>\n                                                  <\/a>\n                            <\/div>\n          <\/div>\n        <\/div>\n      <\/div>  \n    <\/div>\n        <div class=\"carousel-item h-100 py-md-5 item-4  \"\n  role=\"tabpanel\" aria-hidden=\"true\" tabindex=\"-1\"\n  >\n      <div class=\"carousel-item__overlay\"\n            ><\/div>\n                          <div class=\"parallaxParent carousel-item__image\" >\n                  <div class=\"carousel-item__image-element\" \n                style=\"background-image: url(https:\/\/memo.museudapessoa.org\/cedaps\/wp-content\/uploads\/sites\/23\/2023\/10\/depoimentos-oficial-1-e1696626553393.png);\n                background-position: % %;\" >\n                  <\/div> \n              <\/div>\n                              <div class=\"container h-100\">\n        <div class=\"row h-100\">\n          <div class=\"col-md-8 col-md-8 align-self-center\">\n            <div class=\"carousel-item__content\">\n                              <a target=\"_self\" href=\"https:\/\/memo.museudapessoa.org\/cedaps\/depoimentos\/\">\n                                                                        <h2 class='my-3 pe-md-5'>Apresentamos depoimentos inspiradores de momentos marcantes com o Cedaps vividos por pessoas fundamentais nessa trajet\u00f3ria.<\/h2>\n                                                  <\/a>\n                            <\/div>\n          <\/div>\n        <\/div>\n      <\/div>  \n    <\/div>\n            <nav class=\"carousel-nav\">\n      <div class=\"container\">\n        <div class=\"row\">\n          <div class=\"col-md-8 mt-md-0 align-self-md-end pt-md-5 \">\n        <!-- <a aria-label=\"Destaque Anterior\" class=\"carousel-nav__arrow prev\" href=\"javascript:prevSlide(); clear();\">Destaque Anterior<\/a> -->\n            <ul>\n                          <li><a href=\"javascript:toSlide(1, '.block_d4e750d8a07ad7bca15ab3850bbbb01e'); clear();\" class=\"carousel-nav__link link-1 active\" role=\"button\" aria-label=\"Hist\u00f3ria de vida\">Hist\u00f3ria de vida<\/a><\/li>\n                            <li><a href=\"javascript:toSlide(2, '.block_d4e750d8a07ad7bca15ab3850bbbb01e'); clear();\" class=\"carousel-nav__link link-2 \" role=\"button\" aria-label=\"M\u00eddias\">M\u00eddias<\/a><\/li>\n                            <li><a href=\"javascript:toSlide(3, '.block_d4e750d8a07ad7bca15ab3850bbbb01e'); clear();\" class=\"carousel-nav__link link-3 \" role=\"button\" aria-label=\"Relatos\">Relatos<\/a><\/li>\n                            <li><a href=\"javascript:toSlide(4, '.block_d4e750d8a07ad7bca15ab3850bbbb01e'); clear();\" class=\"carousel-nav__link link-4 \" role=\"button\" aria-label=\"Depoimentos\">Depoimentos<\/a><\/li>\n                          <\/ul>\n            <!-- <a aria-label=\"Pr\u00f3ximo Destaque\" class=\"carousel-nav__arrow next\" href=\"javascript:nextSlide(); clear();\">Pr\u00f3ximo Destaque<\/a> -->\n            <\/div>\n        <\/div>\n      <\/div>\n    <\/nav>\n      <\/div>\n\n\n\n        <section class=\"conteudo\">\n          <div class=\"container\">\n            <div class=\"row\">\n              <div class=\"col-md-12 conteudo content margin-center text-md-\">\n                \n<h2 id=\"cedaps---um-legado-de-historias-compartilhadas\" class=\"wp-block-heading has-text-align-left\"><strong>Cedaps &#8211; Um legado de Hist\u00f3rias Compartilhadas<\/strong><\/h2>\n\n              <\/div>\n            <\/div>\n          <\/div>\n        <\/section>\n\n\n        <section class=\"conteudo\">\n          <div class=\"container\">\n            <div class=\"row\">\n              <div class=\"col-md-12 conteudo content margin-center text-md-\">\n                \n<p class=\"has-text-align-left\">Conhe\u00e7a a nossa hist\u00f3ria contada atrav\u00e9s das hist\u00f3rias de cada pessoa que j\u00e1 passou, e passa, pela travessia da promo\u00e7\u00e3o da sa\u00fade junto ao Cedaps. S\u00e3o muitos os depoimentos inspiradores daqueles que constru\u00edram e constroem o Centro de Promo\u00e7\u00e3o da Sa\u00fade. Esse \u00e9 o nosso MUSEU\u2026 O Museu das Pessoas do Cedaps.<\/p>\n\n              <\/div>\n            <\/div>\n          <\/div>\n        <\/section>\n\n\n        <section class=\"conteudo\">\n          <div class=\"container\">\n            <div class=\"row\">\n              <div class=\"col-md-12 conteudo content margin-center text-md-\">\n                \n<p><em>Apresentamos a todas e todos a nossa exposi\u00e7\u00e3o virtual aqui no Museu da Pessoa<\/em>, o nosso n\u00facleo conta com hist\u00f3rias de vida, depoimentos e relatos de pessoas que constru\u00edram e constroem essa hist\u00f3ria junto com a gente. Um processo que come\u00e7ou com a capacita\u00e7\u00e3o dos colaboradores do Cedaps na metodologia do Museu da Pessoa, e com participa\u00e7\u00e3o horizontal na constru\u00e7\u00e3o de um roteiro inspirador e idealiza\u00e7\u00e3o do formato desta exposi\u00e7\u00e3o, que est\u00e1 em constante movimento e expans\u00e3o. Nos encontre sempre aqui neste espa\u00e7o e acompanhe nossa hist\u00f3ria.<\/p>\n\n              <\/div>\n            <\/div>\n          <\/div>\n        <\/section>\n\n\n<section id=\"essas-sao-algumas-das-historias-de-vida-que-constroem-o-cedaps\" class='histories-home margin-top-medium margin-bottom-none padding-top-none padding-bottom-none' style='background-color:rgba(255,255,255,0);'>\n    <div class=\"container\">\n    <div class=\"row\">\n      <div class=\"col-md-12\">\n        <h2 id=\"essas-sao-algumas-das-historias-de-vida-que-constroem-o-cedaps\">Essas s\u00e3o algumas das hist\u00f3rias de vida que constroem o Cedaps!<\/h2>\n      <\/div>\n    <\/div>\n  <\/div>\n    <div class=\"container-fluid\">\n    <div class=\"row\">\n            <div class=\"history-item col-6 col-md mb-4 mb-md-3 wow fadeInUp\" data-wow-delay=\"0.0s\">\n          <a href=\"https:\/\/memo.museudapessoa.org\/cedaps\/historia-detalhe\/47047\/\">\n          <picture><source srcset='https:\/\/memo.museudapessoa.org\/app\/_lib\/file\/img\/thumb\/cibele(1).JPG' \/>\n\t\t<img  src='https:\/\/memo.museudapessoa.org\/app\/_lib\/file\/img\/thumb\/cibele(1).JPG' alt='Cibele Paes Leme' \/><\/picture>          <h3 class=\"title-small\">Cibele Paes Leme<\/h3>\n          <\/a>\n      <\/div>\n            <div class=\"history-item col-6 col-md mb-4 mb-md-3 wow fadeInUp\" data-wow-delay=\"0.1s\">\n          <a href=\"https:\/\/memo.museudapessoa.org\/cedaps\/historia-detalhe\/47050\/\">\n          <picture><source srcset='https:\/\/memo.museudapessoa.org\/app\/_lib\/file\/img\/thumb\/hugo.png' \/>\n\t\t<img  src='https:\/\/memo.museudapessoa.org\/app\/_lib\/file\/img\/thumb\/hugo.png' alt='Hugo Sabino' loading='lazy' \/><\/picture>          <h3 class=\"title-small\">Hugo Sabino<\/h3>\n          <\/a>\n      <\/div>\n            <div class=\"history-item col-6 col-md mb-4 mb-md-3 wow fadeInUp\" data-wow-delay=\"0.2s\">\n          <a href=\"https:\/\/memo.museudapessoa.org\/cedaps\/historia-detalhe\/46988\/\">\n          <picture><source srcset='https:\/\/memo.museudapessoa.org\/app\/_lib\/file\/img\/thumb\/print%20K\u00e1tia.png' \/>\n\t\t<img  src='https:\/\/memo.museudapessoa.org\/app\/_lib\/file\/img\/thumb\/print%20K\u00e1tia.png' alt='Katia Edmundo' loading='lazy' \/><\/picture>          <h3 class=\"title-small\">Katia Edmundo<\/h3>\n          <\/a>\n      <\/div>\n            <div class=\"history-item col-6 col-md mb-4 mb-md-3 wow fadeInUp\" data-wow-delay=\"0.3s\">\n          <a href=\"https:\/\/memo.museudapessoa.org\/cedaps\/historia-detalhe\/47054\/\">\n          <picture><source srcset='https:\/\/memo.museudapessoa.org\/app\/_lib\/file\/img\/thumb\/Luciana%20Borges.png' \/>\n\t\t<img  src='https:\/\/memo.museudapessoa.org\/app\/_lib\/file\/img\/thumb\/Luciana%20Borges.png' alt='Luciana Borges' loading='lazy' \/><\/picture>          <h3 class=\"title-small\">Luciana Borges<\/h3>\n          <\/a>\n      <\/div>\n            <div class=\"history-item col-6 col-md mb-4 mb-md-3 wow fadeInUp\" data-wow-delay=\"0.4s\">\n          <a href=\"https:\/\/memo.museudapessoa.org\/cedaps\/historia-detalhe\/47058\/\">\n          <picture><source srcset='https:\/\/memo.museudapessoa.org\/app\/_lib\/file\/img\/thumb\/socorro.png' \/>\n\t\t<img  src='https:\/\/memo.museudapessoa.org\/app\/_lib\/file\/img\/thumb\/socorro.png' alt='Socorro Vasconcelos' loading='lazy' \/><\/picture>          <h3 class=\"title-small\">Socorro Vasconcelos<\/h3>\n          <\/a>\n      <\/div>\n            <div class=\"history-item col-6 col-md mb-4 mb-md-3 wow fadeInUp\" data-wow-delay=\"0.5s\">\n          <a href=\"https:\/\/memo.museudapessoa.org\/cedaps\/historia-detalhe\/47045\/\">\n          <picture><source srcset='https:\/\/memo.museudapessoa.org\/app\/_lib\/file\/img\/thumb\/soninha.png' \/>\n\t\t<img  src='https:\/\/memo.museudapessoa.org\/app\/_lib\/file\/img\/thumb\/soninha.png' alt='S\u00f4nia Regina' loading='lazy' \/><\/picture>          <h3 class=\"title-small\">S\u00f4nia Regina<\/h3>\n          <\/a>\n      <\/div>\n          <\/div>\n  <\/div>\n<\/section>\n\n\n\n\n        <section class=\"conteudo\">\n          <div class=\"container\">\n            <div class=\"row\">\n              <div class=\"col-md-12 conteudo content margin-center text-md-\">\n                \n<h2 id=\"documentario-cedaps-2014\" class=\"wp-block-heading\">Document\u00e1rio cedaps, 2014<\/h2>\n\n              <\/div>\n            <\/div>\n          <\/div>\n        <\/section>\n\n\n        <section class=\"conteudo\">\n          <div class=\"container\">\n            <div class=\"row\">\n              <div class=\"col-md-12 conteudo wp-embed-aspect-4-3 wp-has-aspect-ratio content margin-center text-md-\">\n                \n<figure class=\"wp-block-embed is-type-video is-provider-youtube wp-block-embed-youtube wp-embed-aspect-4-3 wp-has-aspect-ratio\"><div class=\"wp-block-embed__wrapper\">\n<iframe title=\"CEDAPS   INSTITUCIONAL\" width=\"500\" height=\"375\" src=\"https:\/\/www.youtube.com\/embed\/oDKncJo2EYU?start=475&#038;feature=oembed\" frameborder=\"0\" allow=\"accelerometer; autoplay; clipboard-write; encrypted-media; gyroscope; picture-in-picture; web-share\" referrerpolicy=\"strict-origin-when-cross-origin\" allowfullscreen loading=\"lazy\"><\/iframe>\n<\/div><figcaption class=\"wp-element-caption\">Conhe\u00e7a um pouco mais sobre nossa hist\u00f3ria, parcerias, valores, miss\u00e3o e metodologia.<\/figcaption><\/figure>\n\n              <\/div>\n            <\/div>\n          <\/div>\n        <\/section>\n\n\n\n\n<section id=\"30-anos-cedaps-viaje-conosco-por-essa-historia\" class='histories-home block-grid margin-top-small margin-bottom-medium padding-top-none padding-bottom-none' style='background-color:rgba(255,255,255,0);' >\n  <div class=\"container\">\n    <div class=\"row\">\n      <div class=\"col-md-12\">\n                <h2 id=\"30-anos-cedaps-viaje-conosco-por-essa-historia\" class=\"pt-0\">30 anos Cedaps: Viaje conosco por essa hist\u00f3ria!<\/h2>\n                      <\/div>\n    <\/div>\n  <\/div>\n  <div class=\"container mt-4\">\n          <style>\n          #30-anos-cedaps-viaje-conosco-por-essa-historia .block-grid__item img,  #30-anos-cedaps-viaje-conosco-por-essa-historia .block-grid__item--image{ \n              height:300px;\n          }\n          @media(max-width: 767.98px){\n            #30-anos-cedaps-viaje-conosco-por-essa-historia .block-grid__item img,  #30-anos-cedaps-viaje-conosco-por-essa-historia .block-grid__item--image{ \n              height:225px;\n            }\n          }\n      <\/style>      \n        <div class=\"row\">\n            <div data-wow-delay=\"100ms\" class=\"element-item wow fadeInUp px-md-4 mb-4 col-6 col-md-3\">\n                       <a class=\"block-grid__item link hover\" href=\"https:\/\/memo.museudapessoa.org\/cedaps\/historias\/\">\n                    <div class=\"block-grid__item--image\">\n            <div class=\"flipper\">\n                      <div class=\"front\">\n                <img decoding=\"async\" class=\"w-100\"  src=\"https:\/\/memo.museudapessoa.org\/cedaps\/wp-content\/uploads\/sites\/23\/2023\/10\/mosaico-pessoas-cedaps-1-e1696626779403-1024x576.png\" alt=\"Hist\u00f3rias de vida\"\n                 loading=\"lazy\">\n                <\/div>\n                                    <\/div>\n          <\/div>\n            <h3 class=\"title-small mb-1 mt-1 text-uppercase\">Hist\u00f3rias de vida<\/h3>\n                      <p>Conhe\u00e7a as hist\u00f3rias de vida de algumas das pessoas que constroem o Cedaps!<\/p>\n                                    <\/a>\n                <\/div>\n            <div data-wow-delay=\"200ms\" class=\"element-item wow fadeInUp px-md-4 mb-4 col-6 col-md-3\">\n                       <a class=\"block-grid__item link hover\" href=\"https:\/\/memo.museudapessoa.org\/cedaps\/relatos\/\">\n                    <div class=\"block-grid__item--image\">\n            <div class=\"flipper\">\n                      <div class=\"front\">\n                <img decoding=\"async\" class=\"w-100\"  src=\"https:\/\/memo.museudapessoa.org\/cedaps\/wp-content\/uploads\/sites\/23\/2023\/10\/Grazi-e1696626506525-1024x512.png\" alt=\"Relatos\"\n                 loading=\"lazy\">\n                <\/div>\n                                    <\/div>\n          <\/div>\n            <h3 class=\"title-small mb-1 mt-1 text-uppercase\">Relatos<\/h3>\n                      <p>Veja hist\u00f3rias marcantes vividas com o Cedaps!<\/p>\n                                    <\/a>\n                <\/div>\n            <div data-wow-delay=\"300ms\" class=\"element-item wow fadeInUp px-md-4 mb-4 col-6 col-md-3\">\n                       <a class=\"block-grid__item link hover\" href=\"https:\/\/memo.museudapessoa.org\/cedaps\/depoimentos\/\">\n                    <div class=\"block-grid__item--image\">\n            <div class=\"flipper\">\n                      <div class=\"front\">\n                <img decoding=\"async\" class=\"w-100\"  src=\"https:\/\/memo.museudapessoa.org\/cedaps\/wp-content\/uploads\/sites\/23\/2023\/10\/depoimentos-oficial-e1696626638677-1024x411.png\" alt=\"Depoimentos\"\n                 loading=\"lazy\">\n                <\/div>\n                                    <\/div>\n          <\/div>\n            <h3 class=\"title-small mb-1 mt-1 text-uppercase\">Depoimentos<\/h3>\n                      <p>Leia momentos marcantes vividos com o Cedaps!<\/p>\n                                    <\/a>\n                <\/div>\n            <div data-wow-delay=\"400ms\" class=\"element-item wow fadeInUp px-md-4 mb-4 col-6 col-md-3\">\n                       <a class=\"block-grid__item link hover\" href=\"https:\/\/memo.museudapessoa.org\/cedaps\/midias\/\">\n                    <div class=\"block-grid__item--image\">\n            <div class=\"flipper\">\n                      <div class=\"front\">\n                <img decoding=\"async\" class=\"w-100\"  src=\"https:\/\/memo.museudapessoa.org\/cedaps\/wp-content\/uploads\/sites\/23\/2023\/10\/galeria-e1696626747993-1024x499.png\" alt=\"M\u00eddias\"\n                 loading=\"lazy\">\n                <\/div>\n                                    <\/div>\n          <\/div>\n            <h3 class=\"title-small mb-1 mt-1 text-uppercase\">M\u00eddias<\/h3>\n                      <p>Visite nossa hist\u00f3ria atrav\u00e9s de imagens<\/p>\n                                    <\/a>\n                <\/div>\n            <div data-wow-delay=\"100ms\" class=\"element-item wow fadeInUp px-md-4 mb-4 col-6 col-md-3\">\n                       <a class=\"block-grid__item link hover\" href=\"https:\/\/memo.museudapessoa.org\/cedaps\/linha-do-tempo\/\">\n                    <div class=\"block-grid__item--image\">\n            <div class=\"flipper\">\n                      <div class=\"front\">\n                <img decoding=\"async\" class=\"w-100\"  src=\"https:\/\/memo.museudapessoa.org\/cedaps\/wp-content\/uploads\/sites\/23\/2023\/10\/linha-do-tempo-e1696626564792-1024x442.png\" alt=\"Linha do tempo\"\n                 loading=\"lazy\">\n                <\/div>\n                                    <\/div>\n          <\/div>\n            <h3 class=\"title-small mb-1 mt-1 text-uppercase\">Linha do tempo<\/h3>\n                      <p>Acompanhe os grandes marcos da nossa hist\u00f3ria<\/p>\n                                    <\/a>\n                <\/div>\n            <div data-wow-delay=\"200ms\" class=\"element-item wow fadeInUp px-md-4 mb-4 col-6 col-md-3\">\n                      <div class=\"block-grid__item\">\n                    <div class=\"block-grid__item--image\">\n            <div class=\"flipper\">\n                                  <\/div>\n          <\/div>\n            <h3 class=\"title-small mb-1 mt-1 text-uppercase\"><\/h3>\n                              <\/div>\n                <\/div>\n          <\/div>\n  <\/div>\n<\/section>\n\n","protected":false},"excerpt":{"rendered":"<p>Cedaps &#8211; Um legado de Hist\u00f3rias Compartilhadas Conhe\u00e7a a nossa hist\u00f3ria contada atrav\u00e9s das hist\u00f3rias de cada pessoa que j\u00e1 passou, e passa, pela travessia da promo\u00e7\u00e3o da sa\u00fade junto ao Cedaps. S\u00e3o muitos os depoimentos inspiradores daqueles que constru\u00edram&#8230;<\/p>\n","protected":false},"author":1,"featured_media":0,"parent":0,"menu_order":0,"comment_status":"closed","ping_status":"closed","template":"","meta":{"_acf_changed":false,"footnotes":""},"class_list":["post-17","page","type-page","status-publish","hentry"],"acf":[],"yoast_head":"<!-- This site is optimized with the Yoast SEO plugin v23.3 - https:\/\/yoast.com\/wordpress\/plugins\/seo\/ -->\n<title>Home - Cedaps - Um legado de Hist\u00f3rias Compartilhadas<\/title>\n<meta name=\"robots\" content=\"index, follow, max-snippet:-1, max-image-preview:large, max-video-preview:-1\" \/>\n<link rel=\"canonical\" href=\"https:\/\/memo.museudapessoa.org\/cedaps\/\" \/>\n<meta property=\"og:locale\" content=\"pt_BR\" \/>\n<meta property=\"og:type\" content=\"article\" \/>\n<meta property=\"og:title\" content=\"Home - Cedaps - Um legado de Hist\u00f3rias Compartilhadas\" \/>\n<meta property=\"og:description\" content=\"Cedaps &#8211; Um legado de Hist\u00f3rias Compartilhadas Conhe\u00e7a a nossa hist\u00f3ria contada atrav\u00e9s das hist\u00f3rias de cada pessoa que j\u00e1 passou, e passa, pela travessia da promo\u00e7\u00e3o da sa\u00fade junto ao Cedaps. S\u00e3o muitos os depoimentos inspiradores daqueles que constru\u00edram...\" \/>\n<meta property=\"og:url\" content=\"https:\/\/memo.museudapessoa.org\/cedaps\/\" \/>\n<meta property=\"og:site_name\" content=\"Cedaps - Um legado de Hist\u00f3rias Compartilhadas\" \/>\n<meta property=\"article:modified_time\" content=\"2023-11-09T19:48:29+00:00\" \/>\n<meta name=\"twitter:card\" content=\"summary_large_image\" \/>\n<meta name=\"twitter:label1\" content=\"Est. tempo de leitura\" \/>\n\t<meta name=\"twitter:data1\" content=\"1 minuto\" \/>\n<script type=\"application\/ld+json\" class=\"yoast-schema-graph\">{\"@context\":\"https:\/\/schema.org\",\"@graph\":[{\"@type\":\"WebPage\",\"@id\":\"https:\/\/memo.museudapessoa.org\/cedaps\/\",\"url\":\"https:\/\/memo.museudapessoa.org\/cedaps\/\",\"name\":\"Home - Cedaps - Um legado de Hist\u00f3rias Compartilhadas\",\"isPartOf\":{\"@id\":\"https:\/\/memo.museudapessoa.org\/cedaps\/#website\"},\"datePublished\":\"2023-07-20T17:44:35+00:00\",\"dateModified\":\"2023-11-09T19:48:29+00:00\",\"breadcrumb\":{\"@id\":\"https:\/\/memo.museudapessoa.org\/cedaps\/#breadcrumb\"},\"inLanguage\":\"pt-BR\",\"potentialAction\":[{\"@type\":\"ReadAction\",\"target\":[\"https:\/\/memo.museudapessoa.org\/cedaps\/\"]}]},{\"@type\":\"BreadcrumbList\",\"@id\":\"https:\/\/memo.museudapessoa.org\/cedaps\/#breadcrumb\",\"itemListElement\":[{\"@type\":\"ListItem\",\"position\":1,\"name\":\"Home\",\"item\":\"https:\/\/memo.museudapessoa.org\/cedaps\/\"},{\"@type\":\"ListItem\",\"position\":2,\"name\":\"Home\"}]},{\"@type\":\"WebSite\",\"@id\":\"https:\/\/memo.museudapessoa.org\/cedaps\/#website\",\"url\":\"https:\/\/memo.museudapessoa.org\/cedaps\/\",\"name\":\"Cedaps - Um legado de Hist\u00f3rias Compartilhadas\",\"description\":\"\",\"potentialAction\":[{\"@type\":\"SearchAction\",\"target\":{\"@type\":\"EntryPoint\",\"urlTemplate\":\"https:\/\/memo.museudapessoa.org\/cedaps\/?s={search_term_string}\"},\"query-input\":\"required name=search_term_string\"}],\"inLanguage\":\"pt-BR\"}]}<\/script>\n<!-- \/ Yoast SEO plugin. -->","yoast_head_json":{"title":"Home - Cedaps - Um legado de Hist\u00f3rias Compartilhadas","robots":{"index":"index","follow":"follow","max-snippet":"max-snippet:-1","max-image-preview":"max-image-preview:large","max-video-preview":"max-video-preview:-1"},"canonical":"https:\/\/memo.museudapessoa.org\/cedaps\/","og_locale":"pt_BR","og_type":"article","og_title":"Home - Cedaps - Um legado de Hist\u00f3rias Compartilhadas","og_description":"Cedaps &#8211; Um legado de Hist\u00f3rias Compartilhadas Conhe\u00e7a a nossa hist\u00f3ria contada atrav\u00e9s das hist\u00f3rias de cada pessoa que j\u00e1 passou, e passa, pela travessia da promo\u00e7\u00e3o da sa\u00fade junto ao Cedaps. S\u00e3o muitos os depoimentos inspiradores daqueles que constru\u00edram...","og_url":"https:\/\/memo.museudapessoa.org\/cedaps\/","og_site_name":"Cedaps - Um legado de Hist\u00f3rias Compartilhadas","article_modified_time":"2023-11-09T19:48:29+00:00","twitter_card":"summary_large_image","twitter_misc":{"Est. tempo de leitura":"1 minuto"},"schema":{"@context":"https:\/\/schema.org","@graph":[{"@type":"WebPage","@id":"https:\/\/memo.museudapessoa.org\/cedaps\/","url":"https:\/\/memo.museudapessoa.org\/cedaps\/","name":"Home - Cedaps - Um legado de Hist\u00f3rias Compartilhadas","isPartOf":{"@id":"https:\/\/memo.museudapessoa.org\/cedaps\/#website"},"datePublished":"2023-07-20T17:44:35+00:00","dateModified":"2023-11-09T19:48:29+00:00","breadcrumb":{"@id":"https:\/\/memo.museudapessoa.org\/cedaps\/#breadcrumb"},"inLanguage":"pt-BR","potentialAction":[{"@type":"ReadAction","target":["https:\/\/memo.museudapessoa.org\/cedaps\/"]}]},{"@type":"BreadcrumbList","@id":"https:\/\/memo.museudapessoa.org\/cedaps\/#breadcrumb","itemListElement":[{"@type":"ListItem","position":1,"name":"Home","item":"https:\/\/memo.museudapessoa.org\/cedaps\/"},{"@type":"ListItem","position":2,"name":"Home"}]},{"@type":"WebSite","@id":"https:\/\/memo.museudapessoa.org\/cedaps\/#website","url":"https:\/\/memo.museudapessoa.org\/cedaps\/","name":"Cedaps - Um legado de Hist\u00f3rias Compartilhadas","description":"","potentialAction":[{"@type":"SearchAction","target":{"@type":"EntryPoint","urlTemplate":"https:\/\/memo.museudapessoa.org\/cedaps\/?s={search_term_string}"},"query-input":"required name=search_term_string"}],"inLanguage":"pt-BR"}]}},"_links":{"self":[{"href":"https:\/\/memo.museudapessoa.org\/cedaps\/wp-json\/wp\/v2\/pages\/17"}],"collection":[{"href":"https:\/\/memo.museudapessoa.org\/cedaps\/wp-json\/wp\/v2\/pages"}],"about":[{"href":"https:\/\/memo.museudapessoa.org\/cedaps\/wp-json\/wp\/v2\/types\/page"}],"author":[{"embeddable":true,"href":"https:\/\/memo.museudapessoa.org\/cedaps\/wp-json\/wp\/v2\/users\/1"}],"replies":[{"embeddable":true,"href":"https:\/\/memo.museudapessoa.org\/cedaps\/wp-json\/wp\/v2\/comments?post=17"}],"version-history":[{"count":175,"href":"https:\/\/memo.museudapessoa.org\/cedaps\/wp-json\/wp\/v2\/pages\/17\/revisions"}],"predecessor-version":[{"id":1104,"href":"https:\/\/memo.museudapessoa.org\/cedaps\/wp-json\/wp\/v2\/pages\/17\/revisions\/1104"}],"wp:attachment":[{"href":"https:\/\/memo.museudapessoa.org\/cedaps\/wp-json\/wp\/v2\/media?parent=17"}],"curies":[{"name":"wp","href":"https:\/\/api.w.org\/{rel}","templated":true}]}}