{"id":21,"date":"2023-09-22T16:27:35","date_gmt":"2023-09-22T19:27:35","guid":{"rendered":"https:\/\/memo.museudapessoa.org\/cedaps\/21-2\/"},"modified":"2025-04-01T14:01:29","modified_gmt":"2025-04-01T17:01:29","slug":"midias","status":"publish","type":"page","link":"https:\/\/memo.museudapessoa.org\/cedaps\/midias\/","title":{"rendered":"M\u00eddias"},"content":{"rendered":"\n        <section class=\"conteudo\">\n          <div class=\"container\">\n            <div class=\"row\">\n              <div class=\"col-md-12 conteudo content margin-center text-md-\">\n                \n<h2 id=\"30-anos-cedaps-imagens-de-trajetorias-de-vidas-compartilhadasnbsp\" class=\"wp-block-heading\"><strong>30 anos Cedaps: imagens de trajet\u00f3rias de vidas compartilhadas&nbsp;<\/strong><\/h2>\n\n              <\/div>\n            <\/div>\n          <\/div>\n        <\/section>\n\n\n        <section class=\"conteudo\">\n          <div class=\"container\">\n            <div class=\"row\">\n              <div class=\"col-md-12 conteudo content margin-center text-md-\">\n                \n<p>Esta exposi\u00e7\u00e3o celebra 30 anos de muitas viv\u00eancias, rela\u00e7\u00f5es, afetos, redes e constru\u00e7\u00e3o. Aqui voc\u00ea pode acompanhar atrav\u00e9s de imagens, v\u00eddeo e hist\u00f3rias de pessoas que se encontram com a hist\u00f3ria do Cedaps. Nos acompanhe nessa jornada!<\/p>\n\n              <\/div>\n            <\/div>\n          <\/div>\n        <\/section>\n\n\n        <section class=\"conteudo\">\n          <div class=\"container\">\n            <div class=\"row\">\n              <div class=\"col-md-12 conteudo content margin-center text-md-\">\n                \n<p><strong>1993 a 2002 &#8211; O encontro de m\u00faltiplos saberes com a Sa\u00fade da Fam\u00edlia&nbsp;<\/strong><br>O Cedaps nasce de um projeto em sa\u00fade da fam\u00edlia que se transformou em uma gest\u00e3o institucional. Foi um percurso marcado por saberes que se encontraram e multiplicaram na fertilidade da juventude.<br><strong>2002 a 2012 &#8211; Encontros e afetos que se conectam em Rede&nbsp;<\/strong><br>A expans\u00e3o da Constru\u00e7\u00e3o Compartilhada e o in\u00edcio de um mergulho no Brasil profundo que vislumbra novas e crescentes oportunidades<br><strong>2013 a 2023 &#8211; A for\u00e7a da diversidade e da criatividade da comunidade que permanece viva<\/strong><br>Impulsionar a for\u00e7a criativa e positiva das comunidades, celebrando e respeitando a diversidade com inclus\u00e3o. Completar 30 anos \u00e9 carregar a seguran\u00e7a da maturidade, mas com a certeza do desejo permanente de construir.<\/p>\n\n              <\/div>\n            <\/div>\n          <\/div>\n        <\/section>\n\n\n        <section class=\"conteudo\">\n          <div class=\"container\">\n            <div class=\"row\">\n              <div class=\"col-md-12 conteudo content margin-center text-md-\">\n                \n<h3 class=\"wp-block-heading\">Document\u00e1rio cedaps, 2014<\/h3>\n\n              <\/div>\n            <\/div>\n          <\/div>\n        <\/section>\n\n\n        <section class=\"conteudo\">\n          <div class=\"container\">\n            <div class=\"row\">\n              <div class=\"col-md-12 conteudo wp-embed-aspect-4-3 wp-has-aspect-ratio content margin-center text-md-\">\n                \n<figure class=\"wp-block-embed is-type-video is-provider-youtube wp-block-embed-youtube wp-embed-aspect-4-3 wp-has-aspect-ratio\"><div class=\"wp-block-embed__wrapper\">\n<iframe title=\"CEDAPS   INSTITUCIONAL\" width=\"500\" height=\"375\" src=\"https:\/\/www.youtube.com\/embed\/oDKncJo2EYU?start=475&#038;feature=oembed\" frameborder=\"0\" allow=\"accelerometer; autoplay; clipboard-write; encrypted-media; gyroscope; picture-in-picture; web-share\" referrerpolicy=\"strict-origin-when-cross-origin\" allowfullscreen loading=\"lazy\"><\/iframe>\n<\/div><\/figure>\n\n              <\/div>\n            <\/div>\n          <\/div>\n        <\/section>\n\n<section id=\"1993-a-2002---o-encontro-de-multiplos-saberes-com-a-saude-da-familia\" class=' margin-top-none margin-bottom-medium padding-top-none padding-bottom-none' style='background-color:rgb(255,255,255);'>\n  <div class=\"container\">\n    <div class=\"row\">\n              <div class=\"col-md-12\">\n          <h2>1993 a 2002 &#8211; O encontro de m\u00faltiplos saberes com a Sa\u00fade da Fam\u00edlia\u00a0<\/h2>\n                  <\/div>\n          <\/div>\n    <div class=\"row\">\n      <div class=\"col-12\">\n      <div class=\"home-gallery \">\n                       <a data-bs-toggle=\"modal\" data-index=\"0\" href=\"#midia-1\" data-bs-target=\"#gallery-details-1993-a-2002---o-encontro-de-multiplos-saberes-com-a-saude-da-familia\"  class=\"gallery-item home-gallery__item  \">\n                  <img decoding=\"async\" src=\"https:\/\/memo.museudapessoa.org\/app\/_lib\/file\/img\/thumb\/1994 - Projeto Comunidade Ativa no Morro do Estado (1).jpg\" alt=\"1994 - Projeto Comunidade Ativa no Morro do Estado\">       \n              <\/a>\n                          <a data-bs-toggle=\"modal\" data-index=\"1\" href=\"#midia-2\" data-bs-target=\"#gallery-details-1993-a-2002---o-encontro-de-multiplos-saberes-com-a-saude-da-familia\"  class=\"gallery-item home-gallery__item  \">\n                  <img decoding=\"async\" src=\"https:\/\/memo.museudapessoa.org\/app\/_lib\/file\/img\/thumb\/1994 - Projeto Comunidade Ativa no Morro do Estado (2).jpg\" alt=\"1994 - Projeto Comunidade Ativa no Morro do Estado\">       \n              <\/a>\n                          <a data-bs-toggle=\"modal\" data-index=\"2\" href=\"#midia-3\" data-bs-target=\"#gallery-details-1993-a-2002---o-encontro-de-multiplos-saberes-com-a-saude-da-familia\"  class=\"gallery-item home-gallery__item  \">\n                  <img decoding=\"async\" src=\"https:\/\/memo.museudapessoa.org\/app\/_lib\/file\/img\/thumb\/1994 - Projeto Comunidade Ativa no Morro do Estado (3).jpg\" alt=\"1994 - Projeto Comunidade Ativa no Morro do Estado\">       \n              <\/a>\n                          <a data-bs-toggle=\"modal\" data-index=\"3\" href=\"#midia-4\" data-bs-target=\"#gallery-details-1993-a-2002---o-encontro-de-multiplos-saberes-com-a-saude-da-familia\"  class=\"gallery-item home-gallery__item  \">\n                  <img decoding=\"async\" src=\"https:\/\/memo.museudapessoa.org\/app\/_lib\/file\/img\/thumb\/1994 - Projeto Comunidade Ativa no Morro do Estado (4).jpg\" alt=\"1994 - Projeto Comunidade Ativa no Morro do Estado\">       \n              <\/a>\n                          <a data-bs-toggle=\"modal\" data-index=\"4\" href=\"#midia-5\" data-bs-target=\"#gallery-details-1993-a-2002---o-encontro-de-multiplos-saberes-com-a-saude-da-familia\"  class=\"gallery-item home-gallery__item  \">\n                  <img decoding=\"async\" src=\"https:\/\/memo.museudapessoa.org\/app\/_lib\/file\/img\/thumb\/1994 - Projeto Comunidade Ativa no Morro do Estado (5).jpg\" alt=\"1994 - Projeto Comunidade Ativa no Morro do Estado\">       \n              <\/a>\n                          <a data-bs-toggle=\"modal\" data-index=\"5\" href=\"#midia-6\" data-bs-target=\"#gallery-details-1993-a-2002---o-encontro-de-multiplos-saberes-com-a-saude-da-familia\"  class=\"gallery-item home-gallery__item  \">\n                  <img decoding=\"async\" src=\"https:\/\/memo.museudapessoa.org\/app\/_lib\/file\/img\/thumb\/1994 - Projeto Comunidade Ativa no Morro do Estado (6).jpg\" alt=\"1994 - Projeto Comunidade Ativa no Morro do Estado\">       \n              <\/a>\n                          <a data-bs-toggle=\"modal\" data-index=\"6\" href=\"#midia-7\" data-bs-target=\"#gallery-details-1993-a-2002---o-encontro-de-multiplos-saberes-com-a-saude-da-familia\"  class=\"gallery-item home-gallery__item  \">\n                  <img decoding=\"async\" src=\"https:\/\/memo.museudapessoa.org\/app\/_lib\/file\/img\/thumb\/1994 - Projeto Comunidade Ativa no Morro do Estado (7).jpg\" alt=\"1994 - Projeto Comunidade Ativa no Morro do Estado\">       \n              <\/a>\n                          <a data-bs-toggle=\"modal\" data-index=\"7\" href=\"#midia-8\" data-bs-target=\"#gallery-details-1993-a-2002---o-encontro-de-multiplos-saberes-com-a-saude-da-familia\"  class=\"gallery-item home-gallery__item  \">\n                  <img decoding=\"async\" src=\"https:\/\/memo.museudapessoa.org\/app\/_lib\/file\/img\/thumb\/1994 - Projeto Comunidade Ativa no Morro do Estado (8).jpg\" alt=\"1994 - Projeto Comunidade Ativa no Morro do Estado\">       \n              <\/a>\n                          <a data-bs-toggle=\"modal\" data-index=\"8\" href=\"#midia-9\" data-bs-target=\"#gallery-details-1993-a-2002---o-encontro-de-multiplos-saberes-com-a-saude-da-familia\"  class=\"gallery-item home-gallery__item  \">\n                  <img decoding=\"async\" src=\"https:\/\/memo.museudapessoa.org\/app\/_lib\/file\/img\/thumb\/1998 - Congresso de Aids em Genebra (4).jpg\" alt=\"1998 - Congresso de Aids em Genebra\">       \n              <\/a>\n                          <a data-bs-toggle=\"modal\" data-index=\"9\" href=\"#midia-10\" data-bs-target=\"#gallery-details-1993-a-2002---o-encontro-de-multiplos-saberes-com-a-saude-da-familia\"  class=\"gallery-item home-gallery__item  \">\n                  <img decoding=\"async\" src=\"https:\/\/memo.museudapessoa.org\/app\/_lib\/file\/img\/thumb\/1998_ProjetoEduca\u00e7\u00e3oPelaCidadania (2)(1).JPG\" alt=\"1998 - Projeto Educa\u00e7\u00e3o Pela Cidadania\">       \n              <\/a>\n                          <a data-bs-toggle=\"modal\" data-index=\"10\" href=\"#midia-11\" data-bs-target=\"#gallery-details-1993-a-2002---o-encontro-de-multiplos-saberes-com-a-saude-da-familia\"  class=\"gallery-item home-gallery__item  \">\n                  <img decoding=\"async\" src=\"https:\/\/memo.museudapessoa.org\/app\/_lib\/file\/img\/thumb\/1998_ProjetoEduca\u00e7\u00e3oPelaCidadania(2).JPG\" alt=\"1998 - Projeto Educa\u00e7\u00e3o Pela Cidadania\">       \n              <\/a>\n                          <a data-bs-toggle=\"modal\" data-index=\"11\" href=\"#midia-12\" data-bs-target=\"#gallery-details-1993-a-2002---o-encontro-de-multiplos-saberes-com-a-saude-da-familia\"  class=\"gallery-item home-gallery__item  \">\n                  <img decoding=\"async\" src=\"https:\/\/memo.museudapessoa.org\/app\/_lib\/file\/img\/thumb\/1998_Sil\u00e9siaInitiave_PSBH (2)(1).JPG\" alt=\"1998 - Sil\u00e9sia Initiave PSBH\">       \n              <\/a>\n                          <a data-bs-toggle=\"modal\" data-index=\"12\" href=\"#midia-13\" data-bs-target=\"#gallery-details-1993-a-2002---o-encontro-de-multiplos-saberes-com-a-saude-da-familia\"  class=\"gallery-item home-gallery__item  \">\n                  <img decoding=\"async\" src=\"https:\/\/memo.museudapessoa.org\/app\/_lib\/file\/img\/thumb\/1999_Apresenta\u00e7\u00e3odeProjetosSantos(1).JPG\" alt=\"1999 - Apresenta\u00e7\u00e3o de Projetos Santos.\">       \n              <\/a>\n                          <a data-bs-toggle=\"modal\" data-index=\"13\" href=\"#midia-14\" data-bs-target=\"#gallery-details-1993-a-2002---o-encontro-de-multiplos-saberes-com-a-saude-da-familia\"  class=\"gallery-item home-gallery__item  \">\n                  <img decoding=\"async\" src=\"https:\/\/memo.museudapessoa.org\/app\/_lib\/file\/img\/thumb\/1999_Semin\u00e1rioRiverside_Petr\u00f3polis (3)(1).JPG\" alt=\"1999 - Semin\u00e1rio Riverside em Petr\u00f3polis\">       \n              <\/a>\n                          <a data-bs-toggle=\"modal\" data-index=\"14\" href=\"#midia-15\" data-bs-target=\"#gallery-details-1993-a-2002---o-encontro-de-multiplos-saberes-com-a-saude-da-familia\"  class=\"gallery-item home-gallery__item  \">\n                  <img decoding=\"async\" src=\"https:\/\/memo.museudapessoa.org\/app\/_lib\/file\/img\/thumb\/2002_IniciativadeVilaPaciencia (2)(1).JPG\" alt=\"2002 - Iniciativa de Vila Paci\u00eancia\">       \n              <\/a>\n                          <a data-bs-toggle=\"modal\" data-index=\"15\" href=\"#midia-16\" data-bs-target=\"#gallery-details-1993-a-2002---o-encontro-de-multiplos-saberes-com-a-saude-da-familia\"  class=\"gallery-item home-gallery__item  \">\n                  <img decoding=\"async\" src=\"https:\/\/memo.museudapessoa.org\/app\/_lib\/file\/img\/thumb\/2002_Semin\u00e1rioEscolasPromotorasdaSa\u00fade_Teres\u00f3polis (2)(1).JPG\" alt=\"2002 - Semin\u00e1rio Escolas Promotoras da Sa\u00fade em Teres\u00f3polis\">       \n              <\/a>\n                          <a data-bs-toggle=\"modal\" data-index=\"16\" href=\"#midia-17\" data-bs-target=\"#gallery-details-1993-a-2002---o-encontro-de-multiplos-saberes-com-a-saude-da-familia\"  class=\"gallery-item home-gallery__item  \">\n                  <img decoding=\"async\" src=\"https:\/\/memo.museudapessoa.org\/app\/_lib\/file\/img\/thumb\/1997 - II Congresso Brasileiro de Preven\u00e7\u00e3o a IST AIDS.JPG\" alt=\"1997 - II Congresso Brasileiro de Preven\u00e7\u00e3o a IST AIDS\">       \n              <\/a>\n                          <a data-bs-toggle=\"modal\" data-index=\"17\" href=\"#midia-18\" data-bs-target=\"#gallery-details-1993-a-2002---o-encontro-de-multiplos-saberes-com-a-saude-da-familia\"  class=\"gallery-item home-gallery__item  \">\n                  <img decoding=\"async\" src=\"https:\/\/memo.museudapessoa.org\/app\/_lib\/file\/img\/thumb\/1998 - Congresso de Aids em Genebra (2).jpg\" alt=\"1998 - Congresso de Aids em Genebra\">       \n              <\/a>\n                          <a data-bs-toggle=\"modal\" data-index=\"18\" href=\"#midia-19\" data-bs-target=\"#gallery-details-1993-a-2002---o-encontro-de-multiplos-saberes-com-a-saude-da-familia\"  class=\"gallery-item home-gallery__item  \">\n                  <img decoding=\"async\" src=\"https:\/\/memo.museudapessoa.org\/app\/_lib\/file\/img\/thumb\/1998 - Congresso de Aids em Genebra (3).jpg\" alt=\"1998 - Congresso de Aids em Genebra\">       \n              <\/a>\n                          <a data-bs-toggle=\"modal\" data-index=\"19\" href=\"#midia-20\" data-bs-target=\"#gallery-details-1993-a-2002---o-encontro-de-multiplos-saberes-com-a-saude-da-familia\"  class=\"gallery-item home-gallery__item  \">\n                  <img decoding=\"async\" src=\"https:\/\/memo.museudapessoa.org\/app\/_lib\/file\/img\/thumb\/1998_ProjetoEduca\u00e7\u00e3oPelaCidadania (3)(1).JPG\" alt=\"1998 - Projeto Educa\u00e7\u00e3o Pela Cidadania\">       \n              <\/a>\n                          <a data-bs-toggle=\"modal\" data-index=\"20\" href=\"#midia-21\" data-bs-target=\"#gallery-details-1993-a-2002---o-encontro-de-multiplos-saberes-com-a-saude-da-familia\"  class=\"gallery-item home-gallery__item  \">\n                  <img decoding=\"async\" src=\"https:\/\/memo.museudapessoa.org\/app\/_lib\/file\/img\/thumb\/1998_Sil\u00e9siaInitiave_PSBH(1).JPG\" alt=\"1998 - Sil\u00e9sia Initiave\">       \n              <\/a>\n                          <a data-bs-toggle=\"modal\" data-index=\"21\" href=\"#midia-22\" data-bs-target=\"#gallery-details-1993-a-2002---o-encontro-de-multiplos-saberes-com-a-saude-da-familia\"  class=\"gallery-item home-gallery__item  \">\n                  <img decoding=\"async\" src=\"https:\/\/memo.museudapessoa.org\/app\/_lib\/file\/img\/thumb\/1999_Semin\u00e1rioRiverside_Petr\u00f3polis (2)(1).JPG\" alt=\"1999 - Semin\u00e1rio Riverside em Petr\u00f3polis\">       \n              <\/a>\n                          <a data-bs-toggle=\"modal\" data-index=\"22\" href=\"#midia-23\" data-bs-target=\"#gallery-details-1993-a-2002---o-encontro-de-multiplos-saberes-com-a-saude-da-familia\"  class=\"gallery-item home-gallery__item  \">\n                  <img decoding=\"async\" src=\"https:\/\/memo.museudapessoa.org\/app\/_lib\/file\/img\/thumb\/1999_Semin\u00e1rioRiverside_Petr\u00f3polis(1).JPG\" alt=\"1999 - Semin\u00e1rio Riverside em Petr\u00f3polis\">       \n              <\/a>\n                          <a data-bs-toggle=\"modal\" data-index=\"23\" href=\"#midia-24\" data-bs-target=\"#gallery-details-1993-a-2002---o-encontro-de-multiplos-saberes-com-a-saude-da-familia\"  class=\"gallery-item home-gallery__item  \">\n                  <img decoding=\"async\" src=\"https:\/\/memo.museudapessoa.org\/app\/_lib\/file\/img\/thumb\/2002_IniciativadeVilaPaciencia(1).JPG\" alt=\"2002 - Iniciativa de Vila Paci\u00eancia\">       \n              <\/a>\n                          <a data-bs-toggle=\"modal\" data-index=\"24\" href=\"#midia-25\" data-bs-target=\"#gallery-details-1993-a-2002---o-encontro-de-multiplos-saberes-com-a-saude-da-familia\"  class=\"gallery-item home-gallery__item  \">\n                  <img decoding=\"async\" src=\"https:\/\/memo.museudapessoa.org\/app\/_lib\/file\/img\/thumb\/2002_Semin\u00e1rioEscolasPromotorasdaSa\u00fade_Teres\u00f3polis(1).JPG\" alt=\"2002 - Semin\u00e1rio Escolas Promotoras da Sa\u00fade em Teres\u00f3polis\">       \n              <\/a>\n                    <\/div>\n      <\/div>\n    <\/div>\n      <\/div>\n<\/section>\n\n<div id=\"gallery-details-1993-a-2002---o-encontro-de-multiplos-saberes-com-a-saude-da-familia\" class=\"modal gallery-details\" tabindex=\"-1\">\n    <button class=\"gallery-details__close\" data-bs-dismiss=\"modal\">Fechar<\/button>\n  <div class=\"modal-dialog\">\n    <div class=\"modal-content\">\n      <div class=\"gallery-details__carousel owl-theme owl-carousel\">\n                <div id=\"midia-1\" class=\"gallery-details__item\">\n              <div class=\"container-fluid\">\n                <div class=\"row\">\n                  <div class=\"col-12 mb-5 px-0 text-center gallery-details__image\">\n                                              <img decoding=\"async\" src=\"https:\/\/memo.museudapessoa.org\/app\/_lib\/file\/img\/1994 - Projeto Comunidade Ativa no Morro do Estado (1).jpg\" alt=\"1994 - Projeto Comunidade Ativa no Morro do Estado\">\n                                        <\/div>\n                <\/div>\n              <\/div>\n              <div class=\"container\">\n                <div class=\"row\">\n                  <div class=\"col-md-8 offset-md-2\">\n                    <small class=\"d-inline-block mb-3\">1 de 25<\/small> \n                        <h3 class=\"mb-3\">1994 &#8211; Projeto Comunidade Ativa no Morro do Estado<\/h3>\n                      <p><\/p>\n                                        <\/div>\n                <\/div>\n              <\/div>\n          <\/div> \n                  <div id=\"midia-2\" class=\"gallery-details__item\">\n              <div class=\"container-fluid\">\n                <div class=\"row\">\n                  <div class=\"col-12 mb-5 px-0 text-center gallery-details__image\">\n                                              <img decoding=\"async\" src=\"https:\/\/memo.museudapessoa.org\/app\/_lib\/file\/img\/1994 - Projeto Comunidade Ativa no Morro do Estado (2).jpg\" alt=\"1994 - Projeto Comunidade Ativa no Morro do Estado\">\n                                        <\/div>\n                <\/div>\n              <\/div>\n              <div class=\"container\">\n                <div class=\"row\">\n                  <div class=\"col-md-8 offset-md-2\">\n                    <small class=\"d-inline-block mb-3\">2 de 25<\/small> \n                        <h3 class=\"mb-3\">1994 &#8211; Projeto Comunidade Ativa no Morro do Estado<\/h3>\n                      <p><\/p>\n                                        <\/div>\n                <\/div>\n              <\/div>\n          <\/div> \n                  <div id=\"midia-3\" class=\"gallery-details__item\">\n              <div class=\"container-fluid\">\n                <div class=\"row\">\n                  <div class=\"col-12 mb-5 px-0 text-center gallery-details__image\">\n                                              <img decoding=\"async\" src=\"https:\/\/memo.museudapessoa.org\/app\/_lib\/file\/img\/1994 - Projeto Comunidade Ativa no Morro do Estado (3).jpg\" alt=\"1994 - Projeto Comunidade Ativa no Morro do Estado\">\n                                        <\/div>\n                <\/div>\n              <\/div>\n              <div class=\"container\">\n                <div class=\"row\">\n                  <div class=\"col-md-8 offset-md-2\">\n                    <small class=\"d-inline-block mb-3\">3 de 25<\/small> \n                        <h3 class=\"mb-3\">1994 &#8211; Projeto Comunidade Ativa no Morro do Estado<\/h3>\n                      <p><\/p>\n                                        <\/div>\n                <\/div>\n              <\/div>\n          <\/div> \n                  <div id=\"midia-4\" class=\"gallery-details__item\">\n              <div class=\"container-fluid\">\n                <div class=\"row\">\n                  <div class=\"col-12 mb-5 px-0 text-center gallery-details__image\">\n                                              <img decoding=\"async\" src=\"https:\/\/memo.museudapessoa.org\/app\/_lib\/file\/img\/1994 - Projeto Comunidade Ativa no Morro do Estado (4).jpg\" alt=\"1994 - Projeto Comunidade Ativa no Morro do Estado\">\n                                        <\/div>\n                <\/div>\n              <\/div>\n              <div class=\"container\">\n                <div class=\"row\">\n                  <div class=\"col-md-8 offset-md-2\">\n                    <small class=\"d-inline-block mb-3\">4 de 25<\/small> \n                        <h3 class=\"mb-3\">1994 &#8211; Projeto Comunidade Ativa no Morro do Estado<\/h3>\n                      <p><\/p>\n                                        <\/div>\n                <\/div>\n              <\/div>\n          <\/div> \n                  <div id=\"midia-5\" class=\"gallery-details__item\">\n              <div class=\"container-fluid\">\n                <div class=\"row\">\n                  <div class=\"col-12 mb-5 px-0 text-center gallery-details__image\">\n                                              <img decoding=\"async\" src=\"https:\/\/memo.museudapessoa.org\/app\/_lib\/file\/img\/1994 - Projeto Comunidade Ativa no Morro do Estado (5).jpg\" alt=\"1994 - Projeto Comunidade Ativa no Morro do Estado\">\n                                        <\/div>\n                <\/div>\n              <\/div>\n              <div class=\"container\">\n                <div class=\"row\">\n                  <div class=\"col-md-8 offset-md-2\">\n                    <small class=\"d-inline-block mb-3\">5 de 25<\/small> \n                        <h3 class=\"mb-3\">1994 &#8211; Projeto Comunidade Ativa no Morro do Estado<\/h3>\n                      <p><\/p>\n                                        <\/div>\n                <\/div>\n              <\/div>\n          <\/div> \n                  <div id=\"midia-6\" class=\"gallery-details__item\">\n              <div class=\"container-fluid\">\n                <div class=\"row\">\n                  <div class=\"col-12 mb-5 px-0 text-center gallery-details__image\">\n                                              <img decoding=\"async\" src=\"https:\/\/memo.museudapessoa.org\/app\/_lib\/file\/img\/1994 - Projeto Comunidade Ativa no Morro do Estado (6).jpg\" alt=\"1994 - Projeto Comunidade Ativa no Morro do Estado\">\n                                        <\/div>\n                <\/div>\n              <\/div>\n              <div class=\"container\">\n                <div class=\"row\">\n                  <div class=\"col-md-8 offset-md-2\">\n                    <small class=\"d-inline-block mb-3\">6 de 25<\/small> \n                        <h3 class=\"mb-3\">1994 &#8211; Projeto Comunidade Ativa no Morro do Estado<\/h3>\n                      <p><\/p>\n                                        <\/div>\n                <\/div>\n              <\/div>\n          <\/div> \n                  <div id=\"midia-7\" class=\"gallery-details__item\">\n              <div class=\"container-fluid\">\n                <div class=\"row\">\n                  <div class=\"col-12 mb-5 px-0 text-center gallery-details__image\">\n                                              <img decoding=\"async\" src=\"https:\/\/memo.museudapessoa.org\/app\/_lib\/file\/img\/1994 - Projeto Comunidade Ativa no Morro do Estado (7).jpg\" alt=\"1994 - Projeto Comunidade Ativa no Morro do Estado\">\n                                        <\/div>\n                <\/div>\n              <\/div>\n              <div class=\"container\">\n                <div class=\"row\">\n                  <div class=\"col-md-8 offset-md-2\">\n                    <small class=\"d-inline-block mb-3\">7 de 25<\/small> \n                        <h3 class=\"mb-3\">1994 &#8211; Projeto Comunidade Ativa no Morro do Estado<\/h3>\n                      <p><\/p>\n                                        <\/div>\n                <\/div>\n              <\/div>\n          <\/div> \n                  <div id=\"midia-8\" class=\"gallery-details__item\">\n              <div class=\"container-fluid\">\n                <div class=\"row\">\n                  <div class=\"col-12 mb-5 px-0 text-center gallery-details__image\">\n                                              <img decoding=\"async\" src=\"https:\/\/memo.museudapessoa.org\/app\/_lib\/file\/img\/1994 - Projeto Comunidade Ativa no Morro do Estado (8).jpg\" alt=\"1994 - Projeto Comunidade Ativa no Morro do Estado\">\n                                        <\/div>\n                <\/div>\n              <\/div>\n              <div class=\"container\">\n                <div class=\"row\">\n                  <div class=\"col-md-8 offset-md-2\">\n                    <small class=\"d-inline-block mb-3\">8 de 25<\/small> \n                        <h3 class=\"mb-3\">1994 &#8211; Projeto Comunidade Ativa no Morro do Estado<\/h3>\n                      <p><\/p>\n                                        <\/div>\n                <\/div>\n              <\/div>\n          <\/div> \n                  <div id=\"midia-9\" class=\"gallery-details__item\">\n              <div class=\"container-fluid\">\n                <div class=\"row\">\n                  <div class=\"col-12 mb-5 px-0 text-center gallery-details__image\">\n                                              <img decoding=\"async\" src=\"https:\/\/memo.museudapessoa.org\/app\/_lib\/file\/img\/1998 - Congresso de Aids em Genebra (4).jpg\" alt=\"1998 - Congresso de Aids em Genebra\">\n                                        <\/div>\n                <\/div>\n              <\/div>\n              <div class=\"container\">\n                <div class=\"row\">\n                  <div class=\"col-md-8 offset-md-2\">\n                    <small class=\"d-inline-block mb-3\">9 de 25<\/small> \n                        <h3 class=\"mb-3\">1998 &#8211; Congresso de Aids em Genebra<\/h3>\n                      <p><\/p>\n                                        <\/div>\n                <\/div>\n              <\/div>\n          <\/div> \n                  <div id=\"midia-10\" class=\"gallery-details__item\">\n              <div class=\"container-fluid\">\n                <div class=\"row\">\n                  <div class=\"col-12 mb-5 px-0 text-center gallery-details__image\">\n                                              <img decoding=\"async\" src=\"https:\/\/memo.museudapessoa.org\/app\/_lib\/file\/img\/1998_ProjetoEduca\u00e7\u00e3oPelaCidadania (2)(1).JPG\" alt=\"1998 - Projeto Educa\u00e7\u00e3o Pela Cidadania\">\n                                        <\/div>\n                <\/div>\n              <\/div>\n              <div class=\"container\">\n                <div class=\"row\">\n                  <div class=\"col-md-8 offset-md-2\">\n                    <small class=\"d-inline-block mb-3\">10 de 25<\/small> \n                        <h3 class=\"mb-3\">1998 &#8211; Projeto Educa\u00e7\u00e3o Pela Cidadania<\/h3>\n                      <p><\/p>\n                                        <\/div>\n                <\/div>\n              <\/div>\n          <\/div> \n                  <div id=\"midia-11\" class=\"gallery-details__item\">\n              <div class=\"container-fluid\">\n                <div class=\"row\">\n                  <div class=\"col-12 mb-5 px-0 text-center gallery-details__image\">\n                                              <img decoding=\"async\" src=\"https:\/\/memo.museudapessoa.org\/app\/_lib\/file\/img\/1998_ProjetoEduca\u00e7\u00e3oPelaCidadania(2).JPG\" alt=\"1998 - Projeto Educa\u00e7\u00e3o Pela Cidadania\">\n                                        <\/div>\n                <\/div>\n              <\/div>\n              <div class=\"container\">\n                <div class=\"row\">\n                  <div class=\"col-md-8 offset-md-2\">\n                    <small class=\"d-inline-block mb-3\">11 de 25<\/small> \n                        <h3 class=\"mb-3\">1998 &#8211; Projeto Educa\u00e7\u00e3o Pela Cidadania<\/h3>\n                      <p><\/p>\n                                        <\/div>\n                <\/div>\n              <\/div>\n          <\/div> \n                  <div id=\"midia-12\" class=\"gallery-details__item\">\n              <div class=\"container-fluid\">\n                <div class=\"row\">\n                  <div class=\"col-12 mb-5 px-0 text-center gallery-details__image\">\n                                              <img decoding=\"async\" src=\"https:\/\/memo.museudapessoa.org\/app\/_lib\/file\/img\/1998_Sil\u00e9siaInitiave_PSBH (2)(1).JPG\" alt=\"1998 - Sil\u00e9sia Initiave PSBH\">\n                                        <\/div>\n                <\/div>\n              <\/div>\n              <div class=\"container\">\n                <div class=\"row\">\n                  <div class=\"col-md-8 offset-md-2\">\n                    <small class=\"d-inline-block mb-3\">12 de 25<\/small> \n                        <h3 class=\"mb-3\">1998 &#8211; Sil\u00e9sia Initiave PSBH<\/h3>\n                      <p><\/p>\n                                        <\/div>\n                <\/div>\n              <\/div>\n          <\/div> \n                  <div id=\"midia-13\" class=\"gallery-details__item\">\n              <div class=\"container-fluid\">\n                <div class=\"row\">\n                  <div class=\"col-12 mb-5 px-0 text-center gallery-details__image\">\n                                              <img decoding=\"async\" src=\"https:\/\/memo.museudapessoa.org\/app\/_lib\/file\/img\/1999_Apresenta\u00e7\u00e3odeProjetosSantos(1).JPG\" alt=\"1999 - Apresenta\u00e7\u00e3o de Projetos Santos.\">\n                                        <\/div>\n                <\/div>\n              <\/div>\n              <div class=\"container\">\n                <div class=\"row\">\n                  <div class=\"col-md-8 offset-md-2\">\n                    <small class=\"d-inline-block mb-3\">13 de 25<\/small> \n                        <h3 class=\"mb-3\">1999 &#8211; Apresenta\u00e7\u00e3o de Projetos Santos.<\/h3>\n                      <p><\/p>\n                                        <\/div>\n                <\/div>\n              <\/div>\n          <\/div> \n                  <div id=\"midia-14\" class=\"gallery-details__item\">\n              <div class=\"container-fluid\">\n                <div class=\"row\">\n                  <div class=\"col-12 mb-5 px-0 text-center gallery-details__image\">\n                                              <img decoding=\"async\" src=\"https:\/\/memo.museudapessoa.org\/app\/_lib\/file\/img\/1999_Semin\u00e1rioRiverside_Petr\u00f3polis (3)(1).JPG\" alt=\"1999 - Semin\u00e1rio Riverside em Petr\u00f3polis\">\n                                        <\/div>\n                <\/div>\n              <\/div>\n              <div class=\"container\">\n                <div class=\"row\">\n                  <div class=\"col-md-8 offset-md-2\">\n                    <small class=\"d-inline-block mb-3\">14 de 25<\/small> \n                        <h3 class=\"mb-3\">1999 &#8211; Semin\u00e1rio Riverside em Petr\u00f3polis<\/h3>\n                      <p><\/p>\n                                        <\/div>\n                <\/div>\n              <\/div>\n          <\/div> \n                  <div id=\"midia-15\" class=\"gallery-details__item\">\n              <div class=\"container-fluid\">\n                <div class=\"row\">\n                  <div class=\"col-12 mb-5 px-0 text-center gallery-details__image\">\n                                              <img decoding=\"async\" src=\"https:\/\/memo.museudapessoa.org\/app\/_lib\/file\/img\/2002_IniciativadeVilaPaciencia (2)(1).JPG\" alt=\"2002 - Iniciativa de Vila Paci\u00eancia\">\n                                        <\/div>\n                <\/div>\n              <\/div>\n              <div class=\"container\">\n                <div class=\"row\">\n                  <div class=\"col-md-8 offset-md-2\">\n                    <small class=\"d-inline-block mb-3\">15 de 25<\/small> \n                        <h3 class=\"mb-3\">2002 &#8211; Iniciativa de Vila Paci\u00eancia<\/h3>\n                      <p><\/p>\n                                        <\/div>\n                <\/div>\n              <\/div>\n          <\/div> \n                  <div id=\"midia-16\" class=\"gallery-details__item\">\n              <div class=\"container-fluid\">\n                <div class=\"row\">\n                  <div class=\"col-12 mb-5 px-0 text-center gallery-details__image\">\n                                              <img decoding=\"async\" src=\"https:\/\/memo.museudapessoa.org\/app\/_lib\/file\/img\/2002_Semin\u00e1rioEscolasPromotorasdaSa\u00fade_Teres\u00f3polis (2)(1).JPG\" alt=\"2002 - Semin\u00e1rio Escolas Promotoras da Sa\u00fade em Teres\u00f3polis\">\n                                        <\/div>\n                <\/div>\n              <\/div>\n              <div class=\"container\">\n                <div class=\"row\">\n                  <div class=\"col-md-8 offset-md-2\">\n                    <small class=\"d-inline-block mb-3\">16 de 25<\/small> \n                        <h3 class=\"mb-3\">2002 &#8211; Semin\u00e1rio Escolas Promotoras da Sa\u00fade em Teres\u00f3polis<\/h3>\n                      <p><\/p>\n                                        <\/div>\n                <\/div>\n              <\/div>\n          <\/div> \n                  <div id=\"midia-17\" class=\"gallery-details__item\">\n              <div class=\"container-fluid\">\n                <div class=\"row\">\n                  <div class=\"col-12 mb-5 px-0 text-center gallery-details__image\">\n                                              <img decoding=\"async\" src=\"https:\/\/memo.museudapessoa.org\/app\/_lib\/file\/img\/1997 - II Congresso Brasileiro de Preven\u00e7\u00e3o a IST AIDS.JPG\" alt=\"1997 - II Congresso Brasileiro de Preven\u00e7\u00e3o a IST AIDS\">\n                                        <\/div>\n                <\/div>\n              <\/div>\n              <div class=\"container\">\n                <div class=\"row\">\n                  <div class=\"col-md-8 offset-md-2\">\n                    <small class=\"d-inline-block mb-3\">17 de 25<\/small> \n                        <h3 class=\"mb-3\">1997 &#8211; II Congresso Brasileiro de Preven\u00e7\u00e3o a IST AIDS<\/h3>\n                      <p><\/p>\n                                        <\/div>\n                <\/div>\n              <\/div>\n          <\/div> \n                  <div id=\"midia-18\" class=\"gallery-details__item\">\n              <div class=\"container-fluid\">\n                <div class=\"row\">\n                  <div class=\"col-12 mb-5 px-0 text-center gallery-details__image\">\n                                              <img decoding=\"async\" src=\"https:\/\/memo.museudapessoa.org\/app\/_lib\/file\/img\/1998 - Congresso de Aids em Genebra (2).jpg\" alt=\"1998 - Congresso de Aids em Genebra\">\n                                        <\/div>\n                <\/div>\n              <\/div>\n              <div class=\"container\">\n                <div class=\"row\">\n                  <div class=\"col-md-8 offset-md-2\">\n                    <small class=\"d-inline-block mb-3\">18 de 25<\/small> \n                        <h3 class=\"mb-3\">1998 &#8211; Congresso de Aids em Genebra<\/h3>\n                      <p><\/p>\n                                        <\/div>\n                <\/div>\n              <\/div>\n          <\/div> \n                  <div id=\"midia-19\" class=\"gallery-details__item\">\n              <div class=\"container-fluid\">\n                <div class=\"row\">\n                  <div class=\"col-12 mb-5 px-0 text-center gallery-details__image\">\n                                              <img decoding=\"async\" src=\"https:\/\/memo.museudapessoa.org\/app\/_lib\/file\/img\/1998 - Congresso de Aids em Genebra (3).jpg\" alt=\"1998 - Congresso de Aids em Genebra\">\n                                        <\/div>\n                <\/div>\n              <\/div>\n              <div class=\"container\">\n                <div class=\"row\">\n                  <div class=\"col-md-8 offset-md-2\">\n                    <small class=\"d-inline-block mb-3\">19 de 25<\/small> \n                        <h3 class=\"mb-3\">1998 &#8211; Congresso de Aids em Genebra<\/h3>\n                      <p><\/p>\n                                        <\/div>\n                <\/div>\n              <\/div>\n          <\/div> \n                  <div id=\"midia-20\" class=\"gallery-details__item\">\n              <div class=\"container-fluid\">\n                <div class=\"row\">\n                  <div class=\"col-12 mb-5 px-0 text-center gallery-details__image\">\n                                              <img decoding=\"async\" src=\"https:\/\/memo.museudapessoa.org\/app\/_lib\/file\/img\/1998_ProjetoEduca\u00e7\u00e3oPelaCidadania (3)(1).JPG\" alt=\"1998 - Projeto Educa\u00e7\u00e3o Pela Cidadania\">\n                                        <\/div>\n                <\/div>\n              <\/div>\n              <div class=\"container\">\n                <div class=\"row\">\n                  <div class=\"col-md-8 offset-md-2\">\n                    <small class=\"d-inline-block mb-3\">20 de 25<\/small> \n                        <h3 class=\"mb-3\">1998 &#8211; Projeto Educa\u00e7\u00e3o Pela Cidadania<\/h3>\n                      <p><\/p>\n                                        <\/div>\n                <\/div>\n              <\/div>\n          <\/div> \n                  <div id=\"midia-21\" class=\"gallery-details__item\">\n              <div class=\"container-fluid\">\n                <div class=\"row\">\n                  <div class=\"col-12 mb-5 px-0 text-center gallery-details__image\">\n                                              <img decoding=\"async\" src=\"https:\/\/memo.museudapessoa.org\/app\/_lib\/file\/img\/1998_Sil\u00e9siaInitiave_PSBH(1).JPG\" alt=\"1998 - Sil\u00e9sia Initiave\">\n                                        <\/div>\n                <\/div>\n              <\/div>\n              <div class=\"container\">\n                <div class=\"row\">\n                  <div class=\"col-md-8 offset-md-2\">\n                    <small class=\"d-inline-block mb-3\">21 de 25<\/small> \n                        <h3 class=\"mb-3\">1998 &#8211; Sil\u00e9sia Initiave<\/h3>\n                      <p><\/p>\n                                        <\/div>\n                <\/div>\n              <\/div>\n          <\/div> \n                  <div id=\"midia-22\" class=\"gallery-details__item\">\n              <div class=\"container-fluid\">\n                <div class=\"row\">\n                  <div class=\"col-12 mb-5 px-0 text-center gallery-details__image\">\n                                              <img decoding=\"async\" src=\"https:\/\/memo.museudapessoa.org\/app\/_lib\/file\/img\/1999_Semin\u00e1rioRiverside_Petr\u00f3polis (2)(1).JPG\" alt=\"1999 - Semin\u00e1rio Riverside em Petr\u00f3polis\">\n                                        <\/div>\n                <\/div>\n              <\/div>\n              <div class=\"container\">\n                <div class=\"row\">\n                  <div class=\"col-md-8 offset-md-2\">\n                    <small class=\"d-inline-block mb-3\">22 de 25<\/small> \n                        <h3 class=\"mb-3\">1999 &#8211; Semin\u00e1rio Riverside em Petr\u00f3polis<\/h3>\n                      <p><\/p>\n                                        <\/div>\n                <\/div>\n              <\/div>\n          <\/div> \n                  <div id=\"midia-23\" class=\"gallery-details__item\">\n              <div class=\"container-fluid\">\n                <div class=\"row\">\n                  <div class=\"col-12 mb-5 px-0 text-center gallery-details__image\">\n                                              <img decoding=\"async\" src=\"https:\/\/memo.museudapessoa.org\/app\/_lib\/file\/img\/1999_Semin\u00e1rioRiverside_Petr\u00f3polis(1).JPG\" alt=\"1999 - Semin\u00e1rio Riverside em Petr\u00f3polis\">\n                                        <\/div>\n                <\/div>\n              <\/div>\n              <div class=\"container\">\n                <div class=\"row\">\n                  <div class=\"col-md-8 offset-md-2\">\n                    <small class=\"d-inline-block mb-3\">23 de 25<\/small> \n                        <h3 class=\"mb-3\">1999 &#8211; Semin\u00e1rio Riverside em Petr\u00f3polis<\/h3>\n                      <p><\/p>\n                                        <\/div>\n                <\/div>\n              <\/div>\n          <\/div> \n                  <div id=\"midia-24\" class=\"gallery-details__item\">\n              <div class=\"container-fluid\">\n                <div class=\"row\">\n                  <div class=\"col-12 mb-5 px-0 text-center gallery-details__image\">\n                                              <img decoding=\"async\" src=\"https:\/\/memo.museudapessoa.org\/app\/_lib\/file\/img\/2002_IniciativadeVilaPaciencia(1).JPG\" alt=\"2002 - Iniciativa de Vila Paci\u00eancia\">\n                                        <\/div>\n                <\/div>\n              <\/div>\n              <div class=\"container\">\n                <div class=\"row\">\n                  <div class=\"col-md-8 offset-md-2\">\n                    <small class=\"d-inline-block mb-3\">24 de 25<\/small> \n                        <h3 class=\"mb-3\">2002 &#8211; Iniciativa de Vila Paci\u00eancia<\/h3>\n                      <p><\/p>\n                                        <\/div>\n                <\/div>\n              <\/div>\n          <\/div> \n                  <div id=\"midia-25\" class=\"gallery-details__item\">\n              <div class=\"container-fluid\">\n                <div class=\"row\">\n                  <div class=\"col-12 mb-5 px-0 text-center gallery-details__image\">\n                                              <img decoding=\"async\" src=\"https:\/\/memo.museudapessoa.org\/app\/_lib\/file\/img\/2002_Semin\u00e1rioEscolasPromotorasdaSa\u00fade_Teres\u00f3polis(1).JPG\" alt=\"2002 - Semin\u00e1rio Escolas Promotoras da Sa\u00fade em Teres\u00f3polis\">\n                                        <\/div>\n                <\/div>\n              <\/div>\n              <div class=\"container\">\n                <div class=\"row\">\n                  <div class=\"col-md-8 offset-md-2\">\n                    <small class=\"d-inline-block mb-3\">25 de 25<\/small> \n                        <h3 class=\"mb-3\">2002 &#8211; Semin\u00e1rio Escolas Promotoras da Sa\u00fade em Teres\u00f3polis<\/h3>\n                      <p><\/p>\n                                        <\/div>\n                <\/div>\n              <\/div>\n          <\/div> \n                <\/div>\n      <\/div>\n  <\/div><\/div>\n\n\n\n<section id=\"2003-a-2012---encontros-e-afetos-que-se-conectam-em-rede\" class=' margin-top-none margin-bottom-none padding-top-none padding-bottom-none' style='background-color:rgba(255,255,255,0);'>\n  <div class=\"container\">\n    <div class=\"row\">\n              <div class=\"col-md-12\">\n          <h2>2003 a 2012 &#8211; Encontros e afetos que se conectam em Rede<\/h2>\n                  <\/div>\n          <\/div>\n    <div class=\"row\">\n      <div class=\"col-12\">\n      <div class=\"home-gallery \">\n                       <a data-bs-toggle=\"modal\" data-index=\"0\" href=\"#midia-1\" data-bs-target=\"#gallery-details-2003-a-2012---encontros-e-afetos-que-se-conectam-em-rede\"  class=\"gallery-item home-gallery__item  \">\n                  <img decoding=\"async\" src=\"https:\/\/memo.museudapessoa.org\/app\/_lib\/file\/img\/thumb\/2003_IIForoComunit\u00e1riodeAm\u00e9ricaLatinayelCaribeemVIH.SIDA.IST (2)(1).JPG\" alt=\"2003 - II Foro Comunit\u00e1rio de Am\u00e9rica Latina y el Caribe\">       \n              <\/a>\n                          <a data-bs-toggle=\"modal\" data-index=\"1\" href=\"#midia-2\" data-bs-target=\"#gallery-details-2003-a-2012---encontros-e-afetos-que-se-conectam-em-rede\"  class=\"gallery-item home-gallery__item  \">\n                  <img decoding=\"async\" src=\"https:\/\/memo.museudapessoa.org\/app\/_lib\/file\/img\/thumb\/2003 - Fidel no II Foro en VIH SIDA ITS de America Latina y El Caribe 2003 em Cuba.jpg\" alt=\"2003 - Fidel no II Foro en VIH SIDA ITS de America Latina y El Caribe 2003 em Cuba\">       \n              <\/a>\n                          <a data-bs-toggle=\"modal\" data-index=\"2\" href=\"#midia-3\" data-bs-target=\"#gallery-details-2003-a-2012---encontros-e-afetos-que-se-conectam-em-rede\"  class=\"gallery-item home-gallery__item  \">\n                  <img decoding=\"async\" src=\"https:\/\/memo.museudapessoa.org\/app\/_lib\/file\/img\/thumb\/2003 -  II Foro en VIH SIDA ITS de America Latina Y El Caribe em Cuba (1).jpg\" alt=\"2003 - II Foro en VIH SIDA ITS de Am\u00e9rica Latina Y El Caribe em Cuba\">       \n              <\/a>\n                          <a data-bs-toggle=\"modal\" data-index=\"3\" href=\"#midia-4\" data-bs-target=\"#gallery-details-2003-a-2012---encontros-e-afetos-que-se-conectam-em-rede\"  class=\"gallery-item home-gallery__item  \">\n                  <img decoding=\"async\" src=\"https:\/\/memo.museudapessoa.org\/app\/_lib\/file\/img\/thumb\/fala 4.1 - 10 anos Cedaps (1).jpg\" alt=\"2003 - Fala Comunidade e 10 anos do Cedaps\">       \n              <\/a>\n                          <a data-bs-toggle=\"modal\" data-index=\"4\" href=\"#midia-5\" data-bs-target=\"#gallery-details-2003-a-2012---encontros-e-afetos-que-se-conectam-em-rede\"  class=\"gallery-item home-gallery__item  \">\n                  <img decoding=\"async\" src=\"https:\/\/memo.museudapessoa.org\/app\/_lib\/file\/img\/thumb\/Eu e Adriano 2003 - Proje AJ  (1).JPG\" alt=\"2003 - Projeto Agente Jovem\">       \n              <\/a>\n                          <a data-bs-toggle=\"modal\" data-index=\"5\" href=\"#midia-6\" data-bs-target=\"#gallery-details-2003-a-2012---encontros-e-afetos-que-se-conectam-em-rede\"  class=\"gallery-item home-gallery__item  \">\n                  <img decoding=\"async\" src=\"https:\/\/memo.museudapessoa.org\/app\/_lib\/file\/img\/thumb\/Daniel -2004 (1).JPG\" alt=\"2004 - Reuni\u00e3o Rede de Comunidades Saud\u00e1veis\">       \n              <\/a>\n                          <a data-bs-toggle=\"modal\" data-index=\"6\" href=\"#midia-7\" data-bs-target=\"#gallery-details-2003-a-2012---encontros-e-afetos-que-se-conectam-em-rede\"  class=\"gallery-item home-gallery__item  \">\n                  <img decoding=\"async\" src=\"https:\/\/memo.museudapessoa.org\/app\/_lib\/file\/img\/thumb\/2005- Projeto Energia Jovem - Mage 2 (2).JPG\" alt=\"2005- Projeto Energia Jovem - Mage 2\">       \n              <\/a>\n                          <a data-bs-toggle=\"modal\" data-index=\"7\" href=\"#midia-8\" data-bs-target=\"#gallery-details-2003-a-2012---encontros-e-afetos-que-se-conectam-em-rede\"  class=\"gallery-item home-gallery__item  \">\n                  <img decoding=\"async\" src=\"https:\/\/memo.museudapessoa.org\/app\/_lib\/file\/img\/thumb\/2005 Oficinas - Energia Jovem (1).JPG\" alt=\"2005 Oficinas - Energia Jovem\">       \n              <\/a>\n                          <a data-bs-toggle=\"modal\" data-index=\"8\" href=\"#midia-9\" data-bs-target=\"#gallery-details-2003-a-2012---encontros-e-afetos-que-se-conectam-em-rede\"  class=\"gallery-item home-gallery__item  \">\n                  <img decoding=\"async\" src=\"https:\/\/memo.museudapessoa.org\/app\/_lib\/file\/img\/thumb\/2005 Bingo Educativo - Energia Jovem (1) (1).JPG\" alt=\"2005 Bingo Educativo - Energia Jovem\">       \n              <\/a>\n                          <a data-bs-toggle=\"modal\" data-index=\"9\" href=\"#midia-10\" data-bs-target=\"#gallery-details-2003-a-2012---encontros-e-afetos-que-se-conectam-em-rede\"  class=\"gallery-item home-gallery__item  \">\n                  <img decoding=\"async\" src=\"https:\/\/memo.museudapessoa.org\/app\/_lib\/file\/img\/thumb\/2005 - Projeto Energia Jovems - Mag\u00e9 4 (1) (1).JPG\" alt=\"2005 - Projeto Energia Jovens - Mag\u00e9 4\">       \n              <\/a>\n                          <a data-bs-toggle=\"modal\" data-index=\"10\" href=\"#midia-11\" data-bs-target=\"#gallery-details-2003-a-2012---encontros-e-afetos-que-se-conectam-em-rede\"  class=\"gallery-item home-gallery__item  \">\n                  <img decoding=\"async\" src=\"https:\/\/memo.museudapessoa.org\/app\/_lib\/file\/img\/thumb\/2005 - Projeto Energia Jovem - Mag\u00e9 3 (1).JPG\" alt=\"2005 - Projeto Energia Jovem - Mag\u00e9 3\">       \n              <\/a>\n                          <a data-bs-toggle=\"modal\" data-index=\"11\" href=\"#midia-12\" data-bs-target=\"#gallery-details-2003-a-2012---encontros-e-afetos-que-se-conectam-em-rede\"  class=\"gallery-item home-gallery__item  \">\n                  <img decoding=\"async\" src=\"https:\/\/memo.museudapessoa.org\/app\/_lib\/file\/img\/thumb\/Lan\u00e7amento RCS 2005 (1).JPG\" alt=\"2005 - Lan\u00e7amento Rede de Comunidades Saud\u00e1veis\">       \n              <\/a>\n                          <a data-bs-toggle=\"modal\" data-index=\"12\" href=\"#midia-13\" data-bs-target=\"#gallery-details-2003-a-2012---encontros-e-afetos-que-se-conectam-em-rede\"  class=\"gallery-item home-gallery__item  \">\n                  <img decoding=\"async\" src=\"https:\/\/memo.museudapessoa.org\/app\/_lib\/file\/img\/thumb\/Clube de adolescente 2006 - Complexo do Alem\u00e3o (1).JPG\" alt=\"2006 - Clube de adolescentes Complexo do Alem\u00e3o\">       \n              <\/a>\n                          <a data-bs-toggle=\"modal\" data-index=\"13\" href=\"#midia-14\" data-bs-target=\"#gallery-details-2003-a-2012---encontros-e-afetos-que-se-conectam-em-rede\"  class=\"gallery-item home-gallery__item  \">\n                  <img decoding=\"async\" src=\"https:\/\/memo.museudapessoa.org\/app\/_lib\/file\/img\/thumb\/Oficina de mascaras (1).JPG\" alt=\"2009 - Oficina de m\u00e1scaras\">       \n              <\/a>\n                          <a data-bs-toggle=\"modal\" data-index=\"14\" href=\"#midia-15\" data-bs-target=\"#gallery-details-2003-a-2012---encontros-e-afetos-que-se-conectam-em-rede\"  class=\"gallery-item home-gallery__item  \">\n                  <img decoding=\"async\" src=\"https:\/\/memo.museudapessoa.org\/app\/_lib\/file\/img\/thumb\/Capacita\u00e7\u00e3o sobre Corpo Humano com Ana Beloni (1).JPG\" alt=\"2008 - Capacita\u00e7\u00e3o sobre Corpo Humano com Ana Beloni\">       \n              <\/a>\n                          <a data-bs-toggle=\"modal\" data-index=\"15\" href=\"#midia-16\" data-bs-target=\"#gallery-details-2003-a-2012---encontros-e-afetos-que-se-conectam-em-rede\"  class=\"gallery-item home-gallery__item  \">\n                  <img decoding=\"async\" src=\"https:\/\/memo.museudapessoa.org\/app\/_lib\/file\/img\/thumb\/Camel\u00f4 Educativo Rodovi\u00e1ria Novo Rio (1).JPG\" alt=\"2008 - Camel\u00f4 Educativo Rodovi\u00e1ria Novo Rio\">       \n              <\/a>\n                          <a data-bs-toggle=\"modal\" data-index=\"16\" href=\"#midia-17\" data-bs-target=\"#gallery-details-2003-a-2012---encontros-e-afetos-que-se-conectam-em-rede\"  class=\"gallery-item home-gallery__item  \">\n                  <img decoding=\"async\" src=\"https:\/\/memo.museudapessoa.org\/app\/_lib\/file\/img\/thumb\/05fev09 A\u00e7\u00e3o Comunit\u00e1ria Vila Cruzeiro (1).jpg\" alt=\"2009 - A\u00e7\u00e3o Comunit\u00e1ria Vila Cruzeiro\">       \n              <\/a>\n                          <a data-bs-toggle=\"modal\" data-index=\"17\" href=\"#midia-18\" data-bs-target=\"#gallery-details-2003-a-2012---encontros-e-afetos-que-se-conectam-em-rede\"  class=\"gallery-item home-gallery__item  \">\n                  <img decoding=\"async\" src=\"https:\/\/memo.museudapessoa.org\/app\/_lib\/file\/img\/thumb\/IMG_0132 (1).jpg\" alt=\"2009 - Projeto Circuito Comunit\u00e1rio Saud\u00e1vel\">       \n              <\/a>\n                          <a data-bs-toggle=\"modal\" data-index=\"18\" href=\"#midia-19\" data-bs-target=\"#gallery-details-2003-a-2012---encontros-e-afetos-que-se-conectam-em-rede\"  class=\"gallery-item home-gallery__item  \">\n                  <img decoding=\"async\" src=\"https:\/\/memo.museudapessoa.org\/app\/_lib\/file\/img\/thumb\/IMG_0578 (1).jpg\" alt=\"2009 - Projeto Circuito Comunit\u00e1rio Saud\u00e1vel\">       \n              <\/a>\n                          <a data-bs-toggle=\"modal\" data-index=\"19\" href=\"#midia-20\" data-bs-target=\"#gallery-details-2003-a-2012---encontros-e-afetos-que-se-conectam-em-rede\"  class=\"gallery-item home-gallery__item  \">\n                  <img decoding=\"async\" src=\"https:\/\/memo.museudapessoa.org\/app\/_lib\/file\/img\/thumb\/IMGA0818 (1).JPG\" alt=\"2009 - Projeto Circuito Comunit\u00e1rio Saud\u00e1vel\">       \n              <\/a>\n                          <a data-bs-toggle=\"modal\" data-index=\"20\" href=\"#midia-21\" data-bs-target=\"#gallery-details-2003-a-2012---encontros-e-afetos-que-se-conectam-em-rede\"  class=\"gallery-item home-gallery__item  \">\n                  <img decoding=\"async\" src=\"https:\/\/memo.museudapessoa.org\/app\/_lib\/file\/img\/thumb\/DSC06745 (1).JPG\" alt=\"2009 - Projeto Circuito Comunit\u00e1rio Saud\u00e1vel\">       \n              <\/a>\n                          <a data-bs-toggle=\"modal\" data-index=\"21\" href=\"#midia-22\" data-bs-target=\"#gallery-details-2003-a-2012---encontros-e-afetos-que-se-conectam-em-rede\"  class=\"gallery-item home-gallery__item  \">\n                  <img decoding=\"async\" src=\"https:\/\/memo.museudapessoa.org\/app\/_lib\/file\/img\/thumb\/DSC02559 (1).JPG\" alt=\"2010 - Reuni\u00e3o Rede de Comuniadades Saud\u00e1veis\">       \n              <\/a>\n                          <a data-bs-toggle=\"modal\" data-index=\"22\" href=\"#midia-23\" data-bs-target=\"#gallery-details-2003-a-2012---encontros-e-afetos-que-se-conectam-em-rede\"  class=\"gallery-item home-gallery__item  \">\n                  <img decoding=\"async\" src=\"https:\/\/memo.museudapessoa.org\/app\/_lib\/file\/img\/thumb\/IMG-20160523-WA0004 (1).jpg\" alt=\"2010 - 22nd IUHPE World Conference on Health Promotion in Curitiba\">       \n              <\/a>\n                          <a data-bs-toggle=\"modal\" data-index=\"23\" href=\"#midia-24\" data-bs-target=\"#gallery-details-2003-a-2012---encontros-e-afetos-que-se-conectam-em-rede\"  class=\"gallery-item home-gallery__item  \">\n                  <img decoding=\"async\" src=\"https:\/\/memo.museudapessoa.org\/app\/_lib\/file\/img\/thumb\/2011 (2).jpg\" alt=\"2011\">       \n              <\/a>\n                          <a data-bs-toggle=\"modal\" data-index=\"24\" href=\"#midia-25\" data-bs-target=\"#gallery-details-2003-a-2012---encontros-e-afetos-que-se-conectam-em-rede\"  class=\"gallery-item home-gallery__item  \">\n                  <img decoding=\"async\" src=\"https:\/\/memo.museudapessoa.org\/app\/_lib\/file\/img\/thumb\/2011 (3).jpg\" alt=\"2011\">       \n              <\/a>\n                          <a data-bs-toggle=\"modal\" data-index=\"25\" href=\"#midia-26\" data-bs-target=\"#gallery-details-2003-a-2012---encontros-e-afetos-que-se-conectam-em-rede\"  class=\"gallery-item home-gallery__item  \">\n                  <img decoding=\"async\" src=\"https:\/\/memo.museudapessoa.org\/app\/_lib\/file\/img\/thumb\/2011 (4).JPG\" alt=\"2011 - Oficina de georrefer\u00eanciamento\">       \n              <\/a>\n                          <a data-bs-toggle=\"modal\" data-index=\"26\" href=\"#midia-27\" data-bs-target=\"#gallery-details-2003-a-2012---encontros-e-afetos-que-se-conectam-em-rede\"  class=\"gallery-item home-gallery__item  \">\n                  <img decoding=\"async\" src=\"https:\/\/memo.museudapessoa.org\/app\/_lib\/file\/img\/thumb\/2011 (5).JPG\" alt=\"2011\">       \n              <\/a>\n                          <a data-bs-toggle=\"modal\" data-index=\"27\" href=\"#midia-28\" data-bs-target=\"#gallery-details-2003-a-2012---encontros-e-afetos-que-se-conectam-em-rede\"  class=\"gallery-item home-gallery__item  \">\n                  <img decoding=\"async\" src=\"https:\/\/memo.museudapessoa.org\/app\/_lib\/file\/img\/thumb\/2011 (6).jpg\" alt=\"2011\">       \n              <\/a>\n                          <a data-bs-toggle=\"modal\" data-index=\"28\" href=\"#midia-29\" data-bs-target=\"#gallery-details-2003-a-2012---encontros-e-afetos-que-se-conectam-em-rede\"  class=\"gallery-item home-gallery__item  \">\n                  <img decoding=\"async\" src=\"https:\/\/memo.museudapessoa.org\/app\/_lib\/file\/img\/thumb\/Todos Pelo Direito ao Esporte Seguro.jpg\" alt=\"2012 - Todos Pelo Direito ao Esporte Seguro\">       \n              <\/a>\n                          <a data-bs-toggle=\"modal\" data-index=\"29\" href=\"#midia-30\" data-bs-target=\"#gallery-details-2003-a-2012---encontros-e-afetos-que-se-conectam-em-rede\"  class=\"gallery-item home-gallery__item  \">\n                  <img decoding=\"async\" src=\"https:\/\/memo.museudapessoa.org\/app\/_lib\/file\/img\/thumb\/Reuni\u00e3o dos GALs com a Secret\u00e1ria de Pessoa com Defici\u00eancia, Georgette Vidor.jpg\" alt=\"2012 - Reuni\u00e3o dos gestores da UPP Social com os GALs que ficam em \u00e1reas de UPP, com a presen\u00e7a do P\">       \n              <\/a>\n                          <a data-bs-toggle=\"modal\" data-index=\"30\" href=\"#midia-31\" data-bs-target=\"#gallery-details-2003-a-2012---encontros-e-afetos-que-se-conectam-em-rede\"  class=\"gallery-item home-gallery__item  \">\n                  <img decoding=\"async\" src=\"https:\/\/memo.museudapessoa.org\/app\/_lib\/file\/img\/thumb\/Reuni\u00e3o dos GALs com a Secret\u00e1ria de Pessoa com Defici\u00eancia, Georgette Vidor.jpg\" alt=\"2012 - Reuni\u00e3o dos GALs com a Secret\u00e1ria de Pessoa com Defici\u00eancia, Georgette Vidor\">       \n              <\/a>\n                          <a data-bs-toggle=\"modal\" data-index=\"31\" href=\"#midia-32\" data-bs-target=\"#gallery-details-2003-a-2012---encontros-e-afetos-que-se-conectam-em-rede\"  class=\"gallery-item home-gallery__item  \">\n                  <img decoding=\"async\" src=\"https:\/\/memo.museudapessoa.org\/app\/_lib\/file\/img\/thumb\/Oficina de Constru\u00e7\u00e3o de Brinquedos.jpg\" alt=\"2012 - Oficina de Constru\u00e7\u00e3o de Brinquedos\">       \n              <\/a>\n                          <a data-bs-toggle=\"modal\" data-index=\"32\" href=\"#midia-33\" data-bs-target=\"#gallery-details-2003-a-2012---encontros-e-afetos-que-se-conectam-em-rede\"  class=\"gallery-item home-gallery__item  \">\n                  <img decoding=\"async\" src=\"https:\/\/memo.museudapessoa.org\/app\/_lib\/file\/img\/thumb\/GAL Ber\u00e7o dos Sonhos no evento de Celebra\u00e7\u00e3o da Sa\u00fade.jpg\" alt=\"2012 - GAL Ber\u00e7o dos Sonhos no evento de Celebra\u00e7\u00e3o da Sa\u00fade\">       \n              <\/a>\n                          <a data-bs-toggle=\"modal\" data-index=\"33\" href=\"#midia-34\" data-bs-target=\"#gallery-details-2003-a-2012---encontros-e-afetos-que-se-conectam-em-rede\"  class=\"gallery-item home-gallery__item  \">\n                  <img decoding=\"async\" src=\"https:\/\/memo.museudapessoa.org\/app\/_lib\/file\/img\/thumb\/2003_IIForoComunit\u00e1riodeAm\u00e9ricaLatinayelCaribeemVIH.SIDA.IST (3)(1).JPG\" alt=\"2003 - II Foro Comunit\u00e1rio de Am\u00e9rica Latina y el Caribe\">       \n              <\/a>\n                          <a data-bs-toggle=\"modal\" data-index=\"34\" href=\"#midia-35\" data-bs-target=\"#gallery-details-2003-a-2012---encontros-e-afetos-que-se-conectam-em-rede\"  class=\"gallery-item home-gallery__item  \">\n                  <img decoding=\"async\" src=\"https:\/\/memo.museudapessoa.org\/app\/_lib\/file\/img\/thumb\/2003_IIForoComunit\u00e1riodeAm\u00e9ricaLatinayelCaribeemVIH.SIDA.IST(1).JPG\" alt=\"2003 - II Foro Comunit\u00e1rio de Am\u00e9rica Latina y el Caribe\">       \n              <\/a>\n                          <a data-bs-toggle=\"modal\" data-index=\"35\" href=\"#midia-36\" data-bs-target=\"#gallery-details-2003-a-2012---encontros-e-afetos-que-se-conectam-em-rede\"  class=\"gallery-item home-gallery__item  \">\n                  <img decoding=\"async\" src=\"https:\/\/memo.museudapessoa.org\/app\/_lib\/file\/img\/thumb\/2003 -  II Foro en VIH SIDA ITS de America Latina Y El Caribe em Cuba (3).jpg\" alt=\"2003 - II Foro en VIH SIDA ITS de America Latina Y El Caribe em Cuba\">       \n              <\/a>\n                          <a data-bs-toggle=\"modal\" data-index=\"36\" href=\"#midia-37\" data-bs-target=\"#gallery-details-2003-a-2012---encontros-e-afetos-que-se-conectam-em-rede\"  class=\"gallery-item home-gallery__item  \">\n                  <img decoding=\"async\" src=\"https:\/\/memo.museudapessoa.org\/app\/_lib\/file\/img\/thumb\/2003 -  II Foro en VIH SIDA ITS de America Latina Y El Caribe em Cuba (4).jpg\" alt=\"2003 - II Foro en VIH SIDA ITS de America Latina Y El Caribe em Cuba\">       \n              <\/a>\n                          <a data-bs-toggle=\"modal\" data-index=\"37\" href=\"#midia-38\" data-bs-target=\"#gallery-details-2003-a-2012---encontros-e-afetos-que-se-conectam-em-rede\"  class=\"gallery-item home-gallery__item  \">\n                  <img decoding=\"async\" src=\"https:\/\/memo.museudapessoa.org\/app\/_lib\/file\/img\/thumb\/Eu Agente Jovem 2003 Sepetiba (1).JPG\" alt=\"2003 - Projeto Agente Jovem em Sepetiba\">       \n              <\/a>\n                          <a data-bs-toggle=\"modal\" data-index=\"38\" href=\"#midia-39\" data-bs-target=\"#gallery-details-2003-a-2012---encontros-e-afetos-que-se-conectam-em-rede\"  class=\"gallery-item home-gallery__item  \">\n                  <img decoding=\"async\" src=\"https:\/\/memo.museudapessoa.org\/app\/_lib\/file\/img\/thumb\/equipe Cedaps 2009.jpg\" alt=\"2009 - Equipe CEDAPS\">       \n              <\/a>\n                    <\/div>\n      <\/div>\n    <\/div>\n      <\/div>\n<\/section>\n\n<div id=\"gallery-details-2003-a-2012---encontros-e-afetos-que-se-conectam-em-rede\" class=\"modal gallery-details\" tabindex=\"-1\">\n    <button class=\"gallery-details__close\" data-bs-dismiss=\"modal\">Fechar<\/button>\n  <div class=\"modal-dialog\">\n    <div class=\"modal-content\">\n      <div class=\"gallery-details__carousel owl-theme owl-carousel\">\n                <div id=\"midia-1\" class=\"gallery-details__item\">\n              <div class=\"container-fluid\">\n                <div class=\"row\">\n                  <div class=\"col-12 mb-5 px-0 text-center gallery-details__image\">\n                                              <img decoding=\"async\" src=\"https:\/\/memo.museudapessoa.org\/app\/_lib\/file\/img\/2003_IIForoComunit\u00e1riodeAm\u00e9ricaLatinayelCaribeemVIH.SIDA.IST (2)(1).JPG\" alt=\"2003 - II Foro Comunit\u00e1rio de Am\u00e9rica Latina y el Caribe\">\n                                        <\/div>\n                <\/div>\n              <\/div>\n              <div class=\"container\">\n                <div class=\"row\">\n                  <div class=\"col-md-8 offset-md-2\">\n                    <small class=\"d-inline-block mb-3\">1 de 39<\/small> \n                        <h3 class=\"mb-3\">2003 &#8211; II Foro Comunit\u00e1rio de Am\u00e9rica Latina y el Caribe<\/h3>\n                      <p><\/p>\n                                        <\/div>\n                <\/div>\n              <\/div>\n          <\/div> \n                  <div id=\"midia-2\" class=\"gallery-details__item\">\n              <div class=\"container-fluid\">\n                <div class=\"row\">\n                  <div class=\"col-12 mb-5 px-0 text-center gallery-details__image\">\n                                              <img decoding=\"async\" src=\"https:\/\/memo.museudapessoa.org\/app\/_lib\/file\/img\/2003 - Fidel no II Foro en VIH SIDA ITS de America Latina y El Caribe 2003 em Cuba.jpg\" alt=\"2003 - Fidel no II Foro en VIH SIDA ITS de America Latina y El Caribe 2003 em Cuba\">\n                                        <\/div>\n                <\/div>\n              <\/div>\n              <div class=\"container\">\n                <div class=\"row\">\n                  <div class=\"col-md-8 offset-md-2\">\n                    <small class=\"d-inline-block mb-3\">2 de 39<\/small> \n                        <h3 class=\"mb-3\">2003 &#8211; Fidel no II Foro en VIH SIDA ITS de America Latina y El Caribe 2003 em Cuba<\/h3>\n                      <p><\/p>\n                                        <\/div>\n                <\/div>\n              <\/div>\n          <\/div> \n                  <div id=\"midia-3\" class=\"gallery-details__item\">\n              <div class=\"container-fluid\">\n                <div class=\"row\">\n                  <div class=\"col-12 mb-5 px-0 text-center gallery-details__image\">\n                                              <img decoding=\"async\" src=\"https:\/\/memo.museudapessoa.org\/app\/_lib\/file\/img\/2003 -  II Foro en VIH SIDA ITS de America Latina Y El Caribe em Cuba (1).jpg\" alt=\"2003 - II Foro en VIH SIDA ITS de Am\u00e9rica Latina Y El Caribe em Cuba\">\n                                        <\/div>\n                <\/div>\n              <\/div>\n              <div class=\"container\">\n                <div class=\"row\">\n                  <div class=\"col-md-8 offset-md-2\">\n                    <small class=\"d-inline-block mb-3\">3 de 39<\/small> \n                        <h3 class=\"mb-3\">2003 &#8211; II Foro en VIH SIDA ITS de Am\u00e9rica Latina Y El Caribe em Cuba<\/h3>\n                      <p><\/p>\n                                        <\/div>\n                <\/div>\n              <\/div>\n          <\/div> \n                  <div id=\"midia-4\" class=\"gallery-details__item\">\n              <div class=\"container-fluid\">\n                <div class=\"row\">\n                  <div class=\"col-12 mb-5 px-0 text-center gallery-details__image\">\n                                              <img decoding=\"async\" src=\"https:\/\/memo.museudapessoa.org\/app\/_lib\/file\/img\/fala 4.1 - 10 anos Cedaps (1).jpg\" alt=\"2003 - Fala Comunidade e 10 anos do Cedaps\">\n                                        <\/div>\n                <\/div>\n              <\/div>\n              <div class=\"container\">\n                <div class=\"row\">\n                  <div class=\"col-md-8 offset-md-2\">\n                    <small class=\"d-inline-block mb-3\">4 de 39<\/small> \n                        <h3 class=\"mb-3\">2003 &#8211; Fala Comunidade e 10 anos do Cedaps<\/h3>\n                      <p><\/p>\n                                        <\/div>\n                <\/div>\n              <\/div>\n          <\/div> \n                  <div id=\"midia-5\" class=\"gallery-details__item\">\n              <div class=\"container-fluid\">\n                <div class=\"row\">\n                  <div class=\"col-12 mb-5 px-0 text-center gallery-details__image\">\n                                              <img decoding=\"async\" src=\"https:\/\/memo.museudapessoa.org\/app\/_lib\/file\/img\/Eu e Adriano 2003 - Proje AJ  (1).JPG\" alt=\"2003 - Projeto Agente Jovem\">\n                                        <\/div>\n                <\/div>\n              <\/div>\n              <div class=\"container\">\n                <div class=\"row\">\n                  <div class=\"col-md-8 offset-md-2\">\n                    <small class=\"d-inline-block mb-3\">5 de 39<\/small> \n                        <h3 class=\"mb-3\">2003 &#8211; Projeto Agente Jovem<\/h3>\n                      <p><\/p>\n                                        <\/div>\n                <\/div>\n              <\/div>\n          <\/div> \n                  <div id=\"midia-6\" class=\"gallery-details__item\">\n              <div class=\"container-fluid\">\n                <div class=\"row\">\n                  <div class=\"col-12 mb-5 px-0 text-center gallery-details__image\">\n                                              <img decoding=\"async\" src=\"https:\/\/memo.museudapessoa.org\/app\/_lib\/file\/img\/Daniel -2004 (1).JPG\" alt=\"2004 - Reuni\u00e3o Rede de Comunidades Saud\u00e1veis\">\n                                        <\/div>\n                <\/div>\n              <\/div>\n              <div class=\"container\">\n                <div class=\"row\">\n                  <div class=\"col-md-8 offset-md-2\">\n                    <small class=\"d-inline-block mb-3\">6 de 39<\/small> \n                        <h3 class=\"mb-3\">2004 &#8211; Reuni\u00e3o Rede de Comunidades Saud\u00e1veis<\/h3>\n                      <p><\/p>\n                                        <\/div>\n                <\/div>\n              <\/div>\n          <\/div> \n                  <div id=\"midia-7\" class=\"gallery-details__item\">\n              <div class=\"container-fluid\">\n                <div class=\"row\">\n                  <div class=\"col-12 mb-5 px-0 text-center gallery-details__image\">\n                                              <img decoding=\"async\" src=\"https:\/\/memo.museudapessoa.org\/app\/_lib\/file\/img\/2005- Projeto Energia Jovem - Mage 2 (2).JPG\" alt=\"2005- Projeto Energia Jovem - Mage 2\">\n                                        <\/div>\n                <\/div>\n              <\/div>\n              <div class=\"container\">\n                <div class=\"row\">\n                  <div class=\"col-md-8 offset-md-2\">\n                    <small class=\"d-inline-block mb-3\">7 de 39<\/small> \n                        <h3 class=\"mb-3\">2005- Projeto Energia Jovem &#8211; Mage 2<\/h3>\n                      <p><\/p>\n                                        <\/div>\n                <\/div>\n              <\/div>\n          <\/div> \n                  <div id=\"midia-8\" class=\"gallery-details__item\">\n              <div class=\"container-fluid\">\n                <div class=\"row\">\n                  <div class=\"col-12 mb-5 px-0 text-center gallery-details__image\">\n                                              <img decoding=\"async\" src=\"https:\/\/memo.museudapessoa.org\/app\/_lib\/file\/img\/2005 Oficinas - Energia Jovem (1).JPG\" alt=\"2005 Oficinas - Energia Jovem\">\n                                        <\/div>\n                <\/div>\n              <\/div>\n              <div class=\"container\">\n                <div class=\"row\">\n                  <div class=\"col-md-8 offset-md-2\">\n                    <small class=\"d-inline-block mb-3\">8 de 39<\/small> \n                        <h3 class=\"mb-3\">2005 Oficinas &#8211; Energia Jovem<\/h3>\n                      <p><\/p>\n                                        <\/div>\n                <\/div>\n              <\/div>\n          <\/div> \n                  <div id=\"midia-9\" class=\"gallery-details__item\">\n              <div class=\"container-fluid\">\n                <div class=\"row\">\n                  <div class=\"col-12 mb-5 px-0 text-center gallery-details__image\">\n                                              <img decoding=\"async\" src=\"https:\/\/memo.museudapessoa.org\/app\/_lib\/file\/img\/2005 Bingo Educativo - Energia Jovem (1) (1).JPG\" alt=\"2005 Bingo Educativo - Energia Jovem\">\n                                        <\/div>\n                <\/div>\n              <\/div>\n              <div class=\"container\">\n                <div class=\"row\">\n                  <div class=\"col-md-8 offset-md-2\">\n                    <small class=\"d-inline-block mb-3\">9 de 39<\/small> \n                        <h3 class=\"mb-3\">2005 Bingo Educativo &#8211; Energia Jovem<\/h3>\n                      <p><\/p>\n                                        <\/div>\n                <\/div>\n              <\/div>\n          <\/div> \n                  <div id=\"midia-10\" class=\"gallery-details__item\">\n              <div class=\"container-fluid\">\n                <div class=\"row\">\n                  <div class=\"col-12 mb-5 px-0 text-center gallery-details__image\">\n                                              <img decoding=\"async\" src=\"https:\/\/memo.museudapessoa.org\/app\/_lib\/file\/img\/2005 - Projeto Energia Jovems - Mag\u00e9 4 (1) (1).JPG\" alt=\"2005 - Projeto Energia Jovens - Mag\u00e9 4\">\n                                        <\/div>\n                <\/div>\n              <\/div>\n              <div class=\"container\">\n                <div class=\"row\">\n                  <div class=\"col-md-8 offset-md-2\">\n                    <small class=\"d-inline-block mb-3\">10 de 39<\/small> \n                        <h3 class=\"mb-3\">2005 &#8211; Projeto Energia Jovens &#8211; Mag\u00e9 4<\/h3>\n                      <p><\/p>\n                                        <\/div>\n                <\/div>\n              <\/div>\n          <\/div> \n                  <div id=\"midia-11\" class=\"gallery-details__item\">\n              <div class=\"container-fluid\">\n                <div class=\"row\">\n                  <div class=\"col-12 mb-5 px-0 text-center gallery-details__image\">\n                                              <img decoding=\"async\" src=\"https:\/\/memo.museudapessoa.org\/app\/_lib\/file\/img\/2005 - Projeto Energia Jovem - Mag\u00e9 3 (1).JPG\" alt=\"2005 - Projeto Energia Jovem - Mag\u00e9 3\">\n                                        <\/div>\n                <\/div>\n              <\/div>\n              <div class=\"container\">\n                <div class=\"row\">\n                  <div class=\"col-md-8 offset-md-2\">\n                    <small class=\"d-inline-block mb-3\">11 de 39<\/small> \n                        <h3 class=\"mb-3\">2005 &#8211; Projeto Energia Jovem &#8211; Mag\u00e9 3<\/h3>\n                      <p><\/p>\n                                        <\/div>\n                <\/div>\n              <\/div>\n          <\/div> \n                  <div id=\"midia-12\" class=\"gallery-details__item\">\n              <div class=\"container-fluid\">\n                <div class=\"row\">\n                  <div class=\"col-12 mb-5 px-0 text-center gallery-details__image\">\n                                              <img decoding=\"async\" src=\"https:\/\/memo.museudapessoa.org\/app\/_lib\/file\/img\/Lan\u00e7amento RCS 2005 (1).JPG\" alt=\"2005 - Lan\u00e7amento Rede de Comunidades Saud\u00e1veis\">\n                                        <\/div>\n                <\/div>\n              <\/div>\n              <div class=\"container\">\n                <div class=\"row\">\n                  <div class=\"col-md-8 offset-md-2\">\n                    <small class=\"d-inline-block mb-3\">12 de 39<\/small> \n                        <h3 class=\"mb-3\">2005 &#8211; Lan\u00e7amento Rede de Comunidades Saud\u00e1veis<\/h3>\n                      <p><\/p>\n                                        <\/div>\n                <\/div>\n              <\/div>\n          <\/div> \n                  <div id=\"midia-13\" class=\"gallery-details__item\">\n              <div class=\"container-fluid\">\n                <div class=\"row\">\n                  <div class=\"col-12 mb-5 px-0 text-center gallery-details__image\">\n                                              <img decoding=\"async\" src=\"https:\/\/memo.museudapessoa.org\/app\/_lib\/file\/img\/Clube de adolescente 2006 - Complexo do Alem\u00e3o (1).JPG\" alt=\"2006 - Clube de adolescentes Complexo do Alem\u00e3o\">\n                                        <\/div>\n                <\/div>\n              <\/div>\n              <div class=\"container\">\n                <div class=\"row\">\n                  <div class=\"col-md-8 offset-md-2\">\n                    <small class=\"d-inline-block mb-3\">13 de 39<\/small> \n                        <h3 class=\"mb-3\">2006 &#8211; Clube de adolescentes Complexo do Alem\u00e3o<\/h3>\n                      <p><\/p>\n                                        <\/div>\n                <\/div>\n              <\/div>\n          <\/div> \n                  <div id=\"midia-14\" class=\"gallery-details__item\">\n              <div class=\"container-fluid\">\n                <div class=\"row\">\n                  <div class=\"col-12 mb-5 px-0 text-center gallery-details__image\">\n                                              <img decoding=\"async\" src=\"https:\/\/memo.museudapessoa.org\/app\/_lib\/file\/img\/Oficina de mascaras (1).JPG\" alt=\"2009 - Oficina de m\u00e1scaras\">\n                                        <\/div>\n                <\/div>\n              <\/div>\n              <div class=\"container\">\n                <div class=\"row\">\n                  <div class=\"col-md-8 offset-md-2\">\n                    <small class=\"d-inline-block mb-3\">14 de 39<\/small> \n                        <h3 class=\"mb-3\">2009 &#8211; Oficina de m\u00e1scaras<\/h3>\n                      <p><\/p>\n                                        <\/div>\n                <\/div>\n              <\/div>\n          <\/div> \n                  <div id=\"midia-15\" class=\"gallery-details__item\">\n              <div class=\"container-fluid\">\n                <div class=\"row\">\n                  <div class=\"col-12 mb-5 px-0 text-center gallery-details__image\">\n                                              <img decoding=\"async\" src=\"https:\/\/memo.museudapessoa.org\/app\/_lib\/file\/img\/Capacita\u00e7\u00e3o sobre Corpo Humano com Ana Beloni (1).JPG\" alt=\"2008 - Capacita\u00e7\u00e3o sobre Corpo Humano com Ana Beloni\">\n                                        <\/div>\n                <\/div>\n              <\/div>\n              <div class=\"container\">\n                <div class=\"row\">\n                  <div class=\"col-md-8 offset-md-2\">\n                    <small class=\"d-inline-block mb-3\">15 de 39<\/small> \n                        <h3 class=\"mb-3\">2008 &#8211; Capacita\u00e7\u00e3o sobre Corpo Humano com Ana Beloni<\/h3>\n                      <p><\/p>\n                                        <\/div>\n                <\/div>\n              <\/div>\n          <\/div> \n                  <div id=\"midia-16\" class=\"gallery-details__item\">\n              <div class=\"container-fluid\">\n                <div class=\"row\">\n                  <div class=\"col-12 mb-5 px-0 text-center gallery-details__image\">\n                                              <img decoding=\"async\" src=\"https:\/\/memo.museudapessoa.org\/app\/_lib\/file\/img\/Camel\u00f4 Educativo Rodovi\u00e1ria Novo Rio (1).JPG\" alt=\"2008 - Camel\u00f4 Educativo Rodovi\u00e1ria Novo Rio\">\n                                        <\/div>\n                <\/div>\n              <\/div>\n              <div class=\"container\">\n                <div class=\"row\">\n                  <div class=\"col-md-8 offset-md-2\">\n                    <small class=\"d-inline-block mb-3\">16 de 39<\/small> \n                        <h3 class=\"mb-3\">2008 &#8211; Camel\u00f4 Educativo Rodovi\u00e1ria Novo Rio<\/h3>\n                      <p><\/p>\n                                        <\/div>\n                <\/div>\n              <\/div>\n          <\/div> \n                  <div id=\"midia-17\" class=\"gallery-details__item\">\n              <div class=\"container-fluid\">\n                <div class=\"row\">\n                  <div class=\"col-12 mb-5 px-0 text-center gallery-details__image\">\n                                              <img decoding=\"async\" src=\"https:\/\/memo.museudapessoa.org\/app\/_lib\/file\/img\/05fev09 A\u00e7\u00e3o Comunit\u00e1ria Vila Cruzeiro (1).jpg\" alt=\"2009 - A\u00e7\u00e3o Comunit\u00e1ria Vila Cruzeiro\">\n                                        <\/div>\n                <\/div>\n              <\/div>\n              <div class=\"container\">\n                <div class=\"row\">\n                  <div class=\"col-md-8 offset-md-2\">\n                    <small class=\"d-inline-block mb-3\">17 de 39<\/small> \n                        <h3 class=\"mb-3\">2009 &#8211; A\u00e7\u00e3o Comunit\u00e1ria Vila Cruzeiro<\/h3>\n                      <p><\/p>\n                                        <\/div>\n                <\/div>\n              <\/div>\n          <\/div> \n                  <div id=\"midia-18\" class=\"gallery-details__item\">\n              <div class=\"container-fluid\">\n                <div class=\"row\">\n                  <div class=\"col-12 mb-5 px-0 text-center gallery-details__image\">\n                                              <img decoding=\"async\" src=\"https:\/\/memo.museudapessoa.org\/app\/_lib\/file\/img\/IMG_0132 (1).jpg\" alt=\"2009 - Projeto Circuito Comunit\u00e1rio Saud\u00e1vel\">\n                                        <\/div>\n                <\/div>\n              <\/div>\n              <div class=\"container\">\n                <div class=\"row\">\n                  <div class=\"col-md-8 offset-md-2\">\n                    <small class=\"d-inline-block mb-3\">18 de 39<\/small> \n                        <h3 class=\"mb-3\">2009 &#8211; Projeto Circuito Comunit\u00e1rio Saud\u00e1vel<\/h3>\n                      <p><\/p>\n                                        <\/div>\n                <\/div>\n              <\/div>\n          <\/div> \n                  <div id=\"midia-19\" class=\"gallery-details__item\">\n              <div class=\"container-fluid\">\n                <div class=\"row\">\n                  <div class=\"col-12 mb-5 px-0 text-center gallery-details__image\">\n                                              <img decoding=\"async\" src=\"https:\/\/memo.museudapessoa.org\/app\/_lib\/file\/img\/IMG_0578 (1).jpg\" alt=\"2009 - Projeto Circuito Comunit\u00e1rio Saud\u00e1vel\">\n                                        <\/div>\n                <\/div>\n              <\/div>\n              <div class=\"container\">\n                <div class=\"row\">\n                  <div class=\"col-md-8 offset-md-2\">\n                    <small class=\"d-inline-block mb-3\">19 de 39<\/small> \n                        <h3 class=\"mb-3\">2009 &#8211; Projeto Circuito Comunit\u00e1rio Saud\u00e1vel<\/h3>\n                      <p><\/p>\n                                        <\/div>\n                <\/div>\n              <\/div>\n          <\/div> \n                  <div id=\"midia-20\" class=\"gallery-details__item\">\n              <div class=\"container-fluid\">\n                <div class=\"row\">\n                  <div class=\"col-12 mb-5 px-0 text-center gallery-details__image\">\n                                              <img decoding=\"async\" src=\"https:\/\/memo.museudapessoa.org\/app\/_lib\/file\/img\/IMGA0818 (1).JPG\" alt=\"2009 - Projeto Circuito Comunit\u00e1rio Saud\u00e1vel\">\n                                        <\/div>\n                <\/div>\n              <\/div>\n              <div class=\"container\">\n                <div class=\"row\">\n                  <div class=\"col-md-8 offset-md-2\">\n                    <small class=\"d-inline-block mb-3\">20 de 39<\/small> \n                        <h3 class=\"mb-3\">2009 &#8211; Projeto Circuito Comunit\u00e1rio Saud\u00e1vel<\/h3>\n                      <p><\/p>\n                                        <\/div>\n                <\/div>\n              <\/div>\n          <\/div> \n                  <div id=\"midia-21\" class=\"gallery-details__item\">\n              <div class=\"container-fluid\">\n                <div class=\"row\">\n                  <div class=\"col-12 mb-5 px-0 text-center gallery-details__image\">\n                                              <img decoding=\"async\" src=\"https:\/\/memo.museudapessoa.org\/app\/_lib\/file\/img\/DSC06745 (1).JPG\" alt=\"2009 - Projeto Circuito Comunit\u00e1rio Saud\u00e1vel\">\n                                        <\/div>\n                <\/div>\n              <\/div>\n              <div class=\"container\">\n                <div class=\"row\">\n                  <div class=\"col-md-8 offset-md-2\">\n                    <small class=\"d-inline-block mb-3\">21 de 39<\/small> \n                        <h3 class=\"mb-3\">2009 &#8211; Projeto Circuito Comunit\u00e1rio Saud\u00e1vel<\/h3>\n                      <p><\/p>\n                                        <\/div>\n                <\/div>\n              <\/div>\n          <\/div> \n                  <div id=\"midia-22\" class=\"gallery-details__item\">\n              <div class=\"container-fluid\">\n                <div class=\"row\">\n                  <div class=\"col-12 mb-5 px-0 text-center gallery-details__image\">\n                                              <img decoding=\"async\" src=\"https:\/\/memo.museudapessoa.org\/app\/_lib\/file\/img\/DSC02559 (1).JPG\" alt=\"2010 - Reuni\u00e3o Rede de Comuniadades Saud\u00e1veis\">\n                                        <\/div>\n                <\/div>\n              <\/div>\n              <div class=\"container\">\n                <div class=\"row\">\n                  <div class=\"col-md-8 offset-md-2\">\n                    <small class=\"d-inline-block mb-3\">22 de 39<\/small> \n                        <h3 class=\"mb-3\">2010 &#8211; Reuni\u00e3o Rede de Comuniadades Saud\u00e1veis<\/h3>\n                      <p><\/p>\n                                        <\/div>\n                <\/div>\n              <\/div>\n          <\/div> \n                  <div id=\"midia-23\" class=\"gallery-details__item\">\n              <div class=\"container-fluid\">\n                <div class=\"row\">\n                  <div class=\"col-12 mb-5 px-0 text-center gallery-details__image\">\n                                              <img decoding=\"async\" src=\"https:\/\/memo.museudapessoa.org\/app\/_lib\/file\/img\/IMG-20160523-WA0004 (1).jpg\" alt=\"2010 - 22nd IUHPE World Conference on Health Promotion in Curitiba\">\n                                        <\/div>\n                <\/div>\n              <\/div>\n              <div class=\"container\">\n                <div class=\"row\">\n                  <div class=\"col-md-8 offset-md-2\">\n                    <small class=\"d-inline-block mb-3\">23 de 39<\/small> \n                        <h3 class=\"mb-3\">2010 &#8211; 22nd IUHPE World Conference on Health Promotion in Curitiba<\/h3>\n                      <p><\/p>\n                                        <\/div>\n                <\/div>\n              <\/div>\n          <\/div> \n                  <div id=\"midia-24\" class=\"gallery-details__item\">\n              <div class=\"container-fluid\">\n                <div class=\"row\">\n                  <div class=\"col-12 mb-5 px-0 text-center gallery-details__image\">\n                                              <img decoding=\"async\" src=\"https:\/\/memo.museudapessoa.org\/app\/_lib\/file\/img\/2011 (2).jpg\" alt=\"2011\">\n                                        <\/div>\n                <\/div>\n              <\/div>\n              <div class=\"container\">\n                <div class=\"row\">\n                  <div class=\"col-md-8 offset-md-2\">\n                    <small class=\"d-inline-block mb-3\">24 de 39<\/small> \n                        <h3 class=\"mb-3\">2011<\/h3>\n                      <p><\/p>\n                                        <\/div>\n                <\/div>\n              <\/div>\n          <\/div> \n                  <div id=\"midia-25\" class=\"gallery-details__item\">\n              <div class=\"container-fluid\">\n                <div class=\"row\">\n                  <div class=\"col-12 mb-5 px-0 text-center gallery-details__image\">\n                                              <img decoding=\"async\" src=\"https:\/\/memo.museudapessoa.org\/app\/_lib\/file\/img\/2011 (3).jpg\" alt=\"2011\">\n                                        <\/div>\n                <\/div>\n              <\/div>\n              <div class=\"container\">\n                <div class=\"row\">\n                  <div class=\"col-md-8 offset-md-2\">\n                    <small class=\"d-inline-block mb-3\">25 de 39<\/small> \n                        <h3 class=\"mb-3\">2011<\/h3>\n                      <p><\/p>\n                                        <\/div>\n                <\/div>\n              <\/div>\n          <\/div> \n                  <div id=\"midia-26\" class=\"gallery-details__item\">\n              <div class=\"container-fluid\">\n                <div class=\"row\">\n                  <div class=\"col-12 mb-5 px-0 text-center gallery-details__image\">\n                                              <img decoding=\"async\" src=\"https:\/\/memo.museudapessoa.org\/app\/_lib\/file\/img\/2011 (4).JPG\" alt=\"2011 - Oficina de georrefer\u00eanciamento\">\n                                        <\/div>\n                <\/div>\n              <\/div>\n              <div class=\"container\">\n                <div class=\"row\">\n                  <div class=\"col-md-8 offset-md-2\">\n                    <small class=\"d-inline-block mb-3\">26 de 39<\/small> \n                        <h3 class=\"mb-3\">2011 &#8211; Oficina de georrefer\u00eanciamento<\/h3>\n                      <p><\/p>\n                                        <\/div>\n                <\/div>\n              <\/div>\n          <\/div> \n                  <div id=\"midia-27\" class=\"gallery-details__item\">\n              <div class=\"container-fluid\">\n                <div class=\"row\">\n                  <div class=\"col-12 mb-5 px-0 text-center gallery-details__image\">\n                                              <img decoding=\"async\" src=\"https:\/\/memo.museudapessoa.org\/app\/_lib\/file\/img\/2011 (5).JPG\" alt=\"2011\">\n                                        <\/div>\n                <\/div>\n              <\/div>\n              <div class=\"container\">\n                <div class=\"row\">\n                  <div class=\"col-md-8 offset-md-2\">\n                    <small class=\"d-inline-block mb-3\">27 de 39<\/small> \n                        <h3 class=\"mb-3\">2011<\/h3>\n                      <p><\/p>\n                                        <\/div>\n                <\/div>\n              <\/div>\n          <\/div> \n                  <div id=\"midia-28\" class=\"gallery-details__item\">\n              <div class=\"container-fluid\">\n                <div class=\"row\">\n                  <div class=\"col-12 mb-5 px-0 text-center gallery-details__image\">\n                                              <img decoding=\"async\" src=\"https:\/\/memo.museudapessoa.org\/app\/_lib\/file\/img\/2011 (6).jpg\" alt=\"2011\">\n                                        <\/div>\n                <\/div>\n              <\/div>\n              <div class=\"container\">\n                <div class=\"row\">\n                  <div class=\"col-md-8 offset-md-2\">\n                    <small class=\"d-inline-block mb-3\">28 de 39<\/small> \n                        <h3 class=\"mb-3\">2011<\/h3>\n                      <p><\/p>\n                                        <\/div>\n                <\/div>\n              <\/div>\n          <\/div> \n                  <div id=\"midia-29\" class=\"gallery-details__item\">\n              <div class=\"container-fluid\">\n                <div class=\"row\">\n                  <div class=\"col-12 mb-5 px-0 text-center gallery-details__image\">\n                                              <img decoding=\"async\" src=\"https:\/\/memo.museudapessoa.org\/app\/_lib\/file\/img\/Todos Pelo Direito ao Esporte Seguro.jpg\" alt=\"2012 - Todos Pelo Direito ao Esporte Seguro\">\n                                        <\/div>\n                <\/div>\n              <\/div>\n              <div class=\"container\">\n                <div class=\"row\">\n                  <div class=\"col-md-8 offset-md-2\">\n                    <small class=\"d-inline-block mb-3\">29 de 39<\/small> \n                        <h3 class=\"mb-3\">2012 &#8211; Todos Pelo Direito ao Esporte Seguro<\/h3>\n                      <p><\/p>\n                                        <\/div>\n                <\/div>\n              <\/div>\n          <\/div> \n                  <div id=\"midia-30\" class=\"gallery-details__item\">\n              <div class=\"container-fluid\">\n                <div class=\"row\">\n                  <div class=\"col-12 mb-5 px-0 text-center gallery-details__image\">\n                                              <img decoding=\"async\" src=\"https:\/\/memo.museudapessoa.org\/app\/_lib\/file\/img\/Reuni\u00e3o dos GALs com a Secret\u00e1ria de Pessoa com Defici\u00eancia, Georgette Vidor.jpg\" alt=\"2012 - Reuni\u00e3o dos gestores da UPP Social com os GALs que ficam em \u00e1reas de UPP, com a presen\u00e7a do P\">\n                                        <\/div>\n                <\/div>\n              <\/div>\n              <div class=\"container\">\n                <div class=\"row\">\n                  <div class=\"col-md-8 offset-md-2\">\n                    <small class=\"d-inline-block mb-3\">30 de 39<\/small> \n                        <h3 class=\"mb-3\">2012 &#8211; Reuni\u00e3o dos gestores da UPP Social com os GALs que ficam em \u00e1reas de UPP, com a presen\u00e7a do P<\/h3>\n                      <p><\/p>\n                                        <\/div>\n                <\/div>\n              <\/div>\n          <\/div> \n                  <div id=\"midia-31\" class=\"gallery-details__item\">\n              <div class=\"container-fluid\">\n                <div class=\"row\">\n                  <div class=\"col-12 mb-5 px-0 text-center gallery-details__image\">\n                                              <img decoding=\"async\" src=\"https:\/\/memo.museudapessoa.org\/app\/_lib\/file\/img\/Reuni\u00e3o dos GALs com a Secret\u00e1ria de Pessoa com Defici\u00eancia, Georgette Vidor.jpg\" alt=\"2012 - Reuni\u00e3o dos GALs com a Secret\u00e1ria de Pessoa com Defici\u00eancia, Georgette Vidor\">\n                                        <\/div>\n                <\/div>\n              <\/div>\n              <div class=\"container\">\n                <div class=\"row\">\n                  <div class=\"col-md-8 offset-md-2\">\n                    <small class=\"d-inline-block mb-3\">31 de 39<\/small> \n                        <h3 class=\"mb-3\">2012 &#8211; Reuni\u00e3o dos GALs com a Secret\u00e1ria de Pessoa com Defici\u00eancia, Georgette Vidor<\/h3>\n                      <p><\/p>\n                                        <\/div>\n                <\/div>\n              <\/div>\n          <\/div> \n                  <div id=\"midia-32\" class=\"gallery-details__item\">\n              <div class=\"container-fluid\">\n                <div class=\"row\">\n                  <div class=\"col-12 mb-5 px-0 text-center gallery-details__image\">\n                                              <img decoding=\"async\" src=\"https:\/\/memo.museudapessoa.org\/app\/_lib\/file\/img\/Oficina de Constru\u00e7\u00e3o de Brinquedos.jpg\" alt=\"2012 - Oficina de Constru\u00e7\u00e3o de Brinquedos\">\n                                        <\/div>\n                <\/div>\n              <\/div>\n              <div class=\"container\">\n                <div class=\"row\">\n                  <div class=\"col-md-8 offset-md-2\">\n                    <small class=\"d-inline-block mb-3\">32 de 39<\/small> \n                        <h3 class=\"mb-3\">2012 &#8211; Oficina de Constru\u00e7\u00e3o de Brinquedos<\/h3>\n                      <p><\/p>\n                                        <\/div>\n                <\/div>\n              <\/div>\n          <\/div> \n                  <div id=\"midia-33\" class=\"gallery-details__item\">\n              <div class=\"container-fluid\">\n                <div class=\"row\">\n                  <div class=\"col-12 mb-5 px-0 text-center gallery-details__image\">\n                                              <img decoding=\"async\" src=\"https:\/\/memo.museudapessoa.org\/app\/_lib\/file\/img\/GAL Ber\u00e7o dos Sonhos no evento de Celebra\u00e7\u00e3o da Sa\u00fade.jpg\" alt=\"2012 - GAL Ber\u00e7o dos Sonhos no evento de Celebra\u00e7\u00e3o da Sa\u00fade\">\n                                        <\/div>\n                <\/div>\n              <\/div>\n              <div class=\"container\">\n                <div class=\"row\">\n                  <div class=\"col-md-8 offset-md-2\">\n                    <small class=\"d-inline-block mb-3\">33 de 39<\/small> \n                        <h3 class=\"mb-3\">2012 &#8211; GAL Ber\u00e7o dos Sonhos no evento de Celebra\u00e7\u00e3o da Sa\u00fade<\/h3>\n                      <p><\/p>\n                                        <\/div>\n                <\/div>\n              <\/div>\n          <\/div> \n                  <div id=\"midia-34\" class=\"gallery-details__item\">\n              <div class=\"container-fluid\">\n                <div class=\"row\">\n                  <div class=\"col-12 mb-5 px-0 text-center gallery-details__image\">\n                                              <img decoding=\"async\" src=\"https:\/\/memo.museudapessoa.org\/app\/_lib\/file\/img\/2003_IIForoComunit\u00e1riodeAm\u00e9ricaLatinayelCaribeemVIH.SIDA.IST (3)(1).JPG\" alt=\"2003 - II Foro Comunit\u00e1rio de Am\u00e9rica Latina y el Caribe\">\n                                        <\/div>\n                <\/div>\n              <\/div>\n              <div class=\"container\">\n                <div class=\"row\">\n                  <div class=\"col-md-8 offset-md-2\">\n                    <small class=\"d-inline-block mb-3\">34 de 39<\/small> \n                        <h3 class=\"mb-3\">2003 &#8211; II Foro Comunit\u00e1rio de Am\u00e9rica Latina y el Caribe<\/h3>\n                      <p><\/p>\n                                        <\/div>\n                <\/div>\n              <\/div>\n          <\/div> \n                  <div id=\"midia-35\" class=\"gallery-details__item\">\n              <div class=\"container-fluid\">\n                <div class=\"row\">\n                  <div class=\"col-12 mb-5 px-0 text-center gallery-details__image\">\n                                              <img decoding=\"async\" src=\"https:\/\/memo.museudapessoa.org\/app\/_lib\/file\/img\/2003_IIForoComunit\u00e1riodeAm\u00e9ricaLatinayelCaribeemVIH.SIDA.IST(1).JPG\" alt=\"2003 - II Foro Comunit\u00e1rio de Am\u00e9rica Latina y el Caribe\">\n                                        <\/div>\n                <\/div>\n              <\/div>\n              <div class=\"container\">\n                <div class=\"row\">\n                  <div class=\"col-md-8 offset-md-2\">\n                    <small class=\"d-inline-block mb-3\">35 de 39<\/small> \n                        <h3 class=\"mb-3\">2003 &#8211; II Foro Comunit\u00e1rio de Am\u00e9rica Latina y el Caribe<\/h3>\n                      <p><\/p>\n                                        <\/div>\n                <\/div>\n              <\/div>\n          <\/div> \n                  <div id=\"midia-36\" class=\"gallery-details__item\">\n              <div class=\"container-fluid\">\n                <div class=\"row\">\n                  <div class=\"col-12 mb-5 px-0 text-center gallery-details__image\">\n                                              <img decoding=\"async\" src=\"https:\/\/memo.museudapessoa.org\/app\/_lib\/file\/img\/2003 -  II Foro en VIH SIDA ITS de America Latina Y El Caribe em Cuba (3).jpg\" alt=\"2003 - II Foro en VIH SIDA ITS de America Latina Y El Caribe em Cuba\">\n                                        <\/div>\n                <\/div>\n              <\/div>\n              <div class=\"container\">\n                <div class=\"row\">\n                  <div class=\"col-md-8 offset-md-2\">\n                    <small class=\"d-inline-block mb-3\">36 de 39<\/small> \n                        <h3 class=\"mb-3\">2003 &#8211; II Foro en VIH SIDA ITS de America Latina Y El Caribe em Cuba<\/h3>\n                      <p><\/p>\n                                        <\/div>\n                <\/div>\n              <\/div>\n          <\/div> \n                  <div id=\"midia-37\" class=\"gallery-details__item\">\n              <div class=\"container-fluid\">\n                <div class=\"row\">\n                  <div class=\"col-12 mb-5 px-0 text-center gallery-details__image\">\n                                              <img decoding=\"async\" src=\"https:\/\/memo.museudapessoa.org\/app\/_lib\/file\/img\/2003 -  II Foro en VIH SIDA ITS de America Latina Y El Caribe em Cuba (4).jpg\" alt=\"2003 - II Foro en VIH SIDA ITS de America Latina Y El Caribe em Cuba\">\n                                        <\/div>\n                <\/div>\n              <\/div>\n              <div class=\"container\">\n                <div class=\"row\">\n                  <div class=\"col-md-8 offset-md-2\">\n                    <small class=\"d-inline-block mb-3\">37 de 39<\/small> \n                        <h3 class=\"mb-3\">2003 &#8211; II Foro en VIH SIDA ITS de America Latina Y El Caribe em Cuba<\/h3>\n                      <p><\/p>\n                                        <\/div>\n                <\/div>\n              <\/div>\n          <\/div> \n                  <div id=\"midia-38\" class=\"gallery-details__item\">\n              <div class=\"container-fluid\">\n                <div class=\"row\">\n                  <div class=\"col-12 mb-5 px-0 text-center gallery-details__image\">\n                                              <img decoding=\"async\" src=\"https:\/\/memo.museudapessoa.org\/app\/_lib\/file\/img\/Eu Agente Jovem 2003 Sepetiba (1).JPG\" alt=\"2003 - Projeto Agente Jovem em Sepetiba\">\n                                        <\/div>\n                <\/div>\n              <\/div>\n              <div class=\"container\">\n                <div class=\"row\">\n                  <div class=\"col-md-8 offset-md-2\">\n                    <small class=\"d-inline-block mb-3\">38 de 39<\/small> \n                        <h3 class=\"mb-3\">2003 &#8211; Projeto Agente Jovem em Sepetiba<\/h3>\n                      <p><\/p>\n                                        <\/div>\n                <\/div>\n              <\/div>\n          <\/div> \n                  <div id=\"midia-39\" class=\"gallery-details__item\">\n              <div class=\"container-fluid\">\n                <div class=\"row\">\n                  <div class=\"col-12 mb-5 px-0 text-center gallery-details__image\">\n                                              <img decoding=\"async\" src=\"https:\/\/memo.museudapessoa.org\/app\/_lib\/file\/img\/equipe Cedaps 2009.jpg\" alt=\"2009 - Equipe CEDAPS\">\n                                        <\/div>\n                <\/div>\n              <\/div>\n              <div class=\"container\">\n                <div class=\"row\">\n                  <div class=\"col-md-8 offset-md-2\">\n                    <small class=\"d-inline-block mb-3\">39 de 39<\/small> \n                        <h3 class=\"mb-3\">2009 &#8211; Equipe CEDAPS<\/h3>\n                      <p><\/p>\n                                        <\/div>\n                <\/div>\n              <\/div>\n          <\/div> \n                <\/div>\n      <\/div>\n  <\/div><\/div>\n\n\n\n<section id=\"2013-a-2023---a-forca-da-diversidade-e-da-criatividade-da-comunidade-que-permanece-viva\" class=' margin-top-none margin-bottom-none padding-top-none padding-bottom-none' style='background-color:rgba(255,255,255,0);'>\n  <div class=\"container\">\n    <div class=\"row\">\n              <div class=\"col-md-12\">\n          <h2>2013 a 2023 &#8211; A for\u00e7a da diversidade e da criatividade da comunidade que permanece viva<\/h2>\n                  <\/div>\n          <\/div>\n    <div class=\"row\">\n      <div class=\"col-12\">\n      <div class=\"home-gallery \">\n                       <a data-bs-toggle=\"modal\" data-index=\"0\" href=\"#midia-1\" data-bs-target=\"#gallery-details-2013-a-2023---a-forca-da-diversidade-e-da-criatividade-da-comunidade-que-permanece-viva\"  class=\"gallery-item home-gallery__item  \">\n                  <img decoding=\"async\" src=\"https:\/\/memo.museudapessoa.org\/app\/_lib\/file\/img\/thumb\/Cachoeiras de Macacu 03-10-2013 (4) (1).JPG\" alt=\"2013 - Semin\u00e1rio em Cachoeira de Macacu\">       \n              <\/a>\n                          <a data-bs-toggle=\"modal\" data-index=\"1\" href=\"#midia-2\" data-bs-target=\"#gallery-details-2013-a-2023---a-forca-da-diversidade-e-da-criatividade-da-comunidade-que-permanece-viva\"  class=\"gallery-item home-gallery__item  \">\n                  <img decoding=\"async\" src=\"https:\/\/memo.museudapessoa.org\/app\/_lib\/file\/img\/thumb\/Cachoeiras de Macacu 03-10-2013 (5) (1).JPG\" alt=\"2013 - Semin\u00e1rio em Cachoeira de Macacu\">       \n              <\/a>\n                          <a data-bs-toggle=\"modal\" data-index=\"2\" href=\"#midia-3\" data-bs-target=\"#gallery-details-2013-a-2023---a-forca-da-diversidade-e-da-criatividade-da-comunidade-que-permanece-viva\"  class=\"gallery-item home-gallery__item  \">\n                  <img decoding=\"async\" src=\"https:\/\/memo.museudapessoa.org\/app\/_lib\/file\/img\/thumb\/Cachoeiras de Macacu 05-10-2013 (12) (1).jpg\" alt=\"2013 - Semin\u00e1rio em Cachoeira de Macacu\">       \n              <\/a>\n                          <a data-bs-toggle=\"modal\" data-index=\"3\" href=\"#midia-4\" data-bs-target=\"#gallery-details-2013-a-2023---a-forca-da-diversidade-e-da-criatividade-da-comunidade-que-permanece-viva\"  class=\"gallery-item home-gallery__item  \">\n                  <img decoding=\"async\" src=\"https:\/\/memo.museudapessoa.org\/app\/_lib\/file\/img\/thumb\/2014 (2).JPG\" alt=\"2014 - Rede de Comunidades Saud\u00e1veis\">       \n              <\/a>\n                          <a data-bs-toggle=\"modal\" data-index=\"4\" href=\"#midia-5\" data-bs-target=\"#gallery-details-2013-a-2023---a-forca-da-diversidade-e-da-criatividade-da-comunidade-que-permanece-viva\"  class=\"gallery-item home-gallery__item  \">\n                  <img decoding=\"async\" src=\"https:\/\/memo.museudapessoa.org\/app\/_lib\/file\/img\/thumb\/2014 (3).JPG\" alt=\"2014 - Rede de Comunidades Saud\u00e1veis\">       \n              <\/a>\n                          <a data-bs-toggle=\"modal\" data-index=\"5\" href=\"#midia-6\" data-bs-target=\"#gallery-details-2013-a-2023---a-forca-da-diversidade-e-da-criatividade-da-comunidade-que-permanece-viva\"  class=\"gallery-item home-gallery__item  \">\n                  <img decoding=\"async\" src=\"https:\/\/memo.museudapessoa.org\/app\/_lib\/file\/img\/thumb\/2014 (5).jpg\" alt=\"2014 - Curso de elabora\u00e7\u00e3o e gest\u00e3o de projetos sociais em S\u00e3o Jos\u00e9 do Campo (SP)\">       \n              <\/a>\n                          <a data-bs-toggle=\"modal\" data-index=\"6\" href=\"#midia-7\" data-bs-target=\"#gallery-details-2013-a-2023---a-forca-da-diversidade-e-da-criatividade-da-comunidade-que-permanece-viva\"  class=\"gallery-item home-gallery__item  \">\n                  <img decoding=\"async\" src=\"https:\/\/memo.museudapessoa.org\/app\/_lib\/file\/img\/thumb\/2014 (1).jpg\" alt=\"2014 - Curso de elabora\u00e7\u00e3o e gest\u00e3o de projetos sociais em S\u00e3o Jos\u00e9 dos Campos (SP)\">       \n              <\/a>\n                          <a data-bs-toggle=\"modal\" data-index=\"7\" href=\"#midia-8\" data-bs-target=\"#gallery-details-2013-a-2023---a-forca-da-diversidade-e-da-criatividade-da-comunidade-que-permanece-viva\"  class=\"gallery-item home-gallery__item  \">\n                  <img decoding=\"async\" src=\"https:\/\/memo.museudapessoa.org\/app\/_lib\/file\/img\/thumb\/2015_Oficina com mapa falante no Assentamento Calif\u00f3rnia_Ciclo Sa\u00fade (1).jpg\" alt=\"2015 - Oficina com mapa falante no Assentamento Calif\u00f3rnia_Ciclo Sa\u00fade\">       \n              <\/a>\n                          <a data-bs-toggle=\"modal\" data-index=\"8\" href=\"#midia-9\" data-bs-target=\"#gallery-details-2013-a-2023---a-forca-da-diversidade-e-da-criatividade-da-comunidade-que-permanece-viva\"  class=\"gallery-item home-gallery__item  \">\n                  <img decoding=\"async\" src=\"https:\/\/memo.museudapessoa.org\/app\/_lib\/file\/img\/thumb\/2016-Fala, Comunidade (1).JPG\" alt=\"2016 - Fala, Comunidade!\">       \n              <\/a>\n                          <a data-bs-toggle=\"modal\" data-index=\"9\" href=\"#midia-10\" data-bs-target=\"#gallery-details-2013-a-2023---a-forca-da-diversidade-e-da-criatividade-da-comunidade-que-permanece-viva\"  class=\"gallery-item home-gallery__item  \">\n                  <img decoding=\"async\" src=\"https:\/\/memo.museudapessoa.org\/app\/_lib\/file\/img\/thumb\/2016-Jovens Construtores-Morro do Borel (1) (1).jpg\" alt=\"2016 - Jovens Construtores - Morro do Borel\">       \n              <\/a>\n                          <a data-bs-toggle=\"modal\" data-index=\"10\" href=\"#midia-11\" data-bs-target=\"#gallery-details-2013-a-2023---a-forca-da-diversidade-e-da-criatividade-da-comunidade-que-permanece-viva\"  class=\"gallery-item home-gallery__item  \">\n                  <img decoding=\"async\" src=\"https:\/\/memo.museudapessoa.org\/app\/_lib\/file\/img\/thumb\/2016_Encontro Regional Cana\u00e3 dos Caraj\u00e1s_Ciclo Sa\u00fade Cana\u00e3 (2).jpg\" alt=\"2016 - Encontro Regional Cana\u00e3 dos Caraj\u00e1s_Ciclo Sa\u00fade Cana\u00e3\">       \n              <\/a>\n                          <a data-bs-toggle=\"modal\" data-index=\"11\" href=\"#midia-12\" data-bs-target=\"#gallery-details-2013-a-2023---a-forca-da-diversidade-e-da-criatividade-da-comunidade-que-permanece-viva\"  class=\"gallery-item home-gallery__item  \">\n                  <img decoding=\"async\" src=\"https:\/\/memo.museudapessoa.org\/app\/_lib\/file\/img\/thumb\/2017_Oficina unidades de sa\u00fade e Jovens Construtores em Sa\u00fade_Ciclo Sa\u00fade Parauapebas (1).JPG\" alt=\"2017 - Oficina unidades de sa\u00fade e Jovens Construtores em Sa\u00fade_Ciclo Sa\u00fade Parauapebas\">       \n              <\/a>\n                          <a data-bs-toggle=\"modal\" data-index=\"12\" href=\"#midia-13\" data-bs-target=\"#gallery-details-2013-a-2023---a-forca-da-diversidade-e-da-criatividade-da-comunidade-que-permanece-viva\"  class=\"gallery-item home-gallery__item  \">\n                  <img decoding=\"async\" src=\"https:\/\/memo.museudapessoa.org\/app\/_lib\/file\/img\/thumb\/2017_Jornada Ciclo Sa\u00fade Itabira_Ciclo Sa\u00fade Itabira  (1).jpg\" alt=\"2017 - Jornada Ciclo Sa\u00fade Itabira_Ciclo Sa\u00fade Itabira\">       \n              <\/a>\n                          <a data-bs-toggle=\"modal\" data-index=\"13\" href=\"#midia-14\" data-bs-target=\"#gallery-details-2013-a-2023---a-forca-da-diversidade-e-da-criatividade-da-comunidade-que-permanece-viva\"  class=\"gallery-item home-gallery__item  \">\n                  <img decoding=\"async\" src=\"https:\/\/memo.museudapessoa.org\/app\/_lib\/file\/img\/thumb\/2018_Oficina forma\u00e7\u00e3o para uso de materiais educativos em sa\u00fade_Ciclo Sa\u00fade Serra Pelada (1).JPG\" alt=\"2018 - Oficina forma\u00e7\u00e3o para uso de materiais educativos em sa\u00fade_Ciclo Sa\u00fade Serra Pelada\">       \n              <\/a>\n                          <a data-bs-toggle=\"modal\" data-index=\"14\" href=\"#midia-15\" data-bs-target=\"#gallery-details-2013-a-2023---a-forca-da-diversidade-e-da-criatividade-da-comunidade-que-permanece-viva\"  class=\"gallery-item home-gallery__item  \">\n                  <img decoding=\"async\" src=\"https:\/\/memo.museudapessoa.org\/app\/_lib\/file\/img\/thumb\/2019-Semin\u00e1rio YouthBuild Estrat\u00e9gias e A\u00e7\u00f5es.jpg\" alt=\"2019 - Semin\u00e1rio YouthBuild Estrat\u00e9gias e A\u00e7\u00f5es\">       \n              <\/a>\n                          <a data-bs-toggle=\"modal\" data-index=\"15\" href=\"#midia-16\" data-bs-target=\"#gallery-details-2013-a-2023---a-forca-da-diversidade-e-da-criatividade-da-comunidade-que-permanece-viva\"  class=\"gallery-item home-gallery__item  \">\n                  <img decoding=\"async\" src=\"https:\/\/memo.museudapessoa.org\/app\/_lib\/file\/img\/thumb\/2019-CEJA-ativo comunit\u00e1rio-Mar\u00e9.jpg\" alt=\"2019 - CEJA-ativo comunit\u00e1rio-Mar\u00e9\">       \n              <\/a>\n                          <a data-bs-toggle=\"modal\" data-index=\"16\" href=\"#midia-17\" data-bs-target=\"#gallery-details-2013-a-2023---a-forca-da-diversidade-e-da-criatividade-da-comunidade-que-permanece-viva\"  class=\"gallery-item home-gallery__item  \">\n                  <img decoding=\"async\" src=\"https:\/\/memo.museudapessoa.org\/app\/_lib\/file\/img\/thumb\/2019_Oficina B\u00e1sica_Ciclo Sa\u00fade Brumadinho.jpg\" alt=\"2019 - Oficina B\u00e1sica_Ciclo Sa\u00fade Brumadinho.\">       \n              <\/a>\n                          <a data-bs-toggle=\"modal\" data-index=\"17\" href=\"#midia-18\" data-bs-target=\"#gallery-details-2013-a-2023---a-forca-da-diversidade-e-da-criatividade-da-comunidade-que-permanece-viva\"  class=\"gallery-item home-gallery__item  \">\n                  <img decoding=\"async\" src=\"https:\/\/memo.museudapessoa.org\/app\/_lib\/file\/img\/thumb\/2019_Oficina B\u00e1sica em Fund\u00e3o_Ciclo Sa\u00fade Vit\u00f3ria Minas.jpg\" alt=\"2019 - Oficina B\u00e1sica em Fund\u00e3o_Ciclo Sa\u00fade Vit\u00f3ria Minas\">       \n              <\/a>\n                          <a data-bs-toggle=\"modal\" data-index=\"18\" href=\"#midia-19\" data-bs-target=\"#gallery-details-2013-a-2023---a-forca-da-diversidade-e-da-criatividade-da-comunidade-que-permanece-viva\"  class=\"gallery-item home-gallery__item  \">\n                  <img decoding=\"async\" src=\"https:\/\/memo.museudapessoa.org\/app\/_lib\/file\/img\/thumb\/2019_Encontro Municipal_Ciclo Sa\u00fade S\u00e3o Lu\u00eds.jpg\" alt=\"2019 - Encontro Municipal_Ciclo Sa\u00fade S\u00e3o Lu\u00eds.\">       \n              <\/a>\n                          <a data-bs-toggle=\"modal\" data-index=\"19\" href=\"#midia-20\" data-bs-target=\"#gallery-details-2013-a-2023---a-forca-da-diversidade-e-da-criatividade-da-comunidade-que-permanece-viva\"  class=\"gallery-item home-gallery__item  \">\n                  <img decoding=\"async\" src=\"https:\/\/memo.museudapessoa.org\/app\/_lib\/file\/img\/thumb\/2019_Encontro Municipal Aimor\u00e9s_Ciclo Sa\u00fade Aimor\u00e9s e Resplendor.jpg\" alt=\"2019 - Encontro Municipal Aimor\u00e9s_Ciclo Sa\u00fade Aimor\u00e9s e Resplendor\">       \n              <\/a>\n                          <a data-bs-toggle=\"modal\" data-index=\"20\" href=\"#midia-21\" data-bs-target=\"#gallery-details-2013-a-2023---a-forca-da-diversidade-e-da-criatividade-da-comunidade-que-permanece-viva\"  class=\"gallery-item home-gallery__item  \">\n                  <img decoding=\"async\" src=\"https:\/\/memo.museudapessoa.org\/app\/_lib\/file\/img\/thumb\/2020-Projeto Fazer Chegar (3).jpg\" alt=\"2020 - Projeto Fazer Chega\">       \n              <\/a>\n                          <a data-bs-toggle=\"modal\" data-index=\"21\" href=\"#midia-22\" data-bs-target=\"#gallery-details-2013-a-2023---a-forca-da-diversidade-e-da-criatividade-da-comunidade-que-permanece-viva\"  class=\"gallery-item home-gallery__item  \">\n                  <img decoding=\"async\" src=\"https:\/\/memo.museudapessoa.org\/app\/_lib\/file\/img\/thumb\/2020-Projeto Fazer Chegar (2) (1).jpg\" alt=\"2020 - Projeto Fazer Chegar\">       \n              <\/a>\n                          <a data-bs-toggle=\"modal\" data-index=\"22\" href=\"#midia-23\" data-bs-target=\"#gallery-details-2013-a-2023---a-forca-da-diversidade-e-da-criatividade-da-comunidade-que-permanece-viva\"  class=\"gallery-item home-gallery__item  \">\n                  <img decoding=\"async\" src=\"https:\/\/memo.museudapessoa.org\/app\/_lib\/file\/img\/thumb\/2020-Projeto Fazer Chegar (1) (1).jpg\" alt=\"2020 - Projeto Fazer Chegar\">       \n              <\/a>\n                          <a data-bs-toggle=\"modal\" data-index=\"23\" href=\"#midia-24\" data-bs-target=\"#gallery-details-2013-a-2023---a-forca-da-diversidade-e-da-criatividade-da-comunidade-que-permanece-viva\"  class=\"gallery-item home-gallery__item  \">\n                  <img decoding=\"async\" src=\"https:\/\/memo.museudapessoa.org\/app\/_lib\/file\/img\/thumb\/2020-InterA\u00e7\u00e3o (Borel) (1) (1).jpg\" alt=\"2020 - InterA\u00e7\u00e3o (Borel)\">       \n              <\/a>\n                          <a data-bs-toggle=\"modal\" data-index=\"24\" href=\"#midia-25\" data-bs-target=\"#gallery-details-2013-a-2023---a-forca-da-diversidade-e-da-criatividade-da-comunidade-que-permanece-viva\"  class=\"gallery-item home-gallery__item  \">\n                  <img decoding=\"async\" src=\"https:\/\/memo.museudapessoa.org\/app\/_lib\/file\/img\/thumb\/2020-InterA\u00e7\u00e3o (Alem\u00e3o) (1) (1).JPG\" alt=\"2020 - InterA\u00e7\u00e3o (Alem\u00e3o)\">       \n              <\/a>\n                          <a data-bs-toggle=\"modal\" data-index=\"25\" href=\"#midia-26\" data-bs-target=\"#gallery-details-2013-a-2023---a-forca-da-diversidade-e-da-criatividade-da-comunidade-que-permanece-viva\"  class=\"gallery-item home-gallery__item  \">\n                  <img decoding=\"async\" src=\"https:\/\/memo.museudapessoa.org\/app\/_lib\/file\/img\/thumb\/2020-Distribui\u00e7\u00e3o de cestas Move Caminhos (2).jpeg\" alt=\"2020 - Distribui\u00e7\u00e3o de cestas Move Caminhos\">       \n              <\/a>\n                          <a data-bs-toggle=\"modal\" data-index=\"26\" href=\"#midia-27\" data-bs-target=\"#gallery-details-2013-a-2023---a-forca-da-diversidade-e-da-criatividade-da-comunidade-que-permanece-viva\"  class=\"gallery-item home-gallery__item  \">\n                  <img decoding=\"async\" src=\"https:\/\/memo.museudapessoa.org\/app\/_lib\/file\/img\/thumb\/2020-Distribui\u00e7\u00e3o de cestas Move Caminhos (1) (1).jpeg\" alt=\"2020 - Distribui\u00e7\u00e3o de cestas Move Caminhos\">       \n              <\/a>\n                          <a data-bs-toggle=\"modal\" data-index=\"27\" href=\"#midia-28\" data-bs-target=\"#gallery-details-2013-a-2023---a-forca-da-diversidade-e-da-criatividade-da-comunidade-que-permanece-viva\"  class=\"gallery-item home-gallery__item  \">\n                  <img decoding=\"async\" src=\"https:\/\/memo.museudapessoa.org\/app\/_lib\/file\/img\/thumb\/2022-TAH na Hora.jpeg\" alt=\"2022 - TAH na Hora\">       \n              <\/a>\n                          <a data-bs-toggle=\"modal\" data-index=\"28\" href=\"#midia-29\" data-bs-target=\"#gallery-details-2013-a-2023---a-forca-da-diversidade-e-da-criatividade-da-comunidade-que-permanece-viva\"  class=\"gallery-item home-gallery__item  \">\n                  <img decoding=\"async\" src=\"https:\/\/memo.museudapessoa.org\/app\/_lib\/file\/img\/thumb\/2022-TAH na Hora (6).jpeg\" alt=\"2022 - TAH na Hora\">       \n              <\/a>\n                          <a data-bs-toggle=\"modal\" data-index=\"29\" href=\"#midia-30\" data-bs-target=\"#gallery-details-2013-a-2023---a-forca-da-diversidade-e-da-criatividade-da-comunidade-que-permanece-viva\"  class=\"gallery-item home-gallery__item  \">\n                  <img decoding=\"async\" src=\"https:\/\/memo.museudapessoa.org\/app\/_lib\/file\/img\/thumb\/2022-TAH na Hora (5).jpeg\" alt=\"2022 - TAH na Hora\">       \n              <\/a>\n                          <a data-bs-toggle=\"modal\" data-index=\"30\" href=\"#midia-31\" data-bs-target=\"#gallery-details-2013-a-2023---a-forca-da-diversidade-e-da-criatividade-da-comunidade-que-permanece-viva\"  class=\"gallery-item home-gallery__item  \">\n                  <img decoding=\"async\" src=\"https:\/\/memo.museudapessoa.org\/app\/_lib\/file\/img\/thumb\/2022-TAH na Hora (3).jpeg\" alt=\"2022 - TAH na Hora\">       \n              <\/a>\n                          <a data-bs-toggle=\"modal\" data-index=\"31\" href=\"#midia-32\" data-bs-target=\"#gallery-details-2013-a-2023---a-forca-da-diversidade-e-da-criatividade-da-comunidade-que-permanece-viva\"  class=\"gallery-item home-gallery__item  \">\n                  <img decoding=\"async\" src=\"https:\/\/memo.museudapessoa.org\/app\/_lib\/file\/img\/thumb\/2022-TAH na Hora (2).jpeg\" alt=\"2022 - TAH na Hora\">       \n              <\/a>\n                          <a data-bs-toggle=\"modal\" data-index=\"32\" href=\"#midia-33\" data-bs-target=\"#gallery-details-2013-a-2023---a-forca-da-diversidade-e-da-criatividade-da-comunidade-que-permanece-viva\"  class=\"gallery-item home-gallery__item  \">\n                  <img decoding=\"async\" src=\"https:\/\/memo.museudapessoa.org\/app\/_lib\/file\/img\/thumb\/2022-TAH na Hora (1).jpeg\" alt=\"2022 - TAH na Hora\">       \n              <\/a>\n                          <a data-bs-toggle=\"modal\" data-index=\"33\" href=\"#midia-34\" data-bs-target=\"#gallery-details-2013-a-2023---a-forca-da-diversidade-e-da-criatividade-da-comunidade-que-permanece-viva\"  class=\"gallery-item home-gallery__item  \">\n                  <img decoding=\"async\" src=\"https:\/\/memo.museudapessoa.org\/app\/_lib\/file\/img\/thumb\/2022-Rede Nacional de Comunidade Saud\u00e1veis.jpeg\" alt=\"2022 - Rede Nacional de Comunidade Saud\u00e1veis\">       \n              <\/a>\n                          <a data-bs-toggle=\"modal\" data-index=\"34\" href=\"#midia-35\" data-bs-target=\"#gallery-details-2013-a-2023---a-forca-da-diversidade-e-da-criatividade-da-comunidade-que-permanece-viva\"  class=\"gallery-item home-gallery__item  \">\n                  <img decoding=\"async\" src=\"https:\/\/memo.museudapessoa.org\/app\/_lib\/file\/img\/thumb\/2022-Rede Nacional de Comunidade Saud\u00e1veis (5).jpg\" alt=\"2022 - Rede Nacional de Comunidade Saud\u00e1veis\">       \n              <\/a>\n                          <a data-bs-toggle=\"modal\" data-index=\"35\" href=\"#midia-36\" data-bs-target=\"#gallery-details-2013-a-2023---a-forca-da-diversidade-e-da-criatividade-da-comunidade-que-permanece-viva\"  class=\"gallery-item home-gallery__item  \">\n                  <img decoding=\"async\" src=\"https:\/\/memo.museudapessoa.org\/app\/_lib\/file\/img\/thumb\/2022-Rede Nacional de Comunidade Saud\u00e1veis (4).jpg\" alt=\"2022 - Rede Nacional de Comunidade Saud\u00e1veis\">       \n              <\/a>\n                          <a data-bs-toggle=\"modal\" data-index=\"36\" href=\"#midia-37\" data-bs-target=\"#gallery-details-2013-a-2023---a-forca-da-diversidade-e-da-criatividade-da-comunidade-que-permanece-viva\"  class=\"gallery-item home-gallery__item  \">\n                  <img decoding=\"async\" src=\"https:\/\/memo.museudapessoa.org\/app\/_lib\/file\/img\/thumb\/2022-Rede Nacional de Comunidade Saud\u00e1veis (3).JPG\" alt=\"2022 - Rede Nacional de Comunidade Saud\u00e1veis\">       \n              <\/a>\n                          <a data-bs-toggle=\"modal\" data-index=\"37\" href=\"#midia-38\" data-bs-target=\"#gallery-details-2013-a-2023---a-forca-da-diversidade-e-da-criatividade-da-comunidade-que-permanece-viva\"  class=\"gallery-item home-gallery__item  \">\n                  <img decoding=\"async\" src=\"https:\/\/memo.museudapessoa.org\/app\/_lib\/file\/img\/thumb\/2022-Rede Nacional de Comunidade Saud\u00e1veis (2).jpg\" alt=\"2022 - Rede Nacional de Comunidade Saud\u00e1veis\">       \n              <\/a>\n                          <a data-bs-toggle=\"modal\" data-index=\"38\" href=\"#midia-39\" data-bs-target=\"#gallery-details-2013-a-2023---a-forca-da-diversidade-e-da-criatividade-da-comunidade-que-permanece-viva\"  class=\"gallery-item home-gallery__item  \">\n                  <img decoding=\"async\" src=\"https:\/\/memo.museudapessoa.org\/app\/_lib\/file\/img\/thumb\/2022-Rede Nacional de Comunidade Saud\u00e1veis (1).JPG\" alt=\"2022 - Rede Nacional de Comunidade Saud\u00e1veis\">       \n              <\/a>\n                          <a data-bs-toggle=\"modal\" data-index=\"39\" href=\"#midia-40\" data-bs-target=\"#gallery-details-2013-a-2023---a-forca-da-diversidade-e-da-criatividade-da-comunidade-que-permanece-viva\"  class=\"gallery-item home-gallery__item  \">\n                  <img decoding=\"async\" src=\"https:\/\/memo.museudapessoa.org\/app\/_lib\/file\/img\/thumb\/2022-Lan\u00e7amento do livro_ Sensibilidades e Afetos da Experi\u00eancia Docente.jpg\" alt=\"2022- Lan\u00e7amento do livro \"Sensibilidades e Afetos da Experi\u00eancia Docente\"\">       \n              <\/a>\n                          <a data-bs-toggle=\"modal\" data-index=\"40\" href=\"#midia-41\" data-bs-target=\"#gallery-details-2013-a-2023---a-forca-da-diversidade-e-da-criatividade-da-comunidade-que-permanece-viva\"  class=\"gallery-item home-gallery__item  \">\n                  <img decoding=\"async\" src=\"https:\/\/memo.museudapessoa.org\/app\/_lib\/file\/img\/thumb\/2022-Jovens Construtores-Grava\u00e7\u00e3o V\u00eddeo Institucional (1).jpg\" alt=\"2022 - Jovens Construtores - Grava\u00e7\u00e3o de v\u00eddeo institucional\">       \n              <\/a>\n                          <a data-bs-toggle=\"modal\" data-index=\"41\" href=\"#midia-42\" data-bs-target=\"#gallery-details-2013-a-2023---a-forca-da-diversidade-e-da-criatividade-da-comunidade-que-permanece-viva\"  class=\"gallery-item home-gallery__item  \">\n                  <img decoding=\"async\" src=\"https:\/\/memo.museudapessoa.org\/app\/_lib\/file\/img\/thumb\/2022-Jovens Construtores-Edi\u00e7\u00e3o Muzema.jpg\" alt=\"2022-Jovens Construtores Edi\u00e7\u00e3o Muzema\">       \n              <\/a>\n                          <a data-bs-toggle=\"modal\" data-index=\"42\" href=\"#midia-43\" data-bs-target=\"#gallery-details-2013-a-2023---a-forca-da-diversidade-e-da-criatividade-da-comunidade-que-permanece-viva\"  class=\"gallery-item home-gallery__item  \">\n                  <img decoding=\"async\" src=\"https:\/\/memo.museudapessoa.org\/app\/_lib\/file\/img\/thumb\/2022-Jovens Construtores-Edi\u00e7\u00e3o CREJA.jpg\" alt=\"2022 - Jovens Construtores Edi\u00e7\u00e3o CREJA\">       \n              <\/a>\n                          <a data-bs-toggle=\"modal\" data-index=\"43\" href=\"#midia-44\" data-bs-target=\"#gallery-details-2013-a-2023---a-forca-da-diversidade-e-da-criatividade-da-comunidade-que-permanece-viva\"  class=\"gallery-item home-gallery__item  \">\n                  <img decoding=\"async\" src=\"https:\/\/memo.museudapessoa.org\/app\/_lib\/file\/img\/thumb\/2022-Jovens Construtores-Edi\u00e7\u00e3o CREJA (2).jpg\" alt=\"2022 - Jovens Construtores Edi\u00e7\u00e3o CREJA\">       \n              <\/a>\n                          <a data-bs-toggle=\"modal\" data-index=\"44\" href=\"#midia-45\" data-bs-target=\"#gallery-details-2013-a-2023---a-forca-da-diversidade-e-da-criatividade-da-comunidade-que-permanece-viva\"  class=\"gallery-item home-gallery__item  \">\n                  <img decoding=\"async\" src=\"https:\/\/memo.museudapessoa.org\/app\/_lib\/file\/img\/thumb\/2022-Conex\u00e3o Jovens Construtores (Provid\u00eancia).jpg\" alt=\"2022-Conex\u00e3o Jovens Construtores (Provid\u00eancia)\">       \n              <\/a>\n                          <a data-bs-toggle=\"modal\" data-index=\"45\" href=\"#midia-46\" data-bs-target=\"#gallery-details-2013-a-2023---a-forca-da-diversidade-e-da-criatividade-da-comunidade-que-permanece-viva\"  class=\"gallery-item home-gallery__item  \">\n                  <img decoding=\"async\" src=\"https:\/\/memo.museudapessoa.org\/app\/_lib\/file\/img\/thumb\/2022-Chama na Solu\u00e7\u00e3o (2).jpg\" alt=\"2022 - Chama na Solu\u00e7\u00e3o\">       \n              <\/a>\n                          <a data-bs-toggle=\"modal\" data-index=\"46\" href=\"#midia-47\" data-bs-target=\"#gallery-details-2013-a-2023---a-forca-da-diversidade-e-da-criatividade-da-comunidade-que-permanece-viva\"  class=\"gallery-item home-gallery__item  \">\n                  <img decoding=\"async\" src=\"https:\/\/memo.museudapessoa.org\/app\/_lib\/file\/img\/thumb\/2022-Chama na Solu\u00e7\u00e3o (1).jpg\" alt=\"2022 - Chama na Solu\u00e7\u00e3o\">       \n              <\/a>\n                          <a data-bs-toggle=\"modal\" data-index=\"47\" href=\"#midia-48\" data-bs-target=\"#gallery-details-2013-a-2023---a-forca-da-diversidade-e-da-criatividade-da-comunidade-que-permanece-viva\"  class=\"gallery-item home-gallery__item  \">\n                  <img decoding=\"async\" src=\"https:\/\/memo.museudapessoa.org\/app\/_lib\/file\/img\/thumb\/2022-Atitude Positiva (1).jpeg\" alt=\"2022-Atitude Positiva\">       \n              <\/a>\n                          <a data-bs-toggle=\"modal\" data-index=\"48\" href=\"#midia-49\" data-bs-target=\"#gallery-details-2013-a-2023---a-forca-da-diversidade-e-da-criatividade-da-comunidade-que-permanece-viva\"  class=\"gallery-item home-gallery__item  \">\n                  <img decoding=\"async\" src=\"https:\/\/memo.museudapessoa.org\/app\/_lib\/file\/img\/thumb\/2022-+ Crian\u00e7as Vacinadas \u2013 Covid na Parada (Prazeres).jpg\" alt=\"2022- + Crian\u00e7as Vacinadas \u2013 Covid na Parada (Prazeres)\">       \n              <\/a>\n                          <a data-bs-toggle=\"modal\" data-index=\"49\" href=\"#midia-50\" data-bs-target=\"#gallery-details-2013-a-2023---a-forca-da-diversidade-e-da-criatividade-da-comunidade-que-permanece-viva\"  class=\"gallery-item home-gallery__item  \">\n                  <img decoding=\"async\" src=\"https:\/\/memo.museudapessoa.org\/app\/_lib\/file\/img\/thumb\/2022-+ Crian\u00e7as Vacinadas \u2013 Covid na Parada (CDD).JPG\" alt=\"2022- + Crian\u00e7as Vacinadas \u2013 Covid na Parada (CDD)\">       \n              <\/a>\n                          <a data-bs-toggle=\"modal\" data-index=\"50\" href=\"#midia-51\" data-bs-target=\"#gallery-details-2013-a-2023---a-forca-da-diversidade-e-da-criatividade-da-comunidade-que-permanece-viva\"  class=\"gallery-item home-gallery__item  \">\n                  <img decoding=\"async\" src=\"https:\/\/memo.museudapessoa.org\/app\/_lib\/file\/img\/thumb\/2022_Oficina-Tem\u00e1tica-Sa\u00fade-Mental_Ciclo-Sa\u00fade-Ind\u00edgena.jpg\" alt=\"2022 - Oficina Tem\u00e1tica Sa\u00fade Mental_Ciclo Sa\u00fade Ind\u00edgena\" loading=\"lazy\">       \n              <\/a>\n                          <a data-bs-toggle=\"modal\" data-index=\"51\" href=\"#midia-52\" data-bs-target=\"#gallery-details-2013-a-2023---a-forca-da-diversidade-e-da-criatividade-da-comunidade-que-permanece-viva\"  class=\"gallery-item home-gallery__item  \">\n                  <img decoding=\"async\" src=\"https:\/\/memo.museudapessoa.org\/app\/_lib\/file\/img\/thumb\/2022_Oficina Mapa Falanta_Polo Z\u00e9 Doca_Ciclo Sa\u00fade Ind\u00edgena.jpeg\" alt=\"2022 - Oficina Mapa Falanta_Polo Z\u00e9 Doca_Ciclo Sa\u00fade Ind\u00edgena\">       \n              <\/a>\n                          <a data-bs-toggle=\"modal\" data-index=\"52\" href=\"#midia-53\" data-bs-target=\"#gallery-details-2013-a-2023---a-forca-da-diversidade-e-da-criatividade-da-comunidade-que-permanece-viva\"  class=\"gallery-item home-gallery__item  \">\n                  <img decoding=\"async\" src=\"https:\/\/memo.museudapessoa.org\/app\/_lib\/file\/img\/thumb\/2022_Encontro Municipal_Ciclo Sa\u00fade Par\u00e1 de Minas.jpg\" alt=\"2022 - Encontro Municipal_Ciclo Sa\u00fade Par\u00e1 de Minas.\">       \n              <\/a>\n                          <a data-bs-toggle=\"modal\" data-index=\"53\" href=\"#midia-54\" data-bs-target=\"#gallery-details-2013-a-2023---a-forca-da-diversidade-e-da-criatividade-da-comunidade-que-permanece-viva\"  class=\"gallery-item home-gallery__item  \">\n                  <img decoding=\"async\" src=\"https:\/\/memo.museudapessoa.org\/app\/_lib\/file\/img\/thumb\/2022_Encontro Municipal S\u00e3o Lu\u00eds_entrega de mapa falante_Fortalecer Prote\u00e7\u00e3o Social.JPG\" alt=\"2022 - Encontro Municipal S\u00e3o Lu\u00eds_entrega de mapa falante_Fortalecer Prote\u00e7\u00e3o Social\">       \n              <\/a>\n                          <a data-bs-toggle=\"modal\" data-index=\"54\" href=\"#midia-55\" data-bs-target=\"#gallery-details-2013-a-2023---a-forca-da-diversidade-e-da-criatividade-da-comunidade-que-permanece-viva\"  class=\"gallery-item home-gallery__item  \">\n                  <img decoding=\"async\" src=\"https:\/\/memo.museudapessoa.org\/app\/_lib\/file\/img\/thumb\/2022_Encontro Municipal Ibira\u00e7u_Fortalecer Prote\u00e7\u00e3o Social.jpg\" alt=\"2022 - Encontro Municipal Ibira\u00e7u_Fortalecer Prote\u00e7\u00e3o Social.\">       \n              <\/a>\n                          <a data-bs-toggle=\"modal\" data-index=\"55\" href=\"#midia-56\" data-bs-target=\"#gallery-details-2013-a-2023---a-forca-da-diversidade-e-da-criatividade-da-comunidade-que-permanece-viva\"  class=\"gallery-item home-gallery__item  \">\n                  <img decoding=\"async\" src=\"https:\/\/memo.museudapessoa.org\/app\/_lib\/file\/img\/thumb\/2023-Projeto AtivA\u00e7\u00e3o.jpg\" alt=\"2023 - Projeto AtivA\u00e7\u00e3o\">       \n              <\/a>\n                          <a data-bs-toggle=\"modal\" data-index=\"56\" href=\"#midia-57\" data-bs-target=\"#gallery-details-2013-a-2023---a-forca-da-diversidade-e-da-criatividade-da-comunidade-que-permanece-viva\"  class=\"gallery-item home-gallery__item  \">\n                  <img decoding=\"async\" src=\"https:\/\/memo.museudapessoa.org\/app\/_lib\/file\/img\/thumb\/2023-Projeto AtivA\u00e7\u00e3o.jpeg\" alt=\"2023 - Projeto AtivA\u00e7\u00e3o\">       \n              <\/a>\n                          <a data-bs-toggle=\"modal\" data-index=\"57\" href=\"#midia-58\" data-bs-target=\"#gallery-details-2013-a-2023---a-forca-da-diversidade-e-da-criatividade-da-comunidade-que-permanece-viva\"  class=\"gallery-item home-gallery__item  \">\n                  <img decoding=\"async\" src=\"https:\/\/memo.museudapessoa.org\/app\/_lib\/file\/img\/thumb\/2023-Projeto AtivA\u00e7\u00e3o (6).jpeg\" alt=\"2023 - Projeto AtivA\u00e7\u00e3o\">       \n              <\/a>\n                          <a data-bs-toggle=\"modal\" data-index=\"58\" href=\"#midia-59\" data-bs-target=\"#gallery-details-2013-a-2023---a-forca-da-diversidade-e-da-criatividade-da-comunidade-que-permanece-viva\"  class=\"gallery-item home-gallery__item  \">\n                  <img decoding=\"async\" src=\"https:\/\/memo.museudapessoa.org\/app\/_lib\/file\/img\/thumb\/2023-Projeto AtivA\u00e7\u00e3o (3).jpeg\" alt=\"2023 - Projeto AtivA\u00e7\u00e3o\">       \n              <\/a>\n                          <a data-bs-toggle=\"modal\" data-index=\"59\" href=\"#midia-60\" data-bs-target=\"#gallery-details-2013-a-2023---a-forca-da-diversidade-e-da-criatividade-da-comunidade-que-permanece-viva\"  class=\"gallery-item home-gallery__item  \">\n                  <img decoding=\"async\" src=\"https:\/\/memo.museudapessoa.org\/app\/_lib\/file\/img\/thumb\/2023-Projeto AtivA\u00e7\u00e3o (2).jpeg\" alt=\"2023 - Projeto AtivA\u00e7\u00e3o\">       \n              <\/a>\n                          <a data-bs-toggle=\"modal\" data-index=\"60\" href=\"#midia-61\" data-bs-target=\"#gallery-details-2013-a-2023---a-forca-da-diversidade-e-da-criatividade-da-comunidade-que-permanece-viva\"  class=\"gallery-item home-gallery__item  \">\n                  <img decoding=\"async\" src=\"https:\/\/memo.museudapessoa.org\/app\/_lib\/file\/img\/thumb\/2023-Projeto AtivA\u00e7\u00e3o (1).JPG\" alt=\"2023 - Projeto AtivA\u00e7\u00e3o\">       \n              <\/a>\n                          <a data-bs-toggle=\"modal\" data-index=\"61\" href=\"#midia-62\" data-bs-target=\"#gallery-details-2013-a-2023---a-forca-da-diversidade-e-da-criatividade-da-comunidade-que-permanece-viva\"  class=\"gallery-item home-gallery__item  \">\n                  <img decoding=\"async\" src=\"https:\/\/memo.museudapessoa.org\/app\/_lib\/file\/img\/thumb\/2023-Projeto AtivA\u00e7\u00e3o (1).jpeg\" alt=\"2023 - Projeto AtivA\u00e7\u00e3o\">       \n              <\/a>\n                          <a data-bs-toggle=\"modal\" data-index=\"62\" href=\"#midia-63\" data-bs-target=\"#gallery-details-2013-a-2023---a-forca-da-diversidade-e-da-criatividade-da-comunidade-que-permanece-viva\"  class=\"gallery-item home-gallery__item  \">\n                  <img decoding=\"async\" src=\"https:\/\/memo.museudapessoa.org\/app\/_lib\/file\/img\/thumb\/2023-Carnaval_-Distribui\u00e7\u00e3o-de-insumos-de-preven\u00e7\u00e3o-\u00e0s-IST_HIV-_2_.png\" alt=\"2023-Carnaval Distribui\u00e7\u00e3o de insumos de preven\u00e7\u00e3o \u00e0s IST\/HIV\" loading=\"lazy\">       \n              <\/a>\n                          <a data-bs-toggle=\"modal\" data-index=\"63\" href=\"#midia-64\" data-bs-target=\"#gallery-details-2013-a-2023---a-forca-da-diversidade-e-da-criatividade-da-comunidade-que-permanece-viva\"  class=\"gallery-item home-gallery__item  \">\n                  <img decoding=\"async\" src=\"https:\/\/memo.museudapessoa.org\/app\/_lib\/file\/img\/thumb\/2023_Oficina Tem\u00e1tica - Prepara\u00e7\u00e3o para o Encontro Intersetorial (SUS e SUAS) em Mangaratiba_Ciclo Sa\u00fade Prote\u00e7\u00e3o Social.JPG\" alt=\"2023 - Oficina Tem\u00e1tica: Prepara\u00e7\u00e3o para o Encontro Intersetorial (SUS e SUAS) em Mangaratiba_Ciclo \">       \n              <\/a>\n                          <a data-bs-toggle=\"modal\" data-index=\"64\" href=\"#midia-65\" data-bs-target=\"#gallery-details-2013-a-2023---a-forca-da-diversidade-e-da-criatividade-da-comunidade-que-permanece-viva\"  class=\"gallery-item home-gallery__item  \">\n                  <img decoding=\"async\" src=\"https:\/\/memo.museudapessoa.org\/app\/_lib\/file\/img\/thumb\/2023_Jornada de Sa\u00fade Mental_Ciclo Sa\u00fade Governador Valadares.jpg\" alt=\"2023- Jornada de Sa\u00fade Mental Ciclo Sa\u00fade Governador Valadares\">       \n              <\/a>\n                          <a data-bs-toggle=\"modal\" data-index=\"65\" href=\"#midia-66\" data-bs-target=\"#gallery-details-2013-a-2023---a-forca-da-diversidade-e-da-criatividade-da-comunidade-que-permanece-viva\"  class=\"gallery-item home-gallery__item  \">\n                  <img decoding=\"async\" src=\"https:\/\/memo.museudapessoa.org\/app\/_lib\/file\/img\/thumb\/2023_Encontro Municipal_Ciclo Sa\u00fade Corumb\u00e1.jpeg\" alt=\"2023 - Encontro Municipal Ciclo Sa\u00fade Corumb\u00e1.\">       \n              <\/a>\n                          <a data-bs-toggle=\"modal\" data-index=\"66\" href=\"#midia-67\" data-bs-target=\"#gallery-details-2013-a-2023---a-forca-da-diversidade-e-da-criatividade-da-comunidade-que-permanece-viva\"  class=\"gallery-item home-gallery__item  \">\n                  <img decoding=\"async\" src=\"https:\/\/memo.museudapessoa.org\/app\/_lib\/file\/img\/thumb\/2013-Frente Parlamentar Nacional de Tuberculose (1).jpg\" alt=\"2013-Frente Parlamentar Nacional de Tuberculose\">       \n              <\/a>\n                          <a data-bs-toggle=\"modal\" data-index=\"67\" href=\"#midia-68\" data-bs-target=\"#gallery-details-2013-a-2023---a-forca-da-diversidade-e-da-criatividade-da-comunidade-que-permanece-viva\"  class=\"gallery-item home-gallery__item  \">\n                  <img decoding=\"async\" src=\"https:\/\/memo.museudapessoa.org\/app\/_lib\/file\/img\/thumb\/2023_Encontro Municipal_Ciclo Sa\u00fade Colatina (1).jpg\" alt=\"2023 - Encontro Municipal Ciclo Sa\u00fade Colatina\">       \n              <\/a>\n                          <a data-bs-toggle=\"modal\" data-index=\"68\" href=\"#midia-69\" data-bs-target=\"#gallery-details-2013-a-2023---a-forca-da-diversidade-e-da-criatividade-da-comunidade-que-permanece-viva\"  class=\"gallery-item home-gallery__item  \">\n                  <img decoding=\"async\" src=\"https:\/\/memo.museudapessoa.org\/app\/_lib\/file\/img\/thumb\/2014 (4).jpg\" alt=\"2014 - Curso de elabora\u00e7\u00e3o e gest\u00e3o de projetos sociais em S\u00e3o Jos\u00e9 dos Campos (SP)\">       \n              <\/a>\n                          <a data-bs-toggle=\"modal\" data-index=\"69\" href=\"#midia-70\" data-bs-target=\"#gallery-details-2013-a-2023---a-forca-da-diversidade-e-da-criatividade-da-comunidade-que-permanece-viva\"  class=\"gallery-item home-gallery__item  \">\n                  <img decoding=\"async\" src=\"https:\/\/memo.museudapessoa.org\/app\/_lib\/file\/img\/thumb\/NilzaRog\u00e9ria_HV_Mariellenoeducap.jpg\" alt=\"Marielle no EDUCAP\" loading=\"lazy\">       \n              <\/a>\n                          <a data-bs-toggle=\"modal\" data-index=\"70\" href=\"#midia-71\" data-bs-target=\"#gallery-details-2013-a-2023---a-forca-da-diversidade-e-da-criatividade-da-comunidade-que-permanece-viva\"  class=\"gallery-item home-gallery__item  \">\n                  <img decoding=\"async\" src=\"https:\/\/memo.museudapessoa.org\/app\/_lib\/file\/img\/thumb\/2017-Jovens Construtores-Mangueira (1) (1).jpg\" alt=\"2017 - Jovens Construtores - Mangueira\">       \n              <\/a>\n                          <a data-bs-toggle=\"modal\" data-index=\"71\" href=\"#midia-72\" data-bs-target=\"#gallery-details-2013-a-2023---a-forca-da-diversidade-e-da-criatividade-da-comunidade-que-permanece-viva\"  class=\"gallery-item home-gallery__item  \">\n                  <img decoding=\"async\" src=\"https:\/\/memo.museudapessoa.org\/app\/_lib\/file\/img\/thumb\/Arthur_HV_FotosComplementares (1).jpeg\" alt=\"\">       \n              <\/a>\n                          <a data-bs-toggle=\"modal\" data-index=\"72\" href=\"#midia-73\" data-bs-target=\"#gallery-details-2013-a-2023---a-forca-da-diversidade-e-da-criatividade-da-comunidade-que-permanece-viva\"  class=\"gallery-item home-gallery__item  \">\n                  <img decoding=\"async\" src=\"https:\/\/memo.museudapessoa.org\/app\/_lib\/file\/img\/thumb\/2022-Semin\u00e1rio Educa\u00e7\u00e3o de Jovens e Adultos em Debate_ Reflex\u00f5es e Possibilidades Frente a Juveniliza\u00e7\u00e3o (2).jpg\" alt=\"2022 - Semin\u00e1rio Educa\u00e7\u00e3o de Jovens e Adultos em Debate_ Reflex\u00f5es e Possibilidades Frente a Juvenil\">       \n              <\/a>\n                          <a data-bs-toggle=\"modal\" data-index=\"73\" href=\"#midia-74\" data-bs-target=\"#gallery-details-2013-a-2023---a-forca-da-diversidade-e-da-criatividade-da-comunidade-que-permanece-viva\"  class=\"gallery-item home-gallery__item  \">\n                  <img decoding=\"async\" src=\"https:\/\/memo.museudapessoa.org\/app\/_lib\/file\/img\/thumb\/2022-Semin\u00e1rio Educa\u00e7\u00e3o de Jovens e Adultos em Debate_ Reflex\u00f5es e Possibilidades Frente a Juveniliza\u00e7\u00e3o (1).jpg\" alt=\"2022 - Semin\u00e1rio Educa\u00e7\u00e3o de Jovens e Adultos em Debate_ Reflex\u00f5es e Possibilidades Frente a Juvenil\">       \n              <\/a>\n                          <a data-bs-toggle=\"modal\" data-index=\"74\" href=\"#midia-75\" data-bs-target=\"#gallery-details-2013-a-2023---a-forca-da-diversidade-e-da-criatividade-da-comunidade-que-permanece-viva\"  class=\"gallery-item home-gallery__item  \">\n                  <img decoding=\"async\" src=\"https:\/\/memo.museudapessoa.org\/app\/_lib\/file\/img\/thumb\/2022-Rede Nacional de Comunidade Saud\u00e1veis (1).jpeg\" alt=\"2022 - Rede Nacional de Comunidade Saud\u00e1veis\">       \n              <\/a>\n                          <a data-bs-toggle=\"modal\" data-index=\"75\" href=\"#midia-76\" data-bs-target=\"#gallery-details-2013-a-2023---a-forca-da-diversidade-e-da-criatividade-da-comunidade-que-permanece-viva\"  class=\"gallery-item home-gallery__item  \">\n                  <img decoding=\"async\" src=\"https:\/\/memo.museudapessoa.org\/app\/_lib\/file\/img\/thumb\/2022-Lan\u00e7amento do livro_ Sensibilidades e Afetos da Experi\u00eancia Docente (1).jpg\" alt=\"2022 - Lan\u00e7amento do livro \"Sensibilidades e Afetos da Experi\u00eancia Docente\"\">       \n              <\/a>\n                          <a data-bs-toggle=\"modal\" data-index=\"76\" href=\"#midia-77\" data-bs-target=\"#gallery-details-2013-a-2023---a-forca-da-diversidade-e-da-criatividade-da-comunidade-que-permanece-viva\"  class=\"gallery-item home-gallery__item  \">\n                  <img decoding=\"async\" src=\"https:\/\/memo.museudapessoa.org\/app\/_lib\/file\/img\/thumb\/2022-Curso de forma\u00e7\u00e3o continuada \u201cAs experi\u00eancias de professores e professoras_ forma\u00e7\u00e3o-a\u00e7\u00e3o da EJA\u201d (1).jpg\" alt=\"2022-Curso de forma\u00e7\u00e3o continuada \u201cAs experi\u00eancias de professores e professoras_ forma\u00e7\u00e3o-a\u00e7\u00e3o da EJ\">       \n              <\/a>\n                          <a data-bs-toggle=\"modal\" data-index=\"77\" href=\"#midia-78\" data-bs-target=\"#gallery-details-2013-a-2023---a-forca-da-diversidade-e-da-criatividade-da-comunidade-que-permanece-viva\"  class=\"gallery-item home-gallery__item  \">\n                  <img decoding=\"async\" src=\"https:\/\/memo.museudapessoa.org\/app\/_lib\/file\/img\/thumb\/2022-+ Crian\u00e7as Vacinadas \u2013 Covid na Parada (Alem\u00e3o).jpeg\" alt=\"2022-+ Crian\u00e7as Vacinadas \u2013 Covid na Parada (Alem\u00e3o)\">       \n              <\/a>\n                          <a data-bs-toggle=\"modal\" data-index=\"78\" href=\"#midia-79\" data-bs-target=\"#gallery-details-2013-a-2023---a-forca-da-diversidade-e-da-criatividade-da-comunidade-que-permanece-viva\"  class=\"gallery-item home-gallery__item  \">\n                  <img decoding=\"async\" src=\"https:\/\/memo.museudapessoa.org\/app\/_lib\/file\/img\/thumb\/2023-Projeto AtivA\u00e7\u00e3o (2).JPG\" alt=\"2023 - Projeto AtivA\u00e7\u00e3o\">       \n              <\/a>\n                          <a data-bs-toggle=\"modal\" data-index=\"79\" href=\"#midia-80\" data-bs-target=\"#gallery-details-2013-a-2023---a-forca-da-diversidade-e-da-criatividade-da-comunidade-que-permanece-viva\"  class=\"gallery-item home-gallery__item  \">\n                  <img decoding=\"async\" src=\"https:\/\/memo.museudapessoa.org\/app\/_lib\/file\/img\/thumb\/2023-Fala, Comunidade.jpg\" alt=\"2023 - Fala, Comunidade!\">       \n              <\/a>\n                    <\/div>\n      <\/div>\n    <\/div>\n      <\/div>\n<\/section>\n\n<div id=\"gallery-details-2013-a-2023---a-forca-da-diversidade-e-da-criatividade-da-comunidade-que-permanece-viva\" class=\"modal gallery-details\" tabindex=\"-1\">\n    <button class=\"gallery-details__close\" data-bs-dismiss=\"modal\">Fechar<\/button>\n  <div class=\"modal-dialog\">\n    <div class=\"modal-content\">\n      <div class=\"gallery-details__carousel owl-theme owl-carousel\">\n                <div id=\"midia-1\" class=\"gallery-details__item\">\n              <div class=\"container-fluid\">\n                <div class=\"row\">\n                  <div class=\"col-12 mb-5 px-0 text-center gallery-details__image\">\n                                              <img decoding=\"async\" src=\"https:\/\/memo.museudapessoa.org\/app\/_lib\/file\/img\/Cachoeiras de Macacu 03-10-2013 (4) (1).JPG\" alt=\"2013 - Semin\u00e1rio em Cachoeira de Macacu\">\n                                        <\/div>\n                <\/div>\n              <\/div>\n              <div class=\"container\">\n                <div class=\"row\">\n                  <div class=\"col-md-8 offset-md-2\">\n                    <small class=\"d-inline-block mb-3\">1 de 80<\/small> \n                        <h3 class=\"mb-3\">2013 &#8211; Semin\u00e1rio em Cachoeira de Macacu<\/h3>\n                      <p><\/p>\n                                        <\/div>\n                <\/div>\n              <\/div>\n          <\/div> \n                  <div id=\"midia-2\" class=\"gallery-details__item\">\n              <div class=\"container-fluid\">\n                <div class=\"row\">\n                  <div class=\"col-12 mb-5 px-0 text-center gallery-details__image\">\n                                              <img decoding=\"async\" src=\"https:\/\/memo.museudapessoa.org\/app\/_lib\/file\/img\/Cachoeiras de Macacu 03-10-2013 (5) (1).JPG\" alt=\"2013 - Semin\u00e1rio em Cachoeira de Macacu\">\n                                        <\/div>\n                <\/div>\n              <\/div>\n              <div class=\"container\">\n                <div class=\"row\">\n                  <div class=\"col-md-8 offset-md-2\">\n                    <small class=\"d-inline-block mb-3\">2 de 80<\/small> \n                        <h3 class=\"mb-3\">2013 &#8211; Semin\u00e1rio em Cachoeira de Macacu<\/h3>\n                      <p><\/p>\n                                        <\/div>\n                <\/div>\n              <\/div>\n          <\/div> \n                  <div id=\"midia-3\" class=\"gallery-details__item\">\n              <div class=\"container-fluid\">\n                <div class=\"row\">\n                  <div class=\"col-12 mb-5 px-0 text-center gallery-details__image\">\n                                              <img decoding=\"async\" src=\"https:\/\/memo.museudapessoa.org\/app\/_lib\/file\/img\/Cachoeiras de Macacu 05-10-2013 (12) (1).jpg\" alt=\"2013 - Semin\u00e1rio em Cachoeira de Macacu\">\n                                        <\/div>\n                <\/div>\n              <\/div>\n              <div class=\"container\">\n                <div class=\"row\">\n                  <div class=\"col-md-8 offset-md-2\">\n                    <small class=\"d-inline-block mb-3\">3 de 80<\/small> \n                        <h3 class=\"mb-3\">2013 &#8211; Semin\u00e1rio em Cachoeira de Macacu<\/h3>\n                      <p><\/p>\n                                        <\/div>\n                <\/div>\n              <\/div>\n          <\/div> \n                  <div id=\"midia-4\" class=\"gallery-details__item\">\n              <div class=\"container-fluid\">\n                <div class=\"row\">\n                  <div class=\"col-12 mb-5 px-0 text-center gallery-details__image\">\n                                              <img decoding=\"async\" src=\"https:\/\/memo.museudapessoa.org\/app\/_lib\/file\/img\/2014 (2).JPG\" alt=\"2014 - Rede de Comunidades Saud\u00e1veis\">\n                                        <\/div>\n                <\/div>\n              <\/div>\n              <div class=\"container\">\n                <div class=\"row\">\n                  <div class=\"col-md-8 offset-md-2\">\n                    <small class=\"d-inline-block mb-3\">4 de 80<\/small> \n                        <h3 class=\"mb-3\">2014 &#8211; Rede de Comunidades Saud\u00e1veis<\/h3>\n                      <p><\/p>\n                                        <\/div>\n                <\/div>\n              <\/div>\n          <\/div> \n                  <div id=\"midia-5\" class=\"gallery-details__item\">\n              <div class=\"container-fluid\">\n                <div class=\"row\">\n                  <div class=\"col-12 mb-5 px-0 text-center gallery-details__image\">\n                                              <img decoding=\"async\" src=\"https:\/\/memo.museudapessoa.org\/app\/_lib\/file\/img\/2014 (3).JPG\" alt=\"2014 - Rede de Comunidades Saud\u00e1veis\">\n                                        <\/div>\n                <\/div>\n              <\/div>\n              <div class=\"container\">\n                <div class=\"row\">\n                  <div class=\"col-md-8 offset-md-2\">\n                    <small class=\"d-inline-block mb-3\">5 de 80<\/small> \n                        <h3 class=\"mb-3\">2014 &#8211; Rede de Comunidades Saud\u00e1veis<\/h3>\n                      <p><\/p>\n                                        <\/div>\n                <\/div>\n              <\/div>\n          <\/div> \n                  <div id=\"midia-6\" class=\"gallery-details__item\">\n              <div class=\"container-fluid\">\n                <div class=\"row\">\n                  <div class=\"col-12 mb-5 px-0 text-center gallery-details__image\">\n                                              <img decoding=\"async\" src=\"https:\/\/memo.museudapessoa.org\/app\/_lib\/file\/img\/2014 (5).jpg\" alt=\"2014 - Curso de elabora\u00e7\u00e3o e gest\u00e3o de projetos sociais em S\u00e3o Jos\u00e9 do Campo (SP)\">\n                                        <\/div>\n                <\/div>\n              <\/div>\n              <div class=\"container\">\n                <div class=\"row\">\n                  <div class=\"col-md-8 offset-md-2\">\n                    <small class=\"d-inline-block mb-3\">6 de 80<\/small> \n                        <h3 class=\"mb-3\">2014 &#8211; Curso de elabora\u00e7\u00e3o e gest\u00e3o de projetos sociais em S\u00e3o Jos\u00e9 do Campo (SP)<\/h3>\n                      <p><\/p>\n                                        <\/div>\n                <\/div>\n              <\/div>\n          <\/div> \n                  <div id=\"midia-7\" class=\"gallery-details__item\">\n              <div class=\"container-fluid\">\n                <div class=\"row\">\n                  <div class=\"col-12 mb-5 px-0 text-center gallery-details__image\">\n                                              <img decoding=\"async\" src=\"https:\/\/memo.museudapessoa.org\/app\/_lib\/file\/img\/2014 (1).jpg\" alt=\"2014 - Curso de elabora\u00e7\u00e3o e gest\u00e3o de projetos sociais em S\u00e3o Jos\u00e9 dos Campos (SP)\">\n                                        <\/div>\n                <\/div>\n              <\/div>\n              <div class=\"container\">\n                <div class=\"row\">\n                  <div class=\"col-md-8 offset-md-2\">\n                    <small class=\"d-inline-block mb-3\">7 de 80<\/small> \n                        <h3 class=\"mb-3\">2014 &#8211; Curso de elabora\u00e7\u00e3o e gest\u00e3o de projetos sociais em S\u00e3o Jos\u00e9 dos Campos (SP)<\/h3>\n                      <p><\/p>\n                                        <\/div>\n                <\/div>\n              <\/div>\n          <\/div> \n                  <div id=\"midia-8\" class=\"gallery-details__item\">\n              <div class=\"container-fluid\">\n                <div class=\"row\">\n                  <div class=\"col-12 mb-5 px-0 text-center gallery-details__image\">\n                                              <img decoding=\"async\" src=\"https:\/\/memo.museudapessoa.org\/app\/_lib\/file\/img\/2015_Oficina com mapa falante no Assentamento Calif\u00f3rnia_Ciclo Sa\u00fade (1).jpg\" alt=\"2015 - Oficina com mapa falante no Assentamento Calif\u00f3rnia_Ciclo Sa\u00fade\">\n                                        <\/div>\n                <\/div>\n              <\/div>\n              <div class=\"container\">\n                <div class=\"row\">\n                  <div class=\"col-md-8 offset-md-2\">\n                    <small class=\"d-inline-block mb-3\">8 de 80<\/small> \n                        <h3 class=\"mb-3\">2015 &#8211; Oficina com mapa falante no Assentamento Calif\u00f3rnia_Ciclo Sa\u00fade<\/h3>\n                      <p><\/p>\n                                        <\/div>\n                <\/div>\n              <\/div>\n          <\/div> \n                  <div id=\"midia-9\" class=\"gallery-details__item\">\n              <div class=\"container-fluid\">\n                <div class=\"row\">\n                  <div class=\"col-12 mb-5 px-0 text-center gallery-details__image\">\n                                              <img decoding=\"async\" src=\"https:\/\/memo.museudapessoa.org\/app\/_lib\/file\/img\/2016-Fala, Comunidade (1).JPG\" alt=\"2016 - Fala, Comunidade!\">\n                                        <\/div>\n                <\/div>\n              <\/div>\n              <div class=\"container\">\n                <div class=\"row\">\n                  <div class=\"col-md-8 offset-md-2\">\n                    <small class=\"d-inline-block mb-3\">9 de 80<\/small> \n                        <h3 class=\"mb-3\">2016 &#8211; Fala, Comunidade!<\/h3>\n                      <p><\/p>\n                                        <\/div>\n                <\/div>\n              <\/div>\n          <\/div> \n                  <div id=\"midia-10\" class=\"gallery-details__item\">\n              <div class=\"container-fluid\">\n                <div class=\"row\">\n                  <div class=\"col-12 mb-5 px-0 text-center gallery-details__image\">\n                                              <img decoding=\"async\" src=\"https:\/\/memo.museudapessoa.org\/app\/_lib\/file\/img\/2016-Jovens Construtores-Morro do Borel (1) (1).jpg\" alt=\"2016 - Jovens Construtores - Morro do Borel\">\n                                        <\/div>\n                <\/div>\n              <\/div>\n              <div class=\"container\">\n                <div class=\"row\">\n                  <div class=\"col-md-8 offset-md-2\">\n                    <small class=\"d-inline-block mb-3\">10 de 80<\/small> \n                        <h3 class=\"mb-3\">2016 &#8211; Jovens Construtores &#8211; Morro do Borel<\/h3>\n                      <p><\/p>\n                                        <\/div>\n                <\/div>\n              <\/div>\n          <\/div> \n                  <div id=\"midia-11\" class=\"gallery-details__item\">\n              <div class=\"container-fluid\">\n                <div class=\"row\">\n                  <div class=\"col-12 mb-5 px-0 text-center gallery-details__image\">\n                                              <img decoding=\"async\" src=\"https:\/\/memo.museudapessoa.org\/app\/_lib\/file\/img\/2016_Encontro Regional Cana\u00e3 dos Caraj\u00e1s_Ciclo Sa\u00fade Cana\u00e3 (2).jpg\" alt=\"2016 - Encontro Regional Cana\u00e3 dos Caraj\u00e1s_Ciclo Sa\u00fade Cana\u00e3\">\n                                        <\/div>\n                <\/div>\n              <\/div>\n              <div class=\"container\">\n                <div class=\"row\">\n                  <div class=\"col-md-8 offset-md-2\">\n                    <small class=\"d-inline-block mb-3\">11 de 80<\/small> \n                        <h3 class=\"mb-3\">2016 &#8211; Encontro Regional Cana\u00e3 dos Caraj\u00e1s_Ciclo Sa\u00fade Cana\u00e3<\/h3>\n                      <p><\/p>\n                                        <\/div>\n                <\/div>\n              <\/div>\n          <\/div> \n                  <div id=\"midia-12\" class=\"gallery-details__item\">\n              <div class=\"container-fluid\">\n                <div class=\"row\">\n                  <div class=\"col-12 mb-5 px-0 text-center gallery-details__image\">\n                                              <img decoding=\"async\" src=\"https:\/\/memo.museudapessoa.org\/app\/_lib\/file\/img\/2017_Oficina unidades de sa\u00fade e Jovens Construtores em Sa\u00fade_Ciclo Sa\u00fade Parauapebas (1).JPG\" alt=\"2017 - Oficina unidades de sa\u00fade e Jovens Construtores em Sa\u00fade_Ciclo Sa\u00fade Parauapebas\">\n                                        <\/div>\n                <\/div>\n              <\/div>\n              <div class=\"container\">\n                <div class=\"row\">\n                  <div class=\"col-md-8 offset-md-2\">\n                    <small class=\"d-inline-block mb-3\">12 de 80<\/small> \n                        <h3 class=\"mb-3\">2017 &#8211; Oficina unidades de sa\u00fade e Jovens Construtores em Sa\u00fade_Ciclo Sa\u00fade Parauapebas<\/h3>\n                      <p><\/p>\n                                        <\/div>\n                <\/div>\n              <\/div>\n          <\/div> \n                  <div id=\"midia-13\" class=\"gallery-details__item\">\n              <div class=\"container-fluid\">\n                <div class=\"row\">\n                  <div class=\"col-12 mb-5 px-0 text-center gallery-details__image\">\n                                              <img decoding=\"async\" src=\"https:\/\/memo.museudapessoa.org\/app\/_lib\/file\/img\/2017_Jornada Ciclo Sa\u00fade Itabira_Ciclo Sa\u00fade Itabira  (1).jpg\" alt=\"2017 - Jornada Ciclo Sa\u00fade Itabira_Ciclo Sa\u00fade Itabira\">\n                                        <\/div>\n                <\/div>\n              <\/div>\n              <div class=\"container\">\n                <div class=\"row\">\n                  <div class=\"col-md-8 offset-md-2\">\n                    <small class=\"d-inline-block mb-3\">13 de 80<\/small> \n                        <h3 class=\"mb-3\">2017 &#8211; Jornada Ciclo Sa\u00fade Itabira_Ciclo Sa\u00fade Itabira<\/h3>\n                      <p><\/p>\n                                        <\/div>\n                <\/div>\n              <\/div>\n          <\/div> \n                  <div id=\"midia-14\" class=\"gallery-details__item\">\n              <div class=\"container-fluid\">\n                <div class=\"row\">\n                  <div class=\"col-12 mb-5 px-0 text-center gallery-details__image\">\n                                              <img decoding=\"async\" src=\"https:\/\/memo.museudapessoa.org\/app\/_lib\/file\/img\/2018_Oficina forma\u00e7\u00e3o para uso de materiais educativos em sa\u00fade_Ciclo Sa\u00fade Serra Pelada (1).JPG\" alt=\"2018 - Oficina forma\u00e7\u00e3o para uso de materiais educativos em sa\u00fade_Ciclo Sa\u00fade Serra Pelada\">\n                                        <\/div>\n                <\/div>\n              <\/div>\n              <div class=\"container\">\n                <div class=\"row\">\n                  <div class=\"col-md-8 offset-md-2\">\n                    <small class=\"d-inline-block mb-3\">14 de 80<\/small> \n                        <h3 class=\"mb-3\">2018 &#8211; Oficina forma\u00e7\u00e3o para uso de materiais educativos em sa\u00fade_Ciclo Sa\u00fade Serra Pelada<\/h3>\n                      <p><\/p>\n                                        <\/div>\n                <\/div>\n              <\/div>\n          <\/div> \n                  <div id=\"midia-15\" class=\"gallery-details__item\">\n              <div class=\"container-fluid\">\n                <div class=\"row\">\n                  <div class=\"col-12 mb-5 px-0 text-center gallery-details__image\">\n                                              <img decoding=\"async\" src=\"https:\/\/memo.museudapessoa.org\/app\/_lib\/file\/img\/2019-Semin\u00e1rio YouthBuild Estrat\u00e9gias e A\u00e7\u00f5es.jpg\" alt=\"2019 - Semin\u00e1rio YouthBuild Estrat\u00e9gias e A\u00e7\u00f5es\">\n                                        <\/div>\n                <\/div>\n              <\/div>\n              <div class=\"container\">\n                <div class=\"row\">\n                  <div class=\"col-md-8 offset-md-2\">\n                    <small class=\"d-inline-block mb-3\">15 de 80<\/small> \n                        <h3 class=\"mb-3\">2019 &#8211; Semin\u00e1rio YouthBuild Estrat\u00e9gias e A\u00e7\u00f5es<\/h3>\n                      <p><\/p>\n                                        <\/div>\n                <\/div>\n              <\/div>\n          <\/div> \n                  <div id=\"midia-16\" class=\"gallery-details__item\">\n              <div class=\"container-fluid\">\n                <div class=\"row\">\n                  <div class=\"col-12 mb-5 px-0 text-center gallery-details__image\">\n                                              <img decoding=\"async\" src=\"https:\/\/memo.museudapessoa.org\/app\/_lib\/file\/img\/2019-CEJA-ativo comunit\u00e1rio-Mar\u00e9.jpg\" alt=\"2019 - CEJA-ativo comunit\u00e1rio-Mar\u00e9\">\n                                        <\/div>\n                <\/div>\n              <\/div>\n              <div class=\"container\">\n                <div class=\"row\">\n                  <div class=\"col-md-8 offset-md-2\">\n                    <small class=\"d-inline-block mb-3\">16 de 80<\/small> \n                        <h3 class=\"mb-3\">2019 &#8211; CEJA-ativo comunit\u00e1rio-Mar\u00e9<\/h3>\n                      <p><\/p>\n                                        <\/div>\n                <\/div>\n              <\/div>\n          <\/div> \n                  <div id=\"midia-17\" class=\"gallery-details__item\">\n              <div class=\"container-fluid\">\n                <div class=\"row\">\n                  <div class=\"col-12 mb-5 px-0 text-center gallery-details__image\">\n                                              <img decoding=\"async\" src=\"https:\/\/memo.museudapessoa.org\/app\/_lib\/file\/img\/2019_Oficina B\u00e1sica_Ciclo Sa\u00fade Brumadinho.jpg\" alt=\"2019 - Oficina B\u00e1sica_Ciclo Sa\u00fade Brumadinho.\">\n                                        <\/div>\n                <\/div>\n              <\/div>\n              <div class=\"container\">\n                <div class=\"row\">\n                  <div class=\"col-md-8 offset-md-2\">\n                    <small class=\"d-inline-block mb-3\">17 de 80<\/small> \n                        <h3 class=\"mb-3\">2019 &#8211; Oficina B\u00e1sica_Ciclo Sa\u00fade Brumadinho.<\/h3>\n                      <p><\/p>\n                                        <\/div>\n                <\/div>\n              <\/div>\n          <\/div> \n                  <div id=\"midia-18\" class=\"gallery-details__item\">\n              <div class=\"container-fluid\">\n                <div class=\"row\">\n                  <div class=\"col-12 mb-5 px-0 text-center gallery-details__image\">\n                                              <img decoding=\"async\" src=\"https:\/\/memo.museudapessoa.org\/app\/_lib\/file\/img\/2019_Oficina B\u00e1sica em Fund\u00e3o_Ciclo Sa\u00fade Vit\u00f3ria Minas.jpg\" alt=\"2019 - Oficina B\u00e1sica em Fund\u00e3o_Ciclo Sa\u00fade Vit\u00f3ria Minas\">\n                                        <\/div>\n                <\/div>\n              <\/div>\n              <div class=\"container\">\n                <div class=\"row\">\n                  <div class=\"col-md-8 offset-md-2\">\n                    <small class=\"d-inline-block mb-3\">18 de 80<\/small> \n                        <h3 class=\"mb-3\">2019 &#8211; Oficina B\u00e1sica em Fund\u00e3o_Ciclo Sa\u00fade Vit\u00f3ria Minas<\/h3>\n                      <p><\/p>\n                                        <\/div>\n                <\/div>\n              <\/div>\n          <\/div> \n                  <div id=\"midia-19\" class=\"gallery-details__item\">\n              <div class=\"container-fluid\">\n                <div class=\"row\">\n                  <div class=\"col-12 mb-5 px-0 text-center gallery-details__image\">\n                                              <img decoding=\"async\" src=\"https:\/\/memo.museudapessoa.org\/app\/_lib\/file\/img\/2019_Encontro Municipal_Ciclo Sa\u00fade S\u00e3o Lu\u00eds.jpg\" alt=\"2019 - Encontro Municipal_Ciclo Sa\u00fade S\u00e3o Lu\u00eds.\">\n                                        <\/div>\n                <\/div>\n              <\/div>\n              <div class=\"container\">\n                <div class=\"row\">\n                  <div class=\"col-md-8 offset-md-2\">\n                    <small class=\"d-inline-block mb-3\">19 de 80<\/small> \n                        <h3 class=\"mb-3\">2019 &#8211; Encontro Municipal_Ciclo Sa\u00fade S\u00e3o Lu\u00eds.<\/h3>\n                      <p><\/p>\n                                        <\/div>\n                <\/div>\n              <\/div>\n          <\/div> \n                  <div id=\"midia-20\" class=\"gallery-details__item\">\n              <div class=\"container-fluid\">\n                <div class=\"row\">\n                  <div class=\"col-12 mb-5 px-0 text-center gallery-details__image\">\n                                              <img decoding=\"async\" src=\"https:\/\/memo.museudapessoa.org\/app\/_lib\/file\/img\/2019_Encontro Municipal Aimor\u00e9s_Ciclo Sa\u00fade Aimor\u00e9s e Resplendor.jpg\" alt=\"2019 - Encontro Municipal Aimor\u00e9s_Ciclo Sa\u00fade Aimor\u00e9s e Resplendor\">\n                                        <\/div>\n                <\/div>\n              <\/div>\n              <div class=\"container\">\n                <div class=\"row\">\n                  <div class=\"col-md-8 offset-md-2\">\n                    <small class=\"d-inline-block mb-3\">20 de 80<\/small> \n                        <h3 class=\"mb-3\">2019 &#8211; Encontro Municipal Aimor\u00e9s_Ciclo Sa\u00fade Aimor\u00e9s e Resplendor<\/h3>\n                      <p><\/p>\n                                        <\/div>\n                <\/div>\n              <\/div>\n          <\/div> \n                  <div id=\"midia-21\" class=\"gallery-details__item\">\n              <div class=\"container-fluid\">\n                <div class=\"row\">\n                  <div class=\"col-12 mb-5 px-0 text-center gallery-details__image\">\n                                              <img decoding=\"async\" src=\"https:\/\/memo.museudapessoa.org\/app\/_lib\/file\/img\/2020-Projeto Fazer Chegar (3).jpg\" alt=\"2020 - Projeto Fazer Chega\">\n                                        <\/div>\n                <\/div>\n              <\/div>\n              <div class=\"container\">\n                <div class=\"row\">\n                  <div class=\"col-md-8 offset-md-2\">\n                    <small class=\"d-inline-block mb-3\">21 de 80<\/small> \n                        <h3 class=\"mb-3\">2020 &#8211; Projeto Fazer Chega<\/h3>\n                      <p><\/p>\n                                        <\/div>\n                <\/div>\n              <\/div>\n          <\/div> \n                  <div id=\"midia-22\" class=\"gallery-details__item\">\n              <div class=\"container-fluid\">\n                <div class=\"row\">\n                  <div class=\"col-12 mb-5 px-0 text-center gallery-details__image\">\n                                              <img decoding=\"async\" src=\"https:\/\/memo.museudapessoa.org\/app\/_lib\/file\/img\/2020-Projeto Fazer Chegar (2) (1).jpg\" alt=\"2020 - Projeto Fazer Chegar\">\n                                        <\/div>\n                <\/div>\n              <\/div>\n              <div class=\"container\">\n                <div class=\"row\">\n                  <div class=\"col-md-8 offset-md-2\">\n                    <small class=\"d-inline-block mb-3\">22 de 80<\/small> \n                        <h3 class=\"mb-3\">2020 &#8211; Projeto Fazer Chegar<\/h3>\n                      <p><\/p>\n                                        <\/div>\n                <\/div>\n              <\/div>\n          <\/div> \n                  <div id=\"midia-23\" class=\"gallery-details__item\">\n              <div class=\"container-fluid\">\n                <div class=\"row\">\n                  <div class=\"col-12 mb-5 px-0 text-center gallery-details__image\">\n                                              <img decoding=\"async\" src=\"https:\/\/memo.museudapessoa.org\/app\/_lib\/file\/img\/2020-Projeto Fazer Chegar (1) (1).jpg\" alt=\"2020 - Projeto Fazer Chegar\">\n                                        <\/div>\n                <\/div>\n              <\/div>\n              <div class=\"container\">\n                <div class=\"row\">\n                  <div class=\"col-md-8 offset-md-2\">\n                    <small class=\"d-inline-block mb-3\">23 de 80<\/small> \n                        <h3 class=\"mb-3\">2020 &#8211; Projeto Fazer Chegar<\/h3>\n                      <p><\/p>\n                                        <\/div>\n                <\/div>\n              <\/div>\n          <\/div> \n                  <div id=\"midia-24\" class=\"gallery-details__item\">\n              <div class=\"container-fluid\">\n                <div class=\"row\">\n                  <div class=\"col-12 mb-5 px-0 text-center gallery-details__image\">\n                                              <img decoding=\"async\" src=\"https:\/\/memo.museudapessoa.org\/app\/_lib\/file\/img\/2020-InterA\u00e7\u00e3o (Borel) (1) (1).jpg\" alt=\"2020 - InterA\u00e7\u00e3o (Borel)\">\n                                        <\/div>\n                <\/div>\n              <\/div>\n              <div class=\"container\">\n                <div class=\"row\">\n                  <div class=\"col-md-8 offset-md-2\">\n                    <small class=\"d-inline-block mb-3\">24 de 80<\/small> \n                        <h3 class=\"mb-3\">2020 &#8211; InterA\u00e7\u00e3o (Borel)<\/h3>\n                      <p><\/p>\n                                        <\/div>\n                <\/div>\n              <\/div>\n          <\/div> \n                  <div id=\"midia-25\" class=\"gallery-details__item\">\n              <div class=\"container-fluid\">\n                <div class=\"row\">\n                  <div class=\"col-12 mb-5 px-0 text-center gallery-details__image\">\n                                              <img decoding=\"async\" src=\"https:\/\/memo.museudapessoa.org\/app\/_lib\/file\/img\/2020-InterA\u00e7\u00e3o (Alem\u00e3o) (1) (1).JPG\" alt=\"2020 - InterA\u00e7\u00e3o (Alem\u00e3o)\">\n                                        <\/div>\n                <\/div>\n              <\/div>\n              <div class=\"container\">\n                <div class=\"row\">\n                  <div class=\"col-md-8 offset-md-2\">\n                    <small class=\"d-inline-block mb-3\">25 de 80<\/small> \n                        <h3 class=\"mb-3\">2020 &#8211; InterA\u00e7\u00e3o (Alem\u00e3o)<\/h3>\n                      <p><\/p>\n                                        <\/div>\n                <\/div>\n              <\/div>\n          <\/div> \n                  <div id=\"midia-26\" class=\"gallery-details__item\">\n              <div class=\"container-fluid\">\n                <div class=\"row\">\n                  <div class=\"col-12 mb-5 px-0 text-center gallery-details__image\">\n                                              <img decoding=\"async\" src=\"https:\/\/memo.museudapessoa.org\/app\/_lib\/file\/img\/2020-Distribui\u00e7\u00e3o de cestas Move Caminhos (2).jpeg\" alt=\"2020 - Distribui\u00e7\u00e3o de cestas Move Caminhos\">\n                                        <\/div>\n                <\/div>\n              <\/div>\n              <div class=\"container\">\n                <div class=\"row\">\n                  <div class=\"col-md-8 offset-md-2\">\n                    <small class=\"d-inline-block mb-3\">26 de 80<\/small> \n                        <h3 class=\"mb-3\">2020 &#8211; Distribui\u00e7\u00e3o de cestas Move Caminhos<\/h3>\n                      <p><\/p>\n                                        <\/div>\n                <\/div>\n              <\/div>\n          <\/div> \n                  <div id=\"midia-27\" class=\"gallery-details__item\">\n              <div class=\"container-fluid\">\n                <div class=\"row\">\n                  <div class=\"col-12 mb-5 px-0 text-center gallery-details__image\">\n                                              <img decoding=\"async\" src=\"https:\/\/memo.museudapessoa.org\/app\/_lib\/file\/img\/2020-Distribui\u00e7\u00e3o de cestas Move Caminhos (1) (1).jpeg\" alt=\"2020 - Distribui\u00e7\u00e3o de cestas Move Caminhos\">\n                                        <\/div>\n                <\/div>\n              <\/div>\n              <div class=\"container\">\n                <div class=\"row\">\n                  <div class=\"col-md-8 offset-md-2\">\n                    <small class=\"d-inline-block mb-3\">27 de 80<\/small> \n                        <h3 class=\"mb-3\">2020 &#8211; Distribui\u00e7\u00e3o de cestas Move Caminhos<\/h3>\n                      <p><\/p>\n                                        <\/div>\n                <\/div>\n              <\/div>\n          <\/div> \n                  <div id=\"midia-28\" class=\"gallery-details__item\">\n              <div class=\"container-fluid\">\n                <div class=\"row\">\n                  <div class=\"col-12 mb-5 px-0 text-center gallery-details__image\">\n                                              <img decoding=\"async\" src=\"https:\/\/memo.museudapessoa.org\/app\/_lib\/file\/img\/2022-TAH na Hora.jpeg\" alt=\"2022 - TAH na Hora\">\n                                        <\/div>\n                <\/div>\n              <\/div>\n              <div class=\"container\">\n                <div class=\"row\">\n                  <div class=\"col-md-8 offset-md-2\">\n                    <small class=\"d-inline-block mb-3\">28 de 80<\/small> \n                        <h3 class=\"mb-3\">2022 &#8211; TAH na Hora<\/h3>\n                      <p><\/p>\n                                        <\/div>\n                <\/div>\n              <\/div>\n          <\/div> \n                  <div id=\"midia-29\" class=\"gallery-details__item\">\n              <div class=\"container-fluid\">\n                <div class=\"row\">\n                  <div class=\"col-12 mb-5 px-0 text-center gallery-details__image\">\n                                              <img decoding=\"async\" src=\"https:\/\/memo.museudapessoa.org\/app\/_lib\/file\/img\/2022-TAH na Hora (6).jpeg\" alt=\"2022 - TAH na Hora\">\n                                        <\/div>\n                <\/div>\n              <\/div>\n              <div class=\"container\">\n                <div class=\"row\">\n                  <div class=\"col-md-8 offset-md-2\">\n                    <small class=\"d-inline-block mb-3\">29 de 80<\/small> \n                        <h3 class=\"mb-3\">2022 &#8211; TAH na Hora<\/h3>\n                      <p><\/p>\n                                        <\/div>\n                <\/div>\n              <\/div>\n          <\/div> \n                  <div id=\"midia-30\" class=\"gallery-details__item\">\n              <div class=\"container-fluid\">\n                <div class=\"row\">\n                  <div class=\"col-12 mb-5 px-0 text-center gallery-details__image\">\n                                              <img decoding=\"async\" src=\"https:\/\/memo.museudapessoa.org\/app\/_lib\/file\/img\/2022-TAH na Hora (5).jpeg\" alt=\"2022 - TAH na Hora\">\n                                        <\/div>\n                <\/div>\n              <\/div>\n              <div class=\"container\">\n                <div class=\"row\">\n                  <div class=\"col-md-8 offset-md-2\">\n                    <small class=\"d-inline-block mb-3\">30 de 80<\/small> \n                        <h3 class=\"mb-3\">2022 &#8211; TAH na Hora<\/h3>\n                      <p><\/p>\n                                        <\/div>\n                <\/div>\n              <\/div>\n          <\/div> \n                  <div id=\"midia-31\" class=\"gallery-details__item\">\n              <div class=\"container-fluid\">\n                <div class=\"row\">\n                  <div class=\"col-12 mb-5 px-0 text-center gallery-details__image\">\n                                              <img decoding=\"async\" src=\"https:\/\/memo.museudapessoa.org\/app\/_lib\/file\/img\/2022-TAH na Hora (3).jpeg\" alt=\"2022 - TAH na Hora\">\n                                        <\/div>\n                <\/div>\n              <\/div>\n              <div class=\"container\">\n                <div class=\"row\">\n                  <div class=\"col-md-8 offset-md-2\">\n                    <small class=\"d-inline-block mb-3\">31 de 80<\/small> \n                        <h3 class=\"mb-3\">2022 &#8211; TAH na Hora<\/h3>\n                      <p><\/p>\n                                        <\/div>\n                <\/div>\n              <\/div>\n          <\/div> \n                  <div id=\"midia-32\" class=\"gallery-details__item\">\n              <div class=\"container-fluid\">\n                <div class=\"row\">\n                  <div class=\"col-12 mb-5 px-0 text-center gallery-details__image\">\n                                              <img decoding=\"async\" src=\"https:\/\/memo.museudapessoa.org\/app\/_lib\/file\/img\/2022-TAH na Hora (2).jpeg\" alt=\"2022 - TAH na Hora\">\n                                        <\/div>\n                <\/div>\n              <\/div>\n              <div class=\"container\">\n                <div class=\"row\">\n                  <div class=\"col-md-8 offset-md-2\">\n                    <small class=\"d-inline-block mb-3\">32 de 80<\/small> \n                        <h3 class=\"mb-3\">2022 &#8211; TAH na Hora<\/h3>\n                      <p><\/p>\n                                        <\/div>\n                <\/div>\n              <\/div>\n          <\/div> \n                  <div id=\"midia-33\" class=\"gallery-details__item\">\n              <div class=\"container-fluid\">\n                <div class=\"row\">\n                  <div class=\"col-12 mb-5 px-0 text-center gallery-details__image\">\n                                              <img decoding=\"async\" src=\"https:\/\/memo.museudapessoa.org\/app\/_lib\/file\/img\/2022-TAH na Hora (1).jpeg\" alt=\"2022 - TAH na Hora\">\n                                        <\/div>\n                <\/div>\n              <\/div>\n              <div class=\"container\">\n                <div class=\"row\">\n                  <div class=\"col-md-8 offset-md-2\">\n                    <small class=\"d-inline-block mb-3\">33 de 80<\/small> \n                        <h3 class=\"mb-3\">2022 &#8211; TAH na Hora<\/h3>\n                      <p><\/p>\n                                        <\/div>\n                <\/div>\n              <\/div>\n          <\/div> \n                  <div id=\"midia-34\" class=\"gallery-details__item\">\n              <div class=\"container-fluid\">\n                <div class=\"row\">\n                  <div class=\"col-12 mb-5 px-0 text-center gallery-details__image\">\n                                              <img decoding=\"async\" src=\"https:\/\/memo.museudapessoa.org\/app\/_lib\/file\/img\/2022-Rede Nacional de Comunidade Saud\u00e1veis.jpeg\" alt=\"2022 - Rede Nacional de Comunidade Saud\u00e1veis\">\n                                        <\/div>\n                <\/div>\n              <\/div>\n              <div class=\"container\">\n                <div class=\"row\">\n                  <div class=\"col-md-8 offset-md-2\">\n                    <small class=\"d-inline-block mb-3\">34 de 80<\/small> \n                        <h3 class=\"mb-3\">2022 &#8211; Rede Nacional de Comunidade Saud\u00e1veis<\/h3>\n                      <p><\/p>\n                                        <\/div>\n                <\/div>\n              <\/div>\n          <\/div> \n                  <div id=\"midia-35\" class=\"gallery-details__item\">\n              <div class=\"container-fluid\">\n                <div class=\"row\">\n                  <div class=\"col-12 mb-5 px-0 text-center gallery-details__image\">\n                                              <img decoding=\"async\" src=\"https:\/\/memo.museudapessoa.org\/app\/_lib\/file\/img\/2022-Rede Nacional de Comunidade Saud\u00e1veis (5).jpg\" alt=\"2022 - Rede Nacional de Comunidade Saud\u00e1veis\">\n                                        <\/div>\n                <\/div>\n              <\/div>\n              <div class=\"container\">\n                <div class=\"row\">\n                  <div class=\"col-md-8 offset-md-2\">\n                    <small class=\"d-inline-block mb-3\">35 de 80<\/small> \n                        <h3 class=\"mb-3\">2022 &#8211; Rede Nacional de Comunidade Saud\u00e1veis<\/h3>\n                      <p><\/p>\n                                        <\/div>\n                <\/div>\n              <\/div>\n          <\/div> \n                  <div id=\"midia-36\" class=\"gallery-details__item\">\n              <div class=\"container-fluid\">\n                <div class=\"row\">\n                  <div class=\"col-12 mb-5 px-0 text-center gallery-details__image\">\n                                              <img decoding=\"async\" src=\"https:\/\/memo.museudapessoa.org\/app\/_lib\/file\/img\/2022-Rede Nacional de Comunidade Saud\u00e1veis (4).jpg\" alt=\"2022 - Rede Nacional de Comunidade Saud\u00e1veis\">\n                                        <\/div>\n                <\/div>\n              <\/div>\n              <div class=\"container\">\n                <div class=\"row\">\n                  <div class=\"col-md-8 offset-md-2\">\n                    <small class=\"d-inline-block mb-3\">36 de 80<\/small> \n                        <h3 class=\"mb-3\">2022 &#8211; Rede Nacional de Comunidade Saud\u00e1veis<\/h3>\n                      <p><\/p>\n                                        <\/div>\n                <\/div>\n              <\/div>\n          <\/div> \n                  <div id=\"midia-37\" class=\"gallery-details__item\">\n              <div class=\"container-fluid\">\n                <div class=\"row\">\n                  <div class=\"col-12 mb-5 px-0 text-center gallery-details__image\">\n                                              <img decoding=\"async\" src=\"https:\/\/memo.museudapessoa.org\/app\/_lib\/file\/img\/2022-Rede Nacional de Comunidade Saud\u00e1veis (3).JPG\" alt=\"2022 - Rede Nacional de Comunidade Saud\u00e1veis\">\n                                        <\/div>\n                <\/div>\n              <\/div>\n              <div class=\"container\">\n                <div class=\"row\">\n                  <div class=\"col-md-8 offset-md-2\">\n                    <small class=\"d-inline-block mb-3\">37 de 80<\/small> \n                        <h3 class=\"mb-3\">2022 &#8211; Rede Nacional de Comunidade Saud\u00e1veis<\/h3>\n                      <p><\/p>\n                                        <\/div>\n                <\/div>\n              <\/div>\n          <\/div> \n                  <div id=\"midia-38\" class=\"gallery-details__item\">\n              <div class=\"container-fluid\">\n                <div class=\"row\">\n                  <div class=\"col-12 mb-5 px-0 text-center gallery-details__image\">\n                                              <img decoding=\"async\" src=\"https:\/\/memo.museudapessoa.org\/app\/_lib\/file\/img\/2022-Rede Nacional de Comunidade Saud\u00e1veis (2).jpg\" alt=\"2022 - Rede Nacional de Comunidade Saud\u00e1veis\">\n                                        <\/div>\n                <\/div>\n              <\/div>\n              <div class=\"container\">\n                <div class=\"row\">\n                  <div class=\"col-md-8 offset-md-2\">\n                    <small class=\"d-inline-block mb-3\">38 de 80<\/small> \n                        <h3 class=\"mb-3\">2022 &#8211; Rede Nacional de Comunidade Saud\u00e1veis<\/h3>\n                      <p><\/p>\n                                        <\/div>\n                <\/div>\n              <\/div>\n          <\/div> \n                  <div id=\"midia-39\" class=\"gallery-details__item\">\n              <div class=\"container-fluid\">\n                <div class=\"row\">\n                  <div class=\"col-12 mb-5 px-0 text-center gallery-details__image\">\n                                              <img decoding=\"async\" src=\"https:\/\/memo.museudapessoa.org\/app\/_lib\/file\/img\/2022-Rede Nacional de Comunidade Saud\u00e1veis (1).JPG\" alt=\"2022 - Rede Nacional de Comunidade Saud\u00e1veis\">\n                                        <\/div>\n                <\/div>\n              <\/div>\n              <div class=\"container\">\n                <div class=\"row\">\n                  <div class=\"col-md-8 offset-md-2\">\n                    <small class=\"d-inline-block mb-3\">39 de 80<\/small> \n                        <h3 class=\"mb-3\">2022 &#8211; Rede Nacional de Comunidade Saud\u00e1veis<\/h3>\n                      <p><\/p>\n                                        <\/div>\n                <\/div>\n              <\/div>\n          <\/div> \n                  <div id=\"midia-40\" class=\"gallery-details__item\">\n              <div class=\"container-fluid\">\n                <div class=\"row\">\n                  <div class=\"col-12 mb-5 px-0 text-center gallery-details__image\">\n                                              <img decoding=\"async\" src=\"https:\/\/memo.museudapessoa.org\/app\/_lib\/file\/img\/2022-Lan\u00e7amento do livro_ Sensibilidades e Afetos da Experi\u00eancia Docente.jpg\" alt=\"2022- Lan\u00e7amento do livro \"Sensibilidades e Afetos da Experi\u00eancia Docente\"\">\n                                        <\/div>\n                <\/div>\n              <\/div>\n              <div class=\"container\">\n                <div class=\"row\">\n                  <div class=\"col-md-8 offset-md-2\">\n                    <small class=\"d-inline-block mb-3\">40 de 80<\/small> \n                        <h3 class=\"mb-3\">2022- Lan\u00e7amento do livro &#8220;Sensibilidades e Afetos da Experi\u00eancia Docente&#8221;<\/h3>\n                      <p><\/p>\n                                        <\/div>\n                <\/div>\n              <\/div>\n          <\/div> \n                  <div id=\"midia-41\" class=\"gallery-details__item\">\n              <div class=\"container-fluid\">\n                <div class=\"row\">\n                  <div class=\"col-12 mb-5 px-0 text-center gallery-details__image\">\n                                              <img decoding=\"async\" src=\"https:\/\/memo.museudapessoa.org\/app\/_lib\/file\/img\/2022-Jovens Construtores-Grava\u00e7\u00e3o V\u00eddeo Institucional (1).jpg\" alt=\"2022 - Jovens Construtores - Grava\u00e7\u00e3o de v\u00eddeo institucional\">\n                                        <\/div>\n                <\/div>\n              <\/div>\n              <div class=\"container\">\n                <div class=\"row\">\n                  <div class=\"col-md-8 offset-md-2\">\n                    <small class=\"d-inline-block mb-3\">41 de 80<\/small> \n                        <h3 class=\"mb-3\">2022 &#8211; Jovens Construtores &#8211; Grava\u00e7\u00e3o de v\u00eddeo institucional<\/h3>\n                      <p><\/p>\n                                        <\/div>\n                <\/div>\n              <\/div>\n          <\/div> \n                  <div id=\"midia-42\" class=\"gallery-details__item\">\n              <div class=\"container-fluid\">\n                <div class=\"row\">\n                  <div class=\"col-12 mb-5 px-0 text-center gallery-details__image\">\n                                              <img decoding=\"async\" src=\"https:\/\/memo.museudapessoa.org\/app\/_lib\/file\/img\/2022-Jovens Construtores-Edi\u00e7\u00e3o Muzema.jpg\" alt=\"2022-Jovens Construtores Edi\u00e7\u00e3o Muzema\">\n                                        <\/div>\n                <\/div>\n              <\/div>\n              <div class=\"container\">\n                <div class=\"row\">\n                  <div class=\"col-md-8 offset-md-2\">\n                    <small class=\"d-inline-block mb-3\">42 de 80<\/small> \n                        <h3 class=\"mb-3\">2022-Jovens Construtores Edi\u00e7\u00e3o Muzema<\/h3>\n                      <p><\/p>\n                                        <\/div>\n                <\/div>\n              <\/div>\n          <\/div> \n                  <div id=\"midia-43\" class=\"gallery-details__item\">\n              <div class=\"container-fluid\">\n                <div class=\"row\">\n                  <div class=\"col-12 mb-5 px-0 text-center gallery-details__image\">\n                                              <img decoding=\"async\" src=\"https:\/\/memo.museudapessoa.org\/app\/_lib\/file\/img\/2022-Jovens Construtores-Edi\u00e7\u00e3o CREJA.jpg\" alt=\"2022 - Jovens Construtores Edi\u00e7\u00e3o CREJA\">\n                                        <\/div>\n                <\/div>\n              <\/div>\n              <div class=\"container\">\n                <div class=\"row\">\n                  <div class=\"col-md-8 offset-md-2\">\n                    <small class=\"d-inline-block mb-3\">43 de 80<\/small> \n                        <h3 class=\"mb-3\">2022 &#8211; Jovens Construtores Edi\u00e7\u00e3o CREJA<\/h3>\n                      <p><\/p>\n                                        <\/div>\n                <\/div>\n              <\/div>\n          <\/div> \n                  <div id=\"midia-44\" class=\"gallery-details__item\">\n              <div class=\"container-fluid\">\n                <div class=\"row\">\n                  <div class=\"col-12 mb-5 px-0 text-center gallery-details__image\">\n                                              <img decoding=\"async\" src=\"https:\/\/memo.museudapessoa.org\/app\/_lib\/file\/img\/2022-Jovens Construtores-Edi\u00e7\u00e3o CREJA (2).jpg\" alt=\"2022 - Jovens Construtores Edi\u00e7\u00e3o CREJA\">\n                                        <\/div>\n                <\/div>\n              <\/div>\n              <div class=\"container\">\n                <div class=\"row\">\n                  <div class=\"col-md-8 offset-md-2\">\n                    <small class=\"d-inline-block mb-3\">44 de 80<\/small> \n                        <h3 class=\"mb-3\">2022 &#8211; Jovens Construtores Edi\u00e7\u00e3o CREJA<\/h3>\n                      <p><\/p>\n                                        <\/div>\n                <\/div>\n              <\/div>\n          <\/div> \n                  <div id=\"midia-45\" class=\"gallery-details__item\">\n              <div class=\"container-fluid\">\n                <div class=\"row\">\n                  <div class=\"col-12 mb-5 px-0 text-center gallery-details__image\">\n                                              <img decoding=\"async\" src=\"https:\/\/memo.museudapessoa.org\/app\/_lib\/file\/img\/2022-Conex\u00e3o Jovens Construtores (Provid\u00eancia).jpg\" alt=\"2022-Conex\u00e3o Jovens Construtores (Provid\u00eancia)\">\n                                        <\/div>\n                <\/div>\n              <\/div>\n              <div class=\"container\">\n                <div class=\"row\">\n                  <div class=\"col-md-8 offset-md-2\">\n                    <small class=\"d-inline-block mb-3\">45 de 80<\/small> \n                        <h3 class=\"mb-3\">2022-Conex\u00e3o Jovens Construtores (Provid\u00eancia)<\/h3>\n                      <p><\/p>\n                                        <\/div>\n                <\/div>\n              <\/div>\n          <\/div> \n                  <div id=\"midia-46\" class=\"gallery-details__item\">\n              <div class=\"container-fluid\">\n                <div class=\"row\">\n                  <div class=\"col-12 mb-5 px-0 text-center gallery-details__image\">\n                                              <img decoding=\"async\" src=\"https:\/\/memo.museudapessoa.org\/app\/_lib\/file\/img\/2022-Chama na Solu\u00e7\u00e3o (2).jpg\" alt=\"2022 - Chama na Solu\u00e7\u00e3o\">\n                                        <\/div>\n                <\/div>\n              <\/div>\n              <div class=\"container\">\n                <div class=\"row\">\n                  <div class=\"col-md-8 offset-md-2\">\n                    <small class=\"d-inline-block mb-3\">46 de 80<\/small> \n                        <h3 class=\"mb-3\">2022 &#8211; Chama na Solu\u00e7\u00e3o<\/h3>\n                      <p><\/p>\n                                        <\/div>\n                <\/div>\n              <\/div>\n          <\/div> \n                  <div id=\"midia-47\" class=\"gallery-details__item\">\n              <div class=\"container-fluid\">\n                <div class=\"row\">\n                  <div class=\"col-12 mb-5 px-0 text-center gallery-details__image\">\n                                              <img decoding=\"async\" src=\"https:\/\/memo.museudapessoa.org\/app\/_lib\/file\/img\/2022-Chama na Solu\u00e7\u00e3o (1).jpg\" alt=\"2022 - Chama na Solu\u00e7\u00e3o\">\n                                        <\/div>\n                <\/div>\n              <\/div>\n              <div class=\"container\">\n                <div class=\"row\">\n                  <div class=\"col-md-8 offset-md-2\">\n                    <small class=\"d-inline-block mb-3\">47 de 80<\/small> \n                        <h3 class=\"mb-3\">2022 &#8211; Chama na Solu\u00e7\u00e3o<\/h3>\n                      <p><\/p>\n                                        <\/div>\n                <\/div>\n              <\/div>\n          <\/div> \n                  <div id=\"midia-48\" class=\"gallery-details__item\">\n              <div class=\"container-fluid\">\n                <div class=\"row\">\n                  <div class=\"col-12 mb-5 px-0 text-center gallery-details__image\">\n                                              <img decoding=\"async\" src=\"https:\/\/memo.museudapessoa.org\/app\/_lib\/file\/img\/2022-Atitude Positiva (1).jpeg\" alt=\"2022-Atitude Positiva\">\n                                        <\/div>\n                <\/div>\n              <\/div>\n              <div class=\"container\">\n                <div class=\"row\">\n                  <div class=\"col-md-8 offset-md-2\">\n                    <small class=\"d-inline-block mb-3\">48 de 80<\/small> \n                        <h3 class=\"mb-3\">2022-Atitude Positiva<\/h3>\n                      <p><\/p>\n                                        <\/div>\n                <\/div>\n              <\/div>\n          <\/div> \n                  <div id=\"midia-49\" class=\"gallery-details__item\">\n              <div class=\"container-fluid\">\n                <div class=\"row\">\n                  <div class=\"col-12 mb-5 px-0 text-center gallery-details__image\">\n                                              <img decoding=\"async\" src=\"https:\/\/memo.museudapessoa.org\/app\/_lib\/file\/img\/2022-+ Crian\u00e7as Vacinadas \u2013 Covid na Parada (Prazeres).jpg\" alt=\"2022- + Crian\u00e7as Vacinadas \u2013 Covid na Parada (Prazeres)\">\n                                        <\/div>\n                <\/div>\n              <\/div>\n              <div class=\"container\">\n                <div class=\"row\">\n                  <div class=\"col-md-8 offset-md-2\">\n                    <small class=\"d-inline-block mb-3\">49 de 80<\/small> \n                        <h3 class=\"mb-3\">2022- + Crian\u00e7as Vacinadas \u2013 Covid na Parada (Prazeres)<\/h3>\n                      <p><\/p>\n                                        <\/div>\n                <\/div>\n              <\/div>\n          <\/div> \n                  <div id=\"midia-50\" class=\"gallery-details__item\">\n              <div class=\"container-fluid\">\n                <div class=\"row\">\n                  <div class=\"col-12 mb-5 px-0 text-center gallery-details__image\">\n                                              <img decoding=\"async\" src=\"https:\/\/memo.museudapessoa.org\/app\/_lib\/file\/img\/2022-+ Crian\u00e7as Vacinadas \u2013 Covid na Parada (CDD).JPG\" alt=\"2022- + Crian\u00e7as Vacinadas \u2013 Covid na Parada (CDD)\">\n                                        <\/div>\n                <\/div>\n              <\/div>\n              <div class=\"container\">\n                <div class=\"row\">\n                  <div class=\"col-md-8 offset-md-2\">\n                    <small class=\"d-inline-block mb-3\">50 de 80<\/small> \n                        <h3 class=\"mb-3\">2022- + Crian\u00e7as Vacinadas \u2013 Covid na Parada (CDD)<\/h3>\n                      <p><\/p>\n                                        <\/div>\n                <\/div>\n              <\/div>\n          <\/div> \n                  <div id=\"midia-51\" class=\"gallery-details__item\">\n              <div class=\"container-fluid\">\n                <div class=\"row\">\n                  <div class=\"col-12 mb-5 px-0 text-center gallery-details__image\">\n                                              <img decoding=\"async\" src=\"https:\/\/memo.museudapessoa.org\/app\/_lib\/file\/img\/2022_Oficina-Tem\u00e1tica-Sa\u00fade-Mental_Ciclo-Sa\u00fade-Ind\u00edgena.jpg\" alt=\"2022 - Oficina Tem\u00e1tica Sa\u00fade Mental_Ciclo Sa\u00fade Ind\u00edgena\" loading=\"lazy\">\n                                        <\/div>\n                <\/div>\n              <\/div>\n              <div class=\"container\">\n                <div class=\"row\">\n                  <div class=\"col-md-8 offset-md-2\">\n                    <small class=\"d-inline-block mb-3\">51 de 80<\/small> \n                        <h3 class=\"mb-3\">2022 &#8211; Oficina Tem\u00e1tica Sa\u00fade Mental_Ciclo Sa\u00fade Ind\u00edgena<\/h3>\n                      <p><\/p>\n                                        <\/div>\n                <\/div>\n              <\/div>\n          <\/div> \n                  <div id=\"midia-52\" class=\"gallery-details__item\">\n              <div class=\"container-fluid\">\n                <div class=\"row\">\n                  <div class=\"col-12 mb-5 px-0 text-center gallery-details__image\">\n                                              <img decoding=\"async\" src=\"https:\/\/memo.museudapessoa.org\/app\/_lib\/file\/img\/2022_Oficina Mapa Falanta_Polo Z\u00e9 Doca_Ciclo Sa\u00fade Ind\u00edgena.jpeg\" alt=\"2022 - Oficina Mapa Falanta_Polo Z\u00e9 Doca_Ciclo Sa\u00fade Ind\u00edgena\">\n                                        <\/div>\n                <\/div>\n              <\/div>\n              <div class=\"container\">\n                <div class=\"row\">\n                  <div class=\"col-md-8 offset-md-2\">\n                    <small class=\"d-inline-block mb-3\">52 de 80<\/small> \n                        <h3 class=\"mb-3\">2022 &#8211; Oficina Mapa Falanta_Polo Z\u00e9 Doca_Ciclo Sa\u00fade Ind\u00edgena<\/h3>\n                      <p><\/p>\n                                        <\/div>\n                <\/div>\n              <\/div>\n          <\/div> \n                  <div id=\"midia-53\" class=\"gallery-details__item\">\n              <div class=\"container-fluid\">\n                <div class=\"row\">\n                  <div class=\"col-12 mb-5 px-0 text-center gallery-details__image\">\n                                              <img decoding=\"async\" src=\"https:\/\/memo.museudapessoa.org\/app\/_lib\/file\/img\/2022_Encontro Municipal_Ciclo Sa\u00fade Par\u00e1 de Minas.jpg\" alt=\"2022 - Encontro Municipal_Ciclo Sa\u00fade Par\u00e1 de Minas.\">\n                                        <\/div>\n                <\/div>\n              <\/div>\n              <div class=\"container\">\n                <div class=\"row\">\n                  <div class=\"col-md-8 offset-md-2\">\n                    <small class=\"d-inline-block mb-3\">53 de 80<\/small> \n                        <h3 class=\"mb-3\">2022 &#8211; Encontro Municipal_Ciclo Sa\u00fade Par\u00e1 de Minas.<\/h3>\n                      <p><\/p>\n                                        <\/div>\n                <\/div>\n              <\/div>\n          <\/div> \n                  <div id=\"midia-54\" class=\"gallery-details__item\">\n              <div class=\"container-fluid\">\n                <div class=\"row\">\n                  <div class=\"col-12 mb-5 px-0 text-center gallery-details__image\">\n                                              <img decoding=\"async\" src=\"https:\/\/memo.museudapessoa.org\/app\/_lib\/file\/img\/2022_Encontro Municipal S\u00e3o Lu\u00eds_entrega de mapa falante_Fortalecer Prote\u00e7\u00e3o Social.JPG\" alt=\"2022 - Encontro Municipal S\u00e3o Lu\u00eds_entrega de mapa falante_Fortalecer Prote\u00e7\u00e3o Social\">\n                                        <\/div>\n                <\/div>\n              <\/div>\n              <div class=\"container\">\n                <div class=\"row\">\n                  <div class=\"col-md-8 offset-md-2\">\n                    <small class=\"d-inline-block mb-3\">54 de 80<\/small> \n                        <h3 class=\"mb-3\">2022 &#8211; Encontro Municipal S\u00e3o Lu\u00eds_entrega de mapa falante_Fortalecer Prote\u00e7\u00e3o Social<\/h3>\n                      <p><\/p>\n                                        <\/div>\n                <\/div>\n              <\/div>\n          <\/div> \n                  <div id=\"midia-55\" class=\"gallery-details__item\">\n              <div class=\"container-fluid\">\n                <div class=\"row\">\n                  <div class=\"col-12 mb-5 px-0 text-center gallery-details__image\">\n                                              <img decoding=\"async\" src=\"https:\/\/memo.museudapessoa.org\/app\/_lib\/file\/img\/2022_Encontro Municipal Ibira\u00e7u_Fortalecer Prote\u00e7\u00e3o Social.jpg\" alt=\"2022 - Encontro Municipal Ibira\u00e7u_Fortalecer Prote\u00e7\u00e3o Social.\">\n                                        <\/div>\n                <\/div>\n              <\/div>\n              <div class=\"container\">\n                <div class=\"row\">\n                  <div class=\"col-md-8 offset-md-2\">\n                    <small class=\"d-inline-block mb-3\">55 de 80<\/small> \n                        <h3 class=\"mb-3\">2022 &#8211; Encontro Municipal Ibira\u00e7u_Fortalecer Prote\u00e7\u00e3o Social.<\/h3>\n                      <p><\/p>\n                                        <\/div>\n                <\/div>\n              <\/div>\n          <\/div> \n                  <div id=\"midia-56\" class=\"gallery-details__item\">\n              <div class=\"container-fluid\">\n                <div class=\"row\">\n                  <div class=\"col-12 mb-5 px-0 text-center gallery-details__image\">\n                                              <img decoding=\"async\" src=\"https:\/\/memo.museudapessoa.org\/app\/_lib\/file\/img\/2023-Projeto AtivA\u00e7\u00e3o.jpg\" alt=\"2023 - Projeto AtivA\u00e7\u00e3o\">\n                                        <\/div>\n                <\/div>\n              <\/div>\n              <div class=\"container\">\n                <div class=\"row\">\n                  <div class=\"col-md-8 offset-md-2\">\n                    <small class=\"d-inline-block mb-3\">56 de 80<\/small> \n                        <h3 class=\"mb-3\">2023 &#8211; Projeto AtivA\u00e7\u00e3o<\/h3>\n                      <p><\/p>\n                                        <\/div>\n                <\/div>\n              <\/div>\n          <\/div> \n                  <div id=\"midia-57\" class=\"gallery-details__item\">\n              <div class=\"container-fluid\">\n                <div class=\"row\">\n                  <div class=\"col-12 mb-5 px-0 text-center gallery-details__image\">\n                                              <img decoding=\"async\" src=\"https:\/\/memo.museudapessoa.org\/app\/_lib\/file\/img\/2023-Projeto AtivA\u00e7\u00e3o.jpeg\" alt=\"2023 - Projeto AtivA\u00e7\u00e3o\">\n                                        <\/div>\n                <\/div>\n              <\/div>\n              <div class=\"container\">\n                <div class=\"row\">\n                  <div class=\"col-md-8 offset-md-2\">\n                    <small class=\"d-inline-block mb-3\">57 de 80<\/small> \n                        <h3 class=\"mb-3\">2023 &#8211; Projeto AtivA\u00e7\u00e3o<\/h3>\n                      <p><\/p>\n                                        <\/div>\n                <\/div>\n              <\/div>\n          <\/div> \n                  <div id=\"midia-58\" class=\"gallery-details__item\">\n              <div class=\"container-fluid\">\n                <div class=\"row\">\n                  <div class=\"col-12 mb-5 px-0 text-center gallery-details__image\">\n                                              <img decoding=\"async\" src=\"https:\/\/memo.museudapessoa.org\/app\/_lib\/file\/img\/2023-Projeto AtivA\u00e7\u00e3o (6).jpeg\" alt=\"2023 - Projeto AtivA\u00e7\u00e3o\">\n                                        <\/div>\n                <\/div>\n              <\/div>\n              <div class=\"container\">\n                <div class=\"row\">\n                  <div class=\"col-md-8 offset-md-2\">\n                    <small class=\"d-inline-block mb-3\">58 de 80<\/small> \n                        <h3 class=\"mb-3\">2023 &#8211; Projeto AtivA\u00e7\u00e3o<\/h3>\n                      <p><\/p>\n                                        <\/div>\n                <\/div>\n              <\/div>\n          <\/div> \n                  <div id=\"midia-59\" class=\"gallery-details__item\">\n              <div class=\"container-fluid\">\n                <div class=\"row\">\n                  <div class=\"col-12 mb-5 px-0 text-center gallery-details__image\">\n                                              <img decoding=\"async\" src=\"https:\/\/memo.museudapessoa.org\/app\/_lib\/file\/img\/2023-Projeto AtivA\u00e7\u00e3o (3).jpeg\" alt=\"2023 - Projeto AtivA\u00e7\u00e3o\">\n                                        <\/div>\n                <\/div>\n              <\/div>\n              <div class=\"container\">\n                <div class=\"row\">\n                  <div class=\"col-md-8 offset-md-2\">\n                    <small class=\"d-inline-block mb-3\">59 de 80<\/small> \n                        <h3 class=\"mb-3\">2023 &#8211; Projeto AtivA\u00e7\u00e3o<\/h3>\n                      <p><\/p>\n                                        <\/div>\n                <\/div>\n              <\/div>\n          <\/div> \n                  <div id=\"midia-60\" class=\"gallery-details__item\">\n              <div class=\"container-fluid\">\n                <div class=\"row\">\n                  <div class=\"col-12 mb-5 px-0 text-center gallery-details__image\">\n                                              <img decoding=\"async\" src=\"https:\/\/memo.museudapessoa.org\/app\/_lib\/file\/img\/2023-Projeto AtivA\u00e7\u00e3o (2).jpeg\" alt=\"2023 - Projeto AtivA\u00e7\u00e3o\">\n                                        <\/div>\n                <\/div>\n              <\/div>\n              <div class=\"container\">\n                <div class=\"row\">\n                  <div class=\"col-md-8 offset-md-2\">\n                    <small class=\"d-inline-block mb-3\">60 de 80<\/small> \n                        <h3 class=\"mb-3\">2023 &#8211; Projeto AtivA\u00e7\u00e3o<\/h3>\n                      <p><\/p>\n                                        <\/div>\n                <\/div>\n              <\/div>\n          <\/div> \n                  <div id=\"midia-61\" class=\"gallery-details__item\">\n              <div class=\"container-fluid\">\n                <div class=\"row\">\n                  <div class=\"col-12 mb-5 px-0 text-center gallery-details__image\">\n                                              <img decoding=\"async\" src=\"https:\/\/memo.museudapessoa.org\/app\/_lib\/file\/img\/2023-Projeto AtivA\u00e7\u00e3o (1).JPG\" alt=\"2023 - Projeto AtivA\u00e7\u00e3o\">\n                                        <\/div>\n                <\/div>\n              <\/div>\n              <div class=\"container\">\n                <div class=\"row\">\n                  <div class=\"col-md-8 offset-md-2\">\n                    <small class=\"d-inline-block mb-3\">61 de 80<\/small> \n                        <h3 class=\"mb-3\">2023 &#8211; Projeto AtivA\u00e7\u00e3o<\/h3>\n                      <p><\/p>\n                                        <\/div>\n                <\/div>\n              <\/div>\n          <\/div> \n                  <div id=\"midia-62\" class=\"gallery-details__item\">\n              <div class=\"container-fluid\">\n                <div class=\"row\">\n                  <div class=\"col-12 mb-5 px-0 text-center gallery-details__image\">\n                                              <img decoding=\"async\" src=\"https:\/\/memo.museudapessoa.org\/app\/_lib\/file\/img\/2023-Projeto AtivA\u00e7\u00e3o (1).jpeg\" alt=\"2023 - Projeto AtivA\u00e7\u00e3o\">\n                                        <\/div>\n                <\/div>\n              <\/div>\n              <div class=\"container\">\n                <div class=\"row\">\n                  <div class=\"col-md-8 offset-md-2\">\n                    <small class=\"d-inline-block mb-3\">62 de 80<\/small> \n                        <h3 class=\"mb-3\">2023 &#8211; Projeto AtivA\u00e7\u00e3o<\/h3>\n                      <p><\/p>\n                                        <\/div>\n                <\/div>\n              <\/div>\n          <\/div> \n                  <div id=\"midia-63\" class=\"gallery-details__item\">\n              <div class=\"container-fluid\">\n                <div class=\"row\">\n                  <div class=\"col-12 mb-5 px-0 text-center gallery-details__image\">\n                                              <img decoding=\"async\" src=\"https:\/\/memo.museudapessoa.org\/app\/_lib\/file\/img\/2023-Carnaval_-Distribui\u00e7\u00e3o-de-insumos-de-preven\u00e7\u00e3o-\u00e0s-IST_HIV-_2_.png\" alt=\"2023-Carnaval Distribui\u00e7\u00e3o de insumos de preven\u00e7\u00e3o \u00e0s IST\/HIV\" loading=\"lazy\">\n                                        <\/div>\n                <\/div>\n              <\/div>\n              <div class=\"container\">\n                <div class=\"row\">\n                  <div class=\"col-md-8 offset-md-2\">\n                    <small class=\"d-inline-block mb-3\">63 de 80<\/small> \n                        <h3 class=\"mb-3\">2023-Carnaval Distribui\u00e7\u00e3o de insumos de preven\u00e7\u00e3o \u00e0s IST\/HIV<\/h3>\n                      <p><\/p>\n                                        <\/div>\n                <\/div>\n              <\/div>\n          <\/div> \n                  <div id=\"midia-64\" class=\"gallery-details__item\">\n              <div class=\"container-fluid\">\n                <div class=\"row\">\n                  <div class=\"col-12 mb-5 px-0 text-center gallery-details__image\">\n                                              <img decoding=\"async\" src=\"https:\/\/memo.museudapessoa.org\/app\/_lib\/file\/img\/2023_Oficina Tem\u00e1tica - Prepara\u00e7\u00e3o para o Encontro Intersetorial (SUS e SUAS) em Mangaratiba_Ciclo Sa\u00fade Prote\u00e7\u00e3o Social.JPG\" alt=\"2023 - Oficina Tem\u00e1tica: Prepara\u00e7\u00e3o para o Encontro Intersetorial (SUS e SUAS) em Mangaratiba_Ciclo \">\n                                        <\/div>\n                <\/div>\n              <\/div>\n              <div class=\"container\">\n                <div class=\"row\">\n                  <div class=\"col-md-8 offset-md-2\">\n                    <small class=\"d-inline-block mb-3\">64 de 80<\/small> \n                        <h3 class=\"mb-3\">2023 &#8211; Oficina Tem\u00e1tica: Prepara\u00e7\u00e3o para o Encontro Intersetorial (SUS e SUAS) em Mangaratiba_Ciclo <\/h3>\n                      <p><\/p>\n                                        <\/div>\n                <\/div>\n              <\/div>\n          <\/div> \n                  <div id=\"midia-65\" class=\"gallery-details__item\">\n              <div class=\"container-fluid\">\n                <div class=\"row\">\n                  <div class=\"col-12 mb-5 px-0 text-center gallery-details__image\">\n                                              <img decoding=\"async\" src=\"https:\/\/memo.museudapessoa.org\/app\/_lib\/file\/img\/2023_Jornada de Sa\u00fade Mental_Ciclo Sa\u00fade Governador Valadares.jpg\" alt=\"2023- Jornada de Sa\u00fade Mental Ciclo Sa\u00fade Governador Valadares\">\n                                        <\/div>\n                <\/div>\n              <\/div>\n              <div class=\"container\">\n                <div class=\"row\">\n                  <div class=\"col-md-8 offset-md-2\">\n                    <small class=\"d-inline-block mb-3\">65 de 80<\/small> \n                        <h3 class=\"mb-3\">2023- Jornada de Sa\u00fade Mental Ciclo Sa\u00fade Governador Valadares<\/h3>\n                      <p><\/p>\n                                        <\/div>\n                <\/div>\n              <\/div>\n          <\/div> \n                  <div id=\"midia-66\" class=\"gallery-details__item\">\n              <div class=\"container-fluid\">\n                <div class=\"row\">\n                  <div class=\"col-12 mb-5 px-0 text-center gallery-details__image\">\n                                              <img decoding=\"async\" src=\"https:\/\/memo.museudapessoa.org\/app\/_lib\/file\/img\/2023_Encontro Municipal_Ciclo Sa\u00fade Corumb\u00e1.jpeg\" alt=\"2023 - Encontro Municipal Ciclo Sa\u00fade Corumb\u00e1.\">\n                                        <\/div>\n                <\/div>\n              <\/div>\n              <div class=\"container\">\n                <div class=\"row\">\n                  <div class=\"col-md-8 offset-md-2\">\n                    <small class=\"d-inline-block mb-3\">66 de 80<\/small> \n                        <h3 class=\"mb-3\">2023 &#8211; Encontro Municipal Ciclo Sa\u00fade Corumb\u00e1.<\/h3>\n                      <p><\/p>\n                                        <\/div>\n                <\/div>\n              <\/div>\n          <\/div> \n                  <div id=\"midia-67\" class=\"gallery-details__item\">\n              <div class=\"container-fluid\">\n                <div class=\"row\">\n                  <div class=\"col-12 mb-5 px-0 text-center gallery-details__image\">\n                                              <img decoding=\"async\" src=\"https:\/\/memo.museudapessoa.org\/app\/_lib\/file\/img\/2013-Frente Parlamentar Nacional de Tuberculose (1).jpg\" alt=\"2013-Frente Parlamentar Nacional de Tuberculose\">\n                                        <\/div>\n                <\/div>\n              <\/div>\n              <div class=\"container\">\n                <div class=\"row\">\n                  <div class=\"col-md-8 offset-md-2\">\n                    <small class=\"d-inline-block mb-3\">67 de 80<\/small> \n                        <h3 class=\"mb-3\">2013-Frente Parlamentar Nacional de Tuberculose<\/h3>\n                      <p><\/p>\n                                        <\/div>\n                <\/div>\n              <\/div>\n          <\/div> \n                  <div id=\"midia-68\" class=\"gallery-details__item\">\n              <div class=\"container-fluid\">\n                <div class=\"row\">\n                  <div class=\"col-12 mb-5 px-0 text-center gallery-details__image\">\n                                              <img decoding=\"async\" src=\"https:\/\/memo.museudapessoa.org\/app\/_lib\/file\/img\/2023_Encontro Municipal_Ciclo Sa\u00fade Colatina (1).jpg\" alt=\"2023 - Encontro Municipal Ciclo Sa\u00fade Colatina\">\n                                        <\/div>\n                <\/div>\n              <\/div>\n              <div class=\"container\">\n                <div class=\"row\">\n                  <div class=\"col-md-8 offset-md-2\">\n                    <small class=\"d-inline-block mb-3\">68 de 80<\/small> \n                        <h3 class=\"mb-3\">2023 &#8211; Encontro Municipal Ciclo Sa\u00fade Colatina<\/h3>\n                      <p><\/p>\n                                        <\/div>\n                <\/div>\n              <\/div>\n          <\/div> \n                  <div id=\"midia-69\" class=\"gallery-details__item\">\n              <div class=\"container-fluid\">\n                <div class=\"row\">\n                  <div class=\"col-12 mb-5 px-0 text-center gallery-details__image\">\n                                              <img decoding=\"async\" src=\"https:\/\/memo.museudapessoa.org\/app\/_lib\/file\/img\/2014 (4).jpg\" alt=\"2014 - Curso de elabora\u00e7\u00e3o e gest\u00e3o de projetos sociais em S\u00e3o Jos\u00e9 dos Campos (SP)\">\n                                        <\/div>\n                <\/div>\n              <\/div>\n              <div class=\"container\">\n                <div class=\"row\">\n                  <div class=\"col-md-8 offset-md-2\">\n                    <small class=\"d-inline-block mb-3\">69 de 80<\/small> \n                        <h3 class=\"mb-3\">2014 &#8211; Curso de elabora\u00e7\u00e3o e gest\u00e3o de projetos sociais em S\u00e3o Jos\u00e9 dos Campos (SP)<\/h3>\n                      <p><\/p>\n                                        <\/div>\n                <\/div>\n              <\/div>\n          <\/div> \n                  <div id=\"midia-70\" class=\"gallery-details__item\">\n              <div class=\"container-fluid\">\n                <div class=\"row\">\n                  <div class=\"col-12 mb-5 px-0 text-center gallery-details__image\">\n                                              <img decoding=\"async\" src=\"https:\/\/memo.museudapessoa.org\/app\/_lib\/file\/img\/NilzaRog\u00e9ria_HV_Mariellenoeducap.jpg\" alt=\"Marielle no EDUCAP\" loading=\"lazy\">\n                                        <\/div>\n                <\/div>\n              <\/div>\n              <div class=\"container\">\n                <div class=\"row\">\n                  <div class=\"col-md-8 offset-md-2\">\n                    <small class=\"d-inline-block mb-3\">70 de 80<\/small> \n                        <h3 class=\"mb-3\">Marielle no EDUCAP<\/h3>\n                      <p><\/p>\n                                        <\/div>\n                <\/div>\n              <\/div>\n          <\/div> \n                  <div id=\"midia-71\" class=\"gallery-details__item\">\n              <div class=\"container-fluid\">\n                <div class=\"row\">\n                  <div class=\"col-12 mb-5 px-0 text-center gallery-details__image\">\n                                              <img decoding=\"async\" src=\"https:\/\/memo.museudapessoa.org\/app\/_lib\/file\/img\/2017-Jovens Construtores-Mangueira (1) (1).jpg\" alt=\"2017 - Jovens Construtores - Mangueira\">\n                                        <\/div>\n                <\/div>\n              <\/div>\n              <div class=\"container\">\n                <div class=\"row\">\n                  <div class=\"col-md-8 offset-md-2\">\n                    <small class=\"d-inline-block mb-3\">71 de 80<\/small> \n                        <h3 class=\"mb-3\">2017 &#8211; Jovens Construtores &#8211; Mangueira<\/h3>\n                      <p><\/p>\n                                        <\/div>\n                <\/div>\n              <\/div>\n          <\/div> \n                  <div id=\"midia-72\" class=\"gallery-details__item\">\n              <div class=\"container-fluid\">\n                <div class=\"row\">\n                  <div class=\"col-12 mb-5 px-0 text-center gallery-details__image\">\n                                              <img decoding=\"async\" src=\"https:\/\/memo.museudapessoa.org\/app\/_lib\/file\/img\/Arthur_HV_FotosComplementares (1).jpeg\" alt=\"\">\n                                        <\/div>\n                <\/div>\n              <\/div>\n              <div class=\"container\">\n                <div class=\"row\">\n                  <div class=\"col-md-8 offset-md-2\">\n                    <small class=\"d-inline-block mb-3\">72 de 80<\/small> \n                        <h3 class=\"mb-3\"><\/h3>\n                      <p><\/p>\n                                        <\/div>\n                <\/div>\n              <\/div>\n          <\/div> \n                  <div id=\"midia-73\" class=\"gallery-details__item\">\n              <div class=\"container-fluid\">\n                <div class=\"row\">\n                  <div class=\"col-12 mb-5 px-0 text-center gallery-details__image\">\n                                              <img decoding=\"async\" src=\"https:\/\/memo.museudapessoa.org\/app\/_lib\/file\/img\/2022-Semin\u00e1rio Educa\u00e7\u00e3o de Jovens e Adultos em Debate_ Reflex\u00f5es e Possibilidades Frente a Juveniliza\u00e7\u00e3o (2).jpg\" alt=\"2022 - Semin\u00e1rio Educa\u00e7\u00e3o de Jovens e Adultos em Debate_ Reflex\u00f5es e Possibilidades Frente a Juvenil\">\n                                        <\/div>\n                <\/div>\n              <\/div>\n              <div class=\"container\">\n                <div class=\"row\">\n                  <div class=\"col-md-8 offset-md-2\">\n                    <small class=\"d-inline-block mb-3\">73 de 80<\/small> \n                        <h3 class=\"mb-3\">2022 &#8211; Semin\u00e1rio Educa\u00e7\u00e3o de Jovens e Adultos em Debate_ Reflex\u00f5es e Possibilidades Frente a Juvenil<\/h3>\n                      <p><\/p>\n                                        <\/div>\n                <\/div>\n              <\/div>\n          <\/div> \n                  <div id=\"midia-74\" class=\"gallery-details__item\">\n              <div class=\"container-fluid\">\n                <div class=\"row\">\n                  <div class=\"col-12 mb-5 px-0 text-center gallery-details__image\">\n                                              <img decoding=\"async\" src=\"https:\/\/memo.museudapessoa.org\/app\/_lib\/file\/img\/2022-Semin\u00e1rio Educa\u00e7\u00e3o de Jovens e Adultos em Debate_ Reflex\u00f5es e Possibilidades Frente a Juveniliza\u00e7\u00e3o (1).jpg\" alt=\"2022 - Semin\u00e1rio Educa\u00e7\u00e3o de Jovens e Adultos em Debate_ Reflex\u00f5es e Possibilidades Frente a Juvenil\">\n                                        <\/div>\n                <\/div>\n              <\/div>\n              <div class=\"container\">\n                <div class=\"row\">\n                  <div class=\"col-md-8 offset-md-2\">\n                    <small class=\"d-inline-block mb-3\">74 de 80<\/small> \n                        <h3 class=\"mb-3\">2022 &#8211; Semin\u00e1rio Educa\u00e7\u00e3o de Jovens e Adultos em Debate_ Reflex\u00f5es e Possibilidades Frente a Juvenil<\/h3>\n                      <p><\/p>\n                                        <\/div>\n                <\/div>\n              <\/div>\n          <\/div> \n                  <div id=\"midia-75\" class=\"gallery-details__item\">\n              <div class=\"container-fluid\">\n                <div class=\"row\">\n                  <div class=\"col-12 mb-5 px-0 text-center gallery-details__image\">\n                                              <img decoding=\"async\" src=\"https:\/\/memo.museudapessoa.org\/app\/_lib\/file\/img\/2022-Rede Nacional de Comunidade Saud\u00e1veis (1).jpeg\" alt=\"2022 - Rede Nacional de Comunidade Saud\u00e1veis\">\n                                        <\/div>\n                <\/div>\n              <\/div>\n              <div class=\"container\">\n                <div class=\"row\">\n                  <div class=\"col-md-8 offset-md-2\">\n                    <small class=\"d-inline-block mb-3\">75 de 80<\/small> \n                        <h3 class=\"mb-3\">2022 &#8211; Rede Nacional de Comunidade Saud\u00e1veis<\/h3>\n                      <p><\/p>\n                                        <\/div>\n                <\/div>\n              <\/div>\n          <\/div> \n                  <div id=\"midia-76\" class=\"gallery-details__item\">\n              <div class=\"container-fluid\">\n                <div class=\"row\">\n                  <div class=\"col-12 mb-5 px-0 text-center gallery-details__image\">\n                                              <img decoding=\"async\" src=\"https:\/\/memo.museudapessoa.org\/app\/_lib\/file\/img\/2022-Lan\u00e7amento do livro_ Sensibilidades e Afetos da Experi\u00eancia Docente (1).jpg\" alt=\"2022 - Lan\u00e7amento do livro \"Sensibilidades e Afetos da Experi\u00eancia Docente\"\">\n                                        <\/div>\n                <\/div>\n              <\/div>\n              <div class=\"container\">\n                <div class=\"row\">\n                  <div class=\"col-md-8 offset-md-2\">\n                    <small class=\"d-inline-block mb-3\">76 de 80<\/small> \n                        <h3 class=\"mb-3\">2022 &#8211; Lan\u00e7amento do livro &#8220;Sensibilidades e Afetos da Experi\u00eancia Docente&#8221;<\/h3>\n                      <p><\/p>\n                                        <\/div>\n                <\/div>\n              <\/div>\n          <\/div> \n                  <div id=\"midia-77\" class=\"gallery-details__item\">\n              <div class=\"container-fluid\">\n                <div class=\"row\">\n                  <div class=\"col-12 mb-5 px-0 text-center gallery-details__image\">\n                                              <img decoding=\"async\" src=\"https:\/\/memo.museudapessoa.org\/app\/_lib\/file\/img\/2022-Curso de forma\u00e7\u00e3o continuada \u201cAs experi\u00eancias de professores e professoras_ forma\u00e7\u00e3o-a\u00e7\u00e3o da EJA\u201d (1).jpg\" alt=\"2022-Curso de forma\u00e7\u00e3o continuada \u201cAs experi\u00eancias de professores e professoras_ forma\u00e7\u00e3o-a\u00e7\u00e3o da EJ\">\n                                        <\/div>\n                <\/div>\n              <\/div>\n              <div class=\"container\">\n                <div class=\"row\">\n                  <div class=\"col-md-8 offset-md-2\">\n                    <small class=\"d-inline-block mb-3\">77 de 80<\/small> \n                        <h3 class=\"mb-3\">2022-Curso de forma\u00e7\u00e3o continuada \u201cAs experi\u00eancias de professores e professoras_ forma\u00e7\u00e3o-a\u00e7\u00e3o da EJ<\/h3>\n                      <p><\/p>\n                                        <\/div>\n                <\/div>\n              <\/div>\n          <\/div> \n                  <div id=\"midia-78\" class=\"gallery-details__item\">\n              <div class=\"container-fluid\">\n                <div class=\"row\">\n                  <div class=\"col-12 mb-5 px-0 text-center gallery-details__image\">\n                                              <img decoding=\"async\" src=\"https:\/\/memo.museudapessoa.org\/app\/_lib\/file\/img\/2022-+ Crian\u00e7as Vacinadas \u2013 Covid na Parada (Alem\u00e3o).jpeg\" alt=\"2022-+ Crian\u00e7as Vacinadas \u2013 Covid na Parada (Alem\u00e3o)\">\n                                        <\/div>\n                <\/div>\n              <\/div>\n              <div class=\"container\">\n                <div class=\"row\">\n                  <div class=\"col-md-8 offset-md-2\">\n                    <small class=\"d-inline-block mb-3\">78 de 80<\/small> \n                        <h3 class=\"mb-3\">2022-+ Crian\u00e7as Vacinadas \u2013 Covid na Parada (Alem\u00e3o)<\/h3>\n                      <p><\/p>\n                                        <\/div>\n                <\/div>\n              <\/div>\n          <\/div> \n                  <div id=\"midia-79\" class=\"gallery-details__item\">\n              <div class=\"container-fluid\">\n                <div class=\"row\">\n                  <div class=\"col-12 mb-5 px-0 text-center gallery-details__image\">\n                                              <img decoding=\"async\" src=\"https:\/\/memo.museudapessoa.org\/app\/_lib\/file\/img\/2023-Projeto AtivA\u00e7\u00e3o (2).JPG\" alt=\"2023 - Projeto AtivA\u00e7\u00e3o\">\n                                        <\/div>\n                <\/div>\n              <\/div>\n              <div class=\"container\">\n                <div class=\"row\">\n                  <div class=\"col-md-8 offset-md-2\">\n                    <small class=\"d-inline-block mb-3\">79 de 80<\/small> \n                        <h3 class=\"mb-3\">2023 &#8211; Projeto AtivA\u00e7\u00e3o<\/h3>\n                      <p><\/p>\n                                        <\/div>\n                <\/div>\n              <\/div>\n          <\/div> \n                  <div id=\"midia-80\" class=\"gallery-details__item\">\n              <div class=\"container-fluid\">\n                <div class=\"row\">\n                  <div class=\"col-12 mb-5 px-0 text-center gallery-details__image\">\n                                              <img decoding=\"async\" src=\"https:\/\/memo.museudapessoa.org\/app\/_lib\/file\/img\/2023-Fala, Comunidade.jpg\" alt=\"2023 - Fala, Comunidade!\">\n                                        <\/div>\n                <\/div>\n              <\/div>\n              <div class=\"container\">\n                <div class=\"row\">\n                  <div class=\"col-md-8 offset-md-2\">\n                    <small class=\"d-inline-block mb-3\">80 de 80<\/small> \n                        <h3 class=\"mb-3\">2023 &#8211; Fala, Comunidade!<\/h3>\n                      <p><\/p>\n                                        <\/div>\n                <\/div>\n              <\/div>\n          <\/div> \n                <\/div>\n      <\/div>\n  <\/div><\/div>\n\n","protected":false},"excerpt":{"rendered":"<p>30 anos Cedaps: imagens de trajet\u00f3rias de vidas compartilhadas&nbsp; Esta exposi\u00e7\u00e3o celebra 30 anos de muitas viv\u00eancias, rela\u00e7\u00f5es, afetos, redes e constru\u00e7\u00e3o. Aqui voc\u00ea pode acompanhar atrav\u00e9s de imagens, v\u00eddeo e hist\u00f3rias de pessoas que se encontram com a hist\u00f3ria&#8230;<\/p>\n","protected":false},"author":41,"featured_media":0,"parent":0,"menu_order":0,"comment_status":"closed","ping_status":"closed","template":"","meta":{"_acf_changed":false,"footnotes":""},"class_list":["post-21","page","type-page","status-publish","hentry"],"acf":[],"yoast_head":"<!-- This site is optimized with the Yoast SEO plugin v23.3 - https:\/\/yoast.com\/wordpress\/plugins\/seo\/ -->\n<title>M\u00eddias - Cedaps - Um legado de Hist\u00f3rias Compartilhadas<\/title>\n<meta name=\"robots\" content=\"index, follow, max-snippet:-1, max-image-preview:large, max-video-preview:-1\" \/>\n<link rel=\"canonical\" href=\"https:\/\/memo.museudapessoa.org\/cedaps\/midias\/\" \/>\n<meta property=\"og:locale\" content=\"pt_BR\" \/>\n<meta property=\"og:type\" content=\"article\" \/>\n<meta property=\"og:title\" content=\"M\u00eddias - Cedaps - Um legado de Hist\u00f3rias Compartilhadas\" \/>\n<meta property=\"og:description\" content=\"30 anos Cedaps: imagens de trajet\u00f3rias de vidas compartilhadas&nbsp; Esta exposi\u00e7\u00e3o celebra 30 anos de muitas viv\u00eancias, rela\u00e7\u00f5es, afetos, redes e constru\u00e7\u00e3o. Aqui voc\u00ea pode acompanhar atrav\u00e9s de imagens, v\u00eddeo e hist\u00f3rias de pessoas que se encontram com a hist\u00f3ria...\" \/>\n<meta property=\"og:url\" content=\"https:\/\/memo.museudapessoa.org\/cedaps\/midias\/\" \/>\n<meta property=\"og:site_name\" content=\"Cedaps - Um legado de Hist\u00f3rias Compartilhadas\" \/>\n<meta property=\"article:modified_time\" content=\"2025-04-01T17:01:29+00:00\" \/>\n<meta name=\"twitter:card\" content=\"summary_large_image\" \/>\n<meta name=\"twitter:label1\" content=\"Est. tempo de leitura\" \/>\n\t<meta name=\"twitter:data1\" content=\"1 minuto\" \/>\n<script type=\"application\/ld+json\" class=\"yoast-schema-graph\">{\"@context\":\"https:\/\/schema.org\",\"@graph\":[{\"@type\":\"WebPage\",\"@id\":\"https:\/\/memo.museudapessoa.org\/cedaps\/midias\/\",\"url\":\"https:\/\/memo.museudapessoa.org\/cedaps\/midias\/\",\"name\":\"M\u00eddias - Cedaps - Um legado de Hist\u00f3rias Compartilhadas\",\"isPartOf\":{\"@id\":\"https:\/\/memo.museudapessoa.org\/cedaps\/#website\"},\"datePublished\":\"2023-09-22T19:27:35+00:00\",\"dateModified\":\"2025-04-01T17:01:29+00:00\",\"breadcrumb\":{\"@id\":\"https:\/\/memo.museudapessoa.org\/cedaps\/midias\/#breadcrumb\"},\"inLanguage\":\"pt-BR\",\"potentialAction\":[{\"@type\":\"ReadAction\",\"target\":[\"https:\/\/memo.museudapessoa.org\/cedaps\/midias\/\"]}]},{\"@type\":\"BreadcrumbList\",\"@id\":\"https:\/\/memo.museudapessoa.org\/cedaps\/midias\/#breadcrumb\",\"itemListElement\":[{\"@type\":\"ListItem\",\"position\":1,\"name\":\"Home\",\"item\":\"https:\/\/memo.museudapessoa.org\/cedaps\/\"},{\"@type\":\"ListItem\",\"position\":2,\"name\":\"M\u00eddias\"}]},{\"@type\":\"WebSite\",\"@id\":\"https:\/\/memo.museudapessoa.org\/cedaps\/#website\",\"url\":\"https:\/\/memo.museudapessoa.org\/cedaps\/\",\"name\":\"Cedaps - Um legado de Hist\u00f3rias Compartilhadas\",\"description\":\"\",\"potentialAction\":[{\"@type\":\"SearchAction\",\"target\":{\"@type\":\"EntryPoint\",\"urlTemplate\":\"https:\/\/memo.museudapessoa.org\/cedaps\/?s={search_term_string}\"},\"query-input\":\"required name=search_term_string\"}],\"inLanguage\":\"pt-BR\"}]}<\/script>\n<!-- \/ Yoast SEO plugin. -->","yoast_head_json":{"title":"M\u00eddias - Cedaps - Um legado de Hist\u00f3rias Compartilhadas","robots":{"index":"index","follow":"follow","max-snippet":"max-snippet:-1","max-image-preview":"max-image-preview:large","max-video-preview":"max-video-preview:-1"},"canonical":"https:\/\/memo.museudapessoa.org\/cedaps\/midias\/","og_locale":"pt_BR","og_type":"article","og_title":"M\u00eddias - Cedaps - Um legado de Hist\u00f3rias Compartilhadas","og_description":"30 anos Cedaps: imagens de trajet\u00f3rias de vidas compartilhadas&nbsp; Esta exposi\u00e7\u00e3o celebra 30 anos de muitas viv\u00eancias, rela\u00e7\u00f5es, afetos, redes e constru\u00e7\u00e3o. Aqui voc\u00ea pode acompanhar atrav\u00e9s de imagens, v\u00eddeo e hist\u00f3rias de pessoas que se encontram com a hist\u00f3ria...","og_url":"https:\/\/memo.museudapessoa.org\/cedaps\/midias\/","og_site_name":"Cedaps - Um legado de Hist\u00f3rias Compartilhadas","article_modified_time":"2025-04-01T17:01:29+00:00","twitter_card":"summary_large_image","twitter_misc":{"Est. tempo de leitura":"1 minuto"},"schema":{"@context":"https:\/\/schema.org","@graph":[{"@type":"WebPage","@id":"https:\/\/memo.museudapessoa.org\/cedaps\/midias\/","url":"https:\/\/memo.museudapessoa.org\/cedaps\/midias\/","name":"M\u00eddias - Cedaps - Um legado de Hist\u00f3rias Compartilhadas","isPartOf":{"@id":"https:\/\/memo.museudapessoa.org\/cedaps\/#website"},"datePublished":"2023-09-22T19:27:35+00:00","dateModified":"2025-04-01T17:01:29+00:00","breadcrumb":{"@id":"https:\/\/memo.museudapessoa.org\/cedaps\/midias\/#breadcrumb"},"inLanguage":"pt-BR","potentialAction":[{"@type":"ReadAction","target":["https:\/\/memo.museudapessoa.org\/cedaps\/midias\/"]}]},{"@type":"BreadcrumbList","@id":"https:\/\/memo.museudapessoa.org\/cedaps\/midias\/#breadcrumb","itemListElement":[{"@type":"ListItem","position":1,"name":"Home","item":"https:\/\/memo.museudapessoa.org\/cedaps\/"},{"@type":"ListItem","position":2,"name":"M\u00eddias"}]},{"@type":"WebSite","@id":"https:\/\/memo.museudapessoa.org\/cedaps\/#website","url":"https:\/\/memo.museudapessoa.org\/cedaps\/","name":"Cedaps - Um legado de Hist\u00f3rias Compartilhadas","description":"","potentialAction":[{"@type":"SearchAction","target":{"@type":"EntryPoint","urlTemplate":"https:\/\/memo.museudapessoa.org\/cedaps\/?s={search_term_string}"},"query-input":"required name=search_term_string"}],"inLanguage":"pt-BR"}]}},"_links":{"self":[{"href":"https:\/\/memo.museudapessoa.org\/cedaps\/wp-json\/wp\/v2\/pages\/21"}],"collection":[{"href":"https:\/\/memo.museudapessoa.org\/cedaps\/wp-json\/wp\/v2\/pages"}],"about":[{"href":"https:\/\/memo.museudapessoa.org\/cedaps\/wp-json\/wp\/v2\/types\/page"}],"author":[{"embeddable":true,"href":"https:\/\/memo.museudapessoa.org\/cedaps\/wp-json\/wp\/v2\/users\/41"}],"replies":[{"embeddable":true,"href":"https:\/\/memo.museudapessoa.org\/cedaps\/wp-json\/wp\/v2\/comments?post=21"}],"version-history":[{"count":298,"href":"https:\/\/memo.museudapessoa.org\/cedaps\/wp-json\/wp\/v2\/pages\/21\/revisions"}],"predecessor-version":[{"id":1105,"href":"https:\/\/memo.museudapessoa.org\/cedaps\/wp-json\/wp\/v2\/pages\/21\/revisions\/1105"}],"wp:attachment":[{"href":"https:\/\/memo.museudapessoa.org\/cedaps\/wp-json\/wp\/v2\/media?parent=21"}],"curies":[{"name":"wp","href":"https:\/\/api.w.org\/{rel}","templated":true}]}}