{"id":8,"date":"2023-07-20T14:44:35","date_gmt":"2023-07-20T17:44:35","guid":{"rendered":"https:\/\/hhh.memo.museudapessoa.org\/cedaps\/sobre\/"},"modified":"2023-10-04T12:39:03","modified_gmt":"2023-10-04T15:39:03","slug":"sobre","status":"publish","type":"page","link":"https:\/\/memo.museudapessoa.org\/cedaps\/sobre\/","title":{"rendered":"Sobre"},"content":{"rendered":"\n        <section class=\"conteudo\">\n          <div class=\"container\">\n            <div class=\"row\">\n              <div class=\"col-md-12 conteudo content margin-center text-md-\">\n                \n<h2 id=\"somos-o-cedaps---centro-de-promocao-da-saude-conheca-a-nossa-historia\" class=\"wp-block-heading\">Somos o Cedaps &#8211; Centro de Promo\u00e7\u00e3o da Sa\u00fade, conhe\u00e7a a nossa hist\u00f3ria!<\/h2>\n\n              <\/div>\n            <\/div>\n          <\/div>\n        <\/section>\n\n\n        <section class=\"conteudo\">\n          <div class=\"container\">\n            <div class=\"row\">\n              <div class=\"col-md-12 conteudo content margin-center text-md-\">\n                \n<p>Em 1993, o Cedaps deu in\u00edcio a uma jornada que se transformaria em uma bela trajet\u00f3ria de Constru\u00e7\u00e3o Compartilhada. Unindo as experi\u00eancias de diversos atores que contribuem para a promo\u00e7\u00e3o da sa\u00fade nos territ\u00f3rios populares, com o protagonismo de quem entende a realidade do lugar onde vive. Em 2023 celebramos 30 anos de Cedaps, um legado constru\u00eddo a partir da hist\u00f3ria de pessoas diversas, mas com sonhos e objetivos em comum: contribuir para experi\u00eancias de vidas e comunidades mais felizes, participativas, sustent\u00e1veis, inclusivas e saud\u00e1veis!<\/p>\n\n              <\/div>\n            <\/div>\n          <\/div>\n        <\/section>\n\n\n        <section class=\"conteudo\">\n          <div class=\"container\">\n            <div class=\"row\">\n              <div class=\"col-md-12 conteudo content margin-center text-md-\">\n                \n<p><em>Apresentamos a todas e todos a nossa exposi\u00e7\u00e3o virtual aqui no Museu da Pessoa<\/em>, o nosso n\u00facleo conta com hist\u00f3rias de vida, depoimentos e relatos de pessoas que constru\u00edram e constroem essa hist\u00f3ria junto com a gente. Um processo que come\u00e7ou com a capacita\u00e7\u00e3o dos colaboradores do Cedaps na metodologia do Museu da Pessoa, e com participa\u00e7\u00e3o horizontal na constru\u00e7\u00e3o de um roteiro inspirador e idealiza\u00e7\u00e3o do formato desta exposi\u00e7\u00e3o, que est\u00e1 em constante movimento e expans\u00e3o. Nos encontre sempre aqui neste espa\u00e7o e acompanhe nossa hist\u00f3ria.<\/p>\n\n              <\/div>\n            <\/div>\n          <\/div>\n        <\/section>\n\n\n        <section class=\"conteudo\">\n          <div class=\"container\">\n            <div class=\"row\">\n              <div class=\"col-md-12 conteudo content margin-center text-md-\">\n                \n<p><strong>Saiba mais sobre n\u00f3s, acesse: <\/strong><a href=\"https:\/\/cedaps.org.br\/\"><strong>cedaps.org.br<\/strong><\/a><\/p>\n\n              <\/div>\n            <\/div>\n          <\/div>\n        <\/section>\n\n\n        <section class=\"conteudo\">\n          <div class=\"container\">\n            <div class=\"row\">\n              <div class=\"col-md-12 conteudo content margin-center text-md-\">\n                \n<h2 id=\"equipe-nucleo-cedaps-museu-da-pessoa\" class=\"wp-block-heading\">Equipe N\u00facleo Cedaps\/Museu da Pessoa <\/h2>\n\n              <\/div>\n            <\/div>\n          <\/div>\n        <\/section>\n\n\n        <section class=\"conteudo\">\n          <div class=\"container\">\n            <div class=\"row\">\n              <div class=\"col-md-12 conteudo content margin-center text-md-\">\n                \n<div class=\"wp-block-columns is-layout-flex wp-container-core-columns-is-layout-1 wp-block-columns-is-layout-flex\">\n<div class=\"wp-block-column is-layout-flow wp-block-column-is-layout-flow\">\n        <section class=\"conteudo\">\n          <div class=\"container\">\n            <div class=\"row\">\n              <div class=\"col-md-12 conteudo content margin-center text-md-\">\n                \n<p><strong>Supervis\u00e3o editorial<\/strong><br>Alice Fatorelli<br>Malu Machado<br>Mariana Taranto<\/p>\n\n              <\/div>\n            <\/div>\n          <\/div>\n        <\/section>\n\n\n        <section class=\"conteudo\">\n          <div class=\"container\">\n            <div class=\"row\">\n              <div class=\"col-md-12 conteudo content margin-center text-md-\">\n                \n<p><strong>Coordena\u00e7\u00e3o de projeto<\/strong><br>Alice Fatorelli<br>Malu Machado<br>Mariana Taranto<br>Pedro Melo<\/p>\n\n              <\/div>\n            <\/div>\n          <\/div>\n        <\/section>\n\n\n        <section class=\"conteudo\">\n          <div class=\"container\">\n            <div class=\"row\">\n              <div class=\"col-md-12 conteudo content margin-center text-md-\">\n                \n<p><strong>Curadoria<\/strong><br>Katia Edmundo<br>Malu Machado<br>Mariana Taranto<br>Alice Fatorelli<br>Marcela Tripoli<br>Sofia Tapaj\u00f3s<\/p>\n\n              <\/div>\n            <\/div>\n          <\/div>\n        <\/section>\n\n\n        <section class=\"conteudo\">\n          <div class=\"container\">\n            <div class=\"row\">\n              <div class=\"col-md-12 conteudo content margin-center text-md-\">\n                \n<p><strong>Capta\u00e7\u00e3o audiovisual<\/strong><br>Alice Fatorelli<br>Mariana Taranto<br>Pedro Melo<\/p>\n\n              <\/div>\n            <\/div>\n          <\/div>\n        <\/section>\n\n\n        <section class=\"conteudo\">\n          <div class=\"container\">\n            <div class=\"row\">\n              <div class=\"col-md-12 conteudo content margin-center text-md-\">\n                \n<p><strong>Edi\u00e7\u00e3o audiovisual<\/strong><br>Jonata Sot\u00e9rio <br>Alice Fatorelli <br>Mariana Taranto<br>Pedro Melo<br>Maria Clara Natalizi<br>Malu Machado<\/p>\n\n              <\/div>\n            <\/div>\n          <\/div>\n        <\/section><\/div>\n\n\n\n<div class=\"wp-block-column is-layout-flow wp-block-column-is-layout-flow\">\n        <section class=\"conteudo\">\n          <div class=\"container\">\n            <div class=\"row\">\n              <div class=\"col-md-12 conteudo content margin-center text-md-\">\n                \n<p><strong>Organiza\u00e7\u00e3o do acervo<\/strong><br>Alice Fatorelli<br>Mariana Taranto<br>Pedro Melo <br>Malu Machado <br>Isabella Signorelli<\/p>\n\n              <\/div>\n            <\/div>\n          <\/div>\n        <\/section>\n\n\n        <section class=\"conteudo\">\n          <div class=\"container\">\n            <div class=\"row\">\n              <div class=\"col-md-12 conteudo content margin-center text-md-\">\n                \n<p><strong>Produ\u00e7\u00e3o<\/strong><br>Katia Edmundo<br>Socorro Vasconcelos<br>Wanda Guimar\u00e3es<br>Alice Fatorelli <br>Anne Reder <br>Isabele Aguiar <br>Izabella de Carvalho<br>Juliano Gon\u00e7alves <br>Lucia Nicida<br>Malu Machado<br>Mariana Taranto<br>Pedro Melo<br>Simone Guabiroba<\/p>\n\n              <\/div>\n            <\/div>\n          <\/div>\n        <\/section>\n\n\n        <section class=\"conteudo\">\n          <div class=\"container\">\n            <div class=\"row\">\n              <div class=\"col-md-12 conteudo content margin-center text-md-\">\n                \n<p><strong>Entrevistas<\/strong><br>Mariana Taranto <br>Alice Fatorelli<\/p>\n\n              <\/div>\n            <\/div>\n          <\/div>\n        <\/section><\/div>\n<\/div>\n\n              <\/div>\n            <\/div>\n          <\/div>\n        <\/section>","protected":false},"excerpt":{"rendered":"<p>Somos o Cedaps &#8211; Centro de Promo\u00e7\u00e3o da Sa\u00fade, conhe\u00e7a a nossa hist\u00f3ria! Em 1993, o Cedaps deu in\u00edcio a uma jornada que se transformaria em uma bela trajet\u00f3ria de Constru\u00e7\u00e3o Compartilhada. Unindo as experi\u00eancias de diversos atores que contribuem&#8230;<\/p>\n","protected":false},"author":1,"featured_media":0,"parent":0,"menu_order":0,"comment_status":"closed","ping_status":"closed","template":"","meta":{"_acf_changed":false,"footnotes":""},"class_list":["post-8","page","type-page","status-publish","hentry"],"acf":[],"yoast_head":"<!-- This site is optimized with the Yoast SEO plugin v23.3 - https:\/\/yoast.com\/wordpress\/plugins\/seo\/ -->\n<title>Sobre - Cedaps - Um legado de Hist\u00f3rias Compartilhadas<\/title>\n<meta name=\"robots\" content=\"index, follow, max-snippet:-1, max-image-preview:large, max-video-preview:-1\" \/>\n<link rel=\"canonical\" href=\"https:\/\/memo.museudapessoa.org\/cedaps\/sobre\/\" \/>\n<meta property=\"og:locale\" content=\"pt_BR\" \/>\n<meta property=\"og:type\" content=\"article\" \/>\n<meta property=\"og:title\" content=\"Sobre - Cedaps - Um legado de Hist\u00f3rias Compartilhadas\" \/>\n<meta property=\"og:description\" content=\"Somos o Cedaps &#8211; Centro de Promo\u00e7\u00e3o da Sa\u00fade, conhe\u00e7a a nossa hist\u00f3ria! Em 1993, o Cedaps deu in\u00edcio a uma jornada que se transformaria em uma bela trajet\u00f3ria de Constru\u00e7\u00e3o Compartilhada. Unindo as experi\u00eancias de diversos atores que contribuem...\" \/>\n<meta property=\"og:url\" content=\"https:\/\/memo.museudapessoa.org\/cedaps\/sobre\/\" \/>\n<meta property=\"og:site_name\" content=\"Cedaps - Um legado de Hist\u00f3rias Compartilhadas\" \/>\n<meta property=\"article:modified_time\" content=\"2023-10-04T15:39:03+00:00\" \/>\n<meta name=\"twitter:card\" content=\"summary_large_image\" \/>\n<meta name=\"twitter:label1\" content=\"Est. tempo de leitura\" \/>\n\t<meta name=\"twitter:data1\" content=\"2 minutos\" \/>\n<script type=\"application\/ld+json\" class=\"yoast-schema-graph\">{\"@context\":\"https:\/\/schema.org\",\"@graph\":[{\"@type\":\"WebPage\",\"@id\":\"https:\/\/memo.museudapessoa.org\/cedaps\/sobre\/\",\"url\":\"https:\/\/memo.museudapessoa.org\/cedaps\/sobre\/\",\"name\":\"Sobre - Cedaps - Um legado de Hist\u00f3rias Compartilhadas\",\"isPartOf\":{\"@id\":\"https:\/\/memo.museudapessoa.org\/cedaps\/#website\"},\"datePublished\":\"2023-07-20T17:44:35+00:00\",\"dateModified\":\"2023-10-04T15:39:03+00:00\",\"breadcrumb\":{\"@id\":\"https:\/\/memo.museudapessoa.org\/cedaps\/sobre\/#breadcrumb\"},\"inLanguage\":\"pt-BR\",\"potentialAction\":[{\"@type\":\"ReadAction\",\"target\":[\"https:\/\/memo.museudapessoa.org\/cedaps\/sobre\/\"]}]},{\"@type\":\"BreadcrumbList\",\"@id\":\"https:\/\/memo.museudapessoa.org\/cedaps\/sobre\/#breadcrumb\",\"itemListElement\":[{\"@type\":\"ListItem\",\"position\":1,\"name\":\"Home\",\"item\":\"https:\/\/memo.museudapessoa.org\/cedaps\/\"},{\"@type\":\"ListItem\",\"position\":2,\"name\":\"Sobre\"}]},{\"@type\":\"WebSite\",\"@id\":\"https:\/\/memo.museudapessoa.org\/cedaps\/#website\",\"url\":\"https:\/\/memo.museudapessoa.org\/cedaps\/\",\"name\":\"Cedaps - Um legado de Hist\u00f3rias Compartilhadas\",\"description\":\"\",\"potentialAction\":[{\"@type\":\"SearchAction\",\"target\":{\"@type\":\"EntryPoint\",\"urlTemplate\":\"https:\/\/memo.museudapessoa.org\/cedaps\/?s={search_term_string}\"},\"query-input\":\"required name=search_term_string\"}],\"inLanguage\":\"pt-BR\"}]}<\/script>\n<!-- \/ Yoast SEO plugin. -->","yoast_head_json":{"title":"Sobre - Cedaps - Um legado de Hist\u00f3rias Compartilhadas","robots":{"index":"index","follow":"follow","max-snippet":"max-snippet:-1","max-image-preview":"max-image-preview:large","max-video-preview":"max-video-preview:-1"},"canonical":"https:\/\/memo.museudapessoa.org\/cedaps\/sobre\/","og_locale":"pt_BR","og_type":"article","og_title":"Sobre - Cedaps - Um legado de Hist\u00f3rias Compartilhadas","og_description":"Somos o Cedaps &#8211; Centro de Promo\u00e7\u00e3o da Sa\u00fade, conhe\u00e7a a nossa hist\u00f3ria! Em 1993, o Cedaps deu in\u00edcio a uma jornada que se transformaria em uma bela trajet\u00f3ria de Constru\u00e7\u00e3o Compartilhada. Unindo as experi\u00eancias de diversos atores que contribuem...","og_url":"https:\/\/memo.museudapessoa.org\/cedaps\/sobre\/","og_site_name":"Cedaps - Um legado de Hist\u00f3rias Compartilhadas","article_modified_time":"2023-10-04T15:39:03+00:00","twitter_card":"summary_large_image","twitter_misc":{"Est. tempo de leitura":"2 minutos"},"schema":{"@context":"https:\/\/schema.org","@graph":[{"@type":"WebPage","@id":"https:\/\/memo.museudapessoa.org\/cedaps\/sobre\/","url":"https:\/\/memo.museudapessoa.org\/cedaps\/sobre\/","name":"Sobre - Cedaps - Um legado de Hist\u00f3rias Compartilhadas","isPartOf":{"@id":"https:\/\/memo.museudapessoa.org\/cedaps\/#website"},"datePublished":"2023-07-20T17:44:35+00:00","dateModified":"2023-10-04T15:39:03+00:00","breadcrumb":{"@id":"https:\/\/memo.museudapessoa.org\/cedaps\/sobre\/#breadcrumb"},"inLanguage":"pt-BR","potentialAction":[{"@type":"ReadAction","target":["https:\/\/memo.museudapessoa.org\/cedaps\/sobre\/"]}]},{"@type":"BreadcrumbList","@id":"https:\/\/memo.museudapessoa.org\/cedaps\/sobre\/#breadcrumb","itemListElement":[{"@type":"ListItem","position":1,"name":"Home","item":"https:\/\/memo.museudapessoa.org\/cedaps\/"},{"@type":"ListItem","position":2,"name":"Sobre"}]},{"@type":"WebSite","@id":"https:\/\/memo.museudapessoa.org\/cedaps\/#website","url":"https:\/\/memo.museudapessoa.org\/cedaps\/","name":"Cedaps - Um legado de Hist\u00f3rias Compartilhadas","description":"","potentialAction":[{"@type":"SearchAction","target":{"@type":"EntryPoint","urlTemplate":"https:\/\/memo.museudapessoa.org\/cedaps\/?s={search_term_string}"},"query-input":"required name=search_term_string"}],"inLanguage":"pt-BR"}]}},"_links":{"self":[{"href":"https:\/\/memo.museudapessoa.org\/cedaps\/wp-json\/wp\/v2\/pages\/8"}],"collection":[{"href":"https:\/\/memo.museudapessoa.org\/cedaps\/wp-json\/wp\/v2\/pages"}],"about":[{"href":"https:\/\/memo.museudapessoa.org\/cedaps\/wp-json\/wp\/v2\/types\/page"}],"author":[{"embeddable":true,"href":"https:\/\/memo.museudapessoa.org\/cedaps\/wp-json\/wp\/v2\/users\/1"}],"replies":[{"embeddable":true,"href":"https:\/\/memo.museudapessoa.org\/cedaps\/wp-json\/wp\/v2\/comments?post=8"}],"version-history":[{"count":11,"href":"https:\/\/memo.museudapessoa.org\/cedaps\/wp-json\/wp\/v2\/pages\/8\/revisions"}],"predecessor-version":[{"id":1063,"href":"https:\/\/memo.museudapessoa.org\/cedaps\/wp-json\/wp\/v2\/pages\/8\/revisions\/1063"}],"wp:attachment":[{"href":"https:\/\/memo.museudapessoa.org\/cedaps\/wp-json\/wp\/v2\/media?parent=8"}],"curies":[{"name":"wp","href":"https:\/\/api.w.org\/{rel}","templated":true}]}}