{"id":11,"date":"2024-10-18T19:19:46","date_gmt":"2024-10-18T22:19:46","guid":{"rendered":"https:\/\/memo.museudapessoa.org\/belavidacombr\/midias\/"},"modified":"2024-10-18T19:19:46","modified_gmt":"2024-10-18T22:19:46","slug":"midias","status":"publish","type":"page","link":"https:\/\/memo.museudapessoa.org\/descendentesdealemaesemcampinas\/midias\/","title":{"rendered":"M\u00eddias"},"content":{"rendered":"<section id=\"galeria-de-midia\" class=' margin-top-0 margin-bottom-large padding-top-0 padding-bottom-0'>\n  <div class=\"container\">\n    <div class=\"row\">\n              <div class=\"col-md-12\">\n          <h2>Galeria de m\u00eddia<\/h2>\n                  <\/div>\n          <\/div>\n    <div class=\"row\">\n      <div class=\"col-12\">\n      <div class=\"home-gallery \">\n                       <a data-bs-toggle=\"modal\" data-index=\"0\" href=\"#midia-1\" data-bs-target=\"#gallery-details-galeria-de-midia\"  class=\"gallery-item home-gallery__item  \">\n                  <img decoding=\"async\" src=\"https:\/\/memo.museudapessoa.org\/app\/_lib\/file\/img\/thumb\/CACAU ITAL.jpg\" alt=\"Cacau\">       \n              <\/a>\n                    <\/div>\n      <\/div>\n    <\/div>\n      <\/div>\n<\/section>\n\n<div id=\"gallery-details-galeria-de-midia\" class=\"modal gallery-details\" tabindex=\"-1\">\n    <button class=\"gallery-details__close\" data-bs-dismiss=\"modal\">Fechar<\/button>\n  <div class=\"modal-dialog\">\n    <div class=\"modal-content\">\n      <div class=\"gallery-details__carousel owl-theme owl-carousel\">\n                <div id=\"midia-1\" class=\"gallery-details__item\">\n              <div class=\"container-fluid\">\n                <div class=\"row\">\n                  <div class=\"col-12 mb-5 px-0 text-center gallery-details__image\">\n                                              <img decoding=\"async\" src=\"https:\/\/memo.museudapessoa.org\/app\/_lib\/file\/img\/CACAU ITAL.jpg\" alt=\"Cacau\">\n                                        <\/div>\n                <\/div>\n              <\/div>\n              <div class=\"container\">\n                <div class=\"row\">\n                  <div class=\"col-md-8 offset-md-2\">\n                    <small class=\"d-inline-block mb-3\">1 de 1<\/small> \n                        <h3 class=\"mb-3\">Cacau<\/h3>\n                      <p>Cacau<\/p>\n                                            <p><b>Hist\u00f3ria: <\/b> <a href=\"https:\/\/memo.museudapessoa.org\/descendentesdealemaesemcampinas\/historia-detalhe\/55225\">Descobrindo a cidade<\/a><\/p>\n                                        <\/div>\n                <\/div>\n              <\/div>\n          <\/div> \n                <\/div>\n      <\/div>\n  <\/div><\/div>\n\n","protected":false},"excerpt":{"rendered":"","protected":false},"author":0,"featured_media":0,"parent":0,"menu_order":0,"comment_status":"closed","ping_status":"closed","template":"","meta":{"_acf_changed":false,"footnotes":""},"class_list":["post-11","page","type-page","status-publish","hentry"],"acf":[],"yoast_head":"<!-- This site is optimized with the Yoast SEO plugin v23.3 - https:\/\/yoast.com\/wordpress\/plugins\/seo\/ -->\n<title>M\u00eddias - Hist\u00f3rias de descendentes de imigrantes alem\u00e3es na cidade de Campinas (S\u00e3o Paulo)<\/title>\n<meta name=\"robots\" content=\"index, follow, max-snippet:-1, max-image-preview:large, max-video-preview:-1\" \/>\n<link rel=\"canonical\" href=\"https:\/\/memo.museudapessoa.org\/descendentesdealemaesemcampinas\/midias\/\" \/>\n<meta property=\"og:locale\" content=\"pt_BR\" \/>\n<meta property=\"og:type\" content=\"article\" \/>\n<meta property=\"og:title\" content=\"M\u00eddias - Hist\u00f3rias de descendentes de imigrantes alem\u00e3es na cidade de Campinas (S\u00e3o Paulo)\" \/>\n<meta property=\"og:url\" content=\"https:\/\/memo.museudapessoa.org\/descendentesdealemaesemcampinas\/midias\/\" \/>\n<meta property=\"og:site_name\" content=\"Hist\u00f3rias de descendentes de imigrantes alem\u00e3es na cidade de Campinas (S\u00e3o Paulo)\" \/>\n<meta name=\"twitter:card\" content=\"summary_large_image\" \/>\n<script type=\"application\/ld+json\" class=\"yoast-schema-graph\">{\"@context\":\"https:\/\/schema.org\",\"@graph\":[{\"@type\":\"WebPage\",\"@id\":\"https:\/\/memo.museudapessoa.org\/descendentesdealemaesemcampinas\/midias\/\",\"url\":\"https:\/\/memo.museudapessoa.org\/descendentesdealemaesemcampinas\/midias\/\",\"name\":\"M\u00eddias - Hist\u00f3rias de descendentes de imigrantes alem\u00e3es na cidade de Campinas (S\u00e3o Paulo)\",\"isPartOf\":{\"@id\":\"https:\/\/memo.museudapessoa.org\/descendentesdealemaesemcampinas\/#website\"},\"datePublished\":\"2024-10-18T22:19:46+00:00\",\"dateModified\":\"2024-10-18T22:19:46+00:00\",\"breadcrumb\":{\"@id\":\"https:\/\/memo.museudapessoa.org\/descendentesdealemaesemcampinas\/midias\/#breadcrumb\"},\"inLanguage\":\"pt-BR\",\"potentialAction\":[{\"@type\":\"ReadAction\",\"target\":[\"https:\/\/memo.museudapessoa.org\/descendentesdealemaesemcampinas\/midias\/\"]}]},{\"@type\":\"BreadcrumbList\",\"@id\":\"https:\/\/memo.museudapessoa.org\/descendentesdealemaesemcampinas\/midias\/#breadcrumb\",\"itemListElement\":[{\"@type\":\"ListItem\",\"position\":1,\"name\":\"In\u00edcio\",\"item\":\"https:\/\/memo.museudapessoa.org\/descendentesdealemaesemcampinas\/\"},{\"@type\":\"ListItem\",\"position\":2,\"name\":\"M\u00eddias\"}]},{\"@type\":\"WebSite\",\"@id\":\"https:\/\/memo.museudapessoa.org\/descendentesdealemaesemcampinas\/#website\",\"url\":\"https:\/\/memo.museudapessoa.org\/descendentesdealemaesemcampinas\/\",\"name\":\"Hist\u00f3rias de descendentes de imigrantes alem\u00e3es na cidade de Campinas (S\u00e3o Paulo)\",\"description\":\"\",\"potentialAction\":[{\"@type\":\"SearchAction\",\"target\":{\"@type\":\"EntryPoint\",\"urlTemplate\":\"https:\/\/memo.museudapessoa.org\/descendentesdealemaesemcampinas\/?s={search_term_string}\"},\"query-input\":\"required name=search_term_string\"}],\"inLanguage\":\"pt-BR\"}]}<\/script>\n<!-- \/ Yoast SEO plugin. -->","yoast_head_json":{"title":"M\u00eddias - Hist\u00f3rias de descendentes de imigrantes alem\u00e3es na cidade de Campinas (S\u00e3o Paulo)","robots":{"index":"index","follow":"follow","max-snippet":"max-snippet:-1","max-image-preview":"max-image-preview:large","max-video-preview":"max-video-preview:-1"},"canonical":"https:\/\/memo.museudapessoa.org\/descendentesdealemaesemcampinas\/midias\/","og_locale":"pt_BR","og_type":"article","og_title":"M\u00eddias - Hist\u00f3rias de descendentes de imigrantes alem\u00e3es na cidade de Campinas (S\u00e3o Paulo)","og_url":"https:\/\/memo.museudapessoa.org\/descendentesdealemaesemcampinas\/midias\/","og_site_name":"Hist\u00f3rias de descendentes de imigrantes alem\u00e3es na cidade de Campinas (S\u00e3o Paulo)","twitter_card":"summary_large_image","schema":{"@context":"https:\/\/schema.org","@graph":[{"@type":"WebPage","@id":"https:\/\/memo.museudapessoa.org\/descendentesdealemaesemcampinas\/midias\/","url":"https:\/\/memo.museudapessoa.org\/descendentesdealemaesemcampinas\/midias\/","name":"M\u00eddias - Hist\u00f3rias de descendentes de imigrantes alem\u00e3es na cidade de Campinas (S\u00e3o Paulo)","isPartOf":{"@id":"https:\/\/memo.museudapessoa.org\/descendentesdealemaesemcampinas\/#website"},"datePublished":"2024-10-18T22:19:46+00:00","dateModified":"2024-10-18T22:19:46+00:00","breadcrumb":{"@id":"https:\/\/memo.museudapessoa.org\/descendentesdealemaesemcampinas\/midias\/#breadcrumb"},"inLanguage":"pt-BR","potentialAction":[{"@type":"ReadAction","target":["https:\/\/memo.museudapessoa.org\/descendentesdealemaesemcampinas\/midias\/"]}]},{"@type":"BreadcrumbList","@id":"https:\/\/memo.museudapessoa.org\/descendentesdealemaesemcampinas\/midias\/#breadcrumb","itemListElement":[{"@type":"ListItem","position":1,"name":"In\u00edcio","item":"https:\/\/memo.museudapessoa.org\/descendentesdealemaesemcampinas\/"},{"@type":"ListItem","position":2,"name":"M\u00eddias"}]},{"@type":"WebSite","@id":"https:\/\/memo.museudapessoa.org\/descendentesdealemaesemcampinas\/#website","url":"https:\/\/memo.museudapessoa.org\/descendentesdealemaesemcampinas\/","name":"Hist\u00f3rias de descendentes de imigrantes alem\u00e3es na cidade de Campinas (S\u00e3o Paulo)","description":"","potentialAction":[{"@type":"SearchAction","target":{"@type":"EntryPoint","urlTemplate":"https:\/\/memo.museudapessoa.org\/descendentesdealemaesemcampinas\/?s={search_term_string}"},"query-input":"required name=search_term_string"}],"inLanguage":"pt-BR"}]}},"_links":{"self":[{"href":"https:\/\/memo.museudapessoa.org\/descendentesdealemaesemcampinas\/wp-json\/wp\/v2\/pages\/11"}],"collection":[{"href":"https:\/\/memo.museudapessoa.org\/descendentesdealemaesemcampinas\/wp-json\/wp\/v2\/pages"}],"about":[{"href":"https:\/\/memo.museudapessoa.org\/descendentesdealemaesemcampinas\/wp-json\/wp\/v2\/types\/page"}],"replies":[{"embeddable":true,"href":"https:\/\/memo.museudapessoa.org\/descendentesdealemaesemcampinas\/wp-json\/wp\/v2\/comments?post=11"}],"version-history":[{"count":1,"href":"https:\/\/memo.museudapessoa.org\/descendentesdealemaesemcampinas\/wp-json\/wp\/v2\/pages\/11\/revisions"}],"predecessor-version":[{"id":12,"href":"https:\/\/memo.museudapessoa.org\/descendentesdealemaesemcampinas\/wp-json\/wp\/v2\/pages\/11\/revisions\/12"}],"wp:attachment":[{"href":"https:\/\/memo.museudapessoa.org\/descendentesdealemaesemcampinas\/wp-json\/wp\/v2\/media?parent=11"}],"curies":[{"name":"wp","href":"https:\/\/api.w.org\/{rel}","templated":true}]}}