{"id":20,"date":"2024-11-07T12:53:47","date_gmt":"2024-11-07T15:53:47","guid":{"rendered":"https:\/\/memo.museudapessoa.org\/maravilhasdobrasil\/home\/"},"modified":"2024-11-13T14:51:17","modified_gmt":"2024-11-13T17:51:17","slug":"home","status":"publish","type":"page","link":"https:\/\/memo.museudapessoa.org\/maravilhasdobrasil\/","title":{"rendered":"Home"},"content":{"rendered":"\n\n<section id=\"block-carousel\"  class=' margin-top-none margin-bottom-medium padding-top-none padding-bottom-none' style='background-color:rgba(255,255,255,0);'>\n  <div class=\"container\">\n        <\/div>\n    <div class=\"container-fluid\">\n    <div class=\"row\">\n      <div class=\"col-md-12 px-0\">\n        <div data-items=\"1\" class=\"block-carousel owl-theme owl-carousel\">\n                          <div class=\"row\">\n                <div class=\"col-md-12 mb-4 mb-md-0\">\n                  <div class=\"block-carousel-item\">\n                                        <img decoding=\"async\" class=\"w-100\" src=\"https:\/\/memo.museudapessoa.org\/maravilhasdobrasil\/wp-content\/uploads\/sites\/136\/2024\/11\/vistas-da-exposicao-12-1024x576.jpg\" alt=\"\" loading=\"lazy\">\n                                      <\/div>\n                <\/div>\n              <\/div>\n                          <div class=\"row\">\n                <div class=\"col-md-12 mb-4 mb-md-0\">\n                  <div class=\"block-carousel-item\">\n                                        <img decoding=\"async\" class=\"w-100\" src=\"https:\/\/memo.museudapessoa.org\/maravilhasdobrasil\/wp-content\/uploads\/sites\/136\/2024\/11\/vistas-da-exposicao-11-1024x576.jpg\" alt=\"\" loading=\"lazy\">\n                                      <\/div>\n                <\/div>\n              <\/div>\n                          <div class=\"row\">\n                <div class=\"col-md-12 mb-4 mb-md-0\">\n                  <div class=\"block-carousel-item\">\n                                        <img decoding=\"async\" class=\"w-100\" src=\"https:\/\/memo.museudapessoa.org\/maravilhasdobrasil\/wp-content\/uploads\/sites\/136\/2024\/11\/vistas-da-exposicao-3-1024x576.jpg\" alt=\"\" loading=\"lazy\">\n                                      <\/div>\n                <\/div>\n              <\/div>\n                          <div class=\"row\">\n                <div class=\"col-md-12 mb-4 mb-md-0\">\n                  <div class=\"block-carousel-item\">\n                                        <img decoding=\"async\" class=\"w-100\" src=\"https:\/\/memo.museudapessoa.org\/maravilhasdobrasil\/wp-content\/uploads\/sites\/136\/2024\/11\/vistas-da-exposicao-17-1024x576.jpg\" alt=\"\" loading=\"lazy\">\n                                      <\/div>\n                <\/div>\n              <\/div>\n                          <div class=\"row\">\n                <div class=\"col-md-12 mb-4 mb-md-0\">\n                  <div class=\"block-carousel-item\">\n                                        <img decoding=\"async\" class=\"w-100\" src=\"https:\/\/memo.museudapessoa.org\/maravilhasdobrasil\/wp-content\/uploads\/sites\/136\/2024\/11\/vistas-da-exposicao-10-1024x576.jpg\" alt=\"\" loading=\"lazy\">\n                                      <\/div>\n                <\/div>\n              <\/div>\n                    <\/div>\n      <\/div>\n    <\/div>\n  <\/div>\n<\/section>\n\n\n\n\n\n        <section class=\"conteudo\">\n          <div class=\"container\">\n            <div class=\"row\">\n              <div class=\"col-md-12 conteudo content margin-center text-md-\">\n                \n<h2 id=\"exposicao-maravilhas-do-brasil---mostra-coletiva-dos-artistas-da-associacao-dos-pintores-com-a-boca-e-os-pes-apbp\" class=\"wp-block-heading has-text-align-left\"><strong>Exposi\u00e7\u00e3o Maravilhas do Brasil<\/strong> &#8211; mostra coletiva dos artistas da Associa\u00e7\u00e3o dos Pintores com a Boca e os P\u00e9s (APBP)<\/h2>\n\n              <\/div>\n            <\/div>\n          <\/div>\n        <\/section>\n\n\n        <section class=\"conteudo\">\n          <div class=\"container\">\n            <div class=\"row\">\n              <div class=\"col-md-12 conteudo content margin-center text-md-\">\n                \n<p><\/p>\n\n              <\/div>\n            <\/div>\n          <\/div>\n        <\/section>\n\n\n        <section class=\"conteudo\">\n          <div class=\"container\">\n            <div class=\"row\">\n              <div class=\"col-md-12 conteudo content margin-center text-md-\">\n                \n<p>A capacidade humana de transpor as adversidades fundamentou o surgimento das 30 obras de arte que comp\u00f5em a mostra \u201cMaravilhas do Brasil\u201d.<\/p>\n\n              <\/div>\n            <\/div>\n          <\/div>\n        <\/section>\n\n\n        <section class=\"conteudo\">\n          <div class=\"container\">\n            <div class=\"row\">\n              <div class=\"col-md-12 conteudo content margin-center text-md-\">\n                \n<p>Pintadas com a boca e\/ou os p\u00e9s, tais obras surgiram como fruto da dedica\u00e7\u00e3o de artistas imersos nas possibilidades de eternizar \u201cfragmentos\u201d da diversidade cultural, das paisagens de beleza singular, e da rica fauna e flora end\u00eamica de um Brasil continental.<\/p>\n\n              <\/div>\n            <\/div>\n          <\/div>\n        <\/section>\n\n\n        <section class=\"conteudo\">\n          <div class=\"container\">\n            <div class=\"row\">\n              <div class=\"col-md-12 conteudo content margin-center text-md-\">\n                \n<p>Cada imagem \u00e9 uma viagem pict\u00f3rica, decodificada em estilo, t\u00e9cnicas e cores distintas. Em cada detalhe se destaca, mais do que o anseio da produ\u00e7\u00e3o de uma obra, a evid\u00eancia de como a arte ainda desponta como uma ferramenta eficaz para a inclus\u00e3o plena e digna.<\/p>\n\n              <\/div>\n            <\/div>\n          <\/div>\n        <\/section>\n\n\n        <section class=\"conteudo\">\n          <div class=\"container\">\n            <div class=\"row\">\n              <div class=\"col-md-12 conteudo content margin-center text-md-\">\n                \n<p>Essa \u00e9 a prerrogativa norteadora da <strong>Associa\u00e7\u00e3o dos Pintores com a Boca e os P\u00e9s (APBP)<\/strong>, no Brasil e em todo o mundo. Ao longo de sua caminhada, parcerias como a do projeto MEM\u00d4, do Museu da Pessoa, d\u00e3o oportunidade aos seus artistas de compartilhar o olhar para a arte da supera\u00e7\u00e3o como uma das Maravilhas do Brasil.<\/p>\n\n              <\/div>\n            <\/div>\n          <\/div>\n        <\/section>\n\n\n        <section class=\"conteudo\">\n          <div class=\"container\">\n            <div class=\"row\">\n              <div class=\"col-md-12 conteudo content margin-center text-md-\">\n                \n<p><\/p>\n\n              <\/div>\n            <\/div>\n          <\/div>\n        <\/section>\n\n\n        <section class=\"conteudo\">\n          <div class=\"container\">\n            <div class=\"row\">\n              <div class=\"col-md-12 conteudo content margin-center text-md-\">\n                \n<p><strong>MARCELO CUNHA<\/strong>  | Artista, escritor, palestrante e curador da mostra. <\/p>\n\n              <\/div>\n            <\/div>\n          <\/div>\n        <\/section>\n\n\n        <section class=\"conteudo\">\n          <div class=\"container\">\n            <div class=\"row\">\n              <div class=\"col-md-12 conteudo content margin-center text-md-\">\n                \n<p><\/p>\n\n              <\/div>\n            <\/div>\n          <\/div>\n        <\/section>\n\n\n<div style=\"height:102px\" aria-hidden=\"true\" class=\"wp-block-spacer\"><\/div>\n\n\n\n<section id=\"conheca-os-artistas-da-exposicao-maravilhas-do-brasil\" class='histories-home block-grid margin-top-none margin-bottom-medium padding-top-none padding-bottom-none' style='background-color:rgba(255,255,255,0);' >\n  <div class=\"container\">\n    <div class=\"row\">\n      <div class=\"col-md-12\">\n                <h2 id=\"conheca-os-artistas-da-exposicao-maravilhas-do-brasil\" class=\"pt-0\">Conhe\u00e7a os artistas da exposi\u00e7\u00e3o MARAVILHAS DO BRASIL<\/h2>\n                      <\/div>\n    <\/div>\n  <\/div>\n  <div class=\"container mt-4\">\n          <style>\n          #conheca-os-artistas-da-exposicao-maravilhas-do-brasil .block-grid__item img,  #conheca-os-artistas-da-exposicao-maravilhas-do-brasil .block-grid__item--image{ \n              height:300px;\n          }\n          @media(max-width: 767.98px){\n            #conheca-os-artistas-da-exposicao-maravilhas-do-brasil .block-grid__item img,  #conheca-os-artistas-da-exposicao-maravilhas-do-brasil .block-grid__item--image{ \n              height:225px;\n            }\n          }\n      <\/style>      \n        <div class=\"row\">\n            <div data-wow-delay=\"100ms\" class=\"element-item wow fadeInUp px-md-4 mb-4 col-6 col-md-3\">\n                      <div class=\"block-grid__item\">\n                    <div class=\"block-grid__item--image\">\n            <div class=\"flipper\">\n                      <div class=\"front\">\n                <img decoding=\"async\" class=\"w-100\"  src=\"https:\/\/memo.museudapessoa.org\/maravilhasdobrasil\/wp-content\/uploads\/sites\/136\/2024\/11\/ADOLFO-NETO.png\" alt=\"Adolfo Neto\"\n                 loading=\"lazy\">\n                <\/div>\n                                    <\/div>\n          <\/div>\n            <h3 class=\"title-small mb-1 mt-1 text-uppercase\">Adolfo Neto<\/h3>\n                      <p>Nascido em 4\/10\/1987 em Carlos Chagas, MG,  Adolfo Neto nasceu prematuro e, com o decorrer  do tempo, foi diagnosticado com paralisia cerebral, o que afetou a mobilidade de seus bra\u00e7os. Desde menino desenvolveu habilidade com os p\u00e9s, escrevendo, desenhando e fazendo suas atividades rotineiras. Al\u00e9m de pintar, Adolfo gosta de praticar esportes como Corrida e Muay Thai.<\/p>\n                                    <\/div>\n                <\/div>\n            <div data-wow-delay=\"200ms\" class=\"element-item wow fadeInUp px-md-4 mb-4 col-6 col-md-3\">\n                      <div class=\"block-grid__item\">\n                    <div class=\"block-grid__item--image\">\n            <div class=\"flipper\">\n                      <div class=\"front\">\n                <img decoding=\"async\" class=\"w-100\"  src=\"https:\/\/memo.museudapessoa.org\/maravilhasdobrasil\/wp-content\/uploads\/sites\/136\/2024\/11\/Aline-Korb-1-755x1024.jpg\" alt=\"Aline Korb\"\n                 loading=\"lazy\">\n                <\/div>\n                                    <\/div>\n          <\/div>\n            <h3 class=\"title-small mb-1 mt-1 text-uppercase\">Aline Korb<\/h3>\n                      <p>Nascida em 7\/6\/1983 no Rio de Janeiro, RJ. Aos 17 anos uma meningite deixou como sequela uma les\u00e3o na medula, fazendo com que perdesse os movimentos dos bra\u00e7os, m\u00e3os e pernas. Mora no Hospital Universit\u00e1rio Pedro Ernesto, gosta muito de pintar e pretende se profissionalizar na pintura.<\/p>\n                                    <\/div>\n                <\/div>\n            <div data-wow-delay=\"300ms\" class=\"element-item wow fadeInUp px-md-4 mb-4 col-6 col-md-3\">\n                      <div class=\"block-grid__item\">\n                    <div class=\"block-grid__item--image\">\n            <div class=\"flipper\">\n                      <div class=\"front\">\n                <img decoding=\"async\" class=\"w-100\"  src=\"https:\/\/memo.museudapessoa.org\/maravilhasdobrasil\/wp-content\/uploads\/sites\/136\/2024\/11\/Barbara-Correa-768x1024.jpeg\" alt=\"B\u00e1rbara Corr\u00eaa\"\n                 loading=\"lazy\">\n                <\/div>\n                                    <\/div>\n          <\/div>\n            <h3 class=\"title-small mb-1 mt-1 text-uppercase\">B\u00e1rbara Corr\u00eaa<\/h3>\n                      <p>Nascida em 8\/6\/1997 no Rio de Janeiro com  uma doen\u00e7a chamada artrogripose, o que  afetou o movimento dos seus membros superiores e inferiores. Aos 9 anos de idade, come\u00e7ou a desenvolver a pintura com a boca e, hoje, \u00e9 uma jovem determinada a realizar todos os seus sonhos.<\/p>\n                                    <\/div>\n                <\/div>\n            <div data-wow-delay=\"400ms\" class=\"element-item wow fadeInUp px-md-4 mb-4 col-6 col-md-3\">\n                      <div class=\"block-grid__item\">\n                    <div class=\"block-grid__item--image\">\n            <div class=\"flipper\">\n                      <div class=\"front\">\n                <img decoding=\"async\" class=\"w-100\"  src=\"https:\/\/memo.museudapessoa.org\/maravilhasdobrasil\/wp-content\/uploads\/sites\/136\/2024\/11\/daniel-ferreira.png\" alt=\"Daniel Ferreira\"\n                 loading=\"lazy\">\n                <\/div>\n                                    <\/div>\n          <\/div>\n            <h3 class=\"title-small mb-1 mt-1 text-uppercase\">Daniel Ferreira<\/h3>\n                      <p>Nascido em 4\/4\/1990 em S\u00e3o Paulo, SP com m\u00e1 forma\u00e7\u00e3o cong\u00eanita. Sempre incentivado por seus pais e sua tia Socorro, pinta desde os 6 anos de idade. Para Daniel, a Arte significa um sonho sem limites. \u00c0s vezes, pinta at\u00e9 a madrugada do dia seguinte. Conquistou com muito orgulho sua carteira de habilita\u00e7\u00e3o, pratica nata\u00e7\u00e3o e \u00e9 palestrante motivacional.<\/p>\n                                    <\/div>\n                <\/div>\n            <div data-wow-delay=\"100ms\" class=\"element-item wow fadeInUp px-md-4 mb-4 col-6 col-md-3\">\n                      <div class=\"block-grid__item\">\n                    <div class=\"block-grid__item--image\">\n            <div class=\"flipper\">\n                      <div class=\"front\">\n                <img decoding=\"async\" class=\"w-100\"  src=\"https:\/\/memo.museudapessoa.org\/maravilhasdobrasil\/wp-content\/uploads\/sites\/136\/2024\/11\/daniela-caburro.png\" alt=\"Daniela Caburro\"\n                 loading=\"lazy\">\n                <\/div>\n                                    <\/div>\n          <\/div>\n            <h3 class=\"title-small mb-1 mt-1 text-uppercase\">Daniela Caburro<\/h3>\n                      <p>Nasceu em S\u00e3o Carlos, SP em 10\/6\/71. Com  8 meses de vida teve poliomielite e como consequ\u00eancia, ficou tetrapl\u00e9gica. Para Daniela,  a arte sempre foi um sonho de poder colocar para fora tudo o que estava na sua cabe\u00e7a e  na sua alma. Desde 1995 ela vem dedicando sua vida \u00e0 pintura, demonstrando um grande talento.<\/p>\n                                    <\/div>\n                <\/div>\n            <div data-wow-delay=\"200ms\" class=\"element-item wow fadeInUp px-md-4 mb-4 col-6 col-md-3\">\n                      <div class=\"block-grid__item\">\n                    <div class=\"block-grid__item--image\">\n            <div class=\"flipper\">\n                      <div class=\"front\">\n                <img decoding=\"async\" class=\"w-100\"  src=\"https:\/\/memo.museudapessoa.org\/maravilhasdobrasil\/wp-content\/uploads\/sites\/136\/2024\/11\/Danielle-Souza-1-726x1024.jpg\" alt=\"Danielle Souza\"\n                 loading=\"lazy\">\n                <\/div>\n                                    <\/div>\n          <\/div>\n            <h3 class=\"title-small mb-1 mt-1 text-uppercase\">Danielle Souza<\/h3>\n                      <p>Nascida em 14\/9\/1983, Rio de Janeiro, RJ.  Ficou tetrapl\u00e9gica ap\u00f3s ser atingida por um tiro de arma de fogo (bala perdida). Come\u00e7ou a pintar na reabilita\u00e7\u00e3o e com a pintura se aproxima dos seus sonhos e de uma qualidade de vida melhor.<\/p>\n                                    <\/div>\n                <\/div>\n            <div data-wow-delay=\"300ms\" class=\"element-item wow fadeInUp px-md-4 mb-4 col-6 col-md-3\">\n                      <div class=\"block-grid__item\">\n                    <div class=\"block-grid__item--image\">\n            <div class=\"flipper\">\n                      <div class=\"front\">\n                <img decoding=\"async\" class=\"w-100\"  src=\"https:\/\/memo.museudapessoa.org\/maravilhasdobrasil\/wp-content\/uploads\/sites\/136\/2024\/11\/Debora-Ferreira-2-576x1024.jpg\" alt=\"D\u00e9bora Ferreira\"\n                 loading=\"lazy\">\n                <\/div>\n                                    <\/div>\n          <\/div>\n            <h3 class=\"title-small mb-1 mt-1 text-uppercase\">D\u00e9bora Ferreira<\/h3>\n                      <p>Em 2007, ao sentir fortes dores no corpo e  n\u00e3o conseguir mais se movimentar, foi diagnosticada com Mielite isqu\u00eamica, doen\u00e7a que a deixou completamente paralisada do pesco\u00e7o para baixo. Incentivada pelo nosso artista Marcelo Cunha, ela come\u00e7ou a desenvolver a pintura com a boca em 2016  e, hoje, faz parte do time de artistas da APBP.<\/p>\n                                    <\/div>\n                <\/div>\n            <div data-wow-delay=\"400ms\" class=\"element-item wow fadeInUp px-md-4 mb-4 col-6 col-md-3\">\n                      <div class=\"block-grid__item\">\n                    <div class=\"block-grid__item--image\">\n            <div class=\"flipper\">\n                      <div class=\"front\">\n                <img decoding=\"async\" class=\"w-100\"  src=\"https:\/\/memo.museudapessoa.org\/maravilhasdobrasil\/wp-content\/uploads\/sites\/136\/2024\/11\/Dupe-Ferrira.png\" alt=\"Dup\u00e9 Ferreira\"\n                 loading=\"lazy\">\n                <\/div>\n                                    <\/div>\n          <\/div>\n            <h3 class=\"title-small mb-1 mt-1 text-uppercase\">Dup\u00e9 Ferreira<\/h3>\n                      <p>Nascido em 17 de novembro de 1971, em Aragar\u00e7as, GO, com as m\u00e3os e os bra\u00e7os atrofiados. Desde pequeno desenvolveu todas  as suas atividades usando os p\u00e9s, come\u00e7ando  a pintar com apenas 7 anos de idade. Al\u00e9m  da pintura, Dup\u00e9 tamb\u00e9m toca teclado e \u00e9 graduado em Servi\u00e7o Social e Pedagogia<\/p>\n                                    <\/div>\n                <\/div>\n            <div data-wow-delay=\"100ms\" class=\"element-item wow fadeInUp px-md-4 mb-4 col-6 col-md-3\">\n                      <div class=\"block-grid__item\">\n                    <div class=\"block-grid__item--image\">\n            <div class=\"flipper\">\n                      <div class=\"front\">\n                <img decoding=\"async\" class=\"w-100\"  src=\"https:\/\/memo.museudapessoa.org\/maravilhasdobrasil\/wp-content\/uploads\/sites\/136\/2024\/11\/Eduardo-Melo-768x1024.jpg\" alt=\"Eduardo Ado\"\n                 loading=\"lazy\">\n                <\/div>\n                                    <\/div>\n          <\/div>\n            <h3 class=\"title-small mb-1 mt-1 text-uppercase\">Eduardo Ado<\/h3>\n                      <p>Nascido em 23 de maio de 1972 no Rio de Janeiro , RJ. Ficou tetrapl\u00e9gico em 2003, v\u00edtima de arma  de fogo em um assalto. Come\u00e7ou a pintar por incentivo de colegas que tamb\u00e9m pintam com a boca. A pintura tornou-se seu trabalho e terapia.<\/p>\n                                    <\/div>\n                <\/div>\n            <div data-wow-delay=\"200ms\" class=\"element-item wow fadeInUp px-md-4 mb-4 col-6 col-md-3\">\n                      <div class=\"block-grid__item\">\n                    <div class=\"block-grid__item--image\">\n            <div class=\"flipper\">\n                      <div class=\"front\">\n                <img decoding=\"async\" class=\"w-100\"  src=\"https:\/\/memo.museudapessoa.org\/maravilhasdobrasil\/wp-content\/uploads\/sites\/136\/2024\/11\/Eva-Leite.png\" alt=\"Eva Leite\"\n                 loading=\"lazy\">\n                <\/div>\n                                    <\/div>\n          <\/div>\n            <h3 class=\"title-small mb-1 mt-1 text-uppercase\">Eva Leite<\/h3>\n                      <p>Nascida em 6 de julho de 1966, em Pedro II, PI.  Ficou tetrapl\u00e9gica em 1987 devido a um acidente de carro. Tem 3 filhos e al\u00e9m de pintar, tamb\u00e9m gosta de escrever, tendo j\u00e1 alguns livros publicados.<\/p>\n                                    <\/div>\n                <\/div>\n            <div data-wow-delay=\"300ms\" class=\"element-item wow fadeInUp px-md-4 mb-4 col-6 col-md-3\">\n                      <div class=\"block-grid__item\">\n                    <div class=\"block-grid__item--image\">\n            <div class=\"flipper\">\n                      <div class=\"front\">\n                <img decoding=\"async\" class=\"w-100\"  src=\"https:\/\/memo.museudapessoa.org\/maravilhasdobrasil\/wp-content\/uploads\/sites\/136\/2024\/11\/Goncalo-Borges.png\" alt=\"Gon\u00e7alo Borges\"\n                 loading=\"lazy\">\n                <\/div>\n                                    <\/div>\n          <\/div>\n            <h3 class=\"title-small mb-1 mt-1 text-uppercase\">Gon\u00e7alo Borges<\/h3>\n                      <p>Nascido em 8\/1\/1952, em Novo Horizonte, SP. Afetado pela paralisia dos bra\u00e7os desde o nascimento, aprendeu logo cedo a pintar com  a boca e os p\u00e9s. Seus trabalhos apresentam  um not\u00e1vel talento art\u00edstico. Hoje \u00e9 um de nossos membros mais ativos do Brasil, possui ateli\u00ea de pintura e dirige com seus p\u00e9s para diversas exposi\u00e7\u00f5es e eventos da associa\u00e7\u00e3o.<\/p>\n                                    <\/div>\n                <\/div>\n            <div data-wow-delay=\"400ms\" class=\"element-item wow fadeInUp px-md-4 mb-4 col-6 col-md-3\">\n                      <div class=\"block-grid__item\">\n                    <div class=\"block-grid__item--image\">\n            <div class=\"flipper\">\n                      <div class=\"front\">\n                <img decoding=\"async\" class=\"w-100\"  src=\"https:\/\/memo.museudapessoa.org\/maravilhasdobrasil\/wp-content\/uploads\/sites\/136\/2024\/11\/Ivan-Gomes.png\" alt=\"Ivan Gomes\"\n                 loading=\"lazy\">\n                <\/div>\n                                    <\/div>\n          <\/div>\n            <h3 class=\"title-small mb-1 mt-1 text-uppercase\">Ivan Gomes<\/h3>\n                      <p>Nascido em 30\/3\/1971, em Salto, SP. Afetado pela atrofia de seus membros superiores e inferiores, come\u00e7ou a pintar em 2002 e hoje mostra toda  a sua habilidade e talento em obras pintadas com a boca.<\/p>\n                                    <\/div>\n                <\/div>\n            <div data-wow-delay=\"100ms\" class=\"element-item wow fadeInUp px-md-4 mb-4 col-6 col-md-3\">\n                      <div class=\"block-grid__item\">\n                    <div class=\"block-grid__item--image\">\n            <div class=\"flipper\">\n                      <div class=\"front\">\n                <img decoding=\"async\" class=\"w-100\"  src=\"https:\/\/memo.museudapessoa.org\/maravilhasdobrasil\/wp-content\/uploads\/sites\/136\/2024\/11\/Jefferson-Maia.png\" alt=\"Jefferson Maia\"\n                 loading=\"lazy\">\n                <\/div>\n                                    <\/div>\n          <\/div>\n            <h3 class=\"title-small mb-1 mt-1 text-uppercase\">Jefferson Maia<\/h3>\n                      <p>Nascido em 18\/04\/1964 no Rio de Janeiro, RJ. Ficou tetrapl\u00e9gico em decorr\u00eancia de um tiro no pesco\u00e7o ao reagir a um assalto, mas teve mais les\u00f5es agravadas em um acidente de carro. Com a tetraplegia, formou-se em pedagogia e atuou no Paradesporto. Come\u00e7ou a pintar com  a boca, surpreendendo-se com a capacidade e, muito feliz com o desempenho, ainda participa de sal\u00f5es com notoriedade e pr\u00eamios; por isso, na arte, pinta e se aprimora todos os dias.<\/p>\n                                    <\/div>\n                <\/div>\n            <div data-wow-delay=\"200ms\" class=\"element-item wow fadeInUp px-md-4 mb-4 col-6 col-md-3\">\n                      <div class=\"block-grid__item\">\n                    <div class=\"block-grid__item--image\">\n            <div class=\"flipper\">\n                      <div class=\"front\">\n                <img decoding=\"async\" class=\"w-100\"  src=\"https:\/\/memo.museudapessoa.org\/maravilhasdobrasil\/wp-content\/uploads\/sites\/136\/2024\/11\/Joao-Paulo-Fontenele.jpg\" alt=\"Jo\u00e3o Paulo Fontenelle\"\n                 loading=\"lazy\">\n                <\/div>\n                                    <\/div>\n          <\/div>\n            <h3 class=\"title-small mb-1 mt-1 text-uppercase\">Jo\u00e3o Paulo Fontenelle<\/h3>\n                      <p>Nascido em 26\/8\/78 no Rio de Janeiro, RJ.  Jo\u00e3o Paulo perdeu suas habilidades com os bra\u00e7os e locomotoras durante sua inf\u00e2ncia, quando foi v\u00edtima de uma encefalopatia cr\u00f4nica e coqueluche. Aos 10 anos de idade come\u00e7ou  a pintar com o p\u00e9 seguindo o conselho de sua psic\u00f3loga<\/p>\n                                    <\/div>\n                <\/div>\n            <div data-wow-delay=\"300ms\" class=\"element-item wow fadeInUp px-md-4 mb-4 col-6 col-md-3\">\n                      <div class=\"block-grid__item\">\n                    <div class=\"block-grid__item--image\">\n            <div class=\"flipper\">\n                      <div class=\"front\">\n                <img decoding=\"async\" class=\"w-100\"  src=\"https:\/\/memo.museudapessoa.org\/maravilhasdobrasil\/wp-content\/uploads\/sites\/136\/2024\/11\/Kaze-Fraga.png\" alt=\"Kaz\u00ea Fraga\"\n                 loading=\"lazy\">\n                <\/div>\n                                    <\/div>\n          <\/div>\n            <h3 class=\"title-small mb-1 mt-1 text-uppercase\">Kaz\u00ea Fraga<\/h3>\n                      <p>Nascido em 8 de mar\u00e7o de 1973, no Rio de Janeiro, RJ. Ficou tetrapl\u00e9gico aos 18 anos num acidente em que um carro desgovernado o atingiu. Adora viver as coisas simples da vida, sempre que pode aprecia o p\u00f4r do sol, que por sinal foi uma de suas primeiras telas. Tem muita for\u00e7a, sonhos e projetos pessoais a serem realizados.<\/p>\n                                    <\/div>\n                <\/div>\n            <div data-wow-delay=\"400ms\" class=\"element-item wow fadeInUp px-md-4 mb-4 col-6 col-md-3\">\n                      <div class=\"block-grid__item\">\n                    <div class=\"block-grid__item--image\">\n            <div class=\"flipper\">\n                      <div class=\"front\">\n                <img decoding=\"async\" class=\"w-100\"  src=\"https:\/\/memo.museudapessoa.org\/maravilhasdobrasil\/wp-content\/uploads\/sites\/136\/2024\/11\/Leandro-Portella.png\" alt=\"Leandro Portella\"\n                 loading=\"lazy\">\n                <\/div>\n                                    <\/div>\n          <\/div>\n            <h3 class=\"title-small mb-1 mt-1 text-uppercase\">Leandro Portella<\/h3>\n                      <p>Aos 17 anos de idade, durante uma viagem com a fam\u00edlia para Ubatuba, ao furar uma onda, ficou paralisado do pesco\u00e7o para baixo. Internado por 6 meses no Hospital das Cl\u00ednicas em SP, Leandro foi incentivado pela artista Eliana Zagui, que vivia ali desde os 2 anos de idade e pinta com a boca.  Formado em Administra\u00e7\u00e3o P\u00fablica, agora a Arte tamb\u00e9m faz parte da sua vida cotidiana.<\/p>\n                                    <\/div>\n                <\/div>\n            <div data-wow-delay=\"100ms\" class=\"element-item wow fadeInUp px-md-4 mb-4 col-6 col-md-3\">\n                      <div class=\"block-grid__item\">\n                    <div class=\"block-grid__item--image\">\n            <div class=\"flipper\">\n                      <div class=\"front\">\n                <img decoding=\"async\" class=\"w-100\"  src=\"https:\/\/memo.museudapessoa.org\/maravilhasdobrasil\/wp-content\/uploads\/sites\/136\/2024\/11\/Lucas-Abreu.png\" alt=\"Lucas Abreu\"\n                 loading=\"lazy\">\n                <\/div>\n                                    <\/div>\n          <\/div>\n            <h3 class=\"title-small mb-1 mt-1 text-uppercase\">Lucas Abreu<\/h3>\n                      <p>Nascido em 25\/04\/1986 em Varginha\/ MG sem  os bra\u00e7os. Come\u00e7ou a rabiscar papel e escrever com os p\u00e9s por incentivo de sua m\u00e3e e sua irm\u00e3, que colocava o l\u00e1pis no meio de seus dedos. Desde pequeno, sempre foi fascinado por pintura, desenho e m\u00fasica. Al\u00e9m de pintar, tamb\u00e9m se dedica a tocar sua gaita.<\/p>\n                                    <\/div>\n                <\/div>\n            <div data-wow-delay=\"200ms\" class=\"element-item wow fadeInUp px-md-4 mb-4 col-6 col-md-3\">\n                      <div class=\"block-grid__item\">\n                    <div class=\"block-grid__item--image\">\n            <div class=\"flipper\">\n                      <div class=\"front\">\n                <img decoding=\"async\" class=\"w-100\"  src=\"https:\/\/memo.museudapessoa.org\/maravilhasdobrasil\/wp-content\/uploads\/sites\/136\/2024\/11\/Lucas-Luciano-Silva.png\" alt=\"Lucas Luciano Silva\"\n                 loading=\"lazy\">\n                <\/div>\n                                    <\/div>\n          <\/div>\n            <h3 class=\"title-small mb-1 mt-1 text-uppercase\">Lucas Luciano Silva<\/h3>\n                      <p>Nascido em 22\/12\/2001 em Lago da Pedra, MA, com artrogripose m\u00faltipla cong\u00eanita, o que causou a falta de mobilidade com os membros superiores. Desde que entrou na escola, aos  3 anos de idade, j\u00e1 foi despertado seu interesse pela arte e cores. Al\u00e9m de pintar com o p\u00e9,  Lucas tamb\u00e9m toca teclado.<\/p>\n                                    <\/div>\n                <\/div>\n            <div data-wow-delay=\"300ms\" class=\"element-item wow fadeInUp px-md-4 mb-4 col-6 col-md-3\">\n                      <div class=\"block-grid__item\">\n                    <div class=\"block-grid__item--image\">\n            <div class=\"flipper\">\n                      <div class=\"front\">\n                <img decoding=\"async\" class=\"w-100\"  src=\"https:\/\/memo.museudapessoa.org\/maravilhasdobrasil\/wp-content\/uploads\/sites\/136\/2024\/11\/Luciano-Alves.png\" alt=\"Luciano Alves\"\n                 loading=\"lazy\">\n                <\/div>\n                                    <\/div>\n          <\/div>\n            <h3 class=\"title-small mb-1 mt-1 text-uppercase\">Luciano Alves<\/h3>\n                      <p>Nascido em 23\/7\/1986, no Rio de Janeiro, RJ. Ficou tetrapl\u00e9gico aos 15 anos, quando acidentalmente bateu a cabe\u00e7a em uma pedra ao mergulhar na praia do Arpoador. Decidiu pintar inspirado por um dos pintores da Associa\u00e7\u00e3o. Hoje, com muita alegria pinta belas obras em guache e acr\u00edlico.<\/p>\n                                    <\/div>\n                <\/div>\n            <div data-wow-delay=\"400ms\" class=\"element-item wow fadeInUp px-md-4 mb-4 col-6 col-md-3\">\n                      <div class=\"block-grid__item\">\n                    <div class=\"block-grid__item--image\">\n            <div class=\"flipper\">\n                      <div class=\"front\">\n                <img decoding=\"async\" class=\"w-100\"  src=\"https:\/\/memo.museudapessoa.org\/maravilhasdobrasil\/wp-content\/uploads\/sites\/136\/2024\/11\/Marcelo-Cunha-759x1024.jpeg\" alt=\"Marcelo Cunha\"\n                 loading=\"lazy\">\n                <\/div>\n                                    <\/div>\n          <\/div>\n            <h3 class=\"title-small mb-1 mt-1 text-uppercase\">Marcelo Cunha<\/h3>\n                      <p>Nascido no Rio de Janeiro, RJ, em 13\/9\/1969.  Aos 21 anos de idade teve duas v\u00e9rtebras quebradas ao bater a cabe\u00e7a durante um mergulho numa cachoeira. Antes do acidente, que o deixou tetrapl\u00e9gico, Marcelo era designer gr\u00e1fico. Como autodidata, em 1994, aprendeu a pintar com a boca, tendo a produ\u00e7\u00e3o de belas paisagens. Coordena oficinas de pintura, \u00e9 escritor, colunista e palestrante. Graduado em publicidade e propaganda, hoje \u00e9 um de nossos Membros Associados, possui ateli\u00ea de pintura e, atrav\u00e9s da arte, tem promovido a reinser\u00e7\u00e3o de pessoas com defici\u00eancia.<\/p>\n                                    <\/div>\n                <\/div>\n            <div data-wow-delay=\"100ms\" class=\"element-item wow fadeInUp px-md-4 mb-4 col-6 col-md-3\">\n                      <div class=\"block-grid__item\">\n                    <div class=\"block-grid__item--image\">\n            <div class=\"flipper\">\n                      <div class=\"front\">\n                <img decoding=\"async\" class=\"w-100\"  src=\"https:\/\/memo.museudapessoa.org\/maravilhasdobrasil\/wp-content\/uploads\/sites\/136\/2024\/11\/Marcio-Alcantara.png\" alt=\"M\u00e1rcio Alc\u00e2ntara\"\n                 loading=\"lazy\">\n                <\/div>\n                                    <\/div>\n          <\/div>\n            <h3 class=\"title-small mb-1 mt-1 text-uppercase\">M\u00e1rcio Alc\u00e2ntara<\/h3>\n                      <p>Nascido em 12\/08\/1971 em Campina Grande, PB. Ficou tetrapl\u00e9gico em 1993 ap\u00f3s sofrer um acidente de moto no Rio de Janeiro, onde mora atualmente. Come\u00e7ou a desenvolver a pintura com a boca em 2013 por incentivo de um tio e do amigo Jefferson Maia, tamb\u00e9m artista da APBP.<\/p>\n                                    <\/div>\n                <\/div>\n            <div data-wow-delay=\"200ms\" class=\"element-item wow fadeInUp px-md-4 mb-4 col-6 col-md-3\">\n                      <div class=\"block-grid__item\">\n                    <div class=\"block-grid__item--image\">\n            <div class=\"flipper\">\n                      <div class=\"front\">\n                <img decoding=\"async\" class=\"w-100\"  src=\"https:\/\/memo.museudapessoa.org\/maravilhasdobrasil\/wp-content\/uploads\/sites\/136\/2024\/11\/Marquinhos.png\" alt=\"Marquinhos\"\n                 loading=\"lazy\">\n                <\/div>\n                                    <\/div>\n          <\/div>\n            <h3 class=\"title-small mb-1 mt-1 text-uppercase\">Marquinhos<\/h3>\n                      <p>Marquinhos mora em S\u00e3o Paulo desde os 6 meses de idade. Em novembro de 2016, durante uma brincadeira com amigos em uma roda de capoeira, acabou fraturando 2 v\u00e9rtebras na cervical, o que o deixou tetrapl\u00e9gico. Antes do acidente, era tatuador e tinha seu pr\u00f3prio neg\u00f3cio. Depois de 6 meses internado no HC,  ao voltar pra casa, decidiu tentar pintar com a boca, tendo grande \u00eaxito e sendo aceito para integrar a APBP em 2020.<\/p>\n                                    <\/div>\n                <\/div>\n            <div data-wow-delay=\"300ms\" class=\"element-item wow fadeInUp px-md-4 mb-4 col-6 col-md-3\">\n                      <div class=\"block-grid__item\">\n                    <div class=\"block-grid__item--image\">\n            <div class=\"flipper\">\n                      <div class=\"front\">\n                <img decoding=\"async\" class=\"w-100\"  src=\"https:\/\/memo.museudapessoa.org\/maravilhasdobrasil\/wp-content\/uploads\/sites\/136\/2024\/11\/Ricardo-Gonzales-1.jpg\" alt=\"Ricardo Gonzales\"\n                 loading=\"lazy\">\n                <\/div>\n                                    <\/div>\n          <\/div>\n            <h3 class=\"title-small mb-1 mt-1 text-uppercase\">Ricardo Gonzales<\/h3>\n                      <p>Era um jovem muito ativo quando, aos 16 anos  de idade, sofreu um acidente de carro quando estava a caminho de um jogo de futebol com amigos. Tetrapl\u00e9gico, terminou seus estudos e  se graduou em Ci\u00eancias Biol\u00f3gicas. Como um dos idealizadores do projeto &#8220;Praia para todos&#8221;, atrav\u00e9s da ONG fundada por sua m\u00e3e com o objetivo de levar informa\u00e7\u00e3o e atendimento a pessoas com defici\u00eancia, conheceu alguns artistas da APBP que acabaram o incentivando  a tentar a pintura com a boca.<\/p>\n                                    <\/div>\n                <\/div>\n            <div data-wow-delay=\"400ms\" class=\"element-item wow fadeInUp px-md-4 mb-4 col-6 col-md-3\">\n                      <div class=\"block-grid__item\">\n                    <div class=\"block-grid__item--image\">\n            <div class=\"flipper\">\n                      <div class=\"front\">\n                <img decoding=\"async\" class=\"w-100\"  src=\"https:\/\/memo.museudapessoa.org\/maravilhasdobrasil\/wp-content\/uploads\/sites\/136\/2024\/11\/Rita-Boz.png\" alt=\"Rita Boz\"\n                 loading=\"lazy\">\n                <\/div>\n                                    <\/div>\n          <\/div>\n            <h3 class=\"title-small mb-1 mt-1 text-uppercase\">Rita Boz<\/h3>\n                      <p>Nascida em Flores da Cunha, RS, mora h\u00e1 15  anos em Palho\u00e7a, SC. V\u00edtima da talidomida,  Rita \u00e9 apaixonada pela arte. Gosta de pintar  a \u00f3leo e realizar colagens.<\/p>\n                                    <\/div>\n                <\/div>\n            <div data-wow-delay=\"100ms\" class=\"element-item wow fadeInUp px-md-4 mb-4 col-6 col-md-3\">\n                      <div class=\"block-grid__item\">\n                    <div class=\"block-grid__item--image\">\n            <div class=\"flipper\">\n                      <div class=\"front\">\n                <img decoding=\"async\" class=\"w-100\"  src=\"https:\/\/memo.museudapessoa.org\/maravilhasdobrasil\/wp-content\/uploads\/sites\/136\/2024\/11\/Ronaldo-Pio.png\" alt=\"Ronaldo Pio\"\n                 loading=\"lazy\">\n                <\/div>\n                                    <\/div>\n          <\/div>\n            <h3 class=\"title-small mb-1 mt-1 text-uppercase\">Ronaldo Pio<\/h3>\n                      <p>Nascido em 6 de junho de 1960, em Belo Horizonte, MG. V\u00edtima da talidomida, come\u00e7ou  a pintar com os p\u00e9s desde os 7 anos de idade. Atualmente participa de muitas exposi\u00e7\u00f5es.  Para Ronaldo a pintura significa tudo. Considerando-se muito feliz em poder se expressar atrav\u00e9s da arte.<\/p>\n                                    <\/div>\n                <\/div>\n            <div data-wow-delay=\"200ms\" class=\"element-item wow fadeInUp px-md-4 mb-4 col-6 col-md-3\">\n                      <div class=\"block-grid__item\">\n                    <div class=\"block-grid__item--image\">\n            <div class=\"flipper\">\n                      <div class=\"front\">\n                <img decoding=\"async\" class=\"w-100\"  src=\"https:\/\/memo.museudapessoa.org\/maravilhasdobrasil\/wp-content\/uploads\/sites\/136\/2024\/11\/Ronaldo-Silv.png\" alt=\"Ronaldo Silva\"\n                 loading=\"lazy\">\n                <\/div>\n                                    <\/div>\n          <\/div>\n            <h3 class=\"title-small mb-1 mt-1 text-uppercase\">Ronaldo Silva<\/h3>\n                      <p>Nasceu em 9 de agosto de 1968. Ficou tetrapl\u00e9gico em 1992 ap\u00f3s um mergulho mal-sucedido nas \u00e1guas rasas de um riacho. Durante o processo de reabilita\u00e7\u00e3o, soube atrav\u00e9s de uma psic\u00f3loga sobre uma menina que escrevia cartas sustentando uma caneta com a boca. Fascinado com a hist\u00f3ria, passou a treinar a escrita e o desenho da mesma forma. Em 2004  j\u00e1 pintava telas a \u00f3leo e guache. Autodidata,  o artista ingressou na APBP em 2009.<\/p>\n                                    <\/div>\n                <\/div>\n            <div data-wow-delay=\"300ms\" class=\"element-item wow fadeInUp px-md-4 mb-4 col-6 col-md-3\">\n                      <div class=\"block-grid__item\">\n                    <div class=\"block-grid__item--image\">\n            <div class=\"flipper\">\n                      <div class=\"front\">\n                <img decoding=\"async\" class=\"w-100\"  src=\"https:\/\/memo.museudapessoa.org\/maravilhasdobrasil\/wp-content\/uploads\/sites\/136\/2024\/11\/Rose-Orth.png\" alt=\"Rose Orth\"\n                 loading=\"lazy\">\n                <\/div>\n                                    <\/div>\n          <\/div>\n            <h3 class=\"title-small mb-1 mt-1 text-uppercase\">Rose Orth<\/h3>\n                      <p>Nascida em 26\/5\/1966, teve poliomielite com  1 ano e 4 meses de idade. Com 13 anos, come\u00e7ou desenhando nas aulas de Educa\u00e7\u00e3o Art\u00edstica segurando o l\u00e1pis com a boca. Atualmente mora na cidade de Toledo no Paran\u00e1, mas est\u00e1 sempre participando de v\u00e1rias exposi\u00e7\u00f5es em todo Brasil.<\/p>\n                                    <\/div>\n                <\/div>\n            <div data-wow-delay=\"400ms\" class=\"element-item wow fadeInUp px-md-4 mb-4 col-6 col-md-3\">\n                      <div class=\"block-grid__item\">\n                    <div class=\"block-grid__item--image\">\n            <div class=\"flipper\">\n                      <div class=\"front\">\n                <img decoding=\"async\" class=\"w-100\"  src=\"https:\/\/memo.museudapessoa.org\/maravilhasdobrasil\/wp-content\/uploads\/sites\/136\/2024\/11\/Thiago-Ribeiro.png\" alt=\"Thiago Ribeiro\"\n                 loading=\"lazy\">\n                <\/div>\n                                    <\/div>\n          <\/div>\n            <h3 class=\"title-small mb-1 mt-1 text-uppercase\">Thiago Ribeiro<\/h3>\n                      <p>Nascido em 19\/02\/1987 em Almenara \u2013 MG,  mas atualmente mora no Rio de Janeiro. Ficou tetrapl\u00e9gico ao ser atropelado quando tinha  8 anos de idade e estava brincando em frente  a sua casa. Em 2011, um de seus amigos o incentivou a tentar pintar com a boca, o que ele acreditava que n\u00e3o seria poss\u00edvel. Hoje, j\u00e1 aceito como integrante da APBP, ele tem demonstrado uma grande for\u00e7a de vontade e tem vencido seus limites.<\/p>\n                                    <\/div>\n                <\/div>\n            <div data-wow-delay=\"100ms\" class=\"element-item wow fadeInUp px-md-4 mb-4 col-6 col-md-3\">\n                      <div class=\"block-grid__item\">\n                    <div class=\"block-grid__item--image\">\n            <div class=\"flipper\">\n                      <div class=\"front\">\n                <img decoding=\"async\" class=\"w-100\"  src=\"https:\/\/memo.museudapessoa.org\/maravilhasdobrasil\/wp-content\/uploads\/sites\/136\/2024\/11\/Wender-Ferreira.png\" alt=\"Wender Ferreira\"\n                 loading=\"lazy\">\n                <\/div>\n                                    <\/div>\n          <\/div>\n            <h3 class=\"title-small mb-1 mt-1 text-uppercase\">Wender Ferreira<\/h3>\n                      <p>Aos 14 anos de idade foi atropelado quando atravessava uma rodovia movimentada para ir trabalhar numa planta\u00e7\u00e3o de tomate pr\u00f3xima a sua casa. Cinco dias depois do acidente, acordou tetrapl\u00e9gico em uma cama de hospital, onde ficou por mais de 2 meses internado. Em 2017,  viu na TV uma mat\u00e9ria com um artista da Apbp que morava na mesma cidade que ele e pintava com a boca por ser tetrapl\u00e9gico. Interessado, Wender entrou em contato com a TV e conseguiu um encontro com o artista Gilverson, que o incentivou fortemente a pintar da mesma forma.<\/p>\n                                    <\/div>\n                <\/div>\n            <div data-wow-delay=\"200ms\" class=\"element-item wow fadeInUp px-md-4 mb-4 col-6 col-md-3\">\n                      <div class=\"block-grid__item\">\n                    <div class=\"block-grid__item--image\">\n            <div class=\"flipper\">\n                                  <\/div>\n          <\/div>\n            <h3 class=\"title-small mb-1 mt-1 text-uppercase\"><\/h3>\n                              <\/div>\n                <\/div>\n          <\/div>\n  <\/div>\n<\/section>\n\n\n\n\n<div style=\"height:54px\" aria-hidden=\"true\" class=\"wp-block-spacer\"><\/div>\n\n\n\n        <section class=\"conteudo\">\n          <div class=\"container\">\n            <div class=\"row\">\n              <div class=\"col-md-12 conteudo content margin-center text-md-\">\n                \n<div class=\"wp-block-columns is-layout-flex wp-container-core-columns-is-layout-2 wp-block-columns-is-layout-flex\">\n<div class=\"wp-block-column is-vertically-aligned-stretch is-layout-flow wp-block-column-is-layout-flow\" style=\"flex-basis:100%\">\n        <section class=\"conteudo\">\n          <div class=\"container\">\n            <div class=\"row\">\n              <div class=\"col-md-12 conteudo content margin-center text-md-\">\n                \n<div class=\"wp-block-columns is-layout-flex wp-container-core-columns-is-layout-1 wp-block-columns-is-layout-flex\">\n<div class=\"wp-block-column is-vertically-aligned-center is-layout-flow wp-block-column-is-layout-flow\" style=\"flex-basis:100%\"><\/div>\n<\/div>\n\n              <\/div>\n            <\/div>\n          <\/div>\n        <\/section><\/div>\n<\/div>\n\n              <\/div>\n            <\/div>\n          <\/div>\n        <\/section>\n\n\n<div style=\"height:100px\" aria-hidden=\"true\" class=\"wp-block-spacer\"><\/div>\n\n\n\n<div style=\"height:55px\" aria-hidden=\"true\" class=\"wp-block-spacer\"><\/div>\n\n\n\n        <section class=\"conteudo\">\n          <div class=\"container\">\n            <div class=\"row\">\n              <div class=\"col-md-12 conteudo content margin-center text-md-\">\n                \n<p><\/p>\n\n              <\/div>\n            <\/div>\n          <\/div>\n        <\/section>","protected":false},"excerpt":{"rendered":"<p>Exposi\u00e7\u00e3o Maravilhas do Brasil &#8211; mostra coletiva dos artistas da Associa\u00e7\u00e3o dos Pintores com a Boca e os P\u00e9s (APBP) A capacidade humana de transpor as adversidades fundamentou o surgimento das 30 obras de arte que comp\u00f5em a mostra \u201cMaravilhas&#8230;<\/p>\n","protected":false},"author":11972,"featured_media":0,"parent":0,"menu_order":0,"comment_status":"closed","ping_status":"closed","template":"","meta":{"_acf_changed":false,"footnotes":""},"class_list":["post-20","page","type-page","status-publish","hentry"],"acf":[],"yoast_head":"<!-- This site is optimized with the Yoast SEO plugin v23.3 - https:\/\/yoast.com\/wordpress\/plugins\/seo\/ -->\n<title>Home - Maravilhas do Brasil<\/title>\n<meta name=\"robots\" content=\"index, follow, max-snippet:-1, max-image-preview:large, max-video-preview:-1\" \/>\n<link rel=\"canonical\" href=\"https:\/\/memo.museudapessoa.org\/maravilhasdobrasil\/\" \/>\n<meta property=\"og:locale\" content=\"pt_BR\" \/>\n<meta property=\"og:type\" content=\"article\" \/>\n<meta property=\"og:title\" content=\"Home - Maravilhas do Brasil\" \/>\n<meta property=\"og:description\" content=\"Exposi\u00e7\u00e3o Maravilhas do Brasil &#8211; mostra coletiva dos artistas da Associa\u00e7\u00e3o dos Pintores com a Boca e os P\u00e9s (APBP) A capacidade humana de transpor as adversidades fundamentou o surgimento das 30 obras de arte que comp\u00f5em a mostra \u201cMaravilhas...\" \/>\n<meta property=\"og:url\" content=\"https:\/\/memo.museudapessoa.org\/maravilhasdobrasil\/\" \/>\n<meta property=\"og:site_name\" content=\"Maravilhas do Brasil\" \/>\n<meta property=\"article:modified_time\" content=\"2024-11-13T17:51:17+00:00\" \/>\n<meta name=\"twitter:card\" content=\"summary_large_image\" \/>\n<meta name=\"twitter:label1\" content=\"Est. tempo de leitura\" \/>\n\t<meta name=\"twitter:data1\" content=\"2 minutos\" \/>\n<script type=\"application\/ld+json\" class=\"yoast-schema-graph\">{\"@context\":\"https:\/\/schema.org\",\"@graph\":[{\"@type\":\"WebPage\",\"@id\":\"https:\/\/memo.museudapessoa.org\/maravilhasdobrasil\/\",\"url\":\"https:\/\/memo.museudapessoa.org\/maravilhasdobrasil\/\",\"name\":\"Home - Maravilhas do Brasil\",\"isPartOf\":{\"@id\":\"https:\/\/memo.museudapessoa.org\/maravilhasdobrasil\/#website\"},\"datePublished\":\"2024-11-07T15:53:47+00:00\",\"dateModified\":\"2024-11-13T17:51:17+00:00\",\"breadcrumb\":{\"@id\":\"https:\/\/memo.museudapessoa.org\/maravilhasdobrasil\/#breadcrumb\"},\"inLanguage\":\"pt-BR\",\"potentialAction\":[{\"@type\":\"ReadAction\",\"target\":[\"https:\/\/memo.museudapessoa.org\/maravilhasdobrasil\/\"]}]},{\"@type\":\"BreadcrumbList\",\"@id\":\"https:\/\/memo.museudapessoa.org\/maravilhasdobrasil\/#breadcrumb\",\"itemListElement\":[{\"@type\":\"ListItem\",\"position\":1,\"name\":\"Home\",\"item\":\"https:\/\/memo.museudapessoa.org\/maravilhasdobrasil\/\"},{\"@type\":\"ListItem\",\"position\":2,\"name\":\"Home\"}]},{\"@type\":\"WebSite\",\"@id\":\"https:\/\/memo.museudapessoa.org\/maravilhasdobrasil\/#website\",\"url\":\"https:\/\/memo.museudapessoa.org\/maravilhasdobrasil\/\",\"name\":\"Maravilhas do Brasil\",\"description\":\"\",\"potentialAction\":[{\"@type\":\"SearchAction\",\"target\":{\"@type\":\"EntryPoint\",\"urlTemplate\":\"https:\/\/memo.museudapessoa.org\/maravilhasdobrasil\/?s={search_term_string}\"},\"query-input\":\"required name=search_term_string\"}],\"inLanguage\":\"pt-BR\"}]}<\/script>\n<!-- \/ Yoast SEO plugin. -->","yoast_head_json":{"title":"Home - Maravilhas do Brasil","robots":{"index":"index","follow":"follow","max-snippet":"max-snippet:-1","max-image-preview":"max-image-preview:large","max-video-preview":"max-video-preview:-1"},"canonical":"https:\/\/memo.museudapessoa.org\/maravilhasdobrasil\/","og_locale":"pt_BR","og_type":"article","og_title":"Home - Maravilhas do Brasil","og_description":"Exposi\u00e7\u00e3o Maravilhas do Brasil &#8211; mostra coletiva dos artistas da Associa\u00e7\u00e3o dos Pintores com a Boca e os P\u00e9s (APBP) A capacidade humana de transpor as adversidades fundamentou o surgimento das 30 obras de arte que comp\u00f5em a mostra \u201cMaravilhas...","og_url":"https:\/\/memo.museudapessoa.org\/maravilhasdobrasil\/","og_site_name":"Maravilhas do Brasil","article_modified_time":"2024-11-13T17:51:17+00:00","twitter_card":"summary_large_image","twitter_misc":{"Est. tempo de leitura":"2 minutos"},"schema":{"@context":"https:\/\/schema.org","@graph":[{"@type":"WebPage","@id":"https:\/\/memo.museudapessoa.org\/maravilhasdobrasil\/","url":"https:\/\/memo.museudapessoa.org\/maravilhasdobrasil\/","name":"Home - Maravilhas do Brasil","isPartOf":{"@id":"https:\/\/memo.museudapessoa.org\/maravilhasdobrasil\/#website"},"datePublished":"2024-11-07T15:53:47+00:00","dateModified":"2024-11-13T17:51:17+00:00","breadcrumb":{"@id":"https:\/\/memo.museudapessoa.org\/maravilhasdobrasil\/#breadcrumb"},"inLanguage":"pt-BR","potentialAction":[{"@type":"ReadAction","target":["https:\/\/memo.museudapessoa.org\/maravilhasdobrasil\/"]}]},{"@type":"BreadcrumbList","@id":"https:\/\/memo.museudapessoa.org\/maravilhasdobrasil\/#breadcrumb","itemListElement":[{"@type":"ListItem","position":1,"name":"Home","item":"https:\/\/memo.museudapessoa.org\/maravilhasdobrasil\/"},{"@type":"ListItem","position":2,"name":"Home"}]},{"@type":"WebSite","@id":"https:\/\/memo.museudapessoa.org\/maravilhasdobrasil\/#website","url":"https:\/\/memo.museudapessoa.org\/maravilhasdobrasil\/","name":"Maravilhas do Brasil","description":"","potentialAction":[{"@type":"SearchAction","target":{"@type":"EntryPoint","urlTemplate":"https:\/\/memo.museudapessoa.org\/maravilhasdobrasil\/?s={search_term_string}"},"query-input":"required name=search_term_string"}],"inLanguage":"pt-BR"}]}},"_links":{"self":[{"href":"https:\/\/memo.museudapessoa.org\/maravilhasdobrasil\/wp-json\/wp\/v2\/pages\/20"}],"collection":[{"href":"https:\/\/memo.museudapessoa.org\/maravilhasdobrasil\/wp-json\/wp\/v2\/pages"}],"about":[{"href":"https:\/\/memo.museudapessoa.org\/maravilhasdobrasil\/wp-json\/wp\/v2\/types\/page"}],"author":[{"embeddable":true,"href":"https:\/\/memo.museudapessoa.org\/maravilhasdobrasil\/wp-json\/wp\/v2\/users\/11972"}],"replies":[{"embeddable":true,"href":"https:\/\/memo.museudapessoa.org\/maravilhasdobrasil\/wp-json\/wp\/v2\/comments?post=20"}],"version-history":[{"count":126,"href":"https:\/\/memo.museudapessoa.org\/maravilhasdobrasil\/wp-json\/wp\/v2\/pages\/20\/revisions"}],"predecessor-version":[{"id":313,"href":"https:\/\/memo.museudapessoa.org\/maravilhasdobrasil\/wp-json\/wp\/v2\/pages\/20\/revisions\/313"}],"wp:attachment":[{"href":"https:\/\/memo.museudapessoa.org\/maravilhasdobrasil\/wp-json\/wp\/v2\/media?parent=20"}],"curies":[{"name":"wp","href":"https:\/\/api.w.org\/{rel}","templated":true}]}}