{"id":23,"date":"2024-11-07T13:29:47","date_gmt":"2024-11-07T16:29:47","guid":{"rendered":"https:\/\/memo.museudapessoa.org\/maravilhasdobrasil\/23-2\/"},"modified":"2024-11-13T12:31:51","modified_gmt":"2024-11-13T15:31:51","slug":"conheca-as-obras-da-colecao","status":"publish","type":"page","link":"https:\/\/memo.museudapessoa.org\/maravilhasdobrasil\/conheca-as-obras-da-colecao\/","title":{"rendered":"Conhe\u00e7a as Obras da Cole\u00e7\u00e3o"},"content":{"rendered":"\n<div style=\"height:27px\" aria-hidden=\"true\" class=\"wp-block-spacer\"><\/div>\n\n\n\n        <section class=\"conteudo\">\n          <div class=\"container\">\n            <div class=\"row\">\n              <div class=\"col-md-12 conteudo content margin-center text-md-\">\n                \n<h2 id=\"maravilhas-do-brasil\" class=\"wp-block-heading\">MARAVILHAS DO BRASIL<\/h2>\n\n              <\/div>\n            <\/div>\n          <\/div>\n        <\/section>\n\n\n        <section class=\"conteudo\">\n          <div class=\"container\">\n            <div class=\"row\">\n              <div class=\"col-md-12 conteudo content margin-center text-md-\">\n                \n<p>Produzidas atrav\u00e9s da t\u00e9cnica de pintura com a boca e\/ou os p\u00e9s pelos artistas da APBP, as obras aqui reunidas fazem parte da Exposi\u00e7\u00e3o <strong>Maravilhas do Brasil<\/strong>, mostra itinerante de artes visuais que conta com curadoria de Marcelo Cunha, escritor, artista e membro associado da APBP. Em 2024, a Exposi\u00e7\u00e3o foi apresentada no <a href=\"https:\/\/apbp.com.br\/mostra-especial-maravilhas-do-brasil-no-clube-naval\/\">Sal\u00e3o do Clube Naval <\/a>(RJ) e na <a href=\"https:\/\/ibeugaleria.blogspot.com\/2024\/07\/maravilhas-do-brasil.html\">Galeria de Arte IBEU<\/a> (RJ). Al\u00e9m do projeto Maravilhas do Brasil, os artistas da APBP produzem e participam de diversas mostras de artes visuais pelo Brasil, como a coletiva <a href=\"https:\/\/www.cbb.org.br\/agenda-cultural\/exposicao-touch-art\/\">Touch Art<\/a>, em cartaz no Centro Brasileiro Brit\u00e2nico (SP).<\/p>\n\n              <\/div>\n            <\/div>\n          <\/div>\n        <\/section>\n\n\n<div style=\"height:54px\" aria-hidden=\"true\" class=\"wp-block-spacer\"><\/div>\n\n\n\n        <section class=\"conteudo\">\n          <div class=\"container\">\n            <div class=\"row\">\n              <div class=\"col-md-12 conteudo content margin-center text-md-\">\n                \n<p class=\"has-text-align-left\"><\/p>\n\n              <\/div>\n            <\/div>\n          <\/div>\n        <\/section>\n\n<section id=\"galeria-midias\" class=' margin-top-none margin-bottom-medium padding-top-none padding-bottom-none' style='background-color:rgba(255,255,255,0);'>\n  <div class=\"container\">\n    <div class=\"row\">\n          <\/div>\n    <div class=\"row\">\n      <div class=\"col-12\">\n      <div class=\"home-gallery \">\n                       <a data-bs-toggle=\"modal\" data-index=\"0\" href=\"#midia-1\" data-bs-target=\"#gallery-details-galeria-midias\"  class=\"gallery-item home-gallery__item  \">\n                  <img decoding=\"async\" src=\"https:\/\/memo.museudapessoa.org\/app\/_lib\/file\/img\/thumb\/Wender. On\u00e7a pintada.jpg\" alt=\"Wender Ferreira - On\u00e7a pintada\">       \n              <\/a>\n                          <a data-bs-toggle=\"modal\" data-index=\"1\" href=\"#midia-2\" data-bs-target=\"#gallery-details-galeria-midias\"  class=\"gallery-item home-gallery__item  \">\n                  <img decoding=\"async\" src=\"https:\/\/memo.museudapessoa.org\/app\/_lib\/file\/img\/thumb\/Thiago. Uma grande cidade maravilhosa.jpg\" alt=\"Thiago Ribeiro - Uma grande cidade maravilhosa\">       \n              <\/a>\n                          <a data-bs-toggle=\"modal\" data-index=\"2\" href=\"#midia-3\" data-bs-target=\"#gallery-details-galeria-midias\"  class=\"gallery-item home-gallery__item  \">\n                  <img decoding=\"async\" src=\"https:\/\/memo.museudapessoa.org\/app\/_lib\/file\/img\/thumb\/Rose. Araucaria.jpg\" alt=\"Rose Orth - Arauc\u00e1rias - sul do Brasil\">       \n              <\/a>\n                          <a data-bs-toggle=\"modal\" data-index=\"3\" href=\"#midia-4\" data-bs-target=\"#gallery-details-galeria-midias\"  class=\"gallery-item home-gallery__item  \">\n                  <img decoding=\"async\" src=\"https:\/\/memo.museudapessoa.org\/app\/_lib\/file\/img\/thumb\/Ronaldo Silva. Reinaldo.jpg\" alt=\"Ronaldo Silva - Reinaldo\">       \n              <\/a>\n                          <a data-bs-toggle=\"modal\" data-index=\"4\" href=\"#midia-5\" data-bs-target=\"#gallery-details-galeria-midias\"  class=\"gallery-item home-gallery__item  \">\n                  <img decoding=\"async\" src=\"https:\/\/memo.museudapessoa.org\/app\/_lib\/file\/img\/thumb\/Ronaldo Pio. Pao de a\u00e7ucar.jpg\" alt=\"Ronaldo Pio - P\u00e3o-de-a\u00e7\u00facar\">       \n              <\/a>\n                          <a data-bs-toggle=\"modal\" data-index=\"5\" href=\"#midia-6\" data-bs-target=\"#gallery-details-galeria-midias\"  class=\"gallery-item home-gallery__item  \">\n                  <img decoding=\"async\" src=\"https:\/\/memo.museudapessoa.org\/app\/_lib\/file\/img\/thumb\/Rita Boz. Cristo Redentor.jpg\" alt=\"Rita Boz - Cristo Redentor\">       \n              <\/a>\n                          <a data-bs-toggle=\"modal\" data-index=\"6\" href=\"#midia-7\" data-bs-target=\"#gallery-details-galeria-midias\"  class=\"gallery-item home-gallery__item  \">\n                  <img decoding=\"async\" src=\"https:\/\/memo.museudapessoa.org\/app\/_lib\/file\/img\/thumb\/Ricardo Gonz\u00e1lez. Bonecos de Olinda.jpg\" alt=\"Ricardo Gonzales - Bonecos de Olinda\">       \n              <\/a>\n                          <a data-bs-toggle=\"modal\" data-index=\"7\" href=\"#midia-8\" data-bs-target=\"#gallery-details-galeria-midias\"  class=\"gallery-item home-gallery__item  \">\n                  <img decoding=\"async\" src=\"https:\/\/memo.museudapessoa.org\/app\/_lib\/file\/img\/thumb\/Marquinhos. Elevador Lacerda.jpg\" alt=\"Marquinhos - Elevador Lacerda\">       \n              <\/a>\n                          <a data-bs-toggle=\"modal\" data-index=\"8\" href=\"#midia-9\" data-bs-target=\"#gallery-details-galeria-midias\"  class=\"gallery-item home-gallery__item  \">\n                  <img decoding=\"async\" src=\"https:\/\/memo.museudapessoa.org\/app\/_lib\/file\/img\/thumb\/Marcio. Igreja de Santa Rita.jpg\" alt=\"M\u00e1rcio Alc\u00e2ntara - Igreja de Santa Rita - Paraty\">       \n              <\/a>\n                          <a data-bs-toggle=\"modal\" data-index=\"9\" href=\"#midia-10\" data-bs-target=\"#gallery-details-galeria-midias\"  class=\"gallery-item home-gallery__item  \">\n                  <img decoding=\"async\" src=\"https:\/\/memo.museudapessoa.org\/app\/_lib\/file\/img\/thumb\/Marcelo Cunha. Rio de Janeiro visto de Niter\u00f3i.jpeg\" alt=\"Marcelo Cunha - Rio de Janeiro visto de Niter\u00f3i\">       \n              <\/a>\n                          <a data-bs-toggle=\"modal\" data-index=\"10\" href=\"#midia-11\" data-bs-target=\"#gallery-details-galeria-midias\"  class=\"gallery-item home-gallery__item  \">\n                  <img decoding=\"async\" src=\"https:\/\/memo.museudapessoa.org\/app\/_lib\/file\/img\/thumb\/Marcelo Cunha. Jardim Botanico.jpeg\" alt=\"Marcelo Cunha - Jardim Bot\u00e2nico do Rio de Janeiro\">       \n              <\/a>\n                          <a data-bs-toggle=\"modal\" data-index=\"11\" href=\"#midia-12\" data-bs-target=\"#gallery-details-galeria-midias\"  class=\"gallery-item home-gallery__item  \">\n                  <img decoding=\"async\" src=\"https:\/\/memo.museudapessoa.org\/app\/_lib\/file\/img\/thumb\/Luciano Alves. On\u00e7a pintada.png\" alt=\"Luciano Alves - On\u00e7a pintada\">       \n              <\/a>\n                          <a data-bs-toggle=\"modal\" data-index=\"12\" href=\"#midia-13\" data-bs-target=\"#gallery-details-galeria-midias\"  class=\"gallery-item home-gallery__item  \">\n                  <img decoding=\"async\" src=\"https:\/\/memo.museudapessoa.org\/app\/_lib\/file\/img\/thumb\/Lucas Luciano. Monumento dos pescadores.jpg\" alt=\"Lucas Luciano Silva - Monumento dos pescadores S\u00e3o Lu\u00eds - MA\">       \n              <\/a>\n                          <a data-bs-toggle=\"modal\" data-index=\"13\" href=\"#midia-14\" data-bs-target=\"#gallery-details-galeria-midias\"  class=\"gallery-item home-gallery__item  \">\n                  <img decoding=\"async\" src=\"https:\/\/memo.museudapessoa.org\/app\/_lib\/file\/img\/thumb\/Lucas Abreu. Cachoeira Serra Grande MG.jpg\" alt=\"Lucas Abreu - Cachoeira Serra Grande - MG\">       \n              <\/a>\n                          <a data-bs-toggle=\"modal\" data-index=\"14\" href=\"#midia-15\" data-bs-target=\"#gallery-details-galeria-midias\"  class=\"gallery-item home-gallery__item  \">\n                  <img decoding=\"async\" src=\"https:\/\/memo.museudapessoa.org\/app\/_lib\/file\/img\/thumb\/Leandro Portella. Casa das armas brancas.jpg\" alt=\"Leandro Portella - A casa de armas brancas - Ara\u00e7oiaba da Serra\">       \n              <\/a>\n                          <a data-bs-toggle=\"modal\" data-index=\"15\" href=\"#midia-16\" data-bs-target=\"#gallery-details-galeria-midias\"  class=\"gallery-item home-gallery__item  \">\n                  <img decoding=\"async\" src=\"https:\/\/memo.museudapessoa.org\/app\/_lib\/file\/img\/thumb\/Kaze. Brasil.jpg\" alt=\"Kaz\u00ea Fraga - Brasil\">       \n              <\/a>\n                          <a data-bs-toggle=\"modal\" data-index=\"16\" href=\"#midia-17\" data-bs-target=\"#gallery-details-galeria-midias\"  class=\"gallery-item home-gallery__item  \">\n                  <img decoding=\"async\" src=\"https:\/\/memo.museudapessoa.org\/app\/_lib\/file\/img\/thumb\/Joao Paulo. Museu de arte contemporanea Niteroi Rj.JPG\" alt=\"Jo\u00e3o Paulo Fontenele - Museu de Arte Contempor\u00e2nea Niter\u00f3i, RJ\">       \n              <\/a>\n                          <a data-bs-toggle=\"modal\" data-index=\"17\" href=\"#midia-18\" data-bs-target=\"#gallery-details-galeria-midias\"  class=\"gallery-item home-gallery__item  \">\n                  <img decoding=\"async\" src=\"https:\/\/memo.museudapessoa.org\/app\/_lib\/file\/img\/thumb\/Jefferson Maia. Bahia Fernando de Noronha.JPG\" alt=\"Jefferson Maia - Bahia de Fernando de Noronha\">       \n              <\/a>\n                          <a data-bs-toggle=\"modal\" data-index=\"18\" href=\"#midia-19\" data-bs-target=\"#gallery-details-galeria-midias\"  class=\"gallery-item home-gallery__item  \">\n                  <img decoding=\"async\" src=\"https:\/\/memo.museudapessoa.org\/app\/_lib\/file\/img\/thumb\/Ivan. Aguas de Lindoia.jpg\" alt=\"Ivan Gomes - \u00c1guas de Lind\u00f3ia - SP\">       \n              <\/a>\n                          <a data-bs-toggle=\"modal\" data-index=\"19\" href=\"#midia-20\" data-bs-target=\"#gallery-details-galeria-midias\"  class=\"gallery-item home-gallery__item  \">\n                  <img decoding=\"async\" src=\"https:\/\/memo.museudapessoa.org\/app\/_lib\/file\/img\/thumb\/Goncalo. LAGO_IBIRAPUERA_SP.jpg\" alt=\"Gon\u00e7alo Borges - Lago Ibirapuera\">       \n              <\/a>\n                          <a data-bs-toggle=\"modal\" data-index=\"20\" href=\"#midia-21\" data-bs-target=\"#gallery-details-galeria-midias\"  class=\"gallery-item home-gallery__item  \">\n                  <img decoding=\"async\" src=\"https:\/\/memo.museudapessoa.org\/app\/_lib\/file\/img\/thumb\/Eva Leite. Pedacinho do Cerrado brasiliense.jpg\" alt=\"Eva Leite - Pedacinho do Cerrado Brasiliense\">       \n              <\/a>\n                          <a data-bs-toggle=\"modal\" data-index=\"21\" href=\"#midia-22\" data-bs-target=\"#gallery-details-galeria-midias\"  class=\"gallery-item home-gallery__item  \">\n                  <img decoding=\"async\" src=\"https:\/\/memo.museudapessoa.org\/app\/_lib\/file\/img\/thumb\/Eduardo. O morro dos dois irmaos.jpg\" alt=\"Eduardo Ado - O morro dos Dois Irm\u00e3os\">       \n              <\/a>\n                          <a data-bs-toggle=\"modal\" data-index=\"22\" href=\"#midia-23\" data-bs-target=\"#gallery-details-galeria-midias\"  class=\"gallery-item home-gallery__item  \">\n                  <img decoding=\"async\" src=\"https:\/\/memo.museudapessoa.org\/app\/_lib\/file\/img\/thumb\/Dupe. Jogadores de capoeira.jpg\" alt=\"Dup\u00e9 Ferreira - Jogadores de Capoeira\">       \n              <\/a>\n                          <a data-bs-toggle=\"modal\" data-index=\"23\" href=\"#midia-24\" data-bs-target=\"#gallery-details-galeria-midias\"  class=\"gallery-item home-gallery__item  \">\n                  <img decoding=\"async\" src=\"https:\/\/memo.museudapessoa.org\/app\/_lib\/file\/img\/thumb\/Debora. Pontal do atalaia RJ.jpg\" alt=\"D\u00e9bora Ferreira - Pontal do Atalaia - RJ\">       \n              <\/a>\n                          <a data-bs-toggle=\"modal\" data-index=\"24\" href=\"#midia-25\" data-bs-target=\"#gallery-details-galeria-midias\"  class=\"gallery-item home-gallery__item  \">\n                  <img decoding=\"async\" src=\"https:\/\/memo.museudapessoa.org\/app\/_lib\/file\/img\/thumb\/Danielle. Bondinho de Santa Teresa.jpg\" alt=\"Danielle Souza - Bondinho de Santa Tereza - Largo do Curvelo\">       \n              <\/a>\n                          <a data-bs-toggle=\"modal\" data-index=\"25\" href=\"#midia-26\" data-bs-target=\"#gallery-details-galeria-midias\"  class=\"gallery-item home-gallery__item  \">\n                  <img decoding=\"async\" src=\"https:\/\/memo.museudapessoa.org\/app\/_lib\/file\/img\/thumb\/Daniela. Colhedores de coco verde.jpg\" alt=\"Daniela Caburro - Colhedores de c\u00f4co verde\">       \n              <\/a>\n                          <a data-bs-toggle=\"modal\" data-index=\"26\" href=\"#midia-27\" data-bs-target=\"#gallery-details-galeria-midias\"  class=\"gallery-item home-gallery__item  \">\n                  <img decoding=\"async\" src=\"https:\/\/memo.museudapessoa.org\/app\/_lib\/file\/img\/thumb\/Daniel. Casal de araras.jpg\" alt=\"Daniel Ferreira - Casal de araras\">       \n              <\/a>\n                          <a data-bs-toggle=\"modal\" data-index=\"27\" href=\"#midia-28\" data-bs-target=\"#gallery-details-galeria-midias\"  class=\"gallery-item home-gallery__item  \">\n                  <img decoding=\"async\" src=\"https:\/\/memo.museudapessoa.org\/app\/_lib\/file\/img\/thumb\/Barbara. Igreja de Saquarema.jpg\" alt=\"B\u00e1rbara Corr\u00eaa - Igreja de Saquarema\">       \n              <\/a>\n                          <a data-bs-toggle=\"modal\" data-index=\"28\" href=\"#midia-29\" data-bs-target=\"#gallery-details-galeria-midias\"  class=\"gallery-item home-gallery__item  \">\n                  <img decoding=\"async\" src=\"https:\/\/memo.museudapessoa.org\/app\/_lib\/file\/img\/thumb\/Aline. Festa do bumba meu boi.jpg\" alt=\"Aline Korb - Festa do Bumba Meu Boi\">       \n              <\/a>\n                          <a data-bs-toggle=\"modal\" data-index=\"29\" href=\"#midia-30\" data-bs-target=\"#gallery-details-galeria-midias\"  class=\"gallery-item home-gallery__item  \">\n                  <img decoding=\"async\" src=\"https:\/\/memo.museudapessoa.org\/app\/_lib\/file\/img\/thumb\/Adolfo. Lagoa da Pampulha.jpg\" alt=\"Adolfo Neto - Lagoa da Pampulha\">       \n              <\/a>\n                    <\/div>\n      <\/div>\n    <\/div>\n      <\/div>\n<\/section>\n\n<div id=\"gallery-details-galeria-midias\" class=\"modal gallery-details\" tabindex=\"-1\">\n    <button class=\"gallery-details__close\" data-bs-dismiss=\"modal\">Fechar<\/button>\n  <div class=\"modal-dialog\">\n    <div class=\"modal-content\">\n      <div class=\"gallery-details__carousel owl-theme owl-carousel\">\n                <div id=\"midia-1\" class=\"gallery-details__item\">\n              <div class=\"container-fluid\">\n                <div class=\"row\">\n                  <div class=\"col-12 mb-5 px-0 text-center gallery-details__image\">\n                                              <img decoding=\"async\" src=\"https:\/\/memo.museudapessoa.org\/app\/_lib\/file\/img\/Wender. On\u00e7a pintada.jpg\" alt=\"Wender Ferreira - On\u00e7a pintada\">\n                                        <\/div>\n                <\/div>\n              <\/div>\n              <div class=\"container\">\n                <div class=\"row\">\n                  <div class=\"col-md-8 offset-md-2\">\n                    <small class=\"d-inline-block mb-3\">1 de 30<\/small> \n                        <h3 class=\"mb-3\">Wender Ferreira &#8211; On\u00e7a pintada<\/h3>\n                      <p>Pintura | Acr\u00edlica sobre tela &#8211; Pintado com a boca | 40x30cm<\/p>\n                                        <\/div>\n                <\/div>\n              <\/div>\n          <\/div> \n                  <div id=\"midia-2\" class=\"gallery-details__item\">\n              <div class=\"container-fluid\">\n                <div class=\"row\">\n                  <div class=\"col-12 mb-5 px-0 text-center gallery-details__image\">\n                                              <img decoding=\"async\" src=\"https:\/\/memo.museudapessoa.org\/app\/_lib\/file\/img\/Thiago. Uma grande cidade maravilhosa.jpg\" alt=\"Thiago Ribeiro - Uma grande cidade maravilhosa\">\n                                        <\/div>\n                <\/div>\n              <\/div>\n              <div class=\"container\">\n                <div class=\"row\">\n                  <div class=\"col-md-8 offset-md-2\">\n                    <small class=\"d-inline-block mb-3\">2 de 30<\/small> \n                        <h3 class=\"mb-3\">Thiago Ribeiro &#8211; Uma grande cidade maravilhosa<\/h3>\n                      <p>Pintura | Acr\u00edlica sobre tela &#8211; Pintado com a boca | 30x40cm<\/p>\n                                        <\/div>\n                <\/div>\n              <\/div>\n          <\/div> \n                  <div id=\"midia-3\" class=\"gallery-details__item\">\n              <div class=\"container-fluid\">\n                <div class=\"row\">\n                  <div class=\"col-12 mb-5 px-0 text-center gallery-details__image\">\n                                              <img decoding=\"async\" src=\"https:\/\/memo.museudapessoa.org\/app\/_lib\/file\/img\/Rose. Araucaria.jpg\" alt=\"Rose Orth - Arauc\u00e1rias - sul do Brasil\">\n                                        <\/div>\n                <\/div>\n              <\/div>\n              <div class=\"container\">\n                <div class=\"row\">\n                  <div class=\"col-md-8 offset-md-2\">\n                    <small class=\"d-inline-block mb-3\">3 de 30<\/small> \n                        <h3 class=\"mb-3\">Rose Orth &#8211; Arauc\u00e1rias &#8211; sul do Brasil<\/h3>\n                      <p>Pintura | \u00d3leo sobre tela &#8211; Pintado com a boca | 30x40cm<\/p>\n                                        <\/div>\n                <\/div>\n              <\/div>\n          <\/div> \n                  <div id=\"midia-4\" class=\"gallery-details__item\">\n              <div class=\"container-fluid\">\n                <div class=\"row\">\n                  <div class=\"col-12 mb-5 px-0 text-center gallery-details__image\">\n                                              <img decoding=\"async\" src=\"https:\/\/memo.museudapessoa.org\/app\/_lib\/file\/img\/Ronaldo Silva. Reinaldo.jpg\" alt=\"Ronaldo Silva - Reinaldo\">\n                                        <\/div>\n                <\/div>\n              <\/div>\n              <div class=\"container\">\n                <div class=\"row\">\n                  <div class=\"col-md-8 offset-md-2\">\n                    <small class=\"d-inline-block mb-3\">4 de 30<\/small> \n                        <h3 class=\"mb-3\">Ronaldo Silva &#8211; Reinaldo<\/h3>\n                      <p>Pintura | \u00d3leo sobre tela &#8211; Pintado com a boca | 40x50cm<\/p>\n                                        <\/div>\n                <\/div>\n              <\/div>\n          <\/div> \n                  <div id=\"midia-5\" class=\"gallery-details__item\">\n              <div class=\"container-fluid\">\n                <div class=\"row\">\n                  <div class=\"col-12 mb-5 px-0 text-center gallery-details__image\">\n                                              <img decoding=\"async\" src=\"https:\/\/memo.museudapessoa.org\/app\/_lib\/file\/img\/Ronaldo Pio. Pao de a\u00e7ucar.jpg\" alt=\"Ronaldo Pio - P\u00e3o-de-a\u00e7\u00facar\">\n                                        <\/div>\n                <\/div>\n              <\/div>\n              <div class=\"container\">\n                <div class=\"row\">\n                  <div class=\"col-md-8 offset-md-2\">\n                    <small class=\"d-inline-block mb-3\">5 de 30<\/small> \n                        <h3 class=\"mb-3\">Ronaldo Pio &#8211; P\u00e3o-de-a\u00e7\u00facar<\/h3>\n                      <p>Pintura | \u00d3leo sobre tela &#8211; Pintado com o p\u00e9 | 40x50cm<\/p>\n                                        <\/div>\n                <\/div>\n              <\/div>\n          <\/div> \n                  <div id=\"midia-6\" class=\"gallery-details__item\">\n              <div class=\"container-fluid\">\n                <div class=\"row\">\n                  <div class=\"col-12 mb-5 px-0 text-center gallery-details__image\">\n                                              <img decoding=\"async\" src=\"https:\/\/memo.museudapessoa.org\/app\/_lib\/file\/img\/Rita Boz. Cristo Redentor.jpg\" alt=\"Rita Boz - Cristo Redentor\">\n                                        <\/div>\n                <\/div>\n              <\/div>\n              <div class=\"container\">\n                <div class=\"row\">\n                  <div class=\"col-md-8 offset-md-2\">\n                    <small class=\"d-inline-block mb-3\">6 de 30<\/small> \n                        <h3 class=\"mb-3\">Rita Boz &#8211; Cristo Redentor<\/h3>\n                      <p>Pintura | Acr\u00edlica sobre tela &#8211; Pintado com o p\u00e9 | 60x50cm<\/p>\n                                        <\/div>\n                <\/div>\n              <\/div>\n          <\/div> \n                  <div id=\"midia-7\" class=\"gallery-details__item\">\n              <div class=\"container-fluid\">\n                <div class=\"row\">\n                  <div class=\"col-12 mb-5 px-0 text-center gallery-details__image\">\n                                              <img decoding=\"async\" src=\"https:\/\/memo.museudapessoa.org\/app\/_lib\/file\/img\/Ricardo Gonz\u00e1lez. Bonecos de Olinda.jpg\" alt=\"Ricardo Gonzales - Bonecos de Olinda\">\n                                        <\/div>\n                <\/div>\n              <\/div>\n              <div class=\"container\">\n                <div class=\"row\">\n                  <div class=\"col-md-8 offset-md-2\">\n                    <small class=\"d-inline-block mb-3\">7 de 30<\/small> \n                        <h3 class=\"mb-3\">Ricardo Gonzales &#8211; Bonecos de Olinda<\/h3>\n                      <p>Pintura | Acr\u00edlica sobre tela &#8211; Pintado com a boca | 40x50cm<\/p>\n                                        <\/div>\n                <\/div>\n              <\/div>\n          <\/div> \n                  <div id=\"midia-8\" class=\"gallery-details__item\">\n              <div class=\"container-fluid\">\n                <div class=\"row\">\n                  <div class=\"col-12 mb-5 px-0 text-center gallery-details__image\">\n                                              <img decoding=\"async\" src=\"https:\/\/memo.museudapessoa.org\/app\/_lib\/file\/img\/Marquinhos. Elevador Lacerda.jpg\" alt=\"Marquinhos - Elevador Lacerda\">\n                                        <\/div>\n                <\/div>\n              <\/div>\n              <div class=\"container\">\n                <div class=\"row\">\n                  <div class=\"col-md-8 offset-md-2\">\n                    <small class=\"d-inline-block mb-3\">8 de 30<\/small> \n                        <h3 class=\"mb-3\">Marquinhos &#8211; Elevador Lacerda<\/h3>\n                      <p>Pintura | \u00d3leo sobre tela &#8211; Pintado com a boca | 40x30cm<\/p>\n                                        <\/div>\n                <\/div>\n              <\/div>\n          <\/div> \n                  <div id=\"midia-9\" class=\"gallery-details__item\">\n              <div class=\"container-fluid\">\n                <div class=\"row\">\n                  <div class=\"col-12 mb-5 px-0 text-center gallery-details__image\">\n                                              <img decoding=\"async\" src=\"https:\/\/memo.museudapessoa.org\/app\/_lib\/file\/img\/Marcio. Igreja de Santa Rita.jpg\" alt=\"M\u00e1rcio Alc\u00e2ntara - Igreja de Santa Rita - Paraty\">\n                                        <\/div>\n                <\/div>\n              <\/div>\n              <div class=\"container\">\n                <div class=\"row\">\n                  <div class=\"col-md-8 offset-md-2\">\n                    <small class=\"d-inline-block mb-3\">9 de 30<\/small> \n                        <h3 class=\"mb-3\">M\u00e1rcio Alc\u00e2ntara &#8211; Igreja de Santa Rita &#8211; Paraty<\/h3>\n                      <p>Pintura | \u00d3leo sobre tela &#8211; Pintado com a boca | 50x60cm<\/p>\n                                        <\/div>\n                <\/div>\n              <\/div>\n          <\/div> \n                  <div id=\"midia-10\" class=\"gallery-details__item\">\n              <div class=\"container-fluid\">\n                <div class=\"row\">\n                  <div class=\"col-12 mb-5 px-0 text-center gallery-details__image\">\n                                              <img decoding=\"async\" src=\"https:\/\/memo.museudapessoa.org\/app\/_lib\/file\/img\/Marcelo Cunha. Rio de Janeiro visto de Niter\u00f3i.jpeg\" alt=\"Marcelo Cunha - Rio de Janeiro visto de Niter\u00f3i\">\n                                        <\/div>\n                <\/div>\n              <\/div>\n              <div class=\"container\">\n                <div class=\"row\">\n                  <div class=\"col-md-8 offset-md-2\">\n                    <small class=\"d-inline-block mb-3\">10 de 30<\/small> \n                        <h3 class=\"mb-3\">Marcelo Cunha &#8211; Rio de Janeiro visto de Niter\u00f3i<\/h3>\n                      <p>Pintura | Acr\u00edlica sobre tela &#8211; Pintado com a boca | 40x50cm<\/p>\n                                        <\/div>\n                <\/div>\n              <\/div>\n          <\/div> \n                  <div id=\"midia-11\" class=\"gallery-details__item\">\n              <div class=\"container-fluid\">\n                <div class=\"row\">\n                  <div class=\"col-12 mb-5 px-0 text-center gallery-details__image\">\n                                              <img decoding=\"async\" src=\"https:\/\/memo.museudapessoa.org\/app\/_lib\/file\/img\/Marcelo Cunha. Jardim Botanico.jpeg\" alt=\"Marcelo Cunha - Jardim Bot\u00e2nico do Rio de Janeiro\">\n                                        <\/div>\n                <\/div>\n              <\/div>\n              <div class=\"container\">\n                <div class=\"row\">\n                  <div class=\"col-md-8 offset-md-2\">\n                    <small class=\"d-inline-block mb-3\">11 de 30<\/small> \n                        <h3 class=\"mb-3\">Marcelo Cunha &#8211; Jardim Bot\u00e2nico do Rio de Janeiro<\/h3>\n                      <p>Pintura | Acr\u00edlica sobre tela &#8211; Pintado com a boca | 40x50cm<\/p>\n                                        <\/div>\n                <\/div>\n              <\/div>\n          <\/div> \n                  <div id=\"midia-12\" class=\"gallery-details__item\">\n              <div class=\"container-fluid\">\n                <div class=\"row\">\n                  <div class=\"col-12 mb-5 px-0 text-center gallery-details__image\">\n                                              <img decoding=\"async\" src=\"https:\/\/memo.museudapessoa.org\/app\/_lib\/file\/img\/Luciano Alves. On\u00e7a pintada.png\" alt=\"Luciano Alves - On\u00e7a pintada\">\n                                        <\/div>\n                <\/div>\n              <\/div>\n              <div class=\"container\">\n                <div class=\"row\">\n                  <div class=\"col-md-8 offset-md-2\">\n                    <small class=\"d-inline-block mb-3\">12 de 30<\/small> \n                        <h3 class=\"mb-3\">Luciano Alves &#8211; On\u00e7a pintada<\/h3>\n                      <p>Pintura |  \u00d3leo sobre tela &#8211; Pintado com a boca | 50x40cm<\/p>\n                                        <\/div>\n                <\/div>\n              <\/div>\n          <\/div> \n                  <div id=\"midia-13\" class=\"gallery-details__item\">\n              <div class=\"container-fluid\">\n                <div class=\"row\">\n                  <div class=\"col-12 mb-5 px-0 text-center gallery-details__image\">\n                                              <img decoding=\"async\" src=\"https:\/\/memo.museudapessoa.org\/app\/_lib\/file\/img\/Lucas Luciano. Monumento dos pescadores.jpg\" alt=\"Lucas Luciano Silva - Monumento dos pescadores S\u00e3o Lu\u00eds - MA\">\n                                        <\/div>\n                <\/div>\n              <\/div>\n              <div class=\"container\">\n                <div class=\"row\">\n                  <div class=\"col-md-8 offset-md-2\">\n                    <small class=\"d-inline-block mb-3\">13 de 30<\/small> \n                        <h3 class=\"mb-3\">Lucas Luciano Silva &#8211; Monumento dos pescadores S\u00e3o Lu\u00eds &#8211; MA<\/h3>\n                      <p>Pintura | Acr\u00edlica sobre tela &#8211; Pintado com a boca | 30x40cm<\/p>\n                                        <\/div>\n                <\/div>\n              <\/div>\n          <\/div> \n                  <div id=\"midia-14\" class=\"gallery-details__item\">\n              <div class=\"container-fluid\">\n                <div class=\"row\">\n                  <div class=\"col-12 mb-5 px-0 text-center gallery-details__image\">\n                                              <img decoding=\"async\" src=\"https:\/\/memo.museudapessoa.org\/app\/_lib\/file\/img\/Lucas Abreu. Cachoeira Serra Grande MG.jpg\" alt=\"Lucas Abreu - Cachoeira Serra Grande - MG\">\n                                        <\/div>\n                <\/div>\n              <\/div>\n              <div class=\"container\">\n                <div class=\"row\">\n                  <div class=\"col-md-8 offset-md-2\">\n                    <small class=\"d-inline-block mb-3\">14 de 30<\/small> \n                        <h3 class=\"mb-3\">Lucas Abreu &#8211; Cachoeira Serra Grande &#8211; MG<\/h3>\n                      <p>Pintura | Acr\u00edlica sobre tela &#8211; Pintado com o p\u00e9 | 50x40cm<\/p>\n                                        <\/div>\n                <\/div>\n              <\/div>\n          <\/div> \n                  <div id=\"midia-15\" class=\"gallery-details__item\">\n              <div class=\"container-fluid\">\n                <div class=\"row\">\n                  <div class=\"col-12 mb-5 px-0 text-center gallery-details__image\">\n                                              <img decoding=\"async\" src=\"https:\/\/memo.museudapessoa.org\/app\/_lib\/file\/img\/Leandro Portella. Casa das armas brancas.jpg\" alt=\"Leandro Portella - A casa de armas brancas - Ara\u00e7oiaba da Serra\">\n                                        <\/div>\n                <\/div>\n              <\/div>\n              <div class=\"container\">\n                <div class=\"row\">\n                  <div class=\"col-md-8 offset-md-2\">\n                    <small class=\"d-inline-block mb-3\">15 de 30<\/small> \n                        <h3 class=\"mb-3\">Leandro Portella &#8211; A casa de armas brancas &#8211; Ara\u00e7oiaba da Serra<\/h3>\n                      <p>Pintura | Acr\u00edlica sobre tela &#8211; Pintado com a boca | 30x40cm<\/p>\n                                        <\/div>\n                <\/div>\n              <\/div>\n          <\/div> \n                  <div id=\"midia-16\" class=\"gallery-details__item\">\n              <div class=\"container-fluid\">\n                <div class=\"row\">\n                  <div class=\"col-12 mb-5 px-0 text-center gallery-details__image\">\n                                              <img decoding=\"async\" src=\"https:\/\/memo.museudapessoa.org\/app\/_lib\/file\/img\/Kaze. Brasil.jpg\" alt=\"Kaz\u00ea Fraga - Brasil\">\n                                        <\/div>\n                <\/div>\n              <\/div>\n              <div class=\"container\">\n                <div class=\"row\">\n                  <div class=\"col-md-8 offset-md-2\">\n                    <small class=\"d-inline-block mb-3\">16 de 30<\/small> \n                        <h3 class=\"mb-3\">Kaz\u00ea Fraga &#8211; Brasil<\/h3>\n                      <p>Pintura | \u00d3leo sobre tela &#8211; Pintado com a boca | 40x50cm<\/p>\n                                        <\/div>\n                <\/div>\n              <\/div>\n          <\/div> \n                  <div id=\"midia-17\" class=\"gallery-details__item\">\n              <div class=\"container-fluid\">\n                <div class=\"row\">\n                  <div class=\"col-12 mb-5 px-0 text-center gallery-details__image\">\n                                              <img decoding=\"async\" src=\"https:\/\/memo.museudapessoa.org\/app\/_lib\/file\/img\/Joao Paulo. Museu de arte contemporanea Niteroi Rj.JPG\" alt=\"Jo\u00e3o Paulo Fontenele - Museu de Arte Contempor\u00e2nea Niter\u00f3i, RJ\">\n                                        <\/div>\n                <\/div>\n              <\/div>\n              <div class=\"container\">\n                <div class=\"row\">\n                  <div class=\"col-md-8 offset-md-2\">\n                    <small class=\"d-inline-block mb-3\">17 de 30<\/small> \n                        <h3 class=\"mb-3\">Jo\u00e3o Paulo Fontenele &#8211; Museu de Arte Contempor\u00e2nea Niter\u00f3i, RJ<\/h3>\n                      <p>Pintura | Acr\u00edlica sobre tela &#8211; Pintado com o p\u00e9 | 40x50cm<\/p>\n                                        <\/div>\n                <\/div>\n              <\/div>\n          <\/div> \n                  <div id=\"midia-18\" class=\"gallery-details__item\">\n              <div class=\"container-fluid\">\n                <div class=\"row\">\n                  <div class=\"col-12 mb-5 px-0 text-center gallery-details__image\">\n                                              <img decoding=\"async\" src=\"https:\/\/memo.museudapessoa.org\/app\/_lib\/file\/img\/Jefferson Maia. Bahia Fernando de Noronha.JPG\" alt=\"Jefferson Maia - Bahia de Fernando de Noronha\">\n                                        <\/div>\n                <\/div>\n              <\/div>\n              <div class=\"container\">\n                <div class=\"row\">\n                  <div class=\"col-md-8 offset-md-2\">\n                    <small class=\"d-inline-block mb-3\">18 de 30<\/small> \n                        <h3 class=\"mb-3\">Jefferson Maia &#8211; Bahia de Fernando de Noronha<\/h3>\n                      <p>Pintura | Acr\u00edlica sobre tela &#8211; Pintado com a boca | 40x60xcm<\/p>\n                                        <\/div>\n                <\/div>\n              <\/div>\n          <\/div> \n                  <div id=\"midia-19\" class=\"gallery-details__item\">\n              <div class=\"container-fluid\">\n                <div class=\"row\">\n                  <div class=\"col-12 mb-5 px-0 text-center gallery-details__image\">\n                                              <img decoding=\"async\" src=\"https:\/\/memo.museudapessoa.org\/app\/_lib\/file\/img\/Ivan. Aguas de Lindoia.jpg\" alt=\"Ivan Gomes - \u00c1guas de Lind\u00f3ia - SP\">\n                                        <\/div>\n                <\/div>\n              <\/div>\n              <div class=\"container\">\n                <div class=\"row\">\n                  <div class=\"col-md-8 offset-md-2\">\n                    <small class=\"d-inline-block mb-3\">19 de 30<\/small> \n                        <h3 class=\"mb-3\">Ivan Gomes &#8211; \u00c1guas de Lind\u00f3ia &#8211; SP<\/h3>\n                      <p>Pintura | \u00d3leo sobre tela &#8211; Pintado com a boca | 40x50cm<\/p>\n                                        <\/div>\n                <\/div>\n              <\/div>\n          <\/div> \n                  <div id=\"midia-20\" class=\"gallery-details__item\">\n              <div class=\"container-fluid\">\n                <div class=\"row\">\n                  <div class=\"col-12 mb-5 px-0 text-center gallery-details__image\">\n                                              <img decoding=\"async\" src=\"https:\/\/memo.museudapessoa.org\/app\/_lib\/file\/img\/Goncalo. LAGO_IBIRAPUERA_SP.jpg\" alt=\"Gon\u00e7alo Borges - Lago Ibirapuera\">\n                                        <\/div>\n                <\/div>\n              <\/div>\n              <div class=\"container\">\n                <div class=\"row\">\n                  <div class=\"col-md-8 offset-md-2\">\n                    <small class=\"d-inline-block mb-3\">20 de 30<\/small> \n                        <h3 class=\"mb-3\">Gon\u00e7alo Borges &#8211; Lago Ibirapuera<\/h3>\n                      <p>Pintura | \u00d3leo sobre tela &#8211; Pintado com a boca | 40x50cm<\/p>\n                                        <\/div>\n                <\/div>\n              <\/div>\n          <\/div> \n                  <div id=\"midia-21\" class=\"gallery-details__item\">\n              <div class=\"container-fluid\">\n                <div class=\"row\">\n                  <div class=\"col-12 mb-5 px-0 text-center gallery-details__image\">\n                                              <img decoding=\"async\" src=\"https:\/\/memo.museudapessoa.org\/app\/_lib\/file\/img\/Eva Leite. Pedacinho do Cerrado brasiliense.jpg\" alt=\"Eva Leite - Pedacinho do Cerrado Brasiliense\">\n                                        <\/div>\n                <\/div>\n              <\/div>\n              <div class=\"container\">\n                <div class=\"row\">\n                  <div class=\"col-md-8 offset-md-2\">\n                    <small class=\"d-inline-block mb-3\">21 de 30<\/small> \n                        <h3 class=\"mb-3\">Eva Leite &#8211; Pedacinho do Cerrado Brasiliense<\/h3>\n                      <p>Pintura | Acr\u00edlica sobre tela &#8211; Pintado com a boca | 40x50cm<\/p>\n                                        <\/div>\n                <\/div>\n              <\/div>\n          <\/div> \n                  <div id=\"midia-22\" class=\"gallery-details__item\">\n              <div class=\"container-fluid\">\n                <div class=\"row\">\n                  <div class=\"col-12 mb-5 px-0 text-center gallery-details__image\">\n                                              <img decoding=\"async\" src=\"https:\/\/memo.museudapessoa.org\/app\/_lib\/file\/img\/Eduardo. O morro dos dois irmaos.jpg\" alt=\"Eduardo Ado - O morro dos Dois Irm\u00e3os\">\n                                        <\/div>\n                <\/div>\n              <\/div>\n              <div class=\"container\">\n                <div class=\"row\">\n                  <div class=\"col-md-8 offset-md-2\">\n                    <small class=\"d-inline-block mb-3\">22 de 30<\/small> \n                        <h3 class=\"mb-3\">Eduardo Ado &#8211; O morro dos Dois Irm\u00e3os<\/h3>\n                      <p>Pintura | Acr\u00edlica sobre tela &#8211; Pintado com a boca | 40x 50cm<\/p>\n                                        <\/div>\n                <\/div>\n              <\/div>\n          <\/div> \n                  <div id=\"midia-23\" class=\"gallery-details__item\">\n              <div class=\"container-fluid\">\n                <div class=\"row\">\n                  <div class=\"col-12 mb-5 px-0 text-center gallery-details__image\">\n                                              <img decoding=\"async\" src=\"https:\/\/memo.museudapessoa.org\/app\/_lib\/file\/img\/Dupe. Jogadores de capoeira.jpg\" alt=\"Dup\u00e9 Ferreira - Jogadores de Capoeira\">\n                                        <\/div>\n                <\/div>\n              <\/div>\n              <div class=\"container\">\n                <div class=\"row\">\n                  <div class=\"col-md-8 offset-md-2\">\n                    <small class=\"d-inline-block mb-3\">23 de 30<\/small> \n                        <h3 class=\"mb-3\">Dup\u00e9 Ferreira &#8211; Jogadores de Capoeira<\/h3>\n                      <p>Pintura | Acr\u00edlica sobre tela &#8211; Pintado com o p\u00e9 | 50x60cm<\/p>\n                                        <\/div>\n                <\/div>\n              <\/div>\n          <\/div> \n                  <div id=\"midia-24\" class=\"gallery-details__item\">\n              <div class=\"container-fluid\">\n                <div class=\"row\">\n                  <div class=\"col-12 mb-5 px-0 text-center gallery-details__image\">\n                                              <img decoding=\"async\" src=\"https:\/\/memo.museudapessoa.org\/app\/_lib\/file\/img\/Debora. Pontal do atalaia RJ.jpg\" alt=\"D\u00e9bora Ferreira - Pontal do Atalaia - RJ\">\n                                        <\/div>\n                <\/div>\n              <\/div>\n              <div class=\"container\">\n                <div class=\"row\">\n                  <div class=\"col-md-8 offset-md-2\">\n                    <small class=\"d-inline-block mb-3\">24 de 30<\/small> \n                        <h3 class=\"mb-3\">D\u00e9bora Ferreira &#8211; Pontal do Atalaia &#8211; RJ<\/h3>\n                      <p>Pintura | Acr\u00edlica sobre tela &#8211; Pintado com a boca | 40x50cm<\/p>\n                                        <\/div>\n                <\/div>\n              <\/div>\n          <\/div> \n                  <div id=\"midia-25\" class=\"gallery-details__item\">\n              <div class=\"container-fluid\">\n                <div class=\"row\">\n                  <div class=\"col-12 mb-5 px-0 text-center gallery-details__image\">\n                                              <img decoding=\"async\" src=\"https:\/\/memo.museudapessoa.org\/app\/_lib\/file\/img\/Danielle. Bondinho de Santa Teresa.jpg\" alt=\"Danielle Souza - Bondinho de Santa Tereza - Largo do Curvelo\">\n                                        <\/div>\n                <\/div>\n              <\/div>\n              <div class=\"container\">\n                <div class=\"row\">\n                  <div class=\"col-md-8 offset-md-2\">\n                    <small class=\"d-inline-block mb-3\">25 de 30<\/small> \n                        <h3 class=\"mb-3\">Danielle Souza &#8211; Bondinho de Santa Tereza &#8211; Largo do Curvelo<\/h3>\n                      <p>Pintura | Acr\u00edlica sobre tela &#8211; Pintado com a boca | 40x50cm<\/p>\n                                        <\/div>\n                <\/div>\n              <\/div>\n          <\/div> \n                  <div id=\"midia-26\" class=\"gallery-details__item\">\n              <div class=\"container-fluid\">\n                <div class=\"row\">\n                  <div class=\"col-12 mb-5 px-0 text-center gallery-details__image\">\n                                              <img decoding=\"async\" src=\"https:\/\/memo.museudapessoa.org\/app\/_lib\/file\/img\/Daniela. Colhedores de coco verde.jpg\" alt=\"Daniela Caburro - Colhedores de c\u00f4co verde\">\n                                        <\/div>\n                <\/div>\n              <\/div>\n              <div class=\"container\">\n                <div class=\"row\">\n                  <div class=\"col-md-8 offset-md-2\">\n                    <small class=\"d-inline-block mb-3\">26 de 30<\/small> \n                        <h3 class=\"mb-3\">Daniela Caburro &#8211; Colhedores de c\u00f4co verde<\/h3>\n                      <p>Pintura | Acr\u00edlica sobre tela &#8211; Pintado com a boca | 50x40cm<\/p>\n                                        <\/div>\n                <\/div>\n              <\/div>\n          <\/div> \n                  <div id=\"midia-27\" class=\"gallery-details__item\">\n              <div class=\"container-fluid\">\n                <div class=\"row\">\n                  <div class=\"col-12 mb-5 px-0 text-center gallery-details__image\">\n                                              <img decoding=\"async\" src=\"https:\/\/memo.museudapessoa.org\/app\/_lib\/file\/img\/Daniel. Casal de araras.jpg\" alt=\"Daniel Ferreira - Casal de araras\">\n                                        <\/div>\n                <\/div>\n              <\/div>\n              <div class=\"container\">\n                <div class=\"row\">\n                  <div class=\"col-md-8 offset-md-2\">\n                    <small class=\"d-inline-block mb-3\">27 de 30<\/small> \n                        <h3 class=\"mb-3\">Daniel Ferreira &#8211; Casal de araras<\/h3>\n                      <p>Pintura | \u00d3leo sobre tela &#8211; Pintado com o p\u00e9 | 50x70cm<\/p>\n                                        <\/div>\n                <\/div>\n              <\/div>\n          <\/div> \n                  <div id=\"midia-28\" class=\"gallery-details__item\">\n              <div class=\"container-fluid\">\n                <div class=\"row\">\n                  <div class=\"col-12 mb-5 px-0 text-center gallery-details__image\">\n                                              <img decoding=\"async\" src=\"https:\/\/memo.museudapessoa.org\/app\/_lib\/file\/img\/Barbara. Igreja de Saquarema.jpg\" alt=\"B\u00e1rbara Corr\u00eaa - Igreja de Saquarema\">\n                                        <\/div>\n                <\/div>\n              <\/div>\n              <div class=\"container\">\n                <div class=\"row\">\n                  <div class=\"col-md-8 offset-md-2\">\n                    <small class=\"d-inline-block mb-3\">28 de 30<\/small> \n                        <h3 class=\"mb-3\">B\u00e1rbara Corr\u00eaa &#8211; Igreja de Saquarema<\/h3>\n                      <p>Pintura | Acr\u00edlica sobre tela &#8211; Pintado com a boca | 50x60cm<\/p>\n                                        <\/div>\n                <\/div>\n              <\/div>\n          <\/div> \n                  <div id=\"midia-29\" class=\"gallery-details__item\">\n              <div class=\"container-fluid\">\n                <div class=\"row\">\n                  <div class=\"col-12 mb-5 px-0 text-center gallery-details__image\">\n                                              <img decoding=\"async\" src=\"https:\/\/memo.museudapessoa.org\/app\/_lib\/file\/img\/Aline. Festa do bumba meu boi.jpg\" alt=\"Aline Korb - Festa do Bumba Meu Boi\">\n                                        <\/div>\n                <\/div>\n              <\/div>\n              <div class=\"container\">\n                <div class=\"row\">\n                  <div class=\"col-md-8 offset-md-2\">\n                    <small class=\"d-inline-block mb-3\">29 de 30<\/small> \n                        <h3 class=\"mb-3\">Aline Korb &#8211; Festa do Bumba Meu Boi<\/h3>\n                      <p>Pintura | Acr\u00edlica sobre tela &#8211; Pintado com a boca | 30x40cm<\/p>\n                                        <\/div>\n                <\/div>\n              <\/div>\n          <\/div> \n                  <div id=\"midia-30\" class=\"gallery-details__item\">\n              <div class=\"container-fluid\">\n                <div class=\"row\">\n                  <div class=\"col-12 mb-5 px-0 text-center gallery-details__image\">\n                                              <img decoding=\"async\" src=\"https:\/\/memo.museudapessoa.org\/app\/_lib\/file\/img\/Adolfo. Lagoa da Pampulha.jpg\" alt=\"Adolfo Neto - Lagoa da Pampulha\">\n                                        <\/div>\n                <\/div>\n              <\/div>\n              <div class=\"container\">\n                <div class=\"row\">\n                  <div class=\"col-md-8 offset-md-2\">\n                    <small class=\"d-inline-block mb-3\">30 de 30<\/small> \n                        <h3 class=\"mb-3\">Adolfo Neto &#8211; Lagoa da Pampulha<\/h3>\n                      <p>Pintura | Acr\u00edlica sobre tela &#8211; Pintado com o p\u00e9 | 40x50cm<\/p>\n                                        <\/div>\n                <\/div>\n              <\/div>\n          <\/div> \n                <\/div>\n      <\/div>\n  <\/div><\/div>\n\n\n\n\n        <section class=\"conteudo\">\n          <div class=\"container\">\n            <div class=\"row\">\n              <div class=\"col-md-12 conteudo content margin-center text-md-\">\n                \n<p><\/p>\n\n              <\/div>\n            <\/div>\n          <\/div>\n        <\/section>\n\n\n        <section class=\"conteudo\">\n          <div class=\"container\">\n            <div class=\"row\">\n              <div class=\"col-md-12 conteudo content margin-center text-md-\">\n                \n<div class=\"wp-block-columns are-vertically-aligned-top is-layout-flex wp-container-core-columns-is-layout-1 wp-block-columns-is-layout-flex\">\n<div class=\"wp-block-column is-vertically-aligned-top is-layout-flow wp-block-column-is-layout-flow\" style=\"flex-basis:100%\"><\/div>\n<\/div>\n\n              <\/div>\n            <\/div>\n          <\/div>\n        <\/section>","protected":false},"excerpt":{"rendered":"<p>MARAVILHAS DO BRASIL Produzidas atrav\u00e9s da t\u00e9cnica de pintura com a boca e\/ou os p\u00e9s pelos artistas da APBP, as obras aqui reunidas fazem parte da Exposi\u00e7\u00e3o Maravilhas do Brasil, mostra itinerante de artes visuais que conta com curadoria de&#8230;<\/p>\n","protected":false},"author":11972,"featured_media":0,"parent":0,"menu_order":0,"comment_status":"closed","ping_status":"closed","template":"","meta":{"_acf_changed":false,"footnotes":""},"class_list":["post-23","page","type-page","status-publish","hentry"],"acf":[],"yoast_head":"<!-- This site is optimized with the Yoast SEO plugin v23.3 - https:\/\/yoast.com\/wordpress\/plugins\/seo\/ -->\n<title>Conhe\u00e7a as Obras da Cole\u00e7\u00e3o - Maravilhas do Brasil<\/title>\n<meta name=\"robots\" content=\"index, follow, max-snippet:-1, max-image-preview:large, max-video-preview:-1\" \/>\n<link rel=\"canonical\" href=\"https:\/\/memo.museudapessoa.org\/maravilhasdobrasil\/conheca-as-obras-da-colecao\/\" \/>\n<meta property=\"og:locale\" content=\"pt_BR\" \/>\n<meta property=\"og:type\" content=\"article\" \/>\n<meta property=\"og:title\" content=\"Conhe\u00e7a as Obras da Cole\u00e7\u00e3o - Maravilhas do Brasil\" \/>\n<meta property=\"og:description\" content=\"MARAVILHAS DO BRASIL Produzidas atrav\u00e9s da t\u00e9cnica de pintura com a boca e\/ou os p\u00e9s pelos artistas da APBP, as obras aqui reunidas fazem parte da Exposi\u00e7\u00e3o Maravilhas do Brasil, mostra itinerante de artes visuais que conta com curadoria de...\" \/>\n<meta property=\"og:url\" content=\"https:\/\/memo.museudapessoa.org\/maravilhasdobrasil\/conheca-as-obras-da-colecao\/\" \/>\n<meta property=\"og:site_name\" content=\"Maravilhas do Brasil\" \/>\n<meta property=\"article:modified_time\" content=\"2024-11-13T15:31:51+00:00\" \/>\n<meta name=\"twitter:card\" content=\"summary_large_image\" \/>\n<meta name=\"twitter:label1\" content=\"Est. tempo de leitura\" \/>\n\t<meta name=\"twitter:data1\" content=\"1 minuto\" \/>\n<script type=\"application\/ld+json\" class=\"yoast-schema-graph\">{\"@context\":\"https:\/\/schema.org\",\"@graph\":[{\"@type\":\"WebPage\",\"@id\":\"https:\/\/memo.museudapessoa.org\/maravilhasdobrasil\/conheca-as-obras-da-colecao\/\",\"url\":\"https:\/\/memo.museudapessoa.org\/maravilhasdobrasil\/conheca-as-obras-da-colecao\/\",\"name\":\"Conhe\u00e7a as Obras da Cole\u00e7\u00e3o - Maravilhas do Brasil\",\"isPartOf\":{\"@id\":\"https:\/\/memo.museudapessoa.org\/maravilhasdobrasil\/#website\"},\"datePublished\":\"2024-11-07T16:29:47+00:00\",\"dateModified\":\"2024-11-13T15:31:51+00:00\",\"breadcrumb\":{\"@id\":\"https:\/\/memo.museudapessoa.org\/maravilhasdobrasil\/conheca-as-obras-da-colecao\/#breadcrumb\"},\"inLanguage\":\"pt-BR\",\"potentialAction\":[{\"@type\":\"ReadAction\",\"target\":[\"https:\/\/memo.museudapessoa.org\/maravilhasdobrasil\/conheca-as-obras-da-colecao\/\"]}]},{\"@type\":\"BreadcrumbList\",\"@id\":\"https:\/\/memo.museudapessoa.org\/maravilhasdobrasil\/conheca-as-obras-da-colecao\/#breadcrumb\",\"itemListElement\":[{\"@type\":\"ListItem\",\"position\":1,\"name\":\"Home\",\"item\":\"https:\/\/memo.museudapessoa.org\/maravilhasdobrasil\/\"},{\"@type\":\"ListItem\",\"position\":2,\"name\":\"Conhe\u00e7a as Obras da Cole\u00e7\u00e3o\"}]},{\"@type\":\"WebSite\",\"@id\":\"https:\/\/memo.museudapessoa.org\/maravilhasdobrasil\/#website\",\"url\":\"https:\/\/memo.museudapessoa.org\/maravilhasdobrasil\/\",\"name\":\"Maravilhas do Brasil\",\"description\":\"\",\"potentialAction\":[{\"@type\":\"SearchAction\",\"target\":{\"@type\":\"EntryPoint\",\"urlTemplate\":\"https:\/\/memo.museudapessoa.org\/maravilhasdobrasil\/?s={search_term_string}\"},\"query-input\":\"required name=search_term_string\"}],\"inLanguage\":\"pt-BR\"}]}<\/script>\n<!-- \/ Yoast SEO plugin. -->","yoast_head_json":{"title":"Conhe\u00e7a as Obras da Cole\u00e7\u00e3o - Maravilhas do Brasil","robots":{"index":"index","follow":"follow","max-snippet":"max-snippet:-1","max-image-preview":"max-image-preview:large","max-video-preview":"max-video-preview:-1"},"canonical":"https:\/\/memo.museudapessoa.org\/maravilhasdobrasil\/conheca-as-obras-da-colecao\/","og_locale":"pt_BR","og_type":"article","og_title":"Conhe\u00e7a as Obras da Cole\u00e7\u00e3o - Maravilhas do Brasil","og_description":"MARAVILHAS DO BRASIL Produzidas atrav\u00e9s da t\u00e9cnica de pintura com a boca e\/ou os p\u00e9s pelos artistas da APBP, as obras aqui reunidas fazem parte da Exposi\u00e7\u00e3o Maravilhas do Brasil, mostra itinerante de artes visuais que conta com curadoria de...","og_url":"https:\/\/memo.museudapessoa.org\/maravilhasdobrasil\/conheca-as-obras-da-colecao\/","og_site_name":"Maravilhas do Brasil","article_modified_time":"2024-11-13T15:31:51+00:00","twitter_card":"summary_large_image","twitter_misc":{"Est. tempo de leitura":"1 minuto"},"schema":{"@context":"https:\/\/schema.org","@graph":[{"@type":"WebPage","@id":"https:\/\/memo.museudapessoa.org\/maravilhasdobrasil\/conheca-as-obras-da-colecao\/","url":"https:\/\/memo.museudapessoa.org\/maravilhasdobrasil\/conheca-as-obras-da-colecao\/","name":"Conhe\u00e7a as Obras da Cole\u00e7\u00e3o - Maravilhas do Brasil","isPartOf":{"@id":"https:\/\/memo.museudapessoa.org\/maravilhasdobrasil\/#website"},"datePublished":"2024-11-07T16:29:47+00:00","dateModified":"2024-11-13T15:31:51+00:00","breadcrumb":{"@id":"https:\/\/memo.museudapessoa.org\/maravilhasdobrasil\/conheca-as-obras-da-colecao\/#breadcrumb"},"inLanguage":"pt-BR","potentialAction":[{"@type":"ReadAction","target":["https:\/\/memo.museudapessoa.org\/maravilhasdobrasil\/conheca-as-obras-da-colecao\/"]}]},{"@type":"BreadcrumbList","@id":"https:\/\/memo.museudapessoa.org\/maravilhasdobrasil\/conheca-as-obras-da-colecao\/#breadcrumb","itemListElement":[{"@type":"ListItem","position":1,"name":"Home","item":"https:\/\/memo.museudapessoa.org\/maravilhasdobrasil\/"},{"@type":"ListItem","position":2,"name":"Conhe\u00e7a as Obras da Cole\u00e7\u00e3o"}]},{"@type":"WebSite","@id":"https:\/\/memo.museudapessoa.org\/maravilhasdobrasil\/#website","url":"https:\/\/memo.museudapessoa.org\/maravilhasdobrasil\/","name":"Maravilhas do Brasil","description":"","potentialAction":[{"@type":"SearchAction","target":{"@type":"EntryPoint","urlTemplate":"https:\/\/memo.museudapessoa.org\/maravilhasdobrasil\/?s={search_term_string}"},"query-input":"required name=search_term_string"}],"inLanguage":"pt-BR"}]}},"_links":{"self":[{"href":"https:\/\/memo.museudapessoa.org\/maravilhasdobrasil\/wp-json\/wp\/v2\/pages\/23"}],"collection":[{"href":"https:\/\/memo.museudapessoa.org\/maravilhasdobrasil\/wp-json\/wp\/v2\/pages"}],"about":[{"href":"https:\/\/memo.museudapessoa.org\/maravilhasdobrasil\/wp-json\/wp\/v2\/types\/page"}],"author":[{"embeddable":true,"href":"https:\/\/memo.museudapessoa.org\/maravilhasdobrasil\/wp-json\/wp\/v2\/users\/11972"}],"replies":[{"embeddable":true,"href":"https:\/\/memo.museudapessoa.org\/maravilhasdobrasil\/wp-json\/wp\/v2\/comments?post=23"}],"version-history":[{"count":18,"href":"https:\/\/memo.museudapessoa.org\/maravilhasdobrasil\/wp-json\/wp\/v2\/pages\/23\/revisions"}],"predecessor-version":[{"id":275,"href":"https:\/\/memo.museudapessoa.org\/maravilhasdobrasil\/wp-json\/wp\/v2\/pages\/23\/revisions\/275"}],"wp:attachment":[{"href":"https:\/\/memo.museudapessoa.org\/maravilhasdobrasil\/wp-json\/wp\/v2\/media?parent=23"}],"curies":[{"name":"wp","href":"https:\/\/api.w.org\/{rel}","templated":true}]}}