{"id":269,"date":"2024-11-13T12:29:15","date_gmt":"2024-11-13T15:29:15","guid":{"rendered":"https:\/\/memo.museudapessoa.org\/maravilhasdobrasil\/?page_id=269"},"modified":"2024-11-13T15:06:24","modified_gmt":"2024-11-13T18:06:24","slug":"exposicao-na-galeria-ibeu","status":"publish","type":"page","link":"https:\/\/memo.museudapessoa.org\/maravilhasdobrasil\/exposicao-na-galeria-ibeu\/","title":{"rendered":"Exposi\u00e7\u00e3o na Galeria Ibeu"},"content":{"rendered":"\n<div style=\"height:32px\" aria-hidden=\"true\" class=\"wp-block-spacer\"><\/div>\n\n\n\n        <section class=\"conteudo\">\n          <div class=\"container\">\n            <div class=\"row\">\n              <div class=\"col-md-12 conteudo content margin-center text-md-\">\n                \n<p>No per\u00edodo de 19\/08 a 13\/09\/24, a <a href=\"https:\/\/ibeugaleria.blogspot.com\/2024\/07\/maravilhas-do-brasil.html\">Galeria de Arte IBEU<\/a> e o Consulado Geral dos Estados Unidos no Rio de Janeiro apresentaram a exposi\u00e7\u00e3o &#8220;Maravilhas do Brasil&#8221;, mostra coletiva que reuniu 30 obras de artistas da Associa\u00e7\u00e3o dos Pintores com a Boca e os P\u00e9s &#8211; APBP, organiza\u00e7\u00e3o internacional que, desde 1967, tem como miss\u00e3o reunir artistas que tenham perdido o uso das m\u00e3os e desenvolvam sua arte a partir da t\u00e9cnica de segurar o pincel com a boca ou com os p\u00e9s.<\/p>\n\n              <\/div>\n            <\/div>\n          <\/div>\n        <\/section>\n\n\n        <section class=\"conteudo\">\n          <div class=\"container\">\n            <div class=\"row\">\n              <div class=\"col-md-12 conteudo content margin-center text-md-\">\n                \n<p>Nas palavras de Marcelo Cunha, escritor, artista, membro associado da APBP e curador da mostra, as obras presentes em Maravilhas do Brasil <strong>&#8220;surgiram como fruto da dedica\u00e7\u00e3o de artistas imersos nas possibilidades de eternizar fragmentos da diversidade cultural, das paisagens de beleza singular, e da rica fauna e flora end\u00eamica de um Brasil continental. Cada imagem \u00e9 uma viagem pict\u00f3rica, decodificada em estilo, t\u00e9cnicas e cores distintas. Em cada detalhe se destaca, mais do que o anseio da produ\u00e7\u00e3o de uma obra, a evid\u00eancia de como a arte ainda desponta como uma ferramenta eficaz para a inclus\u00e3o plena e digna.&#8221;<\/strong><\/p>\n\n              <\/div>\n            <\/div>\n          <\/div>\n        <\/section>\n\n\n        <section class=\"conteudo\">\n          <div class=\"container\">\n            <div class=\"row\">\n              <div class=\"col-md-12 conteudo content margin-center text-md-\">\n                \n<p><\/p>\n\n              <\/div>\n            <\/div>\n          <\/div>\n        <\/section>\n\n\n        <section class=\"conteudo\">\n          <div class=\"container\">\n            <div class=\"row\">\n              <div class=\"col-md-12 conteudo content margin-center text-md-\">\n                \n<div class=\"wp-block-columns is-layout-flex wp-container-core-columns-is-layout-1 wp-block-columns-is-layout-flex\">\n<div class=\"wp-block-column is-layout-flow wp-block-column-is-layout-flow\" style=\"flex-basis:100%\">\n\n<section id=\"block-carousel\"  class=' margin-top-none margin-bottom-none padding-top-none padding-bottom-none' style='background-color:rgba(255,255,255,0);'>\n  <div class=\"container\">\n        <\/div>\n    <div class=\"container-fluid\">\n    <div class=\"row\">\n      <div class=\"col-md-12 px-0\">\n        <div data-items=\"1\" class=\"block-carousel owl-theme owl-carousel\">\n                          <div class=\"row\">\n                <div class=\"col-md-12 mb-4 mb-md-0\">\n                  <div class=\"block-carousel-item\">\n                                        <img decoding=\"async\" class=\"w-100\" src=\"https:\/\/memo.museudapessoa.org\/maravilhasdobrasil\/wp-content\/uploads\/sites\/136\/2024\/11\/maravilhas-do-brasil-3-1024x576.jpg\" alt=\"\" loading=\"lazy\">\n                                      <\/div>\n                <\/div>\n              <\/div>\n                          <div class=\"row\">\n                <div class=\"col-md-12 mb-4 mb-md-0\">\n                  <div class=\"block-carousel-item\">\n                                        <img decoding=\"async\" class=\"w-100\" src=\"https:\/\/memo.museudapessoa.org\/maravilhasdobrasil\/wp-content\/uploads\/sites\/136\/2024\/11\/maravilhas-do-brasil-12-1024x576.jpg\" alt=\"\" loading=\"lazy\">\n                                      <\/div>\n                <\/div>\n              <\/div>\n                          <div class=\"row\">\n                <div class=\"col-md-12 mb-4 mb-md-0\">\n                  <div class=\"block-carousel-item\">\n                                        <img decoding=\"async\" class=\"w-100\" src=\"https:\/\/memo.museudapessoa.org\/maravilhasdobrasil\/wp-content\/uploads\/sites\/136\/2024\/11\/maravilhas-do-brasil-1-1024x576.jpg\" alt=\"\" loading=\"lazy\">\n                                      <\/div>\n                <\/div>\n              <\/div>\n                          <div class=\"row\">\n                <div class=\"col-md-12 mb-4 mb-md-0\">\n                  <div class=\"block-carousel-item\">\n                                        <img decoding=\"async\" class=\"w-100\" src=\"https:\/\/memo.museudapessoa.org\/maravilhasdobrasil\/wp-content\/uploads\/sites\/136\/2024\/11\/maravilhas-do-brasil-10-1024x576.jpg\" alt=\"\" loading=\"lazy\">\n                                      <\/div>\n                <\/div>\n              <\/div>\n                          <div class=\"row\">\n                <div class=\"col-md-12 mb-4 mb-md-0\">\n                  <div class=\"block-carousel-item\">\n                                        <img decoding=\"async\" class=\"w-100\" src=\"https:\/\/memo.museudapessoa.org\/maravilhasdobrasil\/wp-content\/uploads\/sites\/136\/2024\/11\/vistas-da-exposicao-11-1-1024x576.jpg\" alt=\"\" loading=\"lazy\">\n                                      <\/div>\n                <\/div>\n              <\/div>\n                    <\/div>\n      <\/div>\n    <\/div>\n  <\/div>\n<\/section>\n\n\n<\/div>\n<\/div>\n\n              <\/div>\n            <\/div>\n          <\/div>\n        <\/section>\n\n\n        <section class=\"conteudo\">\n          <div class=\"container\">\n            <div class=\"row\">\n              <div class=\"col-md-12 conteudo content margin-center text-md-\">\n                \n<div class=\"wp-block-columns is-layout-flex wp-container-core-columns-is-layout-2 wp-block-columns-is-layout-flex\">\n<div class=\"wp-block-column is-layout-flow wp-block-column-is-layout-flow\" style=\"flex-basis:100%\">\n\n<section id=\"block-carousel\"  class=' margin-top-none margin-bottom-medium padding-top-none padding-bottom-none' style='background-color:rgba(255,255,255,0);'>\n  <div class=\"container\">\n        <\/div>\n    <div class=\"container-fluid\">\n    <div class=\"row\">\n      <div class=\"col-md-12 px-0\">\n        <div data-items=\"1\" class=\"block-carousel owl-theme owl-carousel\">\n                          <div class=\"row\">\n                <div class=\"col-md-12 mb-4 mb-md-0\">\n                  <div class=\"block-carousel-item\">\n                                        <img decoding=\"async\" class=\"w-100\" src=\"https:\/\/memo.museudapessoa.org\/maravilhasdobrasil\/wp-content\/uploads\/sites\/136\/2024\/11\/artistas1.jpg\" alt=\"\" loading=\"lazy\">\n                                      <\/div>\n                <\/div>\n              <\/div>\n                          <div class=\"row\">\n                <div class=\"col-md-12 mb-4 mb-md-0\">\n                  <div class=\"block-carousel-item\">\n                                        <img decoding=\"async\" class=\"w-100\" src=\"https:\/\/memo.museudapessoa.org\/maravilhasdobrasil\/wp-content\/uploads\/sites\/136\/2024\/11\/artistas2.jpg\" alt=\"\" loading=\"lazy\">\n                                      <\/div>\n                <\/div>\n              <\/div>\n                          <div class=\"row\">\n                <div class=\"col-md-12 mb-4 mb-md-0\">\n                  <div class=\"block-carousel-item\">\n                                        <img decoding=\"async\" class=\"w-100\" src=\"https:\/\/memo.museudapessoa.org\/maravilhasdobrasil\/wp-content\/uploads\/sites\/136\/2024\/11\/WhatsApp-Image-2024-08-21-at-15.36.45-1024x768.jpg\" alt=\"\" loading=\"lazy\">\n                                      <\/div>\n                <\/div>\n              <\/div>\n                          <div class=\"row\">\n                <div class=\"col-md-12 mb-4 mb-md-0\">\n                  <div class=\"block-carousel-item\">\n                                        <img decoding=\"async\" class=\"w-100\" src=\"https:\/\/memo.museudapessoa.org\/maravilhasdobrasil\/wp-content\/uploads\/sites\/136\/2024\/11\/WhatsApp-Image-2024-08-21-at-15.37.01-1024x768.jpg\" alt=\"\" loading=\"lazy\">\n                                      <\/div>\n                <\/div>\n              <\/div>\n                          <div class=\"row\">\n                <div class=\"col-md-12 mb-4 mb-md-0\">\n                  <div class=\"block-carousel-item\">\n                                        <img decoding=\"async\" class=\"w-100\" src=\"https:\/\/memo.museudapessoa.org\/maravilhasdobrasil\/wp-content\/uploads\/sites\/136\/2024\/11\/WhatsApp-Image-2024-08-19-at-19.59.55-1024x576.jpg\" alt=\"\" loading=\"lazy\">\n                                      <\/div>\n                <\/div>\n              <\/div>\n                    <\/div>\n      <\/div>\n    <\/div>\n  <\/div>\n<\/section>\n\n\n<\/div>\n<\/div>\n\n              <\/div>\n            <\/div>\n          <\/div>\n        <\/section>","protected":false},"excerpt":{"rendered":"<p>No per\u00edodo de 19\/08 a 13\/09\/24, a Galeria de Arte IBEU e o Consulado Geral dos Estados Unidos no Rio de Janeiro apresentaram a exposi\u00e7\u00e3o &#8220;Maravilhas do Brasil&#8221;, mostra coletiva que reuniu 30 obras de artistas da Associa\u00e7\u00e3o dos Pintores&#8230;<\/p>\n","protected":false},"author":11972,"featured_media":0,"parent":0,"menu_order":0,"comment_status":"closed","ping_status":"closed","template":"","meta":{"_acf_changed":false,"footnotes":""},"class_list":["post-269","page","type-page","status-publish","hentry"],"acf":[],"yoast_head":"<!-- This site is optimized with the Yoast SEO plugin v23.3 - https:\/\/yoast.com\/wordpress\/plugins\/seo\/ -->\n<title>Exposi\u00e7\u00e3o na Galeria Ibeu - Maravilhas do Brasil<\/title>\n<meta name=\"robots\" content=\"index, follow, max-snippet:-1, max-image-preview:large, max-video-preview:-1\" \/>\n<link rel=\"canonical\" href=\"https:\/\/memo.museudapessoa.org\/maravilhasdobrasil\/exposicao-na-galeria-ibeu\/\" \/>\n<meta property=\"og:locale\" content=\"pt_BR\" \/>\n<meta property=\"og:type\" content=\"article\" \/>\n<meta property=\"og:title\" content=\"Exposi\u00e7\u00e3o na Galeria Ibeu - Maravilhas do Brasil\" \/>\n<meta property=\"og:description\" content=\"No per\u00edodo de 19\/08 a 13\/09\/24, a Galeria de Arte IBEU e o Consulado Geral dos Estados Unidos no Rio de Janeiro apresentaram a exposi\u00e7\u00e3o &#8220;Maravilhas do Brasil&#8221;, mostra coletiva que reuniu 30 obras de artistas da Associa\u00e7\u00e3o dos Pintores...\" \/>\n<meta property=\"og:url\" content=\"https:\/\/memo.museudapessoa.org\/maravilhasdobrasil\/exposicao-na-galeria-ibeu\/\" \/>\n<meta property=\"og:site_name\" content=\"Maravilhas do Brasil\" \/>\n<meta property=\"article:modified_time\" content=\"2024-11-13T18:06:24+00:00\" \/>\n<meta name=\"twitter:card\" content=\"summary_large_image\" \/>\n<meta name=\"twitter:label1\" content=\"Est. tempo de leitura\" \/>\n\t<meta name=\"twitter:data1\" content=\"2 minutos\" \/>\n<script type=\"application\/ld+json\" class=\"yoast-schema-graph\">{\"@context\":\"https:\/\/schema.org\",\"@graph\":[{\"@type\":\"WebPage\",\"@id\":\"https:\/\/memo.museudapessoa.org\/maravilhasdobrasil\/exposicao-na-galeria-ibeu\/\",\"url\":\"https:\/\/memo.museudapessoa.org\/maravilhasdobrasil\/exposicao-na-galeria-ibeu\/\",\"name\":\"Exposi\u00e7\u00e3o na Galeria Ibeu - Maravilhas do Brasil\",\"isPartOf\":{\"@id\":\"https:\/\/memo.museudapessoa.org\/maravilhasdobrasil\/#website\"},\"datePublished\":\"2024-11-13T15:29:15+00:00\",\"dateModified\":\"2024-11-13T18:06:24+00:00\",\"breadcrumb\":{\"@id\":\"https:\/\/memo.museudapessoa.org\/maravilhasdobrasil\/exposicao-na-galeria-ibeu\/#breadcrumb\"},\"inLanguage\":\"pt-BR\",\"potentialAction\":[{\"@type\":\"ReadAction\",\"target\":[\"https:\/\/memo.museudapessoa.org\/maravilhasdobrasil\/exposicao-na-galeria-ibeu\/\"]}]},{\"@type\":\"BreadcrumbList\",\"@id\":\"https:\/\/memo.museudapessoa.org\/maravilhasdobrasil\/exposicao-na-galeria-ibeu\/#breadcrumb\",\"itemListElement\":[{\"@type\":\"ListItem\",\"position\":1,\"name\":\"Home\",\"item\":\"https:\/\/memo.museudapessoa.org\/maravilhasdobrasil\/\"},{\"@type\":\"ListItem\",\"position\":2,\"name\":\"Exposi\u00e7\u00e3o na Galeria Ibeu\"}]},{\"@type\":\"WebSite\",\"@id\":\"https:\/\/memo.museudapessoa.org\/maravilhasdobrasil\/#website\",\"url\":\"https:\/\/memo.museudapessoa.org\/maravilhasdobrasil\/\",\"name\":\"Maravilhas do Brasil\",\"description\":\"\",\"potentialAction\":[{\"@type\":\"SearchAction\",\"target\":{\"@type\":\"EntryPoint\",\"urlTemplate\":\"https:\/\/memo.museudapessoa.org\/maravilhasdobrasil\/?s={search_term_string}\"},\"query-input\":\"required name=search_term_string\"}],\"inLanguage\":\"pt-BR\"}]}<\/script>\n<!-- \/ Yoast SEO plugin. -->","yoast_head_json":{"title":"Exposi\u00e7\u00e3o na Galeria Ibeu - Maravilhas do Brasil","robots":{"index":"index","follow":"follow","max-snippet":"max-snippet:-1","max-image-preview":"max-image-preview:large","max-video-preview":"max-video-preview:-1"},"canonical":"https:\/\/memo.museudapessoa.org\/maravilhasdobrasil\/exposicao-na-galeria-ibeu\/","og_locale":"pt_BR","og_type":"article","og_title":"Exposi\u00e7\u00e3o na Galeria Ibeu - Maravilhas do Brasil","og_description":"No per\u00edodo de 19\/08 a 13\/09\/24, a Galeria de Arte IBEU e o Consulado Geral dos Estados Unidos no Rio de Janeiro apresentaram a exposi\u00e7\u00e3o &#8220;Maravilhas do Brasil&#8221;, mostra coletiva que reuniu 30 obras de artistas da Associa\u00e7\u00e3o dos Pintores...","og_url":"https:\/\/memo.museudapessoa.org\/maravilhasdobrasil\/exposicao-na-galeria-ibeu\/","og_site_name":"Maravilhas do Brasil","article_modified_time":"2024-11-13T18:06:24+00:00","twitter_card":"summary_large_image","twitter_misc":{"Est. tempo de leitura":"2 minutos"},"schema":{"@context":"https:\/\/schema.org","@graph":[{"@type":"WebPage","@id":"https:\/\/memo.museudapessoa.org\/maravilhasdobrasil\/exposicao-na-galeria-ibeu\/","url":"https:\/\/memo.museudapessoa.org\/maravilhasdobrasil\/exposicao-na-galeria-ibeu\/","name":"Exposi\u00e7\u00e3o na Galeria Ibeu - Maravilhas do Brasil","isPartOf":{"@id":"https:\/\/memo.museudapessoa.org\/maravilhasdobrasil\/#website"},"datePublished":"2024-11-13T15:29:15+00:00","dateModified":"2024-11-13T18:06:24+00:00","breadcrumb":{"@id":"https:\/\/memo.museudapessoa.org\/maravilhasdobrasil\/exposicao-na-galeria-ibeu\/#breadcrumb"},"inLanguage":"pt-BR","potentialAction":[{"@type":"ReadAction","target":["https:\/\/memo.museudapessoa.org\/maravilhasdobrasil\/exposicao-na-galeria-ibeu\/"]}]},{"@type":"BreadcrumbList","@id":"https:\/\/memo.museudapessoa.org\/maravilhasdobrasil\/exposicao-na-galeria-ibeu\/#breadcrumb","itemListElement":[{"@type":"ListItem","position":1,"name":"Home","item":"https:\/\/memo.museudapessoa.org\/maravilhasdobrasil\/"},{"@type":"ListItem","position":2,"name":"Exposi\u00e7\u00e3o na Galeria Ibeu"}]},{"@type":"WebSite","@id":"https:\/\/memo.museudapessoa.org\/maravilhasdobrasil\/#website","url":"https:\/\/memo.museudapessoa.org\/maravilhasdobrasil\/","name":"Maravilhas do Brasil","description":"","potentialAction":[{"@type":"SearchAction","target":{"@type":"EntryPoint","urlTemplate":"https:\/\/memo.museudapessoa.org\/maravilhasdobrasil\/?s={search_term_string}"},"query-input":"required name=search_term_string"}],"inLanguage":"pt-BR"}]}},"_links":{"self":[{"href":"https:\/\/memo.museudapessoa.org\/maravilhasdobrasil\/wp-json\/wp\/v2\/pages\/269"}],"collection":[{"href":"https:\/\/memo.museudapessoa.org\/maravilhasdobrasil\/wp-json\/wp\/v2\/pages"}],"about":[{"href":"https:\/\/memo.museudapessoa.org\/maravilhasdobrasil\/wp-json\/wp\/v2\/types\/page"}],"author":[{"embeddable":true,"href":"https:\/\/memo.museudapessoa.org\/maravilhasdobrasil\/wp-json\/wp\/v2\/users\/11972"}],"replies":[{"embeddable":true,"href":"https:\/\/memo.museudapessoa.org\/maravilhasdobrasil\/wp-json\/wp\/v2\/comments?post=269"}],"version-history":[{"count":7,"href":"https:\/\/memo.museudapessoa.org\/maravilhasdobrasil\/wp-json\/wp\/v2\/pages\/269\/revisions"}],"predecessor-version":[{"id":332,"href":"https:\/\/memo.museudapessoa.org\/maravilhasdobrasil\/wp-json\/wp\/v2\/pages\/269\/revisions\/332"}],"wp:attachment":[{"href":"https:\/\/memo.museudapessoa.org\/maravilhasdobrasil\/wp-json\/wp\/v2\/media?parent=269"}],"curies":[{"name":"wp","href":"https:\/\/api.w.org\/{rel}","templated":true}]}}