{"id":11,"date":"2025-08-25T15:53:43","date_gmt":"2025-08-25T18:53:43","guid":{"rendered":"https:\/\/memo.museudapessoa.org\/memorias-que-nao-afundam\/midias\/"},"modified":"2025-11-06T08:44:51","modified_gmt":"2025-11-06T11:44:51","slug":"midia","status":"publish","type":"page","link":"https:\/\/memo.museudapessoa.org\/memorias-que-nao-afundam\/midia\/","title":{"rendered":"M\u00eddia"},"content":{"rendered":"<section id=\"galeria-de-midia\" class=' margin-top-0 margin-bottom-large padding-top-0 padding-bottom-0'>\n  <div class=\"container\">\n    <div class=\"row\">\n              <div class=\"col-md-12\">\n          <h2>Galeria de m\u00eddia<\/h2>\n                  <\/div>\n          <\/div>\n    <div class=\"row\">\n      <div class=\"col-12\">\n      <div class=\"home-gallery \">\n                       <a data-bs-toggle=\"modal\" data-index=\"0\" href=\"#midia-1\" data-bs-target=\"#gallery-details-galeria-de-midia\"  class=\"gallery-item home-gallery__item  \">\n                  <img decoding=\"async\" src=\"https:\/\/memo.museudapessoa.org\/app\/_lib\/file\/img\/thumb\/NOS_HV018_FT004.jpeg\" alt=\"Bochechuda\" loading=\"lazy\">       \n              <\/a>\n                          <a data-bs-toggle=\"modal\" data-index=\"1\" href=\"#midia-2\" data-bs-target=\"#gallery-details-galeria-de-midia\"  class=\"gallery-item home-gallery__item  \">\n                  <img decoding=\"async\" src=\"https:\/\/memo.museudapessoa.org\/app\/_lib\/file\/img\/thumb\/NOS_HV018_FT003.jpeg\" alt=\"Sapequinha\" loading=\"lazy\">       \n              <\/a>\n                          <a data-bs-toggle=\"modal\" data-index=\"2\" href=\"#midia-3\" data-bs-target=\"#gallery-details-galeria-de-midia\"  class=\"gallery-item home-gallery__item  \">\n                  <img decoding=\"async\" src=\"https:\/\/memo.museudapessoa.org\/app\/_lib\/file\/img\/thumb\/_NOS_HV018_FT002.jpeg\" alt=\"M\u00e3e e filho felizes\" loading=\"lazy\">       \n              <\/a>\n                          <a data-bs-toggle=\"modal\" data-index=\"3\" href=\"#midia-4\" data-bs-target=\"#gallery-details-galeria-de-midia\"  class=\"gallery-item home-gallery__item  \">\n                  <img decoding=\"async\" src=\"https:\/\/memo.museudapessoa.org\/app\/_lib\/file\/img\/thumb\/_NOS_HV018_FT001.jpeg\" alt=\"Fam\u00edlia d\u00f3-r\u00e9-mi\" loading=\"lazy\">       \n              <\/a>\n                          <a data-bs-toggle=\"modal\" data-index=\"4\" href=\"#midia-5\" data-bs-target=\"#gallery-details-galeria-de-midia\"  class=\"gallery-item home-gallery__item  \">\n                  <img decoding=\"async\" src=\"https:\/\/memo.museudapessoa.org\/app\/_lib\/file\/img\/thumb\/_NOS_HV014_FT009.jpg\" alt=\"Mem\u00f3rias de um lar: objetos que ficaram para tr\u00e1s\" loading=\"lazy\">       \n              <\/a>\n                          <a data-bs-toggle=\"modal\" data-index=\"5\" href=\"#midia-6\" data-bs-target=\"#gallery-details-galeria-de-midia\"  class=\"gallery-item home-gallery__item  \">\n                  <img decoding=\"async\" src=\"https:\/\/memo.museudapessoa.org\/app\/_lib\/file\/img\/thumb\/_NOS_HV014_FT008.jpg\" alt=\"Mem\u00f3rias entre as paredes\" loading=\"lazy\">       \n              <\/a>\n                          <a data-bs-toggle=\"modal\" data-index=\"6\" href=\"#midia-7\" data-bs-target=\"#gallery-details-galeria-de-midia\"  class=\"gallery-item home-gallery__item  \">\n                  <img decoding=\"async\" src=\"https:\/\/memo.museudapessoa.org\/app\/_lib\/file\/img\/thumb\/_NOS_HV014_FT005.jpg\" alt=\"Restaram apenas as paredes\" loading=\"lazy\">       \n              <\/a>\n                          <a data-bs-toggle=\"modal\" data-index=\"7\" href=\"#midia-8\" data-bs-target=\"#gallery-details-galeria-de-midia\"  class=\"gallery-item home-gallery__item  \">\n                  <img decoding=\"async\" src=\"https:\/\/memo.museudapessoa.org\/app\/_lib\/file\/img\/thumb\/_NOS_HV014_FT002.jpg\" alt=\"Desfile escolar\" loading=\"lazy\">       \n              <\/a>\n                          <a data-bs-toggle=\"modal\" data-index=\"8\" href=\"#midia-9\" data-bs-target=\"#gallery-details-galeria-de-midia\"  class=\"gallery-item home-gallery__item  \">\n                  <img decoding=\"async\" src=\"https:\/\/memo.museudapessoa.org\/app\/_lib\/file\/img\/thumb\/_NOS_HV012_FT0013.jpg\" alt=\"Carnaval \u2013 SOS Pet Pinheiro\" loading=\"lazy\">       \n              <\/a>\n                          <a data-bs-toggle=\"modal\" data-index=\"9\" href=\"#midia-10\" data-bs-target=\"#gallery-details-galeria-de-midia\"  class=\"gallery-item home-gallery__item  \">\n                  <img decoding=\"async\" src=\"https:\/\/memo.museudapessoa.org\/app\/_lib\/file\/img\/thumb\/_NOS_HV012_FT009.jpg\" alt=\"Amor em meio ao abandono\" loading=\"lazy\">       \n              <\/a>\n                          <a data-bs-toggle=\"modal\" data-index=\"10\" href=\"#midia-11\" data-bs-target=\"#gallery-details-galeria-de-midia\"  class=\"gallery-item home-gallery__item  \">\n                  <img decoding=\"async\" src=\"https:\/\/memo.museudapessoa.org\/app\/_lib\/file\/img\/thumb\/_NOS_HV012_FT006_1.jpg\" alt=\"Estilo e talento\" loading=\"lazy\">       \n              <\/a>\n                          <a data-bs-toggle=\"modal\" data-index=\"11\" href=\"#midia-12\" data-bs-target=\"#gallery-details-galeria-de-midia\"  class=\"gallery-item home-gallery__item  \">\n                  <img decoding=\"async\" src=\"https:\/\/memo.museudapessoa.org\/app\/_lib\/file\/img\/thumb\/_NOS_HV012_FT008.jpg\" alt=\"Saudades\" loading=\"lazy\">       \n              <\/a>\n                          <a data-bs-toggle=\"modal\" data-index=\"12\" href=\"#midia-13\" data-bs-target=\"#gallery-details-galeria-de-midia\"  class=\"gallery-item home-gallery__item  \">\n                  <img decoding=\"async\" src=\"https:\/\/memo.museudapessoa.org\/app\/_lib\/file\/img\/thumb\/_NOS_HV011_FT015_1.jpg\" alt=\"Fechamento e Abandono\" loading=\"lazy\">       \n              <\/a>\n                          <a data-bs-toggle=\"modal\" data-index=\"13\" href=\"#midia-14\" data-bs-target=\"#gallery-details-galeria-de-midia\"  class=\"gallery-item home-gallery__item  \">\n                  <img decoding=\"async\" src=\"https:\/\/memo.museudapessoa.org\/app\/_lib\/file\/img\/thumb\/_NOS_HV011_FT013.jpg\" alt=\"Memorial Santo Ant\u00f4nio\" loading=\"lazy\">       \n              <\/a>\n                          <a data-bs-toggle=\"modal\" data-index=\"14\" href=\"#midia-15\" data-bs-target=\"#gallery-details-galeria-de-midia\"  class=\"gallery-item home-gallery__item  \">\n                  <img decoding=\"async\" src=\"https:\/\/memo.museudapessoa.org\/app\/_lib\/file\/img\/thumb\/_NOS_HV011_FT004_1.jpg\" alt=\"Movimento Unificado das V\u00edtimas da Braskem (MUVB)\" loading=\"lazy\">       \n              <\/a>\n                          <a data-bs-toggle=\"modal\" data-index=\"15\" href=\"#midia-16\" data-bs-target=\"#gallery-details-galeria-de-midia\"  class=\"gallery-item home-gallery__item  \">\n                  <img decoding=\"async\" src=\"https:\/\/memo.museudapessoa.org\/app\/_lib\/file\/img\/thumb\/_NOS_HV011_FT001_1.jpg\" alt=\"Reuni\u00e3o na Defensoria P\u00fablica\" loading=\"lazy\">       \n              <\/a>\n                          <a data-bs-toggle=\"modal\" data-index=\"16\" href=\"#midia-17\" data-bs-target=\"#gallery-details-galeria-de-midia\"  class=\"gallery-item home-gallery__item  \">\n                  <img decoding=\"async\" src=\"https:\/\/memo.museudapessoa.org\/app\/_lib\/file\/img\/thumb\/_NOS_HV010_FT012.jpg\" alt=\"Reencontro\" loading=\"lazy\">       \n              <\/a>\n                          <a data-bs-toggle=\"modal\" data-index=\"17\" href=\"#midia-18\" data-bs-target=\"#gallery-details-galeria-de-midia\"  class=\"gallery-item home-gallery__item  \">\n                  <img decoding=\"async\" src=\"https:\/\/memo.museudapessoa.org\/app\/_lib\/file\/img\/thumb\/_NOS_HV010_FT010.jpg\" alt=\"Fam\u00edlia\" loading=\"lazy\">       \n              <\/a>\n                          <a data-bs-toggle=\"modal\" data-index=\"18\" href=\"#midia-19\" data-bs-target=\"#gallery-details-galeria-de-midia\"  class=\"gallery-item home-gallery__item  \">\n                  <img decoding=\"async\" src=\"https:\/\/memo.museudapessoa.org\/app\/_lib\/file\/img\/thumb\/_NOS_HV010_FT004.jpg\" alt=\"Aben\u00e7oados\" loading=\"lazy\">       \n              <\/a>\n                          <a data-bs-toggle=\"modal\" data-index=\"19\" href=\"#midia-20\" data-bs-target=\"#gallery-details-galeria-de-midia\"  class=\"gallery-item home-gallery__item  \">\n                  <img decoding=\"async\" src=\"https:\/\/memo.museudapessoa.org\/app\/_lib\/file\/img\/thumb\/_NOS_HV010_FT003.jpg\" alt=\"Um lar tomado\" loading=\"lazy\">       \n              <\/a>\n                          <a data-bs-toggle=\"modal\" data-index=\"20\" href=\"#midia-21\" data-bs-target=\"#gallery-details-galeria-de-midia\"  class=\"gallery-item home-gallery__item  \">\n                  <img decoding=\"async\" src=\"https:\/\/memo.museudapessoa.org\/app\/_lib\/file\/img\/thumb\/_NOS_HV008_FT005.jpg\" alt=\"Forma\u00e7\u00e3o do Magist\u00e9rio\" loading=\"lazy\">       \n              <\/a>\n                          <a data-bs-toggle=\"modal\" data-index=\"21\" href=\"#midia-22\" data-bs-target=\"#gallery-details-galeria-de-midia\"  class=\"gallery-item home-gallery__item  \">\n                  <img decoding=\"async\" src=\"https:\/\/memo.museudapessoa.org\/app\/_lib\/file\/img\/thumb\/_NOS_HV008_FT004.jpg\" alt=\"Primeira Comunh\u00e3o na Igreja Matriz Santo Ant\u00f4nio de P\u00e1dua\" loading=\"lazy\">       \n              <\/a>\n                          <a data-bs-toggle=\"modal\" data-index=\"22\" href=\"#midia-23\" data-bs-target=\"#gallery-details-galeria-de-midia\"  class=\"gallery-item home-gallery__item  \">\n                  <img decoding=\"async\" src=\"https:\/\/memo.museudapessoa.org\/app\/_lib\/file\/img\/thumb\/_NOS_HV008_FT002.jpg\" alt=\"Inf\u00e2ncia na rua Carteiro Jo\u00e3o Firmino\" loading=\"lazy\">       \n              <\/a>\n                          <a data-bs-toggle=\"modal\" data-index=\"23\" href=\"#midia-24\" data-bs-target=\"#gallery-details-galeria-de-midia\"  class=\"gallery-item home-gallery__item  \">\n                  <img decoding=\"async\" src=\"https:\/\/memo.museudapessoa.org\/app\/_lib\/file\/img\/thumb\/_NOS_HV008_FT003_1.jpg\" alt=\"Anivers\u00e1rio de 7 anos de Andrea\" loading=\"lazy\">       \n              <\/a>\n                          <a data-bs-toggle=\"modal\" data-index=\"24\" href=\"#midia-25\" data-bs-target=\"#gallery-details-galeria-de-midia\"  class=\"gallery-item home-gallery__item  \">\n                  <img decoding=\"async\" src=\"https:\/\/memo.museudapessoa.org\/app\/_lib\/file\/img\/thumb\/_NOS_HV007_FT010.jpg\" alt=\"CASA AMARELA\" loading=\"lazy\">       \n              <\/a>\n                          <a data-bs-toggle=\"modal\" data-index=\"25\" href=\"#midia-26\" data-bs-target=\"#gallery-details-galeria-de-midia\"  class=\"gallery-item home-gallery__item  \">\n                  <img decoding=\"async\" src=\"https:\/\/memo.museudapessoa.org\/app\/_lib\/file\/img\/thumb\/_NOS_HV007_FT009.jpg\" alt=\"EU E MINHAS PLANTAS\" loading=\"lazy\">       \n              <\/a>\n                          <a data-bs-toggle=\"modal\" data-index=\"26\" href=\"#midia-27\" data-bs-target=\"#gallery-details-galeria-de-midia\"  class=\"gallery-item home-gallery__item  \">\n                  <img decoding=\"async\" src=\"https:\/\/memo.museudapessoa.org\/app\/_lib\/file\/img\/thumb\/_NOS_HV007_FT007.jpg\" alt=\"SAUDADES\" loading=\"lazy\">       \n              <\/a>\n                          <a data-bs-toggle=\"modal\" data-index=\"27\" href=\"#midia-28\" data-bs-target=\"#gallery-details-galeria-de-midia\"  class=\"gallery-item home-gallery__item  \">\n                  <img decoding=\"async\" src=\"https:\/\/memo.museudapessoa.org\/app\/_lib\/file\/img\/thumb\/_NOS_HV007_FT005.jpg\" alt=\"SE PREPARANDO PARA ANO NOVO, VIDA NOVA, CURADA DE UM C\u00c2NCER.\" loading=\"lazy\">       \n              <\/a>\n                          <a data-bs-toggle=\"modal\" data-index=\"28\" href=\"#midia-29\" data-bs-target=\"#gallery-details-galeria-de-midia\"  class=\"gallery-item home-gallery__item  \">\n                  <img decoding=\"async\" src=\"https:\/\/memo.museudapessoa.org\/app\/_lib\/file\/img\/thumb\/_NOS_HV006_FT012.jpg\" alt=\"Lembran\u00e7a da minha mascota\" loading=\"lazy\">       \n              <\/a>\n                          <a data-bs-toggle=\"modal\" data-index=\"29\" href=\"#midia-30\" data-bs-target=\"#gallery-details-galeria-de-midia\"  class=\"gallery-item home-gallery__item  \">\n                  <img decoding=\"async\" src=\"https:\/\/memo.museudapessoa.org\/app\/_lib\/file\/img\/thumb\/_NOS_HV006_FT006.jpg\" alt=\"Treinamento de combate ao inc\u00eandio\" loading=\"lazy\">       \n              <\/a>\n                          <a data-bs-toggle=\"modal\" data-index=\"30\" href=\"#midia-31\" data-bs-target=\"#gallery-details-galeria-de-midia\"  class=\"gallery-item home-gallery__item  \">\n                  <img decoding=\"async\" src=\"https:\/\/memo.museudapessoa.org\/app\/_lib\/file\/img\/thumb\/_NOS_HV006_FT004.jpg\" alt=\"Seguran\u00e7a no tr\u00e2nsito - reivindica\u00e7\u00e3o de uma lombada na General Hermes\" loading=\"lazy\">       \n              <\/a>\n                          <a data-bs-toggle=\"modal\" data-index=\"31\" href=\"#midia-32\" data-bs-target=\"#gallery-details-galeria-de-midia\"  class=\"gallery-item home-gallery__item  \">\n                  <img decoding=\"async\" src=\"https:\/\/memo.museudapessoa.org\/app\/_lib\/file\/img\/thumb\/_NOS_HV006_FT002.jpg\" alt=\"Desbravando o mundo\" loading=\"lazy\">       \n              <\/a>\n                          <a data-bs-toggle=\"modal\" data-index=\"32\" href=\"#midia-33\" data-bs-target=\"#gallery-details-galeria-de-midia\"  class=\"gallery-item home-gallery__item  \">\n                  <img decoding=\"async\" src=\"https:\/\/memo.museudapessoa.org\/app\/_lib\/file\/img\/thumb\/_NOS_HV005_FT10.jpeg\" alt=\"Minha fam\u00edlia.\" loading=\"lazy\">       \n              <\/a>\n                          <a data-bs-toggle=\"modal\" data-index=\"33\" href=\"#midia-34\" data-bs-target=\"#gallery-details-galeria-de-midia\"  class=\"gallery-item home-gallery__item  \">\n                  <img decoding=\"async\" src=\"https:\/\/memo.museudapessoa.org\/app\/_lib\/file\/img\/thumb\/_NOS_HV005_FT09(1).jpeg\" alt=\"Alegria radiante\">       \n              <\/a>\n                          <a data-bs-toggle=\"modal\" data-index=\"34\" href=\"#midia-35\" data-bs-target=\"#gallery-details-galeria-de-midia\"  class=\"gallery-item home-gallery__item  \">\n                  <img decoding=\"async\" src=\"https:\/\/memo.museudapessoa.org\/app\/_lib\/file\/img\/thumb\/_NOS_HV005_FT06.jpeg\" alt=\"Momento de lazer\" loading=\"lazy\">       \n              <\/a>\n                          <a data-bs-toggle=\"modal\" data-index=\"35\" href=\"#midia-36\" data-bs-target=\"#gallery-details-galeria-de-midia\"  class=\"gallery-item home-gallery__item  \">\n                  <img decoding=\"async\" src=\"https:\/\/memo.museudapessoa.org\/app\/_lib\/file\/img\/thumb\/_NOS_HV005_FT01.jpeg\" alt=\"Momento Inesquec\u00edvel\" loading=\"lazy\">       \n              <\/a>\n                          <a data-bs-toggle=\"modal\" data-index=\"36\" href=\"#midia-37\" data-bs-target=\"#gallery-details-galeria-de-midia\"  class=\"gallery-item home-gallery__item  \">\n                  <img decoding=\"async\" src=\"https:\/\/memo.museudapessoa.org\/app\/_lib\/file\/img\/thumb\/_NOS_HV004_FT005.jpeg\" alt=\"Meu anivers\u00e1rio\" loading=\"lazy\">       \n              <\/a>\n                          <a data-bs-toggle=\"modal\" data-index=\"37\" href=\"#midia-38\" data-bs-target=\"#gallery-details-galeria-de-midia\"  class=\"gallery-item home-gallery__item  \">\n                  <img decoding=\"async\" src=\"https:\/\/memo.museudapessoa.org\/app\/_lib\/file\/img\/thumb\/_NOS_HV004_FT004.jpeg\" alt=\"Trabalho\" loading=\"lazy\">       \n              <\/a>\n                          <a data-bs-toggle=\"modal\" data-index=\"38\" href=\"#midia-39\" data-bs-target=\"#gallery-details-galeria-de-midia\"  class=\"gallery-item home-gallery__item  \">\n                  <img decoding=\"async\" src=\"https:\/\/memo.museudapessoa.org\/app\/_lib\/file\/img\/thumb\/NOS_HV004_FT002.jpeg\" alt=\"Fabinho\" loading=\"lazy\">       \n              <\/a>\n                          <a data-bs-toggle=\"modal\" data-index=\"39\" href=\"#midia-40\" data-bs-target=\"#gallery-details-galeria-de-midia\"  class=\"gallery-item home-gallery__item  \">\n                  <img decoding=\"async\" src=\"https:\/\/memo.museudapessoa.org\/app\/_lib\/file\/img\/thumb\/_NOS_HV004_FT001.jpeg\" alt=\"Minha fam\u00edlia\" loading=\"lazy\">       \n              <\/a>\n                          <a data-bs-toggle=\"modal\" data-index=\"40\" href=\"#midia-41\" data-bs-target=\"#gallery-details-galeria-de-midia\"  class=\"gallery-item home-gallery__item  \">\n                  <img decoding=\"async\" src=\"https:\/\/memo.museudapessoa.org\/app\/_lib\/file\/img\/thumb\/_NOS_HV003_FT0015(1).jpg\" alt=\"Clube asfal\">       \n              <\/a>\n                          <a data-bs-toggle=\"modal\" data-index=\"41\" href=\"#midia-42\" data-bs-target=\"#gallery-details-galeria-de-midia\"  class=\"gallery-item home-gallery__item  \">\n                  <img decoding=\"async\" src=\"https:\/\/memo.museudapessoa.org\/app\/_lib\/file\/img\/thumb\/_NOS_HV003_FT0014(2).jpg\" alt=\"M\u00e3e de ely com sua irm\u00e3 nos bra\u00e7os\">       \n              <\/a>\n                          <a data-bs-toggle=\"modal\" data-index=\"42\" href=\"#midia-43\" data-bs-target=\"#gallery-details-galeria-de-midia\"  class=\"gallery-item home-gallery__item  \">\n                  <img decoding=\"async\" src=\"https:\/\/memo.museudapessoa.org\/app\/_lib\/file\/img\/thumb\/_NOS_HV003_FT011(2).jpg\" alt=\"Elayne, ely e marquinhos\">       \n              <\/a>\n                          <a data-bs-toggle=\"modal\" data-index=\"43\" href=\"#midia-44\" data-bs-target=\"#gallery-details-galeria-de-midia\"  class=\"gallery-item home-gallery__item  \">\n                  <img decoding=\"async\" src=\"https:\/\/memo.museudapessoa.org\/app\/_lib\/file\/img\/thumb\/_NOS_HV003_FT011.png\" alt=\"Elayne, Ely e Marquinhos\" loading=\"lazy\">       \n              <\/a>\n                          <a data-bs-toggle=\"modal\" data-index=\"44\" href=\"#midia-45\" data-bs-target=\"#gallery-details-galeria-de-midia\"  class=\"gallery-item home-gallery__item  \">\n                  <img decoding=\"async\" src=\"https:\/\/memo.museudapessoa.org\/app\/_lib\/file\/img\/thumb\/_NOS_HV003_FT005 (1).jpg\" alt=\"Alto do Mutange\">       \n              <\/a>\n                          <a data-bs-toggle=\"modal\" data-index=\"45\" href=\"#midia-46\" data-bs-target=\"#gallery-details-galeria-de-midia\"  class=\"gallery-item home-gallery__item  \">\n                  <img decoding=\"async\" src=\"https:\/\/memo.museudapessoa.org\/app\/_lib\/file\/img\/thumb\/_NOS_HV003_FT004 (1).jpg\" alt=\"CSA x Teot\u00f4nio\">       \n              <\/a>\n                          <a data-bs-toggle=\"modal\" data-index=\"46\" href=\"#midia-47\" data-bs-target=\"#gallery-details-galeria-de-midia\"  class=\"gallery-item home-gallery__item  \">\n                  <img decoding=\"async\" src=\"https:\/\/memo.museudapessoa.org\/app\/_lib\/file\/img\/thumb\/_NOS_HV001_FT007(1).jpg\" alt=\"Pai e filhos\">       \n              <\/a>\n                          <a data-bs-toggle=\"modal\" data-index=\"47\" href=\"#midia-48\" data-bs-target=\"#gallery-details-galeria-de-midia\"  class=\"gallery-item home-gallery__item  \">\n                  <img decoding=\"async\" src=\"https:\/\/memo.museudapessoa.org\/app\/_lib\/file\/img\/thumb\/_NOS_HV001_FT001 (1)(1).jpg\" alt=\"Banda Morcegos\">       \n              <\/a>\n                          <a data-bs-toggle=\"modal\" data-index=\"48\" href=\"#midia-49\" data-bs-target=\"#gallery-details-galeria-de-midia\"  class=\"gallery-item home-gallery__item  \">\n                  <img decoding=\"async\" src=\"https:\/\/memo.museudapessoa.org\/app\/_lib\/file\/img\/thumb\/_NOS_HV001_FT012(1).jpg\" alt=\"MINHA AMADA M\u00c3E\">       \n              <\/a>\n                          <a data-bs-toggle=\"modal\" data-index=\"49\" href=\"#midia-50\" data-bs-target=\"#gallery-details-galeria-de-midia\"  class=\"gallery-item home-gallery__item  \">\n                  <img decoding=\"async\" src=\"https:\/\/memo.museudapessoa.org\/app\/_lib\/file\/img\/thumb\/_NOS_HV001_FT013(1).jpg\" alt=\"NOSSA CASA\">       \n              <\/a>\n                    <\/div>\n      <\/div>\n    <\/div>\n      <\/div>\n<\/section>\n\n<div id=\"gallery-details-galeria-de-midia\" class=\"modal gallery-details\" tabindex=\"-1\">\n    <button class=\"gallery-details__close\" data-bs-dismiss=\"modal\">Fechar<\/button>\n  <div class=\"modal-dialog\">\n    <div class=\"modal-content\">\n      <div class=\"gallery-details__carousel owl-theme owl-carousel\">\n                <div id=\"midia-1\" class=\"gallery-details__item\">\n              <div class=\"container-fluid\">\n                <div class=\"row\">\n                  <div class=\"col-12 mb-5 px-0 text-center gallery-details__image\">\n                                              <img decoding=\"async\" src=\"https:\/\/memo.museudapessoa.org\/app\/_lib\/file\/img\/NOS_HV018_FT004.jpeg\" alt=\"Bochechuda\" loading=\"lazy\">\n                                        <\/div>\n                <\/div>\n              <\/div>\n              <div class=\"container\">\n                <div class=\"row\">\n                  <div class=\"col-md-8 offset-md-2\">\n                    <small class=\"d-inline-block mb-3\">1 de 50<\/small> \n                        <h3 class=\"mb-3\">Bochechuda<\/h3>\n                      <p>Jeanne com cerca de tr\u00eas meses na cadeira de balan\u00e7o de fios de pl\u00e1stico. Ela est\u00e1 na casa de seus av\u00f3s maternos, Ant\u00f4nio e Eul\u00e1lia, na rua Travessa dos Confidentes, n\u00famero 104, Levada, Macei\u00f3.<\/p>\n                                        <\/div>\n                <\/div>\n              <\/div>\n          <\/div> \n                  <div id=\"midia-2\" class=\"gallery-details__item\">\n              <div class=\"container-fluid\">\n                <div class=\"row\">\n                  <div class=\"col-12 mb-5 px-0 text-center gallery-details__image\">\n                                              <img decoding=\"async\" src=\"https:\/\/memo.museudapessoa.org\/app\/_lib\/file\/img\/NOS_HV018_FT003.jpeg\" alt=\"Sapequinha\" loading=\"lazy\">\n                                        <\/div>\n                <\/div>\n              <\/div>\n              <div class=\"container\">\n                <div class=\"row\">\n                  <div class=\"col-md-8 offset-md-2\">\n                    <small class=\"d-inline-block mb-3\">2 de 50<\/small> \n                        <h3 class=\"mb-3\">Sapequinha<\/h3>\n                      <p>Foto tirada quando Jeanne tinha cerca de dois ou tr\u00eas anos. Ela estava na casa da sua tia Ivete, quem provavelmente tirou a foto, na rua Aguinelo Barbosa, no Prado, Macei\u00f3. Jeanne diz que ela aprontava muito quando crian\u00e7a.<\/p>\n                                        <\/div>\n                <\/div>\n              <\/div>\n          <\/div> \n                  <div id=\"midia-3\" class=\"gallery-details__item\">\n              <div class=\"container-fluid\">\n                <div class=\"row\">\n                  <div class=\"col-12 mb-5 px-0 text-center gallery-details__image\">\n                                              <img decoding=\"async\" src=\"https:\/\/memo.museudapessoa.org\/app\/_lib\/file\/img\/_NOS_HV018_FT002.jpeg\" alt=\"M\u00e3e e filho felizes\" loading=\"lazy\">\n                                        <\/div>\n                <\/div>\n              <\/div>\n              <div class=\"container\">\n                <div class=\"row\">\n                  <div class=\"col-md-8 offset-md-2\">\n                    <small class=\"d-inline-block mb-3\">3 de 50<\/small> \n                        <h3 class=\"mb-3\">M\u00e3e e filho felizes<\/h3>\n                      <p>Pedro Ant\u00f4nio (Filho de Jeanne) e Jeanne na festa de casamento de Dariane (amiga de Jeanne) no sal\u00e3o de festa Reviver na Serraria, Macei\u00f3\/Al.<\/p>\n                                            <p><b>Hist\u00f3ria: <\/b> <a href=\"https:\/\/memo.museudapessoa.org\/memorias-que-nao-afundam\/historia-detalhe\/65620\">&#8220;Ningu\u00e9m merece isso&#8221;<\/a><\/p>\n                                        <\/div>\n                <\/div>\n              <\/div>\n          <\/div> \n                  <div id=\"midia-4\" class=\"gallery-details__item\">\n              <div class=\"container-fluid\">\n                <div class=\"row\">\n                  <div class=\"col-12 mb-5 px-0 text-center gallery-details__image\">\n                                              <img decoding=\"async\" src=\"https:\/\/memo.museudapessoa.org\/app\/_lib\/file\/img\/_NOS_HV018_FT001.jpeg\" alt=\"Fam\u00edlia d\u00f3-r\u00e9-mi\" loading=\"lazy\">\n                                        <\/div>\n                <\/div>\n              <\/div>\n              <div class=\"container\">\n                <div class=\"row\">\n                  <div class=\"col-md-8 offset-md-2\">\n                    <small class=\"d-inline-block mb-3\">4 de 50<\/small> \n                        <h3 class=\"mb-3\">Fam\u00edlia d\u00f3-r\u00e9-mi<\/h3>\n                      <p>Rosa (m\u00e3e de Jeanne), \u00c1lvaro (pai de Jeanne), Jailson (irm\u00e3o de Jeanne), James (irm\u00e3o de Jeanne), Janine (irm\u00e3 de Jeanne) e Jeanne. Fam\u00edlia reunida na casa dos av\u00f3s paternos de Jeanne, \u00c1lvaro e Zeza, no bairro de Jati\u00faca, em uma tarde de domingo.<\/p>\n                                            <p><b>Hist\u00f3ria: <\/b> <a href=\"https:\/\/memo.museudapessoa.org\/memorias-que-nao-afundam\/historia-detalhe\/65620\">&#8220;Ningu\u00e9m merece isso&#8221;<\/a><\/p>\n                                        <\/div>\n                <\/div>\n              <\/div>\n          <\/div> \n                  <div id=\"midia-5\" class=\"gallery-details__item\">\n              <div class=\"container-fluid\">\n                <div class=\"row\">\n                  <div class=\"col-12 mb-5 px-0 text-center gallery-details__image\">\n                                              <img decoding=\"async\" src=\"https:\/\/memo.museudapessoa.org\/app\/_lib\/file\/img\/_NOS_HV014_FT009.jpg\" alt=\"Mem\u00f3rias de um lar: objetos que ficaram para tr\u00e1s\" loading=\"lazy\">\n                                        <\/div>\n                <\/div>\n              <\/div>\n              <div class=\"container\">\n                <div class=\"row\">\n                  <div class=\"col-md-8 offset-md-2\">\n                    <small class=\"d-inline-block mb-3\">5 de 50<\/small> \n                        <h3 class=\"mb-3\">Mem\u00f3rias de um lar: objetos que ficaram para tr\u00e1s<\/h3>\n                      <p>Objeto deixado no corredor da casa. A foto foi tirada durante uma visita ao local, ap\u00f3s sua mudan\u00e7a.<\/p>\n                                            <p><b>Hist\u00f3ria: <\/b> <a href=\"https:\/\/memo.museudapessoa.org\/memorias-que-nao-afundam\/historia-detalhe\/65614\">O crime, a c\u00e2mera e a coragem<\/a><\/p>\n                                        <\/div>\n                <\/div>\n              <\/div>\n          <\/div> \n                  <div id=\"midia-6\" class=\"gallery-details__item\">\n              <div class=\"container-fluid\">\n                <div class=\"row\">\n                  <div class=\"col-12 mb-5 px-0 text-center gallery-details__image\">\n                                              <img decoding=\"async\" src=\"https:\/\/memo.museudapessoa.org\/app\/_lib\/file\/img\/_NOS_HV014_FT008.jpg\" alt=\"Mem\u00f3rias entre as paredes\" loading=\"lazy\">\n                                        <\/div>\n                <\/div>\n              <\/div>\n              <div class=\"container\">\n                <div class=\"row\">\n                  <div class=\"col-md-8 offset-md-2\">\n                    <small class=\"d-inline-block mb-3\">6 de 50<\/small> \n                        <h3 class=\"mb-3\">Mem\u00f3rias entre as paredes<\/h3>\n                      <p>Primeira porta da casa de Ana Paula, localizada na Rua C\u00f4nego Costa, 3835, em Bebedouro. A foto foi registrada por ela durante uma visita ao local, ap\u00f3s sua mudan\u00e7a.<\/p>\n                                            <p><b>Hist\u00f3ria: <\/b> <a href=\"https:\/\/memo.museudapessoa.org\/memorias-que-nao-afundam\/historia-detalhe\/65614\">O crime, a c\u00e2mera e a coragem<\/a><\/p>\n                                        <\/div>\n                <\/div>\n              <\/div>\n          <\/div> \n                  <div id=\"midia-7\" class=\"gallery-details__item\">\n              <div class=\"container-fluid\">\n                <div class=\"row\">\n                  <div class=\"col-12 mb-5 px-0 text-center gallery-details__image\">\n                                              <img decoding=\"async\" src=\"https:\/\/memo.museudapessoa.org\/app\/_lib\/file\/img\/_NOS_HV014_FT005.jpg\" alt=\"Restaram apenas as paredes\" loading=\"lazy\">\n                                        <\/div>\n                <\/div>\n              <\/div>\n              <div class=\"container\">\n                <div class=\"row\">\n                  <div class=\"col-md-8 offset-md-2\">\n                    <small class=\"d-inline-block mb-3\">7 de 50<\/small> \n                        <h3 class=\"mb-3\">Restaram apenas as paredes<\/h3>\n                      <p>Entrada da casa onde Ana Paula morava em Bebedouro: \u00e0 esquerda est\u00e1 a resid\u00eancia, e \u00e0 direita o ponto comercial constru\u00eddo por seu pai, senhor Jos\u00e9 Ben\u00e9on, no espa\u00e7o que antes era um quarto quando a casa foi comprada.<\/p>\n                                            <p><b>Hist\u00f3ria: <\/b> <a href=\"https:\/\/memo.museudapessoa.org\/memorias-que-nao-afundam\/historia-detalhe\/65614\">O crime, a c\u00e2mera e a coragem<\/a><\/p>\n                                        <\/div>\n                <\/div>\n              <\/div>\n          <\/div> \n                  <div id=\"midia-8\" class=\"gallery-details__item\">\n              <div class=\"container-fluid\">\n                <div class=\"row\">\n                  <div class=\"col-12 mb-5 px-0 text-center gallery-details__image\">\n                                              <img decoding=\"async\" src=\"https:\/\/memo.museudapessoa.org\/app\/_lib\/file\/img\/_NOS_HV014_FT002.jpg\" alt=\"Desfile escolar\" loading=\"lazy\">\n                                        <\/div>\n                <\/div>\n              <\/div>\n              <div class=\"container\">\n                <div class=\"row\">\n                  <div class=\"col-md-8 offset-md-2\">\n                    <small class=\"d-inline-block mb-3\">8 de 50<\/small> \n                        <h3 class=\"mb-3\">Desfile escolar<\/h3>\n                      <p>Desfile da Escola Madre Blanche pelas ruas de Bebedouro, realizado em 11 de novembro de 2000, \u00e0s 16 horas. Registro da participa\u00e7\u00e3o de J\u00fanior (filho da Ana Paula), ent\u00e3o com 6 anos de idade, junto \u00e0 sua turma.<\/p>\n                                            <p><b>Hist\u00f3ria: <\/b> <a href=\"https:\/\/memo.museudapessoa.org\/memorias-que-nao-afundam\/historia-detalhe\/65614\">O crime, a c\u00e2mera e a coragem<\/a><\/p>\n                                        <\/div>\n                <\/div>\n              <\/div>\n          <\/div> \n                  <div id=\"midia-9\" class=\"gallery-details__item\">\n              <div class=\"container-fluid\">\n                <div class=\"row\">\n                  <div class=\"col-12 mb-5 px-0 text-center gallery-details__image\">\n                                              <img decoding=\"async\" src=\"https:\/\/memo.museudapessoa.org\/app\/_lib\/file\/img\/_NOS_HV012_FT0013.jpg\" alt=\"Carnaval \u2013 SOS Pet Pinheiro\" loading=\"lazy\">\n                                        <\/div>\n                <\/div>\n              <\/div>\n              <div class=\"container\">\n                <div class=\"row\">\n                  <div class=\"col-md-8 offset-md-2\">\n                    <small class=\"d-inline-block mb-3\">9 de 50<\/small> \n                        <h3 class=\"mb-3\">Carnaval \u2013 SOS Pet Pinheiro<\/h3>\n                      <p>Foto tirada no carnaval no SOS Pet Pinheiro, ONG fundada por Elisa.<\/p>\n                                            <p><b>Hist\u00f3ria: <\/b> <a href=\"https:\/\/memo.museudapessoa.org\/memorias-que-nao-afundam\/historia-detalhe\/65612\">Entre gatos e rachaduras&#8230;<\/a><\/p>\n                                        <\/div>\n                <\/div>\n              <\/div>\n          <\/div> \n                  <div id=\"midia-10\" class=\"gallery-details__item\">\n              <div class=\"container-fluid\">\n                <div class=\"row\">\n                  <div class=\"col-12 mb-5 px-0 text-center gallery-details__image\">\n                                              <img decoding=\"async\" src=\"https:\/\/memo.museudapessoa.org\/app\/_lib\/file\/img\/_NOS_HV012_FT009.jpg\" alt=\"Amor em meio ao abandono\" loading=\"lazy\">\n                                        <\/div>\n                <\/div>\n              <\/div>\n              <div class=\"container\">\n                <div class=\"row\">\n                  <div class=\"col-md-8 offset-md-2\">\n                    <small class=\"d-inline-block mb-3\">10 de 50<\/small> \n                        <h3 class=\"mb-3\">Amor em meio ao abandono<\/h3>\n                      <p>Elisa cuidando dos gatos abandonados ap\u00f3s a remo\u00e7\u00e3o das fam\u00edlias em Bebedouro em Macei\u00f3, Alagoas.<\/p>\n                                            <p><b>Hist\u00f3ria: <\/b> <a href=\"https:\/\/memo.museudapessoa.org\/memorias-que-nao-afundam\/historia-detalhe\/65612\">Entre gatos e rachaduras&#8230;<\/a><\/p>\n                                        <\/div>\n                <\/div>\n              <\/div>\n          <\/div> \n                  <div id=\"midia-11\" class=\"gallery-details__item\">\n              <div class=\"container-fluid\">\n                <div class=\"row\">\n                  <div class=\"col-12 mb-5 px-0 text-center gallery-details__image\">\n                                              <img decoding=\"async\" src=\"https:\/\/memo.museudapessoa.org\/app\/_lib\/file\/img\/_NOS_HV012_FT006_1.jpg\" alt=\"Estilo e talento\" loading=\"lazy\">\n                                        <\/div>\n                <\/div>\n              <\/div>\n              <div class=\"container\">\n                <div class=\"row\">\n                  <div class=\"col-md-8 offset-md-2\">\n                    <small class=\"d-inline-block mb-3\">11 de 50<\/small> \n                        <h3 class=\"mb-3\">Estilo e talento<\/h3>\n                      <p>M\u00e3e de Elisa em 1979, desfilando no Baile dos Meses e representando o R\u00e9veillon, vestindo um modelo que ela mesma costurou.<\/p>\n                                            <p><b>Hist\u00f3ria: <\/b> <a href=\"https:\/\/memo.museudapessoa.org\/memorias-que-nao-afundam\/historia-detalhe\/65612\">Entre gatos e rachaduras&#8230;<\/a><\/p>\n                                        <\/div>\n                <\/div>\n              <\/div>\n          <\/div> \n                  <div id=\"midia-12\" class=\"gallery-details__item\">\n              <div class=\"container-fluid\">\n                <div class=\"row\">\n                  <div class=\"col-12 mb-5 px-0 text-center gallery-details__image\">\n                                              <img decoding=\"async\" src=\"https:\/\/memo.museudapessoa.org\/app\/_lib\/file\/img\/_NOS_HV012_FT008.jpg\" alt=\"Saudades\" loading=\"lazy\">\n                                        <\/div>\n                <\/div>\n              <\/div>\n              <div class=\"container\">\n                <div class=\"row\">\n                  <div class=\"col-md-8 offset-md-2\">\n                    <small class=\"d-inline-block mb-3\">12 de 50<\/small> \n                        <h3 class=\"mb-3\">Saudades<\/h3>\n                      <p>Pr\u00e9dio em que Elisa morava no Jardim Ac\u00e1cia no Pinheiro em Macei\u00f3 Alagoas, Bloco 10.<\/p>\n                                            <p><b>Hist\u00f3ria: <\/b> <a href=\"https:\/\/memo.museudapessoa.org\/memorias-que-nao-afundam\/historia-detalhe\/65612\">Entre gatos e rachaduras&#8230;<\/a><\/p>\n                                        <\/div>\n                <\/div>\n              <\/div>\n          <\/div> \n                  <div id=\"midia-13\" class=\"gallery-details__item\">\n              <div class=\"container-fluid\">\n                <div class=\"row\">\n                  <div class=\"col-12 mb-5 px-0 text-center gallery-details__image\">\n                                              <img decoding=\"async\" src=\"https:\/\/memo.museudapessoa.org\/app\/_lib\/file\/img\/_NOS_HV011_FT015_1.jpg\" alt=\"Fechamento e Abandono\" loading=\"lazy\">\n                                        <\/div>\n                <\/div>\n              <\/div>\n              <div class=\"container\">\n                <div class=\"row\">\n                  <div class=\"col-md-8 offset-md-2\">\n                    <small class=\"d-inline-block mb-3\">13 de 50<\/small> \n                        <h3 class=\"mb-3\">Fechamento e Abandono<\/h3>\n                      <p>Jos\u00e9 Balbino em entrevista para a equipe da Globo News denuncia o fechamento e abandono do Cemit\u00e9rio Santo Ant\u00f4nio.<\/p>\n                                            <p><b>Hist\u00f3ria: <\/b> <a href=\"https:\/\/memo.museudapessoa.org\/memorias-que-nao-afundam\/historia-detalhe\/65611\">O guardi\u00e3o de mem\u00f3rias: entre o luto e a luta<\/a><\/p>\n                                        <\/div>\n                <\/div>\n              <\/div>\n          <\/div> \n                  <div id=\"midia-14\" class=\"gallery-details__item\">\n              <div class=\"container-fluid\">\n                <div class=\"row\">\n                  <div class=\"col-12 mb-5 px-0 text-center gallery-details__image\">\n                                              <img decoding=\"async\" src=\"https:\/\/memo.museudapessoa.org\/app\/_lib\/file\/img\/_NOS_HV011_FT013.jpg\" alt=\"Memorial Santo Ant\u00f4nio\" loading=\"lazy\">\n                                        <\/div>\n                <\/div>\n              <\/div>\n              <div class=\"container\">\n                <div class=\"row\">\n                  <div class=\"col-md-8 offset-md-2\">\n                    <small class=\"d-inline-block mb-3\">14 de 50<\/small> \n                        <h3 class=\"mb-3\">Memorial Santo Ant\u00f4nio<\/h3>\n                      <p>Jos\u00e9 Balbino no primeiro dia de Finados, ap\u00f3s conseguir transformar o cemit\u00e9rio Santo Ant\u00f4nio em memorial.<\/p>\n                                            <p><b>Hist\u00f3ria: <\/b> <a href=\"https:\/\/memo.museudapessoa.org\/memorias-que-nao-afundam\/historia-detalhe\/65611\">O guardi\u00e3o de mem\u00f3rias: entre o luto e a luta<\/a><\/p>\n                                        <\/div>\n                <\/div>\n              <\/div>\n          <\/div> \n                  <div id=\"midia-15\" class=\"gallery-details__item\">\n              <div class=\"container-fluid\">\n                <div class=\"row\">\n                  <div class=\"col-12 mb-5 px-0 text-center gallery-details__image\">\n                                              <img decoding=\"async\" src=\"https:\/\/memo.museudapessoa.org\/app\/_lib\/file\/img\/_NOS_HV011_FT004_1.jpg\" alt=\"Movimento Unificado das V\u00edtimas da Braskem (MUVB)\" loading=\"lazy\">\n                                        <\/div>\n                <\/div>\n              <\/div>\n              <div class=\"container\">\n                <div class=\"row\">\n                  <div class=\"col-md-8 offset-md-2\">\n                    <small class=\"d-inline-block mb-3\">15 de 50<\/small> \n                        <h3 class=\"mb-3\">Movimento Unificado das V\u00edtimas da Braskem (MUVB)<\/h3>\n                      <p>Jos\u00e9 Balbino participando ativamente da Manifesta\u00e7\u00e3o organizada pelo Movimento Unificado das V\u00edtimas da Braskem (MUVB), na Fernandes Lima, principal avenida de Macei\u00f3.<\/p>\n                                            <p><b>Hist\u00f3ria: <\/b> <a href=\"https:\/\/memo.museudapessoa.org\/memorias-que-nao-afundam\/historia-detalhe\/65611\">O guardi\u00e3o de mem\u00f3rias: entre o luto e a luta<\/a><\/p>\n                                        <\/div>\n                <\/div>\n              <\/div>\n          <\/div> \n                  <div id=\"midia-16\" class=\"gallery-details__item\">\n              <div class=\"container-fluid\">\n                <div class=\"row\">\n                  <div class=\"col-12 mb-5 px-0 text-center gallery-details__image\">\n                                              <img decoding=\"async\" src=\"https:\/\/memo.museudapessoa.org\/app\/_lib\/file\/img\/_NOS_HV011_FT001_1.jpg\" alt=\"Reuni\u00e3o na Defensoria P\u00fablica\" loading=\"lazy\">\n                                        <\/div>\n                <\/div>\n              <\/div>\n              <div class=\"container\">\n                <div class=\"row\">\n                  <div class=\"col-md-8 offset-md-2\">\n                    <small class=\"d-inline-block mb-3\">16 de 50<\/small> \n                        <h3 class=\"mb-3\">Reuni\u00e3o na Defensoria P\u00fablica<\/h3>\n                      <p>Moradores dos bairros afetados pelo afundamento de solo e integrantes do MUVB s\u00e3o recebidos na Defensoria P\u00fablica do Estado de Alagoas. Morador n\u00e3o identificado, Romooaldo (integrante do MUVB e membro do MUVB) , Jos\u00e9 Balbino, Neirevane Nunes ( Bi\u00f3loga e integrante do MUVB), moradora n\u00e3o identificada, morador n\u00e3o identificado, Dr. Ricardo Melro (Defensor P\u00fablico).<\/p>\n                                            <p><b>Hist\u00f3ria: <\/b> <a href=\"https:\/\/memo.museudapessoa.org\/memorias-que-nao-afundam\/historia-detalhe\/65611\">O guardi\u00e3o de mem\u00f3rias: entre o luto e a luta<\/a><\/p>\n                                        <\/div>\n                <\/div>\n              <\/div>\n          <\/div> \n                  <div id=\"midia-17\" class=\"gallery-details__item\">\n              <div class=\"container-fluid\">\n                <div class=\"row\">\n                  <div class=\"col-12 mb-5 px-0 text-center gallery-details__image\">\n                                              <img decoding=\"async\" src=\"https:\/\/memo.museudapessoa.org\/app\/_lib\/file\/img\/_NOS_HV010_FT012.jpg\" alt=\"Reencontro\" loading=\"lazy\">\n                                        <\/div>\n                <\/div>\n              <\/div>\n              <div class=\"container\">\n                <div class=\"row\">\n                  <div class=\"col-md-8 offset-md-2\">\n                    <small class=\"d-inline-block mb-3\">17 de 50<\/small> \n                        <h3 class=\"mb-3\">Reencontro<\/h3>\n                      <p>Sa\u00edda do bloco Pingalada pelas ruas do bairro do Pinheiro ap\u00f3s a realoca\u00e7\u00e3o dos moradores.<br \/>\nRicardo, V\u00e2nia (esposa), Lara (nora) e Joshua (filho).<\/p>\n                                            <p><b>Hist\u00f3ria: <\/b> <a href=\"https:\/\/memo.museudapessoa.org\/memorias-que-nao-afundam\/historia-detalhe\/65610\">Tudo \u00e9 evid\u00eancia.<\/a><\/p>\n                                        <\/div>\n                <\/div>\n              <\/div>\n          <\/div> \n                  <div id=\"midia-18\" class=\"gallery-details__item\">\n              <div class=\"container-fluid\">\n                <div class=\"row\">\n                  <div class=\"col-12 mb-5 px-0 text-center gallery-details__image\">\n                                              <img decoding=\"async\" src=\"https:\/\/memo.museudapessoa.org\/app\/_lib\/file\/img\/_NOS_HV010_FT010.jpg\" alt=\"Fam\u00edlia\" loading=\"lazy\">\n                                        <\/div>\n                <\/div>\n              <\/div>\n              <div class=\"container\">\n                <div class=\"row\">\n                  <div class=\"col-md-8 offset-md-2\">\n                    <small class=\"d-inline-block mb-3\">18 de 50<\/small> \n                        <h3 class=\"mb-3\">Fam\u00edlia<\/h3>\n                      <p>Momento de confraterniza\u00e7\u00e3o que reuniu toda a fam\u00edlia na casa da Travessa Goi\u00e1s para comemorar o anivers\u00e1rio de Ana, irm\u00e3 de Ricardo.<br \/>\r\n<br \/>\r\nV\u00e2nia (esposa), Ricardo, Roberto (irm\u00e3o), J\u00fanior (irm\u00e3o), Maria Aparecida (cunhada), Ana (irm\u00e3), Paulo Henrique (irm\u00e3o).<\/p>\n                                            <p><b>Hist\u00f3ria: <\/b> <a href=\"https:\/\/memo.museudapessoa.org\/memorias-que-nao-afundam\/historia-detalhe\/65610\">Tudo \u00e9 evid\u00eancia.<\/a><\/p>\n                                        <\/div>\n                <\/div>\n              <\/div>\n          <\/div> \n                  <div id=\"midia-19\" class=\"gallery-details__item\">\n              <div class=\"container-fluid\">\n                <div class=\"row\">\n                  <div class=\"col-12 mb-5 px-0 text-center gallery-details__image\">\n                                              <img decoding=\"async\" src=\"https:\/\/memo.museudapessoa.org\/app\/_lib\/file\/img\/_NOS_HV010_FT004.jpg\" alt=\"Aben\u00e7oados\" loading=\"lazy\">\n                                        <\/div>\n                <\/div>\n              <\/div>\n              <div class=\"container\">\n                <div class=\"row\">\n                  <div class=\"col-md-8 offset-md-2\">\n                    <small class=\"d-inline-block mb-3\">19 de 50<\/small> \n                        <h3 class=\"mb-3\">Aben\u00e7oados<\/h3>\n                      <p>Cerim\u00f4nia de casamento entre Ricardo e sua esposa V\u00e2nia.<\/p>\n                                            <p><b>Hist\u00f3ria: <\/b> <a href=\"https:\/\/memo.museudapessoa.org\/memorias-que-nao-afundam\/historia-detalhe\/65610\">Tudo \u00e9 evid\u00eancia.<\/a><\/p>\n                                        <\/div>\n                <\/div>\n              <\/div>\n          <\/div> \n                  <div id=\"midia-20\" class=\"gallery-details__item\">\n              <div class=\"container-fluid\">\n                <div class=\"row\">\n                  <div class=\"col-12 mb-5 px-0 text-center gallery-details__image\">\n                                              <img decoding=\"async\" src=\"https:\/\/memo.museudapessoa.org\/app\/_lib\/file\/img\/_NOS_HV010_FT003.jpg\" alt=\"Um lar tomado\" loading=\"lazy\">\n                                        <\/div>\n                <\/div>\n              <\/div>\n              <div class=\"container\">\n                <div class=\"row\">\n                  <div class=\"col-md-8 offset-md-2\">\n                    <small class=\"d-inline-block mb-3\">20 de 50<\/small> \n                        <h3 class=\"mb-3\">Um lar tomado<\/h3>\n                      <p>Rua Tenente Ant\u00f4nio Oliveira, 171. Casa onde Ricardo passou sua inf\u00e2ncia e que s\u00f3 foi deixada pela fam\u00edlia ap\u00f3s o desastre ambiental.<\/p>\n                                            <p><b>Hist\u00f3ria: <\/b> <a href=\"https:\/\/memo.museudapessoa.org\/memorias-que-nao-afundam\/historia-detalhe\/65610\">Tudo \u00e9 evid\u00eancia.<\/a><\/p>\n                                        <\/div>\n                <\/div>\n              <\/div>\n          <\/div> \n                  <div id=\"midia-21\" class=\"gallery-details__item\">\n              <div class=\"container-fluid\">\n                <div class=\"row\">\n                  <div class=\"col-12 mb-5 px-0 text-center gallery-details__image\">\n                                              <img decoding=\"async\" src=\"https:\/\/memo.museudapessoa.org\/app\/_lib\/file\/img\/_NOS_HV008_FT005.jpg\" alt=\"Forma\u00e7\u00e3o do Magist\u00e9rio\" loading=\"lazy\">\n                                        <\/div>\n                <\/div>\n              <\/div>\n              <div class=\"container\">\n                <div class=\"row\">\n                  <div class=\"col-md-8 offset-md-2\">\n                    <small class=\"d-inline-block mb-3\">21 de 50<\/small> \n                        <h3 class=\"mb-3\">Forma\u00e7\u00e3o do Magist\u00e9rio<\/h3>\n                      <p>Formatura de magist\u00e9rio de Andrea. Na foto est\u00e1 C\u00edcera m\u00e3e de Andrea e o professor Elias Passos Ten\u00f3rio, diretor da institui\u00e7\u00e3o.<\/p>\n                                            <p><b>Hist\u00f3ria: <\/b> <a href=\"https:\/\/memo.museudapessoa.org\/memorias-que-nao-afundam\/historia-detalhe\/65608\">\u201cUniforme de guerra\u201d<\/a><\/p>\n                                        <\/div>\n                <\/div>\n              <\/div>\n          <\/div> \n                  <div id=\"midia-22\" class=\"gallery-details__item\">\n              <div class=\"container-fluid\">\n                <div class=\"row\">\n                  <div class=\"col-12 mb-5 px-0 text-center gallery-details__image\">\n                                              <img decoding=\"async\" src=\"https:\/\/memo.museudapessoa.org\/app\/_lib\/file\/img\/_NOS_HV008_FT004.jpg\" alt=\"Primeira Comunh\u00e3o na Igreja Matriz Santo Ant\u00f4nio de P\u00e1dua\" loading=\"lazy\">\n                                        <\/div>\n                <\/div>\n              <\/div>\n              <div class=\"container\">\n                <div class=\"row\">\n                  <div class=\"col-md-8 offset-md-2\">\n                    <small class=\"d-inline-block mb-3\">22 de 50<\/small> \n                        <h3 class=\"mb-3\">Primeira Comunh\u00e3o na Igreja Matriz Santo Ant\u00f4nio de P\u00e1dua<\/h3>\n                      <p>Andrea e seus pais na primeira comunh\u00e3o dela. A esquerda de Andrea est\u00e1 sua m\u00e3e C\u00edcera Medeiros e ao seu lado direito seu pai Aberlado Nunes.<\/p>\n                                            <p><b>Hist\u00f3ria: <\/b> <a href=\"https:\/\/memo.museudapessoa.org\/memorias-que-nao-afundam\/historia-detalhe\/65608\">\u201cUniforme de guerra\u201d<\/a><\/p>\n                                        <\/div>\n                <\/div>\n              <\/div>\n          <\/div> \n                  <div id=\"midia-23\" class=\"gallery-details__item\">\n              <div class=\"container-fluid\">\n                <div class=\"row\">\n                  <div class=\"col-12 mb-5 px-0 text-center gallery-details__image\">\n                                              <img decoding=\"async\" src=\"https:\/\/memo.museudapessoa.org\/app\/_lib\/file\/img\/_NOS_HV008_FT002.jpg\" alt=\"Inf\u00e2ncia na rua Carteiro Jo\u00e3o Firmino\" loading=\"lazy\">\n                                        <\/div>\n                <\/div>\n              <\/div>\n              <div class=\"container\">\n                <div class=\"row\">\n                  <div class=\"col-md-8 offset-md-2\">\n                    <small class=\"d-inline-block mb-3\">23 de 50<\/small> \n                        <h3 class=\"mb-3\">Inf\u00e2ncia na rua Carteiro Jo\u00e3o Firmino<\/h3>\n                      <p>Andrea e sua irm\u00e3 Aline Kristiane na mesma rua que viveram a vida toda, at\u00e9 o momento do desastre.<\/p>\n                                            <p><b>Hist\u00f3ria: <\/b> <a href=\"https:\/\/memo.museudapessoa.org\/memorias-que-nao-afundam\/historia-detalhe\/65608\">\u201cUniforme de guerra\u201d<\/a><\/p>\n                                        <\/div>\n                <\/div>\n              <\/div>\n          <\/div> \n                  <div id=\"midia-24\" class=\"gallery-details__item\">\n              <div class=\"container-fluid\">\n                <div class=\"row\">\n                  <div class=\"col-12 mb-5 px-0 text-center gallery-details__image\">\n                                              <img decoding=\"async\" src=\"https:\/\/memo.museudapessoa.org\/app\/_lib\/file\/img\/_NOS_HV008_FT003_1.jpg\" alt=\"Anivers\u00e1rio de 7 anos de Andrea\" loading=\"lazy\">\n                                        <\/div>\n                <\/div>\n              <\/div>\n              <div class=\"container\">\n                <div class=\"row\">\n                  <div class=\"col-md-8 offset-md-2\">\n                    <small class=\"d-inline-block mb-3\">24 de 50<\/small> \n                        <h3 class=\"mb-3\">Anivers\u00e1rio de 7 anos de Andrea<\/h3>\n                      <p>Comemora\u00e7\u00e3o de anivers\u00e1rio de Andrea, reunida com sua fam\u00edlia na casa de sua fam\u00edlia no Bebedouro<\/p>\n                                            <p><b>Hist\u00f3ria: <\/b> <a href=\"https:\/\/memo.museudapessoa.org\/memorias-que-nao-afundam\/historia-detalhe\/65608\">\u201cUniforme de guerra\u201d<\/a><\/p>\n                                        <\/div>\n                <\/div>\n              <\/div>\n          <\/div> \n                  <div id=\"midia-25\" class=\"gallery-details__item\">\n              <div class=\"container-fluid\">\n                <div class=\"row\">\n                  <div class=\"col-12 mb-5 px-0 text-center gallery-details__image\">\n                                              <img decoding=\"async\" src=\"https:\/\/memo.museudapessoa.org\/app\/_lib\/file\/img\/_NOS_HV007_FT010.jpg\" alt=\"CASA AMARELA\" loading=\"lazy\">\n                                        <\/div>\n                <\/div>\n              <\/div>\n              <div class=\"container\">\n                <div class=\"row\">\n                  <div class=\"col-md-8 offset-md-2\">\n                    <small class=\"d-inline-block mb-3\">25 de 50<\/small> \n                        <h3 class=\"mb-3\">CASA AMARELA<\/h3>\n                      <p>\u00daLTIMOS REGISTROS DA SUA RESID\u00caNCIA ANTES DE SE MUDAR.<\/p>\n                                            <p><b>Hist\u00f3ria: <\/b> <a href=\"https:\/\/memo.museudapessoa.org\/memorias-que-nao-afundam\/historia-detalhe\/63375\">Maria Aparecida: da perda \u00e0 supera\u00e7\u00e3o<\/a><\/p>\n                                        <\/div>\n                <\/div>\n              <\/div>\n          <\/div> \n                  <div id=\"midia-26\" class=\"gallery-details__item\">\n              <div class=\"container-fluid\">\n                <div class=\"row\">\n                  <div class=\"col-12 mb-5 px-0 text-center gallery-details__image\">\n                                              <img decoding=\"async\" src=\"https:\/\/memo.museudapessoa.org\/app\/_lib\/file\/img\/_NOS_HV007_FT009.jpg\" alt=\"EU E MINHAS PLANTAS\" loading=\"lazy\">\n                                        <\/div>\n                <\/div>\n              <\/div>\n              <div class=\"container\">\n                <div class=\"row\">\n                  <div class=\"col-md-8 offset-md-2\">\n                    <small class=\"d-inline-block mb-3\">26 de 50<\/small> \n                        <h3 class=\"mb-3\">EU E MINHAS PLANTAS<\/h3>\n                      <p>CIDA AJEITANDO SUAS PLANTAS NA SUA RESID\u00caNCIA RUA TENENTE ANT\u00d4NIO DE OLIVEIRA.<\/p>\n                                            <p><b>Hist\u00f3ria: <\/b> <a href=\"https:\/\/memo.museudapessoa.org\/memorias-que-nao-afundam\/historia-detalhe\/63375\">Maria Aparecida: da perda \u00e0 supera\u00e7\u00e3o<\/a><\/p>\n                                        <\/div>\n                <\/div>\n              <\/div>\n          <\/div> \n                  <div id=\"midia-27\" class=\"gallery-details__item\">\n              <div class=\"container-fluid\">\n                <div class=\"row\">\n                  <div class=\"col-12 mb-5 px-0 text-center gallery-details__image\">\n                                              <img decoding=\"async\" src=\"https:\/\/memo.museudapessoa.org\/app\/_lib\/file\/img\/_NOS_HV007_FT007.jpg\" alt=\"SAUDADES\" loading=\"lazy\">\n                                        <\/div>\n                <\/div>\n              <\/div>\n              <div class=\"container\">\n                <div class=\"row\">\n                  <div class=\"col-md-8 offset-md-2\">\n                    <small class=\"d-inline-block mb-3\">27 de 50<\/small> \n                        <h3 class=\"mb-3\">SAUDADES<\/h3>\n                      <p>SR. CARLOS GABRIEL (PAI DA CIDA) E SR\u00aa MARIA JOAQUINA (M\u00c2E DE CIDA) FOTO TIRADA NA SUA RESID\u00caNCIA NA RUA TENENTE ANT\u00d4NIO DE OLIVEIRA PARA REGISTRO PARA \u00c1LBUM DA FAM\u00cdLIA.<\/p>\n                                            <p><b>Hist\u00f3ria: <\/b> <a href=\"https:\/\/memo.museudapessoa.org\/memorias-que-nao-afundam\/historia-detalhe\/63375\">Maria Aparecida: da perda \u00e0 supera\u00e7\u00e3o<\/a><\/p>\n                                        <\/div>\n                <\/div>\n              <\/div>\n          <\/div> \n                  <div id=\"midia-28\" class=\"gallery-details__item\">\n              <div class=\"container-fluid\">\n                <div class=\"row\">\n                  <div class=\"col-12 mb-5 px-0 text-center gallery-details__image\">\n                                              <img decoding=\"async\" src=\"https:\/\/memo.museudapessoa.org\/app\/_lib\/file\/img\/_NOS_HV007_FT005.jpg\" alt=\"SE PREPARANDO PARA ANO NOVO, VIDA NOVA, CURADA DE UM C\u00c2NCER.\" loading=\"lazy\">\n                                        <\/div>\n                <\/div>\n              <\/div>\n              <div class=\"container\">\n                <div class=\"row\">\n                  <div class=\"col-md-8 offset-md-2\">\n                    <small class=\"d-inline-block mb-3\">28 de 50<\/small> \n                        <h3 class=\"mb-3\">SE PREPARANDO PARA ANO NOVO, VIDA NOVA, CURADA DE UM C\u00c2NCER.<\/h3>\n                      <p>CIDA NA RESID\u00caNCIA DA AMIGA FAL NA CIDADE \u00c1GUA BRANCA\/AL PARA FESTA DA VIRADA DE ANO.<\/p>\n                                            <p><b>Hist\u00f3ria: <\/b> <a href=\"https:\/\/memo.museudapessoa.org\/memorias-que-nao-afundam\/historia-detalhe\/63375\">Maria Aparecida: da perda \u00e0 supera\u00e7\u00e3o<\/a><\/p>\n                                        <\/div>\n                <\/div>\n              <\/div>\n          <\/div> \n                  <div id=\"midia-29\" class=\"gallery-details__item\">\n              <div class=\"container-fluid\">\n                <div class=\"row\">\n                  <div class=\"col-12 mb-5 px-0 text-center gallery-details__image\">\n                                              <img decoding=\"async\" src=\"https:\/\/memo.museudapessoa.org\/app\/_lib\/file\/img\/_NOS_HV006_FT012.jpg\" alt=\"Lembran\u00e7a da minha mascota\" loading=\"lazy\">\n                                        <\/div>\n                <\/div>\n              <\/div>\n              <div class=\"container\">\n                <div class=\"row\">\n                  <div class=\"col-md-8 offset-md-2\">\n                    <small class=\"d-inline-block mb-3\">29 de 50<\/small> \n                        <h3 class=\"mb-3\">Lembran\u00e7a da minha mascota<\/h3>\n                      <p>Foto no quartel de Macei\u00f3 ao lado da cobra lolita.<\/p>\n                                            <p><b>Hist\u00f3ria: <\/b> <a href=\"https:\/\/memo.museudapessoa.org\/memorias-que-nao-afundam\/historia-detalhe\/63374\">\u201cAqui \u00e9 minha viv\u00eancia, minha mem\u00f3ria afetiva, meu carinho, meu dengo, meus av\u00f3s. Aqui, no Bom Parto<\/a><\/p>\n                                        <\/div>\n                <\/div>\n              <\/div>\n          <\/div> \n                  <div id=\"midia-30\" class=\"gallery-details__item\">\n              <div class=\"container-fluid\">\n                <div class=\"row\">\n                  <div class=\"col-12 mb-5 px-0 text-center gallery-details__image\">\n                                              <img decoding=\"async\" src=\"https:\/\/memo.museudapessoa.org\/app\/_lib\/file\/img\/_NOS_HV006_FT006.jpg\" alt=\"Treinamento de combate ao inc\u00eandio\" loading=\"lazy\">\n                                        <\/div>\n                <\/div>\n              <\/div>\n              <div class=\"container\">\n                <div class=\"row\">\n                  <div class=\"col-md-8 offset-md-2\">\n                    <small class=\"d-inline-block mb-3\">30 de 50<\/small> \n                        <h3 class=\"mb-3\">Treinamento de combate ao inc\u00eandio<\/h3>\n                      <p>Treinamento de combate ao inc\u00eandio no navio doce bey nos anos 2000 ao lado de seus companheiros.<\/p>\n                                            <p><b>Hist\u00f3ria: <\/b> <a href=\"https:\/\/memo.museudapessoa.org\/memorias-que-nao-afundam\/historia-detalhe\/63374\">\u201cAqui \u00e9 minha viv\u00eancia, minha mem\u00f3ria afetiva, meu carinho, meu dengo, meus av\u00f3s. Aqui, no Bom Parto<\/a><\/p>\n                                        <\/div>\n                <\/div>\n              <\/div>\n          <\/div> \n                  <div id=\"midia-31\" class=\"gallery-details__item\">\n              <div class=\"container-fluid\">\n                <div class=\"row\">\n                  <div class=\"col-12 mb-5 px-0 text-center gallery-details__image\">\n                                              <img decoding=\"async\" src=\"https:\/\/memo.museudapessoa.org\/app\/_lib\/file\/img\/_NOS_HV006_FT004.jpg\" alt=\"Seguran\u00e7a no tr\u00e2nsito - reivindica\u00e7\u00e3o de uma lombada na General Hermes\" loading=\"lazy\">\n                                        <\/div>\n                <\/div>\n              <\/div>\n              <div class=\"container\">\n                <div class=\"row\">\n                  <div class=\"col-md-8 offset-md-2\">\n                    <small class=\"d-inline-block mb-3\">31 de 50<\/small> \n                        <h3 class=\"mb-3\">Seguran\u00e7a no tr\u00e2nsito &#8211; reivindica\u00e7\u00e3o de uma lombada na General Hermes<\/h3>\n                      <p>Grupo Liberdade e o movimento pastoral reivindicando pelo quebra-mola no Bairro do Bom Parto na rua General Hermes, com o intuito de ter seguran\u00e7a no tr\u00e2nsito da regi\u00e3o. Na foto est\u00e3o Carlos Almeida ( colega e membro do grupo ) Professor Luizinho (colega e membro do grupo), Aguinaldo, Mestre Meinha (colega e membro do grupo), Irm\u00e3 Elionara e Aguinilton (membro e irm\u00e3o de Aguinaldo).<\/p>\n                                            <p><b>Hist\u00f3ria: <\/b> <a href=\"https:\/\/memo.museudapessoa.org\/memorias-que-nao-afundam\/historia-detalhe\/63374\">\u201cAqui \u00e9 minha viv\u00eancia, minha mem\u00f3ria afetiva, meu carinho, meu dengo, meus av\u00f3s. Aqui, no Bom Parto<\/a><\/p>\n                                        <\/div>\n                <\/div>\n              <\/div>\n          <\/div> \n                  <div id=\"midia-32\" class=\"gallery-details__item\">\n              <div class=\"container-fluid\">\n                <div class=\"row\">\n                  <div class=\"col-12 mb-5 px-0 text-center gallery-details__image\">\n                                              <img decoding=\"async\" src=\"https:\/\/memo.museudapessoa.org\/app\/_lib\/file\/img\/_NOS_HV006_FT002.jpg\" alt=\"Desbravando o mundo\" loading=\"lazy\">\n                                        <\/div>\n                <\/div>\n              <\/div>\n              <div class=\"container\">\n                <div class=\"row\">\n                  <div class=\"col-md-8 offset-md-2\">\n                    <small class=\"d-inline-block mb-3\">32 de 50<\/small> \n                        <h3 class=\"mb-3\">Desbravando o mundo<\/h3>\n                      <p>Sua fase no movimento hippie, estava indo para um festival em S\u00e3o Crist\u00f3v\u00e3o e viajou sozinho para encontrar alguns colegas no local. Estava indo pegar o \u00f4nibus da Bonfim (empresa de \u00f4nibus) e foi \u00e0 rodovi\u00e1ria acompanhado pelo seu pai Aguinaldo Rodrigues.<\/p>\n                                            <p><b>Hist\u00f3ria: <\/b> <a href=\"https:\/\/memo.museudapessoa.org\/memorias-que-nao-afundam\/historia-detalhe\/63374\">\u201cAqui \u00e9 minha viv\u00eancia, minha mem\u00f3ria afetiva, meu carinho, meu dengo, meus av\u00f3s. Aqui, no Bom Parto<\/a><\/p>\n                                        <\/div>\n                <\/div>\n              <\/div>\n          <\/div> \n                  <div id=\"midia-33\" class=\"gallery-details__item\">\n              <div class=\"container-fluid\">\n                <div class=\"row\">\n                  <div class=\"col-12 mb-5 px-0 text-center gallery-details__image\">\n                                              <img decoding=\"async\" src=\"https:\/\/memo.museudapessoa.org\/app\/_lib\/file\/img\/_NOS_HV005_FT10.jpeg\" alt=\"Minha fam\u00edlia.\" loading=\"lazy\">\n                                        <\/div>\n                <\/div>\n              <\/div>\n              <div class=\"container\">\n                <div class=\"row\">\n                  <div class=\"col-md-8 offset-md-2\">\n                    <small class=\"d-inline-block mb-3\">33 de 50<\/small> \n                        <h3 class=\"mb-3\">Minha fam\u00edlia.<\/h3>\n                      <p><\/p>\n                                            <p><b>Hist\u00f3ria: <\/b> <a href=\"https:\/\/memo.museudapessoa.org\/memorias-que-nao-afundam\/historia-detalhe\/63373\">Passaporte cancelado!<\/a><\/p>\n                                        <\/div>\n                <\/div>\n              <\/div>\n          <\/div> \n                  <div id=\"midia-34\" class=\"gallery-details__item\">\n              <div class=\"container-fluid\">\n                <div class=\"row\">\n                  <div class=\"col-12 mb-5 px-0 text-center gallery-details__image\">\n                                              <img decoding=\"async\" src=\"https:\/\/memo.museudapessoa.org\/app\/_lib\/file\/img\/_NOS_HV005_FT09(1).jpeg\" alt=\"Alegria radiante\">\n                                        <\/div>\n                <\/div>\n              <\/div>\n              <div class=\"container\">\n                <div class=\"row\">\n                  <div class=\"col-md-8 offset-md-2\">\n                    <small class=\"d-inline-block mb-3\">34 de 50<\/small> \n                        <h3 class=\"mb-3\">Alegria radiante<\/h3>\n                      <p>Paulo Henrique Rodrigues, montado em cavalo, em momento de lazer no parque da pecu\u00e1ria.<\/p>\n                                            <p><b>Hist\u00f3ria: <\/b> <a href=\"https:\/\/memo.museudapessoa.org\/memorias-que-nao-afundam\/historia-detalhe\/63373\">Passaporte cancelado!<\/a><\/p>\n                                        <\/div>\n                <\/div>\n              <\/div>\n          <\/div> \n                  <div id=\"midia-35\" class=\"gallery-details__item\">\n              <div class=\"container-fluid\">\n                <div class=\"row\">\n                  <div class=\"col-12 mb-5 px-0 text-center gallery-details__image\">\n                                              <img decoding=\"async\" src=\"https:\/\/memo.museudapessoa.org\/app\/_lib\/file\/img\/_NOS_HV005_FT06.jpeg\" alt=\"Momento de lazer\" loading=\"lazy\">\n                                        <\/div>\n                <\/div>\n              <\/div>\n              <div class=\"container\">\n                <div class=\"row\">\n                  <div class=\"col-md-8 offset-md-2\">\n                    <small class=\"d-inline-block mb-3\">35 de 50<\/small> \n                        <h3 class=\"mb-3\">Momento de lazer<\/h3>\n                      <p>Paulo Henrique Rodrigues interagindo com gansos em momento de lazer no clube Lindoya.<\/p>\n                                            <p><b>Hist\u00f3ria: <\/b> <a href=\"https:\/\/memo.museudapessoa.org\/memorias-que-nao-afundam\/historia-detalhe\/63373\">Passaporte cancelado!<\/a><\/p>\n                                        <\/div>\n                <\/div>\n              <\/div>\n          <\/div> \n                  <div id=\"midia-36\" class=\"gallery-details__item\">\n              <div class=\"container-fluid\">\n                <div class=\"row\">\n                  <div class=\"col-12 mb-5 px-0 text-center gallery-details__image\">\n                                              <img decoding=\"async\" src=\"https:\/\/memo.museudapessoa.org\/app\/_lib\/file\/img\/_NOS_HV005_FT01.jpeg\" alt=\"Momento Inesquec\u00edvel\" loading=\"lazy\">\n                                        <\/div>\n                <\/div>\n              <\/div>\n              <div class=\"container\">\n                <div class=\"row\">\n                  <div class=\"col-md-8 offset-md-2\">\n                    <small class=\"d-inline-block mb-3\">36 de 50<\/small> \n                        <h3 class=\"mb-3\">Momento Inesquec\u00edvel<\/h3>\n                      <p>Pai acompanhando os filhos na Festa de S\u00e3o Jo\u00e3o no col\u00e9gio Russell, na foto temos o Guilherme(filho), Paulo Henrique e Paulo Filho(filho).<\/p>\n                                            <p><b>Hist\u00f3ria: <\/b> <a href=\"https:\/\/memo.museudapessoa.org\/memorias-que-nao-afundam\/historia-detalhe\/63373\">Passaporte cancelado!<\/a><\/p>\n                                        <\/div>\n                <\/div>\n              <\/div>\n          <\/div> \n                  <div id=\"midia-37\" class=\"gallery-details__item\">\n              <div class=\"container-fluid\">\n                <div class=\"row\">\n                  <div class=\"col-12 mb-5 px-0 text-center gallery-details__image\">\n                                              <img decoding=\"async\" src=\"https:\/\/memo.museudapessoa.org\/app\/_lib\/file\/img\/_NOS_HV004_FT005.jpeg\" alt=\"Meu anivers\u00e1rio\" loading=\"lazy\">\n                                        <\/div>\n                <\/div>\n              <\/div>\n              <div class=\"container\">\n                <div class=\"row\">\n                  <div class=\"col-md-8 offset-md-2\">\n                    <small class=\"d-inline-block mb-3\">37 de 50<\/small> \n                        <h3 class=\"mb-3\">Meu anivers\u00e1rio<\/h3>\n                      <p>Registro do anivers\u00e1rio de Fabinho no bairro Tabuleiro dos Martins, em Macei\u00f3, Alagoas.<\/p>\n                                            <p><b>Hist\u00f3ria: <\/b> <a href=\"https:\/\/memo.museudapessoa.org\/memorias-que-nao-afundam\/historia-detalhe\/63372\">De S\u00e3o Paulo ao Flexal: a vida de Fabinho moldada pela pesca<\/a><\/p>\n                                        <\/div>\n                <\/div>\n              <\/div>\n          <\/div> \n                  <div id=\"midia-38\" class=\"gallery-details__item\">\n              <div class=\"container-fluid\">\n                <div class=\"row\">\n                  <div class=\"col-12 mb-5 px-0 text-center gallery-details__image\">\n                                              <img decoding=\"async\" src=\"https:\/\/memo.museudapessoa.org\/app\/_lib\/file\/img\/_NOS_HV004_FT004.jpeg\" alt=\"Trabalho\" loading=\"lazy\">\n                                        <\/div>\n                <\/div>\n              <\/div>\n              <div class=\"container\">\n                <div class=\"row\">\n                  <div class=\"col-md-8 offset-md-2\">\n                    <small class=\"d-inline-block mb-3\">38 de 50<\/small> \n                        <h3 class=\"mb-3\">Trabalho<\/h3>\n                      <p>Selfie de Fabinho tirada na Lagoa Munda\u00fa enquanto pescava. Macei\u00f3, Alagoas.<\/p>\n                                            <p><b>Hist\u00f3ria: <\/b> <a href=\"https:\/\/memo.museudapessoa.org\/memorias-que-nao-afundam\/historia-detalhe\/63372\">De S\u00e3o Paulo ao Flexal: a vida de Fabinho moldada pela pesca<\/a><\/p>\n                                        <\/div>\n                <\/div>\n              <\/div>\n          <\/div> \n                  <div id=\"midia-39\" class=\"gallery-details__item\">\n              <div class=\"container-fluid\">\n                <div class=\"row\">\n                  <div class=\"col-12 mb-5 px-0 text-center gallery-details__image\">\n                                              <img decoding=\"async\" src=\"https:\/\/memo.museudapessoa.org\/app\/_lib\/file\/img\/NOS_HV004_FT002.jpeg\" alt=\"Fabinho\" loading=\"lazy\">\n                                        <\/div>\n                <\/div>\n              <\/div>\n              <div class=\"container\">\n                <div class=\"row\">\n                  <div class=\"col-md-8 offset-md-2\">\n                    <small class=\"d-inline-block mb-3\">39 de 50<\/small> \n                        <h3 class=\"mb-3\">Fabinho<\/h3>\n                      <p>Selfie de Fabinho dentro da Igreja Assembl\u00e9ia de Deus na Rua Marqu\u00eas De Abrantes, Bebedouro, Macei\u00f3.<\/p>\n                                            <p><b>Hist\u00f3ria: <\/b> <a href=\"https:\/\/memo.museudapessoa.org\/memorias-que-nao-afundam\/historia-detalhe\/63372\">De S\u00e3o Paulo ao Flexal: a vida de Fabinho moldada pela pesca<\/a><\/p>\n                                        <\/div>\n                <\/div>\n              <\/div>\n          <\/div> \n                  <div id=\"midia-40\" class=\"gallery-details__item\">\n              <div class=\"container-fluid\">\n                <div class=\"row\">\n                  <div class=\"col-12 mb-5 px-0 text-center gallery-details__image\">\n                                              <img decoding=\"async\" src=\"https:\/\/memo.museudapessoa.org\/app\/_lib\/file\/img\/_NOS_HV004_FT001.jpeg\" alt=\"Minha fam\u00edlia\" loading=\"lazy\">\n                                        <\/div>\n                <\/div>\n              <\/div>\n              <div class=\"container\">\n                <div class=\"row\">\n                  <div class=\"col-md-8 offset-md-2\">\n                    <small class=\"d-inline-block mb-3\">40 de 50<\/small> \n                        <h3 class=\"mb-3\">Minha fam\u00edlia<\/h3>\n                      <p>Elaine Graziele (filha de Fabinho), Fabinho, Pedro F\u00e1bio (filho de Fabinho) e Noemy Nicole (filha de Fabinho). Foto tirada dentro da Igreja Assembl\u00e9ia De Deus, na rua Marqu\u00eas De Abrantes, Bebedouro, Macei\u00f3.<\/p>\n                                            <p><b>Hist\u00f3ria: <\/b> <a href=\"https:\/\/memo.museudapessoa.org\/memorias-que-nao-afundam\/historia-detalhe\/63372\">De S\u00e3o Paulo ao Flexal: a vida de Fabinho moldada pela pesca<\/a><\/p>\n                                        <\/div>\n                <\/div>\n              <\/div>\n          <\/div> \n                  <div id=\"midia-41\" class=\"gallery-details__item\">\n              <div class=\"container-fluid\">\n                <div class=\"row\">\n                  <div class=\"col-12 mb-5 px-0 text-center gallery-details__image\">\n                                              <img decoding=\"async\" src=\"https:\/\/memo.museudapessoa.org\/app\/_lib\/file\/img\/_NOS_HV003_FT0015(1).jpg\" alt=\"Clube asfal\">\n                                        <\/div>\n                <\/div>\n              <\/div>\n              <div class=\"container\">\n                <div class=\"row\">\n                  <div class=\"col-md-8 offset-md-2\">\n                    <small class=\"d-inline-block mb-3\">41 de 50<\/small> \n                        <h3 class=\"mb-3\">Clube asfal<\/h3>\n                      <p>Pai do ely e sua irm\u00e3 na moto no bairro do Pinheiro.<\/p>\n                                            <p><b>Hist\u00f3ria: <\/b> <a href=\"https:\/\/memo.museudapessoa.org\/memorias-que-nao-afundam\/historia-detalhe\/63371\">Sentimentos que n\u00e3o consigo expressar<\/a><\/p>\n                                        <\/div>\n                <\/div>\n              <\/div>\n          <\/div> \n                  <div id=\"midia-42\" class=\"gallery-details__item\">\n              <div class=\"container-fluid\">\n                <div class=\"row\">\n                  <div class=\"col-12 mb-5 px-0 text-center gallery-details__image\">\n                                              <img decoding=\"async\" src=\"https:\/\/memo.museudapessoa.org\/app\/_lib\/file\/img\/_NOS_HV003_FT0014(2).jpg\" alt=\"M\u00e3e de ely com sua irm\u00e3 nos bra\u00e7os\">\n                                        <\/div>\n                <\/div>\n              <\/div>\n              <div class=\"container\">\n                <div class=\"row\">\n                  <div class=\"col-md-8 offset-md-2\">\n                    <small class=\"d-inline-block mb-3\">42 de 50<\/small> \n                        <h3 class=\"mb-3\">M\u00e3e de ely com sua irm\u00e3 nos bra\u00e7os<\/h3>\n                      <p>M\u00e3e do ely com sua irm\u00e3 nos bra\u00e7os com a blusa da mancha azul.<\/p>\n                                            <p><b>Hist\u00f3ria: <\/b> <a href=\"https:\/\/memo.museudapessoa.org\/memorias-que-nao-afundam\/historia-detalhe\/63371\">Sentimentos que n\u00e3o consigo expressar<\/a><\/p>\n                                        <\/div>\n                <\/div>\n              <\/div>\n          <\/div> \n                  <div id=\"midia-43\" class=\"gallery-details__item\">\n              <div class=\"container-fluid\">\n                <div class=\"row\">\n                  <div class=\"col-12 mb-5 px-0 text-center gallery-details__image\">\n                                              <img decoding=\"async\" src=\"https:\/\/memo.museudapessoa.org\/app\/_lib\/file\/img\/_NOS_HV003_FT011(2).jpg\" alt=\"Elayne, ely e marquinhos\">\n                                        <\/div>\n                <\/div>\n              <\/div>\n              <div class=\"container\">\n                <div class=\"row\">\n                  <div class=\"col-md-8 offset-md-2\">\n                    <small class=\"d-inline-block mb-3\">43 de 50<\/small> \n                        <h3 class=\"mb-3\">Elayne, ely e marquinhos<\/h3>\n                      <p>Ely no shopping, se divertindo<\/p>\n                                        <\/div>\n                <\/div>\n              <\/div>\n          <\/div> \n                  <div id=\"midia-44\" class=\"gallery-details__item\">\n              <div class=\"container-fluid\">\n                <div class=\"row\">\n                  <div class=\"col-12 mb-5 px-0 text-center gallery-details__image\">\n                                              <img decoding=\"async\" src=\"https:\/\/memo.museudapessoa.org\/app\/_lib\/file\/img\/_NOS_HV003_FT011.png\" alt=\"Elayne, Ely e Marquinhos\" loading=\"lazy\">\n                                        <\/div>\n                <\/div>\n              <\/div>\n              <div class=\"container\">\n                <div class=\"row\">\n                  <div class=\"col-md-8 offset-md-2\">\n                    <small class=\"d-inline-block mb-3\">44 de 50<\/small> \n                        <h3 class=\"mb-3\">Elayne, Ely e Marquinhos<\/h3>\n                      <p>Ely no shopping, se divertindo<\/p>\n                                            <p><b>Hist\u00f3ria: <\/b> <a href=\"https:\/\/memo.museudapessoa.org\/memorias-que-nao-afundam\/historia-detalhe\/63371\">Sentimentos que n\u00e3o consigo expressar<\/a><\/p>\n                                        <\/div>\n                <\/div>\n              <\/div>\n          <\/div> \n                  <div id=\"midia-45\" class=\"gallery-details__item\">\n              <div class=\"container-fluid\">\n                <div class=\"row\">\n                  <div class=\"col-12 mb-5 px-0 text-center gallery-details__image\">\n                                              <img decoding=\"async\" src=\"https:\/\/memo.museudapessoa.org\/app\/_lib\/file\/img\/_NOS_HV003_FT005 (1).jpg\" alt=\"Alto do Mutange\">\n                                        <\/div>\n                <\/div>\n              <\/div>\n              <div class=\"container\">\n                <div class=\"row\">\n                  <div class=\"col-md-8 offset-md-2\">\n                    <small class=\"d-inline-block mb-3\">45 de 50<\/small> \n                        <h3 class=\"mb-3\">Alto do Mutange<\/h3>\n                      <p>\u201cDerivaldo te amo mais do que \u00e1 mim mesmo\u201d.<\/p>\n                                            <p><b>Hist\u00f3ria: <\/b> <a href=\"https:\/\/memo.museudapessoa.org\/memorias-que-nao-afundam\/historia-detalhe\/63371\">Sentimentos que n\u00e3o consigo expressar<\/a><\/p>\n                                        <\/div>\n                <\/div>\n              <\/div>\n          <\/div> \n                  <div id=\"midia-46\" class=\"gallery-details__item\">\n              <div class=\"container-fluid\">\n                <div class=\"row\">\n                  <div class=\"col-12 mb-5 px-0 text-center gallery-details__image\">\n                                              <img decoding=\"async\" src=\"https:\/\/memo.museudapessoa.org\/app\/_lib\/file\/img\/_NOS_HV003_FT004 (1).jpg\" alt=\"CSA x Teot\u00f4nio\">\n                                        <\/div>\n                <\/div>\n              <\/div>\n              <div class=\"container\">\n                <div class=\"row\">\n                  <div class=\"col-md-8 offset-md-2\">\n                    <small class=\"d-inline-block mb-3\">46 de 50<\/small> \n                        <h3 class=\"mb-3\">CSA x Teot\u00f4nio<\/h3>\n                      <p>Pais de Ely no jogo do CSA em Teotonio vilela.<\/p>\n                                            <p><b>Hist\u00f3ria: <\/b> <a href=\"https:\/\/memo.museudapessoa.org\/memorias-que-nao-afundam\/historia-detalhe\/63371\">Sentimentos que n\u00e3o consigo expressar<\/a><\/p>\n                                        <\/div>\n                <\/div>\n              <\/div>\n          <\/div> \n                  <div id=\"midia-47\" class=\"gallery-details__item\">\n              <div class=\"container-fluid\">\n                <div class=\"row\">\n                  <div class=\"col-12 mb-5 px-0 text-center gallery-details__image\">\n                                              <img decoding=\"async\" src=\"https:\/\/memo.museudapessoa.org\/app\/_lib\/file\/img\/_NOS_HV001_FT007(1).jpg\" alt=\"Pai e filhos\">\n                                        <\/div>\n                <\/div>\n              <\/div>\n              <div class=\"container\">\n                <div class=\"row\">\n                  <div class=\"col-md-8 offset-md-2\">\n                    <small class=\"d-inline-block mb-3\">47 de 50<\/small> \n                        <h3 class=\"mb-3\">Pai e filhos<\/h3>\n                      <p>Frankinho (irm\u00e3o de Toninho), Sr. Francisco (pai de Toninho), Leidinha (irm\u00e3 do Toninho), Toninho e Fredinho (irm\u00e3o ca\u00e7ula do Toninho). Visitando a sua irm\u00e3 no apartamento do Conjunto Divaldo Suruagy no bairro do Farol, Macei\u00f3\/AL. Foto tirada por Nara (sobrinha de Toninho).<\/p>\n                                        <\/div>\n                <\/div>\n              <\/div>\n          <\/div> \n                  <div id=\"midia-48\" class=\"gallery-details__item\">\n              <div class=\"container-fluid\">\n                <div class=\"row\">\n                  <div class=\"col-12 mb-5 px-0 text-center gallery-details__image\">\n                                              <img decoding=\"async\" src=\"https:\/\/memo.museudapessoa.org\/app\/_lib\/file\/img\/_NOS_HV001_FT001 (1)(1).jpg\" alt=\"Banda Morcegos\">\n                                        <\/div>\n                <\/div>\n              <\/div>\n              <div class=\"container\">\n                <div class=\"row\">\n                  <div class=\"col-md-8 offset-md-2\">\n                    <small class=\"d-inline-block mb-3\">48 de 50<\/small> \n                        <h3 class=\"mb-3\">Banda Morcegos<\/h3>\n                      <p>Vin\u00edcius (primo de Toninho), Toninho e Valdiceia (prima do Toninho). Os primos chegaram para morar e j\u00e1 deram o in\u00edcio \u00e0 banda Morcegos. Foto tirada em frente a sua casa na Alameda S\u00e3o Benedito, bairro do Farol, Macei\u00f3, Alagoas.<\/p>\n                                            <p><b>Hist\u00f3ria: <\/b> <a href=\"https:\/\/memo.museudapessoa.org\/memorias-que-nao-afundam\/historia-detalhe\/63369\">O \u00faltimo a sair: lembran\u00e7as de um sobrevivente do Pinheiro<\/a><\/p>\n                                        <\/div>\n                <\/div>\n              <\/div>\n          <\/div> \n                  <div id=\"midia-49\" class=\"gallery-details__item\">\n              <div class=\"container-fluid\">\n                <div class=\"row\">\n                  <div class=\"col-12 mb-5 px-0 text-center gallery-details__image\">\n                                              <img decoding=\"async\" src=\"https:\/\/memo.museudapessoa.org\/app\/_lib\/file\/img\/_NOS_HV001_FT012(1).jpg\" alt=\"MINHA AMADA M\u00c3E\">\n                                        <\/div>\n                <\/div>\n              <\/div>\n              <div class=\"container\">\n                <div class=\"row\">\n                  <div class=\"col-md-8 offset-md-2\">\n                    <small class=\"d-inline-block mb-3\">49 de 50<\/small> \n                        <h3 class=\"mb-3\">MINHA AMADA M\u00c3E<\/h3>\n                      <p>Dona Valdeci (m\u00e3e de Toninho) e Toninho. Selfie tirada na cal\u00e7ada na porta da sua casa na Alameda S\u00e3o Benedito, bairro do Pinheiro, Macei\u00f3, Alagoas.<\/p>\n                                            <p><b>Hist\u00f3ria: <\/b> <a href=\"https:\/\/memo.museudapessoa.org\/memorias-que-nao-afundam\/historia-detalhe\/63369\">O \u00faltimo a sair: lembran\u00e7as de um sobrevivente do Pinheiro<\/a><\/p>\n                                        <\/div>\n                <\/div>\n              <\/div>\n          <\/div> \n                  <div id=\"midia-50\" class=\"gallery-details__item\">\n              <div class=\"container-fluid\">\n                <div class=\"row\">\n                  <div class=\"col-12 mb-5 px-0 text-center gallery-details__image\">\n                                              <img decoding=\"async\" src=\"https:\/\/memo.museudapessoa.org\/app\/_lib\/file\/img\/_NOS_HV001_FT013(1).jpg\" alt=\"NOSSA CASA\">\n                                        <\/div>\n                <\/div>\n              <\/div>\n              <div class=\"container\">\n                <div class=\"row\">\n                  <div class=\"col-md-8 offset-md-2\">\n                    <small class=\"d-inline-block mb-3\">50 de 50<\/small> \n                        <h3 class=\"mb-3\">NOSSA CASA<\/h3>\n                      <p>FOTO DA CASA PARA REGISTRO DA FAMILIA SITUADA NA RUA ALAMEDA S\u00c3O BENEDITO, BAIRRO DO PINHEIRO, MACEI\u00d3\/AL.<\/p>\n                                            <p><b>Hist\u00f3ria: <\/b> <a href=\"https:\/\/memo.museudapessoa.org\/memorias-que-nao-afundam\/historia-detalhe\/63369\">O \u00faltimo a sair: lembran\u00e7as de um sobrevivente do Pinheiro<\/a><\/p>\n                                        <\/div>\n                <\/div>\n              <\/div>\n          <\/div> \n                <\/div>\n      <\/div>\n  <\/div><\/div>\n\n","protected":false},"excerpt":{"rendered":"","protected":false},"author":1,"featured_media":0,"parent":0,"menu_order":0,"comment_status":"closed","ping_status":"closed","template":"","meta":{"_acf_changed":false,"footnotes":""},"class_list":["post-11","page","type-page","status-publish","hentry"],"acf":[],"yoast_head":"<!-- This site is optimized with the Yoast SEO plugin v23.3 - https:\/\/yoast.com\/wordpress\/plugins\/seo\/ -->\n<title>M\u00eddia - Mem\u00f3rias que N\u00e3o Afundam<\/title>\n<meta name=\"robots\" content=\"index, follow, max-snippet:-1, max-image-preview:large, max-video-preview:-1\" \/>\n<link rel=\"canonical\" href=\"https:\/\/memo.museudapessoa.org\/memorias-que-nao-afundam\/midia\/\" \/>\n<meta property=\"og:locale\" content=\"pt_BR\" \/>\n<meta property=\"og:type\" content=\"article\" \/>\n<meta property=\"og:title\" content=\"M\u00eddia - Mem\u00f3rias que N\u00e3o Afundam\" \/>\n<meta property=\"og:url\" content=\"https:\/\/memo.museudapessoa.org\/memorias-que-nao-afundam\/midia\/\" \/>\n<meta property=\"og:site_name\" content=\"Mem\u00f3rias que N\u00e3o Afundam\" \/>\n<meta property=\"article:modified_time\" content=\"2025-11-06T11:44:51+00:00\" \/>\n<meta name=\"twitter:card\" content=\"summary_large_image\" \/>\n<script type=\"application\/ld+json\" class=\"yoast-schema-graph\">{\"@context\":\"https:\/\/schema.org\",\"@graph\":[{\"@type\":\"WebPage\",\"@id\":\"https:\/\/memo.museudapessoa.org\/memorias-que-nao-afundam\/midia\/\",\"url\":\"https:\/\/memo.museudapessoa.org\/memorias-que-nao-afundam\/midia\/\",\"name\":\"M\u00eddia - Mem\u00f3rias que N\u00e3o Afundam\",\"isPartOf\":{\"@id\":\"https:\/\/memo.museudapessoa.org\/memorias-que-nao-afundam\/#website\"},\"datePublished\":\"2025-08-25T18:53:43+00:00\",\"dateModified\":\"2025-11-06T11:44:51+00:00\",\"breadcrumb\":{\"@id\":\"https:\/\/memo.museudapessoa.org\/memorias-que-nao-afundam\/midia\/#breadcrumb\"},\"inLanguage\":\"pt-BR\",\"potentialAction\":[{\"@type\":\"ReadAction\",\"target\":[\"https:\/\/memo.museudapessoa.org\/memorias-que-nao-afundam\/midia\/\"]}]},{\"@type\":\"BreadcrumbList\",\"@id\":\"https:\/\/memo.museudapessoa.org\/memorias-que-nao-afundam\/midia\/#breadcrumb\",\"itemListElement\":[{\"@type\":\"ListItem\",\"position\":1,\"name\":\"In\u00edcio\",\"item\":\"https:\/\/memo.museudapessoa.org\/memorias-que-nao-afundam\/\"},{\"@type\":\"ListItem\",\"position\":2,\"name\":\"M\u00eddia\"}]},{\"@type\":\"WebSite\",\"@id\":\"https:\/\/memo.museudapessoa.org\/memorias-que-nao-afundam\/#website\",\"url\":\"https:\/\/memo.museudapessoa.org\/memorias-que-nao-afundam\/\",\"name\":\"Mem\u00f3rias que N\u00e3o Afundam\",\"description\":\"\",\"potentialAction\":[{\"@type\":\"SearchAction\",\"target\":{\"@type\":\"EntryPoint\",\"urlTemplate\":\"https:\/\/memo.museudapessoa.org\/memorias-que-nao-afundam\/?s={search_term_string}\"},\"query-input\":\"required name=search_term_string\"}],\"inLanguage\":\"pt-BR\"}]}<\/script>\n<!-- \/ Yoast SEO plugin. -->","yoast_head_json":{"title":"M\u00eddia - Mem\u00f3rias que N\u00e3o Afundam","robots":{"index":"index","follow":"follow","max-snippet":"max-snippet:-1","max-image-preview":"max-image-preview:large","max-video-preview":"max-video-preview:-1"},"canonical":"https:\/\/memo.museudapessoa.org\/memorias-que-nao-afundam\/midia\/","og_locale":"pt_BR","og_type":"article","og_title":"M\u00eddia - Mem\u00f3rias que N\u00e3o Afundam","og_url":"https:\/\/memo.museudapessoa.org\/memorias-que-nao-afundam\/midia\/","og_site_name":"Mem\u00f3rias que N\u00e3o Afundam","article_modified_time":"2025-11-06T11:44:51+00:00","twitter_card":"summary_large_image","schema":{"@context":"https:\/\/schema.org","@graph":[{"@type":"WebPage","@id":"https:\/\/memo.museudapessoa.org\/memorias-que-nao-afundam\/midia\/","url":"https:\/\/memo.museudapessoa.org\/memorias-que-nao-afundam\/midia\/","name":"M\u00eddia - Mem\u00f3rias que N\u00e3o Afundam","isPartOf":{"@id":"https:\/\/memo.museudapessoa.org\/memorias-que-nao-afundam\/#website"},"datePublished":"2025-08-25T18:53:43+00:00","dateModified":"2025-11-06T11:44:51+00:00","breadcrumb":{"@id":"https:\/\/memo.museudapessoa.org\/memorias-que-nao-afundam\/midia\/#breadcrumb"},"inLanguage":"pt-BR","potentialAction":[{"@type":"ReadAction","target":["https:\/\/memo.museudapessoa.org\/memorias-que-nao-afundam\/midia\/"]}]},{"@type":"BreadcrumbList","@id":"https:\/\/memo.museudapessoa.org\/memorias-que-nao-afundam\/midia\/#breadcrumb","itemListElement":[{"@type":"ListItem","position":1,"name":"In\u00edcio","item":"https:\/\/memo.museudapessoa.org\/memorias-que-nao-afundam\/"},{"@type":"ListItem","position":2,"name":"M\u00eddia"}]},{"@type":"WebSite","@id":"https:\/\/memo.museudapessoa.org\/memorias-que-nao-afundam\/#website","url":"https:\/\/memo.museudapessoa.org\/memorias-que-nao-afundam\/","name":"Mem\u00f3rias que N\u00e3o Afundam","description":"","potentialAction":[{"@type":"SearchAction","target":{"@type":"EntryPoint","urlTemplate":"https:\/\/memo.museudapessoa.org\/memorias-que-nao-afundam\/?s={search_term_string}"},"query-input":"required name=search_term_string"}],"inLanguage":"pt-BR"}]}},"_links":{"self":[{"href":"https:\/\/memo.museudapessoa.org\/memorias-que-nao-afundam\/wp-json\/wp\/v2\/pages\/11"}],"collection":[{"href":"https:\/\/memo.museudapessoa.org\/memorias-que-nao-afundam\/wp-json\/wp\/v2\/pages"}],"about":[{"href":"https:\/\/memo.museudapessoa.org\/memorias-que-nao-afundam\/wp-json\/wp\/v2\/types\/page"}],"author":[{"embeddable":true,"href":"https:\/\/memo.museudapessoa.org\/memorias-que-nao-afundam\/wp-json\/wp\/v2\/users\/1"}],"replies":[{"embeddable":true,"href":"https:\/\/memo.museudapessoa.org\/memorias-que-nao-afundam\/wp-json\/wp\/v2\/comments?post=11"}],"version-history":[{"count":5,"href":"https:\/\/memo.museudapessoa.org\/memorias-que-nao-afundam\/wp-json\/wp\/v2\/pages\/11\/revisions"}],"predecessor-version":[{"id":391,"href":"https:\/\/memo.museudapessoa.org\/memorias-que-nao-afundam\/wp-json\/wp\/v2\/pages\/11\/revisions\/391"}],"wp:attachment":[{"href":"https:\/\/memo.museudapessoa.org\/memorias-que-nao-afundam\/wp-json\/wp\/v2\/media?parent=11"}],"curies":[{"name":"wp","href":"https:\/\/api.w.org\/{rel}","templated":true}]}}