{"id":14,"date":"2025-08-25T15:53:43","date_gmt":"2025-08-25T18:53:43","guid":{"rendered":"https:\/\/memo.museudapessoa.org\/memorias-que-nao-afundam\/linha-do-tempo\/"},"modified":"2025-11-28T10:38:42","modified_gmt":"2025-11-28T13:38:42","slug":"linha-do-tempo","status":"publish","type":"page","link":"https:\/\/memo.museudapessoa.org\/memorias-que-nao-afundam\/linha-do-tempo\/","title":{"rendered":"Linha do tempo"},"content":{"rendered":"\n        <section class=\"conteudo\">\n          <div class=\"container\">\n            <div class=\"row\">\n              <div class=\"col-md-12 conteudo content margin-center text-md-\">\n                \n<p>A linha do tempo apresenta e ajuda a compreender a sequ\u00eancia dos acontecimentos desde o in\u00edcio da explora\u00e7\u00e3o de sal-gema em Macei\u00f3. Ela permite visualizar a rela\u00e7\u00e3o entre eventos, facilitando a identifica\u00e7\u00e3o de causas, consequ\u00eancias e mudan\u00e7as ao&nbsp;longo&nbsp;do&nbsp;tempo.<\/p>\n\n              <\/div>\n            <\/div>\n          <\/div>\n        <\/section>\n\n\n<section id=\"\" class='timeline margin-top-none margin-bottom-medium padding-top-none padding-bottom-none' style='background-color:rgba(255,255,255,0);' >\n  <div class=\"container\">\n        <div class=\"row\">\n        <div class=\"col-12 py-4\"><h2>Linha do tempo<\/h2><\/div>\n    <\/div>\n            <div class=\"row timeline__item\"> \n      <div class=\"col-md-12\">\n          <div class=\"row\">\n            <div class=\"timeline__title col-4 col-md-3 me-5\" >\n               <div class=\"wow fadeInLeft\">1884<\/div>\n            <\/div> \n            <div class=\"col timeline__content wow fadeInRight\">\n              <div class=\"row\">\n                                  <div class=\"col-12 align-self-center mb-2\">\n                    <p>Funda\u00e7\u00e3o do bairro de Bebedouro.<\/p>\n                <\/div>\n              <\/div>\n            <\/div>\n          <\/div>\n      <\/div>\n    <\/div>\n        <div class=\"row timeline__item\"> \n      <div class=\"col-md-12\">\n          <div class=\"row\">\n            <div class=\"timeline__title col-4 col-md-3 me-5\" >\n               <div class=\"wow fadeInLeft\">1922<\/div>\n            <\/div> \n            <div class=\"col timeline__content wow fadeInRight\">\n              <div class=\"row\">\n                                  <div class=\"col-12 align-self-center mb-2\">\n                    <p>Inaugura\u00e7\u00e3o do campo do Centro Sportivo Alagoano (CSA), no Mutange.<\/p>\n                <\/div>\n              <\/div>\n            <\/div>\n          <\/div>\n      <\/div>\n    <\/div>\n        <div class=\"row timeline__item\"> \n      <div class=\"col-md-12\">\n          <div class=\"row\">\n            <div class=\"timeline__title col-4 col-md-3 me-5\" >\n               <div class=\"wow fadeInLeft\">1951<\/div>\n            <\/div> \n            <div class=\"col timeline__content wow fadeInRight\">\n              <div class=\"row\">\n                                  <div class=\"col-12 align-self-center mb-2\">\n                    <p>Chegada do Hospital Portugal Ramalho no Farol.<\/p>\n                <\/div>\n              <\/div>\n            <\/div>\n          <\/div>\n      <\/div>\n    <\/div>\n        <div class=\"row timeline__item\"> \n      <div class=\"col-md-12\">\n          <div class=\"row\">\n            <div class=\"timeline__title col-4 col-md-3 me-5\" >\n               <div class=\"wow fadeInLeft\">1958<\/div>\n            <\/div> \n            <div class=\"col timeline__content wow fadeInRight\">\n              <div class=\"row\">\n                                  <div class=\"col-12 align-self-center mb-2\">\n                    <p>Inaugura\u00e7\u00e3o do Centro Educacional de Pesquisa Aplicada (CEPA), maior complexo educacional do Brasil.<\/p>\n                <\/div>\n              <\/div>\n            <\/div>\n          <\/div>\n      <\/div>\n    <\/div>\n        <div class=\"row timeline__item\"> \n      <div class=\"col-md-12\">\n          <div class=\"row\">\n            <div class=\"timeline__title col-4 col-md-3 me-5\" >\n               <div class=\"wow fadeInLeft\">1976<\/div>\n            <\/div> \n            <div class=\"col timeline__content wow fadeInRight\">\n              <div class=\"row\">\n                                    <div class=\"col-12 col-md-10 mb-2 \">\n                      <img decoding=\"async\" src=\"https:\/\/memo.museudapessoa.org\/memorias-que-nao-afundam\/wp-content\/uploads\/sites\/163\/2025\/11\/image_processing20231207-26935-cnrz4t-750x502-1.jpeg\" alt=\"1976\" loading=\"lazy\">\n                  <\/div>\n                                  <div class=\"col-12 align-self-center mb-2\">\n                    <p><span style=\"font-weight: 400\">Protestos contra a instala\u00e7\u00e3o da empresa Salgema, e alertas referente a impactos ambientais no futuro.<\/span><\/p>\n                <\/div>\n              <\/div>\n            <\/div>\n          <\/div>\n      <\/div>\n    <\/div>\n        <div class=\"row timeline__item\"> \n      <div class=\"col-md-12\">\n          <div class=\"row\">\n            <div class=\"timeline__title col-4 col-md-3 me-5\" >\n               <div class=\"wow fadeInLeft\">1982<\/div>\n            <\/div> \n            <div class=\"col timeline__content wow fadeInRight\">\n              <div class=\"row\">\n                                  <div class=\"col-12 align-self-center mb-2\">\n                    <p>Inaugura\u00e7\u00e3o da igreja Menino Jesus de Praga.<\/p>\n                <\/div>\n              <\/div>\n            <\/div>\n          <\/div>\n      <\/div>\n    <\/div>\n        <div class=\"row timeline__item\"> \n      <div class=\"col-md-12\">\n          <div class=\"row\">\n            <div class=\"timeline__title col-4 col-md-3 me-5\" >\n               <div class=\"wow fadeInLeft\">1990<\/div>\n            <\/div> \n            <div class=\"col timeline__content wow fadeInRight\">\n              <div class=\"row\">\n                                  <div class=\"col-12 align-self-center mb-2\">\n                    <p><span style=\"font-weight: 400\">Os bairros afetados est\u00e3o repletos de manifesta\u00e7\u00f5es culturais: blocos de carnaval, quadrilhas juninas, bandas de v\u00e1rios estilos musicais, guerreiro, coco de roda, entre outros.<\/span><\/p>\n                <\/div>\n              <\/div>\n            <\/div>\n          <\/div>\n      <\/div>\n    <\/div>\n        <div class=\"row timeline__item\"> \n      <div class=\"col-md-12\">\n          <div class=\"row\">\n            <div class=\"timeline__title col-4 col-md-3 me-5\" >\n               <div class=\"wow fadeInLeft\">2002<\/div>\n            <\/div> \n            <div class=\"col timeline__content wow fadeInRight\">\n              <div class=\"row\">\n                                  <div class=\"col-12 align-self-center mb-2\">\n                    <p><span style=\"font-weight: 400\">Acontece a Feira Camponesa e Itinerante no Pinheiro.<\/span><\/p>\n                <\/div>\n              <\/div>\n            <\/div>\n          <\/div>\n      <\/div>\n    <\/div>\n        <div class=\"row timeline__item\"> \n      <div class=\"col-md-12\">\n          <div class=\"row\">\n            <div class=\"timeline__title col-4 col-md-3 me-5\" >\n               <div class=\"wow fadeInLeft\">2007<\/div>\n            <\/div> \n            <div class=\"col timeline__content wow fadeInRight\">\n              <div class=\"row\">\n                                  <div class=\"col-12 align-self-center mb-2\">\n                    <p>Inaugura\u00e7\u00e3o do Quintal Cultural, em Bom Parto.<\/p>\n                <\/div>\n              <\/div>\n            <\/div>\n          <\/div>\n      <\/div>\n    <\/div>\n        <div class=\"row timeline__item\"> \n      <div class=\"col-md-12\">\n          <div class=\"row\">\n            <div class=\"timeline__title col-4 col-md-3 me-5\" >\n               <div class=\"wow fadeInLeft\">2012<\/div>\n            <\/div> \n            <div class=\"col timeline__content wow fadeInRight\">\n              <div class=\"row\">\n                                  <div class=\"col-12 align-self-center mb-2\">\n                    <p><span style=\"font-weight: 400\">Acontece o CHURRASCORE (m\u00fasica e poesia), no conjunto Jardim das Ac\u00e1cias, no Bairro do Pinheiro.<\/span><\/p>\n                <\/div>\n              <\/div>\n            <\/div>\n          <\/div>\n      <\/div>\n    <\/div>\n        <div class=\"row timeline__item\"> \n      <div class=\"col-md-12\">\n          <div class=\"row\">\n            <div class=\"timeline__title col-4 col-md-3 me-5\" >\n               <div class=\"wow fadeInLeft\">2018<\/div>\n            <\/div> \n            <div class=\"col timeline__content wow fadeInRight\">\n              <div class=\"row\">\n                                    <div class=\"col-12 col-md-10 mb-2 \">\n                      <img decoding=\"async\" src=\"https:\/\/memo.museudapessoa.org\/memorias-que-nao-afundam\/wp-content\/uploads\/sites\/163\/2025\/11\/rsw_697h_465i_truecg_trueft_cover.webp\" alt=\"2018\" loading=\"lazy\">\n                  <\/div>\n                                  <div class=\"col-12 align-self-center mb-2\">\n                    <p><span style=\"font-weight: 400\">Fortes chuvas e aumento de rachaduras no Pinheiro<\/span><\/p>\n<p><span style=\"font-weight: 400\">Reurbaniza\u00e7\u00e3o do CEPA<\/span><\/p>\n<p><span style=\"font-weight: 400\">Mar\u00e7o &#8211; 1\u00b0 abalo e oficializa\u00e7\u00e3o do problema<br \/>\n<\/span><\/p>\n                <\/div>\n              <\/div>\n            <\/div>\n          <\/div>\n      <\/div>\n    <\/div>\n        <div class=\"row timeline__item\"> \n      <div class=\"col-md-12\">\n          <div class=\"row\">\n            <div class=\"timeline__title col-4 col-md-3 me-5\" >\n               <div class=\"wow fadeInLeft\">2019<\/div>\n            <\/div> \n            <div class=\"col timeline__content wow fadeInRight\">\n              <div class=\"row\">\n                                  <div class=\"col-12 align-self-center mb-2\">\n                    <p><span style=\"font-weight: 400\">Relat\u00f3rio da Companhia de Pesquisa e Recursos Minerais no Pinheiro decreta o problema e determina a responsabilidade da mineradora;<\/span><\/p>\n<p><span style=\"font-weight: 400\">Divulga\u00e7\u00e3o das primeiras propostas de indeniza\u00e7\u00e3o, incerteza e medo da comunidade e reflexos em toda Macei\u00f3;<\/span><\/p>\n<p><span style=\"font-weight: 400\">Primeira manifesta\u00e7\u00e3o de v\u00e1rios bairros, motivada pela diferen\u00e7a do valor com base na localidade da pessoa a ser indenizada;<\/span><\/p>\n<p>Inaugura\u00e7\u00e3o do SOS Pet Pinheiro.<\/p>\n                <\/div>\n              <\/div>\n            <\/div>\n          <\/div>\n      <\/div>\n    <\/div>\n        <div class=\"row timeline__item\"> \n      <div class=\"col-md-12\">\n          <div class=\"row\">\n            <div class=\"timeline__title col-4 col-md-3 me-5\" >\n               <div class=\"wow fadeInLeft\">2020<\/div>\n            <\/div> \n            <div class=\"col timeline__content wow fadeInRight\">\n              <div class=\"row\">\n                                    <div class=\"col-12 col-md-10 mb-2 \">\n                      <img decoding=\"async\" src=\"https:\/\/memo.museudapessoa.org\/memorias-que-nao-afundam\/wp-content\/uploads\/sites\/163\/2025\/11\/whatsapp-image-2020-04-07-at-08.19.43.webp\" alt=\"2020\" loading=\"lazy\">\n                  <\/div>\n                                  <div class=\"col-12 align-self-center mb-2\">\n                    <p><span style=\"font-weight: 400\">Demoli\u00e7\u00e3o do Residencial Jardim Ac\u00e1cia, em Pinheiro, e fechamento do Centro de Treinamento do CSA, no Mutange;\u00a0<\/span><\/p>\n<p><span style=\"font-weight: 400\">Fechamento da Av. Major C\u00edcero de G\u00f3es e interdi\u00e7\u00e3o do VLT;\u00a0<\/span><\/p>\n<p><span style=\"font-weight: 400\">Acordos entre a empresa e institui\u00e7\u00f5es p\u00fablicas.<br \/>\n<\/span><\/p>\n                <\/div>\n              <\/div>\n            <\/div>\n          <\/div>\n      <\/div>\n    <\/div>\n        <div class=\"row timeline__item\"> \n      <div class=\"col-md-12\">\n          <div class=\"row\">\n            <div class=\"timeline__title col-4 col-md-3 me-5\" >\n               <div class=\"wow fadeInLeft\">2021<\/div>\n            <\/div> \n            <div class=\"col timeline__content wow fadeInRight\">\n              <div class=\"row\">\n                                  <div class=\"col-12 align-self-center mb-2\">\n                    <p><span style=\"font-weight: 400\">Plano de Indeniza\u00e7\u00f5es, inclusive para bairros vizinhos do Pinheiro devido ao a<\/span><span style=\"font-weight: 400\">umento do mapa dos afetados;<\/span><\/p>\n<p><span style=\"font-weight: 400\">Realoca\u00e7\u00e3o de cinco escolas da regi\u00e3o;<\/span><\/p>\n<p><span style=\"font-weight: 400\">Protestos se intensificaram;<\/span><\/p>\n<p>Reabertura do Cemit\u00e9rio Santo Ant\u00f4nio para visitas.<\/p>\n                <\/div>\n              <\/div>\n            <\/div>\n          <\/div>\n      <\/div>\n    <\/div>\n        <div class=\"row timeline__item\"> \n      <div class=\"col-md-12\">\n          <div class=\"row\">\n            <div class=\"timeline__title col-4 col-md-3 me-5\" >\n               <div class=\"wow fadeInLeft\">2022<\/div>\n            <\/div> \n            <div class=\"col timeline__content wow fadeInRight\">\n              <div class=\"row\">\n                                    <div class=\"col-12 col-md-10 mb-2 \">\n                      <img decoding=\"async\" src=\"https:\/\/memo.museudapessoa.org\/memorias-que-nao-afundam\/wp-content\/uploads\/sites\/163\/2025\/11\/comunidade-dos-Flexais-no-bairro-do-Bebedouro-que-foi-prejudicada-pela-mineracao-da-Braskem-em-Maceio-4-1024x683.webp\" alt=\"2022\" loading=\"lazy\">\n                  <\/div>\n                                  <div class=\"col-12 align-self-center mb-2\">\n                    <p><span style=\"font-weight: 400\">Desativa\u00e7\u00e3o de duas escolas do CEPA;<\/span><\/p>\n<p><span style=\"font-weight: 400\">Retirada for\u00e7ada de moradores;<\/span><\/p>\n<p><span style=\"font-weight: 400\">Aumento do isolamento socioecon\u00f4mico dos Flexais.<\/span><\/p>\n                <\/div>\n              <\/div>\n            <\/div>\n          <\/div>\n      <\/div>\n    <\/div>\n        <div class=\"row timeline__item\"> \n      <div class=\"col-md-12\">\n          <div class=\"row\">\n            <div class=\"timeline__title col-4 col-md-3 me-5\" >\n               <div class=\"wow fadeInLeft\">2023<\/div>\n            <\/div> \n            <div class=\"col timeline__content wow fadeInRight\">\n              <div class=\"row\">\n                                    <div class=\"col-12 col-md-10 mb-2 \">\n                      <img decoding=\"async\" src=\"https:\/\/memo.museudapessoa.org\/memorias-que-nao-afundam\/wp-content\/uploads\/sites\/163\/2025\/11\/whatsapp-image-2023-12-10-at-16.44.35-170223805365761765531e0.jpeg\" alt=\"2023\" loading=\"lazy\">\n                  <\/div>\n                                  <div class=\"col-12 align-self-center mb-2\">\n                    <p><span style=\"font-weight: 400\">Suspens\u00e3o da pesca em uma parte da Lagoa Munda\u00fa;<\/span><\/p>\n<p>MUVB se torna uma Associa\u00e7\u00e3o;<\/p>\n<p>Reencontro do bloco Pingalada, no Pinheiro;<\/p>\n<p><span style=\"font-weight: 400\">Dezembro &#8211; Colapso da Mina 18.<\/span><\/p>\n                <\/div>\n              <\/div>\n            <\/div>\n          <\/div>\n      <\/div>\n    <\/div>\n        <div class=\"row timeline__item\"> \n      <div class=\"col-md-12\">\n          <div class=\"row\">\n            <div class=\"timeline__title col-4 col-md-3 me-5\" >\n               <div class=\"wow fadeInLeft\">2024<\/div>\n            <\/div> \n            <div class=\"col timeline__content wow fadeInRight\">\n              <div class=\"row\">\n                                  <div class=\"col-12 align-self-center mb-2\">\n                    <p><span style=\"font-weight: 400\">Mapa de risco engloba Mutange, Flexais e Bom Parto;<\/span><\/p>\n<p><span style=\"font-weight: 400\">Forma\u00e7\u00e3o do Comit\u00ea Gestor dos Danos Extrapatrimoniais;<\/span><\/p>\n<p><span style=\"font-weight: 400\">Comiss\u00e3o Parlamentar de Inqu\u00e9rito \u00e9 aberta para investigar o caso;<\/span><\/p>\n<p><span style=\"font-weight: 400\">Chegada do Projeto &#8220;Nosso Ch\u00e3o, Nossa Hist\u00f3ria&#8221;, que bota em evid\u00eancia as pessoas atingidas pelo desastre.\u00a0<\/span><\/p>\n                <\/div>\n              <\/div>\n            <\/div>\n          <\/div>\n      <\/div>\n    <\/div>\n        <div class=\"row timeline__item\"> \n      <div class=\"col-md-12\">\n          <div class=\"row\">\n            <div class=\"timeline__title col-4 col-md-3 me-5\" >\n               <div class=\"wow fadeInLeft\">2025<\/div>\n            <\/div> \n            <div class=\"col timeline__content wow fadeInRight\">\n              <div class=\"row\">\n                                    <div class=\"col-12 col-md-10 mb-2 \">\n                      <img decoding=\"async\" src=\"https:\/\/memo.museudapessoa.org\/memorias-que-nao-afundam\/wp-content\/uploads\/sites\/163\/2025\/11\/Logo_monocromatico_PB-1024x536.jpg\" alt=\"2025\" loading=\"lazy\">\n                  <\/div>\n                                  <div class=\"col-12 align-self-center mb-2\">\n                    <p><span style=\"font-weight: 400\">Divulga\u00e7\u00e3o do mapa mais recente, que inclui a Avenida Fernandes de Lima na \u00e1rea de risco;<\/span><\/p>\n<p>Maio &#8211; In\u00edcio do Projeto Mem\u00f3rias que n\u00e3o Afundam<\/p>\n                <\/div>\n              <\/div>\n            <\/div>\n          <\/div>\n      <\/div>\n    <\/div>\n      <\/div>\n<\/section>\n\n\n\n\n\n        <section class=\"conteudo\">\n          <div class=\"container\">\n            <div class=\"row\">\n              <div class=\"col-md-12 conteudo content margin-center text-md-\">\n                \n<p><\/p>\n\n              <\/div>\n            <\/div>\n          <\/div>\n        <\/section>","protected":false},"excerpt":{"rendered":"<p>A linha do tempo apresenta e ajuda a compreender a sequ\u00eancia dos acontecimentos desde o in\u00edcio da explora\u00e7\u00e3o de sal-gema em Macei\u00f3. Ela permite visualizar a rela\u00e7\u00e3o entre eventos, facilitando a identifica\u00e7\u00e3o de causas, consequ\u00eancias e mudan\u00e7as ao&nbsp;longo&nbsp;do&nbsp;tempo.<\/p>\n","protected":false},"author":1,"featured_media":0,"parent":0,"menu_order":0,"comment_status":"closed","ping_status":"closed","template":"","meta":{"_acf_changed":false,"footnotes":""},"class_list":["post-14","page","type-page","status-publish","hentry"],"acf":[],"yoast_head":"<!-- This site is optimized with the Yoast SEO plugin v23.3 - https:\/\/yoast.com\/wordpress\/plugins\/seo\/ -->\n<title>Linha do tempo - Mem\u00f3rias que N\u00e3o Afundam<\/title>\n<meta name=\"robots\" content=\"index, follow, max-snippet:-1, max-image-preview:large, max-video-preview:-1\" \/>\n<link rel=\"canonical\" href=\"https:\/\/memo.museudapessoa.org\/memorias-que-nao-afundam\/linha-do-tempo\/\" \/>\n<meta property=\"og:locale\" content=\"pt_BR\" \/>\n<meta property=\"og:type\" content=\"article\" \/>\n<meta property=\"og:title\" content=\"Linha do tempo - Mem\u00f3rias que N\u00e3o Afundam\" \/>\n<meta property=\"og:description\" content=\"A linha do tempo apresenta e ajuda a compreender a sequ\u00eancia dos acontecimentos desde o in\u00edcio da explora\u00e7\u00e3o de sal-gema em Macei\u00f3. Ela permite visualizar a rela\u00e7\u00e3o entre eventos, facilitando a identifica\u00e7\u00e3o de causas, consequ\u00eancias e mudan\u00e7as ao&nbsp;longo&nbsp;do&nbsp;tempo.\" \/>\n<meta property=\"og:url\" content=\"https:\/\/memo.museudapessoa.org\/memorias-que-nao-afundam\/linha-do-tempo\/\" \/>\n<meta property=\"og:site_name\" content=\"Mem\u00f3rias que N\u00e3o Afundam\" \/>\n<meta property=\"article:modified_time\" content=\"2025-11-28T13:38:42+00:00\" \/>\n<meta name=\"twitter:card\" content=\"summary_large_image\" \/>\n<meta name=\"twitter:label1\" content=\"Est. tempo de leitura\" \/>\n\t<meta name=\"twitter:data1\" content=\"1 minuto\" \/>\n<script type=\"application\/ld+json\" class=\"yoast-schema-graph\">{\"@context\":\"https:\/\/schema.org\",\"@graph\":[{\"@type\":\"WebPage\",\"@id\":\"https:\/\/memo.museudapessoa.org\/memorias-que-nao-afundam\/linha-do-tempo\/\",\"url\":\"https:\/\/memo.museudapessoa.org\/memorias-que-nao-afundam\/linha-do-tempo\/\",\"name\":\"Linha do tempo - Mem\u00f3rias que N\u00e3o Afundam\",\"isPartOf\":{\"@id\":\"https:\/\/memo.museudapessoa.org\/memorias-que-nao-afundam\/#website\"},\"datePublished\":\"2025-08-25T18:53:43+00:00\",\"dateModified\":\"2025-11-28T13:38:42+00:00\",\"breadcrumb\":{\"@id\":\"https:\/\/memo.museudapessoa.org\/memorias-que-nao-afundam\/linha-do-tempo\/#breadcrumb\"},\"inLanguage\":\"pt-BR\",\"potentialAction\":[{\"@type\":\"ReadAction\",\"target\":[\"https:\/\/memo.museudapessoa.org\/memorias-que-nao-afundam\/linha-do-tempo\/\"]}]},{\"@type\":\"BreadcrumbList\",\"@id\":\"https:\/\/memo.museudapessoa.org\/memorias-que-nao-afundam\/linha-do-tempo\/#breadcrumb\",\"itemListElement\":[{\"@type\":\"ListItem\",\"position\":1,\"name\":\"In\u00edcio\",\"item\":\"https:\/\/memo.museudapessoa.org\/memorias-que-nao-afundam\/\"},{\"@type\":\"ListItem\",\"position\":2,\"name\":\"Linha do tempo\"}]},{\"@type\":\"WebSite\",\"@id\":\"https:\/\/memo.museudapessoa.org\/memorias-que-nao-afundam\/#website\",\"url\":\"https:\/\/memo.museudapessoa.org\/memorias-que-nao-afundam\/\",\"name\":\"Mem\u00f3rias que N\u00e3o Afundam\",\"description\":\"\",\"potentialAction\":[{\"@type\":\"SearchAction\",\"target\":{\"@type\":\"EntryPoint\",\"urlTemplate\":\"https:\/\/memo.museudapessoa.org\/memorias-que-nao-afundam\/?s={search_term_string}\"},\"query-input\":\"required name=search_term_string\"}],\"inLanguage\":\"pt-BR\"}]}<\/script>\n<!-- \/ Yoast SEO plugin. -->","yoast_head_json":{"title":"Linha do tempo - Mem\u00f3rias que N\u00e3o Afundam","robots":{"index":"index","follow":"follow","max-snippet":"max-snippet:-1","max-image-preview":"max-image-preview:large","max-video-preview":"max-video-preview:-1"},"canonical":"https:\/\/memo.museudapessoa.org\/memorias-que-nao-afundam\/linha-do-tempo\/","og_locale":"pt_BR","og_type":"article","og_title":"Linha do tempo - Mem\u00f3rias que N\u00e3o Afundam","og_description":"A linha do tempo apresenta e ajuda a compreender a sequ\u00eancia dos acontecimentos desde o in\u00edcio da explora\u00e7\u00e3o de sal-gema em Macei\u00f3. Ela permite visualizar a rela\u00e7\u00e3o entre eventos, facilitando a identifica\u00e7\u00e3o de causas, consequ\u00eancias e mudan\u00e7as ao&nbsp;longo&nbsp;do&nbsp;tempo.","og_url":"https:\/\/memo.museudapessoa.org\/memorias-que-nao-afundam\/linha-do-tempo\/","og_site_name":"Mem\u00f3rias que N\u00e3o Afundam","article_modified_time":"2025-11-28T13:38:42+00:00","twitter_card":"summary_large_image","twitter_misc":{"Est. tempo de leitura":"1 minuto"},"schema":{"@context":"https:\/\/schema.org","@graph":[{"@type":"WebPage","@id":"https:\/\/memo.museudapessoa.org\/memorias-que-nao-afundam\/linha-do-tempo\/","url":"https:\/\/memo.museudapessoa.org\/memorias-que-nao-afundam\/linha-do-tempo\/","name":"Linha do tempo - Mem\u00f3rias que N\u00e3o Afundam","isPartOf":{"@id":"https:\/\/memo.museudapessoa.org\/memorias-que-nao-afundam\/#website"},"datePublished":"2025-08-25T18:53:43+00:00","dateModified":"2025-11-28T13:38:42+00:00","breadcrumb":{"@id":"https:\/\/memo.museudapessoa.org\/memorias-que-nao-afundam\/linha-do-tempo\/#breadcrumb"},"inLanguage":"pt-BR","potentialAction":[{"@type":"ReadAction","target":["https:\/\/memo.museudapessoa.org\/memorias-que-nao-afundam\/linha-do-tempo\/"]}]},{"@type":"BreadcrumbList","@id":"https:\/\/memo.museudapessoa.org\/memorias-que-nao-afundam\/linha-do-tempo\/#breadcrumb","itemListElement":[{"@type":"ListItem","position":1,"name":"In\u00edcio","item":"https:\/\/memo.museudapessoa.org\/memorias-que-nao-afundam\/"},{"@type":"ListItem","position":2,"name":"Linha do tempo"}]},{"@type":"WebSite","@id":"https:\/\/memo.museudapessoa.org\/memorias-que-nao-afundam\/#website","url":"https:\/\/memo.museudapessoa.org\/memorias-que-nao-afundam\/","name":"Mem\u00f3rias que N\u00e3o Afundam","description":"","potentialAction":[{"@type":"SearchAction","target":{"@type":"EntryPoint","urlTemplate":"https:\/\/memo.museudapessoa.org\/memorias-que-nao-afundam\/?s={search_term_string}"},"query-input":"required name=search_term_string"}],"inLanguage":"pt-BR"}]}},"_links":{"self":[{"href":"https:\/\/memo.museudapessoa.org\/memorias-que-nao-afundam\/wp-json\/wp\/v2\/pages\/14"}],"collection":[{"href":"https:\/\/memo.museudapessoa.org\/memorias-que-nao-afundam\/wp-json\/wp\/v2\/pages"}],"about":[{"href":"https:\/\/memo.museudapessoa.org\/memorias-que-nao-afundam\/wp-json\/wp\/v2\/types\/page"}],"author":[{"embeddable":true,"href":"https:\/\/memo.museudapessoa.org\/memorias-que-nao-afundam\/wp-json\/wp\/v2\/users\/1"}],"replies":[{"embeddable":true,"href":"https:\/\/memo.museudapessoa.org\/memorias-que-nao-afundam\/wp-json\/wp\/v2\/comments?post=14"}],"version-history":[{"count":32,"href":"https:\/\/memo.museudapessoa.org\/memorias-que-nao-afundam\/wp-json\/wp\/v2\/pages\/14\/revisions"}],"predecessor-version":[{"id":469,"href":"https:\/\/memo.museudapessoa.org\/memorias-que-nao-afundam\/wp-json\/wp\/v2\/pages\/14\/revisions\/469"}],"wp:attachment":[{"href":"https:\/\/memo.museudapessoa.org\/memorias-que-nao-afundam\/wp-json\/wp\/v2\/media?parent=14"}],"curies":[{"name":"wp","href":"https:\/\/api.w.org\/{rel}","templated":true}]}}