{"id":20,"date":"2025-08-25T15:53:43","date_gmt":"2025-08-25T18:53:43","guid":{"rendered":"https:\/\/memo.museudapessoa.org\/memorias-que-nao-afundam\/home\/"},"modified":"2025-11-28T11:29:33","modified_gmt":"2025-11-28T14:29:33","slug":"20-2","status":"publish","type":"page","link":"https:\/\/memo.museudapessoa.org\/memorias-que-nao-afundam\/","title":{"rendered":""},"content":{"rendered":"\n\n<div id=\"destaque-topo\" class='carousel block-header-highlight wow fadeIn  block_bb715db62af5da9c6f6677c8f0c54cdc no-nav  margin-top-none margin-bottom-medium padding-top-none padding-bottom-none' style='background-color:rgba(255,255,255,0);' data-wow-delay=\"1.5s\" >\n<style>\n    .block_bb715db62af5da9c6f6677c8f0c54cdc h2,  .block_bb715db62af5da9c6f6677c8f0c54cdc h4, .block_bb715db62af5da9c6f6677c8f0c54cdc a, .block_bb715db62af5da9c6f6677c8f0c54cdc a h2, .block_bb715db62af5da9c6f6677c8f0c54cdc a p, .block_bb715db62af5da9c6f6677c8f0c54cdc p{\n      color: #FFF !important;\n  }\n    .block_bb715db62af5da9c6f6677c8f0c54cdc .carousel-nav__link.active:after{\n    background-color: #FFF !important;\n  }\n  .block_bb715db62af5da9c6f6677c8f0c54cdc .carousel-item__content .arrow svg rect{\n    fill: #FFF !important;\n  }\n<\/style>\n    <div class=\"carousel-item h-100 py-md-5 item-1  active\"\n  role=\"tabpanel\" aria-hidden=\"false\" tabindex=\"0\"\n  >\n      <div class=\"carousel-item__overlay\"\n                \n          style=\"background-color:rgba(0,0,0,0.65);\"\n                    ><\/div>\n                          <div class=\"parallaxParent carousel-item__image\" >\n                  <div class=\"carousel-item__image-element\" \n                style=\"background-image: url(https:\/\/memo.museudapessoa.org\/memorias-que-nao-afundam\/wp-content\/uploads\/sites\/163\/2025\/11\/Arrthur-Celso-Cor-03.jpg);\n                background-position: 41.929168701171875% 31.899993896484375%;\" >\n                  <\/div> \n              <\/div>\n                              <div class=\"container h-100\">\n        <div class=\"row h-100\">\n          <div class=\"col-md-8 col-md-8 align-self-end\">\n            <div class=\"carousel-item__content\">\n                                                  <p><b>Conhe\u00e7a Macei\u00f3 para al\u00e9m dos cart\u00f5es postais: as belas praias que encantam o Brasil d\u00e3o lugar a uma realidade de luta por justi\u00e7a, compensa\u00e7\u00e3o, controle de danos ambientais &#8211; e at\u00e9 mesmo pelo direito de cair morto<\/b><\/p> \n                                                                <\/div>\n          <\/div>\n        <\/div>\n      <\/div>  \n    <\/div>\n          <\/div>\n\n\n\n        <section class=\"conteudo\">\n          <div class=\"container\">\n            <div class=\"row\">\n              <div class=\"col-md-12 conteudo content margin-center text-md-\">\n                \n<h2 id=\"apresentacao\" class=\"wp-block-heading\">Apresenta\u00e7\u00e3o<\/h2>\n\n              <\/div>\n            <\/div>\n          <\/div>\n        <\/section>\n\n\n        <section class=\"conteudo\">\n          <div class=\"container\">\n            <div class=\"row\">\n              <div class=\"col-md-12 conteudo content margin-center text-md-\">\n                \n<p class=\"has-text-align-left\"><em>Mem\u00f3rias que N\u00e3o Afundam<\/em> busca mostrar as mem\u00f3rias e hist\u00f3rias de dezenove ex-moradores dos cinco bairros atingidos pelo afundamento de solo causado pela extra\u00e7\u00e3o de sal-gema por uma mineradora em Macei\u00f3\/AL.&nbsp;<\/p>\n\n              <\/div>\n            <\/div>\n          <\/div>\n        <\/section>\n\n\n        <section class=\"conteudo\">\n          <div class=\"container\">\n            <div class=\"row\">\n              <div class=\"col-md-12 conteudo content margin-center text-md-\">\n                \n<p class=\"has-text-align-left\">Todos os personagens que est\u00e3o nesta exposi\u00e7\u00e3o foram moradores dos bairros afetados: Pinheiro, Mutange, Bebedouro, Bom Parto e Farol.<\/p>\n\n              <\/div>\n            <\/div>\n          <\/div>\n        <\/section>\n\n\n        <section class=\"conteudo\">\n          <div class=\"container\">\n            <div class=\"row\">\n              <div class=\"col-md-12 conteudo content margin-center text-md-\">\n                \n<p>A pesquisa e as entrevistas foram realizadas por formandos tamb\u00e9m atingidos pelo desastre. Os alunos entraram em contato com a metodologia do Museu da Pessoa para, tamb\u00e9m, construir integralmente esta exposi\u00e7\u00e3o.<\/p>\n\n              <\/div>\n            <\/div>\n          <\/div>\n        <\/section>\n\n\n        <section class=\"conteudo\">\n          <div class=\"container\">\n            <div class=\"row\">\n              <div class=\"col-md-12 conteudo content margin-center text-md-\">\n                \n<p>Por um lado, <em>Mem\u00f3rias que N\u00e3o Afundam<\/em> \u00e9 um esfor\u00e7o contra o esquecimento: \u00e9 lembrar do valor do que se perdeu. Por outro, \u00e9 o registro das consequ\u00eancias sofridas pelos moradores e o impacto ambiental do desastre nas ruas desertas e na Lagoa Munda\u00fa.<\/p>\n\n              <\/div>\n            <\/div>\n          <\/div>\n        <\/section>\n\n\n        <section class=\"conteudo\">\n          <div class=\"container\">\n            <div class=\"row\">\n              <div class=\"col-md-12 conteudo content margin-center text-md-\">\n                \n<p>Os acervos apresentados atrav\u00e9s de fotos, v\u00eddeos, reportagens e depoimentos; narram origens, vit\u00f3rias e dramas familiares, a vida que pulsava nestes bairros, bem como sua a hist\u00f3ria de sua destrui\u00e7\u00e3o: a perda da conviv\u00eancia e pertencimento ao local que morava, separa\u00e7\u00e3o de parentes e amigos, como tamb\u00e9m a subtra\u00e7\u00e3o de patrim\u00f4nios sociais, culturais e ambientais. <\/p>\n\n              <\/div>\n            <\/div>\n          <\/div>\n        <\/section>\n\n\n        <section class=\"conteudo\">\n          <div class=\"container\">\n            <div class=\"row\">\n              <div class=\"col-md-12 conteudo content margin-center text-md-\">\n                \n<p>Voc\u00ea ir\u00e1 conhecer a dimens\u00e3o humana da trag\u00e9dia ocorrida em Macei\u00f3 atrav\u00e9s destas hist\u00f3rias de vida registradas. Elas contam como o problema da desocupa\u00e7\u00e3o for\u00e7ada atingiu de diferentes formas cada um dos moradores.<\/p>\n\n              <\/div>\n            <\/div>\n          <\/div>\n        <\/section>\n\n\n        <section class=\"conteudo\">\n          <div class=\"container\">\n            <div class=\"row\">\n              <div class=\"col-md-12 conteudo content margin-center text-md-\">\n                \n<p>No mapa interativo \u00e9 poss\u00edvel identificar cada um dos bairros afetados e seus respectivos locais de mem\u00f3rias. Voc\u00ea tamb\u00e9m pode contribuir com este projeto, deixando seu relato atrav\u00e9s do \u00edcone <strong>Conte Sua Hist\u00f3ria.<\/strong><\/p>\n\n              <\/div>\n            <\/div>\n          <\/div>\n        <\/section>\n\n\n        <section class=\"conteudo\">\n          <div class=\"container\">\n            <div class=\"row\">\n              <div class=\"col-md-12 conteudo content margin-center text-md-\">\n                \n<p class=\"has-text-align-left\">O projeto <em>Mem\u00f3rias que N\u00e3o Afundam<\/em> \u00e9 uma iniciativa que faz parte do <em>Programa Nosso Ch\u00e3o, Nossa Hist\u00f3ria<\/em>: parceria entre o Comit\u00ea Gestor dos Danos Extrapatrimoniais, com a UNOPS e o Museu da Pessoa.<\/p>\n\n              <\/div>\n            <\/div>\n          <\/div>\n        <\/section>\n\n\n        <section class=\"conteudo\">\n          <div class=\"container\">\n            <div class=\"row\">\n              <div class=\"col-md-12 conteudo content margin-center text-md-\">\n                \n<p><\/p>\n\n              <\/div>\n            <\/div>\n          <\/div>\n        <\/section>\n\n\n        <section class=\"conteudo\">\n          <div class=\"container\">\n            <div class=\"row\">\n              <div class=\"col-md-12 conteudo content margin-center text-md-\">\n                \n<h2 id=\"minidoc-memorias-que-nao-afundam\" class=\"wp-block-heading\">Minidoc: MEM\u00d3RIAS QUE N\u00c3O AFUNDAM<\/h2>\n\n              <\/div>\n            <\/div>\n          <\/div>\n        <\/section>\n\n\n        <section class=\"conteudo\">\n          <div class=\"container\">\n            <div class=\"row\">\n              <div class=\"col-md-12 conteudo wp-embed-aspect-16-9 wp-has-aspect-ratio content margin-center text-md-\">\n                \n<figure class=\"wp-block-embed is-type-video is-provider-youtube wp-block-embed-youtube wp-embed-aspect-16-9 wp-has-aspect-ratio\"><div class=\"wp-block-embed__wrapper\">\n<iframe title=\"Minidocument\u00e1rio - Mem\u00f3rias que N\u00e3o Afundam\" width=\"500\" height=\"281\" src=\"https:\/\/www.youtube.com\/embed\/jUgZCVFt3f8?feature=oembed\" frameborder=\"0\" allow=\"accelerometer; autoplay; clipboard-write; encrypted-media; gyroscope; picture-in-picture; web-share\" referrerpolicy=\"strict-origin-when-cross-origin\" allowfullscreen loading=\"lazy\"><\/iframe>\n<\/div><\/figure>\n\n              <\/div>\n            <\/div>\n          <\/div>\n        <\/section>\n\n\n<section id=\"mapa-de-memorias\" class=' margin-top-none margin-bottom-medium padding-top-none padding-bottom-none' style='background-color:rgba(255,255,255,0);'>\n      <div class=\"container\">\n    <div class=\"row\">\n      <div class=\"col-md-6 offset-md-3 pb-3\">\n                  <h2>MAPA DE MEM\u00d3RIAS<\/h2>\n                          <p>O mapa de locais de mem\u00f3ria dos bairros afetados pela subsid\u00eancia de solo em Macei\u00f3 honra o passado, preserva mem\u00f3rias e registra o v\u00ednculo entre pessoas e lugares marcantes. Nele \u00e9 poss\u00edvel relembrar espa\u00e7os significativos transformados ou demolidos em decorr\u00eancia da minera\u00e7\u00e3o de sal-gema. Al\u00e9m disso, serve como instrumento de mem\u00f3ria coletiva, mantendo viva a hist\u00f3ria local e ajudando a compreender os desafios dos moradores, sendo essencial para a preserva\u00e7\u00e3o hist\u00f3rica, cultural e emocional da cidade.<\/p>\n              <\/div>\n    <\/div>\n  <\/div>\n    <div class=\"container-fluid p-relative\">\n          <div class=\"map-categories\">\n          <ul>\n                          <li><a class=\"btn-filter\" href=\"javascript:habilitarCategoria('Onde cuid\u00e1vamos dos nossos');\"><span style=\"background-color: #ed1c24\"><\/span>Onde cuid\u00e1vamos dos nossos<\/a><\/li>\n                          <li><a class=\"btn-filter\" href=\"javascript:habilitarCategoria('Onde faz\u00edamos as compras');\"><span style=\"background-color: #0000ff\"><\/span>Onde faz\u00edamos as compras<\/a><\/li>\n                          <li><a class=\"btn-filter\" href=\"javascript:habilitarCategoria('Onde faz\u00edamos nossas preces');\"><span style=\"background-color: #ff9664\"><\/span>Onde faz\u00edamos nossas preces<\/a><\/li>\n                          <li><a class=\"btn-filter\" href=\"javascript:habilitarCategoria('Onde nos reun\u00edamos');\"><span style=\"background-color: #e6be01\"><\/span>Onde nos reun\u00edamos<\/a><\/li>\n                          <li><a class=\"btn-filter\" href=\"javascript:habilitarCategoria('Onde peg\u00e1vamos o trem');\"><span style=\"background-color: #000000\"><\/span>Onde peg\u00e1vamos o trem<\/a><\/li>\n                          <li><a class=\"btn-filter\" href=\"javascript:habilitarCategoria('Onde mor\u00e1vamos ');\"><span style=\"background-color: #ed1c24\"><\/span>Onde mor\u00e1vamos <\/a><\/li>\n                        <li><a class=\"btn-filter active\" href=\"javascript:habilitarCategoria('*');\">Exibir todos locais<\/a><\/li>\n          <\/ul>\n      <\/div>\n                  <div class=\"map-histories ps-3 \">\n            <h3 class=\"map-histories__titulo mb-3\" style=\"display:none\"><\/h3>\n            <p class=\"map-histories__descricao\" style=\"display:none\"><\/p>\n            <div class=\"map-histories__list\">\n                                              <a data-category=\"onde-cuidavamos-dos-nossos\" class=\"local-hospital-portugal-ramanho category-onde-cuidavamos-dos-nossos map-histories__item\" href=\"javascript:openMarker('hospital-portugal-ramanho');\">\n                    <h4>\n                                            Hospital Portugal Ramanho                    <\/h4>\n                                      <\/a>\n                                  <a data-category=\"onde-cuidavamos-dos-nossos\" class=\"local-posto-de-saude-sao-vicente category-onde-cuidavamos-dos-nossos map-histories__item\" href=\"javascript:openMarker('posto-de-saude-sao-vicente');\">\n                    <h4>\n                                            Posto de Sa\u00fade S\u00e3o Vicente                    <\/h4>\n                                      <\/a>\n                                  <a data-category=\"onde-cuidavamos-dos-nossos\" class=\"local-associacao-da-crianca-e-do-adolescente category-onde-cuidavamos-dos-nossos map-histories__item\" href=\"javascript:openMarker('associacao-da-crianca-e-do-adolescente');\">\n                    <h4>\n                                            Associa\u00e7\u00e3o da crian\u00e7a e do adolescente                    <\/h4>\n                                      <\/a>\n                                  <a data-category=\"onde-cuidavamos-dos-nossos\" class=\"local-cemiterio-santo-antonio category-onde-cuidavamos-dos-nossos map-histories__item\" href=\"javascript:openMarker('cemiterio-santo-antonio');\">\n                    <h4>\n                                            Cemit\u00e9rio Santo Ant\u00f4nio                    <\/h4>\n                                      <\/a>\n                                  <a data-category=\"onde-cuidavamos-dos-nossos\" class=\"local-cras category-onde-cuidavamos-dos-nossos map-histories__item\" href=\"javascript:openMarker('cras');\">\n                    <h4>\n                                            CRAS                    <\/h4>\n                                      <\/a>\n                                  <a data-category=\"onde-cuidavamos-dos-nossos\" class=\"local-hospital-jose-lopes-de-mendonca category-onde-cuidavamos-dos-nossos map-histories__item\" href=\"javascript:openMarker('hospital-jose-lopes-de-mendonca');\">\n                    <h4>\n                                            Hospital Jos\u00e9 Lopes de Mendon\u00e7a                    <\/h4>\n                                      <\/a>\n                                  <a data-category=\"onde-cuidavamos-dos-nossos\" class=\"local-sinteal category-onde-cuidavamos-dos-nossos map-histories__item\" href=\"javascript:openMarker('sinteal');\">\n                    <h4>\n                                            SINTEAL                    <\/h4>\n                                      <\/a>\n                                  <a data-category=\"onde-cuidavamos-dos-nossos\" class=\"local-hospital-maceio category-onde-cuidavamos-dos-nossos map-histories__item\" href=\"javascript:openMarker('hospital-maceio');\">\n                    <h4>\n                                            Hospital Macei\u00f3                    <\/h4>\n                                      <\/a>\n                                  <a data-category=\"onde-cuidavamos-dos-nossos\" class=\"local-complexo-bom-conselho category-onde-cuidavamos-dos-nossos map-histories__item\" href=\"javascript:openMarker('complexo-bom-conselho');\">\n                    <h4>\n                                            Complexo Bom Conselho                    <\/h4>\n                                      <\/a>\n                                                              <a data-category=\"onde-faziamos-as-compras\" class=\"local-mercadinho-pilar category-onde-faziamos-as-compras map-histories__item\" href=\"javascript:openMarker('mercadinho-pilar');\">\n                    <h4>\n                                            Mercadinho pilar                    <\/h4>\n                                      <\/a>\n                                  <a data-category=\"onde-faziamos-as-compras\" class=\"local-supermercado-multibox category-onde-faziamos-as-compras map-histories__item\" href=\"javascript:openMarker('supermercado-multibox');\">\n                    <h4>\n                                            Supermercado Multibox                    <\/h4>\n                                      <\/a>\n                                  <a data-category=\"onde-faziamos-as-compras\" class=\"local-leo-servicos category-onde-faziamos-as-compras map-histories__item\" href=\"javascript:openMarker('leo-servicos');\">\n                    <h4>\n                                            L\u00e9o servi\u00e7os                    <\/h4>\n                                      <\/a>\n                                  <a data-category=\"onde-faziamos-as-compras\" class=\"local-mercado-publico-de-bebedouro category-onde-faziamos-as-compras map-histories__item\" href=\"javascript:openMarker('mercado-publico-de-bebedouro');\">\n                    <h4>\n                                            Mercado P\u00fablico de Bebedouro                    <\/h4>\n                                      <\/a>\n                                  <a data-category=\"onde-faziamos-as-compras\" class=\"local-panificacao-belo-horizonte category-onde-faziamos-as-compras map-histories__item\" href=\"javascript:openMarker('panificacao-belo-horizonte');\">\n                    <h4>\n                                            Panifica\u00e7\u00e3o Belo Horizonte                    <\/h4>\n                                      <\/a>\n                                  <a data-category=\"onde-faziamos-as-compras\" class=\"local-panificacao-lima-rocha category-onde-faziamos-as-compras map-histories__item\" href=\"javascript:openMarker('panificacao-lima-rocha');\">\n                    <h4>\n                                            Panifica\u00e7\u00e3o Lima Rocha                    <\/h4>\n                                      <\/a>\n                                                              <a data-category=\"onde-faziamos-nossas-preces\" class=\"local-assembleia-de-deus-de-bebedouro category-onde-faziamos-nossas-preces map-histories__item\" href=\"javascript:openMarker('assembleia-de-deus-de-bebedouro');\">\n                    <h4>\n                                            Assembleia de Deus de Bebedouro                    <\/h4>\n                                      <\/a>\n                                  <a data-category=\"onde-faziamos-nossas-preces\" class=\"local-assembleia-de-deus-do-pinheiro category-onde-faziamos-nossas-preces map-histories__item\" href=\"javascript:openMarker('assembleia-de-deus-do-pinheiro');\">\n                    <h4>\n                                            Assembleia de Deus do Pinheiro                    <\/h4>\n                                      <\/a>\n                                  <a data-category=\"onde-faziamos-nossas-preces\" class=\"local-igreja-batista-do-pinheiro---ibp category-onde-faziamos-nossas-preces map-histories__item\" href=\"javascript:openMarker('igreja-batista-do-pinheiro---ibp');\">\n                    <h4>\n                                            Igreja Batista do Pinheiro &#8211; IBP                    <\/h4>\n                                      <\/a>\n                                  <a data-category=\"onde-faziamos-nossas-preces\" class=\"local-igreja-menino-jesus-de-praga category-onde-faziamos-nossas-preces map-histories__item\" href=\"javascript:openMarker('igreja-menino-jesus-de-praga');\">\n                    <h4>\n                                            Igreja Menino Jesus de Praga                    <\/h4>\n                                      <\/a>\n                                  <a data-category=\"onde-faziamos-nossas-preces\" class=\"local-percurso-de-procissoes--rua-tobias-barreto category-onde-faziamos-nossas-preces map-histories__item\" href=\"javascript:openMarker('percurso-de-procissoes--rua-tobias-barreto');\">\n                    <h4>\n                                            Percurso de prociss\u00f5es \u2014 Rua Tobias Barreto                    <\/h4>\n                                      <\/a>\n                                                              <a data-category=\"onde-nos-reuniamos\" class=\"local-clube-asfal category-onde-nos-reuniamos map-histories__item\" href=\"javascript:openMarker('clube-asfal');\">\n                    <h4>\n                                            Clube ASFAL                    <\/h4>\n                                      <\/a>\n                                  <a data-category=\"onde-nos-reuniamos\" class=\"local-praca-lucena-maranhao category-onde-nos-reuniamos map-histories__item\" href=\"javascript:openMarker('praca-lucena-maranhao');\">\n                    <h4>\n                                            Pra\u00e7a Lucena Maranh\u00e3o                    <\/h4>\n                                      <\/a>\n                                  <a data-category=\"onde-nos-reuniamos\" class=\"local-bar-do-cacao category-onde-nos-reuniamos map-histories__item\" href=\"javascript:openMarker('bar-do-cacao');\">\n                    <h4>\n                                            Bar do Ca\u00e7\u00e3o                    <\/h4>\n                                      <\/a>\n                                  <a data-category=\"onde-nos-reuniamos\" class=\"local-espaco-da-vaquejada category-onde-nos-reuniamos map-histories__item\" href=\"javascript:openMarker('espaco-da-vaquejada');\">\n                    <h4>\n                                            Espa\u00e7o da vaquejada                    <\/h4>\n                                      <\/a>\n                                  <a data-category=\"onde-nos-reuniamos\" class=\"local-ct-do-centro-sportivo-alagoano---csa category-onde-nos-reuniamos map-histories__item\" href=\"javascript:openMarker('ct-do-centro-sportivo-alagoano---csa');\">\n                    <h4>\n                                            CT do Centro Sportivo Alagoano &#8211; CSA                    <\/h4>\n                                      <\/a>\n                                  <a data-category=\"onde-nos-reuniamos\" class=\"local-parque-da-lagoa category-onde-nos-reuniamos map-histories__item\" href=\"javascript:openMarker('parque-da-lagoa');\">\n                    <h4>\n                                            Parque da Lagoa                    <\/h4>\n                                      <\/a>\n                                  <a data-category=\"onde-nos-reuniamos\" class=\"local-praca-jardim-acacia category-onde-nos-reuniamos map-histories__item\" href=\"javascript:openMarker('praca-jardim-acacia');\">\n                    <h4>\n                                            Pra\u00e7a Jardim Ac\u00e1cia                    <\/h4>\n                                      <\/a>\n                                  <a data-category=\"onde-nos-reuniamos\" class=\"local-caldinho-do-vieira category-onde-nos-reuniamos map-histories__item\" href=\"javascript:openMarker('caldinho-do-vieira');\">\n                    <h4>\n                                            Caldinho do Vieira                    <\/h4>\n                                      <\/a>\n                                  <a data-category=\"onde-nos-reuniamos\" class=\"local-quintal-cultural category-onde-nos-reuniamos map-histories__item\" href=\"javascript:openMarker('quintal-cultural');\">\n                    <h4>\n                                            Quintal cultural                    <\/h4>\n                                      <\/a>\n                                                              <a data-category=\"onde-pegavamos-o-trem\" class=\"local-estacao-de-bebedouro category-onde-pegavamos-o-trem map-histories__item\" href=\"javascript:openMarker('estacao-de-bebedouro');\">\n                    <h4>\n                                            Esta\u00e7\u00e3o de Bebedouro                    <\/h4>\n                                      <\/a>\n                                  <a data-category=\"onde-pegavamos-o-trem\" class=\"local-estacao-do-bom-parto category-onde-pegavamos-o-trem map-histories__item\" href=\"javascript:openMarker('estacao-do-bom-parto');\">\n                    <h4>\n                                            Esta\u00e7\u00e3o do Bom Parto                    <\/h4>\n                                      <\/a>\n                                  <a data-category=\"onde-pegavamos-o-trem\" class=\"local-estacao-do-mutange category-onde-pegavamos-o-trem map-histories__item\" href=\"javascript:openMarker('estacao-do-mutange');\">\n                    <h4>\n                                            Esta\u00e7\u00e3o do Mutange                    <\/h4>\n                                      <\/a>\n                                                              <a data-category=\"onde-moravamos-\" class=\"local-casa-do-walisson category-onde-moravamos- map-histories__item\" href=\"javascript:openMarker('casa-do-walisson');\">\n                    <h4>\n                                            Casa do Walisson                    <\/h4>\n                                      <\/a>\n                                  <a data-category=\"onde-moravamos-\" class=\"local-casa-da-cida category-onde-moravamos- map-histories__item\" href=\"javascript:openMarker('casa-da-cida');\">\n                    <h4>\n                                            Casa da Cida                    <\/h4>\n                                      <\/a>\n                                  <a data-category=\"onde-moravamos-\" class=\"local-casa-da-samara category-onde-moravamos- map-histories__item\" href=\"javascript:openMarker('casa-da-samara');\">\n                    <h4>\n                                            Casa da Samara                    <\/h4>\n                                      <\/a>\n                                  <a data-category=\"onde-moravamos-\" class=\"local-casa-da-jeanne category-onde-moravamos- map-histories__item\" href=\"javascript:openMarker('casa-da-jeanne');\">\n                    <h4>\n                                            Casa da Jeanne                    <\/h4>\n                                      <\/a>\n                                  <a data-category=\"onde-moravamos-\" class=\"local-casa-do-junior category-onde-moravamos- map-histories__item\" href=\"javascript:openMarker('casa-do-junior');\">\n                    <h4>\n                                            Casa do Junior                    <\/h4>\n                                      <\/a>\n                                  <a data-category=\"onde-moravamos-\" class=\"local-casa-do-rogerio category-onde-moravamos- map-histories__item\" href=\"javascript:openMarker('casa-do-rogerio');\">\n                    <h4>\n                                            Casa do Rog\u00e9rio                    <\/h4>\n                                      <\/a>\n                                  <a data-category=\"onde-moravamos-\" class=\"local-casa-da-ana-paula category-onde-moravamos- map-histories__item\" href=\"javascript:openMarker('casa-da-ana-paula');\">\n                    <h4>\n                                            Casa da Ana Paula                    <\/h4>\n                                      <\/a>\n                                  <a data-category=\"onde-moravamos-\" class=\"local-casa-do-pedro category-onde-moravamos- map-histories__item\" href=\"javascript:openMarker('casa-do-pedro');\">\n                    <h4>\n                                            Casa do Pedro                    <\/h4>\n                                      <\/a>\n                                  <a data-category=\"onde-moravamos-\" class=\"local-casa-da-elisa category-onde-moravamos- map-histories__item\" href=\"javascript:openMarker('casa-da-elisa');\">\n                    <h4>\n                                            Casa da Elisa                    <\/h4>\n                                      <\/a>\n                                  <a data-category=\"onde-moravamos-\" class=\"local-casa-do-balbino category-onde-moravamos- map-histories__item\" href=\"javascript:openMarker('casa-do-balbino');\">\n                    <h4>\n                                            Casa do Balbino                    <\/h4>\n                                      <\/a>\n                                  <a data-category=\"onde-moravamos-\" class=\"local-casa-do-ricardo category-onde-moravamos- map-histories__item\" href=\"javascript:openMarker('casa-do-ricardo');\">\n                    <h4>\n                                            Casa do Ricardo                    <\/h4>\n                                      <\/a>\n                                  <a data-category=\"onde-moravamos-\" class=\"local-casa-do-mauro category-onde-moravamos- map-histories__item\" href=\"javascript:openMarker('casa-do-mauro');\">\n                    <h4>\n                                            Casa do Mauro                    <\/h4>\n                                      <\/a>\n                                  <a data-category=\"onde-moravamos-\" class=\"local-casa-da-andrea category-onde-moravamos- map-histories__item\" href=\"javascript:openMarker('casa-da-andrea');\">\n                    <h4>\n                                            Casa da Andrea                    <\/h4>\n                                      <\/a>\n                                  <a data-category=\"onde-moravamos-\" class=\"local-casa-do-aguinaldo category-onde-moravamos- map-histories__item\" href=\"javascript:openMarker('casa-do-aguinaldo');\">\n                    <h4>\n                                            Casa do Aguinaldo                    <\/h4>\n                                      <\/a>\n                                  <a data-category=\"onde-moravamos-\" class=\"local-casa-do-paulinho category-onde-moravamos- map-histories__item\" href=\"javascript:openMarker('casa-do-paulinho');\">\n                    <h4>\n                                            Casa do Paulinho                    <\/h4>\n                                      <\/a>\n                                  <a data-category=\"onde-moravamos-\" class=\"local-casa-do-fabinho category-onde-moravamos- map-histories__item\" href=\"javascript:openMarker('casa-do-fabinho');\">\n                    <h4>\n                                            Casa do Fabinho                    <\/h4>\n                                      <\/a>\n                                  <a data-category=\"onde-moravamos-\" class=\"local-casa-do-ely category-onde-moravamos- map-histories__item\" href=\"javascript:openMarker('casa-do-ely');\">\n                    <h4>\n                                            Casa do Ely                    <\/h4>\n                                      <\/a>\n                                  <a data-category=\"onde-moravamos-\" class=\"local-casa-da-monica category-onde-moravamos- map-histories__item\" href=\"javascript:openMarker('casa-da-monica');\">\n                    <h4>\n                                            Casa da M\u00f4nica                    <\/h4>\n                                      <\/a>\n                                  <a data-category=\"onde-moravamos-\" class=\"local-casa-do-toninho category-onde-moravamos- map-histories__item\" href=\"javascript:openMarker('casa-do-toninho');\">\n                    <h4>\n                                            Casa do Toninho                    <\/h4>\n                                      <\/a>\n                                        <\/div>\n        <\/div>  \n    <div class=\"row\">\n      <div class=\"col-md-12 p-relative\">\n        <div id=\"map\" class=\"history-map\" tabindex=\"-1\"  style=\"width: 100%; height: 600px;\">\n                  <\/div>      \n      <\/div> \n    <\/div> \n      <\/div>\n<\/section>\n  \n<script src=\"https:\/\/cdnjs.cloudflare.com\/ajax\/libs\/svg.js\/3.2.0\/svg.min.js\" integrity=\"sha512-EmfT33UCuNEdtd9zuhgQClh7gidfPpkp93WO8GEfAP3cLD++UM1AG9jsTUitCI9DH5nF72XaFePME92r767dHA==\" crossorigin=\"anonymous\" referrerpolicy=\"no-referrer\"><\/script>\n<link rel=\"stylesheet\" href=\"https:\/\/unpkg.com\/leaflet@1.7.1\/dist\/leaflet.css\" \/>\n<script src=\"https:\/\/unpkg.com\/leaflet@1.7.1\/dist\/leaflet.js\"><\/script>\n<link rel=\"stylesheet\" href=\"https:\/\/unpkg.com\/leaflet-routing-machine@latest\/dist\/leaflet-routing-machine.css\" \/>\n<script src=\"https:\/\/unpkg.com\/leaflet-routing-machine@latest\/dist\/leaflet-routing-machine.js\"><\/script>\n<style>.leaflet-routing-container{\n  display:none;\n}<\/style>\n\n    <script> \n\nfunction slugify(str) {\n    return str\n        .toString()                            \n        .normalize('NFD')                      \n        .replace(\/[\\u0300-\\u036f]\/g, '')        \n        .toLowerCase()                         \n        .trim()                              \n        .replace(\/[^a-z0-9\\s-]\/g, '')\n        .replace(\/\\s+\/g, '-');\n}\nconst iconCache = {}; \n\nfunction createMarkerIcon(color, number) {\n    const cacheKey = `${color}-${number}`; \n    if (iconCache[cacheKey]) {\n        return iconCache[cacheKey];\n    }\n    const svg = SVG().size(35, 40);\n    svg.circle(30).fill(color).move(0, 0);\n    svg.rect(15, 15).fill(color).rotate(45, 15, 15).move(15, 15);\n    if (number !== false) {\n        svg.text(number).move(15, 8).font({ size: 20, fill: '#FFF', anchor: 'middle' });\n    }\n    const svgString = new XMLSerializer().serializeToString(svg.node);\n    const svgBase64 = btoa(svgString);\n    const dataUri = `data:image\/svg+xml;base64,${svgBase64}`;\n    const icon = L.icon({\n        iconUrl: dataUri,\n        iconSize: [35, 40],\n        iconAnchor: [15, 40],\n        popupAnchor: [0, -50]\n    });\n    iconCache[cacheKey] = icon;\n    return icon;\n}\n\n\nfunction openMarker(num){\n  const element = document.querySelector('.local-' + num);\n  const cat = element.getAttribute('data-category');\n  $('html, body').animate({ scrollTop: $('#map').offset().top - $('header').height() }, 1000);\n  markers['marker-'+num].openPopup();\n}\n\nconst places = [\"Macei\\u00f3 - AL - Brasil\",\"Macei\\u00f3 - AL - Brasil\",\"Macei\\u00f3 - AL - Brasil\",\"Macei\\u00f3 - AL - Brasil\",\"Macei\\u00f3 - AL - Brasil\",\"Macei\\u00f3 - AL - Brasil\",\"Macei\\u00f3 - AL - Brasil\",\"Macei\\u00f3 - AL - Brasil\",\"Macei\\u00f3 - AL - Brasil\",\"Macei\\u00f3 - AL - Brasil\",\"Macei\\u00f3 - AL - Brasil\",\"Macei\\u00f3 - AL - Brasil\",\"Macei\\u00f3 - AL - Brasil\",\"Macei\\u00f3 - AL - Brasil\",\"Macei\\u00f3 - AL - Brasil\",\"Macei\\u00f3 - AL - Brasil\",\"Macei\\u00f3 - AL - Brasil\",\"Macei\\u00f3 - AL - Brasil\",\"Macei\\u00f3 - AL - Brasil\",\"Macei\\u00f3 - AL - Brasil\",\"Macei\\u00f3 - AL - Brasil\",\"Macei\\u00f3 - AL - Brasil\",\"Macei\\u00f3 - AL - Brasil\",\"Macei\\u00f3 - AL - Brasil\",\"Macei\\u00f3 - AL - Brasil\",\"Macei\\u00f3 - AL - Brasil\",\"Macei\\u00f3 - AL - Brasil\",\"Macei\\u00f3 - AL - Brasil\",\"Macei\\u00f3 - AL - Brasil\",\"Macei\\u00f3 - AL - Brasil\",\"Macei\\u00f3 - AL - Brasil\",\"Macei\\u00f3 - AL - Brasil\",\"Macei\\u00f3 - AL - Brasil\",\"Macei\\u00f3 - AL - Brasil\",\"Macei\\u00f3 - AL - Brasil\",\"Macei\\u00f3 - AL - Brasil\",\"Macei\\u00f3 - AL - Brasil\",\"Macei\\u00f3 - AL - Brasil\",\"Macei\\u00f3 - AL - Brasil\",\"Macei\\u00f3 - AL - Brasil\",\"Macei\\u00f3 - AL - Brasil\",\"Macei\\u00f3 - AL - Brasil\",\"Macei\\u00f3 - AL - Brasil\",\"Macei\\u00f3 - AL - Brasil\",\"Macei\\u00f3 - AL - Brasil\",\"Macei\\u00f3 - AL - Brasil\",\"Macei\\u00f3 - AL - Brasil\",\"Macei\\u00f3 - AL - Brasil\",\"Macei\\u00f3 - AL - Brasil\",\"Macei\\u00f3 - AL - Brasil\",\"Macei\\u00f3 - AL - Brasil\"]; \nconst places_obj = [{\"nome\":\"Casa do Walisson\",\"estado\":\"AL\",\"cidade\":\"Macei\\u00f3\",\"informacoes\":\"\",\"lat\":\"-9.62287\",\"long\":\"-35.75660\",\"imagem\":\"https:\\\/\\\/memo.museudapessoa.org\\\/memorias-que-nao-afundam\\\/wp-content\\\/uploads\\\/sites\\\/163\\\/2025\\\/11\\\/Captura-de-tela-2025-11-05-225225.png\",\"link\":\"https:\\\/\\\/maps.app.goo.gl\\\/ZGn9CAXxqpi7mRJt7\",\"data_desativacao\":\"\"},{\"nome\":\"Casa da Cida\",\"estado\":\"AL\",\"cidade\":\"Macei\\u00f3\",\"informacoes\":\"\",\"lat\":\"-9.64369\",\"long\":\"-35.74130\",\"imagem\":\"https:\\\/\\\/memo.museudapessoa.org\\\/memorias-que-nao-afundam\\\/wp-content\\\/uploads\\\/sites\\\/163\\\/2025\\\/11\\\/Captura-de-tela-2025-11-05-225027.png\",\"link\":\"https:\\\/\\\/maps.app.goo.gl\\\/bu1QrdFwiuEGGHEQ8\",\"data_desativacao\":\"\"},{\"nome\":\"Casa da Samara\",\"estado\":\"AL\",\"cidade\":\"Macei\\u00f3\",\"informacoes\":\"\",\"lat\":\"-9.63705\",\"long\":\"-35.7377\",\"imagem\":\"https:\\\/\\\/memo.museudapessoa.org\\\/memorias-que-nao-afundam\\\/wp-content\\\/uploads\\\/sites\\\/163\\\/2025\\\/11\\\/Captura-de-tela-2025-11-05-224749.png\",\"link\":\"https:\\\/\\\/maps.app.goo.gl\\\/9GETVhQd9YYwtWdn6\",\"data_desativacao\":\"\"},{\"nome\":\"Casa da Jeanne\",\"estado\":\"AL\",\"cidade\":\"Macei\\u00f3\",\"informacoes\":\"\",\"lat\":\"-9.64473\",\"long\":\"-35.74174\",\"imagem\":\"https:\\\/\\\/memo.museudapessoa.org\\\/memorias-que-nao-afundam\\\/wp-content\\\/uploads\\\/sites\\\/163\\\/2025\\\/11\\\/Captura-de-tela-2025-11-05-224522.png\",\"link\":\"https:\\\/\\\/maps.app.goo.gl\\\/fqSpSXtpLXHPCbmd8\",\"data_desativacao\":\"\"},{\"nome\":\"Casa do Junior\",\"estado\":\"AL\",\"cidade\":\"Macei\\u00f3\",\"informacoes\":\"\",\"lat\":\"-9.63533\",\"long\":\"-35.74299\",\"imagem\":\"https:\\\/\\\/memo.museudapessoa.org\\\/memorias-que-nao-afundam\\\/wp-content\\\/uploads\\\/sites\\\/163\\\/2025\\\/11\\\/Captura-de-tela-2025-11-05-224257.png\",\"link\":\"https:\\\/\\\/maps.app.goo.gl\\\/oLN4TxDGYXKUBkFe8\",\"data_desativacao\":\"\"},{\"nome\":\"Casa do Rog\\u00e9rio\",\"estado\":\"AL\",\"cidade\":\"Macei\\u00f3\",\"informacoes\":\"\",\"lat\":\"-9.65433\",\"long\":\"-35.74280\",\"imagem\":\"https:\\\/\\\/memo.museudapessoa.org\\\/memorias-que-nao-afundam\\\/wp-content\\\/uploads\\\/sites\\\/163\\\/2025\\\/11\\\/Captura-de-tela-2025-11-05-224104.png\",\"link\":\"https:\\\/\\\/maps.app.goo.gl\\\/43Abys8VGQGrKKfg9\",\"data_desativacao\":\"\"},{\"nome\":\"Casa da Ana Paula\",\"estado\":\"AL\",\"cidade\":\"Macei\\u00f3\",\"informacoes\":\"\",\"lat\":\"-9.62659\",\"long\":\"-35.75147\",\"imagem\":\"https:\\\/\\\/memo.museudapessoa.org\\\/memorias-que-nao-afundam\\\/wp-content\\\/uploads\\\/sites\\\/163\\\/2025\\\/11\\\/Captura-de-tela-2025-11-05-223917.png\",\"link\":\"https:\\\/\\\/maps.app.goo.gl\\\/GYah2dTWG2RbdYrYA\",\"data_desativacao\":\"\"},{\"nome\":\"Casa do Pedro\",\"estado\":\"AL\",\"cidade\":\"Macei\\u00f3\",\"informacoes\":\"\",\"lat\":\"-9.63634\",\"long\":\"-35.74025\",\"imagem\":\"https:\\\/\\\/memo.museudapessoa.org\\\/memorias-que-nao-afundam\\\/wp-content\\\/uploads\\\/sites\\\/163\\\/2025\\\/11\\\/Captura-de-tela-2025-11-05-223726.png\",\"link\":\"https:\\\/\\\/maps.app.goo.gl\\\/yTygtg7qhxta4vmB8\",\"data_desativacao\":\"\"},{\"nome\":\"Casa da Elisa\",\"estado\":\"AL\",\"cidade\":\"Macei\\u00f3\",\"informacoes\":\"\",\"lat\":\"-9.63474\",\"long\":\"-35.74175\",\"imagem\":\"https:\\\/\\\/memo.museudapessoa.org\\\/memorias-que-nao-afundam\\\/wp-content\\\/uploads\\\/sites\\\/163\\\/2025\\\/11\\\/Captura-de-tela-2025-11-05-223549.png\",\"link\":\"https:\\\/\\\/maps.app.goo.gl\\\/hqXYhNmcqMD7StVx9\",\"data_desativacao\":\"\"},{\"nome\":\"Casa do Balbino\",\"estado\":\"AL\",\"cidade\":\"Macei\\u00f3\",\"informacoes\":\"\",\"lat\":\"-9.61714\",\"long\":\"-35.75485\",\"imagem\":\"https:\\\/\\\/memo.museudapessoa.org\\\/memorias-que-nao-afundam\\\/wp-content\\\/uploads\\\/sites\\\/163\\\/2025\\\/11\\\/Captura-de-tela-2025-11-05-223047.png\",\"link\":\"https:\\\/\\\/maps.app.goo.gl\\\/M49yRVqt5qxf559Y6\",\"data_desativacao\":\"\"},{\"nome\":\"Casa do Ricardo\",\"estado\":\"AL\",\"cidade\":\"Macei\\u00f3\",\"informacoes\":\"\",\"lat\":\"-9.64449\",\"long\":\"-35.74200\",\"imagem\":\"https:\\\/\\\/memo.museudapessoa.org\\\/memorias-que-nao-afundam\\\/wp-content\\\/uploads\\\/sites\\\/163\\\/2025\\\/11\\\/Captura-de-tela-2025-11-05-222454.png\",\"link\":\"https:\\\/\\\/maps.app.goo.gl\\\/iicjeq2bcf6hFKCK6\",\"data_desativacao\":\"\"},{\"nome\":\"Casa do Mauro\",\"estado\":\"AL\",\"cidade\":\"Macei\\u00f3\",\"informacoes\":\"\",\"lat\":\"-9.62483\",\"long\":\"-35.75496\",\"imagem\":\"https:\\\/\\\/memo.museudapessoa.org\\\/memorias-que-nao-afundam\\\/wp-content\\\/uploads\\\/sites\\\/163\\\/2025\\\/11\\\/Captura-de-tela-2025-11-05-220433.png\",\"link\":\"https:\\\/\\\/maps.app.goo.gl\\\/e7swrx5Dk4Bd7CPc8\",\"data_desativacao\":\"\"},{\"nome\":\"Casa da Andrea\",\"estado\":\"AL\",\"cidade\":\"Macei\\u00f3\",\"informacoes\":\"\",\"lat\":\"-9.62810\",\"long\":\"-35.74786\",\"imagem\":\"https:\\\/\\\/memo.museudapessoa.org\\\/memorias-que-nao-afundam\\\/wp-content\\\/uploads\\\/sites\\\/163\\\/2025\\\/11\\\/Captura-de-tela-2025-11-05-215840.png\",\"link\":\"https:\\\/\\\/maps.app.goo.gl\\\/4NdjFMvHYpAVdKa9A\",\"data_desativacao\":\"\"},{\"nome\":\"Casa do Aguinaldo\",\"estado\":\"AL\",\"cidade\":\"Macei\\u00f3\",\"informacoes\":\"\",\"lat\":\"-9.64645\",\"long\":\"-35.74411\",\"imagem\":\"https:\\\/\\\/memo.museudapessoa.org\\\/memorias-que-nao-afundam\\\/wp-content\\\/uploads\\\/sites\\\/163\\\/2025\\\/11\\\/Captura-de-tela-2025-11-05-215543.png\",\"link\":\"https:\\\/\\\/maps.app.goo.gl\\\/ZWJDpoRrMq99tHZJ8\",\"data_desativacao\":\"\"},{\"nome\":\"Casa do Paulinho\",\"estado\":\"AL\",\"cidade\":\"Macei\\u00f3\",\"informacoes\":\"\",\"lat\":\"-9.63934\",\"long\":\"-35.74163\",\"imagem\":\"https:\\\/\\\/memo.museudapessoa.org\\\/memorias-que-nao-afundam\\\/wp-content\\\/uploads\\\/sites\\\/163\\\/2025\\\/11\\\/Captura-de-tela-2025-11-05-215158.png\",\"link\":\"https:\\\/\\\/maps.app.goo.gl\\\/joJddEZTssPaB6bZ8\",\"data_desativacao\":\"\"},{\"nome\":\"Casa do Fabinho\",\"estado\":\"AL\",\"cidade\":\"Macei\\u00f3\",\"informacoes\":\"\",\"lat\":\"-9.62267\",\"long\":\"-35.75233\",\"imagem\":\"https:\\\/\\\/memo.museudapessoa.org\\\/memorias-que-nao-afundam\\\/wp-content\\\/uploads\\\/sites\\\/163\\\/2025\\\/11\\\/Captura-de-tela-2025-11-05-214857.png\",\"link\":\"https:\\\/\\\/maps.app.goo.gl\\\/HPV8eKcYyUYku6QK8\",\"data_desativacao\":\"\"},{\"nome\":\"Casa do Ely\",\"estado\":\"AL\",\"cidade\":\"Macei\\u00f3\",\"informacoes\":\"\",\"lat\":\"-9.63487\",\"long\":\"-35.73214\",\"imagem\":\"https:\\\/\\\/memo.museudapessoa.org\\\/memorias-que-nao-afundam\\\/wp-content\\\/uploads\\\/sites\\\/163\\\/2025\\\/11\\\/Captura-de-tela-2025-11-05-214406.png\",\"link\":\"https:\\\/\\\/maps.app.goo.gl\\\/g2LAHPos4m3y5Nsm9\",\"data_desativacao\":\"\"},{\"nome\":\"Casa da M\\u00f4nica\",\"estado\":\"AL\",\"cidade\":\"Macei\\u00f3\",\"informacoes\":\"\",\"lat\":\"-9.65346\",\"long\":\"-35.75887\",\"imagem\":\"https:\\\/\\\/memo.museudapessoa.org\\\/memorias-que-nao-afundam\\\/wp-content\\\/uploads\\\/sites\\\/163\\\/2025\\\/11\\\/Captura-de-tela-2025-11-05-213914.png\",\"link\":\"https:\\\/\\\/maps.app.goo.gl\\\/xJDfwBZSpFR5qk9L8\",\"data_desativacao\":\"\"},{\"nome\":\"Casa do Toninho\",\"estado\":\"AL\",\"cidade\":\"Macei\\u00f3\",\"informacoes\":\"\",\"lat\":\"-9.63541\",\"long\":\"-35.74295\",\"imagem\":\"https:\\\/\\\/memo.museudapessoa.org\\\/memorias-que-nao-afundam\\\/wp-content\\\/uploads\\\/sites\\\/163\\\/2025\\\/11\\\/Captura-de-tela-2025-11-05-213453.png\",\"link\":\"https:\\\/\\\/maps.app.goo.gl\\\/ACfuTUc8npTnQbtw8\",\"data_desativacao\":\"\"},{\"nome\":\"Esta\\u00e7\\u00e3o de Bebedouro\",\"estado\":\"AL\",\"cidade\":\"Macei\\u00f3\",\"informacoes\":\"\\\"Esta\\u00e7\\u00e3o movimentada, se formou uma feira pr\\u00f3xima\\\"\",\"lat\":\"-9.62478\",\"long\":\"-35.75324\",\"imagem\":\"https:\\\/\\\/memo.museudapessoa.org\\\/memorias-que-nao-afundam\\\/wp-content\\\/uploads\\\/sites\\\/163\\\/2025\\\/10\\\/ESTACAO-BEBEDOURO.jpeg\",\"link\":\"https:\\\/\\\/maps.app.goo.gl\\\/WHTLur46kcUoGzNA8\",\"data_desativacao\":\"\"},{\"nome\":\"Esta\\u00e7\\u00e3o do Bom Parto\",\"estado\":\"AL\",\"cidade\":\"Macei\\u00f3\",\"informacoes\":\"\\\"Pegava meu trem para Rio Largo ali\\\"\",\"lat\":\"-9.64949\",\"long\":\"-35.74340\",\"imagem\":\"https:\\\/\\\/memo.museudapessoa.org\\\/memorias-que-nao-afundam\\\/wp-content\\\/uploads\\\/sites\\\/163\\\/2025\\\/10\\\/ESTACAO-BOM-PARTO.jpeg\",\"link\":\"https:\\\/\\\/maps.app.goo.gl\\\/CsVgSuKSKusBcWkB9\",\"data_desativacao\":\"\"},{\"nome\":\"Esta\\u00e7\\u00e3o do Mutange\",\"estado\":\"AL\",\"cidade\":\"Macei\\u00f3\",\"informacoes\":\"\\\"Descia ali para trabalhar no CT do CSA\\\"\",\"lat\":\"-9.63909\",\"long\":\"-35.74618\",\"imagem\":\"https:\\\/\\\/memo.museudapessoa.org\\\/memorias-que-nao-afundam\\\/wp-content\\\/uploads\\\/sites\\\/163\\\/2025\\\/10\\\/ESTACAO-MUTANGE.jpeg\",\"link\":\"https:\\\/\\\/maps.app.goo.gl\\\/q9ivChg4FyzNg73M6\",\"data_desativacao\":\"\"},{\"nome\":\"Clube ASFAL\",\"estado\":\"AL\",\"cidade\":\"Macei\\u00f3\",\"informacoes\":\"\\\"Um bom clube para ir com a fam\\u00edlia\\\"\",\"lat\":\"-9.63718\",\"long\":\"-35.74266\",\"imagem\":\"https:\\\/\\\/memo.museudapessoa.org\\\/memorias-que-nao-afundam\\\/wp-content\\\/uploads\\\/sites\\\/163\\\/2025\\\/09\\\/Clube-ASFAL-Pinheiro.png\",\"link\":\"https:\\\/\\\/www.google.com.br\\\/maps\\\/place\\\/R.+Manoel+Menezes,+329+-+Pinheiro,+Macei%C3%B3+-+AL,+57055-690\\\/@-9.6368575,-35.7434466,18z\\\/data=!4m10!1m3!11m2!2syqeAG5vxSCe0cdEns9g-tw!3e3!3m5!1s0x7014f5f17d8a517:0xf6d30fd7084b7074!8m2!3d-9.6372281!4d-35.7426487!16s%2Fg%2F11cshzs6z2?entry=ttu&amp;g_ep=EgoyMDI1MDkxNy4wIKXMDSoASAFQAw%3D%3D\",\"data_desativacao\":\"\"},{\"nome\":\"Pra\\u00e7a Lucena Maranh\\u00e3o\",\"estado\":\"AL\",\"cidade\":\"Macei\\u00f3\",\"informacoes\":\"\\\"O parque iria para l\\u00e1, no S\\u00e3o Jo\\u00e3o faziamos palho\\u00e7\\u00e3o. Todo mundo curtia ali\\\"\",\"lat\":\"-9.62705\",\"long\":\"-35.75064\",\"imagem\":\"https:\\\/\\\/memo.museudapessoa.org\\\/memorias-que-nao-afundam\\\/wp-content\\\/uploads\\\/sites\\\/163\\\/2025\\\/09\\\/Praca-Lucena-Maranhao-Bebedouro.png\",\"link\":\"https:\\\/\\\/www.google.com\\\/maps\\\/place\\\/Pra%C3%A7a+Cel.+Lucena+Maranh%C3%A3o+-+Bebedouro,+Macei%C3%B3+-+AL\\\/@-9.6271435,-35.750879,145m\\\/data=!3m1!1e3!4m6!3m5!1s0x7014f51c3b8c455:0x28aea9ead1daf2aa!8m2!3d-9.6270833!4d-35.750632!16s%2Fg%2F1ymthxpk5?entry=ttu&amp;g_ep=EgoyMDI1MDkxNy4wIKXMDSoASAFQAw%3D%3D\",\"data_desativacao\":\"\"},{\"nome\":\"Bar do Ca\\u00e7\\u00e3o\",\"estado\":\"AL\",\"cidade\":\"Macei\\u00f3\",\"informacoes\":\"\\\"Agora est\\u00e1 na Jati\\u00faca. Muito procurado\\\"\",\"lat\":\"-9.64480\",\"long\":\"-35.74172\",\"imagem\":\"https:\\\/\\\/memo.museudapessoa.org\\\/memorias-que-nao-afundam\\\/wp-content\\\/uploads\\\/sites\\\/163\\\/2025\\\/09\\\/Bar-do-Cacao-Farol.png\",\"link\":\"https:\\\/\\\/maps.app.goo.gl\\\/d4QUoBPJUEpK2o2g8\",\"data_desativacao\":\"\"},{\"nome\":\"Espa\\u00e7o da vaquejada\",\"estado\":\"AL\",\"cidade\":\"Macei\\u00f3\",\"informacoes\":\"\\\"Tradi\\u00e7\\u00e3o, todo o ano os vaqueiros v\\u00e3o para o final do porto, na rua mesmo\\\"\",\"lat\":\"-9.62134\",\"long\":\"-35.76087\",\"imagem\":\"https:\\\/\\\/memo.museudapessoa.org\\\/memorias-que-nao-afundam\\\/wp-content\\\/uploads\\\/sites\\\/163\\\/2025\\\/10\\\/LOCAL-ONDE-REALIZAVA-A-FESTA-DA-VAQUEJADA.jpeg\",\"link\":\"https:\\\/\\\/maps.app.goo.gl\\\/rruZ8hdYSTBd9cHM6\",\"data_desativacao\":\"\"},{\"nome\":\"CT do Centro Sportivo Alagoano - CSA\",\"estado\":\"AL\",\"cidade\":\"Macei\\u00f3\",\"informacoes\":\"\\\"Quem morava no Mutange assistia os jogos do CSA de camarote. Torciam pelo azul\\u00e3o\\\"\",\"lat\":\"-9.641012\",\"long\":\"-35.745205\",\"imagem\":\"https:\\\/\\\/memo.museudapessoa.org\\\/memorias-que-nao-afundam\\\/wp-content\\\/uploads\\\/sites\\\/163\\\/2025\\\/10\\\/FOTO-CT-CSA-MUTANGE.webp\",\"link\":\"https:\\\/\\\/maps.app.goo.gl\\\/h8UccyvkA9Vy6cB96\",\"data_desativacao\":\"\"},{\"nome\":\"Parque da Lagoa\",\"estado\":\"AL\",\"cidade\":\"Macei\\u00f3\",\"informacoes\":\"\\\"Ponto que \\u00e9 da comunidade, todo mundo pode pegar of\\u00edcio para ficar l\\u00e1\\\"\",\"lat\":\"-9.623470\",\"long\":\"-35.756121\",\"imagem\":\"https:\\\/\\\/memo.museudapessoa.org\\\/memorias-que-nao-afundam\\\/wp-content\\\/uploads\\\/sites\\\/163\\\/2025\\\/10\\\/PARQUE-DA-LAGOA-FLEXAL.jpeg\",\"link\":\"https:\\\/\\\/maps.app.goo.gl\\\/kLdXKUrxSDacJYmi8\",\"data_desativacao\":\"\"},{\"nome\":\"Pra\\u00e7a Jardim Ac\\u00e1cia\",\"estado\":\"AL\",\"cidade\":\"Macei\\u00f3\",\"informacoes\":\"\\\"Ponto de encontro de jogos das pessoas que moravam no arredor\\\"\",\"lat\":\"-9.63678\",\"long\":\"-35.74287\",\"imagem\":\"https:\\\/\\\/memo.museudapessoa.org\\\/memorias-que-nao-afundam\\\/wp-content\\\/uploads\\\/sites\\\/163\\\/2025\\\/10\\\/Praca-jardim-acacia.jpg\",\"link\":\"https:\\\/\\\/maps.app.goo.gl\\\/DaiHSh5sBTEKzA9Z9\",\"data_desativacao\":\"\"},{\"nome\":\"Caldinho do Vieira\",\"estado\":\"AL\",\"cidade\":\"Macei\\u00f3\",\"informacoes\":\"\\u201cMelhor caldo de Macei\\u00f3, sem falar que o Vieira era uma figura\\u201d\",\"lat\":\"-9.62809\",\"long\":\"-35.74182\",\"imagem\":\"https:\\\/\\\/memo.museudapessoa.org\\\/memorias-que-nao-afundam\\\/wp-content\\\/uploads\\\/sites\\\/163\\\/2025\\\/09\\\/Bar-Caldinho-do-Vieira-Pinheiro.png\",\"link\":\"https:\\\/\\\/www.google.com.br\\\/maps\\\/place\\\/R.+Prof.+Jos%C3%A9+da+Silveira+Camerino,+882+-+Pinheiro,+Macei%C3%B3+-+AL,+57057-250\\\/@-9.6281461,-35.7429723,18.33z\\\/data=!4m10!1m3!11m2!2syqeAG5vxSCe0cdEns9g-tw!3e3!3m5!1s0x7014f563fc01b71:0xa4fc86d118f13765!8m2!3d-9.6282086!4d-35.7418301!16s%2Fg%2F11c5crq0t_?entry=ttu&amp;g_ep=EgoyMDI1MDkxNy4wIKXMDSoASAFQAw%3D%3D\",\"data_desativacao\":\"\"},{\"nome\":\"Quintal cultural\",\"estado\":\"AL\",\"cidade\":\"Macei\\u00f3\",\"informacoes\":\"\\\"Lugar de resist\\u00eancia e manifesta\\u00e7\\u00f5es culturais do Bom Parto. Hoje, continuam na luta\\\"\",\"lat\":\"-9.65420\",\"long\":\"-35.74274\",\"imagem\":\"https:\\\/\\\/memo.museudapessoa.org\\\/memorias-que-nao-afundam\\\/wp-content\\\/uploads\\\/sites\\\/163\\\/2025\\\/10\\\/Captura-de-tela-2025-10-09-212219.png\",\"link\":\"https:\\\/\\\/maps.app.goo.gl\\\/5gWnPw5aPHSV2qFX8\",\"data_desativacao\":\"\"},{\"nome\":\"Assembleia de Deus de Bebedouro\",\"estado\":\"AL\",\"cidade\":\"Macei\\u00f3\",\"informacoes\":\"\\\"A regi\\u00e3o se juntava a\\u00ed\\\"\",\"lat\":\"-9.62414\",\"long\":\"-35.75241\",\"imagem\":\"https:\\\/\\\/memo.museudapessoa.org\\\/memorias-que-nao-afundam\\\/wp-content\\\/uploads\\\/sites\\\/163\\\/2025\\\/10\\\/FOTO-ASSEMBLEIA-DE-DEUS-BEBEDOURO-MACEIO-AL.jpg\",\"link\":\"https:\\\/\\\/maps.app.goo.gl\\\/RnpNmVMaVWzVXa7S9\",\"data_desativacao\":\"\"},{\"nome\":\"Assembleia de Deus do Pinheiro\",\"estado\":\"AL\",\"cidade\":\"Macei\\u00f3\",\"informacoes\":\"\\\"Cruzadas, vig\\u00edlias, a gente acaba fechando a rua\\\"\",\"lat\":\"-9.63704\",\"long\":\"-35.73772\",\"imagem\":\"https:\\\/\\\/memo.museudapessoa.org\\\/memorias-que-nao-afundam\\\/wp-content\\\/uploads\\\/sites\\\/163\\\/2025\\\/10\\\/FOTO-IGREJA-ASSEMBLEIA-DE-DEUS-PINHEIRO-MACEIO-AL.jpg\",\"link\":\"https:\\\/\\\/maps.app.goo.gl\\\/aihwJt6mx89rnxSV9\",\"data_desativacao\":\"\"},{\"nome\":\"Igreja Batista do Pinheiro - IBP\",\"estado\":\"AL\",\"cidade\":\"Macei\\u00f3\",\"informacoes\":\"\\\"Lugar de resist\\u00eancia das pessoas junto ao pastor Wellington\\\"\",\"lat\":\"-9.63900\",\"long\":\"-35.74094\",\"imagem\":\"https:\\\/\\\/memo.museudapessoa.org\\\/memorias-que-nao-afundam\\\/wp-content\\\/uploads\\\/sites\\\/163\\\/2025\\\/10\\\/Igreja-Batista-do-Pinheiro-2019-IBP-1.jpg\",\"link\":\"https:\\\/\\\/maps.app.goo.gl\\\/KKDRTrcBnKqPG1et6\",\"data_desativacao\":\"\"},{\"nome\":\"Igreja Menino Jesus de Praga\",\"estado\":\"AL\",\"cidade\":\"Macei\\u00f3\",\"informacoes\":\"\\\"A popula\\u00e7\\u00e3o fazia festividades ali tamb\\u00e9m\\\"\",\"lat\":\"-9.62501\",\"long\":\"-35.73974\",\"imagem\":\"https:\\\/\\\/memo.museudapessoa.org\\\/memorias-que-nao-afundam\\\/wp-content\\\/uploads\\\/sites\\\/163\\\/2025\\\/10\\\/Igreja-Menino-Jesus-de-Praga.jpg\",\"link\":\"https:\\\/\\\/maps.app.goo.gl\\\/N83emsx336rwDjh76\",\"data_desativacao\":\"\"},{\"nome\":\"Percurso de prociss\\u00f5es \\u2014 Rua Tobias Barreto\",\"estado\":\"AL\",\"cidade\":\"Macei\\u00f3\",\"informacoes\":\"\\\"Ruas que blocos de carnaval (bloco da cegonha, bloco da raposa, etc) e prociss\\u00f5es (Santo Ant\\u00f4nio) passavam\\\"\",\"lat\":\"-9.62277\",\"long\":\"-35.75662\",\"imagem\":\"https:\\\/\\\/memo.museudapessoa.org\\\/memorias-que-nao-afundam\\\/wp-content\\\/uploads\\\/sites\\\/163\\\/2025\\\/10\\\/PERCURSO-BLOCOS-E-PROCISSAO.jpeg\",\"link\":\"https:\\\/\\\/maps.app.goo.gl\\\/HqB1unXRb1Lnm6yA9\",\"data_desativacao\":\"\"},{\"nome\":\"Mercadinho pilar\",\"estado\":\"AL\",\"cidade\":\"Macei\\u00f3\",\"informacoes\":\"\\u201cEra pequenininho, foi crescendo e crescendo e ficou enorme, era o \\u00fanico na regi\\u00e3o que cresceu. Foi para a serraria\\\"\\r\\n\",\"lat\":\"-9.63494\",\"long\":\"-35.74421\",\"imagem\":\"https:\\\/\\\/memo.museudapessoa.org\\\/memorias-que-nao-afundam\\\/wp-content\\\/uploads\\\/sites\\\/163\\\/2025\\\/09\\\/Mercadinho-Pilar-Pinheiro.png\",\"link\":\"https:\\\/\\\/www.google.com\\\/maps\\\/search\\\/Mercadinho+Pilar+-+Rua+Miguel+Manoel+Menezes,+585\\\/@-9.6346433,-35.7447837,289m\\\/data=!3m1!1e3?entry=ttu&amp;g_ep=EgoyMDI1MDkxNy4wIKXMDSoASAFQAw%3D%3D\",\"data_desativacao\":\"\"},{\"nome\":\"Supermercado Multibox\",\"estado\":\"AL\",\"cidade\":\"Macei\\u00f3\",\"informacoes\":\"\\\"Era muito movimentado, encontrava sempre meus vizinhos por l\\u00e1\\\"\",\"lat\":\"-9.64414\",\"long\":\"-35.743663\",\"imagem\":\"https:\\\/\\\/memo.museudapessoa.org\\\/memorias-que-nao-afundam\\\/wp-content\\\/uploads\\\/sites\\\/163\\\/2025\\\/09\\\/Supermercado-Multibox.png\",\"link\":\"https:\\\/\\\/www.google.com.br\\\/maps\\\/place\\\/R.+Gen.+Hermes,+1762+-+Bom+Parto,+Macei%C3%B3+-+AL,+57017-201\\\/@-9.6449772,-35.7461585,16.88z\\\/data=!4m10!1m3!11m2!2syqeAG5vxSCe0cdEns9g-tw!3e3!3m5!1s0x7014f6175061f75:0xf50b302429e4033d!8m2!3d-9.6443315!4d-35.7436099!16s%2Fg%2F11f0_g5hmg?entry=ttu&amp;g_ep=EgoyMDI1MDkxNy4wIKXMDSoASAFQAw%3D%3D\",\"data_desativacao\":\"\"},{\"nome\":\"L\\u00e9o servi\\u00e7os\",\"estado\":\"AL\",\"cidade\":\"Macei\\u00f3\",\"informacoes\":\"\\\"Tudo que eu precisava, achava por l\\u00e1\\\"\",\"lat\":\"-9.62072\",\"long\":\"-35.75747\",\"imagem\":\"https:\\\/\\\/memo.museudapessoa.org\\\/memorias-que-nao-afundam\\\/wp-content\\\/uploads\\\/sites\\\/163\\\/2025\\\/10\\\/LEO-SERVICOS-CHA-DE-BEBEDOURO.jpeg\",\"link\":\"https:\\\/\\\/maps.app.goo.gl\\\/nt5Xd7R6SmR5zZt1A\",\"data_desativacao\":\"\"},{\"nome\":\"Mercado P\\u00fablico de Bebedouro\",\"estado\":\"AL\",\"cidade\":\"Macei\\u00f3\",\"informacoes\":\"\\\"Era pertinho de casa, comprava tudo fresquinho l\\u00e1\\\"\",\"lat\":\"-9.62643\",\"long\":\"-35.74921\",\"imagem\":\"https:\\\/\\\/memo.museudapessoa.org\\\/memorias-que-nao-afundam\\\/wp-content\\\/uploads\\\/sites\\\/163\\\/2025\\\/10\\\/MERCADO-PUBLICO-DE-BEBEDOURO.jpeg\",\"link\":\"https:\\\/\\\/maps.app.goo.gl\\\/nGkwrNVF3exoPQ2J9\",\"data_desativacao\":\"\"},{\"nome\":\"Panifica\\u00e7\\u00e3o Belo Horizonte\",\"estado\":\"AL\",\"cidade\":\"Macei\\u00f3\",\"informacoes\":\"\\u201cPessoal vinha de outro bairro para comprar coisas na Belo Horizonte\\u201d\\r\\n\",\"lat\":\"-9.63018\",\"long\":\"-35.74087\",\"imagem\":\"https:\\\/\\\/memo.museudapessoa.org\\\/memorias-que-nao-afundam\\\/wp-content\\\/uploads\\\/sites\\\/163\\\/2025\\\/10\\\/panificacao-Belo-Horizonte.jpg\",\"link\":\"https:\\\/\\\/maps.app.goo.gl\\\/vTYzeGzfA6P31N5u7\",\"data_desativacao\":\"\"},{\"nome\":\"Panifica\\u00e7\\u00e3o Lima Rocha\",\"estado\":\"AL\",\"cidade\":\"Macei\\u00f3\",\"informacoes\":\"\\\"Tradicional. A fam\\u00edlia vendeu logo antes do desastre\\\"\",\"lat\":\"-9.63812\",\"long\":\"-35.74194\",\"imagem\":\"https:\\\/\\\/memo.museudapessoa.org\\\/memorias-que-nao-afundam\\\/wp-content\\\/uploads\\\/sites\\\/163\\\/2025\\\/10\\\/Panificacao-Lima-Rocha.jpg\",\"link\":\"https:\\\/\\\/maps.app.goo.gl\\\/6LLkgVnz82yWJ2rL7\",\"data_desativacao\":\"\"},{\"nome\":\"Hospital Portugal Ramanho\",\"estado\":\"AL\",\"cidade\":\"Macei\\u00f3\",\"informacoes\":\"\\\"Onde acontecia o bloco maluco beleza\\\"\",\"lat\":\"-9.64569\",\"long\":\"-35.73921\",\"imagem\":\"https:\\\/\\\/memo.museudapessoa.org\\\/memorias-que-nao-afundam\\\/wp-content\\\/uploads\\\/sites\\\/163\\\/2025\\\/09\\\/Hospital-Portugal-Ramalho-Farol.png\",\"link\":\"https:\\\/\\\/www.google.com\\\/maps\\\/place\\\/R.+Oldemburgo+da+Silva+Paranhos,+677+-+Farol,+Macei%C3%B3+-+AL,+57055-320\\\/@-9.6456372,-35.7394952,102m\\\/data=!3m1!1e3!4m5!3m4!1s0x701458a1879f81b:0x979b5f72dc736220!8m2!3d-9.6457165!4d-35.7392059?entry=ttu&amp;g_ep=EgoyMDI1MDkxNy4wIKXMDSoASAFQAw%3D%3D\",\"data_desativacao\":\"\"},{\"nome\":\"Posto de Sa\\u00fade S\\u00e3o Vicente\",\"estado\":\"AL\",\"cidade\":\"Macei\\u00f3\",\"informacoes\":\"\\\"Antes atendiam nossos familiares l\\u00e1\\\"\",\"lat\":\"-9.63783\",\"long\":\"-35.73755\",\"imagem\":\"https:\\\/\\\/memo.museudapessoa.org\\\/memorias-que-nao-afundam\\\/wp-content\\\/uploads\\\/sites\\\/163\\\/2025\\\/09\\\/Posto-de-Saude-Sao-Vicente-Pinheiro.png\",\"link\":\"https:\\\/\\\/www.google.com\\\/maps\\\/place\\\/R.+Miguel+Palmeira,+Macei%C3%B3+-+AL,+57055-504\\\/@-9.638348,-35.7388245,409m\\\/data=!3m1!1e3!4m6!3m5!1s0x70145f44b761327:0x746330585cb105db!8m2!3d-9.6379298!4d-35.7375167!16s%2Fg%2F1ymtn5djs?entry=ttu&amp;g_ep=EgoyMDI1MDkxNy4wIKXMDSoASAFQAw%3D%3D\",\"data_desativacao\":\"\"},{\"nome\":\"Associa\\u00e7\\u00e3o da crian\\u00e7a e do adolescente\",\"estado\":\"AL\",\"cidade\":\"Macei\\u00f3\",\"informacoes\":\"\\\"Aconteciam as festas das crian\\u00e7as, dia das m\\u00e3es e cursos de teatro e dan\\u00e7a\\\"\",\"lat\":\"-9.62238\",\"long\":\"-35.75419\",\"imagem\":\"https:\\\/\\\/memo.museudapessoa.org\\\/memorias-que-nao-afundam\\\/wp-content\\\/uploads\\\/sites\\\/163\\\/2025\\\/10\\\/ASSOCIACAO-DA-CRIANCA-E-DO-ADOLESCENTE-CHA-DE-BEBEDOURO.jpeg\",\"link\":\"https:\\\/\\\/maps.app.goo.gl\\\/ajzkL183zwuZHuPq9\",\"data_desativacao\":\"\"},{\"nome\":\"Cemit\\u00e9rio Santo Ant\\u00f4nio\",\"estado\":\"AL\",\"cidade\":\"Macei\\u00f3\",\"informacoes\":\"\\\"Saudades eternas de nossos entes queridos\\\"\",\"lat\":\"-9.62659\",\"long\":\"-35.74587\",\"imagem\":\"https:\\\/\\\/memo.museudapessoa.org\\\/memorias-que-nao-afundam\\\/wp-content\\\/uploads\\\/sites\\\/163\\\/2025\\\/10\\\/CEMITERIO-SANT-ANTONIO-BEBEDOURO.jpeg\",\"link\":\"https:\\\/\\\/maps.app.goo.gl\\\/mzbbSUxjbfjh94jQ7\",\"data_desativacao\":\"\"},{\"nome\":\"CRAS\",\"estado\":\"AL\",\"cidade\":\"Macei\\u00f3\",\"informacoes\":\"\\\"O coco de roda ensaiava l\\u00e1, a gente ouvia de casa a batida do trup\\u00e9\\\"\",\"lat\":\"-9.62184\",\"long\":\"-35.75952\",\"imagem\":\"https:\\\/\\\/memo.museudapessoa.org\\\/memorias-que-nao-afundam\\\/wp-content\\\/uploads\\\/sites\\\/163\\\/2025\\\/10\\\/CRAS.jpeg\",\"link\":\"https:\\\/\\\/maps.app.goo.gl\\\/tC4EP22X1vtA6oMB7\",\"data_desativacao\":\"\"},{\"nome\":\"Hospital Jos\\u00e9 Lopes de Mendon\\u00e7a\",\"estado\":\"AL\",\"cidade\":\"Macei\\u00f3\",\"informacoes\":\"\\\"Pr\\u00e9dio muito bonito, falavam muito de l\\u00e1\\\"\",\"lat\":\"-9.631775\",\"long\":\"-35.749734\",\"imagem\":\"https:\\\/\\\/memo.museudapessoa.org\\\/memorias-que-nao-afundam\\\/wp-content\\\/uploads\\\/sites\\\/163\\\/2025\\\/10\\\/HOSPITAL-JOSE-LOPES-DE-MENDONCA.jpeg\",\"link\":\"https:\\\/\\\/maps.app.goo.gl\\\/tY2MDkEv2uiFqdNK7\",\"data_desativacao\":\"\"},{\"nome\":\"SINTEAL\",\"estado\":\"AL\",\"cidade\":\"Macei\\u00f3\",\"informacoes\":\"\\\"Foi constru\\u00eddo pelo Sindicato. O audit\\u00f3rio era bem grande\\\"\",\"lat\":\"-9.640869\",\"long\":\"-35.745186\",\"imagem\":\"https:\\\/\\\/memo.museudapessoa.org\\\/memorias-que-nao-afundam\\\/wp-content\\\/uploads\\\/sites\\\/163\\\/2025\\\/10\\\/FOTO-SINTEAL-MUTANGE.jpg\",\"link\":\"https:\\\/\\\/maps.app.goo.gl\\\/okGMTxL8pPYgVx819\",\"data_desativacao\":\"\"},{\"nome\":\"Hospital Macei\\u00f3\",\"estado\":\"AL\",\"cidade\":\"Macei\\u00f3\",\"informacoes\":\"\\u201cFoi onde eu dei a luz ao meu filho e hoje ele n\\u00e3o existe mais. Foi para a Serraria\\\"\\r\\n\",\"lat\":\"-9.63006\",\"long\":\"-35.74273\",\"imagem\":\"https:\\\/\\\/memo.museudapessoa.org\\\/memorias-que-nao-afundam\\\/wp-content\\\/uploads\\\/sites\\\/163\\\/2025\\\/10\\\/FOTO-HOSPITAL-MACEIO-HAPVIDA-PINHEIRO.jpeg\",\"link\":\"https:\\\/\\\/maps.app.goo.gl\\\/QWr6kiRyRGKixy327\",\"data_desativacao\":\"\"},{\"nome\":\"Complexo Bom Conselho\",\"estado\":\"AL\",\"cidade\":\"Macei\\u00f3\",\"informacoes\":\"\\\"Quando descia a ladeira do Calmon, era a primeira coisa que via. Todo mundo queria estudar na escola que tinha l\\u00e1\\\"\",\"lat\":\"-9.62841\",\"long\":\"-35.75078\",\"imagem\":\"https:\\\/\\\/memo.museudapessoa.org\\\/memorias-que-nao-afundam\\\/wp-content\\\/uploads\\\/sites\\\/163\\\/2025\\\/10\\\/FOTO-COMPLEXO-BOM-CONSELHO-BEBEDOURO-1.jpg\",\"link\":\"https:\\\/\\\/maps.app.goo.gl\\\/uMxEqafyLAaDwJ3n6\",\"data_desativacao\":\"\"}]; \nconst categories_obj = [{\"nome\":\"Onde cuid\\u00e1vamos dos nossos\",\"cor\":\"#ed1c24\",\"localidades\":[{\"nome\":\"Hospital Portugal Ramanho\",\"estado\":\"AL\",\"cidade\":\"Macei\\u00f3\",\"informacoes\":\"\\\"Onde acontecia o bloco maluco beleza\\\"\",\"lat\":\"-9.64569\",\"long\":\"-35.73921\",\"imagem\":\"https:\\\/\\\/memo.museudapessoa.org\\\/memorias-que-nao-afundam\\\/wp-content\\\/uploads\\\/sites\\\/163\\\/2025\\\/09\\\/Hospital-Portugal-Ramalho-Farol.png\",\"link\":\"https:\\\/\\\/www.google.com\\\/maps\\\/place\\\/R.+Oldemburgo+da+Silva+Paranhos,+677+-+Farol,+Macei%C3%B3+-+AL,+57055-320\\\/@-9.6456372,-35.7394952,102m\\\/data=!3m1!1e3!4m5!3m4!1s0x701458a1879f81b:0x979b5f72dc736220!8m2!3d-9.6457165!4d-35.7392059?entry=ttu&amp;g_ep=EgoyMDI1MDkxNy4wIKXMDSoASAFQAw%3D%3D\",\"data_desativacao\":\"\"},{\"nome\":\"Posto de Sa\\u00fade S\\u00e3o Vicente\",\"estado\":\"AL\",\"cidade\":\"Macei\\u00f3\",\"informacoes\":\"\\\"Antes atendiam nossos familiares l\\u00e1\\\"\",\"lat\":\"-9.63783\",\"long\":\"-35.73755\",\"imagem\":\"https:\\\/\\\/memo.museudapessoa.org\\\/memorias-que-nao-afundam\\\/wp-content\\\/uploads\\\/sites\\\/163\\\/2025\\\/09\\\/Posto-de-Saude-Sao-Vicente-Pinheiro.png\",\"link\":\"https:\\\/\\\/www.google.com\\\/maps\\\/place\\\/R.+Miguel+Palmeira,+Macei%C3%B3+-+AL,+57055-504\\\/@-9.638348,-35.7388245,409m\\\/data=!3m1!1e3!4m6!3m5!1s0x70145f44b761327:0x746330585cb105db!8m2!3d-9.6379298!4d-35.7375167!16s%2Fg%2F1ymtn5djs?entry=ttu&amp;g_ep=EgoyMDI1MDkxNy4wIKXMDSoASAFQAw%3D%3D\",\"data_desativacao\":\"\"},{\"nome\":\"Associa\\u00e7\\u00e3o da crian\\u00e7a e do adolescente\",\"estado\":\"AL\",\"cidade\":\"Macei\\u00f3\",\"informacoes\":\"\\\"Aconteciam as festas das crian\\u00e7as, dia das m\\u00e3es e cursos de teatro e dan\\u00e7a\\\"\",\"lat\":\"-9.62238\",\"long\":\"-35.75419\",\"imagem\":\"https:\\\/\\\/memo.museudapessoa.org\\\/memorias-que-nao-afundam\\\/wp-content\\\/uploads\\\/sites\\\/163\\\/2025\\\/10\\\/ASSOCIACAO-DA-CRIANCA-E-DO-ADOLESCENTE-CHA-DE-BEBEDOURO.jpeg\",\"link\":\"https:\\\/\\\/maps.app.goo.gl\\\/ajzkL183zwuZHuPq9\",\"data_desativacao\":\"\"},{\"nome\":\"Cemit\\u00e9rio Santo Ant\\u00f4nio\",\"estado\":\"AL\",\"cidade\":\"Macei\\u00f3\",\"informacoes\":\"\\\"Saudades eternas de nossos entes queridos\\\"\",\"lat\":\"-9.62659\",\"long\":\"-35.74587\",\"imagem\":\"https:\\\/\\\/memo.museudapessoa.org\\\/memorias-que-nao-afundam\\\/wp-content\\\/uploads\\\/sites\\\/163\\\/2025\\\/10\\\/CEMITERIO-SANT-ANTONIO-BEBEDOURO.jpeg\",\"link\":\"https:\\\/\\\/maps.app.goo.gl\\\/mzbbSUxjbfjh94jQ7\",\"data_desativacao\":\"\"},{\"nome\":\"CRAS\",\"estado\":\"AL\",\"cidade\":\"Macei\\u00f3\",\"informacoes\":\"\\\"O coco de roda ensaiava l\\u00e1, a gente ouvia de casa a batida do trup\\u00e9\\\"\",\"lat\":\"-9.62184\",\"long\":\"-35.75952\",\"imagem\":\"https:\\\/\\\/memo.museudapessoa.org\\\/memorias-que-nao-afundam\\\/wp-content\\\/uploads\\\/sites\\\/163\\\/2025\\\/10\\\/CRAS.jpeg\",\"link\":\"https:\\\/\\\/maps.app.goo.gl\\\/tC4EP22X1vtA6oMB7\",\"data_desativacao\":\"\"},{\"nome\":\"Hospital Jos\\u00e9 Lopes de Mendon\\u00e7a\",\"estado\":\"AL\",\"cidade\":\"Macei\\u00f3\",\"informacoes\":\"\\\"Pr\\u00e9dio muito bonito, falavam muito de l\\u00e1\\\"\",\"lat\":\"-9.631775\",\"long\":\"-35.749734\",\"imagem\":\"https:\\\/\\\/memo.museudapessoa.org\\\/memorias-que-nao-afundam\\\/wp-content\\\/uploads\\\/sites\\\/163\\\/2025\\\/10\\\/HOSPITAL-JOSE-LOPES-DE-MENDONCA.jpeg\",\"link\":\"https:\\\/\\\/maps.app.goo.gl\\\/tY2MDkEv2uiFqdNK7\",\"data_desativacao\":\"\"},{\"nome\":\"SINTEAL\",\"estado\":\"AL\",\"cidade\":\"Macei\\u00f3\",\"informacoes\":\"\\\"Foi constru\\u00eddo pelo Sindicato. O audit\\u00f3rio era bem grande\\\"\",\"lat\":\"-9.640869\",\"long\":\"-35.745186\",\"imagem\":\"https:\\\/\\\/memo.museudapessoa.org\\\/memorias-que-nao-afundam\\\/wp-content\\\/uploads\\\/sites\\\/163\\\/2025\\\/10\\\/FOTO-SINTEAL-MUTANGE.jpg\",\"link\":\"https:\\\/\\\/maps.app.goo.gl\\\/okGMTxL8pPYgVx819\",\"data_desativacao\":\"\"},{\"nome\":\"Hospital Macei\\u00f3\",\"estado\":\"AL\",\"cidade\":\"Macei\\u00f3\",\"informacoes\":\"\\u201cFoi onde eu dei a luz ao meu filho e hoje ele n\\u00e3o existe mais. Foi para a Serraria\\\"\\r\\n\",\"lat\":\"-9.63006\",\"long\":\"-35.74273\",\"imagem\":\"https:\\\/\\\/memo.museudapessoa.org\\\/memorias-que-nao-afundam\\\/wp-content\\\/uploads\\\/sites\\\/163\\\/2025\\\/10\\\/FOTO-HOSPITAL-MACEIO-HAPVIDA-PINHEIRO.jpeg\",\"link\":\"https:\\\/\\\/maps.app.goo.gl\\\/QWr6kiRyRGKixy327\",\"data_desativacao\":\"\"},{\"nome\":\"Complexo Bom Conselho\",\"estado\":\"AL\",\"cidade\":\"Macei\\u00f3\",\"informacoes\":\"\\\"Quando descia a ladeira do Calmon, era a primeira coisa que via. Todo mundo queria estudar na escola que tinha l\\u00e1\\\"\",\"lat\":\"-9.62841\",\"long\":\"-35.75078\",\"imagem\":\"https:\\\/\\\/memo.museudapessoa.org\\\/memorias-que-nao-afundam\\\/wp-content\\\/uploads\\\/sites\\\/163\\\/2025\\\/10\\\/FOTO-COMPLEXO-BOM-CONSELHO-BEBEDOURO-1.jpg\",\"link\":\"https:\\\/\\\/maps.app.goo.gl\\\/uMxEqafyLAaDwJ3n6\",\"data_desativacao\":\"\"}]},{\"nome\":\"Onde faz\\u00edamos as compras\",\"cor\":\"#0000ff\",\"localidades\":[{\"nome\":\"Mercadinho pilar\",\"estado\":\"AL\",\"cidade\":\"Macei\\u00f3\",\"informacoes\":\"\\u201cEra pequenininho, foi crescendo e crescendo e ficou enorme, era o \\u00fanico na regi\\u00e3o que cresceu. Foi para a serraria\\\"\\r\\n\",\"lat\":\"-9.63494\",\"long\":\"-35.74421\",\"imagem\":\"https:\\\/\\\/memo.museudapessoa.org\\\/memorias-que-nao-afundam\\\/wp-content\\\/uploads\\\/sites\\\/163\\\/2025\\\/09\\\/Mercadinho-Pilar-Pinheiro.png\",\"link\":\"https:\\\/\\\/www.google.com\\\/maps\\\/search\\\/Mercadinho+Pilar+-+Rua+Miguel+Manoel+Menezes,+585\\\/@-9.6346433,-35.7447837,289m\\\/data=!3m1!1e3?entry=ttu&amp;g_ep=EgoyMDI1MDkxNy4wIKXMDSoASAFQAw%3D%3D\",\"data_desativacao\":\"\"},{\"nome\":\"Supermercado Multibox\",\"estado\":\"AL\",\"cidade\":\"Macei\\u00f3\",\"informacoes\":\"\\\"Era muito movimentado, encontrava sempre meus vizinhos por l\\u00e1\\\"\",\"lat\":\"-9.64414\",\"long\":\"-35.743663\",\"imagem\":\"https:\\\/\\\/memo.museudapessoa.org\\\/memorias-que-nao-afundam\\\/wp-content\\\/uploads\\\/sites\\\/163\\\/2025\\\/09\\\/Supermercado-Multibox.png\",\"link\":\"https:\\\/\\\/www.google.com.br\\\/maps\\\/place\\\/R.+Gen.+Hermes,+1762+-+Bom+Parto,+Macei%C3%B3+-+AL,+57017-201\\\/@-9.6449772,-35.7461585,16.88z\\\/data=!4m10!1m3!11m2!2syqeAG5vxSCe0cdEns9g-tw!3e3!3m5!1s0x7014f6175061f75:0xf50b302429e4033d!8m2!3d-9.6443315!4d-35.7436099!16s%2Fg%2F11f0_g5hmg?entry=ttu&amp;g_ep=EgoyMDI1MDkxNy4wIKXMDSoASAFQAw%3D%3D\",\"data_desativacao\":\"\"},{\"nome\":\"L\\u00e9o servi\\u00e7os\",\"estado\":\"AL\",\"cidade\":\"Macei\\u00f3\",\"informacoes\":\"\\\"Tudo que eu precisava, achava por l\\u00e1\\\"\",\"lat\":\"-9.62072\",\"long\":\"-35.75747\",\"imagem\":\"https:\\\/\\\/memo.museudapessoa.org\\\/memorias-que-nao-afundam\\\/wp-content\\\/uploads\\\/sites\\\/163\\\/2025\\\/10\\\/LEO-SERVICOS-CHA-DE-BEBEDOURO.jpeg\",\"link\":\"https:\\\/\\\/maps.app.goo.gl\\\/nt5Xd7R6SmR5zZt1A\",\"data_desativacao\":\"\"},{\"nome\":\"Mercado P\\u00fablico de Bebedouro\",\"estado\":\"AL\",\"cidade\":\"Macei\\u00f3\",\"informacoes\":\"\\\"Era pertinho de casa, comprava tudo fresquinho l\\u00e1\\\"\",\"lat\":\"-9.62643\",\"long\":\"-35.74921\",\"imagem\":\"https:\\\/\\\/memo.museudapessoa.org\\\/memorias-que-nao-afundam\\\/wp-content\\\/uploads\\\/sites\\\/163\\\/2025\\\/10\\\/MERCADO-PUBLICO-DE-BEBEDOURO.jpeg\",\"link\":\"https:\\\/\\\/maps.app.goo.gl\\\/nGkwrNVF3exoPQ2J9\",\"data_desativacao\":\"\"},{\"nome\":\"Panifica\\u00e7\\u00e3o Belo Horizonte\",\"estado\":\"AL\",\"cidade\":\"Macei\\u00f3\",\"informacoes\":\"\\u201cPessoal vinha de outro bairro para comprar coisas na Belo Horizonte\\u201d\\r\\n\",\"lat\":\"-9.63018\",\"long\":\"-35.74087\",\"imagem\":\"https:\\\/\\\/memo.museudapessoa.org\\\/memorias-que-nao-afundam\\\/wp-content\\\/uploads\\\/sites\\\/163\\\/2025\\\/10\\\/panificacao-Belo-Horizonte.jpg\",\"link\":\"https:\\\/\\\/maps.app.goo.gl\\\/vTYzeGzfA6P31N5u7\",\"data_desativacao\":\"\"},{\"nome\":\"Panifica\\u00e7\\u00e3o Lima Rocha\",\"estado\":\"AL\",\"cidade\":\"Macei\\u00f3\",\"informacoes\":\"\\\"Tradicional. A fam\\u00edlia vendeu logo antes do desastre\\\"\",\"lat\":\"-9.63812\",\"long\":\"-35.74194\",\"imagem\":\"https:\\\/\\\/memo.museudapessoa.org\\\/memorias-que-nao-afundam\\\/wp-content\\\/uploads\\\/sites\\\/163\\\/2025\\\/10\\\/Panificacao-Lima-Rocha.jpg\",\"link\":\"https:\\\/\\\/maps.app.goo.gl\\\/6LLkgVnz82yWJ2rL7\",\"data_desativacao\":\"\"}]},{\"nome\":\"Onde faz\\u00edamos nossas preces\",\"cor\":\"#ff9664\",\"localidades\":[{\"nome\":\"Assembleia de Deus de Bebedouro\",\"estado\":\"AL\",\"cidade\":\"Macei\\u00f3\",\"informacoes\":\"\\\"A regi\\u00e3o se juntava a\\u00ed\\\"\",\"lat\":\"-9.62414\",\"long\":\"-35.75241\",\"imagem\":\"https:\\\/\\\/memo.museudapessoa.org\\\/memorias-que-nao-afundam\\\/wp-content\\\/uploads\\\/sites\\\/163\\\/2025\\\/10\\\/FOTO-ASSEMBLEIA-DE-DEUS-BEBEDOURO-MACEIO-AL.jpg\",\"link\":\"https:\\\/\\\/maps.app.goo.gl\\\/RnpNmVMaVWzVXa7S9\",\"data_desativacao\":\"\"},{\"nome\":\"Assembleia de Deus do Pinheiro\",\"estado\":\"AL\",\"cidade\":\"Macei\\u00f3\",\"informacoes\":\"\\\"Cruzadas, vig\\u00edlias, a gente acaba fechando a rua\\\"\",\"lat\":\"-9.63704\",\"long\":\"-35.73772\",\"imagem\":\"https:\\\/\\\/memo.museudapessoa.org\\\/memorias-que-nao-afundam\\\/wp-content\\\/uploads\\\/sites\\\/163\\\/2025\\\/10\\\/FOTO-IGREJA-ASSEMBLEIA-DE-DEUS-PINHEIRO-MACEIO-AL.jpg\",\"link\":\"https:\\\/\\\/maps.app.goo.gl\\\/aihwJt6mx89rnxSV9\",\"data_desativacao\":\"\"},{\"nome\":\"Igreja Batista do Pinheiro - IBP\",\"estado\":\"AL\",\"cidade\":\"Macei\\u00f3\",\"informacoes\":\"\\\"Lugar de resist\\u00eancia das pessoas junto ao pastor Wellington\\\"\",\"lat\":\"-9.63900\",\"long\":\"-35.74094\",\"imagem\":\"https:\\\/\\\/memo.museudapessoa.org\\\/memorias-que-nao-afundam\\\/wp-content\\\/uploads\\\/sites\\\/163\\\/2025\\\/10\\\/Igreja-Batista-do-Pinheiro-2019-IBP-1.jpg\",\"link\":\"https:\\\/\\\/maps.app.goo.gl\\\/KKDRTrcBnKqPG1et6\",\"data_desativacao\":\"\"},{\"nome\":\"Igreja Menino Jesus de Praga\",\"estado\":\"AL\",\"cidade\":\"Macei\\u00f3\",\"informacoes\":\"\\\"A popula\\u00e7\\u00e3o fazia festividades ali tamb\\u00e9m\\\"\",\"lat\":\"-9.62501\",\"long\":\"-35.73974\",\"imagem\":\"https:\\\/\\\/memo.museudapessoa.org\\\/memorias-que-nao-afundam\\\/wp-content\\\/uploads\\\/sites\\\/163\\\/2025\\\/10\\\/Igreja-Menino-Jesus-de-Praga.jpg\",\"link\":\"https:\\\/\\\/maps.app.goo.gl\\\/N83emsx336rwDjh76\",\"data_desativacao\":\"\"},{\"nome\":\"Percurso de prociss\\u00f5es \\u2014 Rua Tobias Barreto\",\"estado\":\"AL\",\"cidade\":\"Macei\\u00f3\",\"informacoes\":\"\\\"Ruas que blocos de carnaval (bloco da cegonha, bloco da raposa, etc) e prociss\\u00f5es (Santo Ant\\u00f4nio) passavam\\\"\",\"lat\":\"-9.62277\",\"long\":\"-35.75662\",\"imagem\":\"https:\\\/\\\/memo.museudapessoa.org\\\/memorias-que-nao-afundam\\\/wp-content\\\/uploads\\\/sites\\\/163\\\/2025\\\/10\\\/PERCURSO-BLOCOS-E-PROCISSAO.jpeg\",\"link\":\"https:\\\/\\\/maps.app.goo.gl\\\/HqB1unXRb1Lnm6yA9\",\"data_desativacao\":\"\"}]},{\"nome\":\"Onde nos reun\\u00edamos\",\"cor\":\"#e6be01\",\"localidades\":[{\"nome\":\"Clube ASFAL\",\"estado\":\"AL\",\"cidade\":\"Macei\\u00f3\",\"informacoes\":\"\\\"Um bom clube para ir com a fam\\u00edlia\\\"\",\"lat\":\"-9.63718\",\"long\":\"-35.74266\",\"imagem\":\"https:\\\/\\\/memo.museudapessoa.org\\\/memorias-que-nao-afundam\\\/wp-content\\\/uploads\\\/sites\\\/163\\\/2025\\\/09\\\/Clube-ASFAL-Pinheiro.png\",\"link\":\"https:\\\/\\\/www.google.com.br\\\/maps\\\/place\\\/R.+Manoel+Menezes,+329+-+Pinheiro,+Macei%C3%B3+-+AL,+57055-690\\\/@-9.6368575,-35.7434466,18z\\\/data=!4m10!1m3!11m2!2syqeAG5vxSCe0cdEns9g-tw!3e3!3m5!1s0x7014f5f17d8a517:0xf6d30fd7084b7074!8m2!3d-9.6372281!4d-35.7426487!16s%2Fg%2F11cshzs6z2?entry=ttu&amp;g_ep=EgoyMDI1MDkxNy4wIKXMDSoASAFQAw%3D%3D\",\"data_desativacao\":\"\"},{\"nome\":\"Pra\\u00e7a Lucena Maranh\\u00e3o\",\"estado\":\"AL\",\"cidade\":\"Macei\\u00f3\",\"informacoes\":\"\\\"O parque iria para l\\u00e1, no S\\u00e3o Jo\\u00e3o faziamos palho\\u00e7\\u00e3o. Todo mundo curtia ali\\\"\",\"lat\":\"-9.62705\",\"long\":\"-35.75064\",\"imagem\":\"https:\\\/\\\/memo.museudapessoa.org\\\/memorias-que-nao-afundam\\\/wp-content\\\/uploads\\\/sites\\\/163\\\/2025\\\/09\\\/Praca-Lucena-Maranhao-Bebedouro.png\",\"link\":\"https:\\\/\\\/www.google.com\\\/maps\\\/place\\\/Pra%C3%A7a+Cel.+Lucena+Maranh%C3%A3o+-+Bebedouro,+Macei%C3%B3+-+AL\\\/@-9.6271435,-35.750879,145m\\\/data=!3m1!1e3!4m6!3m5!1s0x7014f51c3b8c455:0x28aea9ead1daf2aa!8m2!3d-9.6270833!4d-35.750632!16s%2Fg%2F1ymthxpk5?entry=ttu&amp;g_ep=EgoyMDI1MDkxNy4wIKXMDSoASAFQAw%3D%3D\",\"data_desativacao\":\"\"},{\"nome\":\"Bar do Ca\\u00e7\\u00e3o\",\"estado\":\"AL\",\"cidade\":\"Macei\\u00f3\",\"informacoes\":\"\\\"Agora est\\u00e1 na Jati\\u00faca. Muito procurado\\\"\",\"lat\":\"-9.64480\",\"long\":\"-35.74172\",\"imagem\":\"https:\\\/\\\/memo.museudapessoa.org\\\/memorias-que-nao-afundam\\\/wp-content\\\/uploads\\\/sites\\\/163\\\/2025\\\/09\\\/Bar-do-Cacao-Farol.png\",\"link\":\"https:\\\/\\\/maps.app.goo.gl\\\/d4QUoBPJUEpK2o2g8\",\"data_desativacao\":\"\"},{\"nome\":\"Espa\\u00e7o da vaquejada\",\"estado\":\"AL\",\"cidade\":\"Macei\\u00f3\",\"informacoes\":\"\\\"Tradi\\u00e7\\u00e3o, todo o ano os vaqueiros v\\u00e3o para o final do porto, na rua mesmo\\\"\",\"lat\":\"-9.62134\",\"long\":\"-35.76087\",\"imagem\":\"https:\\\/\\\/memo.museudapessoa.org\\\/memorias-que-nao-afundam\\\/wp-content\\\/uploads\\\/sites\\\/163\\\/2025\\\/10\\\/LOCAL-ONDE-REALIZAVA-A-FESTA-DA-VAQUEJADA.jpeg\",\"link\":\"https:\\\/\\\/maps.app.goo.gl\\\/rruZ8hdYSTBd9cHM6\",\"data_desativacao\":\"\"},{\"nome\":\"CT do Centro Sportivo Alagoano - CSA\",\"estado\":\"AL\",\"cidade\":\"Macei\\u00f3\",\"informacoes\":\"\\\"Quem morava no Mutange assistia os jogos do CSA de camarote. Torciam pelo azul\\u00e3o\\\"\",\"lat\":\"-9.641012\",\"long\":\"-35.745205\",\"imagem\":\"https:\\\/\\\/memo.museudapessoa.org\\\/memorias-que-nao-afundam\\\/wp-content\\\/uploads\\\/sites\\\/163\\\/2025\\\/10\\\/FOTO-CT-CSA-MUTANGE.webp\",\"link\":\"https:\\\/\\\/maps.app.goo.gl\\\/h8UccyvkA9Vy6cB96\",\"data_desativacao\":\"\"},{\"nome\":\"Parque da Lagoa\",\"estado\":\"AL\",\"cidade\":\"Macei\\u00f3\",\"informacoes\":\"\\\"Ponto que \\u00e9 da comunidade, todo mundo pode pegar of\\u00edcio para ficar l\\u00e1\\\"\",\"lat\":\"-9.623470\",\"long\":\"-35.756121\",\"imagem\":\"https:\\\/\\\/memo.museudapessoa.org\\\/memorias-que-nao-afundam\\\/wp-content\\\/uploads\\\/sites\\\/163\\\/2025\\\/10\\\/PARQUE-DA-LAGOA-FLEXAL.jpeg\",\"link\":\"https:\\\/\\\/maps.app.goo.gl\\\/kLdXKUrxSDacJYmi8\",\"data_desativacao\":\"\"},{\"nome\":\"Pra\\u00e7a Jardim Ac\\u00e1cia\",\"estado\":\"AL\",\"cidade\":\"Macei\\u00f3\",\"informacoes\":\"\\\"Ponto de encontro de jogos das pessoas que moravam no arredor\\\"\",\"lat\":\"-9.63678\",\"long\":\"-35.74287\",\"imagem\":\"https:\\\/\\\/memo.museudapessoa.org\\\/memorias-que-nao-afundam\\\/wp-content\\\/uploads\\\/sites\\\/163\\\/2025\\\/10\\\/Praca-jardim-acacia.jpg\",\"link\":\"https:\\\/\\\/maps.app.goo.gl\\\/DaiHSh5sBTEKzA9Z9\",\"data_desativacao\":\"\"},{\"nome\":\"Caldinho do Vieira\",\"estado\":\"AL\",\"cidade\":\"Macei\\u00f3\",\"informacoes\":\"\\u201cMelhor caldo de Macei\\u00f3, sem falar que o Vieira era uma figura\\u201d\",\"lat\":\"-9.62809\",\"long\":\"-35.74182\",\"imagem\":\"https:\\\/\\\/memo.museudapessoa.org\\\/memorias-que-nao-afundam\\\/wp-content\\\/uploads\\\/sites\\\/163\\\/2025\\\/09\\\/Bar-Caldinho-do-Vieira-Pinheiro.png\",\"link\":\"https:\\\/\\\/www.google.com.br\\\/maps\\\/place\\\/R.+Prof.+Jos%C3%A9+da+Silveira+Camerino,+882+-+Pinheiro,+Macei%C3%B3+-+AL,+57057-250\\\/@-9.6281461,-35.7429723,18.33z\\\/data=!4m10!1m3!11m2!2syqeAG5vxSCe0cdEns9g-tw!3e3!3m5!1s0x7014f563fc01b71:0xa4fc86d118f13765!8m2!3d-9.6282086!4d-35.7418301!16s%2Fg%2F11c5crq0t_?entry=ttu&amp;g_ep=EgoyMDI1MDkxNy4wIKXMDSoASAFQAw%3D%3D\",\"data_desativacao\":\"\"},{\"nome\":\"Quintal cultural\",\"estado\":\"AL\",\"cidade\":\"Macei\\u00f3\",\"informacoes\":\"\\\"Lugar de resist\\u00eancia e manifesta\\u00e7\\u00f5es culturais do Bom Parto. Hoje, continuam na luta\\\"\",\"lat\":\"-9.65420\",\"long\":\"-35.74274\",\"imagem\":\"https:\\\/\\\/memo.museudapessoa.org\\\/memorias-que-nao-afundam\\\/wp-content\\\/uploads\\\/sites\\\/163\\\/2025\\\/10\\\/Captura-de-tela-2025-10-09-212219.png\",\"link\":\"https:\\\/\\\/maps.app.goo.gl\\\/5gWnPw5aPHSV2qFX8\",\"data_desativacao\":\"\"}]},{\"nome\":\"Onde peg\\u00e1vamos o trem\",\"cor\":\"#000000\",\"localidades\":[{\"nome\":\"Esta\\u00e7\\u00e3o de Bebedouro\",\"estado\":\"AL\",\"cidade\":\"Macei\\u00f3\",\"informacoes\":\"\\\"Esta\\u00e7\\u00e3o movimentada, se formou uma feira pr\\u00f3xima\\\"\",\"lat\":\"-9.62478\",\"long\":\"-35.75324\",\"imagem\":\"https:\\\/\\\/memo.museudapessoa.org\\\/memorias-que-nao-afundam\\\/wp-content\\\/uploads\\\/sites\\\/163\\\/2025\\\/10\\\/ESTACAO-BEBEDOURO.jpeg\",\"link\":\"https:\\\/\\\/maps.app.goo.gl\\\/WHTLur46kcUoGzNA8\",\"data_desativacao\":\"\"},{\"nome\":\"Esta\\u00e7\\u00e3o do Bom Parto\",\"estado\":\"AL\",\"cidade\":\"Macei\\u00f3\",\"informacoes\":\"\\\"Pegava meu trem para Rio Largo ali\\\"\",\"lat\":\"-9.64949\",\"long\":\"-35.74340\",\"imagem\":\"https:\\\/\\\/memo.museudapessoa.org\\\/memorias-que-nao-afundam\\\/wp-content\\\/uploads\\\/sites\\\/163\\\/2025\\\/10\\\/ESTACAO-BOM-PARTO.jpeg\",\"link\":\"https:\\\/\\\/maps.app.goo.gl\\\/CsVgSuKSKusBcWkB9\",\"data_desativacao\":\"\"},{\"nome\":\"Esta\\u00e7\\u00e3o do Mutange\",\"estado\":\"AL\",\"cidade\":\"Macei\\u00f3\",\"informacoes\":\"\\\"Descia ali para trabalhar no CT do CSA\\\"\",\"lat\":\"-9.63909\",\"long\":\"-35.74618\",\"imagem\":\"https:\\\/\\\/memo.museudapessoa.org\\\/memorias-que-nao-afundam\\\/wp-content\\\/uploads\\\/sites\\\/163\\\/2025\\\/10\\\/ESTACAO-MUTANGE.jpeg\",\"link\":\"https:\\\/\\\/maps.app.goo.gl\\\/q9ivChg4FyzNg73M6\",\"data_desativacao\":\"\"}]},{\"nome\":\"Onde mor\\u00e1vamos \",\"cor\":\"#ed1c24\",\"localidades\":[{\"nome\":\"Casa do Walisson\",\"estado\":\"AL\",\"cidade\":\"Macei\\u00f3\",\"informacoes\":\"\",\"lat\":\"-9.62287\",\"long\":\"-35.75660\",\"imagem\":\"https:\\\/\\\/memo.museudapessoa.org\\\/memorias-que-nao-afundam\\\/wp-content\\\/uploads\\\/sites\\\/163\\\/2025\\\/11\\\/Captura-de-tela-2025-11-05-225225.png\",\"link\":\"https:\\\/\\\/maps.app.goo.gl\\\/ZGn9CAXxqpi7mRJt7\",\"data_desativacao\":\"\"},{\"nome\":\"Casa da Cida\",\"estado\":\"AL\",\"cidade\":\"Macei\\u00f3\",\"informacoes\":\"\",\"lat\":\"-9.64369\",\"long\":\"-35.74130\",\"imagem\":\"https:\\\/\\\/memo.museudapessoa.org\\\/memorias-que-nao-afundam\\\/wp-content\\\/uploads\\\/sites\\\/163\\\/2025\\\/11\\\/Captura-de-tela-2025-11-05-225027.png\",\"link\":\"https:\\\/\\\/maps.app.goo.gl\\\/bu1QrdFwiuEGGHEQ8\",\"data_desativacao\":\"\"},{\"nome\":\"Casa da Samara\",\"estado\":\"AL\",\"cidade\":\"Macei\\u00f3\",\"informacoes\":\"\",\"lat\":\"-9.63705\",\"long\":\"-35.7377\",\"imagem\":\"https:\\\/\\\/memo.museudapessoa.org\\\/memorias-que-nao-afundam\\\/wp-content\\\/uploads\\\/sites\\\/163\\\/2025\\\/11\\\/Captura-de-tela-2025-11-05-224749.png\",\"link\":\"https:\\\/\\\/maps.app.goo.gl\\\/9GETVhQd9YYwtWdn6\",\"data_desativacao\":\"\"},{\"nome\":\"Casa da Jeanne\",\"estado\":\"AL\",\"cidade\":\"Macei\\u00f3\",\"informacoes\":\"\",\"lat\":\"-9.64473\",\"long\":\"-35.74174\",\"imagem\":\"https:\\\/\\\/memo.museudapessoa.org\\\/memorias-que-nao-afundam\\\/wp-content\\\/uploads\\\/sites\\\/163\\\/2025\\\/11\\\/Captura-de-tela-2025-11-05-224522.png\",\"link\":\"https:\\\/\\\/maps.app.goo.gl\\\/fqSpSXtpLXHPCbmd8\",\"data_desativacao\":\"\"},{\"nome\":\"Casa do Junior\",\"estado\":\"AL\",\"cidade\":\"Macei\\u00f3\",\"informacoes\":\"\",\"lat\":\"-9.63533\",\"long\":\"-35.74299\",\"imagem\":\"https:\\\/\\\/memo.museudapessoa.org\\\/memorias-que-nao-afundam\\\/wp-content\\\/uploads\\\/sites\\\/163\\\/2025\\\/11\\\/Captura-de-tela-2025-11-05-224257.png\",\"link\":\"https:\\\/\\\/maps.app.goo.gl\\\/oLN4TxDGYXKUBkFe8\",\"data_desativacao\":\"\"},{\"nome\":\"Casa do Rog\\u00e9rio\",\"estado\":\"AL\",\"cidade\":\"Macei\\u00f3\",\"informacoes\":\"\",\"lat\":\"-9.65433\",\"long\":\"-35.74280\",\"imagem\":\"https:\\\/\\\/memo.museudapessoa.org\\\/memorias-que-nao-afundam\\\/wp-content\\\/uploads\\\/sites\\\/163\\\/2025\\\/11\\\/Captura-de-tela-2025-11-05-224104.png\",\"link\":\"https:\\\/\\\/maps.app.goo.gl\\\/43Abys8VGQGrKKfg9\",\"data_desativacao\":\"\"},{\"nome\":\"Casa da Ana Paula\",\"estado\":\"AL\",\"cidade\":\"Macei\\u00f3\",\"informacoes\":\"\",\"lat\":\"-9.62659\",\"long\":\"-35.75147\",\"imagem\":\"https:\\\/\\\/memo.museudapessoa.org\\\/memorias-que-nao-afundam\\\/wp-content\\\/uploads\\\/sites\\\/163\\\/2025\\\/11\\\/Captura-de-tela-2025-11-05-223917.png\",\"link\":\"https:\\\/\\\/maps.app.goo.gl\\\/GYah2dTWG2RbdYrYA\",\"data_desativacao\":\"\"},{\"nome\":\"Casa do Pedro\",\"estado\":\"AL\",\"cidade\":\"Macei\\u00f3\",\"informacoes\":\"\",\"lat\":\"-9.63634\",\"long\":\"-35.74025\",\"imagem\":\"https:\\\/\\\/memo.museudapessoa.org\\\/memorias-que-nao-afundam\\\/wp-content\\\/uploads\\\/sites\\\/163\\\/2025\\\/11\\\/Captura-de-tela-2025-11-05-223726.png\",\"link\":\"https:\\\/\\\/maps.app.goo.gl\\\/yTygtg7qhxta4vmB8\",\"data_desativacao\":\"\"},{\"nome\":\"Casa da Elisa\",\"estado\":\"AL\",\"cidade\":\"Macei\\u00f3\",\"informacoes\":\"\",\"lat\":\"-9.63474\",\"long\":\"-35.74175\",\"imagem\":\"https:\\\/\\\/memo.museudapessoa.org\\\/memorias-que-nao-afundam\\\/wp-content\\\/uploads\\\/sites\\\/163\\\/2025\\\/11\\\/Captura-de-tela-2025-11-05-223549.png\",\"link\":\"https:\\\/\\\/maps.app.goo.gl\\\/hqXYhNmcqMD7StVx9\",\"data_desativacao\":\"\"},{\"nome\":\"Casa do Balbino\",\"estado\":\"AL\",\"cidade\":\"Macei\\u00f3\",\"informacoes\":\"\",\"lat\":\"-9.61714\",\"long\":\"-35.75485\",\"imagem\":\"https:\\\/\\\/memo.museudapessoa.org\\\/memorias-que-nao-afundam\\\/wp-content\\\/uploads\\\/sites\\\/163\\\/2025\\\/11\\\/Captura-de-tela-2025-11-05-223047.png\",\"link\":\"https:\\\/\\\/maps.app.goo.gl\\\/M49yRVqt5qxf559Y6\",\"data_desativacao\":\"\"},{\"nome\":\"Casa do Ricardo\",\"estado\":\"AL\",\"cidade\":\"Macei\\u00f3\",\"informacoes\":\"\",\"lat\":\"-9.64449\",\"long\":\"-35.74200\",\"imagem\":\"https:\\\/\\\/memo.museudapessoa.org\\\/memorias-que-nao-afundam\\\/wp-content\\\/uploads\\\/sites\\\/163\\\/2025\\\/11\\\/Captura-de-tela-2025-11-05-222454.png\",\"link\":\"https:\\\/\\\/maps.app.goo.gl\\\/iicjeq2bcf6hFKCK6\",\"data_desativacao\":\"\"},{\"nome\":\"Casa do Mauro\",\"estado\":\"AL\",\"cidade\":\"Macei\\u00f3\",\"informacoes\":\"\",\"lat\":\"-9.62483\",\"long\":\"-35.75496\",\"imagem\":\"https:\\\/\\\/memo.museudapessoa.org\\\/memorias-que-nao-afundam\\\/wp-content\\\/uploads\\\/sites\\\/163\\\/2025\\\/11\\\/Captura-de-tela-2025-11-05-220433.png\",\"link\":\"https:\\\/\\\/maps.app.goo.gl\\\/e7swrx5Dk4Bd7CPc8\",\"data_desativacao\":\"\"},{\"nome\":\"Casa da Andrea\",\"estado\":\"AL\",\"cidade\":\"Macei\\u00f3\",\"informacoes\":\"\",\"lat\":\"-9.62810\",\"long\":\"-35.74786\",\"imagem\":\"https:\\\/\\\/memo.museudapessoa.org\\\/memorias-que-nao-afundam\\\/wp-content\\\/uploads\\\/sites\\\/163\\\/2025\\\/11\\\/Captura-de-tela-2025-11-05-215840.png\",\"link\":\"https:\\\/\\\/maps.app.goo.gl\\\/4NdjFMvHYpAVdKa9A\",\"data_desativacao\":\"\"},{\"nome\":\"Casa do Aguinaldo\",\"estado\":\"AL\",\"cidade\":\"Macei\\u00f3\",\"informacoes\":\"\",\"lat\":\"-9.64645\",\"long\":\"-35.74411\",\"imagem\":\"https:\\\/\\\/memo.museudapessoa.org\\\/memorias-que-nao-afundam\\\/wp-content\\\/uploads\\\/sites\\\/163\\\/2025\\\/11\\\/Captura-de-tela-2025-11-05-215543.png\",\"link\":\"https:\\\/\\\/maps.app.goo.gl\\\/ZWJDpoRrMq99tHZJ8\",\"data_desativacao\":\"\"},{\"nome\":\"Casa do Paulinho\",\"estado\":\"AL\",\"cidade\":\"Macei\\u00f3\",\"informacoes\":\"\",\"lat\":\"-9.63934\",\"long\":\"-35.74163\",\"imagem\":\"https:\\\/\\\/memo.museudapessoa.org\\\/memorias-que-nao-afundam\\\/wp-content\\\/uploads\\\/sites\\\/163\\\/2025\\\/11\\\/Captura-de-tela-2025-11-05-215158.png\",\"link\":\"https:\\\/\\\/maps.app.goo.gl\\\/joJddEZTssPaB6bZ8\",\"data_desativacao\":\"\"},{\"nome\":\"Casa do Fabinho\",\"estado\":\"AL\",\"cidade\":\"Macei\\u00f3\",\"informacoes\":\"\",\"lat\":\"-9.62267\",\"long\":\"-35.75233\",\"imagem\":\"https:\\\/\\\/memo.museudapessoa.org\\\/memorias-que-nao-afundam\\\/wp-content\\\/uploads\\\/sites\\\/163\\\/2025\\\/11\\\/Captura-de-tela-2025-11-05-214857.png\",\"link\":\"https:\\\/\\\/maps.app.goo.gl\\\/HPV8eKcYyUYku6QK8\",\"data_desativacao\":\"\"},{\"nome\":\"Casa do Ely\",\"estado\":\"AL\",\"cidade\":\"Macei\\u00f3\",\"informacoes\":\"\",\"lat\":\"-9.63487\",\"long\":\"-35.73214\",\"imagem\":\"https:\\\/\\\/memo.museudapessoa.org\\\/memorias-que-nao-afundam\\\/wp-content\\\/uploads\\\/sites\\\/163\\\/2025\\\/11\\\/Captura-de-tela-2025-11-05-214406.png\",\"link\":\"https:\\\/\\\/maps.app.goo.gl\\\/g2LAHPos4m3y5Nsm9\",\"data_desativacao\":\"\"},{\"nome\":\"Casa da M\\u00f4nica\",\"estado\":\"AL\",\"cidade\":\"Macei\\u00f3\",\"informacoes\":\"\",\"lat\":\"-9.65346\",\"long\":\"-35.75887\",\"imagem\":\"https:\\\/\\\/memo.museudapessoa.org\\\/memorias-que-nao-afundam\\\/wp-content\\\/uploads\\\/sites\\\/163\\\/2025\\\/11\\\/Captura-de-tela-2025-11-05-213914.png\",\"link\":\"https:\\\/\\\/maps.app.goo.gl\\\/xJDfwBZSpFR5qk9L8\",\"data_desativacao\":\"\"},{\"nome\":\"Casa do Toninho\",\"estado\":\"AL\",\"cidade\":\"Macei\\u00f3\",\"informacoes\":\"\",\"lat\":\"-9.63541\",\"long\":\"-35.74295\",\"imagem\":\"https:\\\/\\\/memo.museudapessoa.org\\\/memorias-que-nao-afundam\\\/wp-content\\\/uploads\\\/sites\\\/163\\\/2025\\\/11\\\/Captura-de-tela-2025-11-05-213453.png\",\"link\":\"https:\\\/\\\/maps.app.goo.gl\\\/ACfuTUc8npTnQbtw8\",\"data_desativacao\":\"\"}]}]; \nconst markers = {}; \nconst routes = {};\nconst categoryMarkers = {};\nconst allCoordinates = [];  \nconst show_numbers = false;\nconst map = L.map('map', {\n    scrollWheelZoom: false,\n    dragging: !L.Browser.mobile,\n    zoomControl: false\n}).setView([-14.235004, -51.925280], 4);\nL.tileLayer('https:\/\/{s}.tile.openstreetmap.org\/{z}\/{x}\/{y}.png', {}).addTo(map);\nL.control.zoom({\n    position: 'bottomright'\n}).addTo(map);\n\nlet cor_pin_config = '#000';\n\ncategories_obj.forEach(function(categoryObj) {\n    let contador = 0;\n    let routeCoordinates = [];  \n    let routeColor = categoryObj.cor; \n    const slugCategory = slugify(categoryObj.nome);\n\n    if (categoryObj.localidades) {\n        categoryMarkers[slugCategory] = []; \n        categoryObj.localidades.forEach(function(placeObj) {\n            let cor_pin = categoryObj.cor;\n            let local = placeObj.cidade + ' - ' + placeObj.estado;\n            let lat = placeObj.lat;\n            let long = placeObj.long;\n            let popUp = '<div><div class=\"row\"><div class=\"history-map__container col-12\">';\n            popUp += \"<div id='popup-\" + contador + \"' class='row mb-2 history-map__item'>\";\n            if (placeObj.imagem) {\n                popUp += \"<div class='col-md-4 col-5 pe-0'><img src='\" + placeObj.imagem + \"' \/><\/div>\";\n            }\n            popUp += \"<div class='col align-self-center'>\";\n            popUp += \"<h4>\" + placeObj.nome + \" <\/h4>\";\n            if (placeObj.informacoes) {\n                popUp += \"<p class='my-0'>\" + placeObj.informacoes + \"<\/p>\";\n            }\n            if (placeObj.link) {\n                popUp += \"<a href='\" + placeObj.link + \"' target='_blank' class='btn color-white small py-0'>Acessar<\/a>\";\n            }\n            popUp += \"<\/div>\";\n            popUp += \"<\/div>\";         \n            popUp += '<\/div><\/div><\/div>';\n\n            const slug = slugify(placeObj.nome);\n            const numero_pin = (show_numbers) ? contador + 1 : false;\n\n            if (lat && long) {\n                routeCoordinates.push([lat, long]);\n                allCoordinates.push([lat, long]);\n                setTimeout(() => {\n                    const marker = L.marker([lat, long], { icon: createMarkerIcon(cor_pin, numero_pin), keyboard: false }).addTo(map);\n                    finish_marker(marker, slug);  \n                    categoryMarkers[slugCategory].push(marker);\n                }, 500);\n            } else {\n                fetch(`https:\/\/nominatim.openstreetmap.org\/search?q=${local}&format=json`)\n                    .then(response => response.json())\n                    .then(data => {\n                        if (data.length > 0) {\n                            const latitude = parseFloat(data[0].lat);\n                            const longitude = parseFloat(data[0].lon);\n                            const marker = L.marker([latitude, longitude], { icon: createMarkerIcon(cor_pin, numero_pin), keyboard: false }).addTo(map);\n                            finish_marker(marker, slug);\n                            categoryMarkers[slugCategory].push(marker);\n                            routeCoordinates.push([latitude, longitude]);\n                            allCoordinates.push([latitude, longitude]);\n                        } else {\n                            console.log('Cidade n\u00e3o encontrada.');\n                        }\n                    })\n                    .catch(error => {\n                        console.error('Ocorreu um erro ao obter as coordenadas da cidade:', error);\n                    });\n            }\n            function finish_marker(marker, slug) {\n                marker.bindPopup(popUp);\n                marker.on('popupclose', function() {\n                    $('.map-histories a').removeClass('active');\n                });\n                marker.on('popupopen', function() {\n                    $('.map-histories a.local-' + slug + '').addClass('active');\n                });\n                markers['marker-' + slug] = marker;\n            }\n            contador++;\n        });\n    }\n});\n\ndocument.querySelectorAll('.btn-filter').forEach(button => {\n  button.addEventListener('click', function() {\n    document.querySelectorAll('.btn-filter').forEach(btn => btn.classList.remove('active'));\n    this.classList.add('active');\n  });\n  \n});\nfunction remover_ordenacao(element){\n  const elements = document.querySelectorAll(element+'[class*=\"order-\"]');\n  elements.forEach(element => {\n      element.classList.forEach(className => {\n          if (className.startsWith('order-')) {\n              element.classList.remove(className);\n          }\n      });\n  });\n}\nlet currentRouteControl = null; \nfunction criarRota(nome, descricao, slugsJson) {\n  const slug_rota = slugify(nome);\n    remover_ordenacao('.map-histories__list a');\n    if (currentRouteControl) {\n        map.removeControl(currentRouteControl);\n        currentRouteControl = null;\n    }\n    Object.keys(markers).forEach(slug => markers[slug].remove());\n    if (nome === '*') {\n        Object.keys(markers).forEach(slug => markers[slug].addTo(map));\n    } else {\n        const slugs = typeof slugsJson === 'string' ? JSON.parse(slugsJson) : slugsJson;\n        const routeWaypoints = [];\n        let num_item = 1;\n        slugs.forEach(slug => {\n            const marker = markers['marker-' + slug];\n            document.querySelector('.local-'+slug).classList.add('route-'+slug_rota);\n            document.querySelector('.local-'+slug).classList.add('order-'+num_item);\n            if (marker) {\n                routeWaypoints.push(marker.getLatLng());\n                marker.addTo(map);\n                num_item++;\n            } else {\n                console.warn(`Marcador para o slug \"${slug}\" n\u00e3o encontrado.`);\n            }\n        });\n        filtraLocalidades('route-'+slug_rota, nome, descricao);\n        if (routeWaypoints.length > 1) {\n            currentRouteControl = L.Routing.control({\n                waypoints: routeWaypoints,\n                createMarker: function() { return null; }, \n                router: L.Routing.osrmv1({ profile: 'foot' }),\n                lineOptions: {\n                    styles: [{ color: 'gray', weight: 5 }]\n                }\n            }).addTo(map);\n            const bounds = L.latLngBounds(routeWaypoints);\n            map.fitBounds(bounds);\n        } else {\n            console.error(\"N\u00e3o h\u00e1 pontos suficientes para tra\u00e7ar uma rota.\");\n        }\n    }\n}\n\nfunction habilitarCategoria(nameCategory) {\n  remover_ordenacao();\n  if (currentRouteControl) {\n        map.removeControl(currentRouteControl);\n        currentRouteControl = null;\n  }\n  const slugCategory = (nameCategory != '*')?slugify(nameCategory):'*';\n  Object.keys(categoryMarkers).forEach(category => {\n        categoryMarkers[category].forEach(marker => map.removeLayer(marker));\n    });\n    if (slugCategory === \"*\") {\n        Object.keys(categoryMarkers).forEach(category => {\n            categoryMarkers[category].forEach(marker => marker.addTo(map));\n            filtraLocalidades('*');\n\n        });\n    } else if (categoryMarkers[slugCategory]) {\n        categoryMarkers[slugCategory].forEach(marker => marker.addTo(map));\n        filtraLocalidades('category-'+slugCategory, nameCategory);\n    }\n}\n\nfunction filtraLocalidades(str_class, title, description) {\n    const elements = document.querySelectorAll('.map-histories a');\n    const titleElement = document.querySelector('.map-histories__titulo');\n    const descriptionElement = document.querySelector('.map-histories__descricao');\n    if (title && title != '*') {\n        titleElement.innerHTML = title;\n        titleElement.style.display = 'block';\n    } else {\n        titleElement.style.display = 'none';\n    }\n    if (description && description != '*') {\n        descriptionElement.innerHTML = description;\n        descriptionElement.style.display = 'block';\n    } else {\n        descriptionElement.style.display = 'none';\n    }\n\n    elements.forEach(element => {\n        if (element.classList.contains(str_class) || str_class == '*') {\n            element.style.display = '';\n        } else {\n            element.style.display = 'none';\n        }\n    });\n}\n\nfunction habilitarRotaCategoria(slugCategory) {\n    Object.keys(categoryMarkers).forEach(category => {\n        if (category !== slugCategory) {\n            categoryMarkers[category].forEach(marker => map.removeLayer(marker));\n        }\n    });\n    Object.keys(routes).forEach(category => {\n        if (routes[category] && category !== slugCategory) {\n            map.removeControl(routes[category]); \n        }\n    });\n    if (categoryMarkers[slugCategory]) {\n        categoryMarkers[slugCategory].forEach(marker => marker.addTo(map));\n    }\n    if (routes[slugCategory]) {\n        routes[slugCategory].addTo(map);\n        const bounds = categoryMarkers[slugCategory].map(marker => marker.getLatLng());\n        if (bounds.length > 0) {\n            map.fitBounds(bounds);\n            setTimeout(() => {\n                map.setZoom(map.getZoom() - 1);\n            }, 500); \n        }\n    }\n}\n\nsetTimeout(function() {\n    if (allCoordinates.length > 0) {\n        map.fitBounds(allCoordinates); \n    }\n}, 3000);\n\n<\/script>\n\n\n\n\n\n<section id=\"\" class=' margin-top-none margin-bottom-medium padding-top-none padding-bottom-none' style='background-color:rgba(255,255,255,0);'>\n  <div class=\"container\">\n        <div class=\"row\">\n      <div class=\"col-md-12 mb-4\">\n        <h2>Depoimentos<\/h2>\n      <\/div>\n    <\/div>\n      <div class=\"row\">\n      <div class=\"col-md-8 offset-md-2\">\n        <div class=\"home-depoiments owl-theme owl-carousel\">\n                              <div class=\"row\">\n                                      <div class=\"col-md-5 mb-4 mb-md-0\">\n                        <img decoding=\"async\" class=\"w-100\" src=\"https:\/\/memo.museudapessoa.org\/memorias-que-nao-afundam\/wp-content\/uploads\/sites\/163\/2025\/09\/Capa-Balbino-1-1024x768.jpeg\" alt=\"Professor Jos\u00e9 Balbino\" loading=\"lazy\">\n                    <\/div>\n                                    <div class=\"col col align-self-center\">\n                    <div class=\"home-depoiments__depoiment\">\n                      <p>&#8220;Demoliram Bebedouro todo. Isso com o aval dos \u00f3rg\u00e3os\u2026 Quem \u00e9 que tem o direito de tirar sua vida? Quem tem o direito de tirar voc\u00ea de dentro da sua casa? Ningu\u00e9m tem esse direito.&#8221;<\/p>\n                      <p class=\"mb-0 bold\">Professor Jos\u00e9 Balbino<\/p>\n                                          <\/div>\n                  <\/div>\n              <\/div>\n                              <div class=\"row\">\n                                      <div class=\"col-md-5 mb-4 mb-md-0\">\n                        <img decoding=\"async\" class=\"w-100\" src=\"https:\/\/memo.museudapessoa.org\/memorias-que-nao-afundam\/wp-content\/uploads\/sites\/163\/2025\/09\/Capa-ELY-1-682x1024.jpg\" alt=\"Ely Daniel dos Santos Silva\" loading=\"lazy\">\n                    <\/div>\n                                    <div class=\"col col align-self-center\">\n                    <div class=\"home-depoiments__depoiment\">\n                      <p>&#8220;Eu n\u00e3o tive a oportunidade de escolher uma advogada. Eu n\u00e3o tive a oportunidade de fazer um acordo decente. Eu tive que aceitar, no caso, minha fam\u00edlia teve que aceitar o que eles disseram. Ent\u00e3o, a gente n\u00e3o tinha for\u00e7as para lutar contra isso.&#8221;<\/p>\n                      <p class=\"mb-0 bold\">Ely Daniel dos Santos Silva<\/p>\n                                          <\/div>\n                  <\/div>\n              <\/div>\n                              <div class=\"row\">\n                                      <div class=\"col-md-5 mb-4 mb-md-0\">\n                        <img decoding=\"async\" class=\"w-100\" src=\"https:\/\/memo.museudapessoa.org\/memorias-que-nao-afundam\/wp-content\/uploads\/sites\/163\/2025\/09\/Capa-Maria-Aparecida-1-758x1024.jpg\" alt=\"Maria Aparecida da Silva\" loading=\"lazy\">\n                    <\/div>\n                                    <div class=\"col col align-self-center\">\n                    <div class=\"home-depoiments__depoiment\">\n                      <p>&#8220;&#8230;a empresa chegou aqui e foi acolhida, foi aprovada. E hoje n\u00f3s estamos sofrendo. E hoje est\u00e1 a\u00ed o resultado dessa grande empresa.&#8221;<\/p>\n                      <p class=\"mb-0 bold\">Maria Aparecida da Silva<\/p>\n                                          <\/div>\n                  <\/div>\n              <\/div>\n                              <div class=\"row\">\n                                      <div class=\"col-md-5 mb-4 mb-md-0\">\n                        <img decoding=\"async\" class=\"w-100\" src=\"https:\/\/memo.museudapessoa.org\/memorias-que-nao-afundam\/wp-content\/uploads\/sites\/163\/2025\/09\/Capa-Elisa-1024x768.jpg\" alt=\"Elisa Oliveira de Moraes\" loading=\"lazy\">\n                    <\/div>\n                                    <div class=\"col col align-self-center\">\n                    <div class=\"home-depoiments__depoiment\">\n                      <p>&#8220;Foi me causando revolta, quando eu comecei a ver as casas sem portas, sem telhas. Muitas pessoas tinham pichado as paredes, pedindo justi\u00e7a. E os gatos ficando ali naqueles escombros. Os animais passando fome.\r\n&#8220;<\/p>\n                      <p class=\"mb-0 bold\">Elisa Oliveira de Moraes<\/p>\n                                          <\/div>\n                  <\/div>\n              <\/div>\n                              <div class=\"row\">\n                                      <div class=\"col-md-5 mb-4 mb-md-0\">\n                        <img decoding=\"async\" class=\"w-100\" src=\"https:\/\/memo.museudapessoa.org\/memorias-que-nao-afundam\/wp-content\/uploads\/sites\/163\/2025\/10\/Capa-Rogerio-1024x744.png\" alt=\"Rog\u00e9rio Dyaz\" loading=\"lazy\">\n                    <\/div>\n                                    <div class=\"col col align-self-center\">\n                    <div class=\"home-depoiments__depoiment\">\n                      <p>&#8220;O que eu penso pra isso aqui \u00e9 que primeiro que em hip\u00f3tese alguma a empresa pode ficar dona desse territ\u00f3rio, seria uma desonra, sabe, eu me tornaria menos gente, menos alagoano&#8230;&#8221;<\/p>\n                      <p class=\"mb-0 bold\">Rog\u00e9rio Dyaz<\/p>\n                                          <\/div>\n                  <\/div>\n              <\/div>\n                      <\/div>\n        <!-- <div class=\"home-depoiments__nav owl-theme owl-carousel my-md-5 px-5\">\n                              <div class=\"px-md-3 home-depoiments__nav-item\">\n                  <h3 class=\"text-center title-small\">Rog\u00e9rio Dyaz<\/h3>\n                <\/div>\n                      <\/div> -->\n      <\/div>\n    <\/div>\n  <\/div>\n<\/section>\n\n\n","protected":false},"excerpt":{"rendered":"<p>Apresenta\u00e7\u00e3o Mem\u00f3rias que N\u00e3o Afundam busca mostrar as mem\u00f3rias e hist\u00f3rias de dezenove ex-moradores dos cinco bairros atingidos pelo afundamento de solo causado pela extra\u00e7\u00e3o de sal-gema por uma mineradora em Macei\u00f3\/AL.&nbsp; Todos os personagens que est\u00e3o nesta exposi\u00e7\u00e3o foram&#8230;<\/p>\n","protected":false},"author":1,"featured_media":0,"parent":0,"menu_order":0,"comment_status":"closed","ping_status":"closed","template":"","meta":{"_acf_changed":false,"footnotes":""},"class_list":["post-20","page","type-page","status-publish","hentry"],"acf":[],"yoast_head":"<!-- This site is optimized with the Yoast SEO plugin v23.3 - https:\/\/yoast.com\/wordpress\/plugins\/seo\/ -->\n<title>- Mem\u00f3rias que N\u00e3o Afundam<\/title>\n<meta name=\"robots\" content=\"index, follow, max-snippet:-1, max-image-preview:large, max-video-preview:-1\" \/>\n<link rel=\"canonical\" href=\"https:\/\/memo.museudapessoa.org\/memorias-que-nao-afundam\/\" \/>\n<meta property=\"og:locale\" content=\"pt_BR\" \/>\n<meta property=\"og:type\" content=\"article\" \/>\n<meta property=\"og:title\" content=\"- Mem\u00f3rias que N\u00e3o Afundam\" \/>\n<meta property=\"og:description\" content=\"Apresenta\u00e7\u00e3o Mem\u00f3rias que N\u00e3o Afundam busca mostrar as mem\u00f3rias e hist\u00f3rias de dezenove ex-moradores dos cinco bairros atingidos pelo afundamento de solo causado pela extra\u00e7\u00e3o de sal-gema por uma mineradora em Macei\u00f3\/AL.&nbsp; Todos os personagens que est\u00e3o nesta exposi\u00e7\u00e3o foram...\" \/>\n<meta property=\"og:url\" content=\"https:\/\/memo.museudapessoa.org\/memorias-que-nao-afundam\/\" \/>\n<meta property=\"og:site_name\" content=\"Mem\u00f3rias que N\u00e3o Afundam\" \/>\n<meta property=\"article:modified_time\" content=\"2025-11-28T14:29:33+00:00\" \/>\n<meta name=\"twitter:card\" content=\"summary_large_image\" \/>\n<meta name=\"twitter:label1\" content=\"Est. tempo de leitura\" \/>\n\t<meta name=\"twitter:data1\" content=\"2 minutos\" \/>\n<script type=\"application\/ld+json\" class=\"yoast-schema-graph\">{\"@context\":\"https:\/\/schema.org\",\"@graph\":[{\"@type\":\"WebPage\",\"@id\":\"https:\/\/memo.museudapessoa.org\/memorias-que-nao-afundam\/\",\"url\":\"https:\/\/memo.museudapessoa.org\/memorias-que-nao-afundam\/\",\"name\":\"- Mem\u00f3rias que N\u00e3o Afundam\",\"isPartOf\":{\"@id\":\"https:\/\/memo.museudapessoa.org\/memorias-que-nao-afundam\/#website\"},\"datePublished\":\"2025-08-25T18:53:43+00:00\",\"dateModified\":\"2025-11-28T14:29:33+00:00\",\"inLanguage\":\"pt-BR\",\"potentialAction\":[{\"@type\":\"ReadAction\",\"target\":[\"https:\/\/memo.museudapessoa.org\/memorias-que-nao-afundam\/\"]}]},{\"@type\":\"WebSite\",\"@id\":\"https:\/\/memo.museudapessoa.org\/memorias-que-nao-afundam\/#website\",\"url\":\"https:\/\/memo.museudapessoa.org\/memorias-que-nao-afundam\/\",\"name\":\"Mem\u00f3rias que N\u00e3o Afundam\",\"description\":\"\",\"potentialAction\":[{\"@type\":\"SearchAction\",\"target\":{\"@type\":\"EntryPoint\",\"urlTemplate\":\"https:\/\/memo.museudapessoa.org\/memorias-que-nao-afundam\/?s={search_term_string}\"},\"query-input\":\"required name=search_term_string\"}],\"inLanguage\":\"pt-BR\"}]}<\/script>\n<!-- \/ Yoast SEO plugin. -->","yoast_head_json":{"title":"- Mem\u00f3rias que N\u00e3o Afundam","robots":{"index":"index","follow":"follow","max-snippet":"max-snippet:-1","max-image-preview":"max-image-preview:large","max-video-preview":"max-video-preview:-1"},"canonical":"https:\/\/memo.museudapessoa.org\/memorias-que-nao-afundam\/","og_locale":"pt_BR","og_type":"article","og_title":"- Mem\u00f3rias que N\u00e3o Afundam","og_description":"Apresenta\u00e7\u00e3o Mem\u00f3rias que N\u00e3o Afundam busca mostrar as mem\u00f3rias e hist\u00f3rias de dezenove ex-moradores dos cinco bairros atingidos pelo afundamento de solo causado pela extra\u00e7\u00e3o de sal-gema por uma mineradora em Macei\u00f3\/AL.&nbsp; Todos os personagens que est\u00e3o nesta exposi\u00e7\u00e3o foram...","og_url":"https:\/\/memo.museudapessoa.org\/memorias-que-nao-afundam\/","og_site_name":"Mem\u00f3rias que N\u00e3o Afundam","article_modified_time":"2025-11-28T14:29:33+00:00","twitter_card":"summary_large_image","twitter_misc":{"Est. tempo de leitura":"2 minutos"},"schema":{"@context":"https:\/\/schema.org","@graph":[{"@type":"WebPage","@id":"https:\/\/memo.museudapessoa.org\/memorias-que-nao-afundam\/","url":"https:\/\/memo.museudapessoa.org\/memorias-que-nao-afundam\/","name":"- Mem\u00f3rias que N\u00e3o Afundam","isPartOf":{"@id":"https:\/\/memo.museudapessoa.org\/memorias-que-nao-afundam\/#website"},"datePublished":"2025-08-25T18:53:43+00:00","dateModified":"2025-11-28T14:29:33+00:00","inLanguage":"pt-BR","potentialAction":[{"@type":"ReadAction","target":["https:\/\/memo.museudapessoa.org\/memorias-que-nao-afundam\/"]}]},{"@type":"WebSite","@id":"https:\/\/memo.museudapessoa.org\/memorias-que-nao-afundam\/#website","url":"https:\/\/memo.museudapessoa.org\/memorias-que-nao-afundam\/","name":"Mem\u00f3rias que N\u00e3o Afundam","description":"","potentialAction":[{"@type":"SearchAction","target":{"@type":"EntryPoint","urlTemplate":"https:\/\/memo.museudapessoa.org\/memorias-que-nao-afundam\/?s={search_term_string}"},"query-input":"required name=search_term_string"}],"inLanguage":"pt-BR"}]}},"_links":{"self":[{"href":"https:\/\/memo.museudapessoa.org\/memorias-que-nao-afundam\/wp-json\/wp\/v2\/pages\/20"}],"collection":[{"href":"https:\/\/memo.museudapessoa.org\/memorias-que-nao-afundam\/wp-json\/wp\/v2\/pages"}],"about":[{"href":"https:\/\/memo.museudapessoa.org\/memorias-que-nao-afundam\/wp-json\/wp\/v2\/types\/page"}],"author":[{"embeddable":true,"href":"https:\/\/memo.museudapessoa.org\/memorias-que-nao-afundam\/wp-json\/wp\/v2\/users\/1"}],"replies":[{"embeddable":true,"href":"https:\/\/memo.museudapessoa.org\/memorias-que-nao-afundam\/wp-json\/wp\/v2\/comments?post=20"}],"version-history":[{"count":135,"href":"https:\/\/memo.museudapessoa.org\/memorias-que-nao-afundam\/wp-json\/wp\/v2\/pages\/20\/revisions"}],"predecessor-version":[{"id":471,"href":"https:\/\/memo.museudapessoa.org\/memorias-que-nao-afundam\/wp-json\/wp\/v2\/pages\/20\/revisions\/471"}],"wp:attachment":[{"href":"https:\/\/memo.museudapessoa.org\/memorias-que-nao-afundam\/wp-json\/wp\/v2\/media?parent=20"}],"curies":[{"name":"wp","href":"https:\/\/api.w.org\/{rel}","templated":true}]}}