{"id":5,"date":"2025-08-25T15:53:43","date_gmt":"2025-08-25T18:53:43","guid":{"rendered":"https:\/\/memo.museudapessoa.org\/memorias-que-nao-afundam\/sobre\/"},"modified":"2025-11-27T19:10:42","modified_gmt":"2025-11-27T22:10:42","slug":"sobre","status":"publish","type":"page","link":"https:\/\/memo.museudapessoa.org\/memorias-que-nao-afundam\/sobre\/","title":{"rendered":"Sobre"},"content":{"rendered":"\n        <section class=\"conteudo\">\n          <div class=\"container\">\n            <div class=\"row\">\n              <div class=\"col-md-12 conteudo content margin-center text-md-\">\n                \n<h2 id=\"\" class=\"wp-block-heading\"><\/h2>\n\n              <\/div>\n            <\/div>\n          <\/div>\n        <\/section>\n\n\n<figure class=\"wp-block-image size-large\"><img decoding=\"async\" width=\"1024\" height=\"682\" src=\"https:\/\/memo.museudapessoa.org\/memorias-que-nao-afundam\/wp-content\/uploads\/sites\/163\/2025\/11\/Imagem-do-WhatsApp-de-2025-11-27-as-18.32.48_9566d8e9-1024x682.jpg\" alt=\"\" class=\"wp-image-464\" srcset=\"https:\/\/memo.museudapessoa.org\/memorias-que-nao-afundam\/wp-content\/uploads\/sites\/163\/2025\/11\/Imagem-do-WhatsApp-de-2025-11-27-as-18.32.48_9566d8e9-1024x682.jpg 1024w, https:\/\/memo.museudapessoa.org\/memorias-que-nao-afundam\/wp-content\/uploads\/sites\/163\/2025\/11\/Imagem-do-WhatsApp-de-2025-11-27-as-18.32.48_9566d8e9-300x200.jpg 300w, https:\/\/memo.museudapessoa.org\/memorias-que-nao-afundam\/wp-content\/uploads\/sites\/163\/2025\/11\/Imagem-do-WhatsApp-de-2025-11-27-as-18.32.48_9566d8e9-768x512.jpg 768w, https:\/\/memo.museudapessoa.org\/memorias-que-nao-afundam\/wp-content\/uploads\/sites\/163\/2025\/11\/Imagem-do-WhatsApp-de-2025-11-27-as-18.32.48_9566d8e9-1536x1023.jpg 1536w, https:\/\/memo.museudapessoa.org\/memorias-que-nao-afundam\/wp-content\/uploads\/sites\/163\/2025\/11\/Imagem-do-WhatsApp-de-2025-11-27-as-18.32.48_9566d8e9.jpg 1600w\" sizes=\"(max-width: 1024px) 100vw, 1024px\" loading=\"lazy\" \/><\/figure>\n\n\n\n        <section class=\"conteudo\">\n          <div class=\"container\">\n            <div class=\"row\">\n              <div class=\"col-md-12 conteudo content margin-center text-md-\">\n                \n<div class=\"wp-block-columns is-layout-flex wp-container-core-columns-is-layout-1 wp-block-columns-is-layout-flex\">\n<div class=\"wp-block-column is-layout-flow wp-block-column-is-layout-flow\">\n        <section class=\"conteudo\">\n          <div class=\"container\">\n            <div class=\"row\">\n              <div class=\"col-md-12 conteudo content margin-center text-md-\">\n                \n<p><strong>Ficha T\u00e9cnica<\/strong><\/p>\n\n              <\/div>\n            <\/div>\n          <\/div>\n        <\/section>\n\n\n        <section class=\"conteudo\">\n          <div class=\"container\">\n            <div class=\"row\">\n              <div class=\"col-md-12 conteudo content margin-center text-md-\">\n                \n<p>Este projeto foi constru\u00eddo colaborativamente por 12 pessoas atingidas pelo desastre ambiental em Macei\u00f3. Moradores e ex-moradores dos bairros impactados passaram por uma forma\u00e7\u00e3o de sete meses na Tecnologia Social da Mem\u00f3ria, metodologia do Museu da Pessoa, para registrar as hist\u00f3rias de vida apresentadas nesta exposi\u00e7\u00e3o.<\/p>\n\n              <\/div>\n            <\/div>\n          <\/div>\n        <\/section>\n\n\n        <section class=\"conteudo\">\n          <div class=\"container\">\n            <div class=\"row\">\n              <div class=\"col-md-12 conteudo content margin-center text-md-\">\n                \n<p><\/p>\n\n              <\/div>\n            <\/div>\n          <\/div>\n        <\/section>\n\n\n        <section class=\"conteudo\">\n          <div class=\"container\">\n            <div class=\"row\">\n              <div class=\"col-md-12 conteudo content margin-center text-md-\">\n                \n<p><strong>Entrevistados<\/strong><\/p>\n\n              <\/div>\n            <\/div>\n          <\/div>\n        <\/section>\n\n\n        <section class=\"conteudo\">\n          <div class=\"container\">\n            <div class=\"row\">\n              <div class=\"col-md-12 conteudo content margin-center text-md-\">\n                \n<p>Frankistone Vieira Dantas (Toninho)<\/p>\n\n              <\/div>\n            <\/div>\n          <\/div>\n        <\/section>\n\n\n        <section class=\"conteudo\">\n          <div class=\"container\">\n            <div class=\"row\">\n              <div class=\"col-md-12 conteudo content margin-center text-md-\">\n                \n<p>M\u00f4nica de Oliveira Damasceno<\/p>\n\n              <\/div>\n            <\/div>\n          <\/div>\n        <\/section>\n\n\n        <section class=\"conteudo\">\n          <div class=\"container\">\n            <div class=\"row\">\n              <div class=\"col-md-12 conteudo content margin-center text-md-\">\n                \n<p>Ely Daniel dos Santos Silva<\/p>\n\n              <\/div>\n            <\/div>\n          <\/div>\n        <\/section>\n\n\n        <section class=\"conteudo\">\n          <div class=\"container\">\n            <div class=\"row\">\n              <div class=\"col-md-12 conteudo content margin-center text-md-\">\n                \n<p>F\u00e1bio Souza Izidio (Fabinho)<\/p>\n\n              <\/div>\n            <\/div>\n          <\/div>\n        <\/section>\n\n\n        <section class=\"conteudo\">\n          <div class=\"container\">\n            <div class=\"row\">\n              <div class=\"col-md-12 conteudo content margin-center text-md-\">\n                \n<p>Paulo Henrique Rodrigues<\/p>\n\n              <\/div>\n            <\/div>\n          <\/div>\n        <\/section>\n\n\n        <section class=\"conteudo\">\n          <div class=\"container\">\n            <div class=\"row\">\n              <div class=\"col-md-12 conteudo content margin-center text-md-\">\n                \n<p>Aguinaldo Jos\u00e9 Almeida da Silva<\/p>\n\n              <\/div>\n            <\/div>\n          <\/div>\n        <\/section>\n\n\n        <section class=\"conteudo\">\n          <div class=\"container\">\n            <div class=\"row\">\n              <div class=\"col-md-12 conteudo content margin-center text-md-\">\n                \n<p>Maria Aparecida da Silva<\/p>\n\n              <\/div>\n            <\/div>\n          <\/div>\n        <\/section>\n\n\n        <section class=\"conteudo\">\n          <div class=\"container\">\n            <div class=\"row\">\n              <div class=\"col-md-12 conteudo content margin-center text-md-\">\n                \n<p>Andrea Karla Medeiros Barbosa Silva<\/p>\n\n              <\/div>\n            <\/div>\n          <\/div>\n        <\/section>\n\n\n        <section class=\"conteudo\">\n          <div class=\"container\">\n            <div class=\"row\">\n              <div class=\"col-md-12 conteudo content margin-center text-md-\">\n                \n<p>Mauro Pedro dos Santos&nbsp;(Vem K\u00e1)<\/p>\n\n              <\/div>\n            <\/div>\n          <\/div>\n        <\/section>\n\n\n        <section class=\"conteudo\">\n          <div class=\"container\">\n            <div class=\"row\">\n              <div class=\"col-md-12 conteudo content margin-center text-md-\">\n                \n<p>Ricardo Oliveira de Lima<\/p>\n\n              <\/div>\n            <\/div>\n          <\/div>\n        <\/section>\n\n\n        <section class=\"conteudo\">\n          <div class=\"container\">\n            <div class=\"row\">\n              <div class=\"col-md-12 conteudo content margin-center text-md-\">\n                \n<p>Jos\u00e9 Balbino dos Santos Filho<\/p>\n\n              <\/div>\n            <\/div>\n          <\/div>\n        <\/section>\n\n\n        <section class=\"conteudo\">\n          <div class=\"container\">\n            <div class=\"row\">\n              <div class=\"col-md-12 conteudo content margin-center text-md-\">\n                \n<p>Elisa Oliveira Moraes<\/p>\n\n              <\/div>\n            <\/div>\n          <\/div>\n        <\/section>\n\n\n        <section class=\"conteudo\">\n          <div class=\"container\">\n            <div class=\"row\">\n              <div class=\"col-md-12 conteudo content margin-center text-md-\">\n                \n<p>Pedro Leite Barros J\u00fanior<\/p>\n\n              <\/div>\n            <\/div>\n          <\/div>\n        <\/section>\n\n\n        <section class=\"conteudo\">\n          <div class=\"container\">\n            <div class=\"row\">\n              <div class=\"col-md-12 conteudo content margin-center text-md-\">\n                \n<p>Ana Paula da Silva<\/p>\n\n              <\/div>\n            <\/div>\n          <\/div>\n        <\/section>\n\n\n        <section class=\"conteudo\">\n          <div class=\"container\">\n            <div class=\"row\">\n              <div class=\"col-md-12 conteudo content margin-center text-md-\">\n                \n<p>Rog\u00e9rio Dyaz<\/p>\n\n              <\/div>\n            <\/div>\n          <\/div>\n        <\/section>\n\n\n        <section class=\"conteudo\">\n          <div class=\"container\">\n            <div class=\"row\">\n              <div class=\"col-md-12 conteudo content margin-center text-md-\">\n                \n<p>Epaminondas Pasc\u00e1sio da Rocha J\u00fanior<\/p>\n\n              <\/div>\n            <\/div>\n          <\/div>\n        <\/section>\n\n\n        <section class=\"conteudo\">\n          <div class=\"container\">\n            <div class=\"row\">\n              <div class=\"col-md-12 conteudo content margin-center text-md-\">\n                \n<p>Samara Vit\u00f3ria Borges dos Santos<\/p>\n\n              <\/div>\n            <\/div>\n          <\/div>\n        <\/section>\n\n\n        <section class=\"conteudo\">\n          <div class=\"container\">\n            <div class=\"row\">\n              <div class=\"col-md-12 conteudo content margin-center text-md-\">\n                \n<p>Jeanne Cunha Ramos<\/p>\n\n              <\/div>\n            <\/div>\n          <\/div>\n        <\/section>\n\n\n        <section class=\"conteudo\">\n          <div class=\"container\">\n            <div class=\"row\">\n              <div class=\"col-md-12 conteudo content margin-center text-md-\">\n                \n<p>Walisson Claudio da Silva<\/p>\n\n              <\/div>\n            <\/div>\n          <\/div>\n        <\/section>\n\n\n        <section class=\"conteudo\">\n          <div class=\"container\">\n            <div class=\"row\">\n              <div class=\"col-md-12 conteudo content margin-center text-md-\">\n                \n<p><strong>Curadores\/Formandos<\/strong><\/p>\n\n              <\/div>\n            <\/div>\n          <\/div>\n        <\/section>\n\n\n        <section class=\"conteudo\">\n          <div class=\"container\">\n            <div class=\"row\">\n              <div class=\"col-md-12 conteudo content margin-center text-md-\">\n                \n<p>Ana Paula Kummer Barbosa<\/p>\n\n              <\/div>\n            <\/div>\n          <\/div>\n        <\/section>\n\n\n        <section class=\"conteudo\">\n          <div class=\"container\">\n            <div class=\"row\">\n              <div class=\"col-md-12 conteudo content margin-center text-md-\">\n                \n<p>Camilly Vit\u00f3ria Saturnino Melo<\/p>\n\n              <\/div>\n            <\/div>\n          <\/div>\n        <\/section>\n\n\n        <section class=\"conteudo\">\n          <div class=\"container\">\n            <div class=\"row\">\n              <div class=\"col-md-12 conteudo content margin-center text-md-\">\n                \n<p>Elias Melo Costa<\/p>\n\n              <\/div>\n            <\/div>\n          <\/div>\n        <\/section>\n\n\n        <section class=\"conteudo\">\n          <div class=\"container\">\n            <div class=\"row\">\n              <div class=\"col-md-12 conteudo content margin-center text-md-\">\n                \n<p>Epaminondas Pasc\u00e1sio da Rocha J\u00fanior<\/p>\n\n              <\/div>\n            <\/div>\n          <\/div>\n        <\/section>\n\n\n        <section class=\"conteudo\">\n          <div class=\"container\">\n            <div class=\"row\">\n              <div class=\"col-md-12 conteudo content margin-center text-md-\">\n                \n<p>Jeanne Cunha Ramos<\/p>\n\n              <\/div>\n            <\/div>\n          <\/div>\n        <\/section>\n\n\n        <section class=\"conteudo\">\n          <div class=\"container\">\n            <div class=\"row\">\n              <div class=\"col-md-12 conteudo content margin-center text-md-\">\n                \n<p>Jeniffer Ester Venceslau dos Santos<\/p>\n\n              <\/div>\n            <\/div>\n          <\/div>\n        <\/section>\n\n\n        <section class=\"conteudo\">\n          <div class=\"container\">\n            <div class=\"row\">\n              <div class=\"col-md-12 conteudo content margin-center text-md-\">\n                \n<p>Larissa Nogueira Louren\u00e7o<\/p>\n\n              <\/div>\n            <\/div>\n          <\/div>\n        <\/section>\n\n\n        <section class=\"conteudo\">\n          <div class=\"container\">\n            <div class=\"row\">\n              <div class=\"col-md-12 conteudo content margin-center text-md-\">\n                \n<p>Maria Fernanda Santiago de Lima<\/p>\n\n              <\/div>\n            <\/div>\n          <\/div>\n        <\/section>\n\n\n        <section class=\"conteudo\">\n          <div class=\"container\">\n            <div class=\"row\">\n              <div class=\"col-md-12 conteudo content margin-center text-md-\">\n                \n<p>Priscila da Silva Correia Gomes<\/p>\n\n              <\/div>\n            <\/div>\n          <\/div>\n        <\/section>\n\n\n        <section class=\"conteudo\">\n          <div class=\"container\">\n            <div class=\"row\">\n              <div class=\"col-md-12 conteudo content margin-center text-md-\">\n                \n<p>Samara Vit\u00f3ria Borges dos Santos<\/p>\n\n              <\/div>\n            <\/div>\n          <\/div>\n        <\/section>\n\n\n        <section class=\"conteudo\">\n          <div class=\"container\">\n            <div class=\"row\">\n              <div class=\"col-md-12 conteudo content margin-center text-md-\">\n                \n<p>Walisson Claudio da Silva<\/p>\n\n              <\/div>\n            <\/div>\n          <\/div>\n        <\/section>\n\n\n        <section class=\"conteudo\">\n          <div class=\"container\">\n            <div class=\"row\">\n              <div class=\"col-md-12 conteudo content margin-center text-md-\">\n                \n<p>Pedro Henrique Vasconcellos Sarmento<\/p>\n\n              <\/div>\n            <\/div>\n          <\/div>\n        <\/section>\n\n\n        <section class=\"conteudo\">\n          <div class=\"container\">\n            <div class=\"row\">\n              <div class=\"col-md-12 conteudo content margin-center text-md-\">\n                \n<p><strong>Formadores<\/strong><\/p>\n\n              <\/div>\n            <\/div>\n          <\/div>\n        <\/section>\n\n\n        <section class=\"conteudo\">\n          <div class=\"container\">\n            <div class=\"row\">\n              <div class=\"col-md-12 conteudo content margin-center text-md-\">\n                \n<p>Lucas Figueiredo Torigoe<\/p>\n\n              <\/div>\n            <\/div>\n          <\/div>\n        <\/section>\n\n\n        <section class=\"conteudo\">\n          <div class=\"container\">\n            <div class=\"row\">\n              <div class=\"col-md-12 conteudo content margin-center text-md-\">\n                \n<p>Sofia Tapaj\u00f3s<\/p>\n\n              <\/div>\n            <\/div>\n          <\/div>\n        <\/section>\n\n\n        <section class=\"conteudo\">\n          <div class=\"container\">\n            <div class=\"row\">\n              <div class=\"col-md-12 conteudo content margin-center text-md-\">\n                \n<p><strong>Diretor Executivo<\/strong><\/p>\n\n              <\/div>\n            <\/div>\n          <\/div>\n        <\/section>\n\n\n        <section class=\"conteudo\">\n          <div class=\"container\">\n            <div class=\"row\">\n              <div class=\"col-md-12 conteudo content margin-center text-md-\">\n                \n<p>Marcos Terra<\/p>\n\n              <\/div>\n            <\/div>\n          <\/div>\n        <\/section>\n\n\n        <section class=\"conteudo\">\n          <div class=\"container\">\n            <div class=\"row\">\n              <div class=\"col-md-12 conteudo content margin-center text-md-\">\n                \n<p><strong>Sustentabilidade&nbsp;<\/strong><\/p>\n\n              <\/div>\n            <\/div>\n          <\/div>\n        <\/section>\n\n\n        <section class=\"conteudo\">\n          <div class=\"container\">\n            <div class=\"row\">\n              <div class=\"col-md-12 conteudo content margin-center text-md-\">\n                \n<p>Eduardo Valente<\/p>\n\n              <\/div>\n            <\/div>\n          <\/div>\n        <\/section>\n\n\n        <section class=\"conteudo\">\n          <div class=\"container\">\n            <div class=\"row\">\n              <div class=\"col-md-12 conteudo content margin-center text-md-\">\n                \n<p>Bruna Gelangauskas<\/p>\n\n              <\/div>\n            <\/div>\n          <\/div>\n        <\/section>\n\n\n        <section class=\"conteudo\">\n          <div class=\"container\">\n            <div class=\"row\">\n              <div class=\"col-md-12 conteudo content margin-center text-md-\">\n                \n<p>Lynda Dixon<\/p>\n\n              <\/div>\n            <\/div>\n          <\/div>\n        <\/section>\n\n\n        <section class=\"conteudo\">\n          <div class=\"container\">\n            <div class=\"row\">\n              <div class=\"col-md-12 conteudo content margin-center text-md-\">\n                \n<p><strong>Coordenador do Projeto<\/strong><\/p>\n\n              <\/div>\n            <\/div>\n          <\/div>\n        <\/section>\n\n\n        <section class=\"conteudo\">\n          <div class=\"container\">\n            <div class=\"row\">\n              <div class=\"col-md-12 conteudo content margin-center text-md-\">\n                \n<p>Juliana Gervaes<\/p>\n\n              <\/div>\n            <\/div>\n          <\/div>\n        <\/section>\n\n\n        <section class=\"conteudo\">\n          <div class=\"container\">\n            <div class=\"row\">\n              <div class=\"col-md-12 conteudo content margin-center text-md-\">\n                \n<p>Renato Herzog<\/p>\n\n              <\/div>\n            <\/div>\n          <\/div>\n        <\/section>\n\n\n        <section class=\"conteudo\">\n          <div class=\"container\">\n            <div class=\"row\">\n              <div class=\"col-md-12 conteudo content margin-center text-md-\">\n                \n<p><strong>Produ\u00e7\u00e3o<\/strong><\/p>\n\n              <\/div>\n            <\/div>\n          <\/div>\n        <\/section>\n\n\n        <section class=\"conteudo\">\n          <div class=\"container\">\n            <div class=\"row\">\n              <div class=\"col-md-12 conteudo content margin-center text-md-\">\n                \n<p>Ane Alves<\/p>\n\n              <\/div>\n            <\/div>\n          <\/div>\n        <\/section>\n\n\n        <section class=\"conteudo\">\n          <div class=\"container\">\n            <div class=\"row\">\n              <div class=\"col-md-12 conteudo content margin-center text-md-\">\n                \n<p>Larissa Pinna<\/p>\n\n              <\/div>\n            <\/div>\n          <\/div>\n        <\/section>\n\n\n        <section class=\"conteudo\">\n          <div class=\"container\">\n            <div class=\"row\">\n              <div class=\"col-md-12 conteudo content margin-center text-md-\">\n                \n<p><strong>Produ\u00e7\u00e3o Local<\/strong><\/p>\n\n              <\/div>\n            <\/div>\n          <\/div>\n        <\/section>\n\n\n        <section class=\"conteudo\">\n          <div class=\"container\">\n            <div class=\"row\">\n              <div class=\"col-md-12 conteudo content margin-center text-md-\">\n                \n<p>Gildeon dos Santos (Zazo)&nbsp;<\/p>\n\n              <\/div>\n            <\/div>\n          <\/div>\n        <\/section>\n\n\n        <section class=\"conteudo\">\n          <div class=\"container\">\n            <div class=\"row\">\n              <div class=\"col-md-12 conteudo content margin-center text-md-\">\n                \n<p>Carlos Eduardo Lopes da Silva (Cadu)<\/p>\n\n              <\/div>\n            <\/div>\n          <\/div>\n        <\/section>\n\n\n        <section class=\"conteudo\">\n          <div class=\"container\">\n            <div class=\"row\">\n              <div class=\"col-md-12 conteudo content margin-center text-md-\">\n                \n<p><strong>Grava\u00e7\u00e3o e Edi\u00e7\u00e3o<\/strong><\/p>\n\n              <\/div>\n            <\/div>\n          <\/div>\n        <\/section>\n\n\n        <section class=\"conteudo\">\n          <div class=\"container\">\n            <div class=\"row\">\n              <div class=\"col-md-12 conteudo content margin-center text-md-\">\n                \n<p>Arthur Celso<\/p>\n\n              <\/div>\n            <\/div>\n          <\/div>\n        <\/section>\n\n\n        <section class=\"conteudo\">\n          <div class=\"container\">\n            <div class=\"row\">\n              <div class=\"col-md-12 conteudo content margin-center text-md-\">\n                \n<p>Jorge Vieira<\/p>\n\n              <\/div>\n            <\/div>\n          <\/div>\n        <\/section>\n\n\n        <section class=\"conteudo\">\n          <div class=\"container\">\n            <div class=\"row\">\n              <div class=\"col-md-12 conteudo content margin-center text-md-\">\n                \n<p><strong>Roteiriza\u00e7\u00e3o<\/strong><\/p>\n\n              <\/div>\n            <\/div>\n          <\/div>\n        <\/section>\n\n\n        <section class=\"conteudo\">\n          <div class=\"container\">\n            <div class=\"row\">\n              <div class=\"col-md-12 conteudo content margin-center text-md-\">\n                \n<p>Arthur Celso<\/p>\n\n              <\/div>\n            <\/div>\n          <\/div>\n        <\/section>\n\n\n        <section class=\"conteudo\">\n          <div class=\"container\">\n            <div class=\"row\">\n              <div class=\"col-md-12 conteudo content margin-center text-md-\">\n                \n<p>Gildeon dos Santos (Zazo)<\/p>\n\n              <\/div>\n            <\/div>\n          <\/div>\n        <\/section>\n\n\n        <section class=\"conteudo\">\n          <div class=\"container\">\n            <div class=\"row\">\n              <div class=\"col-md-12 conteudo content margin-center text-md-\">\n                \n<p>Lucas Figueiredo Torigoe<\/p>\n\n              <\/div>\n            <\/div>\n          <\/div>\n        <\/section>\n\n\n        <section class=\"conteudo\">\n          <div class=\"container\">\n            <div class=\"row\">\n              <div class=\"col-md-12 conteudo content margin-center text-md-\">\n                \n<p><strong>Transcri\u00e7\u00e3o<\/strong><\/p>\n\n              <\/div>\n            <\/div>\n          <\/div>\n        <\/section>\n\n\n        <section class=\"conteudo\">\n          <div class=\"container\">\n            <div class=\"row\">\n              <div class=\"col-md-12 conteudo content margin-center text-md-\">\n                \n<p>M\u00f4nica Alves<\/p>\n\n              <\/div>\n            <\/div>\n          <\/div>\n        <\/section>\n\n\n        <section class=\"conteudo\">\n          <div class=\"container\">\n            <div class=\"row\">\n              <div class=\"col-md-12 conteudo content margin-center text-md-\">\n                \n<p><strong> <\/strong><\/p>\n\n              <\/div>\n            <\/div>\n          <\/div>\n        <\/section>\n\n\n        <section class=\"conteudo\">\n          <div class=\"container\">\n            <div class=\"row\">\n              <div class=\"col-md-12 conteudo content margin-center text-md-\">\n                \n<p>Esta organiza\u00e7\u00e3o \u00e9 parceira do Programa Nosso Ch\u00e3o, Nossa Hist\u00f3ria, uma iniciativa realizada pelo Comit\u00ea Gestor dos Danos Extrapatrimoniais (CGDE) e a UNOPS\/ONU voltada \u00e0 repara\u00e7\u00e3o de danos morais coletivos causados pelo afundamento do solo em Macei\u00f3. As atividades e a\u00e7\u00f5es realizadas pelos parceiros refletem suas pr\u00f3prias abordagens e responsabilidades, alinhadas aos objetivos do Programa.<\/p>\n\n              <\/div>\n            <\/div>\n          <\/div>\n        <\/section>\n\n\n        <section class=\"conteudo\">\n          <div class=\"container\">\n            <div class=\"row\">\n              <div class=\"col-md-12 conteudo content margin-center text-md-\">\n                \n<p><\/p>\n\n              <\/div>\n            <\/div>\n          <\/div>\n        <\/section>\n\n\n        <section class=\"conteudo\">\n          <div class=\"container\">\n            <div class=\"row\">\n              <div class=\"col-md-12 conteudo content margin-center text-md-\">\n                \n<p><\/p>\n\n              <\/div>\n            <\/div>\n          <\/div>\n        <\/section>\n\n\n        <section class=\"conteudo\">\n          <div class=\"container\">\n            <div class=\"row\">\n              <div class=\"col-md-12 conteudo content margin-center text-md-\">\n                \n<p><\/p>\n\n              <\/div>\n            <\/div>\n          <\/div>\n        <\/section><\/div>\n<\/div>\n\n              <\/div>\n            <\/div>\n          <\/div>\n        <\/section>","protected":false},"excerpt":{"rendered":"<p>Ficha T\u00e9cnica Este projeto foi constru\u00eddo colaborativamente por 12 pessoas atingidas pelo desastre ambiental em Macei\u00f3. Moradores e ex-moradores dos bairros impactados passaram por uma forma\u00e7\u00e3o de sete meses na Tecnologia Social da Mem\u00f3ria, metodologia do Museu da Pessoa, para&#8230;<\/p>\n","protected":false},"author":1,"featured_media":0,"parent":0,"menu_order":0,"comment_status":"closed","ping_status":"closed","template":"","meta":{"_acf_changed":false,"footnotes":""},"class_list":["post-5","page","type-page","status-publish","hentry"],"acf":[],"yoast_head":"<!-- This site is optimized with the Yoast SEO plugin v23.3 - https:\/\/yoast.com\/wordpress\/plugins\/seo\/ -->\n<title>Sobre - Mem\u00f3rias que N\u00e3o Afundam<\/title>\n<meta name=\"robots\" content=\"index, follow, max-snippet:-1, max-image-preview:large, max-video-preview:-1\" \/>\n<link rel=\"canonical\" href=\"https:\/\/memo.museudapessoa.org\/memorias-que-nao-afundam\/sobre\/\" \/>\n<meta property=\"og:locale\" content=\"pt_BR\" \/>\n<meta property=\"og:type\" content=\"article\" \/>\n<meta property=\"og:title\" content=\"Sobre - Mem\u00f3rias que N\u00e3o Afundam\" \/>\n<meta property=\"og:description\" content=\"Ficha T\u00e9cnica Este projeto foi constru\u00eddo colaborativamente por 12 pessoas atingidas pelo desastre ambiental em Macei\u00f3. Moradores e ex-moradores dos bairros impactados passaram por uma forma\u00e7\u00e3o de sete meses na Tecnologia Social da Mem\u00f3ria, metodologia do Museu da Pessoa, para...\" \/>\n<meta property=\"og:url\" content=\"https:\/\/memo.museudapessoa.org\/memorias-que-nao-afundam\/sobre\/\" \/>\n<meta property=\"og:site_name\" content=\"Mem\u00f3rias que N\u00e3o Afundam\" \/>\n<meta property=\"article:modified_time\" content=\"2025-11-27T22:10:42+00:00\" \/>\n<meta property=\"og:image\" content=\"https:\/\/memo.museudapessoa.org\/memorias-que-nao-afundam\/wp-content\/uploads\/sites\/163\/2025\/11\/Imagem-do-WhatsApp-de-2025-11-27-as-18.32.48_9566d8e9-1024x682.jpg\" \/>\n<meta name=\"twitter:card\" content=\"summary_large_image\" \/>\n<meta name=\"twitter:label1\" content=\"Est. tempo de leitura\" \/>\n\t<meta name=\"twitter:data1\" content=\"2 minutos\" \/>\n<script type=\"application\/ld+json\" class=\"yoast-schema-graph\">{\"@context\":\"https:\/\/schema.org\",\"@graph\":[{\"@type\":\"WebPage\",\"@id\":\"https:\/\/memo.museudapessoa.org\/memorias-que-nao-afundam\/sobre\/\",\"url\":\"https:\/\/memo.museudapessoa.org\/memorias-que-nao-afundam\/sobre\/\",\"name\":\"Sobre - Mem\u00f3rias que N\u00e3o Afundam\",\"isPartOf\":{\"@id\":\"https:\/\/memo.museudapessoa.org\/memorias-que-nao-afundam\/#website\"},\"primaryImageOfPage\":{\"@id\":\"https:\/\/memo.museudapessoa.org\/memorias-que-nao-afundam\/sobre\/#primaryimage\"},\"image\":{\"@id\":\"https:\/\/memo.museudapessoa.org\/memorias-que-nao-afundam\/sobre\/#primaryimage\"},\"thumbnailUrl\":\"https:\/\/memo.museudapessoa.org\/memorias-que-nao-afundam\/wp-content\/uploads\/sites\/163\/2025\/11\/Imagem-do-WhatsApp-de-2025-11-27-as-18.32.48_9566d8e9-1024x682.jpg\",\"datePublished\":\"2025-08-25T18:53:43+00:00\",\"dateModified\":\"2025-11-27T22:10:42+00:00\",\"breadcrumb\":{\"@id\":\"https:\/\/memo.museudapessoa.org\/memorias-que-nao-afundam\/sobre\/#breadcrumb\"},\"inLanguage\":\"pt-BR\",\"potentialAction\":[{\"@type\":\"ReadAction\",\"target\":[\"https:\/\/memo.museudapessoa.org\/memorias-que-nao-afundam\/sobre\/\"]}]},{\"@type\":\"ImageObject\",\"inLanguage\":\"pt-BR\",\"@id\":\"https:\/\/memo.museudapessoa.org\/memorias-que-nao-afundam\/sobre\/#primaryimage\",\"url\":\"https:\/\/memo.museudapessoa.org\/memorias-que-nao-afundam\/wp-content\/uploads\/sites\/163\/2025\/11\/Imagem-do-WhatsApp-de-2025-11-27-as-18.32.48_9566d8e9.jpg\",\"contentUrl\":\"https:\/\/memo.museudapessoa.org\/memorias-que-nao-afundam\/wp-content\/uploads\/sites\/163\/2025\/11\/Imagem-do-WhatsApp-de-2025-11-27-as-18.32.48_9566d8e9.jpg\",\"width\":1600,\"height\":1066},{\"@type\":\"BreadcrumbList\",\"@id\":\"https:\/\/memo.museudapessoa.org\/memorias-que-nao-afundam\/sobre\/#breadcrumb\",\"itemListElement\":[{\"@type\":\"ListItem\",\"position\":1,\"name\":\"In\u00edcio\",\"item\":\"https:\/\/memo.museudapessoa.org\/memorias-que-nao-afundam\/\"},{\"@type\":\"ListItem\",\"position\":2,\"name\":\"Sobre\"}]},{\"@type\":\"WebSite\",\"@id\":\"https:\/\/memo.museudapessoa.org\/memorias-que-nao-afundam\/#website\",\"url\":\"https:\/\/memo.museudapessoa.org\/memorias-que-nao-afundam\/\",\"name\":\"Mem\u00f3rias que N\u00e3o Afundam\",\"description\":\"\",\"potentialAction\":[{\"@type\":\"SearchAction\",\"target\":{\"@type\":\"EntryPoint\",\"urlTemplate\":\"https:\/\/memo.museudapessoa.org\/memorias-que-nao-afundam\/?s={search_term_string}\"},\"query-input\":\"required name=search_term_string\"}],\"inLanguage\":\"pt-BR\"}]}<\/script>\n<!-- \/ Yoast SEO plugin. -->","yoast_head_json":{"title":"Sobre - Mem\u00f3rias que N\u00e3o Afundam","robots":{"index":"index","follow":"follow","max-snippet":"max-snippet:-1","max-image-preview":"max-image-preview:large","max-video-preview":"max-video-preview:-1"},"canonical":"https:\/\/memo.museudapessoa.org\/memorias-que-nao-afundam\/sobre\/","og_locale":"pt_BR","og_type":"article","og_title":"Sobre - Mem\u00f3rias que N\u00e3o Afundam","og_description":"Ficha T\u00e9cnica Este projeto foi constru\u00eddo colaborativamente por 12 pessoas atingidas pelo desastre ambiental em Macei\u00f3. Moradores e ex-moradores dos bairros impactados passaram por uma forma\u00e7\u00e3o de sete meses na Tecnologia Social da Mem\u00f3ria, metodologia do Museu da Pessoa, para...","og_url":"https:\/\/memo.museudapessoa.org\/memorias-que-nao-afundam\/sobre\/","og_site_name":"Mem\u00f3rias que N\u00e3o Afundam","article_modified_time":"2025-11-27T22:10:42+00:00","og_image":[{"url":"https:\/\/memo.museudapessoa.org\/memorias-que-nao-afundam\/wp-content\/uploads\/sites\/163\/2025\/11\/Imagem-do-WhatsApp-de-2025-11-27-as-18.32.48_9566d8e9-1024x682.jpg"}],"twitter_card":"summary_large_image","twitter_misc":{"Est. tempo de leitura":"2 minutos"},"schema":{"@context":"https:\/\/schema.org","@graph":[{"@type":"WebPage","@id":"https:\/\/memo.museudapessoa.org\/memorias-que-nao-afundam\/sobre\/","url":"https:\/\/memo.museudapessoa.org\/memorias-que-nao-afundam\/sobre\/","name":"Sobre - Mem\u00f3rias que N\u00e3o Afundam","isPartOf":{"@id":"https:\/\/memo.museudapessoa.org\/memorias-que-nao-afundam\/#website"},"primaryImageOfPage":{"@id":"https:\/\/memo.museudapessoa.org\/memorias-que-nao-afundam\/sobre\/#primaryimage"},"image":{"@id":"https:\/\/memo.museudapessoa.org\/memorias-que-nao-afundam\/sobre\/#primaryimage"},"thumbnailUrl":"https:\/\/memo.museudapessoa.org\/memorias-que-nao-afundam\/wp-content\/uploads\/sites\/163\/2025\/11\/Imagem-do-WhatsApp-de-2025-11-27-as-18.32.48_9566d8e9-1024x682.jpg","datePublished":"2025-08-25T18:53:43+00:00","dateModified":"2025-11-27T22:10:42+00:00","breadcrumb":{"@id":"https:\/\/memo.museudapessoa.org\/memorias-que-nao-afundam\/sobre\/#breadcrumb"},"inLanguage":"pt-BR","potentialAction":[{"@type":"ReadAction","target":["https:\/\/memo.museudapessoa.org\/memorias-que-nao-afundam\/sobre\/"]}]},{"@type":"ImageObject","inLanguage":"pt-BR","@id":"https:\/\/memo.museudapessoa.org\/memorias-que-nao-afundam\/sobre\/#primaryimage","url":"https:\/\/memo.museudapessoa.org\/memorias-que-nao-afundam\/wp-content\/uploads\/sites\/163\/2025\/11\/Imagem-do-WhatsApp-de-2025-11-27-as-18.32.48_9566d8e9.jpg","contentUrl":"https:\/\/memo.museudapessoa.org\/memorias-que-nao-afundam\/wp-content\/uploads\/sites\/163\/2025\/11\/Imagem-do-WhatsApp-de-2025-11-27-as-18.32.48_9566d8e9.jpg","width":1600,"height":1066},{"@type":"BreadcrumbList","@id":"https:\/\/memo.museudapessoa.org\/memorias-que-nao-afundam\/sobre\/#breadcrumb","itemListElement":[{"@type":"ListItem","position":1,"name":"In\u00edcio","item":"https:\/\/memo.museudapessoa.org\/memorias-que-nao-afundam\/"},{"@type":"ListItem","position":2,"name":"Sobre"}]},{"@type":"WebSite","@id":"https:\/\/memo.museudapessoa.org\/memorias-que-nao-afundam\/#website","url":"https:\/\/memo.museudapessoa.org\/memorias-que-nao-afundam\/","name":"Mem\u00f3rias que N\u00e3o Afundam","description":"","potentialAction":[{"@type":"SearchAction","target":{"@type":"EntryPoint","urlTemplate":"https:\/\/memo.museudapessoa.org\/memorias-que-nao-afundam\/?s={search_term_string}"},"query-input":"required name=search_term_string"}],"inLanguage":"pt-BR"}]}},"_links":{"self":[{"href":"https:\/\/memo.museudapessoa.org\/memorias-que-nao-afundam\/wp-json\/wp\/v2\/pages\/5"}],"collection":[{"href":"https:\/\/memo.museudapessoa.org\/memorias-que-nao-afundam\/wp-json\/wp\/v2\/pages"}],"about":[{"href":"https:\/\/memo.museudapessoa.org\/memorias-que-nao-afundam\/wp-json\/wp\/v2\/types\/page"}],"author":[{"embeddable":true,"href":"https:\/\/memo.museudapessoa.org\/memorias-que-nao-afundam\/wp-json\/wp\/v2\/users\/1"}],"replies":[{"embeddable":true,"href":"https:\/\/memo.museudapessoa.org\/memorias-que-nao-afundam\/wp-json\/wp\/v2\/comments?post=5"}],"version-history":[{"count":21,"href":"https:\/\/memo.museudapessoa.org\/memorias-que-nao-afundam\/wp-json\/wp\/v2\/pages\/5\/revisions"}],"predecessor-version":[{"id":465,"href":"https:\/\/memo.museudapessoa.org\/memorias-que-nao-afundam\/wp-json\/wp\/v2\/pages\/5\/revisions\/465"}],"wp:attachment":[{"href":"https:\/\/memo.museudapessoa.org\/memorias-que-nao-afundam\/wp-json\/wp\/v2\/media?parent=5"}],"curies":[{"name":"wp","href":"https:\/\/api.w.org\/{rel}","templated":true}]}}