{"id":8,"date":"2025-08-25T15:53:43","date_gmt":"2025-08-25T18:53:43","guid":{"rendered":"https:\/\/memo.museudapessoa.org\/memorias-que-nao-afundam\/historias\/"},"modified":"2025-11-21T15:27:39","modified_gmt":"2025-11-21T18:27:39","slug":"historias","status":"publish","type":"page","link":"https:\/\/memo.museudapessoa.org\/memorias-que-nao-afundam\/historias\/","title":{"rendered":"Hist\u00f3rias"},"content":{"rendered":"\n        <section class=\"conteudo\">\n          <div class=\"container\">\n            <div class=\"row\">\n              <div class=\"col-md-12 conteudo content margin-center text-md-\">\n                \n<h2 id=\"\" class=\"wp-block-heading\"><\/h2>\n\n              <\/div>\n            <\/div>\n          <\/div>\n        <\/section>\n\n\n\n<div id=\"destaque-topo\" class='carousel block-header-highlight wow fadeIn  block_48fcd1a4bc0dc16d1a561e208127010d no-nav  margin-top-none margin-bottom-medium padding-top-none padding-bottom-none' style='background-color:rgba(255,255,255,0);' data-wow-delay=\"1.5s\" >\n<style>\n    .block_48fcd1a4bc0dc16d1a561e208127010d h2,  .block_48fcd1a4bc0dc16d1a561e208127010d h4, .block_48fcd1a4bc0dc16d1a561e208127010d a, .block_48fcd1a4bc0dc16d1a561e208127010d a h2, .block_48fcd1a4bc0dc16d1a561e208127010d a p, .block_48fcd1a4bc0dc16d1a561e208127010d p{\n      color: #FFF !important;\n  }\n    .block_48fcd1a4bc0dc16d1a561e208127010d .carousel-nav__link.active:after{\n    background-color: #FFF !important;\n  }\n  .block_48fcd1a4bc0dc16d1a561e208127010d .carousel-item__content .arrow svg rect{\n    fill: #FFF !important;\n  }\n<\/style>\n    <div class=\"carousel-item h-100 py-md-5 item-1  active\"\n  role=\"tabpanel\" aria-hidden=\"false\" tabindex=\"0\"\n  >\n      <div class=\"carousel-item__overlay\"\n                \n          style=\"background-color:rgba(0,0,0,0);\"\n                    ><\/div>\n                          <div class=\"parallaxParent carousel-item__image\" >\n                  <div class=\"carousel-item__image-element\" \n                style=\"background-image: url(https:\/\/memo.museudapessoa.org\/memorias-que-nao-afundam\/wp-content\/uploads\/sites\/163\/2025\/11\/NOS_HV008_FT010-scaled.jpg);\n                background-position: 37.59583536783854% 42.323226158065026%;\" >\n                  <\/div> \n              <\/div>\n                              <div class=\"container h-100\">\n        <div class=\"row h-100\">\n          <div class=\"col-md-8 col-md-8 align-self-center\">\n            <div class=\"carousel-item__content\">\n                                                                              <\/div>\n          <\/div>\n        <\/div>\n      <\/div>  \n    <\/div>\n          <\/div>\n\n\n\n        <section class=\"conteudo\">\n          <div class=\"container\">\n            <div class=\"row\">\n              <div class=\"col-md-12 conteudo content margin-center text-md-\">\n                \n<p>Os bairros afetados pela subsid\u00eancia de solo n\u00e3o podem ser definidos apenas pela trag\u00e9dia causada pela minera\u00e7\u00e3o de sal-gema. Eles contribuem de forma significativa para a hist\u00f3ria da cidade e para as vidas de seus habitantes. Nos depoimentos a seguir, os moradores compartilham suas hist\u00f3rias, destacando a import\u00e2ncia de cada bairro na forma\u00e7\u00e3o de identidades, cria\u00e7\u00e3o de ra\u00edzes e no senso de pertencimento entre as pessoas.<\/p>\n\n              <\/div>\n            <\/div>\n          <\/div>\n        <\/section>\n\n<section id=\"historias-categorias\" class=' margin-top-none margin-bottom-none padding-top-none padding-bottom-none' style='background-color:rgba(255,255,255,0);'>\n  <div class=\"container\">\n    <div class=\"row pb-5 justify-content-center history-category__btns\" role=\"tablist\">\n          <div role=\"presentation\" class=\"col-auto\">\n        <a id=\"link-categoria-1\" href=\"#bebedouro\" \n        role=\"tab\" aria-controls=\"categoria-1\" aria-selected=\"true\"\n        class=\"btn btn-category-bebedouro active\">Bebedouro        <\/a>\n      <\/div>\n            <div role=\"presentation\" class=\"col-auto\">\n        <a id=\"link-categoria-2\" href=\"#bom-parto\" \n        role=\"tab\" aria-controls=\"categoria-2\" aria-selected=\"false\"\n        class=\"btn btn-category-bom-parto \">Bom Parto        <\/a>\n      <\/div>\n            <div role=\"presentation\" class=\"col-auto\">\n        <a id=\"link-categoria-3\" href=\"#farol\" \n        role=\"tab\" aria-controls=\"categoria-3\" aria-selected=\"false\"\n        class=\"btn btn-category-farol \">Farol        <\/a>\n      <\/div>\n            <div role=\"presentation\" class=\"col-auto\">\n        <a id=\"link-categoria-4\" href=\"#mutange\" \n        role=\"tab\" aria-controls=\"categoria-4\" aria-selected=\"false\"\n        class=\"btn btn-category-mutange \">Mutange        <\/a>\n      <\/div>\n            <div role=\"presentation\" class=\"col-auto\">\n        <a id=\"link-categoria-5\" href=\"#pinheiro\" \n        role=\"tab\" aria-controls=\"categoria-5\" aria-selected=\"false\"\n        class=\"btn btn-category-pinheiro \">Pinheiro        <\/a>\n      <\/div>\n            <div role=\"presentation\" class=\"col-auto\">\n        <a id=\"link-categoria-6\" href=\"#vergel\" \n        role=\"tab\" aria-controls=\"categoria-6\" aria-selected=\"false\"\n        class=\"btn btn-category-vergel \">Vergel        <\/a>\n      <\/div>\n          <\/div>\n          <div id='bebedouro' \n      role=\"tabpanel\" aria-labelledby=\"link-categoria-1\" aria-hidden=\"false\"\n      class=\"history-category history-category-bebedouro item-1 active\"\n          style=\"display:block;\"          >\n          <div class=\"row justify-content-center\">\n                                           <div class=\"col-md-3 history-item mb-5 mb-md-4 wow fadeInUp\" data-wow-delay=\"0.1s\">\n                  <a href=\"https:\/\/memo.museudapessoa.org\/memorias-que-nao-afundam\/historia-detalhe\/63372\/historias\/1\">\n                      <picture><source srcset='https:\/\/memo.museudapessoa.org\/app\/_lib\/file\/img\/thumb\/Capa%20Fabinho(2).jpg' \/>\n\t\t<img  src='https:\/\/memo.museudapessoa.org\/app\/_lib\/file\/img\/thumb\/Capa%20Fabinho(2).jpg' alt='De S\u00e3o Paulo ao Flexal: a vida de Fabinho moldada pela pesca' \/><\/picture>                      <p class=\"bold history-item__title mb-0\">\n                            De S\u00e3o Paulo ao Flexal: a vida de Fabinho moldada pela pesca                      <\/p>\n                  <\/a>\n                                      <p class=\"small\">F\u00e1bio de Souza Izidio<\/p>\n                    <!-- <a target=\"_blank\" href=\"https:\/\/museudapessoa.org\/historias\/pessoadetalhe\/?id=98878\" class=\"history-item__char\"><\/a>  -->\n                                 <\/div> \n                             <div class=\"col-md-3 history-item mb-5 mb-md-4 wow fadeInUp\" data-wow-delay=\"0.2s\">\n                  <a href=\"https:\/\/memo.museudapessoa.org\/memorias-que-nao-afundam\/historia-detalhe\/65608\/historias\/1\">\n                      <picture><source srcset='https:\/\/memo.museudapessoa.org\/app\/_lib\/file\/img\/thumb\/Capa%20Andrea(4).jpg' \/>\n\t\t<img  src='https:\/\/memo.museudapessoa.org\/app\/_lib\/file\/img\/thumb\/Capa%20Andrea(4).jpg' alt='\u201cUniforme de guerra\u201d' \/><\/picture>                      <p class=\"bold history-item__title mb-0\">\n                            \u201cUniforme de guerra\u201d                      <\/p>\n                  <\/a>\n                                      <p class=\"small\">Andrea Karla Medeiros<\/p>\n                    <!-- <a target=\"_blank\" href=\"https:\/\/museudapessoa.org\/historias\/pessoadetalhe\/?id=100851\" class=\"history-item__char\"><\/a>  -->\n                                 <\/div> \n                             <div class=\"col-md-3 history-item mb-5 mb-md-4 wow fadeInUp\" data-wow-delay=\"0.3s\">\n                  <a href=\"https:\/\/memo.museudapessoa.org\/memorias-que-nao-afundam\/historia-detalhe\/65609\/historias\/1\">\n                      <picture><source srcset='https:\/\/memo.museudapessoa.org\/app\/_lib\/file\/img\/thumb\/Capa%20Mauro(1).jpg' \/>\n\t\t<img  src='https:\/\/memo.museudapessoa.org\/app\/_lib\/file\/img\/thumb\/Capa%20Mauro(1).jpg' alt='Entre redes e recome\u00e7os: a hist\u00f3ria de Mauro Pedro.' \/><\/picture>                      <p class=\"bold history-item__title mb-0\">\n                            Entre redes e recome\u00e7os: a hist\u00f3ria de Mauro Pedro.                      <\/p>\n                  <\/a>\n                                      <p class=\"small\">Mauro Pedro Dos Santos (Vem K\u00e1)<\/p>\n                    <!-- <a target=\"_blank\" href=\"https:\/\/museudapessoa.org\/historias\/pessoadetalhe\/?id=100852\" class=\"history-item__char\"><\/a>  -->\n                                 <\/div> \n                             <div class=\"col-md-3 history-item mb-5 mb-md-4 wow fadeInUp\" data-wow-delay=\"0.4s\">\n                  <a href=\"https:\/\/memo.museudapessoa.org\/memorias-que-nao-afundam\/historia-detalhe\/65611\/historias\/1\">\n                      <picture><source srcset='https:\/\/memo.museudapessoa.org\/app\/_lib\/file\/img\/thumb\/Capa%20Balbino%20(1).png' \/>\n\t\t<img  src='https:\/\/memo.museudapessoa.org\/app\/_lib\/file\/img\/thumb\/Capa%20Balbino%20(1).png' alt='O guardi\u00e3o de mem\u00f3rias: entre o luto e a luta' \/><\/picture>                      <p class=\"bold history-item__title mb-0\">\n                            O guardi\u00e3o de mem\u00f3rias: entre o luto e a luta                      <\/p>\n                  <\/a>\n                                      <p class=\"small\">Jos\u00e9 Balbino dos Santos Filho<\/p>\n                    <!-- <a target=\"_blank\" href=\"https:\/\/museudapessoa.org\/historias\/pessoadetalhe\/?id=100854\" class=\"history-item__char\"><\/a>  -->\n                                 <\/div> \n                             <div class=\"col-md-3 history-item mb-5 mb-md-4 wow fadeInUp\" data-wow-delay=\"0.1s\">\n                  <a href=\"https:\/\/memo.museudapessoa.org\/memorias-que-nao-afundam\/historia-detalhe\/65614\/historias\/1\">\n                      <picture><source srcset='https:\/\/memo.museudapessoa.org\/app\/_lib\/file\/img\/thumb\/Capa%20Ana%20Paula(5).jpg' \/>\n\t\t<img  src='https:\/\/memo.museudapessoa.org\/app\/_lib\/file\/img\/thumb\/Capa%20Ana%20Paula(5).jpg' alt='O crime, a c\u00e2mera e a coragem' \/><\/picture>                      <p class=\"bold history-item__title mb-0\">\n                            O crime, a c\u00e2mera e a coragem                      <\/p>\n                  <\/a>\n                                      <p class=\"small\">Ana Paula da Silva<\/p>\n                    <!-- <a target=\"_blank\" href=\"https:\/\/museudapessoa.org\/historias\/pessoadetalhe\/?id=100857\" class=\"history-item__char\"><\/a>  -->\n                                 <\/div> \n                             <div class=\"col-md-3 history-item mb-5 mb-md-4 wow fadeInUp\" data-wow-delay=\"0.2s\">\n                  <a href=\"https:\/\/memo.museudapessoa.org\/memorias-que-nao-afundam\/historia-detalhe\/65622\/historias\/1\">\n                      <picture><source srcset='https:\/\/memo.museudapessoa.org\/app\/_lib\/file\/img\/thumb\/Capa%20Baby%20(1).jpg' \/>\n\t\t<img  src='https:\/\/memo.museudapessoa.org\/app\/_lib\/file\/img\/thumb\/Capa%20Baby%20(1).jpg' alt='Cultura, comunidade e resist\u00eancia: o legado de Baby' \/><\/picture>                      <p class=\"bold history-item__title mb-0\">\n                            Cultura, comunidade e resist\u00eancia: o legado de Baby                      <\/p>\n                  <\/a>\n                                      <p class=\"small\">Walisson Claudio da Silva (Baby)<\/p>\n                    <!-- <a target=\"_blank\" href=\"https:\/\/museudapessoa.org\/historias\/pessoadetalhe\/?id=100864\" class=\"history-item__char\"><\/a>  -->\n                                 <\/div> \n                            <\/div>\n          <\/div>\n          <div id='bom-parto' \n      role=\"tabpanel\" aria-labelledby=\"link-categoria-2\" aria-hidden=\"true\"\n      class=\"history-category history-category-bom-parto item-2 \"\n                    >\n          <div class=\"row justify-content-center\">\n                                           <div class=\"col-md-3 history-item mb-5 mb-md-4 wow fadeInUp\" data-wow-delay=\"0.1s\">\n                  <a href=\"https:\/\/memo.museudapessoa.org\/memorias-que-nao-afundam\/historia-detalhe\/63374\/historias\/2\">\n                      <picture><source srcset='https:\/\/memo.museudapessoa.org\/app\/_lib\/file\/img\/thumb\/Capa%20Aguinaldo.jpg' \/>\n\t\t<img  src='https:\/\/memo.museudapessoa.org\/app\/_lib\/file\/img\/thumb\/Capa%20Aguinaldo.jpg' alt='\u201cAqui \u00e9 minha viv\u00eancia, minha mem\u00f3ria afetiva, meu carinho, meu dengo, meus av\u00f3s. Aqui, no Bom Parto' loading='lazy' \/><\/picture>                      <p class=\"bold history-item__title mb-0\">\n                            \u201cAqui \u00e9 minha viv\u00eancia, minha mem\u00f3ria afetiva, meu carinho, meu dengo, meus av\u00f3s. Aqui, no Bom Parto                      <\/p>\n                  <\/a>\n                                      <p class=\"small\">Aguinaldo Jos\u00e9 Almeida da Silva<\/p>\n                    <!-- <a target=\"_blank\" href=\"https:\/\/museudapessoa.org\/historias\/pessoadetalhe\/?id=98880\" class=\"history-item__char\"><\/a>  -->\n                                 <\/div> \n                             <div class=\"col-md-3 history-item mb-5 mb-md-4 wow fadeInUp\" data-wow-delay=\"0.2s\">\n                  <a href=\"https:\/\/memo.museudapessoa.org\/memorias-que-nao-afundam\/historia-detalhe\/65617\/historias\/2\">\n                      <picture><source srcset='https:\/\/memo.museudapessoa.org\/app\/_lib\/file\/img\/thumb\/Capa%20Rogerio(1).png' \/>\n\t\t<img  src='https:\/\/memo.museudapessoa.org\/app\/_lib\/file\/img\/thumb\/Capa%20Rogerio(1).png' alt='Justi\u00e7a e resist\u00eancia \u00e0 cultura  a f\u00e9 a esperan\u00e7a de bolinho' \/><\/picture>                      <p class=\"bold history-item__title mb-0\">\n                            Justi\u00e7a e resist\u00eancia \u00e0 cultura  a f\u00e9 a esperan\u00e7a de bolinho                      <\/p>\n                  <\/a>\n                                      <p class=\"small\">Rog\u00e9rio Dyaz<\/p>\n                    <!-- <a target=\"_blank\" href=\"https:\/\/museudapessoa.org\/historias\/pessoadetalhe\/?id=100859\" class=\"history-item__char\"><\/a>  -->\n                                 <\/div> \n                            <\/div>\n          <\/div>\n          <div id='farol' \n      role=\"tabpanel\" aria-labelledby=\"link-categoria-3\" aria-hidden=\"true\"\n      class=\"history-category history-category-farol item-3 \"\n                    >\n          <div class=\"row justify-content-center\">\n                                           <div class=\"col-md-3 history-item mb-5 mb-md-4 wow fadeInUp\" data-wow-delay=\"0.1s\">\n                  <a href=\"https:\/\/memo.museudapessoa.org\/memorias-que-nao-afundam\/historia-detalhe\/63375\/historias\/3\">\n                      <picture><source srcset='https:\/\/memo.museudapessoa.org\/app\/_lib\/file\/img\/thumb\/Capa%20Maria%20Aparecida(2).jpg' \/>\n\t\t<img  src='https:\/\/memo.museudapessoa.org\/app\/_lib\/file\/img\/thumb\/Capa%20Maria%20Aparecida(2).jpg' alt='Maria Aparecida: da perda \u00e0 supera\u00e7\u00e3o' \/><\/picture>                      <p class=\"bold history-item__title mb-0\">\n                            Maria Aparecida: da perda \u00e0 supera\u00e7\u00e3o                      <\/p>\n                  <\/a>\n                                      <p class=\"small\">Maria Aparecida da Silva<\/p>\n                    <!-- <a target=\"_blank\" href=\"https:\/\/museudapessoa.org\/historias\/pessoadetalhe\/?id=98881\" class=\"history-item__char\"><\/a>  -->\n                                 <\/div> \n                             <div class=\"col-md-3 history-item mb-5 mb-md-4 wow fadeInUp\" data-wow-delay=\"0.2s\">\n                  <a href=\"https:\/\/memo.museudapessoa.org\/memorias-que-nao-afundam\/historia-detalhe\/65610\/historias\/3\">\n                      <picture><source srcset='https:\/\/memo.museudapessoa.org\/app\/_lib\/file\/img\/thumb\/Capa%20Ricardo(5).jpg' \/>\n\t\t<img  src='https:\/\/memo.museudapessoa.org\/app\/_lib\/file\/img\/thumb\/Capa%20Ricardo(5).jpg' alt='Tudo \u00e9 evid\u00eancia.' \/><\/picture>                      <p class=\"bold history-item__title mb-0\">\n                            Tudo \u00e9 evid\u00eancia.                      <\/p>\n                  <\/a>\n                                      <p class=\"small\">Ricardo Oliveira de Lima<\/p>\n                    <!-- <a target=\"_blank\" href=\"https:\/\/museudapessoa.org\/historias\/pessoadetalhe\/?id=100853\" class=\"history-item__char\"><\/a>  -->\n                                 <\/div> \n                             <div class=\"col-md-3 history-item mb-5 mb-md-4 wow fadeInUp\" data-wow-delay=\"0.3s\">\n                  <a href=\"https:\/\/memo.museudapessoa.org\/memorias-que-nao-afundam\/historia-detalhe\/65620\/historias\/3\">\n                      <picture><source srcset='https:\/\/memo.museudapessoa.org\/app\/_lib\/file\/img\/thumb\/Capa%20Jeanne(5).jpg' \/>\n\t\t<img  src='https:\/\/memo.museudapessoa.org\/app\/_lib\/file\/img\/thumb\/Capa%20Jeanne(5).jpg' alt='\"Ningu\u00e9m merece isso\"' \/><\/picture>                      <p class=\"bold history-item__title mb-0\">\n                            &#8220;Ningu\u00e9m merece isso&#8221;                      <\/p>\n                  <\/a>\n                                      <p class=\"small\">Jeanne Cunha Ramos<\/p>\n                    <!-- <a target=\"_blank\" href=\"https:\/\/museudapessoa.org\/historias\/pessoadetalhe\/?id=100862\" class=\"history-item__char\"><\/a>  -->\n                                 <\/div> \n                            <\/div>\n          <\/div>\n          <div id='mutange' \n      role=\"tabpanel\" aria-labelledby=\"link-categoria-4\" aria-hidden=\"true\"\n      class=\"history-category history-category-mutange item-4 \"\n                    >\n          <div class=\"row justify-content-center\">\n                                           <div class=\"col-md-3 history-item mb-5 mb-md-4 wow fadeInUp\" data-wow-delay=\"0.1s\">\n                  <a href=\"https:\/\/memo.museudapessoa.org\/memorias-que-nao-afundam\/historia-detalhe\/63371\/historias\/4\">\n                      <picture><source srcset='https:\/\/memo.museudapessoa.org\/app\/_lib\/file\/img\/thumb\/Capa%20ELY.jpg' \/>\n\t\t<img  src='https:\/\/memo.museudapessoa.org\/app\/_lib\/file\/img\/thumb\/Capa%20ELY.jpg' alt='Sentimentos que n\u00e3o consigo expressar' loading='lazy' \/><\/picture>                      <p class=\"bold history-item__title mb-0\">\n                            Sentimentos que n\u00e3o consigo expressar                      <\/p>\n                  <\/a>\n                                      <p class=\"small\">Ely Daniel dos Santos Silva<\/p>\n                    <!-- <a target=\"_blank\" href=\"https:\/\/museudapessoa.org\/historias\/pessoadetalhe\/?id=98877\" class=\"history-item__char\"><\/a>  -->\n                                 <\/div> \n                            <\/div>\n          <\/div>\n          <div id='pinheiro' \n      role=\"tabpanel\" aria-labelledby=\"link-categoria-5\" aria-hidden=\"true\"\n      class=\"history-category history-category-pinheiro item-5 \"\n                    >\n          <div class=\"row justify-content-center\">\n                                           <div class=\"col-md-3 history-item mb-5 mb-md-4 wow fadeInUp\" data-wow-delay=\"0.1s\">\n                  <a href=\"https:\/\/memo.museudapessoa.org\/memorias-que-nao-afundam\/historia-detalhe\/63369\/historias\/5\">\n                      <picture><source srcset='https:\/\/memo.museudapessoa.org\/app\/_lib\/file\/img\/thumb\/Capa%20Toninho(2).JPEG' \/>\n\t\t<img  src='https:\/\/memo.museudapessoa.org\/app\/_lib\/file\/img\/thumb\/Capa%20Toninho(2).JPEG' alt='O \u00faltimo a sair: lembran\u00e7as de um sobrevivente do Pinheiro' \/><\/picture>                      <p class=\"bold history-item__title mb-0\">\n                            O \u00faltimo a sair: lembran\u00e7as de um sobrevivente do Pinheiro                      <\/p>\n                  <\/a>\n                                      <p class=\"small\">Frankstone Vieira Dantas<\/p>\n                    <!-- <a target=\"_blank\" href=\"https:\/\/museudapessoa.org\/historias\/pessoadetalhe\/?id=98874\" class=\"history-item__char\"><\/a>  -->\n                                 <\/div> \n                             <div class=\"col-md-3 history-item mb-5 mb-md-4 wow fadeInUp\" data-wow-delay=\"0.2s\">\n                  <a href=\"https:\/\/memo.museudapessoa.org\/memorias-que-nao-afundam\/historia-detalhe\/63373\/historias\/5\">\n                      <picture><source srcset='https:\/\/memo.museudapessoa.org\/app\/_lib\/file\/img\/thumb\/Capa%20Paulinho(3).jpeg' \/>\n\t\t<img  src='https:\/\/memo.museudapessoa.org\/app\/_lib\/file\/img\/thumb\/Capa%20Paulinho(3).jpeg' alt='Passaporte cancelado!' \/><\/picture>                      <p class=\"bold history-item__title mb-0\">\n                            Passaporte cancelado!                      <\/p>\n                  <\/a>\n                                      <p class=\"small\">Paulo Henrique Rodrigues<\/p>\n                    <!-- <a target=\"_blank\" href=\"https:\/\/museudapessoa.org\/historias\/pessoadetalhe\/?id=98879\" class=\"history-item__char\"><\/a>  -->\n                                 <\/div> \n                             <div class=\"col-md-3 history-item mb-5 mb-md-4 wow fadeInUp\" data-wow-delay=\"0.3s\">\n                  <a href=\"https:\/\/memo.museudapessoa.org\/memorias-que-nao-afundam\/historia-detalhe\/65618\/historias\/5\">\n                      <picture><source srcset='https:\/\/memo.museudapessoa.org\/app\/_lib\/file\/img\/thumb\/Capa%20Junior(3).jpg' \/>\n\t\t<img  src='https:\/\/memo.museudapessoa.org\/app\/_lib\/file\/img\/thumb\/Capa%20Junior(3).jpg' alt='Ecos do pinheiro, entre bairros e batidas, mem\u00f3rias que se tornam can\u00e7\u00f5es.' \/><\/picture>                      <p class=\"bold history-item__title mb-0\">\n                            Ecos do pinheiro, entre bairros e batidas, mem\u00f3rias que se tornam can\u00e7\u00f5es.                      <\/p>\n                  <\/a>\n                                      <p class=\"small\">Epaminondas Pasc\u00e1sio da Rocha J\u00fanior<\/p>\n                    <!-- <a target=\"_blank\" href=\"https:\/\/museudapessoa.org\/historias\/pessoadetalhe\/?id=100860\" class=\"history-item__char\"><\/a>  -->\n                                 <\/div> \n                             <div class=\"col-md-3 history-item mb-5 mb-md-4 wow fadeInUp\" data-wow-delay=\"0.4s\">\n                  <a href=\"https:\/\/memo.museudapessoa.org\/memorias-que-nao-afundam\/historia-detalhe\/65612\/historias\/5\">\n                      <picture><source srcset='https:\/\/memo.museudapessoa.org\/app\/_lib\/file\/img\/thumb\/Capa%20Elisa%20(1).jpg' \/>\n\t\t<img  src='https:\/\/memo.museudapessoa.org\/app\/_lib\/file\/img\/thumb\/Capa%20Elisa%20(1).jpg' alt='Entre gatos e rachaduras...' \/><\/picture>                      <p class=\"bold history-item__title mb-0\">\n                            Entre gatos e rachaduras&#8230;                      <\/p>\n                  <\/a>\n                                      <p class=\"small\">Elisa Oliveira de Moraes<\/p>\n                    <!-- <a target=\"_blank\" href=\"https:\/\/museudapessoa.org\/historias\/pessoadetalhe\/?id=100855\" class=\"history-item__char\"><\/a>  -->\n                                 <\/div> \n                             <div class=\"col-md-3 history-item mb-5 mb-md-4 wow fadeInUp\" data-wow-delay=\"0.1s\">\n                  <a href=\"https:\/\/memo.museudapessoa.org\/memorias-que-nao-afundam\/historia-detalhe\/65613\/historias\/5\">\n                      <picture><source srcset='https:\/\/memo.museudapessoa.org\/app\/_lib\/file\/img\/thumb\/Capa%20Pedro(3).jpg' \/>\n\t\t<img  src='https:\/\/memo.museudapessoa.org\/app\/_lib\/file\/img\/thumb\/Capa%20Pedro(3).jpg' alt='50 anos morando no mesmo local qual sentimento que fica se \u00e9 obrigado a sair.' \/><\/picture>                      <p class=\"bold history-item__title mb-0\">\n                            50 anos morando no mesmo local qual sentimento que fica se \u00e9 obrigado a sair.                      <\/p>\n                  <\/a>\n                                      <p class=\"small\">Pedro Leite de Barros J\u00fanior<\/p>\n                    <!-- <a target=\"_blank\" href=\"https:\/\/museudapessoa.org\/historias\/pessoadetalhe\/?id=100856\" class=\"history-item__char\"><\/a>  -->\n                                 <\/div> \n                             <div class=\"col-md-3 history-item mb-5 mb-md-4 wow fadeInUp\" data-wow-delay=\"0.2s\">\n                  <a href=\"https:\/\/memo.museudapessoa.org\/memorias-que-nao-afundam\/historia-detalhe\/65619\/historias\/5\">\n                      <picture><source srcset='https:\/\/memo.museudapessoa.org\/app\/_lib\/file\/img\/thumb\/Capa%20Samara(1).jpg' \/>\n\t\t<img  src='https:\/\/memo.museudapessoa.org\/app\/_lib\/file\/img\/thumb\/Capa%20Samara(1).jpg' alt='\u201cPinheiro me motivou a fazer hist\u00f3ria\u201d' \/><\/picture>                      <p class=\"bold history-item__title mb-0\">\n                            \u201cPinheiro me motivou a fazer hist\u00f3ria\u201d                      <\/p>\n                  <\/a>\n                                      <p class=\"small\">Samara Vit\u00f3ria Borges dos Santos<\/p>\n                    <!-- <a target=\"_blank\" href=\"https:\/\/museudapessoa.org\/historias\/pessoadetalhe\/?id=100861\" class=\"history-item__char\"><\/a>  -->\n                                 <\/div> \n                            <\/div>\n          <\/div>\n          <div id='vergel' \n      role=\"tabpanel\" aria-labelledby=\"link-categoria-6\" aria-hidden=\"true\"\n      class=\"history-category history-category-vergel item-6 \"\n                    >\n          <div class=\"row justify-content-center\">\n                                           <div class=\"col-md-3 history-item mb-5 mb-md-4 wow fadeInUp\" data-wow-delay=\"0.1s\">\n                  <a href=\"https:\/\/memo.museudapessoa.org\/memorias-que-nao-afundam\/historia-detalhe\/63370\/historias\/6\">\n                      <picture><source srcset='https:\/\/memo.museudapessoa.org\/app\/_lib\/file\/img\/thumb\/Capa%20Monica%20(1)(2).jpg' \/>\n\t\t<img  src='https:\/\/memo.museudapessoa.org\/app\/_lib\/file\/img\/thumb\/Capa%20Monica%20(1)(2).jpg' alt='Sururu! Essa lagoa \u00e9 uma m\u00e3e...' \/><\/picture>                      <p class=\"bold history-item__title mb-0\">\n                            Sururu! Essa lagoa \u00e9 uma m\u00e3e&#8230;                      <\/p>\n                  <\/a>\n                                      <p class=\"small\">M\u00f4nica de Oliveira Damasceno<\/p>\n                    <!-- <a target=\"_blank\" href=\"https:\/\/museudapessoa.org\/historias\/pessoadetalhe\/?id=98875\" class=\"history-item__char\"><\/a>  -->\n                                 <\/div> \n                            <\/div>\n          <\/div>\n      <\/div>\n<\/section>\n\n\n\n        <section class=\"conteudo\">\n          <div class=\"container\">\n            <div class=\"row\">\n              <div class=\"col-md-12 conteudo content margin-center text-md-\">\n                \n<div class=\"wp-block-columns is-layout-flex wp-container-core-columns-is-layout-3 wp-block-columns-is-layout-flex\">\n<div class=\"wp-block-column is-layout-flow wp-block-column-is-layout-flow\" style=\"flex-basis:100%\">\n        <section class=\"conteudo\">\n          <div class=\"container\">\n            <div class=\"row\">\n              <div class=\"col-md-12 conteudo content margin-center text-md-\">\n                \n<div class=\"wp-block-columns is-layout-flex wp-container-core-columns-is-layout-2 wp-block-columns-is-layout-flex\">\n<div class=\"wp-block-column is-vertically-aligned-center is-layout-flow wp-block-column-is-layout-flow\" style=\"flex-basis:100%\">\n        <section class=\"conteudo\">\n          <div class=\"container\">\n            <div class=\"row\">\n              <div class=\"col-md-12 conteudo content margin-center text-md-\">\n                \n<div class=\"wp-block-columns is-layout-flex wp-container-core-columns-is-layout-1 wp-block-columns-is-layout-flex\">\n<div class=\"wp-block-column is-vertically-aligned-stretch is-layout-flow wp-block-column-is-layout-flow\" style=\"flex-basis:100%\"><\/div>\n<\/div>\n\n              <\/div>\n            <\/div>\n          <\/div>\n        <\/section><\/div>\n<\/div>\n\n              <\/div>\n            <\/div>\n          <\/div>\n        <\/section><\/div>\n<\/div>\n\n              <\/div>\n            <\/div>\n          <\/div>\n        <\/section>","protected":false},"excerpt":{"rendered":"<p>Os bairros afetados pela subsid\u00eancia de solo n\u00e3o podem ser definidos apenas pela trag\u00e9dia causada pela minera\u00e7\u00e3o de sal-gema. Eles contribuem de forma significativa para a hist\u00f3ria da cidade e para as vidas de seus habitantes. Nos depoimentos a seguir,&#8230;<\/p>\n","protected":false},"author":1,"featured_media":0,"parent":0,"menu_order":0,"comment_status":"closed","ping_status":"closed","template":"","meta":{"_acf_changed":false,"footnotes":""},"class_list":["post-8","page","type-page","status-publish","hentry"],"acf":[],"yoast_head":"<!-- This site is optimized with the Yoast SEO plugin v23.3 - https:\/\/yoast.com\/wordpress\/plugins\/seo\/ -->\n<title>Hist\u00f3rias - Mem\u00f3rias que N\u00e3o Afundam<\/title>\n<meta name=\"robots\" content=\"index, follow, max-snippet:-1, max-image-preview:large, max-video-preview:-1\" \/>\n<link rel=\"canonical\" href=\"https:\/\/memo.museudapessoa.org\/memorias-que-nao-afundam\/historias\/\" \/>\n<meta property=\"og:locale\" content=\"pt_BR\" \/>\n<meta property=\"og:type\" content=\"article\" \/>\n<meta property=\"og:title\" content=\"Hist\u00f3rias - Mem\u00f3rias que N\u00e3o Afundam\" \/>\n<meta property=\"og:description\" content=\"Os bairros afetados pela subsid\u00eancia de solo n\u00e3o podem ser definidos apenas pela trag\u00e9dia causada pela minera\u00e7\u00e3o de sal-gema. Eles contribuem de forma significativa para a hist\u00f3ria da cidade e para as vidas de seus habitantes. Nos depoimentos a seguir,...\" \/>\n<meta property=\"og:url\" content=\"https:\/\/memo.museudapessoa.org\/memorias-que-nao-afundam\/historias\/\" \/>\n<meta property=\"og:site_name\" content=\"Mem\u00f3rias que N\u00e3o Afundam\" \/>\n<meta property=\"article:modified_time\" content=\"2025-11-21T18:27:39+00:00\" \/>\n<meta name=\"twitter:card\" content=\"summary_large_image\" \/>\n<meta name=\"twitter:label1\" content=\"Est. tempo de leitura\" \/>\n\t<meta name=\"twitter:data1\" content=\"1 minuto\" \/>\n<script type=\"application\/ld+json\" class=\"yoast-schema-graph\">{\"@context\":\"https:\/\/schema.org\",\"@graph\":[{\"@type\":\"WebPage\",\"@id\":\"https:\/\/memo.museudapessoa.org\/memorias-que-nao-afundam\/historias\/\",\"url\":\"https:\/\/memo.museudapessoa.org\/memorias-que-nao-afundam\/historias\/\",\"name\":\"Hist\u00f3rias - Mem\u00f3rias que N\u00e3o Afundam\",\"isPartOf\":{\"@id\":\"https:\/\/memo.museudapessoa.org\/memorias-que-nao-afundam\/#website\"},\"datePublished\":\"2025-08-25T18:53:43+00:00\",\"dateModified\":\"2025-11-21T18:27:39+00:00\",\"breadcrumb\":{\"@id\":\"https:\/\/memo.museudapessoa.org\/memorias-que-nao-afundam\/historias\/#breadcrumb\"},\"inLanguage\":\"pt-BR\",\"potentialAction\":[{\"@type\":\"ReadAction\",\"target\":[\"https:\/\/memo.museudapessoa.org\/memorias-que-nao-afundam\/historias\/\"]}]},{\"@type\":\"BreadcrumbList\",\"@id\":\"https:\/\/memo.museudapessoa.org\/memorias-que-nao-afundam\/historias\/#breadcrumb\",\"itemListElement\":[{\"@type\":\"ListItem\",\"position\":1,\"name\":\"In\u00edcio\",\"item\":\"https:\/\/memo.museudapessoa.org\/memorias-que-nao-afundam\/\"},{\"@type\":\"ListItem\",\"position\":2,\"name\":\"Hist\u00f3rias\"}]},{\"@type\":\"WebSite\",\"@id\":\"https:\/\/memo.museudapessoa.org\/memorias-que-nao-afundam\/#website\",\"url\":\"https:\/\/memo.museudapessoa.org\/memorias-que-nao-afundam\/\",\"name\":\"Mem\u00f3rias que N\u00e3o Afundam\",\"description\":\"\",\"potentialAction\":[{\"@type\":\"SearchAction\",\"target\":{\"@type\":\"EntryPoint\",\"urlTemplate\":\"https:\/\/memo.museudapessoa.org\/memorias-que-nao-afundam\/?s={search_term_string}\"},\"query-input\":\"required name=search_term_string\"}],\"inLanguage\":\"pt-BR\"}]}<\/script>\n<!-- \/ Yoast SEO plugin. -->","yoast_head_json":{"title":"Hist\u00f3rias - Mem\u00f3rias que N\u00e3o Afundam","robots":{"index":"index","follow":"follow","max-snippet":"max-snippet:-1","max-image-preview":"max-image-preview:large","max-video-preview":"max-video-preview:-1"},"canonical":"https:\/\/memo.museudapessoa.org\/memorias-que-nao-afundam\/historias\/","og_locale":"pt_BR","og_type":"article","og_title":"Hist\u00f3rias - Mem\u00f3rias que N\u00e3o Afundam","og_description":"Os bairros afetados pela subsid\u00eancia de solo n\u00e3o podem ser definidos apenas pela trag\u00e9dia causada pela minera\u00e7\u00e3o de sal-gema. Eles contribuem de forma significativa para a hist\u00f3ria da cidade e para as vidas de seus habitantes. Nos depoimentos a seguir,...","og_url":"https:\/\/memo.museudapessoa.org\/memorias-que-nao-afundam\/historias\/","og_site_name":"Mem\u00f3rias que N\u00e3o Afundam","article_modified_time":"2025-11-21T18:27:39+00:00","twitter_card":"summary_large_image","twitter_misc":{"Est. tempo de leitura":"1 minuto"},"schema":{"@context":"https:\/\/schema.org","@graph":[{"@type":"WebPage","@id":"https:\/\/memo.museudapessoa.org\/memorias-que-nao-afundam\/historias\/","url":"https:\/\/memo.museudapessoa.org\/memorias-que-nao-afundam\/historias\/","name":"Hist\u00f3rias - Mem\u00f3rias que N\u00e3o Afundam","isPartOf":{"@id":"https:\/\/memo.museudapessoa.org\/memorias-que-nao-afundam\/#website"},"datePublished":"2025-08-25T18:53:43+00:00","dateModified":"2025-11-21T18:27:39+00:00","breadcrumb":{"@id":"https:\/\/memo.museudapessoa.org\/memorias-que-nao-afundam\/historias\/#breadcrumb"},"inLanguage":"pt-BR","potentialAction":[{"@type":"ReadAction","target":["https:\/\/memo.museudapessoa.org\/memorias-que-nao-afundam\/historias\/"]}]},{"@type":"BreadcrumbList","@id":"https:\/\/memo.museudapessoa.org\/memorias-que-nao-afundam\/historias\/#breadcrumb","itemListElement":[{"@type":"ListItem","position":1,"name":"In\u00edcio","item":"https:\/\/memo.museudapessoa.org\/memorias-que-nao-afundam\/"},{"@type":"ListItem","position":2,"name":"Hist\u00f3rias"}]},{"@type":"WebSite","@id":"https:\/\/memo.museudapessoa.org\/memorias-que-nao-afundam\/#website","url":"https:\/\/memo.museudapessoa.org\/memorias-que-nao-afundam\/","name":"Mem\u00f3rias que N\u00e3o Afundam","description":"","potentialAction":[{"@type":"SearchAction","target":{"@type":"EntryPoint","urlTemplate":"https:\/\/memo.museudapessoa.org\/memorias-que-nao-afundam\/?s={search_term_string}"},"query-input":"required name=search_term_string"}],"inLanguage":"pt-BR"}]}},"_links":{"self":[{"href":"https:\/\/memo.museudapessoa.org\/memorias-que-nao-afundam\/wp-json\/wp\/v2\/pages\/8"}],"collection":[{"href":"https:\/\/memo.museudapessoa.org\/memorias-que-nao-afundam\/wp-json\/wp\/v2\/pages"}],"about":[{"href":"https:\/\/memo.museudapessoa.org\/memorias-que-nao-afundam\/wp-json\/wp\/v2\/types\/page"}],"author":[{"embeddable":true,"href":"https:\/\/memo.museudapessoa.org\/memorias-que-nao-afundam\/wp-json\/wp\/v2\/users\/1"}],"replies":[{"embeddable":true,"href":"https:\/\/memo.museudapessoa.org\/memorias-que-nao-afundam\/wp-json\/wp\/v2\/comments?post=8"}],"version-history":[{"count":50,"href":"https:\/\/memo.museudapessoa.org\/memorias-que-nao-afundam\/wp-json\/wp\/v2\/pages\/8\/revisions"}],"predecessor-version":[{"id":426,"href":"https:\/\/memo.museudapessoa.org\/memorias-que-nao-afundam\/wp-json\/wp\/v2\/pages\/8\/revisions\/426"}],"wp:attachment":[{"href":"https:\/\/memo.museudapessoa.org\/memorias-que-nao-afundam\/wp-json\/wp\/v2\/media?parent=8"}],"curies":[{"name":"wp","href":"https:\/\/api.w.org\/{rel}","templated":true}]}}