{"id":106,"date":"2023-10-24T18:27:21","date_gmt":"2023-10-24T21:27:21","guid":{"rendered":"https:\/\/memo.museudapessoa.org\/sentidos-da-memoria\/?page_id=106"},"modified":"2023-11-17T17:44:28","modified_gmt":"2023-11-17T20:44:28","slug":"nucleos","status":"publish","type":"page","link":"https:\/\/memo.museudapessoa.org\/sentidos-da-memoria\/nucleos\/","title":{"rendered":"N\u00facleos"},"content":{"rendered":"\n        <section class=\"conteudo\">\n          <div class=\"container\">\n            <div class=\"row\">\n              <div class=\"col-md-12 conteudo content margin-center text-md-left\">\n                \n<h2 id=\"cafe-com-biscoitos-sao-paulo---sp\" class=\"wp-block-heading\"><strong>Caf\u00e9 com Biscoitos [S\u00e3o Paulo &#8211; SP<\/strong>]<\/h2>\n\n              <\/div>\n            <\/div>\n          <\/div>\n        <\/section>\n\n\n        <section class=\"conteudo\">\n          <div class=\"container\">\n            <div class=\"row\">\n              <div class=\"col-md-12 conteudo content margin-center text-md-left\">\n                \n<p>Companhia de teatro que desde 2007 vem trabalhando o resgate de mem\u00f3rias com grupos de terceira idade. Apresentam o Caf\u00e9 com Biscoitos, que alcan\u00e7ou mais de dez mil pessoas em doze anos de apresenta\u00e7\u00f5es e criaram oficinas teatrais que trabalham cria\u00e7\u00f5es art\u00edsticas a partir das mem\u00f3rias dos participantes. Al\u00e9m disso, realizam oficinas que unem teatro e mem\u00f3ria em espa\u00e7os culturais. Tamb\u00e9m criaram o projeto de podcasts Radiola da Mem\u00f3ria, que entrevista pessoas sobre suas mem\u00f3rias auditivas.<\/p>\n\n              <\/div>\n            <\/div>\n          <\/div>\n        <\/section>\n\n\n        <section class=\"conteudo\">\n          <div class=\"container\">\n            <div class=\"row\">\n              <div class=\"col-md-12 conteudo content margin-center text-md-left\">\n                \n<p><a rel=\"noreferrer noopener\" href=\"https:\/\/cafecombiscoitos.wordpress.com\/\" target=\"_blank\">cafecombiscoitos.wordpress.com<\/a><\/p>\n\n              <\/div>\n            <\/div>\n          <\/div>\n        <\/section>\n\n\n        <section class=\"conteudo\">\n          <div class=\"container\">\n            <div class=\"row\">\n              <div class=\"col-md-12 conteudo content margin-center text-md-left\">\n                \n<h2 id=\"icen---instituto-cecilio-elias-netto-piracicaba---sp\" class=\"wp-block-heading\">ICEN &#8211; Instituto Cec\u00edlio Elias Netto [Piracicaba &#8211; SP]<\/h2>\n\n              <\/div>\n            <\/div>\n          <\/div>\n        <\/section>\n\n\n        <section class=\"conteudo\">\n          <div class=\"container\">\n            <div class=\"row\">\n              <div class=\"col-md-12 conteudo content margin-center text-md-left\">\n                \n<p>Formalmente criado em 2015, em Piracicaba o Instituto Cec\u00edlio Elias Netto \u00e9 uma entidade sem fins lucrativos, que tem por finalidade preservar e difundir o patrim\u00f4nio hist\u00f3rico-cultural de Piracicaba e regi\u00e3o \u2013 sem esquecer, no entanto, o cen\u00e1rio nacional, a abordagem universal. O Instituto tamb\u00e9m tem entre seus objetivos: gerir e preservar o expressivo acervo do jornalista e escritor Cec\u00edlio Elias Netto. Neste contexto, o Instituto dedica-se a: editar publica\u00e7\u00f5es; promover eventos, realizar e apoiar projetos nas \u00e1reas hist\u00f3rica, museol\u00f3gica, cultural e socioambiental. Suas a\u00e7\u00f5es s\u00e3o guiadas pela valoriza\u00e7\u00e3o da coopera\u00e7\u00e3o, da diversidade e da inclus\u00e3o social, da interdepend\u00eancia entre cultura e natureza.<\/p>\n\n              <\/div>\n            <\/div>\n          <\/div>\n        <\/section>\n\n\n        <section class=\"conteudo\">\n          <div class=\"container\">\n            <div class=\"row\">\n              <div class=\"col-md-12 conteudo content margin-center text-md-left\">\n                \n<p><a href=\"http:\/\/icen.org.br\" data-type=\"URL\" data-id=\"icen.org.br\">icen.org.br<\/a><\/p>\n\n              <\/div>\n            <\/div>\n          <\/div>\n        <\/section>\n\n\n        <section class=\"conteudo\">\n          <div class=\"container\">\n            <div class=\"row\">\n              <div class=\"col-md-12 conteudo content margin-center text-md-left\">\n                \n<h2 id=\"museu-campos-gerais-ponta-grossa----pr\" class=\"wp-block-heading\"><strong>Museu Campos Gerais [Ponta Grossa &#8211;  PR<\/strong>]<\/h2>\n\n              <\/div>\n            <\/div>\n          <\/div>\n        <\/section>\n\n\n        <section class=\"conteudo\">\n          <div class=\"container\">\n            <div class=\"row\">\n              <div class=\"col-md-12 conteudo content margin-center text-md-left\">\n                \n<p>Museu hist\u00f3rico de cultura material e acervo documental de Ponta Grossa e regi\u00e3o dos Campos Gerais, o Museu Campos Gerais oferece exposi\u00e7\u00f5es, a\u00e7\u00f5es educativas, al\u00e9m de funcionar como campo para pesquisadores de diferentes \u00e1reas do conhecimento. Uma das a\u00e7\u00f5es desenvolvidas \u00e9 a digitaliza\u00e7\u00e3o de peri\u00f3dicos e documenta\u00e7\u00e3o hist\u00f3rica, com respectiva disponibiliza\u00e7\u00e3o gratuita na web. O Audit\u00f3rio Brasil Pinheiro Machado recebe com regularidade mostras de cinema e de conversa com a comunidade. Outro ramo de atua\u00e7\u00e3o permanente \u00e9 a conserva\u00e7\u00e3o e cataloga\u00e7\u00e3o de mais de 13 mil pe\u00e7as de sua reserva t\u00e9cnica.<\/p>\n\n              <\/div>\n            <\/div>\n          <\/div>\n        <\/section>\n\n\n        <section class=\"conteudo\">\n          <div class=\"container\">\n            <div class=\"row\">\n              <div class=\"col-md-12 conteudo content margin-center text-md-left\">\n                \n<p><a rel=\"noreferrer noopener\" href=\"https:\/\/www2.uepg.br\/museu\/\" target=\"_blank\">uepg.br\/museu<\/a><\/p>\n\n              <\/div>\n            <\/div>\n          <\/div>\n        <\/section>\n\n\n        <section class=\"conteudo\">\n          <div class=\"container\">\n            <div class=\"row\">\n              <div class=\"col-md-12 conteudo content margin-center text-md-left\">\n                \n<h2 id=\"museu-do-cafe-santos---sp\" class=\"wp-block-heading\"><strong>Museu do Caf\u00e9 [Santos &#8211; SP<\/strong>]<\/h2>\n\n              <\/div>\n            <\/div>\n          <\/div>\n        <\/section>\n\n\n        <section class=\"conteudo\">\n          <div class=\"container\">\n            <div class=\"row\">\n              <div class=\"col-md-12 conteudo content margin-center text-md-left\">\n                \n<p>Inaugurado em 1998, o Museu do Caf\u00e9 \u00e9 um dos principais pontos tur\u00edsticos da cidade de Santos e tem como objetivo a preserva\u00e7\u00e3o e divulga\u00e7\u00e3o da hist\u00f3ria do caf\u00e9 no Brasil e no mundo. Por meio de objetos, documentos e recursos audiovisuais, a institui\u00e7\u00e3o mostra ao p\u00fablico como a evolu\u00e7\u00e3o da cafeicultura e o desenvolvimento pol\u00edtico, econ\u00f4mico e cultural do pa\u00eds est\u00e3o ligados, desde meados do s\u00e9culo XVIII at\u00e9 os dias de hoje.&nbsp; O Museu tamb\u00e9m conta com o Centro de Preserva\u00e7\u00e3o, Pesquisa e Refer\u00eancia, com um programa de Hist\u00f3ria Oral.<\/p>\n\n              <\/div>\n            <\/div>\n          <\/div>\n        <\/section>\n\n\n        <section class=\"conteudo\">\n          <div class=\"container\">\n            <div class=\"row\">\n              <div class=\"col-md-12 conteudo content margin-center text-md-left\">\n                \n<p><a rel=\"noreferrer noopener\" href=\"https:\/\/www.museudocafe.org.br\/\" target=\"_blank\">museudocafe.org.br<\/a><\/p>\n\n              <\/div>\n            <\/div>\n          <\/div>\n        <\/section>\n\n\n        <section class=\"conteudo\">\n          <div class=\"container\">\n            <div class=\"row\">\n              <div class=\"col-md-12 conteudo content margin-center text-md-left\">\n                \n<h2 id=\"associacao-cultural-comunitaria-de-santa-luzia-santa-luzia---mg\" class=\"wp-block-heading\"><strong>Associa\u00e7\u00e3o Cultural Comunit\u00e1ria de Santa Luzia [Santa Luzia &#8211; MG<\/strong>]<\/h2>\n\n              <\/div>\n            <\/div>\n          <\/div>\n        <\/section>\n\n\n        <section class=\"conteudo\">\n          <div class=\"container\">\n            <div class=\"row\">\n              <div class=\"col-md-12 conteudo content margin-center text-md-left\">\n                \n<p>A Associa\u00e7\u00e3o Cultural Comunit\u00e1ria de Santa Luzia foi criada em 1987 com objetivo de zelar e defender a preserva\u00e7\u00e3o do patrim\u00f4nio cultural da cidade de Santa Luzia\/MG. Desde 2009, ap\u00f3s v\u00e1rias a\u00e7\u00f5es envolvendo a restaura\u00e7\u00e3o de bens culturais, a entidade passou a apresentar a hist\u00f3ria da cidade por meio de seus moradores, resgatando perfis biogr\u00e1ficos de personalidades que contribu\u00edram em diversas \u00e1reas da atividade social, cultural, acad\u00eamica, etc. Com a restri\u00e7\u00e3o imposta pela pandemia, as redes sociais da Associa\u00e7\u00e3o passaram a apresentar um amplo painel de hist\u00f3ria dos moradores da cidade de Santa Luzia.<\/p>\n\n              <\/div>\n            <\/div>\n          <\/div>\n        <\/section>\n\n\n        <section class=\"conteudo\">\n          <div class=\"container\">\n            <div class=\"row\">\n              <div class=\"col-md-12 conteudo content margin-center text-md-left\">\n                \n<p><a rel=\"noreferrer noopener\" href=\"https:\/\/www.instagram.com\/assoc_cultural_santa_luzia\" target=\"_blank\">instagram.com\/assoc_cultural_santa_luzia<\/a><\/p>\n\n              <\/div>\n            <\/div>\n          <\/div>\n        <\/section>\n\n\n        <section class=\"conteudo\">\n          <div class=\"container\">\n            <div class=\"row\">\n              <div class=\"col-md-12 conteudo content margin-center text-md-left\">\n                \n<h2 id=\"lltgtl-lanchonete---moinho-fluminense-rio-de-janeiro---rj\" class=\"wp-block-heading\"><strong>L&lt;&gt;L (Lanchonete) \/ Moinho Fluminense [Rio de Janeiro &#8211; RJ]<\/strong><\/h2>\n\n              <\/div>\n            <\/div>\n          <\/div>\n        <\/section>\n\n\n        <section class=\"conteudo\">\n          <div class=\"container\">\n            <div class=\"row\">\n              <div class=\"col-md-12 conteudo content margin-center text-md-left\">\n                \n<p>O N\u00facleo Moinho Fluminense \u00e9 composto pelo pelo Moinho Fluminense e&nbsp;pela Lanchonete&lt;&gt;Lanchonete (L&lt;&gt;L). O Moinho Fluminense \u00e9 movimento, passado, presente e futuro, tradi\u00e7\u00e3o e inova\u00e7\u00e3o caminhando juntas. J\u00e1 a L&lt;&gt;L \u00e9 uma Associa\u00e7\u00e3o Cultural, sem fins lucrativos, criada com, para e na Pequena \u00c1frica, bairro Gamboa, no centro da cidade do Rio de Janeiro. Tem como miss\u00e3o fundamental apoiar o desenvolvimento saud\u00e1vel da primeira inf\u00e2ncia, da adolesc\u00eancia e de mulheres residentes em ocupa\u00e7\u00f5es da regi\u00e3o &#8211; territ\u00f3rio que foi historicamente submetido \u00e0 viol\u00eancia do racismo e da pobreza.&nbsp;<\/p>\n\n              <\/div>\n            <\/div>\n          <\/div>\n        <\/section>\n\n\n        <section class=\"conteudo\">\n          <div class=\"container\">\n            <div class=\"row\">\n              <div class=\"col-md-12 conteudo content margin-center text-md-left\">\n                \n<p><a href=\"https:\/\/www.lanchonetelanchonete.com\/\">lanchonetelanchonete.com<\/a><\/p>\n\n              <\/div>\n            <\/div>\n          <\/div>\n        <\/section>\n\n\n        <section class=\"conteudo\">\n          <div class=\"container\">\n            <div class=\"row\">\n              <div class=\"col-md-12 conteudo content margin-center text-md-left\">\n                \n<p><a href=\"https:\/\/autonomyinvestimentos.com.br\/\">autonomyinvestimentos.com.br<\/a><\/p>\n\n              <\/div>\n            <\/div>\n          <\/div>\n        <\/section>\n\n\n<div style=\"height:100px\" aria-hidden=\"true\" class=\"wp-block-spacer\"><\/div>\n","protected":false},"excerpt":{"rendered":"<p>Caf\u00e9 com Biscoitos [S\u00e3o Paulo &#8211; SP] Companhia de teatro que desde 2007 vem trabalhando o resgate de mem\u00f3rias com grupos de terceira idade. Apresentam o Caf\u00e9 com Biscoitos, que alcan\u00e7ou mais de dez mil pessoas em doze anos de&#8230;<\/p>\n","protected":false},"author":49,"featured_media":0,"parent":0,"menu_order":0,"comment_status":"closed","ping_status":"closed","template":"","meta":{"_acf_changed":false,"footnotes":""},"class_list":["post-106","page","type-page","status-publish","hentry"],"acf":[],"yoast_head":"<!-- This site is optimized with the Yoast SEO plugin v23.3 - https:\/\/yoast.com\/wordpress\/plugins\/seo\/ -->\n<title>N\u00facleos - Sentidos da Mem\u00f3ria<\/title>\n<meta name=\"robots\" content=\"index, follow, max-snippet:-1, max-image-preview:large, max-video-preview:-1\" \/>\n<link rel=\"canonical\" href=\"https:\/\/memo.museudapessoa.org\/sentidos-da-memoria\/nucleos\/\" \/>\n<meta property=\"og:locale\" content=\"pt_BR\" \/>\n<meta property=\"og:type\" content=\"article\" \/>\n<meta property=\"og:title\" content=\"N\u00facleos - Sentidos da Mem\u00f3ria\" \/>\n<meta property=\"og:description\" content=\"Caf\u00e9 com Biscoitos [S\u00e3o Paulo &#8211; SP] Companhia de teatro que desde 2007 vem trabalhando o resgate de mem\u00f3rias com grupos de terceira idade. Apresentam o Caf\u00e9 com Biscoitos, que alcan\u00e7ou mais de dez mil pessoas em doze anos de...\" \/>\n<meta property=\"og:url\" content=\"https:\/\/memo.museudapessoa.org\/sentidos-da-memoria\/nucleos\/\" \/>\n<meta property=\"og:site_name\" content=\"Sentidos da Mem\u00f3ria\" \/>\n<meta property=\"article:modified_time\" content=\"2023-11-17T20:44:28+00:00\" \/>\n<meta name=\"twitter:card\" content=\"summary_large_image\" \/>\n<meta name=\"twitter:label1\" content=\"Est. tempo de leitura\" \/>\n\t<meta name=\"twitter:data1\" content=\"4 minutos\" \/>\n<script type=\"application\/ld+json\" class=\"yoast-schema-graph\">{\"@context\":\"https:\/\/schema.org\",\"@graph\":[{\"@type\":\"WebPage\",\"@id\":\"https:\/\/memo.museudapessoa.org\/sentidos-da-memoria\/nucleos\/\",\"url\":\"https:\/\/memo.museudapessoa.org\/sentidos-da-memoria\/nucleos\/\",\"name\":\"N\u00facleos - Sentidos da Mem\u00f3ria\",\"isPartOf\":{\"@id\":\"https:\/\/memo.museudapessoa.org\/sentidos-da-memoria\/#website\"},\"datePublished\":\"2023-10-24T21:27:21+00:00\",\"dateModified\":\"2023-11-17T20:44:28+00:00\",\"breadcrumb\":{\"@id\":\"https:\/\/memo.museudapessoa.org\/sentidos-da-memoria\/nucleos\/#breadcrumb\"},\"inLanguage\":\"pt-BR\",\"potentialAction\":[{\"@type\":\"ReadAction\",\"target\":[\"https:\/\/memo.museudapessoa.org\/sentidos-da-memoria\/nucleos\/\"]}]},{\"@type\":\"BreadcrumbList\",\"@id\":\"https:\/\/memo.museudapessoa.org\/sentidos-da-memoria\/nucleos\/#breadcrumb\",\"itemListElement\":[{\"@type\":\"ListItem\",\"position\":1,\"name\":\"Home\",\"item\":\"https:\/\/memo.museudapessoa.org\/sentidos-da-memoria\/\"},{\"@type\":\"ListItem\",\"position\":2,\"name\":\"N\u00facleos\"}]},{\"@type\":\"WebSite\",\"@id\":\"https:\/\/memo.museudapessoa.org\/sentidos-da-memoria\/#website\",\"url\":\"https:\/\/memo.museudapessoa.org\/sentidos-da-memoria\/\",\"name\":\"Sentidos da Mem\u00f3ria\",\"description\":\"\",\"potentialAction\":[{\"@type\":\"SearchAction\",\"target\":{\"@type\":\"EntryPoint\",\"urlTemplate\":\"https:\/\/memo.museudapessoa.org\/sentidos-da-memoria\/?s={search_term_string}\"},\"query-input\":\"required name=search_term_string\"}],\"inLanguage\":\"pt-BR\"}]}<\/script>\n<!-- \/ Yoast SEO plugin. -->","yoast_head_json":{"title":"N\u00facleos - Sentidos da Mem\u00f3ria","robots":{"index":"index","follow":"follow","max-snippet":"max-snippet:-1","max-image-preview":"max-image-preview:large","max-video-preview":"max-video-preview:-1"},"canonical":"https:\/\/memo.museudapessoa.org\/sentidos-da-memoria\/nucleos\/","og_locale":"pt_BR","og_type":"article","og_title":"N\u00facleos - Sentidos da Mem\u00f3ria","og_description":"Caf\u00e9 com Biscoitos [S\u00e3o Paulo &#8211; SP] Companhia de teatro que desde 2007 vem trabalhando o resgate de mem\u00f3rias com grupos de terceira idade. Apresentam o Caf\u00e9 com Biscoitos, que alcan\u00e7ou mais de dez mil pessoas em doze anos de...","og_url":"https:\/\/memo.museudapessoa.org\/sentidos-da-memoria\/nucleos\/","og_site_name":"Sentidos da Mem\u00f3ria","article_modified_time":"2023-11-17T20:44:28+00:00","twitter_card":"summary_large_image","twitter_misc":{"Est. tempo de leitura":"4 minutos"},"schema":{"@context":"https:\/\/schema.org","@graph":[{"@type":"WebPage","@id":"https:\/\/memo.museudapessoa.org\/sentidos-da-memoria\/nucleos\/","url":"https:\/\/memo.museudapessoa.org\/sentidos-da-memoria\/nucleos\/","name":"N\u00facleos - Sentidos da Mem\u00f3ria","isPartOf":{"@id":"https:\/\/memo.museudapessoa.org\/sentidos-da-memoria\/#website"},"datePublished":"2023-10-24T21:27:21+00:00","dateModified":"2023-11-17T20:44:28+00:00","breadcrumb":{"@id":"https:\/\/memo.museudapessoa.org\/sentidos-da-memoria\/nucleos\/#breadcrumb"},"inLanguage":"pt-BR","potentialAction":[{"@type":"ReadAction","target":["https:\/\/memo.museudapessoa.org\/sentidos-da-memoria\/nucleos\/"]}]},{"@type":"BreadcrumbList","@id":"https:\/\/memo.museudapessoa.org\/sentidos-da-memoria\/nucleos\/#breadcrumb","itemListElement":[{"@type":"ListItem","position":1,"name":"Home","item":"https:\/\/memo.museudapessoa.org\/sentidos-da-memoria\/"},{"@type":"ListItem","position":2,"name":"N\u00facleos"}]},{"@type":"WebSite","@id":"https:\/\/memo.museudapessoa.org\/sentidos-da-memoria\/#website","url":"https:\/\/memo.museudapessoa.org\/sentidos-da-memoria\/","name":"Sentidos da Mem\u00f3ria","description":"","potentialAction":[{"@type":"SearchAction","target":{"@type":"EntryPoint","urlTemplate":"https:\/\/memo.museudapessoa.org\/sentidos-da-memoria\/?s={search_term_string}"},"query-input":"required name=search_term_string"}],"inLanguage":"pt-BR"}]}},"_links":{"self":[{"href":"https:\/\/memo.museudapessoa.org\/sentidos-da-memoria\/wp-json\/wp\/v2\/pages\/106"}],"collection":[{"href":"https:\/\/memo.museudapessoa.org\/sentidos-da-memoria\/wp-json\/wp\/v2\/pages"}],"about":[{"href":"https:\/\/memo.museudapessoa.org\/sentidos-da-memoria\/wp-json\/wp\/v2\/types\/page"}],"author":[{"embeddable":true,"href":"https:\/\/memo.museudapessoa.org\/sentidos-da-memoria\/wp-json\/wp\/v2\/users\/49"}],"replies":[{"embeddable":true,"href":"https:\/\/memo.museudapessoa.org\/sentidos-da-memoria\/wp-json\/wp\/v2\/comments?post=106"}],"version-history":[{"count":57,"href":"https:\/\/memo.museudapessoa.org\/sentidos-da-memoria\/wp-json\/wp\/v2\/pages\/106\/revisions"}],"predecessor-version":[{"id":1019,"href":"https:\/\/memo.museudapessoa.org\/sentidos-da-memoria\/wp-json\/wp\/v2\/pages\/106\/revisions\/1019"}],"wp:attachment":[{"href":"https:\/\/memo.museudapessoa.org\/sentidos-da-memoria\/wp-json\/wp\/v2\/media?parent=106"}],"curies":[{"name":"wp","href":"https:\/\/api.w.org\/{rel}","templated":true}]}}