{"id":108,"date":"2023-10-24T18:27:56","date_gmt":"2023-10-24T21:27:56","guid":{"rendered":"https:\/\/memo.museudapessoa.org\/sentidos-da-memoria\/?page_id=108"},"modified":"2023-12-19T17:22:53","modified_gmt":"2023-12-19T20:22:53","slug":"personagens","status":"publish","type":"page","link":"https:\/\/memo.museudapessoa.org\/sentidos-da-memoria\/personagens\/","title":{"rendered":"Personagens"},"content":{"rendered":"\n        <section class=\"conteudo\">\n          <div class=\"container\">\n            <div class=\"row\">\n              <div class=\"col-md-12 conteudo content margin-center text-md-left\">\n                \n<h2 id=\"cafe-com-biscoitos\" class=\"wp-block-heading has-text-align-left\">Caf\u00e9 com Biscoitos<\/h2>\n\n              <\/div>\n            <\/div>\n          <\/div>\n        <\/section>\n\n\n        <section class=\"conteudo\">\n          <div class=\"container\">\n            <div class=\"row\">\n              <div class=\"col-md-12 conteudo content margin-center text-md-left\">\n                \n<div class=\"wp-block-columns is-layout-flex wp-container-core-columns-is-layout-1 wp-block-columns-is-layout-flex\">\n<div class=\"wp-block-column is-layout-flow wp-block-column-is-layout-flow\">\n<figure class=\"wp-block-image size-full\"><img decoding=\"async\" width=\"300\" height=\"300\" src=\"https:\/\/memo.museudapessoa.org\/sentidos-da-memoria\/wp-content\/uploads\/sites\/26\/2023\/10\/FOTO_CESAR.jpg\" alt=\"\" class=\"wp-image-496\" srcset=\"https:\/\/memo.museudapessoa.org\/sentidos-da-memoria\/wp-content\/uploads\/sites\/26\/2023\/10\/FOTO_CESAR.jpg 300w, https:\/\/memo.museudapessoa.org\/sentidos-da-memoria\/wp-content\/uploads\/sites\/26\/2023\/10\/FOTO_CESAR-150x150.jpg 150w\" sizes=\"(max-width: 300px) 100vw, 300px\" loading=\"lazy\" \/><\/figure>\n\n\n\n        <section class=\"conteudo\">\n          <div class=\"container\">\n            <div class=\"row\">\n              <div class=\"col-md-12 conteudo content margin-center text-md-left\">\n                \n<p><strong>Cesar Augusto de Carvalho<\/strong> nasceu em Franco da Rocha (SP) e sua inf\u00e2ncia foi na d\u00e9cada de 50. Possui mem\u00f3rias inesquec\u00edveis da cidade na sua inf\u00e2ncia.<\/p>\n\n              <\/div>\n            <\/div>\n          <\/div>\n        <\/section>\n\n\n<figure class=\"wp-block-image size-full\"><img decoding=\"async\" width=\"730\" height=\"730\" src=\"https:\/\/memo.museudapessoa.org\/sentidos-da-memoria\/wp-content\/uploads\/sites\/26\/2023\/10\/foto_conceicao-edited.jpg\" alt=\"\" class=\"wp-image-585\" srcset=\"https:\/\/memo.museudapessoa.org\/sentidos-da-memoria\/wp-content\/uploads\/sites\/26\/2023\/10\/foto_conceicao-edited.jpg 730w, https:\/\/memo.museudapessoa.org\/sentidos-da-memoria\/wp-content\/uploads\/sites\/26\/2023\/10\/foto_conceicao-edited-300x300.jpg 300w, https:\/\/memo.museudapessoa.org\/sentidos-da-memoria\/wp-content\/uploads\/sites\/26\/2023\/10\/foto_conceicao-edited-150x150.jpg 150w\" sizes=\"(max-width: 730px) 100vw, 730px\" loading=\"lazy\" \/><\/figure>\n\n\n\n        <section class=\"conteudo\">\n          <div class=\"container\">\n            <div class=\"row\">\n              <div class=\"col-md-12 conteudo content margin-center text-md-left\">\n                \n<p><strong>Maria Concei\u00e7\u00e3o Sousa<\/strong> \u00e9 natural de Mococa (SP). Bi\u00f3loga aposentada, passou sua inf\u00e2ncia na ro\u00e7a e ouvia seu av\u00f4 tocar o violino.<\/p>\n\n              <\/div>\n            <\/div>\n          <\/div>\n        <\/section><\/div>\n\n\n\n<div class=\"wp-block-column is-layout-flow wp-block-column-is-layout-flow\">\n<figure class=\"wp-block-image size-full\"><img decoding=\"async\" width=\"258\" height=\"258\" src=\"https:\/\/memo.museudapessoa.org\/sentidos-da-memoria\/wp-content\/uploads\/sites\/26\/2023\/10\/1516823035249-e1698254024744-edited.jpg\" alt=\"\" class=\"wp-image-553\" srcset=\"https:\/\/memo.museudapessoa.org\/sentidos-da-memoria\/wp-content\/uploads\/sites\/26\/2023\/10\/1516823035249-e1698254024744-edited.jpg 258w, https:\/\/memo.museudapessoa.org\/sentidos-da-memoria\/wp-content\/uploads\/sites\/26\/2023\/10\/1516823035249-e1698254024744-edited-150x150.jpg 150w\" sizes=\"(max-width: 258px) 100vw, 258px\" loading=\"lazy\" \/><\/figure>\n\n\n\n        <section class=\"conteudo\">\n          <div class=\"container\">\n            <div class=\"row\">\n              <div class=\"col-md-12 conteudo content margin-center text-md-left\">\n                \n<p><strong>Andrea Frangakis<\/strong> tem 47 anos e nasceu em Nova Igua\u00e7u (RJ). \u00c9 formada em Educa\u00e7\u00e3o F\u00edsica, mat\u00e9ria na qual detestava na \u00e9poca da escola. A capoeira mudou sua vida.<\/p>\n\n              <\/div>\n            <\/div>\n          <\/div>\n        <\/section><\/div>\n\n\n\n<div class=\"wp-block-column is-layout-flow wp-block-column-is-layout-flow\">\n<figure class=\"wp-block-image size-full\"><img decoding=\"async\" width=\"351\" height=\"351\" src=\"https:\/\/memo.museudapessoa.org\/sentidos-da-memoria\/wp-content\/uploads\/sites\/26\/2023\/10\/14657352_1109058129189864_749002361791327892_n.jpg\" alt=\"\" class=\"wp-image-269\" srcset=\"https:\/\/memo.museudapessoa.org\/sentidos-da-memoria\/wp-content\/uploads\/sites\/26\/2023\/10\/14657352_1109058129189864_749002361791327892_n.jpg 351w, https:\/\/memo.museudapessoa.org\/sentidos-da-memoria\/wp-content\/uploads\/sites\/26\/2023\/10\/14657352_1109058129189864_749002361791327892_n-300x300.jpg 300w, https:\/\/memo.museudapessoa.org\/sentidos-da-memoria\/wp-content\/uploads\/sites\/26\/2023\/10\/14657352_1109058129189864_749002361791327892_n-150x150.jpg 150w\" sizes=\"(max-width: 351px) 100vw, 351px\" loading=\"lazy\" \/><\/figure>\n\n\n\n        <section class=\"conteudo\">\n          <div class=\"container\">\n            <div class=\"row\">\n              <div class=\"col-md-12 conteudo content margin-center text-md-left\">\n                \n<p><strong>Rosa Landi Schoueri<\/strong> nasceu em S\u00e3o Paulo (SP) e sua inf\u00e2ncia foi na d\u00e9cada de 40. Na Vila Madalena, se divertia vendo os ambulantes passarem na rua.<\/p>\n\n              <\/div>\n            <\/div>\n          <\/div>\n        <\/section><\/div>\n<\/div>\n\n              <\/div>\n            <\/div>\n          <\/div>\n        <\/section>\n\n\n        <section class=\"conteudo\">\n          <div class=\"container\">\n            <div class=\"row\">\n              <div class=\"col-md-12 conteudo content margin-center text-md-left\">\n                \n<h2 id=\"icen---instituto-cecilio-elias-netto\" class=\"wp-block-heading\">ICEN &#8211; Instituto Cec\u00edlio Elias Netto<\/h2>\n\n              <\/div>\n            <\/div>\n          <\/div>\n        <\/section>\n\n\n        <section class=\"conteudo\">\n          <div class=\"container\">\n            <div class=\"row\">\n              <div class=\"col-md-12 conteudo content margin-center text-md-left\">\n                \n<div class=\"wp-block-columns is-layout-flex wp-container-core-columns-is-layout-2 wp-block-columns-is-layout-flex\">\n<div class=\"wp-block-column is-layout-flow wp-block-column-is-layout-flow\">\n<figure class=\"wp-block-image size-full is-resized\"><img decoding=\"async\" src=\"https:\/\/memo.museudapessoa.org\/sentidos-da-memoria\/wp-content\/uploads\/sites\/26\/2023\/10\/cecilio-elias-netto-e1698253971166-edited.jpg\" alt=\"\" class=\"wp-image-623\" width=\"156\" height=\"156\" srcset=\"https:\/\/memo.museudapessoa.org\/sentidos-da-memoria\/wp-content\/uploads\/sites\/26\/2023\/10\/cecilio-elias-netto-e1698253971166-edited.jpg 382w, https:\/\/memo.museudapessoa.org\/sentidos-da-memoria\/wp-content\/uploads\/sites\/26\/2023\/10\/cecilio-elias-netto-e1698253971166-edited-300x300.jpg 300w, https:\/\/memo.museudapessoa.org\/sentidos-da-memoria\/wp-content\/uploads\/sites\/26\/2023\/10\/cecilio-elias-netto-e1698253971166-edited-150x150.jpg 150w\" sizes=\"(max-width: 156px) 100vw, 156px\" loading=\"lazy\" \/><\/figure>\n<\/div>\n\n\n\n<div class=\"wp-block-column is-layout-flow wp-block-column-is-layout-flow\">\n        <section class=\"conteudo\">\n          <div class=\"container\">\n            <div class=\"row\">\n              <div class=\"col-md-12 conteudo content margin-center text-md-left\">\n                \n<p><strong>Cec\u00edlio Elias Netto<\/strong> nasceu no ano de 1940, em Piracicaba (SP). Jornalista e escritor, foi diretor da Folha de Piracicaba, do Di\u00e1rio de Piracicaba e do semin\u00e1rio A Prov\u00edncia, entre outros ve\u00edculos.<\/p>\n\n              <\/div>\n            <\/div>\n          <\/div>\n        <\/section><\/div>\n\n\n\n<div class=\"wp-block-column is-layout-flow wp-block-column-is-layout-flow\"><\/div>\n<\/div>\n\n              <\/div>\n            <\/div>\n          <\/div>\n        <\/section>\n\n\n        <section class=\"conteudo\">\n          <div class=\"container\">\n            <div class=\"row\">\n              <div class=\"col-md-12 conteudo content margin-center text-md-left\">\n                \n<h2 id=\"museu-campos-gerais\" class=\"wp-block-heading\">Museu Campos Gerais<\/h2>\n\n              <\/div>\n            <\/div>\n          <\/div>\n        <\/section>\n\n\n        <section class=\"conteudo\">\n          <div class=\"container\">\n            <div class=\"row\">\n              <div class=\"col-md-12 conteudo content margin-center text-md-left\">\n                \n<div class=\"wp-block-columns is-layout-flex wp-container-core-columns-is-layout-3 wp-block-columns-is-layout-flex\">\n<div class=\"wp-block-column is-layout-flow wp-block-column-is-layout-flow\">\n<figure class=\"wp-block-image size-large\"><img decoding=\"async\" width=\"2560\" height=\"2560\" src=\"https:\/\/memo.museudapessoa.org\/sentidos-da-memoria\/wp-content\/uploads\/sites\/26\/2023\/10\/IMG_1898-edited-scaled.jpg\" alt=\"\" class=\"wp-image-858\" srcset=\"https:\/\/memo.museudapessoa.org\/sentidos-da-memoria\/wp-content\/uploads\/sites\/26\/2023\/10\/IMG_1898-edited-scaled.jpg 2560w, https:\/\/memo.museudapessoa.org\/sentidos-da-memoria\/wp-content\/uploads\/sites\/26\/2023\/10\/IMG_1898-edited-300x300.jpg 300w, https:\/\/memo.museudapessoa.org\/sentidos-da-memoria\/wp-content\/uploads\/sites\/26\/2023\/10\/IMG_1898-edited-1024x1024.jpg 1024w, https:\/\/memo.museudapessoa.org\/sentidos-da-memoria\/wp-content\/uploads\/sites\/26\/2023\/10\/IMG_1898-edited-150x150.jpg 150w, https:\/\/memo.museudapessoa.org\/sentidos-da-memoria\/wp-content\/uploads\/sites\/26\/2023\/10\/IMG_1898-edited-768x768.jpg 768w, https:\/\/memo.museudapessoa.org\/sentidos-da-memoria\/wp-content\/uploads\/sites\/26\/2023\/10\/IMG_1898-edited-1536x1536.jpg 1536w, https:\/\/memo.museudapessoa.org\/sentidos-da-memoria\/wp-content\/uploads\/sites\/26\/2023\/10\/IMG_1898-edited-2048x2048.jpg 2048w\" sizes=\"(max-width: 2560px) 100vw, 2560px\" loading=\"lazy\" \/><\/figure>\n<\/div>\n\n\n\n<div class=\"wp-block-column is-layout-flow wp-block-column-is-layout-flow\">\n        <section class=\"conteudo\">\n          <div class=\"container\">\n            <div class=\"row\">\n              <div class=\"col-md-12 conteudo content margin-center text-md-left\">\n                \n<p><strong>Renoaldo Kaczmarech<\/strong> \u00e9 colecionador e bi\u00f3logo. Trabalha na Reserva T\u00e9cnica do Museu Campos Gerais, em Ponta Grossa (PR). <\/p>\n\n              <\/div>\n            <\/div>\n          <\/div>\n        <\/section><\/div>\n\n\n\n<div class=\"wp-block-column is-layout-flow wp-block-column-is-layout-flow\"><\/div>\n<\/div>\n\n              <\/div>\n            <\/div>\n          <\/div>\n        <\/section>\n\n\n        <section class=\"conteudo\">\n          <div class=\"container\">\n            <div class=\"row\">\n              <div class=\"col-md-12 conteudo content margin-center text-md-left\">\n                \n<h2 id=\"museu-do-cafe\" class=\"wp-block-heading\">Museu do Caf\u00e9 <\/h2>\n\n              <\/div>\n            <\/div>\n          <\/div>\n        <\/section>\n\n\n        <section class=\"conteudo\">\n          <div class=\"container\">\n            <div class=\"row\">\n              <div class=\"col-md-12 conteudo content margin-center text-md-left\">\n                \n<div class=\"wp-block-columns is-layout-flex wp-container-core-columns-is-layout-4 wp-block-columns-is-layout-flex\">\n<div class=\"wp-block-column is-layout-flow wp-block-column-is-layout-flow\">\n<figure class=\"wp-block-image size-full\"><img decoding=\"async\" width=\"720\" height=\"720\" src=\"https:\/\/memo.museudapessoa.org\/sentidos-da-memoria\/wp-content\/uploads\/sites\/26\/2023\/10\/vlcsnap-2023-10-25-20h46m51s285-edited-1.png\" alt=\"\" class=\"wp-image-633\" srcset=\"https:\/\/memo.museudapessoa.org\/sentidos-da-memoria\/wp-content\/uploads\/sites\/26\/2023\/10\/vlcsnap-2023-10-25-20h46m51s285-edited-1.png 720w, https:\/\/memo.museudapessoa.org\/sentidos-da-memoria\/wp-content\/uploads\/sites\/26\/2023\/10\/vlcsnap-2023-10-25-20h46m51s285-edited-1-300x300.png 300w, https:\/\/memo.museudapessoa.org\/sentidos-da-memoria\/wp-content\/uploads\/sites\/26\/2023\/10\/vlcsnap-2023-10-25-20h46m51s285-edited-1-150x150.png 150w\" sizes=\"(max-width: 720px) 100vw, 720px\" loading=\"lazy\" \/><\/figure>\n\n\n\n        <section class=\"conteudo\">\n          <div class=\"container\">\n            <div class=\"row\">\n              <div class=\"col-md-12 conteudo content margin-center text-md-left\">\n                \n<p><strong>Nascilene Ramos de Souza<\/strong> nasceu em S\u00e3o F\u00e9lix (BA). Formada em Museologia, \u00e9 Analista de Museologia no Museu do Caf\u00e9.<\/p>\n\n              <\/div>\n            <\/div>\n          <\/div>\n        <\/section><\/div>\n\n\n\n<div class=\"wp-block-column is-layout-flow wp-block-column-is-layout-flow\">\n<figure class=\"wp-block-image size-full\"><img decoding=\"async\" width=\"637\" height=\"637\" src=\"https:\/\/memo.museudapessoa.org\/sentidos-da-memoria\/wp-content\/uploads\/sites\/26\/2023\/10\/vlcsnap-2023-10-25-14h43m03s904-e1698255833987-edited-1.png\" alt=\"\" class=\"wp-image-651\" srcset=\"https:\/\/memo.museudapessoa.org\/sentidos-da-memoria\/wp-content\/uploads\/sites\/26\/2023\/10\/vlcsnap-2023-10-25-14h43m03s904-e1698255833987-edited-1.png 637w, https:\/\/memo.museudapessoa.org\/sentidos-da-memoria\/wp-content\/uploads\/sites\/26\/2023\/10\/vlcsnap-2023-10-25-14h43m03s904-e1698255833987-edited-1-300x300.png 300w, https:\/\/memo.museudapessoa.org\/sentidos-da-memoria\/wp-content\/uploads\/sites\/26\/2023\/10\/vlcsnap-2023-10-25-14h43m03s904-e1698255833987-edited-1-150x150.png 150w\" sizes=\"(max-width: 637px) 100vw, 637px\" loading=\"lazy\" \/><\/figure>\n\n\n\n        <section class=\"conteudo\">\n          <div class=\"container\">\n            <div class=\"row\">\n              <div class=\"col-md-12 conteudo content margin-center text-md-left\">\n                \n<p><strong>Ana Paula Fran\u00e7a<\/strong> nasceu no ano de 1984, em Cubat\u00e3o (SP). Formada em Hist\u00f3ria, trabalha no Museu do Caf\u00e9 como Analista de Documenta\u00e7\u00e3o Museol\u00f3gica.<\/p>\n\n              <\/div>\n            <\/div>\n          <\/div>\n        <\/section><\/div>\n\n\n\n<div class=\"wp-block-column is-layout-flow wp-block-column-is-layout-flow\"><\/div>\n<\/div>\n\n              <\/div>\n            <\/div>\n          <\/div>\n        <\/section>\n\n\n        <section class=\"conteudo\">\n          <div class=\"container\">\n            <div class=\"row\">\n              <div class=\"col-md-12 conteudo content margin-center text-md-left\">\n                \n<h2 id=\"associacao-cultural-comunitaria-de-santa-luzia\" class=\"wp-block-heading\">Associa\u00e7\u00e3o Cultural Comunit\u00e1ria de Santa Luzia<\/h2>\n\n              <\/div>\n            <\/div>\n          <\/div>\n        <\/section>\n\n\n        <section class=\"conteudo\">\n          <div class=\"container\">\n            <div class=\"row\">\n              <div class=\"col-md-12 conteudo content margin-center text-md-left\">\n                \n<div class=\"wp-block-columns is-layout-flex wp-container-core-columns-is-layout-5 wp-block-columns-is-layout-flex\">\n<div class=\"wp-block-column is-layout-flow wp-block-column-is-layout-flow\">\n<figure class=\"wp-block-image size-full\"><img decoding=\"async\" width=\"548\" height=\"548\" src=\"https:\/\/memo.museudapessoa.org\/sentidos-da-memoria\/wp-content\/uploads\/sites\/26\/2023\/11\/ElisabetedeAlmeida-creditoMarcos-Ikeda-edited.jpeg\" alt=\"\" class=\"wp-image-1021\" srcset=\"https:\/\/memo.museudapessoa.org\/sentidos-da-memoria\/wp-content\/uploads\/sites\/26\/2023\/11\/ElisabetedeAlmeida-creditoMarcos-Ikeda-edited.jpeg 548w, https:\/\/memo.museudapessoa.org\/sentidos-da-memoria\/wp-content\/uploads\/sites\/26\/2023\/11\/ElisabetedeAlmeida-creditoMarcos-Ikeda-edited-300x300.jpeg 300w, https:\/\/memo.museudapessoa.org\/sentidos-da-memoria\/wp-content\/uploads\/sites\/26\/2023\/11\/ElisabetedeAlmeida-creditoMarcos-Ikeda-edited-150x150.jpeg 150w\" sizes=\"(max-width: 548px) 100vw, 548px\" loading=\"lazy\" \/><\/figure>\n<\/div>\n\n\n\n<div class=\"wp-block-column is-layout-flow wp-block-column-is-layout-flow\">\n        <section class=\"conteudo\">\n          <div class=\"container\">\n            <div class=\"row\">\n              <div class=\"col-md-12 conteudo content margin-center text-md-left\">\n                \n<p><strong>Elisabete de Almeida Teixeira<\/strong> tem 74 anos. Ficou respons\u00e1vel por cuidar do Instituto S\u00e3o Jer\u00f4nimo ap\u00f3s o falecimento da Dona Mariinha Moreira.<\/p>\n\n              <\/div>\n            <\/div>\n          <\/div>\n        <\/section><\/div>\n\n\n\n<div class=\"wp-block-column is-layout-flow wp-block-column-is-layout-flow\"><\/div>\n<\/div>\n\n              <\/div>\n            <\/div>\n          <\/div>\n        <\/section>\n\n\n        <section class=\"conteudo\">\n          <div class=\"container\">\n            <div class=\"row\">\n              <div class=\"col-md-12 conteudo content margin-center text-md-left\">\n                \n<h2 id=\"lltgtl-lanchonete---moinho-fluminense\" class=\"wp-block-heading\">L&lt;&gt;L (Lanchonete) \/ Moinho Fluminense<\/h2>\n\n              <\/div>\n            <\/div>\n          <\/div>\n        <\/section>\n\n\n        <section class=\"conteudo\">\n          <div class=\"container\">\n            <div class=\"row\">\n              <div class=\"col-md-12 conteudo content margin-center text-md-left\">\n                \n<div class=\"wp-block-columns is-layout-flex wp-container-core-columns-is-layout-6 wp-block-columns-is-layout-flex\">\n<div class=\"wp-block-column is-layout-flow wp-block-column-is-layout-flow\">\n<figure class=\"wp-block-image size-large\"><img decoding=\"async\" width=\"1080\" height=\"1080\" src=\"https:\/\/memo.museudapessoa.org\/sentidos-da-memoria\/wp-content\/uploads\/sites\/26\/2023\/10\/vlcsnap-2023-10-25-20h25m41s668-edited.png\" alt=\"\" class=\"wp-image-616\" srcset=\"https:\/\/memo.museudapessoa.org\/sentidos-da-memoria\/wp-content\/uploads\/sites\/26\/2023\/10\/vlcsnap-2023-10-25-20h25m41s668-edited.png 1080w, https:\/\/memo.museudapessoa.org\/sentidos-da-memoria\/wp-content\/uploads\/sites\/26\/2023\/10\/vlcsnap-2023-10-25-20h25m41s668-edited-300x300.png 300w, https:\/\/memo.museudapessoa.org\/sentidos-da-memoria\/wp-content\/uploads\/sites\/26\/2023\/10\/vlcsnap-2023-10-25-20h25m41s668-edited-1024x1024.png 1024w, https:\/\/memo.museudapessoa.org\/sentidos-da-memoria\/wp-content\/uploads\/sites\/26\/2023\/10\/vlcsnap-2023-10-25-20h25m41s668-edited-150x150.png 150w, https:\/\/memo.museudapessoa.org\/sentidos-da-memoria\/wp-content\/uploads\/sites\/26\/2023\/10\/vlcsnap-2023-10-25-20h25m41s668-edited-768x768.png 768w\" sizes=\"(max-width: 1080px) 100vw, 1080px\" loading=\"lazy\" \/><\/figure>\n\n\n\n        <section class=\"conteudo\">\n          <div class=\"container\">\n            <div class=\"row\">\n              <div class=\"col-md-12 conteudo content margin-center text-md-left\">\n                \n<p><strong>C\u00e9lio Augusto Braga<\/strong> nasceu em Concei\u00e7\u00e3o de Macabu (RJ) e aos 10 anos, foi embora para o Rio de Janeiro (RJ). Estabeleceu-se no bairro da Sa\u00fade. Gosta de tocar capoeira na pra\u00e7a.<\/p>\n\n              <\/div>\n            <\/div>\n          <\/div>\n        <\/section>\n\n\n<figure class=\"wp-block-image size-large\"><img decoding=\"async\" width=\"1080\" height=\"1080\" src=\"https:\/\/memo.museudapessoa.org\/sentidos-da-memoria\/wp-content\/uploads\/sites\/26\/2023\/10\/vlcsnap-2023-10-25-20h24m43s552-edited.png\" alt=\"\" class=\"wp-image-620\" srcset=\"https:\/\/memo.museudapessoa.org\/sentidos-da-memoria\/wp-content\/uploads\/sites\/26\/2023\/10\/vlcsnap-2023-10-25-20h24m43s552-edited.png 1080w, https:\/\/memo.museudapessoa.org\/sentidos-da-memoria\/wp-content\/uploads\/sites\/26\/2023\/10\/vlcsnap-2023-10-25-20h24m43s552-edited-300x300.png 300w, https:\/\/memo.museudapessoa.org\/sentidos-da-memoria\/wp-content\/uploads\/sites\/26\/2023\/10\/vlcsnap-2023-10-25-20h24m43s552-edited-1024x1024.png 1024w, https:\/\/memo.museudapessoa.org\/sentidos-da-memoria\/wp-content\/uploads\/sites\/26\/2023\/10\/vlcsnap-2023-10-25-20h24m43s552-edited-150x150.png 150w, https:\/\/memo.museudapessoa.org\/sentidos-da-memoria\/wp-content\/uploads\/sites\/26\/2023\/10\/vlcsnap-2023-10-25-20h24m43s552-edited-768x768.png 768w\" sizes=\"(max-width: 1080px) 100vw, 1080px\" loading=\"lazy\" \/><\/figure>\n\n\n\n        <section class=\"conteudo\">\n          <div class=\"container\">\n            <div class=\"row\">\n              <div class=\"col-md-12 conteudo content margin-center text-md-left\">\n                \n<p><strong>Jorge Ricardo de Andrade<\/strong> \u00e9 de Nova Igua\u00e7u (RJ). Faz 22 anos que toca seu bar na regi\u00e3o da Gamboa.<\/p>\n\n              <\/div>\n            <\/div>\n          <\/div>\n        <\/section><\/div>\n\n\n\n<div class=\"wp-block-column is-layout-flow wp-block-column-is-layout-flow\">\n<figure class=\"wp-block-image size-full\"><img decoding=\"async\" width=\"546\" height=\"546\" src=\"https:\/\/memo.museudapessoa.org\/sentidos-da-memoria\/wp-content\/uploads\/sites\/26\/2023\/10\/vlcsnap-2023-10-25-14h09m08s026-e1698254004636-edited.png\" alt=\"\" class=\"wp-image-592\" srcset=\"https:\/\/memo.museudapessoa.org\/sentidos-da-memoria\/wp-content\/uploads\/sites\/26\/2023\/10\/vlcsnap-2023-10-25-14h09m08s026-e1698254004636-edited.png 546w, https:\/\/memo.museudapessoa.org\/sentidos-da-memoria\/wp-content\/uploads\/sites\/26\/2023\/10\/vlcsnap-2023-10-25-14h09m08s026-e1698254004636-edited-300x300.png 300w, https:\/\/memo.museudapessoa.org\/sentidos-da-memoria\/wp-content\/uploads\/sites\/26\/2023\/10\/vlcsnap-2023-10-25-14h09m08s026-e1698254004636-edited-150x150.png 150w\" sizes=\"(max-width: 546px) 100vw, 546px\" loading=\"lazy\" \/><\/figure>\n\n\n\n        <section class=\"conteudo\">\n          <div class=\"container\">\n            <div class=\"row\">\n              <div class=\"col-md-12 conteudo content margin-center text-md-left\">\n                \n<p><strong>Ant\u00f4nio Carlos Rodrigues da Silva<\/strong> tem 67 anos, nasceu no bairro da Sa\u00fade e foi criado no Est\u00e1cio, no Rio de Janeiro (RJ). O carnaval est\u00e1 no seu sangue.<\/p>\n\n              <\/div>\n            <\/div>\n          <\/div>\n        <\/section>\n\n\n<figure class=\"wp-block-image size-large\"><img decoding=\"async\" width=\"1080\" height=\"1080\" src=\"https:\/\/memo.museudapessoa.org\/sentidos-da-memoria\/wp-content\/uploads\/sites\/26\/2023\/10\/vlcsnap-2023-10-25-20h25m52s514-edited.png\" alt=\"\" class=\"wp-image-622\" srcset=\"https:\/\/memo.museudapessoa.org\/sentidos-da-memoria\/wp-content\/uploads\/sites\/26\/2023\/10\/vlcsnap-2023-10-25-20h25m52s514-edited.png 1080w, https:\/\/memo.museudapessoa.org\/sentidos-da-memoria\/wp-content\/uploads\/sites\/26\/2023\/10\/vlcsnap-2023-10-25-20h25m52s514-edited-300x300.png 300w, https:\/\/memo.museudapessoa.org\/sentidos-da-memoria\/wp-content\/uploads\/sites\/26\/2023\/10\/vlcsnap-2023-10-25-20h25m52s514-edited-1024x1024.png 1024w, https:\/\/memo.museudapessoa.org\/sentidos-da-memoria\/wp-content\/uploads\/sites\/26\/2023\/10\/vlcsnap-2023-10-25-20h25m52s514-edited-150x150.png 150w, https:\/\/memo.museudapessoa.org\/sentidos-da-memoria\/wp-content\/uploads\/sites\/26\/2023\/10\/vlcsnap-2023-10-25-20h25m52s514-edited-768x768.png 768w\" sizes=\"(max-width: 1080px) 100vw, 1080px\" loading=\"lazy\" \/><\/figure>\n\n\n\n        <section class=\"conteudo\">\n          <div class=\"container\">\n            <div class=\"row\">\n              <div class=\"col-md-12 conteudo content margin-center text-md-left\">\n                \n<p><strong>Maria Jos\u00e9 Simi\u00e3o<\/strong> nasceu em Juiz de Fora (MG), mas mora na Gamboa h\u00e1 30 anos. Consegue observar as diferen\u00e7as entre o passado e o presente da regi\u00e3o.<\/p>\n\n              <\/div>\n            <\/div>\n          <\/div>\n        <\/section><\/div>\n\n\n\n<div class=\"wp-block-column is-layout-flow wp-block-column-is-layout-flow\">\n<figure class=\"wp-block-image size-large\"><img decoding=\"async\" width=\"1080\" height=\"1080\" src=\"https:\/\/memo.museudapessoa.org\/sentidos-da-memoria\/wp-content\/uploads\/sites\/26\/2023\/10\/vlcsnap-2023-10-25-20h25m18s942-edited.png\" alt=\"\" class=\"wp-image-618\" srcset=\"https:\/\/memo.museudapessoa.org\/sentidos-da-memoria\/wp-content\/uploads\/sites\/26\/2023\/10\/vlcsnap-2023-10-25-20h25m18s942-edited.png 1080w, https:\/\/memo.museudapessoa.org\/sentidos-da-memoria\/wp-content\/uploads\/sites\/26\/2023\/10\/vlcsnap-2023-10-25-20h25m18s942-edited-300x300.png 300w, https:\/\/memo.museudapessoa.org\/sentidos-da-memoria\/wp-content\/uploads\/sites\/26\/2023\/10\/vlcsnap-2023-10-25-20h25m18s942-edited-1024x1024.png 1024w, https:\/\/memo.museudapessoa.org\/sentidos-da-memoria\/wp-content\/uploads\/sites\/26\/2023\/10\/vlcsnap-2023-10-25-20h25m18s942-edited-150x150.png 150w, https:\/\/memo.museudapessoa.org\/sentidos-da-memoria\/wp-content\/uploads\/sites\/26\/2023\/10\/vlcsnap-2023-10-25-20h25m18s942-edited-768x768.png 768w\" sizes=\"(max-width: 1080px) 100vw, 1080px\" loading=\"lazy\" \/><\/figure>\n\n\n\n        <section class=\"conteudo\">\n          <div class=\"container\">\n            <div class=\"row\">\n              <div class=\"col-md-12 conteudo content margin-center text-md-left\">\n                \n<p><strong>Cristiane de Souza Rodrigues<\/strong> \u00e9 baiana, mas se estabeleceu no Rio de Janeiro (RJ). Quando crian\u00e7a, tinha uma imagem incr\u00edvel da cidade grande.<\/p>\n\n              <\/div>\n            <\/div>\n          <\/div>\n        <\/section><\/div>\n<\/div>\n\n              <\/div>\n            <\/div>\n          <\/div>\n        <\/section>","protected":false},"excerpt":{"rendered":"<p>Caf\u00e9 com Biscoitos Cesar Augusto de Carvalho nasceu em Franco da Rocha (SP) e sua inf\u00e2ncia foi na d\u00e9cada de 50. Possui mem\u00f3rias inesquec\u00edveis da cidade na sua inf\u00e2ncia. Maria Concei\u00e7\u00e3o Sousa \u00e9 natural de Mococa (SP). Bi\u00f3loga aposentada, passou&#8230;<\/p>\n","protected":false},"author":49,"featured_media":0,"parent":0,"menu_order":0,"comment_status":"closed","ping_status":"closed","template":"","meta":{"_acf_changed":false,"footnotes":""},"class_list":["post-108","page","type-page","status-publish","hentry"],"acf":[],"yoast_head":"<!-- This site is optimized with the Yoast SEO plugin v23.3 - https:\/\/yoast.com\/wordpress\/plugins\/seo\/ -->\n<title>Personagens - Sentidos da Mem\u00f3ria<\/title>\n<meta name=\"robots\" content=\"index, follow, max-snippet:-1, max-image-preview:large, max-video-preview:-1\" \/>\n<link rel=\"canonical\" href=\"https:\/\/memo.museudapessoa.org\/sentidos-da-memoria\/personagens\/\" \/>\n<meta property=\"og:locale\" content=\"pt_BR\" \/>\n<meta property=\"og:type\" content=\"article\" \/>\n<meta property=\"og:title\" content=\"Personagens - Sentidos da Mem\u00f3ria\" \/>\n<meta property=\"og:description\" content=\"Caf\u00e9 com Biscoitos Cesar Augusto de Carvalho nasceu em Franco da Rocha (SP) e sua inf\u00e2ncia foi na d\u00e9cada de 50. Possui mem\u00f3rias inesquec\u00edveis da cidade na sua inf\u00e2ncia. Maria Concei\u00e7\u00e3o Sousa \u00e9 natural de Mococa (SP). Bi\u00f3loga aposentada, passou...\" \/>\n<meta property=\"og:url\" content=\"https:\/\/memo.museudapessoa.org\/sentidos-da-memoria\/personagens\/\" \/>\n<meta property=\"og:site_name\" content=\"Sentidos da Mem\u00f3ria\" \/>\n<meta property=\"article:modified_time\" content=\"2023-12-19T20:22:53+00:00\" \/>\n<meta property=\"og:image\" content=\"https:\/\/memo.museudapessoa.org\/sentidos-da-memoria\/wp-content\/uploads\/sites\/26\/2023\/10\/FOTO_CESAR.jpg\" \/>\n<meta name=\"twitter:card\" content=\"summary_large_image\" \/>\n<meta name=\"twitter:label1\" content=\"Est. tempo de leitura\" \/>\n\t<meta name=\"twitter:data1\" content=\"2 minutos\" \/>\n<script type=\"application\/ld+json\" class=\"yoast-schema-graph\">{\"@context\":\"https:\/\/schema.org\",\"@graph\":[{\"@type\":\"WebPage\",\"@id\":\"https:\/\/memo.museudapessoa.org\/sentidos-da-memoria\/personagens\/\",\"url\":\"https:\/\/memo.museudapessoa.org\/sentidos-da-memoria\/personagens\/\",\"name\":\"Personagens - Sentidos da Mem\u00f3ria\",\"isPartOf\":{\"@id\":\"https:\/\/memo.museudapessoa.org\/sentidos-da-memoria\/#website\"},\"primaryImageOfPage\":{\"@id\":\"https:\/\/memo.museudapessoa.org\/sentidos-da-memoria\/personagens\/#primaryimage\"},\"image\":{\"@id\":\"https:\/\/memo.museudapessoa.org\/sentidos-da-memoria\/personagens\/#primaryimage\"},\"thumbnailUrl\":\"https:\/\/memo.museudapessoa.org\/sentidos-da-memoria\/wp-content\/uploads\/sites\/26\/2023\/10\/FOTO_CESAR.jpg\",\"datePublished\":\"2023-10-24T21:27:56+00:00\",\"dateModified\":\"2023-12-19T20:22:53+00:00\",\"breadcrumb\":{\"@id\":\"https:\/\/memo.museudapessoa.org\/sentidos-da-memoria\/personagens\/#breadcrumb\"},\"inLanguage\":\"pt-BR\",\"potentialAction\":[{\"@type\":\"ReadAction\",\"target\":[\"https:\/\/memo.museudapessoa.org\/sentidos-da-memoria\/personagens\/\"]}]},{\"@type\":\"ImageObject\",\"inLanguage\":\"pt-BR\",\"@id\":\"https:\/\/memo.museudapessoa.org\/sentidos-da-memoria\/personagens\/#primaryimage\",\"url\":\"https:\/\/memo.museudapessoa.org\/sentidos-da-memoria\/wp-content\/uploads\/sites\/26\/2023\/10\/FOTO_CESAR.jpg\",\"contentUrl\":\"https:\/\/memo.museudapessoa.org\/sentidos-da-memoria\/wp-content\/uploads\/sites\/26\/2023\/10\/FOTO_CESAR.jpg\",\"width\":300,\"height\":300},{\"@type\":\"BreadcrumbList\",\"@id\":\"https:\/\/memo.museudapessoa.org\/sentidos-da-memoria\/personagens\/#breadcrumb\",\"itemListElement\":[{\"@type\":\"ListItem\",\"position\":1,\"name\":\"Home\",\"item\":\"https:\/\/memo.museudapessoa.org\/sentidos-da-memoria\/\"},{\"@type\":\"ListItem\",\"position\":2,\"name\":\"Personagens\"}]},{\"@type\":\"WebSite\",\"@id\":\"https:\/\/memo.museudapessoa.org\/sentidos-da-memoria\/#website\",\"url\":\"https:\/\/memo.museudapessoa.org\/sentidos-da-memoria\/\",\"name\":\"Sentidos da Mem\u00f3ria\",\"description\":\"\",\"potentialAction\":[{\"@type\":\"SearchAction\",\"target\":{\"@type\":\"EntryPoint\",\"urlTemplate\":\"https:\/\/memo.museudapessoa.org\/sentidos-da-memoria\/?s={search_term_string}\"},\"query-input\":\"required name=search_term_string\"}],\"inLanguage\":\"pt-BR\"}]}<\/script>\n<!-- \/ Yoast SEO plugin. -->","yoast_head_json":{"title":"Personagens - Sentidos da Mem\u00f3ria","robots":{"index":"index","follow":"follow","max-snippet":"max-snippet:-1","max-image-preview":"max-image-preview:large","max-video-preview":"max-video-preview:-1"},"canonical":"https:\/\/memo.museudapessoa.org\/sentidos-da-memoria\/personagens\/","og_locale":"pt_BR","og_type":"article","og_title":"Personagens - Sentidos da Mem\u00f3ria","og_description":"Caf\u00e9 com Biscoitos Cesar Augusto de Carvalho nasceu em Franco da Rocha (SP) e sua inf\u00e2ncia foi na d\u00e9cada de 50. Possui mem\u00f3rias inesquec\u00edveis da cidade na sua inf\u00e2ncia. Maria Concei\u00e7\u00e3o Sousa \u00e9 natural de Mococa (SP). Bi\u00f3loga aposentada, passou...","og_url":"https:\/\/memo.museudapessoa.org\/sentidos-da-memoria\/personagens\/","og_site_name":"Sentidos da Mem\u00f3ria","article_modified_time":"2023-12-19T20:22:53+00:00","og_image":[{"url":"https:\/\/memo.museudapessoa.org\/sentidos-da-memoria\/wp-content\/uploads\/sites\/26\/2023\/10\/FOTO_CESAR.jpg"}],"twitter_card":"summary_large_image","twitter_misc":{"Est. tempo de leitura":"2 minutos"},"schema":{"@context":"https:\/\/schema.org","@graph":[{"@type":"WebPage","@id":"https:\/\/memo.museudapessoa.org\/sentidos-da-memoria\/personagens\/","url":"https:\/\/memo.museudapessoa.org\/sentidos-da-memoria\/personagens\/","name":"Personagens - Sentidos da Mem\u00f3ria","isPartOf":{"@id":"https:\/\/memo.museudapessoa.org\/sentidos-da-memoria\/#website"},"primaryImageOfPage":{"@id":"https:\/\/memo.museudapessoa.org\/sentidos-da-memoria\/personagens\/#primaryimage"},"image":{"@id":"https:\/\/memo.museudapessoa.org\/sentidos-da-memoria\/personagens\/#primaryimage"},"thumbnailUrl":"https:\/\/memo.museudapessoa.org\/sentidos-da-memoria\/wp-content\/uploads\/sites\/26\/2023\/10\/FOTO_CESAR.jpg","datePublished":"2023-10-24T21:27:56+00:00","dateModified":"2023-12-19T20:22:53+00:00","breadcrumb":{"@id":"https:\/\/memo.museudapessoa.org\/sentidos-da-memoria\/personagens\/#breadcrumb"},"inLanguage":"pt-BR","potentialAction":[{"@type":"ReadAction","target":["https:\/\/memo.museudapessoa.org\/sentidos-da-memoria\/personagens\/"]}]},{"@type":"ImageObject","inLanguage":"pt-BR","@id":"https:\/\/memo.museudapessoa.org\/sentidos-da-memoria\/personagens\/#primaryimage","url":"https:\/\/memo.museudapessoa.org\/sentidos-da-memoria\/wp-content\/uploads\/sites\/26\/2023\/10\/FOTO_CESAR.jpg","contentUrl":"https:\/\/memo.museudapessoa.org\/sentidos-da-memoria\/wp-content\/uploads\/sites\/26\/2023\/10\/FOTO_CESAR.jpg","width":300,"height":300},{"@type":"BreadcrumbList","@id":"https:\/\/memo.museudapessoa.org\/sentidos-da-memoria\/personagens\/#breadcrumb","itemListElement":[{"@type":"ListItem","position":1,"name":"Home","item":"https:\/\/memo.museudapessoa.org\/sentidos-da-memoria\/"},{"@type":"ListItem","position":2,"name":"Personagens"}]},{"@type":"WebSite","@id":"https:\/\/memo.museudapessoa.org\/sentidos-da-memoria\/#website","url":"https:\/\/memo.museudapessoa.org\/sentidos-da-memoria\/","name":"Sentidos da Mem\u00f3ria","description":"","potentialAction":[{"@type":"SearchAction","target":{"@type":"EntryPoint","urlTemplate":"https:\/\/memo.museudapessoa.org\/sentidos-da-memoria\/?s={search_term_string}"},"query-input":"required name=search_term_string"}],"inLanguage":"pt-BR"}]}},"_links":{"self":[{"href":"https:\/\/memo.museudapessoa.org\/sentidos-da-memoria\/wp-json\/wp\/v2\/pages\/108"}],"collection":[{"href":"https:\/\/memo.museudapessoa.org\/sentidos-da-memoria\/wp-json\/wp\/v2\/pages"}],"about":[{"href":"https:\/\/memo.museudapessoa.org\/sentidos-da-memoria\/wp-json\/wp\/v2\/types\/page"}],"author":[{"embeddable":true,"href":"https:\/\/memo.museudapessoa.org\/sentidos-da-memoria\/wp-json\/wp\/v2\/users\/49"}],"replies":[{"embeddable":true,"href":"https:\/\/memo.museudapessoa.org\/sentidos-da-memoria\/wp-json\/wp\/v2\/comments?post=108"}],"version-history":[{"count":160,"href":"https:\/\/memo.museudapessoa.org\/sentidos-da-memoria\/wp-json\/wp\/v2\/pages\/108\/revisions"}],"predecessor-version":[{"id":1029,"href":"https:\/\/memo.museudapessoa.org\/sentidos-da-memoria\/wp-json\/wp\/v2\/pages\/108\/revisions\/1029"}],"wp:attachment":[{"href":"https:\/\/memo.museudapessoa.org\/sentidos-da-memoria\/wp-json\/wp\/v2\/media?parent=108"}],"curies":[{"name":"wp","href":"https:\/\/api.w.org\/{rel}","templated":true}]}}