{"id":11,"date":"2023-10-05T15:24:30","date_gmt":"2023-10-05T18:24:30","guid":{"rendered":"https:\/\/memo.museudapessoa.org\/sentidos-da-memoria\/historias\/"},"modified":"2023-11-07T22:49:26","modified_gmt":"2023-11-08T01:49:26","slug":"historias","status":"publish","type":"page","link":"https:\/\/memo.museudapessoa.org\/sentidos-da-memoria\/historias\/","title":{"rendered":"Hist\u00f3rias"},"content":{"rendered":"\n        <section class=\"conteudo\">\n          <div class=\"container\">\n            <div class=\"row\">\n              <div class=\"col-md-12 conteudo content margin-center text-md-left\">\n                \n<h1 class=\"wp-block-heading has-text-align-left\">Os sentidos que a mem\u00f3ria alcan\u00e7a<\/h1>\n\n              <\/div>\n            <\/div>\n          <\/div>\n        <\/section>\n\n\n        <section class=\"conteudo\">\n          <div class=\"container\">\n            <div class=\"row\">\n              <div class=\"col-md-12 conteudo content margin-center text-md-left\">\n                \n<p class=\"has-text-align-left\">Nem tudo que \u00e9 vivido fica guardado em nossa mem\u00f3ria. Por\u00e9m, algumas pessoas, lugares, causos e contextos nos marcam, ganhando um lugar na nossa caixa de recorda\u00e7\u00f5es. Lembrar apenas n\u00e3o \u00e9 o suficiente: se a gente n\u00e3o conta, essas experi\u00eancias se encerram conosco &#8211; contando, o nosso passado ganha vida na mente dos outros, e o calor dessas hist\u00f3rias vira um vento que sopra continuamente no rosto de quem v\u00ea, ouve, l\u00ea. <\/p>\n\n              <\/div>\n            <\/div>\n          <\/div>\n        <\/section>\n\n<section id=\"historias-categorias\" class=' margin-top-medium margin-bottom-medium padding-top-none padding-bottom-none' style='background-color:rgba(255,255,255,0);'>\n  <div class=\"container\">\n    <div class=\"row pb-5 justify-content-center history-category__btns\" role=\"tablist\">\n          <div role=\"presentation\" class=\"col-auto\">\n        <a id=\"link-categoria-1\" href=\"#na-minha-epoca\" \n        role=\"tab\" aria-controls=\"categoria-1\" aria-selected=\"true\"\n        class=\"btn btn-category-na-minha-epoca active\">Na minha \u00e9poca        <\/a>\n      <\/div>\n            <div role=\"presentation\" class=\"col-auto\">\n        <a id=\"link-categoria-2\" href=\"#querido-recinto\" \n        role=\"tab\" aria-controls=\"categoria-2\" aria-selected=\"false\"\n        class=\"btn btn-category-querido-recinto \">Querido recinto        <\/a>\n      <\/div>\n            <div role=\"presentation\" class=\"col-auto\">\n        <a id=\"link-categoria-3\" href=\"#corriqueiro-popular\" \n        role=\"tab\" aria-controls=\"categoria-3\" aria-selected=\"false\"\n        class=\"btn btn-category-corriqueiro-popular \">Corriqueiro popular        <\/a>\n      <\/div>\n            <div role=\"presentation\" class=\"col-auto\">\n        <a id=\"link-categoria-4\" href=\"#de-ontem-a-hoje\" \n        role=\"tab\" aria-controls=\"categoria-4\" aria-selected=\"false\"\n        class=\"btn btn-category-de-ontem-a-hoje \">De ontem a hoje        <\/a>\n      <\/div>\n          <\/div>\n          <div id='na-minha-epoca' \n      role=\"tabpanel\" aria-labelledby=\"link-categoria-1\" aria-hidden=\"false\"\n      class=\"history-category history-category-na-minha-epoca item-1 active\"\n          style=\"display:block;\"          >\n          <div class=\"row justify-content-center\">\n                              <div class=\"pb-5\">\n                    <p style=\"text-align: center\"><span style=\"font-weight: 400\">No tempo em que as coisas n\u00e3o eram assim, eram daquele jeito. Costumes que mudaram com o passar do tempo e deixaram saudades para quem viveu certa \u00e9poca.<\/span><\/p>\n                <\/div>\n                                           <div class=\"col-md-3 history-item mb-5 mb-md-4 wow fadeInUp\" data-wow-delay=\"0.1s\">\n                  <a href=\"https:\/\/memo.museudapessoa.org\/sentidos-da-memoria\/historia-detalhe\/47439\/historias\/1\">\n                      <picture><source srcset='https:\/\/memo.museudapessoa.org\/app\/_lib\/file\/img\/thumb\/14657352_1109058129189864_749002361791327892_n.jpg' \/>\n\t\t<img  src='https:\/\/memo.museudapessoa.org\/app\/_lib\/file\/img\/thumb\/14657352_1109058129189864_749002361791327892_n.jpg' alt='Como nas fotonovelas' loading='lazy' \/><\/picture>                      <p class=\"bold history-item__title mb-0\">\n                            Como nas fotonovelas                      <\/p>\n                  <\/a>\n                                 <\/div> \n                             <div class=\"col-md-3 history-item mb-5 mb-md-4 wow fadeInUp\" data-wow-delay=\"0.2s\">\n                  <a href=\"https:\/\/memo.museudapessoa.org\/sentidos-da-memoria\/historia-detalhe\/47440\/historias\/1\">\n                      <picture><source srcset='https:\/\/memo.museudapessoa.org\/app\/_lib\/file\/img\/thumb\/foto_conceicao(2).jpg' \/>\n\t\t<img  src='https:\/\/memo.museudapessoa.org\/app\/_lib\/file\/img\/thumb\/foto_conceicao(2).jpg' alt='Foi o per\u00edodo mais feliz da minha vida' \/><\/picture>                      <p class=\"bold history-item__title mb-0\">\n                            Foi o per\u00edodo mais feliz da minha vida                      <\/p>\n                  <\/a>\n                                 <\/div> \n                             <div class=\"col-md-3 history-item mb-5 mb-md-4 wow fadeInUp\" data-wow-delay=\"0.3s\">\n                  <a href=\"https:\/\/memo.museudapessoa.org\/sentidos-da-memoria\/historia-detalhe\/47441\/historias\/1\">\n                      <picture><source srcset='https:\/\/memo.museudapessoa.org\/app\/_lib\/file\/img\/thumb\/IMG_1898.jpg' \/>\n\t\t<img  src='https:\/\/memo.museudapessoa.org\/app\/_lib\/file\/img\/thumb\/IMG_1898.jpg' alt='Um peda\u00e7o de hist\u00f3ria' loading='lazy' \/><\/picture>                      <p class=\"bold history-item__title mb-0\">\n                            Um peda\u00e7o de hist\u00f3ria                      <\/p>\n                  <\/a>\n                                 <\/div> \n                            <\/div>\n          <\/div>\n          <div id='querido-recinto' \n      role=\"tabpanel\" aria-labelledby=\"link-categoria-2\" aria-hidden=\"true\"\n      class=\"history-category history-category-querido-recinto item-2 \"\n                    >\n          <div class=\"row justify-content-center\">\n                              <div class=\"pb-5\">\n                    <p style=\"text-align: center\"><span style=\"font-weight: 400\">Mem\u00f3rias que est\u00e3o entrela\u00e7adas com lugares e lugares que s\u00e3o inesquec\u00edveis por causa das pessoas que os habitam.<\/span><\/p>\n                <\/div>\n                                           <div class=\"col-md-3 history-item mb-5 mb-md-4 wow fadeInUp\" data-wow-delay=\"0.1s\">\n                  <a href=\"https:\/\/memo.museudapessoa.org\/sentidos-da-memoria\/historia-detalhe\/47456\/historias\/2\">\n                      <picture><source srcset='https:\/\/memo.museudapessoa.org\/app\/_lib\/file\/img\/thumb\/vlcsnap-2023-10-25-20h25m41s668.png' \/>\n\t\t<img  src='https:\/\/memo.museudapessoa.org\/app\/_lib\/file\/img\/thumb\/vlcsnap-2023-10-25-20h25m41s668.png' alt='Me estabeleci no bairro da Sa\u00fade' loading='lazy' \/><\/picture>                      <p class=\"bold history-item__title mb-0\">\n                            Me estabeleci no bairro da Sa\u00fade                      <\/p>\n                  <\/a>\n                                 <\/div> \n                             <div class=\"col-md-3 history-item mb-5 mb-md-4 wow fadeInUp\" data-wow-delay=\"0.2s\">\n                  <a href=\"https:\/\/memo.museudapessoa.org\/sentidos-da-memoria\/historia-detalhe\/47457\/historias\/2\">\n                      <picture><source srcset='https:\/\/memo.museudapessoa.org\/app\/_lib\/file\/img\/thumb\/vlcsnap-2023-10-25-20h46m51s285.png' \/>\n\t\t<img  src='https:\/\/memo.museudapessoa.org\/app\/_lib\/file\/img\/thumb\/vlcsnap-2023-10-25-20h46m51s285.png' alt='A cidade e as praias' loading='lazy' \/><\/picture>                      <p class=\"bold history-item__title mb-0\">\n                            A cidade e as praias                      <\/p>\n                  <\/a>\n                                 <\/div> \n                             <div class=\"col-md-3 history-item mb-5 mb-md-4 wow fadeInUp\" data-wow-delay=\"0.3s\">\n                  <a href=\"https:\/\/memo.museudapessoa.org\/sentidos-da-memoria\/historia-detalhe\/47458\/historias\/2\">\n                      <picture><source srcset='https:\/\/memo.museudapessoa.org\/app\/_lib\/file\/img\/thumb\/cecilio-elias-netto.jpg' \/>\n\t\t<img  src='https:\/\/memo.museudapessoa.org\/app\/_lib\/file\/img\/thumb\/cecilio-elias-netto.jpg' alt='A maior experi\u00eancia jornal\u00edstica de Piracicaba' loading='lazy' \/><\/picture>                      <p class=\"bold history-item__title mb-0\">\n                            A maior experi\u00eancia jornal\u00edstica de Piracicaba                      <\/p>\n                  <\/a>\n                                 <\/div> \n                             <div class=\"col-md-3 history-item mb-5 mb-md-4 wow fadeInUp\" data-wow-delay=\"0.4s\">\n                  <a href=\"https:\/\/memo.museudapessoa.org\/sentidos-da-memoria\/historia-detalhe\/47459\/historias\/2\">\n                      <picture><source srcset='https:\/\/memo.museudapessoa.org\/app\/_lib\/file\/img\/thumb\/vlcsnap-2023-10-25-20h25m18s942.png' \/>\n\t\t<img  src='https:\/\/memo.museudapessoa.org\/app\/_lib\/file\/img\/thumb\/vlcsnap-2023-10-25-20h25m18s942.png' alt='\u00ca\u00ea\u00ea\u00ea\u00ea! Rio de Janeiro!' loading='lazy' \/><\/picture>                      <p class=\"bold history-item__title mb-0\">\n                            \u00ca\u00ea\u00ea\u00ea\u00ea! Rio de Janeiro!                      <\/p>\n                  <\/a>\n                                 <\/div> \n                            <\/div>\n          <\/div>\n          <div id='corriqueiro-popular' \n      role=\"tabpanel\" aria-labelledby=\"link-categoria-3\" aria-hidden=\"true\"\n      class=\"history-category history-category-corriqueiro-popular item-3 \"\n                    >\n          <div class=\"row justify-content-center\">\n                              <div class=\"pb-5\">\n                    <p style=\"text-align: center\"><span style=\"font-weight: 400\">O popular est\u00e1 nas ruas, nos credos, nos imigrantes. Misturas que se tornaram uma s\u00f3 e comp\u00f5em uma cultura brasileira.<\/span><\/p>\n                <\/div>\n                                           <div class=\"col-md-3 history-item mb-5 mb-md-4 wow fadeInUp\" data-wow-delay=\"0.1s\">\n                  <a href=\"https:\/\/memo.museudapessoa.org\/sentidos-da-memoria\/historia-detalhe\/47460\/historias\/3\">\n                      <picture><source srcset='https:\/\/memo.museudapessoa.org\/app\/_lib\/file\/img\/thumb\/1516823035249.jpg' \/>\n\t\t<img  src='https:\/\/memo.museudapessoa.org\/app\/_lib\/file\/img\/thumb\/1516823035249.jpg' alt='A vida \u00e9 uma aventura' loading='lazy' \/><\/picture>                      <p class=\"bold history-item__title mb-0\">\n                            A vida \u00e9 uma aventura                      <\/p>\n                  <\/a>\n                                 <\/div> \n                             <div class=\"col-md-3 history-item mb-5 mb-md-4 wow fadeInUp\" data-wow-delay=\"0.2s\">\n                  <a href=\"https:\/\/memo.museudapessoa.org\/sentidos-da-memoria\/historia-detalhe\/47461\/historias\/3\">\n                      <picture><source srcset='https:\/\/memo.museudapessoa.org\/app\/_lib\/file\/img\/thumb\/vlcsnap-2023-10-25-14h09m08s026.png' \/>\n\t\t<img  src='https:\/\/memo.museudapessoa.org\/app\/_lib\/file\/img\/thumb\/vlcsnap-2023-10-25-14h09m08s026.png' alt='Carnavalesco por 24 horas' loading='lazy' \/><\/picture>                      <p class=\"bold history-item__title mb-0\">\n                            Carnavalesco por 24 horas                      <\/p>\n                  <\/a>\n                                 <\/div> \n                             <div class=\"col-md-3 history-item mb-5 mb-md-4 wow fadeInUp\" data-wow-delay=\"0.3s\">\n                  <a href=\"https:\/\/memo.museudapessoa.org\/sentidos-da-memoria\/historia-detalhe\/47462\/historias\/3\">\n                      <picture><source srcset='https:\/\/memo.museudapessoa.org\/app\/_lib\/file\/img\/thumb\/FOTO_CESAR(1).jpg' \/>\n\t\t<img  src='https:\/\/memo.museudapessoa.org\/app\/_lib\/file\/img\/thumb\/FOTO_CESAR(1).jpg' alt='O coreto da igreja matriz' \/><\/picture>                      <p class=\"bold history-item__title mb-0\">\n                            O coreto da igreja matriz                      <\/p>\n                  <\/a>\n                                 <\/div> \n                            <\/div>\n          <\/div>\n          <div id='de-ontem-a-hoje' \n      role=\"tabpanel\" aria-labelledby=\"link-categoria-4\" aria-hidden=\"true\"\n      class=\"history-category history-category-de-ontem-a-hoje item-4 \"\n                    >\n          <div class=\"row justify-content-center\">\n                              <div class=\"pb-5\">\n                    <p style=\"text-align: center\"><span style=\"font-weight: 400\">Relembrar o passado e pensar os rumos do futuro.<\/span><\/p>\n                <\/div>\n                                           <div class=\"col-md-3 history-item mb-5 mb-md-4 wow fadeInUp\" data-wow-delay=\"0.1s\">\n                  <a href=\"https:\/\/memo.museudapessoa.org\/sentidos-da-memoria\/historia-detalhe\/47464\/historias\/4\">\n                      <picture><source srcset='https:\/\/memo.museudapessoa.org\/app\/_lib\/file\/img\/thumb\/vlcsnap-2023-10-25-20h24m43s552.png' \/>\n\t\t<img  src='https:\/\/memo.museudapessoa.org\/app\/_lib\/file\/img\/thumb\/vlcsnap-2023-10-25-20h24m43s552.png' alt='Veio a mudan\u00e7a' loading='lazy' \/><\/picture>                      <p class=\"bold history-item__title mb-0\">\n                            Veio a mudan\u00e7a                      <\/p>\n                  <\/a>\n                                 <\/div> \n                             <div class=\"col-md-3 history-item mb-5 mb-md-4 wow fadeInUp\" data-wow-delay=\"0.2s\">\n                  <a href=\"https:\/\/memo.museudapessoa.org\/sentidos-da-memoria\/historia-detalhe\/47465\/historias\/4\">\n                      <picture><source srcset='https:\/\/memo.museudapessoa.org\/app\/_lib\/file\/img\/thumb\/vlcsnap-2023-10-25-21h34m41s237.png' \/>\n\t\t<img  src='https:\/\/memo.museudapessoa.org\/app\/_lib\/file\/img\/thumb\/vlcsnap-2023-10-25-21h34m41s237.png' alt='Esse falso senso de representatividade' loading='lazy' \/><\/picture>                      <p class=\"bold history-item__title mb-0\">\n                            Esse falso senso de representatividade                      <\/p>\n                  <\/a>\n                                 <\/div> \n                             <div class=\"col-md-3 history-item mb-5 mb-md-4 wow fadeInUp\" data-wow-delay=\"0.3s\">\n                  <a href=\"https:\/\/memo.museudapessoa.org\/sentidos-da-memoria\/historia-detalhe\/47466\/historias\/4\">\n                      <picture><source srcset='https:\/\/memo.museudapessoa.org\/app\/_lib\/file\/img\/thumb\/vlcsnap-2023-10-25-20h25m52s514.png' \/>\n\t\t<img  src='https:\/\/memo.museudapessoa.org\/app\/_lib\/file\/img\/thumb\/vlcsnap-2023-10-25-20h25m52s514.png' alt='Esse territ\u00f3rio tem muita lembran\u00e7a' loading='lazy' \/><\/picture>                      <p class=\"bold history-item__title mb-0\">\n                            Esse territ\u00f3rio tem muita lembran\u00e7a                      <\/p>\n                  <\/a>\n                                 <\/div> \n                             <div class=\"col-md-3 history-item mb-5 mb-md-4 wow fadeInUp\" data-wow-delay=\"0.4s\">\n                  <a href=\"https:\/\/memo.museudapessoa.org\/sentidos-da-memoria\/historia-detalhe\/47467\/historias\/4\">\n                      <picture><source srcset='https:\/\/memo.museudapessoa.org\/app\/_lib\/file\/img\/thumb\/ElisabetedeAlmeida-creditoMarcos%20Ikeda.jpeg' \/>\n\t\t<img  src='https:\/\/memo.museudapessoa.org\/app\/_lib\/file\/img\/thumb\/ElisabetedeAlmeida-creditoMarcos%20Ikeda.jpeg' alt='Muito \u00e0 frente do seu tempo' loading='lazy' \/><\/picture>                      <p class=\"bold history-item__title mb-0\">\n                            Muito \u00e0 frente do seu tempo                      <\/p>\n                  <\/a>\n                                 <\/div> \n                            <\/div>\n          <\/div>\n      <\/div>\n<\/section>\n","protected":false},"excerpt":{"rendered":"<p>Os sentidos que a mem\u00f3ria alcan\u00e7a Nem tudo que \u00e9 vivido fica guardado em nossa mem\u00f3ria. Por\u00e9m, algumas pessoas, lugares, causos e contextos nos marcam, ganhando um lugar na nossa caixa de recorda\u00e7\u00f5es. Lembrar apenas n\u00e3o \u00e9 o suficiente: se&#8230;<\/p>\n","protected":false},"author":1,"featured_media":0,"parent":0,"menu_order":0,"comment_status":"closed","ping_status":"closed","template":"","meta":{"_acf_changed":false,"footnotes":""},"class_list":["post-11","page","type-page","status-publish","hentry"],"acf":[],"yoast_head":"<!-- This site is optimized with the Yoast SEO plugin v23.3 - https:\/\/yoast.com\/wordpress\/plugins\/seo\/ -->\n<title>Hist\u00f3rias - Sentidos da Mem\u00f3ria<\/title>\n<meta name=\"robots\" content=\"index, follow, max-snippet:-1, max-image-preview:large, max-video-preview:-1\" \/>\n<link rel=\"canonical\" href=\"https:\/\/memo.museudapessoa.org\/sentidos-da-memoria\/historias\/\" \/>\n<meta property=\"og:locale\" content=\"pt_BR\" \/>\n<meta property=\"og:type\" content=\"article\" \/>\n<meta property=\"og:title\" content=\"Hist\u00f3rias - Sentidos da Mem\u00f3ria\" \/>\n<meta property=\"og:description\" content=\"Os sentidos que a mem\u00f3ria alcan\u00e7a Nem tudo que \u00e9 vivido fica guardado em nossa mem\u00f3ria. Por\u00e9m, algumas pessoas, lugares, causos e contextos nos marcam, ganhando um lugar na nossa caixa de recorda\u00e7\u00f5es. Lembrar apenas n\u00e3o \u00e9 o suficiente: se...\" \/>\n<meta property=\"og:url\" content=\"https:\/\/memo.museudapessoa.org\/sentidos-da-memoria\/historias\/\" \/>\n<meta property=\"og:site_name\" content=\"Sentidos da Mem\u00f3ria\" \/>\n<meta property=\"article:modified_time\" content=\"2023-11-08T01:49:26+00:00\" \/>\n<meta name=\"twitter:card\" content=\"summary_large_image\" \/>\n<script type=\"application\/ld+json\" class=\"yoast-schema-graph\">{\"@context\":\"https:\/\/schema.org\",\"@graph\":[{\"@type\":\"WebPage\",\"@id\":\"https:\/\/memo.museudapessoa.org\/sentidos-da-memoria\/historias\/\",\"url\":\"https:\/\/memo.museudapessoa.org\/sentidos-da-memoria\/historias\/\",\"name\":\"Hist\u00f3rias - Sentidos da Mem\u00f3ria\",\"isPartOf\":{\"@id\":\"https:\/\/memo.museudapessoa.org\/sentidos-da-memoria\/#website\"},\"datePublished\":\"2023-10-05T18:24:30+00:00\",\"dateModified\":\"2023-11-08T01:49:26+00:00\",\"breadcrumb\":{\"@id\":\"https:\/\/memo.museudapessoa.org\/sentidos-da-memoria\/historias\/#breadcrumb\"},\"inLanguage\":\"pt-BR\",\"potentialAction\":[{\"@type\":\"ReadAction\",\"target\":[\"https:\/\/memo.museudapessoa.org\/sentidos-da-memoria\/historias\/\"]}]},{\"@type\":\"BreadcrumbList\",\"@id\":\"https:\/\/memo.museudapessoa.org\/sentidos-da-memoria\/historias\/#breadcrumb\",\"itemListElement\":[{\"@type\":\"ListItem\",\"position\":1,\"name\":\"Home\",\"item\":\"https:\/\/memo.museudapessoa.org\/sentidos-da-memoria\/\"},{\"@type\":\"ListItem\",\"position\":2,\"name\":\"Hist\u00f3rias\"}]},{\"@type\":\"WebSite\",\"@id\":\"https:\/\/memo.museudapessoa.org\/sentidos-da-memoria\/#website\",\"url\":\"https:\/\/memo.museudapessoa.org\/sentidos-da-memoria\/\",\"name\":\"Sentidos da Mem\u00f3ria\",\"description\":\"\",\"potentialAction\":[{\"@type\":\"SearchAction\",\"target\":{\"@type\":\"EntryPoint\",\"urlTemplate\":\"https:\/\/memo.museudapessoa.org\/sentidos-da-memoria\/?s={search_term_string}\"},\"query-input\":\"required name=search_term_string\"}],\"inLanguage\":\"pt-BR\"}]}<\/script>\n<!-- \/ Yoast SEO plugin. -->","yoast_head_json":{"title":"Hist\u00f3rias - Sentidos da Mem\u00f3ria","robots":{"index":"index","follow":"follow","max-snippet":"max-snippet:-1","max-image-preview":"max-image-preview:large","max-video-preview":"max-video-preview:-1"},"canonical":"https:\/\/memo.museudapessoa.org\/sentidos-da-memoria\/historias\/","og_locale":"pt_BR","og_type":"article","og_title":"Hist\u00f3rias - Sentidos da Mem\u00f3ria","og_description":"Os sentidos que a mem\u00f3ria alcan\u00e7a Nem tudo que \u00e9 vivido fica guardado em nossa mem\u00f3ria. Por\u00e9m, algumas pessoas, lugares, causos e contextos nos marcam, ganhando um lugar na nossa caixa de recorda\u00e7\u00f5es. Lembrar apenas n\u00e3o \u00e9 o suficiente: se...","og_url":"https:\/\/memo.museudapessoa.org\/sentidos-da-memoria\/historias\/","og_site_name":"Sentidos da Mem\u00f3ria","article_modified_time":"2023-11-08T01:49:26+00:00","twitter_card":"summary_large_image","schema":{"@context":"https:\/\/schema.org","@graph":[{"@type":"WebPage","@id":"https:\/\/memo.museudapessoa.org\/sentidos-da-memoria\/historias\/","url":"https:\/\/memo.museudapessoa.org\/sentidos-da-memoria\/historias\/","name":"Hist\u00f3rias - Sentidos da Mem\u00f3ria","isPartOf":{"@id":"https:\/\/memo.museudapessoa.org\/sentidos-da-memoria\/#website"},"datePublished":"2023-10-05T18:24:30+00:00","dateModified":"2023-11-08T01:49:26+00:00","breadcrumb":{"@id":"https:\/\/memo.museudapessoa.org\/sentidos-da-memoria\/historias\/#breadcrumb"},"inLanguage":"pt-BR","potentialAction":[{"@type":"ReadAction","target":["https:\/\/memo.museudapessoa.org\/sentidos-da-memoria\/historias\/"]}]},{"@type":"BreadcrumbList","@id":"https:\/\/memo.museudapessoa.org\/sentidos-da-memoria\/historias\/#breadcrumb","itemListElement":[{"@type":"ListItem","position":1,"name":"Home","item":"https:\/\/memo.museudapessoa.org\/sentidos-da-memoria\/"},{"@type":"ListItem","position":2,"name":"Hist\u00f3rias"}]},{"@type":"WebSite","@id":"https:\/\/memo.museudapessoa.org\/sentidos-da-memoria\/#website","url":"https:\/\/memo.museudapessoa.org\/sentidos-da-memoria\/","name":"Sentidos da Mem\u00f3ria","description":"","potentialAction":[{"@type":"SearchAction","target":{"@type":"EntryPoint","urlTemplate":"https:\/\/memo.museudapessoa.org\/sentidos-da-memoria\/?s={search_term_string}"},"query-input":"required name=search_term_string"}],"inLanguage":"pt-BR"}]}},"_links":{"self":[{"href":"https:\/\/memo.museudapessoa.org\/sentidos-da-memoria\/wp-json\/wp\/v2\/pages\/11"}],"collection":[{"href":"https:\/\/memo.museudapessoa.org\/sentidos-da-memoria\/wp-json\/wp\/v2\/pages"}],"about":[{"href":"https:\/\/memo.museudapessoa.org\/sentidos-da-memoria\/wp-json\/wp\/v2\/types\/page"}],"author":[{"embeddable":true,"href":"https:\/\/memo.museudapessoa.org\/sentidos-da-memoria\/wp-json\/wp\/v2\/users\/1"}],"replies":[{"embeddable":true,"href":"https:\/\/memo.museudapessoa.org\/sentidos-da-memoria\/wp-json\/wp\/v2\/comments?post=11"}],"version-history":[{"count":86,"href":"https:\/\/memo.museudapessoa.org\/sentidos-da-memoria\/wp-json\/wp\/v2\/pages\/11\/revisions"}],"predecessor-version":[{"id":918,"href":"https:\/\/memo.museudapessoa.org\/sentidos-da-memoria\/wp-json\/wp\/v2\/pages\/11\/revisions\/918"}],"wp:attachment":[{"href":"https:\/\/memo.museudapessoa.org\/sentidos-da-memoria\/wp-json\/wp\/v2\/media?parent=11"}],"curies":[{"name":"wp","href":"https:\/\/api.w.org\/{rel}","templated":true}]}}