{"id":8,"date":"2023-10-05T15:24:30","date_gmt":"2023-10-05T18:24:30","guid":{"rendered":"https:\/\/memo.museudapessoa.org\/sentidos-da-memoria\/sobre\/"},"modified":"2023-11-16T14:53:41","modified_gmt":"2023-11-16T17:53:41","slug":"sobre","status":"publish","type":"page","link":"https:\/\/memo.museudapessoa.org\/sentidos-da-memoria\/sobre\/","title":{"rendered":"Sobre"},"content":{"rendered":"\n        <section class=\"conteudo\">\n          <div class=\"container\">\n            <div class=\"row\">\n              <div class=\"col-md-12 conteudo content margin-center text-md-left\">\n                \n<h2 id=\"parceria\" class=\"wp-block-heading\">Parceria<\/h2>\n\n              <\/div>\n            <\/div>\n          <\/div>\n        <\/section>\n\n\n        <section class=\"conteudo\">\n          <div class=\"container\">\n            <div class=\"row\">\n              <div class=\"col-md-12 conteudo content margin-center text-md-left\">\n                \n<p>Essa exposi\u00e7\u00e3o virtual foi feita em parceria com a Funda\u00e7\u00e3o Bunge, que se dedicou a incentivar diversos N\u00facleos do Museu da Pessoa em sua jornada em ouvir e contar trajet\u00f3rias de vida, dentro de projetos de mem\u00f3ria oral. A equipe abaixo sa\u00fada tal empreitada, pois a hist\u00f3ria de uma sociedade s\u00f3 pode ser vista como completa se escutamos toda e qualquer pessoa.<\/p>\n\n              <\/div>\n            <\/div>\n          <\/div>\n        <\/section>\n\n\n        <section class=\"conteudo\">\n          <div class=\"container\">\n            <div class=\"row\">\n              <div class=\"col-md-12 conteudo content margin-center text-md-left\">\n                \n<h2 id=\"equipe\" class=\"wp-block-heading\">Equipe<\/h2>\n\n              <\/div>\n            <\/div>\n          <\/div>\n        <\/section>\n\n\n        <section class=\"conteudo\">\n          <div class=\"container\">\n            <div class=\"row\">\n              <div class=\"col-md-12 conteudo content margin-center text-md-left\">\n                \n<div class=\"wp-block-columns is-layout-flex wp-container-core-columns-is-layout-1 wp-block-columns-is-layout-flex\">\n<div class=\"wp-block-column is-layout-flow wp-block-column-is-layout-flow\">\n        <section class=\"conteudo\">\n          <div class=\"container\">\n            <div class=\"row\">\n              <div class=\"col-md-12 conteudo content margin-center text-md-left\">\n                \n<p><strong>Curadoria<\/strong><\/p>\n\n              <\/div>\n            <\/div>\n          <\/div>\n        <\/section>\n\n\n        <section class=\"conteudo\">\n          <div class=\"container\">\n            <div class=\"row\">\n              <div class=\"col-md-12 conteudo content margin-center text-md-left\">\n                \n<p>Grazielle Pellicel<\/p>\n\n              <\/div>\n            <\/div>\n          <\/div>\n        <\/section>\n\n\n        <section class=\"conteudo\">\n          <div class=\"container\">\n            <div class=\"row\">\n              <div class=\"col-md-12 conteudo content margin-center text-md-left\">\n                \n<p><strong>Supervis\u00e3o editorial<\/strong><\/p>\n\n              <\/div>\n            <\/div>\n          <\/div>\n        <\/section>\n\n\n        <section class=\"conteudo\">\n          <div class=\"container\">\n            <div class=\"row\">\n              <div class=\"col-md-12 conteudo content margin-center text-md-left\">\n                \n<p>Lucas Torigoe<\/p>\n\n              <\/div>\n            <\/div>\n          <\/div>\n        <\/section>\n\n\n        <section class=\"conteudo\">\n          <div class=\"container\">\n            <div class=\"row\">\n              <div class=\"col-md-12 conteudo content margin-center text-md-left\">\n                \n<p>Marcela Tripoli<\/p>\n\n              <\/div>\n            <\/div>\n          <\/div>\n        <\/section>\n\n\n        <section class=\"conteudo\">\n          <div class=\"container\">\n            <div class=\"row\">\n              <div class=\"col-md-12 conteudo content margin-center text-md-left\">\n                \n<p>Sofia Tapaj\u00f3s<\/p>\n\n              <\/div>\n            <\/div>\n          <\/div>\n        <\/section>\n\n\n        <section class=\"conteudo\">\n          <div class=\"container\">\n            <div class=\"row\">\n              <div class=\"col-md-12 conteudo content margin-center text-md-left\">\n                \n<p><strong>Centro de Mem\u00f3ria Bunge<\/strong><\/p>\n\n              <\/div>\n            <\/div>\n          <\/div>\n        <\/section>\n\n\n        <section class=\"conteudo\">\n          <div class=\"container\">\n            <div class=\"row\">\n              <div class=\"col-md-12 conteudo content margin-center text-md-left\">\n                \n<p>Anna Barcelos<\/p>\n\n              <\/div>\n            <\/div>\n          <\/div>\n        <\/section>\n\n\n        <section class=\"conteudo\">\n          <div class=\"container\">\n            <div class=\"row\">\n              <div class=\"col-md-12 conteudo content margin-center text-md-left\">\n                \n<p>Viviane Morais<\/p>\n\n              <\/div>\n            <\/div>\n          <\/div>\n        <\/section><\/div>\n\n\n\n<div class=\"wp-block-column is-layout-flow wp-block-column-is-layout-flow\">\n        <section class=\"conteudo\">\n          <div class=\"container\">\n            <div class=\"row\">\n              <div class=\"col-md-12 conteudo content margin-center text-md-left\">\n                \n<p><strong>Produ\u00e7\u00e3o<\/strong><\/p>\n\n              <\/div>\n            <\/div>\n          <\/div>\n        <\/section>\n\n\n        <section class=\"conteudo\">\n          <div class=\"container\">\n            <div class=\"row\">\n              <div class=\"col-md-12 conteudo content margin-center text-md-left\">\n                \n<p>Ane Alves<\/p>\n\n              <\/div>\n            <\/div>\n          <\/div>\n        <\/section>\n\n\n        <section class=\"conteudo\">\n          <div class=\"container\">\n            <div class=\"row\">\n              <div class=\"col-md-12 conteudo content margin-center text-md-left\">\n                \n<p><strong>Legendagem<\/strong><\/p>\n\n              <\/div>\n            <\/div>\n          <\/div>\n        <\/section>\n\n\n        <section class=\"conteudo\">\n          <div class=\"container\">\n            <div class=\"row\">\n              <div class=\"col-md-12 conteudo content margin-center text-md-left\">\n                \n<p>Alisson da Paz<\/p>\n\n              <\/div>\n            <\/div>\n          <\/div>\n        <\/section>\n\n\n        <section class=\"conteudo\">\n          <div class=\"container\">\n            <div class=\"row\">\n              <div class=\"col-md-12 conteudo content margin-center text-md-left\">\n                \n<p><strong>Transcri\u00e7\u00e3o<\/strong><\/p>\n\n              <\/div>\n            <\/div>\n          <\/div>\n        <\/section>\n\n\n        <section class=\"conteudo\">\n          <div class=\"container\">\n            <div class=\"row\">\n              <div class=\"col-md-12 conteudo content margin-center text-md-left\">\n                \n<p>M\u00f4nica Alves<\/p>\n\n              <\/div>\n            <\/div>\n          <\/div>\n        <\/section><\/div>\n<\/div>\n\n              <\/div>\n            <\/div>\n          <\/div>\n        <\/section>\n\n\n        <section class=\"conteudo\">\n          <div class=\"container\">\n            <div class=\"row\">\n              <div class=\"col-md-12 conteudo content margin-center text-md-left\">\n                \n<h2 id=\"nucleos\" class=\"wp-block-heading\">N\u00facleos<\/h2>\n\n              <\/div>\n            <\/div>\n          <\/div>\n        <\/section>\n\n\n        <section class=\"conteudo\">\n          <div class=\"container\">\n            <div class=\"row\">\n              <div class=\"col-md-12 conteudo content margin-center text-md-left\">\n                \n<p><a href=\"https:\/\/www.instagram.com\/assoc_cultural_santa_luzia\" data-type=\"URL\" data-id=\"https:\/\/www.instagram.com\/assoc_cultural_santa_luzia\" target=\"_blank\" rel=\"noreferrer noopener\"><img decoding=\"async\" width=\"3544\" height=\"3544\" class=\"wp-image-760\" style=\"width: 150px\" src=\"https:\/\/memo.museudapessoa.org\/sentidos-da-memoria\/wp-content\/uploads\/sites\/26\/2023\/10\/NUCLEO_Assoc.-Cultural-de-Santa-Luzia_-preto.png\" alt=\"\" srcset=\"https:\/\/memo.museudapessoa.org\/sentidos-da-memoria\/wp-content\/uploads\/sites\/26\/2023\/10\/NUCLEO_Assoc.-Cultural-de-Santa-Luzia_-preto.png 3544w, https:\/\/memo.museudapessoa.org\/sentidos-da-memoria\/wp-content\/uploads\/sites\/26\/2023\/10\/NUCLEO_Assoc.-Cultural-de-Santa-Luzia_-preto-300x300.png 300w, https:\/\/memo.museudapessoa.org\/sentidos-da-memoria\/wp-content\/uploads\/sites\/26\/2023\/10\/NUCLEO_Assoc.-Cultural-de-Santa-Luzia_-preto-1024x1024.png 1024w, https:\/\/memo.museudapessoa.org\/sentidos-da-memoria\/wp-content\/uploads\/sites\/26\/2023\/10\/NUCLEO_Assoc.-Cultural-de-Santa-Luzia_-preto-150x150.png 150w, https:\/\/memo.museudapessoa.org\/sentidos-da-memoria\/wp-content\/uploads\/sites\/26\/2023\/10\/NUCLEO_Assoc.-Cultural-de-Santa-Luzia_-preto-768x768.png 768w, https:\/\/memo.museudapessoa.org\/sentidos-da-memoria\/wp-content\/uploads\/sites\/26\/2023\/10\/NUCLEO_Assoc.-Cultural-de-Santa-Luzia_-preto-1536x1536.png 1536w, https:\/\/memo.museudapessoa.org\/sentidos-da-memoria\/wp-content\/uploads\/sites\/26\/2023\/10\/NUCLEO_Assoc.-Cultural-de-Santa-Luzia_-preto-2048x2048.png 2048w\" sizes=\"(max-width: 3544px) 100vw, 3544px\" loading=\"lazy\" \/><\/a><a href=\"https:\/\/www.museudocafe.org.br\/\" data-type=\"URL\" data-id=\"https:\/\/www.museudocafe.org.br\/\" target=\"_blank\" rel=\"noreferrer noopener\"><img decoding=\"async\" width=\"3544\" height=\"3544\" class=\"wp-image-764\" style=\"width: 150px\" src=\"https:\/\/memo.museudapessoa.org\/sentidos-da-memoria\/wp-content\/uploads\/sites\/26\/2023\/10\/NUCLEO_Museu-do-Cafe_preto.png\" alt=\"\" srcset=\"https:\/\/memo.museudapessoa.org\/sentidos-da-memoria\/wp-content\/uploads\/sites\/26\/2023\/10\/NUCLEO_Museu-do-Cafe_preto.png 3544w, https:\/\/memo.museudapessoa.org\/sentidos-da-memoria\/wp-content\/uploads\/sites\/26\/2023\/10\/NUCLEO_Museu-do-Cafe_preto-300x300.png 300w, https:\/\/memo.museudapessoa.org\/sentidos-da-memoria\/wp-content\/uploads\/sites\/26\/2023\/10\/NUCLEO_Museu-do-Cafe_preto-1024x1024.png 1024w, https:\/\/memo.museudapessoa.org\/sentidos-da-memoria\/wp-content\/uploads\/sites\/26\/2023\/10\/NUCLEO_Museu-do-Cafe_preto-150x150.png 150w, https:\/\/memo.museudapessoa.org\/sentidos-da-memoria\/wp-content\/uploads\/sites\/26\/2023\/10\/NUCLEO_Museu-do-Cafe_preto-768x768.png 768w, https:\/\/memo.museudapessoa.org\/sentidos-da-memoria\/wp-content\/uploads\/sites\/26\/2023\/10\/NUCLEO_Museu-do-Cafe_preto-1536x1536.png 1536w, https:\/\/memo.museudapessoa.org\/sentidos-da-memoria\/wp-content\/uploads\/sites\/26\/2023\/10\/NUCLEO_Museu-do-Cafe_preto-2048x2048.png 2048w\" sizes=\"(max-width: 3544px) 100vw, 3544px\" loading=\"lazy\" \/><\/a><img decoding=\"async\" width=\"3750\" height=\"3542\" class=\"wp-image-766\" style=\"width: 150px\" src=\"https:\/\/memo.museudapessoa.org\/sentidos-da-memoria\/wp-content\/uploads\/sites\/26\/2023\/10\/NUCLEO_Moinho-Fluminense_preto.png\" alt=\"\" srcset=\"https:\/\/memo.museudapessoa.org\/sentidos-da-memoria\/wp-content\/uploads\/sites\/26\/2023\/10\/NUCLEO_Moinho-Fluminense_preto.png 3750w, https:\/\/memo.museudapessoa.org\/sentidos-da-memoria\/wp-content\/uploads\/sites\/26\/2023\/10\/NUCLEO_Moinho-Fluminense_preto-300x283.png 300w, https:\/\/memo.museudapessoa.org\/sentidos-da-memoria\/wp-content\/uploads\/sites\/26\/2023\/10\/NUCLEO_Moinho-Fluminense_preto-1024x967.png 1024w, https:\/\/memo.museudapessoa.org\/sentidos-da-memoria\/wp-content\/uploads\/sites\/26\/2023\/10\/NUCLEO_Moinho-Fluminense_preto-768x725.png 768w, https:\/\/memo.museudapessoa.org\/sentidos-da-memoria\/wp-content\/uploads\/sites\/26\/2023\/10\/NUCLEO_Moinho-Fluminense_preto-1536x1451.png 1536w, https:\/\/memo.museudapessoa.org\/sentidos-da-memoria\/wp-content\/uploads\/sites\/26\/2023\/10\/NUCLEO_Moinho-Fluminense_preto-2048x1934.png 2048w\" sizes=\"(max-width: 3750px) 100vw, 3750px\" loading=\"lazy\" \/><\/p>\n\n              <\/div>\n            <\/div>\n          <\/div>\n        <\/section>\n\n\n        <section class=\"conteudo\">\n          <div class=\"container\">\n            <div class=\"row\">\n              <div class=\"col-md-12 conteudo content margin-center text-md-left\">\n                \n<p><a href=\"https:\/\/www.aprovincia.com.br\/icen\/\" data-type=\"URL\" data-id=\"https:\/\/www.aprovincia.com.br\/icen\/\" target=\"_blank\" rel=\"noreferrer noopener\"><img decoding=\"async\" width=\"850\" height=\"850\" class=\"wp-image-767\" style=\"width: 150px\" src=\"https:\/\/memo.museudapessoa.org\/sentidos-da-memoria\/wp-content\/uploads\/sites\/26\/2023\/10\/NUCLEO_ICEN_preto.png\" alt=\"\" srcset=\"https:\/\/memo.museudapessoa.org\/sentidos-da-memoria\/wp-content\/uploads\/sites\/26\/2023\/10\/NUCLEO_ICEN_preto.png 850w, https:\/\/memo.museudapessoa.org\/sentidos-da-memoria\/wp-content\/uploads\/sites\/26\/2023\/10\/NUCLEO_ICEN_preto-300x300.png 300w, https:\/\/memo.museudapessoa.org\/sentidos-da-memoria\/wp-content\/uploads\/sites\/26\/2023\/10\/NUCLEO_ICEN_preto-150x150.png 150w, https:\/\/memo.museudapessoa.org\/sentidos-da-memoria\/wp-content\/uploads\/sites\/26\/2023\/10\/NUCLEO_ICEN_preto-768x768.png 768w\" sizes=\"(max-width: 850px) 100vw, 850px\" loading=\"lazy\" \/><\/a><a href=\"https:\/\/www2.uepg.br\/museu\/\" data-type=\"URL\" data-id=\"https:\/\/www2.uepg.br\/museu\/\" target=\"_blank\" rel=\"noreferrer noopener\"><img decoding=\"async\" width=\"1136\" height=\"850\" class=\"wp-image-765\" style=\"width: 150px\" src=\"https:\/\/memo.museudapessoa.org\/sentidos-da-memoria\/wp-content\/uploads\/sites\/26\/2023\/10\/NUCLEO_Museu-Campos-Gerais_preto.png\" alt=\"\" srcset=\"https:\/\/memo.museudapessoa.org\/sentidos-da-memoria\/wp-content\/uploads\/sites\/26\/2023\/10\/NUCLEO_Museu-Campos-Gerais_preto.png 1136w, https:\/\/memo.museudapessoa.org\/sentidos-da-memoria\/wp-content\/uploads\/sites\/26\/2023\/10\/NUCLEO_Museu-Campos-Gerais_preto-300x224.png 300w, https:\/\/memo.museudapessoa.org\/sentidos-da-memoria\/wp-content\/uploads\/sites\/26\/2023\/10\/NUCLEO_Museu-Campos-Gerais_preto-1024x766.png 1024w, https:\/\/memo.museudapessoa.org\/sentidos-da-memoria\/wp-content\/uploads\/sites\/26\/2023\/10\/NUCLEO_Museu-Campos-Gerais_preto-768x575.png 768w\" sizes=\"(max-width: 1136px) 100vw, 1136px\" loading=\"lazy\" \/><\/a><a href=\"https:\/\/cafecombiscoitos.wordpress.com\/\" target=\"_blank\" rel=\"noreferrer noopener\"><img decoding=\"async\" width=\"850\" height=\"850\" class=\"wp-image-768\" style=\"width: 150px\" src=\"https:\/\/memo.museudapessoa.org\/sentidos-da-memoria\/wp-content\/uploads\/sites\/26\/2023\/10\/NUCLEO_Cafe-com-Biscoitos_preto.png\" alt=\"\" srcset=\"https:\/\/memo.museudapessoa.org\/sentidos-da-memoria\/wp-content\/uploads\/sites\/26\/2023\/10\/NUCLEO_Cafe-com-Biscoitos_preto.png 850w, https:\/\/memo.museudapessoa.org\/sentidos-da-memoria\/wp-content\/uploads\/sites\/26\/2023\/10\/NUCLEO_Cafe-com-Biscoitos_preto-300x300.png 300w, https:\/\/memo.museudapessoa.org\/sentidos-da-memoria\/wp-content\/uploads\/sites\/26\/2023\/10\/NUCLEO_Cafe-com-Biscoitos_preto-150x150.png 150w, https:\/\/memo.museudapessoa.org\/sentidos-da-memoria\/wp-content\/uploads\/sites\/26\/2023\/10\/NUCLEO_Cafe-com-Biscoitos_preto-768x768.png 768w\" sizes=\"(max-width: 850px) 100vw, 850px\" loading=\"lazy\" \/><\/a><\/p>\n\n              <\/div>\n            <\/div>\n          <\/div>\n        <\/section>\n\n\n<section id=\"logos\" class='footer-logos margin-top-medium margin-bottom-medium padding-top-none padding-bottom-none' style='background-color:rgba(255,255,255,0);' >\n  <div class=\"container\">\n    <div class=\"row justify-content-center\">\n            <div class=\"col-auto mb-5\" style=\"max-width:50%\">\n          <div class=\"row\">\n                        <div class=\"col-12 text-center\">             \n                  <p><b>Oferecimento<\/b><\/p>\n              <\/div>  \n               \n            <div class=\"col \">\n              <div class=\"row justify-content-center\">\n                                  <div class=\"col-auto align-self-center px-4 mb-4\">\n                                            <a target=\"_blank\" href=\"https:\/\/fundacaobunge.org.br\/programas\/centro-de-memoria-bunge\/\">\n                                        <img decoding=\"async\" class=\"footer-logos__image\" src=\"https:\/\/memo.museudapessoa.org\/sentidos-da-memoria\/wp-content\/uploads\/sites\/26\/2023\/10\/centro-de-memoria-bunge.jpg\" alt=\"Centro de Mem\u00f3ria Bunge\" loading=\"lazy\">\n                                            <\/a>\n                                      <\/div>\n                                  <div class=\"col-auto align-self-center px-4 mb-4\">\n                                            <a target=\"_blank\" href=\"https:\/\/fundacaobunge.org.br\/\">\n                                        <img decoding=\"async\" class=\"footer-logos__image\" src=\"https:\/\/memo.museudapessoa.org\/sentidos-da-memoria\/wp-content\/uploads\/sites\/26\/2023\/10\/fundacao-bunge-e1698341717319.jpg\" alt=\"Funda\u00e7\u00e3o Bunge\" loading=\"lazy\">\n                                            <\/a>\n                                      <\/div>\n                              <\/div>\n            <\/div>\n          <\/div>\n        <\/div>\n              <div class=\"col-auto mb-5\" style=\"max-width:50%\">\n          <div class=\"row\">\n                        <div class=\"col-12 text-center\">             \n                  <p><b>Realiza\u00e7\u00e3o<\/b><\/p>\n              <\/div>  \n               \n            <div class=\"col \">\n              <div class=\"row justify-content-center\">\n                                  <div class=\"col-auto align-self-center px-4 mb-4\">\n                                            <a target=\"_blank\" href=\"https:\/\/museudapessoa.org\/\">\n                                        <img decoding=\"async\" class=\"footer-logos__image\" src=\"https:\/\/memo.museudapessoa.org\/sentidos-da-memoria\/wp-content\/uploads\/sites\/26\/2023\/10\/logo-mupe.jpg\" alt=\"Museu da Pessoa\" loading=\"lazy\">\n                                            <\/a>\n                                      <\/div>\n                                  <div class=\"col-auto align-self-center px-4 mb-4\">\n                                            <a target=\"_blank\" href=\"https:\/\/www.nucleosmuseudapessoa.org\/\">\n                                        <img decoding=\"async\" class=\"footer-logos__image\" src=\"https:\/\/memo.museudapessoa.org\/sentidos-da-memoria\/wp-content\/uploads\/sites\/26\/2023\/11\/MP_NUCLEOS_PRETO-e1701378335918-1013x1024.png\" alt=\"N\u00facleos Museu da Pessoa\" loading=\"lazy\">\n                                            <\/a>\n                                      <\/div>\n                                  <div class=\"col-auto align-self-center px-4 mb-4\">\n                                            <a target=\"_blank\" href=\"https:\/\/fundacaobunge.org.br\/\">\n                                        <img decoding=\"async\" class=\"footer-logos__image\" src=\"https:\/\/memo.museudapessoa.org\/sentidos-da-memoria\/wp-content\/uploads\/sites\/26\/2023\/10\/fundacao-bunge-e1698341717319.jpg\" alt=\"Funda\u00e7\u00e3o Bunge\" loading=\"lazy\">\n                                            <\/a>\n                                      <\/div>\n                                  <div class=\"col-auto align-self-center px-4 mb-4\">\n                                            <a target=\"_blank\" href=\"https:\/\/fundacaobunge.org.br\/programas\/centro-de-memoria-bunge\/\">\n                                        <img decoding=\"async\" class=\"footer-logos__image\" src=\"https:\/\/memo.museudapessoa.org\/sentidos-da-memoria\/wp-content\/uploads\/sites\/26\/2023\/10\/centro-de-memoria-bunge.jpg\" alt=\"Centro de Mem\u00f3ria Bunge\" loading=\"lazy\">\n                                            <\/a>\n                                      <\/div>\n                              <\/div>\n            <\/div>\n          <\/div>\n        <\/div>\n            <\/div>\n    <\/div>\n  <\/div>\n<\/section>\n\n","protected":false},"excerpt":{"rendered":"<p>Parceria Essa exposi\u00e7\u00e3o virtual foi feita em parceria com a Funda\u00e7\u00e3o Bunge, que se dedicou a incentivar diversos N\u00facleos do Museu da Pessoa em sua jornada em ouvir e contar trajet\u00f3rias de vida, dentro de projetos de mem\u00f3ria oral. A&#8230;<\/p>\n","protected":false},"author":1,"featured_media":0,"parent":0,"menu_order":0,"comment_status":"closed","ping_status":"closed","template":"","meta":{"_acf_changed":false,"footnotes":""},"class_list":["post-8","page","type-page","status-publish","hentry"],"acf":[],"yoast_head":"<!-- This site is optimized with the Yoast SEO plugin v23.3 - https:\/\/yoast.com\/wordpress\/plugins\/seo\/ -->\n<title>Sobre - Sentidos da Mem\u00f3ria<\/title>\n<meta name=\"robots\" content=\"index, follow, max-snippet:-1, max-image-preview:large, max-video-preview:-1\" \/>\n<link rel=\"canonical\" href=\"https:\/\/memo.museudapessoa.org\/sentidos-da-memoria\/sobre\/\" \/>\n<meta property=\"og:locale\" content=\"pt_BR\" \/>\n<meta property=\"og:type\" content=\"article\" \/>\n<meta property=\"og:title\" content=\"Sobre - Sentidos da Mem\u00f3ria\" \/>\n<meta property=\"og:description\" content=\"Parceria Essa exposi\u00e7\u00e3o virtual foi feita em parceria com a Funda\u00e7\u00e3o Bunge, que se dedicou a incentivar diversos N\u00facleos do Museu da Pessoa em sua jornada em ouvir e contar trajet\u00f3rias de vida, dentro de projetos de mem\u00f3ria oral. A...\" \/>\n<meta property=\"og:url\" content=\"https:\/\/memo.museudapessoa.org\/sentidos-da-memoria\/sobre\/\" \/>\n<meta property=\"og:site_name\" content=\"Sentidos da Mem\u00f3ria\" \/>\n<meta property=\"article:modified_time\" content=\"2023-11-16T17:53:41+00:00\" \/>\n<meta property=\"og:image\" content=\"https:\/\/memo.museudapessoa.org\/sentidos-da-memoria\/wp-content\/uploads\/sites\/26\/2023\/10\/NUCLEO_Assoc.-Cultural-de-Santa-Luzia_-preto.png\" \/>\n<meta name=\"twitter:card\" content=\"summary_large_image\" \/>\n<meta name=\"twitter:label1\" content=\"Est. tempo de leitura\" \/>\n\t<meta name=\"twitter:data1\" content=\"1 minuto\" \/>\n<script type=\"application\/ld+json\" class=\"yoast-schema-graph\">{\"@context\":\"https:\/\/schema.org\",\"@graph\":[{\"@type\":\"WebPage\",\"@id\":\"https:\/\/memo.museudapessoa.org\/sentidos-da-memoria\/sobre\/\",\"url\":\"https:\/\/memo.museudapessoa.org\/sentidos-da-memoria\/sobre\/\",\"name\":\"Sobre - Sentidos da Mem\u00f3ria\",\"isPartOf\":{\"@id\":\"https:\/\/memo.museudapessoa.org\/sentidos-da-memoria\/#website\"},\"primaryImageOfPage\":{\"@id\":\"https:\/\/memo.museudapessoa.org\/sentidos-da-memoria\/sobre\/#primaryimage\"},\"image\":{\"@id\":\"https:\/\/memo.museudapessoa.org\/sentidos-da-memoria\/sobre\/#primaryimage\"},\"thumbnailUrl\":\"https:\/\/memo.museudapessoa.org\/sentidos-da-memoria\/wp-content\/uploads\/sites\/26\/2023\/10\/NUCLEO_Assoc.-Cultural-de-Santa-Luzia_-preto.png\",\"datePublished\":\"2023-10-05T18:24:30+00:00\",\"dateModified\":\"2023-11-16T17:53:41+00:00\",\"breadcrumb\":{\"@id\":\"https:\/\/memo.museudapessoa.org\/sentidos-da-memoria\/sobre\/#breadcrumb\"},\"inLanguage\":\"pt-BR\",\"potentialAction\":[{\"@type\":\"ReadAction\",\"target\":[\"https:\/\/memo.museudapessoa.org\/sentidos-da-memoria\/sobre\/\"]}]},{\"@type\":\"ImageObject\",\"inLanguage\":\"pt-BR\",\"@id\":\"https:\/\/memo.museudapessoa.org\/sentidos-da-memoria\/sobre\/#primaryimage\",\"url\":\"https:\/\/memo.museudapessoa.org\/sentidos-da-memoria\/wp-content\/uploads\/sites\/26\/2023\/10\/NUCLEO_Assoc.-Cultural-de-Santa-Luzia_-preto.png\",\"contentUrl\":\"https:\/\/memo.museudapessoa.org\/sentidos-da-memoria\/wp-content\/uploads\/sites\/26\/2023\/10\/NUCLEO_Assoc.-Cultural-de-Santa-Luzia_-preto.png\",\"width\":3544,\"height\":3544},{\"@type\":\"BreadcrumbList\",\"@id\":\"https:\/\/memo.museudapessoa.org\/sentidos-da-memoria\/sobre\/#breadcrumb\",\"itemListElement\":[{\"@type\":\"ListItem\",\"position\":1,\"name\":\"Home\",\"item\":\"https:\/\/memo.museudapessoa.org\/sentidos-da-memoria\/\"},{\"@type\":\"ListItem\",\"position\":2,\"name\":\"Sobre\"}]},{\"@type\":\"WebSite\",\"@id\":\"https:\/\/memo.museudapessoa.org\/sentidos-da-memoria\/#website\",\"url\":\"https:\/\/memo.museudapessoa.org\/sentidos-da-memoria\/\",\"name\":\"Sentidos da Mem\u00f3ria\",\"description\":\"\",\"potentialAction\":[{\"@type\":\"SearchAction\",\"target\":{\"@type\":\"EntryPoint\",\"urlTemplate\":\"https:\/\/memo.museudapessoa.org\/sentidos-da-memoria\/?s={search_term_string}\"},\"query-input\":\"required name=search_term_string\"}],\"inLanguage\":\"pt-BR\"}]}<\/script>\n<!-- \/ Yoast SEO plugin. -->","yoast_head_json":{"title":"Sobre - Sentidos da Mem\u00f3ria","robots":{"index":"index","follow":"follow","max-snippet":"max-snippet:-1","max-image-preview":"max-image-preview:large","max-video-preview":"max-video-preview:-1"},"canonical":"https:\/\/memo.museudapessoa.org\/sentidos-da-memoria\/sobre\/","og_locale":"pt_BR","og_type":"article","og_title":"Sobre - Sentidos da Mem\u00f3ria","og_description":"Parceria Essa exposi\u00e7\u00e3o virtual foi feita em parceria com a Funda\u00e7\u00e3o Bunge, que se dedicou a incentivar diversos N\u00facleos do Museu da Pessoa em sua jornada em ouvir e contar trajet\u00f3rias de vida, dentro de projetos de mem\u00f3ria oral. A...","og_url":"https:\/\/memo.museudapessoa.org\/sentidos-da-memoria\/sobre\/","og_site_name":"Sentidos da Mem\u00f3ria","article_modified_time":"2023-11-16T17:53:41+00:00","og_image":[{"url":"https:\/\/memo.museudapessoa.org\/sentidos-da-memoria\/wp-content\/uploads\/sites\/26\/2023\/10\/NUCLEO_Assoc.-Cultural-de-Santa-Luzia_-preto.png"}],"twitter_card":"summary_large_image","twitter_misc":{"Est. tempo de leitura":"1 minuto"},"schema":{"@context":"https:\/\/schema.org","@graph":[{"@type":"WebPage","@id":"https:\/\/memo.museudapessoa.org\/sentidos-da-memoria\/sobre\/","url":"https:\/\/memo.museudapessoa.org\/sentidos-da-memoria\/sobre\/","name":"Sobre - Sentidos da Mem\u00f3ria","isPartOf":{"@id":"https:\/\/memo.museudapessoa.org\/sentidos-da-memoria\/#website"},"primaryImageOfPage":{"@id":"https:\/\/memo.museudapessoa.org\/sentidos-da-memoria\/sobre\/#primaryimage"},"image":{"@id":"https:\/\/memo.museudapessoa.org\/sentidos-da-memoria\/sobre\/#primaryimage"},"thumbnailUrl":"https:\/\/memo.museudapessoa.org\/sentidos-da-memoria\/wp-content\/uploads\/sites\/26\/2023\/10\/NUCLEO_Assoc.-Cultural-de-Santa-Luzia_-preto.png","datePublished":"2023-10-05T18:24:30+00:00","dateModified":"2023-11-16T17:53:41+00:00","breadcrumb":{"@id":"https:\/\/memo.museudapessoa.org\/sentidos-da-memoria\/sobre\/#breadcrumb"},"inLanguage":"pt-BR","potentialAction":[{"@type":"ReadAction","target":["https:\/\/memo.museudapessoa.org\/sentidos-da-memoria\/sobre\/"]}]},{"@type":"ImageObject","inLanguage":"pt-BR","@id":"https:\/\/memo.museudapessoa.org\/sentidos-da-memoria\/sobre\/#primaryimage","url":"https:\/\/memo.museudapessoa.org\/sentidos-da-memoria\/wp-content\/uploads\/sites\/26\/2023\/10\/NUCLEO_Assoc.-Cultural-de-Santa-Luzia_-preto.png","contentUrl":"https:\/\/memo.museudapessoa.org\/sentidos-da-memoria\/wp-content\/uploads\/sites\/26\/2023\/10\/NUCLEO_Assoc.-Cultural-de-Santa-Luzia_-preto.png","width":3544,"height":3544},{"@type":"BreadcrumbList","@id":"https:\/\/memo.museudapessoa.org\/sentidos-da-memoria\/sobre\/#breadcrumb","itemListElement":[{"@type":"ListItem","position":1,"name":"Home","item":"https:\/\/memo.museudapessoa.org\/sentidos-da-memoria\/"},{"@type":"ListItem","position":2,"name":"Sobre"}]},{"@type":"WebSite","@id":"https:\/\/memo.museudapessoa.org\/sentidos-da-memoria\/#website","url":"https:\/\/memo.museudapessoa.org\/sentidos-da-memoria\/","name":"Sentidos da Mem\u00f3ria","description":"","potentialAction":[{"@type":"SearchAction","target":{"@type":"EntryPoint","urlTemplate":"https:\/\/memo.museudapessoa.org\/sentidos-da-memoria\/?s={search_term_string}"},"query-input":"required name=search_term_string"}],"inLanguage":"pt-BR"}]}},"_links":{"self":[{"href":"https:\/\/memo.museudapessoa.org\/sentidos-da-memoria\/wp-json\/wp\/v2\/pages\/8"}],"collection":[{"href":"https:\/\/memo.museudapessoa.org\/sentidos-da-memoria\/wp-json\/wp\/v2\/pages"}],"about":[{"href":"https:\/\/memo.museudapessoa.org\/sentidos-da-memoria\/wp-json\/wp\/v2\/types\/page"}],"author":[{"embeddable":true,"href":"https:\/\/memo.museudapessoa.org\/sentidos-da-memoria\/wp-json\/wp\/v2\/users\/1"}],"replies":[{"embeddable":true,"href":"https:\/\/memo.museudapessoa.org\/sentidos-da-memoria\/wp-json\/wp\/v2\/comments?post=8"}],"version-history":[{"count":11,"href":"https:\/\/memo.museudapessoa.org\/sentidos-da-memoria\/wp-json\/wp\/v2\/pages\/8\/revisions"}],"predecessor-version":[{"id":988,"href":"https:\/\/memo.museudapessoa.org\/sentidos-da-memoria\/wp-json\/wp\/v2\/pages\/8\/revisions\/988"}],"wp:attachment":[{"href":"https:\/\/memo.museudapessoa.org\/sentidos-da-memoria\/wp-json\/wp\/v2\/media?parent=8"}],"curies":[{"name":"wp","href":"https:\/\/api.w.org\/{rel}","templated":true}]}}