{"id":4,"date":"2023-09-04T21:08:51","date_gmt":"2023-09-05T00:08:51","guid":{"rendered":"https:\/\/memo.museudapessoa.org\/vidas-em-cordel\/blog\/modelo\/modelo-midias\/"},"modified":"2023-09-04T21:08:51","modified_gmt":"2023-09-05T00:08:51","slug":"modelo-midias","status":"publish","type":"model","link":"https:\/\/memo.museudapessoa.org\/vidas-em-cordel\/modelo\/modelo-midias\/","title":{"rendered":"Modelo &#8211; M\u00eddias"},"content":{"rendered":"<section id=\"galeria-de-midia\" class=' margin-top-0 margin-bottom-large padding-top-0 padding-bottom-0'>\n  <div class=\"container\">\n    <div class=\"row\">\n              <div class=\"col-md-12\">\n          <h2>Galeria de m\u00eddia<\/h2>\n                  <\/div>\n          <\/div>\n    <div class=\"row\">\n      <div class=\"col-12\">\n      <div class=\"home-gallery \">\n                       <a data-bs-toggle=\"modal\" data-index=\"0\" href=\"#midia-1\" data-bs-target=\"#gallery-details-galeria-de-midia\"  class=\"gallery-item home-gallery__item  \">\n                  <img decoding=\"async\" src=\"https:\/\/memo.museudapessoa.org\/vidas-em-cordel\/wp-content\/themes\/mupe\/assets\/dist\/img\/\/transparencia.png\" alt=\"\" loading=\"lazy\">       \n              <\/a>\n                          <a data-bs-toggle=\"modal\" data-index=\"1\" href=\"#midia-2\" data-bs-target=\"#gallery-details-galeria-de-midia\"  class=\"gallery-item home-gallery__item  \">\n                  <img decoding=\"async\" src=\"https:\/\/memo.museudapessoa.org\/vidas-em-cordel\/wp-content\/themes\/mupe\/assets\/dist\/img\/\/transparencia.png\" alt=\"\" loading=\"lazy\">       \n              <\/a>\n                          <a data-bs-toggle=\"modal\" data-index=\"2\" href=\"#midia-3\" data-bs-target=\"#gallery-details-galeria-de-midia\"  class=\"gallery-item home-gallery__item  \">\n                  <img decoding=\"async\" src=\"https:\/\/memo.museudapessoa.org\/vidas-em-cordel\/wp-content\/themes\/mupe\/assets\/dist\/img\/\/transparencia.png\" alt=\"\" loading=\"lazy\">       \n              <\/a>\n                          <a data-bs-toggle=\"modal\" data-index=\"3\" href=\"#midia-4\" data-bs-target=\"#gallery-details-galeria-de-midia\"  class=\"gallery-item home-gallery__item  \">\n                  <img decoding=\"async\" src=\"https:\/\/memo.museudapessoa.org\/vidas-em-cordel\/wp-content\/themes\/mupe\/assets\/dist\/img\/\/transparencia.png\" alt=\"\" loading=\"lazy\">       \n              <\/a>\n                          <a data-bs-toggle=\"modal\" data-index=\"4\" href=\"#midia-5\" data-bs-target=\"#gallery-details-galeria-de-midia\"  class=\"gallery-item home-gallery__item  \">\n                  <img decoding=\"async\" src=\"https:\/\/memo.museudapessoa.org\/vidas-em-cordel\/wp-content\/themes\/mupe\/assets\/dist\/img\/\/transparencia.png\" alt=\"\" loading=\"lazy\">       \n              <\/a>\n                          <a data-bs-toggle=\"modal\" data-index=\"5\" href=\"#midia-6\" data-bs-target=\"#gallery-details-galeria-de-midia\"  class=\"gallery-item home-gallery__item  \">\n                  <img decoding=\"async\" src=\"https:\/\/memo.museudapessoa.org\/vidas-em-cordel\/wp-content\/themes\/mupe\/assets\/dist\/img\/\/transparencia.png\" alt=\"\" loading=\"lazy\">       \n              <\/a>\n                          <a data-bs-toggle=\"modal\" data-index=\"6\" href=\"#midia-7\" data-bs-target=\"#gallery-details-galeria-de-midia\"  class=\"gallery-item home-gallery__item  \">\n                  <img decoding=\"async\" src=\"https:\/\/memo.museudapessoa.org\/vidas-em-cordel\/wp-content\/themes\/mupe\/assets\/dist\/img\/\/transparencia.png\" alt=\"\" loading=\"lazy\">       \n              <\/a>\n                          <a data-bs-toggle=\"modal\" data-index=\"7\" href=\"#midia-8\" data-bs-target=\"#gallery-details-galeria-de-midia\"  class=\"gallery-item home-gallery__item  \">\n                  <img decoding=\"async\" src=\"https:\/\/memo.museudapessoa.org\/vidas-em-cordel\/wp-content\/themes\/mupe\/assets\/dist\/img\/\/transparencia.png\" alt=\"\" loading=\"lazy\">       \n              <\/a>\n                    <\/div>\n      <\/div>\n    <\/div>\n      <\/div>\n<\/section>\n\n\n","protected":false},"template":"","class_list":["post-4","model","type-model","status-publish","hentry"],"acf":[],"yoast_head":"<!-- This site is optimized with the Yoast SEO plugin v23.3 - https:\/\/yoast.com\/wordpress\/plugins\/seo\/ -->\n<title>Modelo - M\u00eddias | Vidas em Cordel<\/title>\n<meta name=\"robots\" content=\"index, follow, max-snippet:-1, max-image-preview:large, max-video-preview:-1\" \/>\n<link rel=\"canonical\" href=\"https:\/\/memo.museudapessoa.org\/vidas-em-cordel\/modelo\/modelo-midias\/\" \/>\n<meta property=\"og:locale\" content=\"pt_BR\" \/>\n<meta property=\"og:type\" content=\"article\" \/>\n<meta property=\"og:title\" content=\"Modelo - M\u00eddias | Vidas em Cordel\" \/>\n<meta property=\"og:url\" content=\"https:\/\/memo.museudapessoa.org\/vidas-em-cordel\/modelo\/modelo-midias\/\" \/>\n<meta property=\"og:site_name\" content=\"Vidas em Cordel\" \/>\n<meta name=\"twitter:card\" content=\"summary_large_image\" \/>\n<script type=\"application\/ld+json\" class=\"yoast-schema-graph\">{\"@context\":\"https:\/\/schema.org\",\"@graph\":[{\"@type\":\"WebPage\",\"@id\":\"https:\/\/memo.museudapessoa.org\/vidas-em-cordel\/modelo\/modelo-midias\/\",\"url\":\"https:\/\/memo.museudapessoa.org\/vidas-em-cordel\/modelo\/modelo-midias\/\",\"name\":\"Modelo - M\u00eddias | Vidas em Cordel\",\"isPartOf\":{\"@id\":\"https:\/\/memo.museudapessoa.org\/vidas-em-cordel\/#website\"},\"datePublished\":\"2023-09-05T00:08:51+00:00\",\"dateModified\":\"2023-09-05T00:08:51+00:00\",\"breadcrumb\":{\"@id\":\"https:\/\/memo.museudapessoa.org\/vidas-em-cordel\/modelo\/modelo-midias\/#breadcrumb\"},\"inLanguage\":\"pt-BR\",\"potentialAction\":[{\"@type\":\"ReadAction\",\"target\":[\"https:\/\/memo.museudapessoa.org\/vidas-em-cordel\/modelo\/modelo-midias\/\"]}]},{\"@type\":\"BreadcrumbList\",\"@id\":\"https:\/\/memo.museudapessoa.org\/vidas-em-cordel\/modelo\/modelo-midias\/#breadcrumb\",\"itemListElement\":[{\"@type\":\"ListItem\",\"position\":1,\"name\":\"Home\",\"item\":\"https:\/\/memo.museudapessoa.org\/vidas-em-cordel\/\"},{\"@type\":\"ListItem\",\"position\":2,\"name\":\"Modelo &#8211; M\u00eddias\"}]},{\"@type\":\"WebSite\",\"@id\":\"https:\/\/memo.museudapessoa.org\/vidas-em-cordel\/#website\",\"url\":\"https:\/\/memo.museudapessoa.org\/vidas-em-cordel\/\",\"name\":\"Vidas em Cordel\",\"description\":\"Descubra hist\u00f3rias de vida reais transformadas em literatura de cordel. Explore xilogravuras e narrativas aut\u00eanticas na nossa exposi\u00e7\u00e3o virtual realizada pelo Museu da Pessoa\",\"publisher\":{\"@id\":\"https:\/\/memo.museudapessoa.org\/vidas-em-cordel\/#organization\"},\"potentialAction\":[{\"@type\":\"SearchAction\",\"target\":{\"@type\":\"EntryPoint\",\"urlTemplate\":\"https:\/\/memo.museudapessoa.org\/vidas-em-cordel\/?s={search_term_string}\"},\"query-input\":\"required name=search_term_string\"}],\"inLanguage\":\"pt-BR\"},{\"@type\":\"Organization\",\"@id\":\"https:\/\/memo.museudapessoa.org\/vidas-em-cordel\/#organization\",\"name\":\"Vidas em Cordel\",\"url\":\"https:\/\/memo.museudapessoa.org\/vidas-em-cordel\/\",\"logo\":{\"@type\":\"ImageObject\",\"inLanguage\":\"pt-BR\",\"@id\":\"https:\/\/memo.museudapessoa.org\/vidas-em-cordel\/#\/schema\/logo\/image\/\",\"url\":\"https:\/\/memo.museudapessoa.org\/vidas-em-cordel\/wp-content\/uploads\/sites\/25\/2024\/08\/vidas-cordel-pb-1.png\",\"contentUrl\":\"https:\/\/memo.museudapessoa.org\/vidas-em-cordel\/wp-content\/uploads\/sites\/25\/2024\/08\/vidas-cordel-pb-1.png\",\"width\":1290,\"height\":816,\"caption\":\"Vidas em Cordel\"},\"image\":{\"@id\":\"https:\/\/memo.museudapessoa.org\/vidas-em-cordel\/#\/schema\/logo\/image\/\"},\"sameAs\":[\"https:\/\/www.instagram.com\/museudapessoa\/\"]}]}<\/script>\n<!-- \/ Yoast SEO plugin. -->","yoast_head_json":{"title":"Modelo - M\u00eddias | Vidas em Cordel","robots":{"index":"index","follow":"follow","max-snippet":"max-snippet:-1","max-image-preview":"max-image-preview:large","max-video-preview":"max-video-preview:-1"},"canonical":"https:\/\/memo.museudapessoa.org\/vidas-em-cordel\/modelo\/modelo-midias\/","og_locale":"pt_BR","og_type":"article","og_title":"Modelo - M\u00eddias | Vidas em Cordel","og_url":"https:\/\/memo.museudapessoa.org\/vidas-em-cordel\/modelo\/modelo-midias\/","og_site_name":"Vidas em Cordel","twitter_card":"summary_large_image","schema":{"@context":"https:\/\/schema.org","@graph":[{"@type":"WebPage","@id":"https:\/\/memo.museudapessoa.org\/vidas-em-cordel\/modelo\/modelo-midias\/","url":"https:\/\/memo.museudapessoa.org\/vidas-em-cordel\/modelo\/modelo-midias\/","name":"Modelo - M\u00eddias | Vidas em Cordel","isPartOf":{"@id":"https:\/\/memo.museudapessoa.org\/vidas-em-cordel\/#website"},"datePublished":"2023-09-05T00:08:51+00:00","dateModified":"2023-09-05T00:08:51+00:00","breadcrumb":{"@id":"https:\/\/memo.museudapessoa.org\/vidas-em-cordel\/modelo\/modelo-midias\/#breadcrumb"},"inLanguage":"pt-BR","potentialAction":[{"@type":"ReadAction","target":["https:\/\/memo.museudapessoa.org\/vidas-em-cordel\/modelo\/modelo-midias\/"]}]},{"@type":"BreadcrumbList","@id":"https:\/\/memo.museudapessoa.org\/vidas-em-cordel\/modelo\/modelo-midias\/#breadcrumb","itemListElement":[{"@type":"ListItem","position":1,"name":"Home","item":"https:\/\/memo.museudapessoa.org\/vidas-em-cordel\/"},{"@type":"ListItem","position":2,"name":"Modelo &#8211; M\u00eddias"}]},{"@type":"WebSite","@id":"https:\/\/memo.museudapessoa.org\/vidas-em-cordel\/#website","url":"https:\/\/memo.museudapessoa.org\/vidas-em-cordel\/","name":"Vidas em Cordel","description":"Descubra hist\u00f3rias de vida reais transformadas em literatura de cordel. Explore xilogravuras e narrativas aut\u00eanticas na nossa exposi\u00e7\u00e3o virtual realizada pelo Museu da Pessoa","publisher":{"@id":"https:\/\/memo.museudapessoa.org\/vidas-em-cordel\/#organization"},"potentialAction":[{"@type":"SearchAction","target":{"@type":"EntryPoint","urlTemplate":"https:\/\/memo.museudapessoa.org\/vidas-em-cordel\/?s={search_term_string}"},"query-input":"required name=search_term_string"}],"inLanguage":"pt-BR"},{"@type":"Organization","@id":"https:\/\/memo.museudapessoa.org\/vidas-em-cordel\/#organization","name":"Vidas em Cordel","url":"https:\/\/memo.museudapessoa.org\/vidas-em-cordel\/","logo":{"@type":"ImageObject","inLanguage":"pt-BR","@id":"https:\/\/memo.museudapessoa.org\/vidas-em-cordel\/#\/schema\/logo\/image\/","url":"https:\/\/memo.museudapessoa.org\/vidas-em-cordel\/wp-content\/uploads\/sites\/25\/2024\/08\/vidas-cordel-pb-1.png","contentUrl":"https:\/\/memo.museudapessoa.org\/vidas-em-cordel\/wp-content\/uploads\/sites\/25\/2024\/08\/vidas-cordel-pb-1.png","width":1290,"height":816,"caption":"Vidas em Cordel"},"image":{"@id":"https:\/\/memo.museudapessoa.org\/vidas-em-cordel\/#\/schema\/logo\/image\/"},"sameAs":["https:\/\/www.instagram.com\/museudapessoa\/"]}]}},"_links":{"self":[{"href":"https:\/\/memo.museudapessoa.org\/vidas-em-cordel\/wp-json\/wp\/v2\/model\/4"}],"collection":[{"href":"https:\/\/memo.museudapessoa.org\/vidas-em-cordel\/wp-json\/wp\/v2\/model"}],"about":[{"href":"https:\/\/memo.museudapessoa.org\/vidas-em-cordel\/wp-json\/wp\/v2\/types\/model"}],"wp:attachment":[{"href":"https:\/\/memo.museudapessoa.org\/vidas-em-cordel\/wp-json\/wp\/v2\/media?parent=4"}],"curies":[{"name":"wp","href":"https:\/\/api.w.org\/{rel}","templated":true}]}}